{"id":11235,"date":"2014-05-23T18:38:00","date_gmt":"2014-05-23T21:38:00","guid":{"rendered":"http:\/\/semead.com.br\/?page_id=11235"},"modified":"2014-05-23T18:38:00","modified_gmt":"2014-05-23T21:38:00","slug":"tecnologica","status":"publish","type":"page","link":"https:\/\/semead.com.br\/18\/areas\/tecnologica\/","title":{"rendered":"Tecnol\u00f3gica"},"content":{"rendered":"<p style=\"text-align: justify\">Os trabalhos submetidos a \u00e1rea Tecnol\u00f3gica s\u00e3o considerados o produto final de um trabalho (pesquisa aplicada ou produ\u00e7\u00e3o t\u00e9cnica) e t\u00eam como intuito priorizar a descri\u00e7\u00e3o do aprendizado no formato de resultados pr\u00e1ticos, proveniente de experi\u00eancias vivenciadas nas organiza\u00e7\u00f5es e oriundos de uso e socializa\u00e7\u00e3o do conhecimento simbolizado por pr\u00e1ticas.<\/p>\n<p><span style=\"font-size: medium\"><strong>Coordenador: Prof. Dr. Jo\u00e3o Maur\u00edcio Gama Boaventura &#8211; FEA USP<\/strong><\/span><\/p>\n<p><strong>1.\u00a0Administra\u00e7\u00e3o P\u00fablica<\/strong><\/p>\n<p style=\"padding-left: 30px;text-align: justify\">Desenvolvimento e sistematiza\u00e7\u00e3o de conhecimentos aplicados \u00e0 gest\u00e3o no \u00e2mbito das organiza\u00e7\u00f5es p\u00fablicas, de sa\u00fade e do terceiro setor.<\/p>\n<p style=\"padding-left: 30px;text-align: justify\"><em>Prof. Dr. Ricardo Luis Pereira Bueno &#8211; UNIFESP\u00a0<\/em><\/p>\n<p><strong>2.\u00a0Estrat\u00e9gia<\/strong><\/p>\n<p style=\"padding-left: 30px;text-align: justify\">Aplica\u00e7\u00e3o de diferentes ferramentas de gest\u00e3o com o prop\u00f3sito de aumentar o desempenho em organiza\u00e7\u00f5es.<\/p>\n<p style=\"padding-left: 30px;text-align: justify\"><em><span style=\"color: #222222\">\u00a0Prof. Dr. Eduardo Armando &#8211;\u00a0\u00a0FIA FECAP<\/span><\/em><\/p>\n<p><strong>3.\u00a0Finan\u00e7as<\/strong><\/p>\n<p style=\"padding-left: 30px;text-align: justify\">Modelos e ferramentas voltados a solu\u00e7\u00e3o de problemas financeiros no mercado de capitais, nas institui\u00e7\u00f5es financeiras e em empresas.<\/p>\n<p style=\"padding-left: 30px;text-align: justify\"><em><span style=\"color: #222222\">Prof. Dr. Heber Pessoa da Silveira &#8211; FECAP<\/span><\/em><\/p>\n<p><strong>4.\u00a0Tecnologia e Inova\u00e7\u00e3o<\/strong><\/p>\n<p style=\"padding-left: 30px\">Solu\u00e7\u00f5es de problemas de gest\u00e3o de inova\u00e7\u00e3o e de tecnologia da informa\u00e7\u00e3o.<\/p>\n<p style=\"padding-left: 30px\"><em><span style=\"color: #222222\">Prof. Dr.\u00a0Marcelo Massarani &#8211; POLI USP<\/span><\/em><\/p>\n<p><strong>5.\u00a0Gest\u00e3o de Pessoas<\/strong><\/p>\n<p style=\"padding-left: 30px\">Modelos e pr\u00e1ticas que aprimorem a gest\u00e3o de pessoas em organiza\u00e7\u00f5es.<\/p>\n<p style=\"padding-left: 30px\"><em><span style=\"color: #222222\">Profa. Dra.<\/span><strong style=\"color: #222222\">\u00a0<\/strong><span style=\"color: #222222\">Patricia Martins Fagundes Cabral &#8211; UNISINOS<\/span><\/em><\/p>\n<p><strong>6.\u00a0Gest\u00e3o Socioambiental<\/strong><\/p>\n<p style=\"padding-left: 30px;text-align: justify\">Pr\u00e1ticas relacionadas aos processos de concep\u00e7\u00e3o, implementa\u00e7\u00e3o e avalia\u00e7\u00e3o da sustentabilidade em organiza\u00e7\u00f5es.<\/p>\n<p style=\"padding-left: 30px;text-align: justify\"><em>Prof. Dr. Alexandre de Oliveira e Aguiar &#8211; UNINOVE<\/em><\/p>\n<p><strong>7.\u00a0Marketing<\/strong><\/p>\n<p style=\"padding-left: 30px;text-align: justify\">Ferramentas para a solu\u00e7\u00e3o de problemas de planejamento e implementa\u00e7\u00e3o de a\u00e7\u00f5es voltadas \u00e0 satisfa\u00e7\u00e3o das necessidades dos clientes.<\/p>\n<p style=\"padding-left: 30px;text-align: justify\"><em><span style=\"color: #222222\">\u00a0Prof. Dr. Mauricio Juc\u00e1 de Queiroz &#8211; FACAMP<\/span><\/em><\/p>\n<p><strong>8.\u00a0Opera\u00e7\u00f5es<\/strong><\/p>\n<p style=\"padding-left: 30px\">Pr\u00e1ticas de gest\u00e3o de opera\u00e7\u00f5es relacionadas a produtos, processos e servi\u00e7os.<\/p>\n<p style=\"padding-left: 30px\"><em><span style=\"color: #222222\">Prof. Dr. Jo\u00e3o Maur\u00edcio Gama Boaventura \u2013 FEA USP<\/span><\/em><\/p>\n","protected":false},"excerpt":{"rendered":"<p>Os trabalhos submetidos a \u00e1rea Tecnol\u00f3gica s\u00e3o considerados o produto final de um trabalho (pesquisa aplicada ou produ\u00e7\u00e3o t\u00e9cnica) e t\u00eam como intuito priorizar a descri\u00e7\u00e3o do aprendizado no formato de resultados pr\u00e1ticos, proveniente de experi\u00eancias vivenciadas nas organiza\u00e7\u00f5es e oriundos de uso e socializa\u00e7\u00e3o do conhecimento simbolizado por pr\u00e1ticas. Coordenador: Prof. Dr. Jo\u00e3o Maur\u00edcio&#8230;<\/p>\n","protected":false},"author":1,"featured_media":0,"parent":9,"menu_order":0,"comment_status":"open","ping_status":"open","template":"","meta":{"_acf_changed":false,"_monsterinsights_skip_tracking":false,"_monsterinsights_sitenote_active":false,"_monsterinsights_sitenote_note":"","_monsterinsights_sitenote_category":0,"footnotes":""},"class_list":["post-11235","page","type-page","status-publish","hentry"],"acf":[],"yoast_head":"<!-- This site is optimized with the Yoast SEO plugin v27.4 - https:\/\/yoast.com\/product\/yoast-seo-wordpress\/ -->\n<title>Tecnol\u00f3gica - XVIII SemeAd<\/title>\n<meta name=\"robots\" content=\"index, follow, max-snippet:-1, max-image-preview:large, max-video-preview:-1\" \/>\n<link rel=\"canonical\" href=\"https:\/\/semead.com.br\/18\/areas\/tecnologica\/\" \/>\n<meta property=\"og:locale\" content=\"en_US\" \/>\n<meta property=\"og:type\" content=\"article\" \/>\n<meta property=\"og:title\" content=\"Tecnol\u00f3gica - XVIII SemeAd\" \/>\n<meta property=\"og:description\" content=\"Os trabalhos submetidos a \u00e1rea Tecnol\u00f3gica s\u00e3o considerados o produto final de um trabalho (pesquisa aplicada ou produ\u00e7\u00e3o t\u00e9cnica) e t\u00eam como intuito priorizar a descri\u00e7\u00e3o do aprendizado no formato de resultados pr\u00e1ticos, proveniente de experi\u00eancias vivenciadas nas organiza\u00e7\u00f5es e oriundos de uso e socializa\u00e7\u00e3o do conhecimento simbolizado por pr\u00e1ticas. Coordenador: Prof. Dr. Jo\u00e3o Maur\u00edcio...\" \/>\n<meta property=\"og:url\" content=\"https:\/\/semead.com.br\/18\/areas\/tecnologica\/\" \/>\n<meta property=\"og:site_name\" content=\"XVIII SemeAd\" \/>\n<meta name=\"twitter:card\" content=\"summary_large_image\" \/>\n<meta name=\"twitter:label1\" content=\"Est. reading time\" \/>\n\t<meta name=\"twitter:data1\" content=\"2 minutes\" \/>\n<script type=\"application\/ld+json\" class=\"yoast-schema-graph\">{\"@context\":\"https:\\\/\\\/schema.org\",\"@graph\":[{\"@type\":\"WebPage\",\"@id\":\"https:\\\/\\\/semead.com.br\\\/18\\\/areas\\\/tecnologica\\\/\",\"url\":\"https:\\\/\\\/semead.com.br\\\/18\\\/areas\\\/tecnologica\\\/\",\"name\":\"Tecnol\u00f3gica - XVIII SemeAd\",\"isPartOf\":{\"@id\":\"https:\\\/\\\/semead.com.br\\\/18\\\/#website\"},\"datePublished\":\"2014-05-23T21:38:00+00:00\",\"breadcrumb\":{\"@id\":\"https:\\\/\\\/semead.com.br\\\/18\\\/areas\\\/tecnologica\\\/#breadcrumb\"},\"inLanguage\":\"en-US\",\"potentialAction\":[{\"@type\":\"ReadAction\",\"target\":[\"https:\\\/\\\/semead.com.br\\\/18\\\/areas\\\/tecnologica\\\/\"]}]},{\"@type\":\"BreadcrumbList\",\"@id\":\"https:\\\/\\\/semead.com.br\\\/18\\\/areas\\\/tecnologica\\\/#breadcrumb\",\"itemListElement\":[{\"@type\":\"ListItem\",\"position\":1,\"name\":\"In\u00edcio\",\"item\":\"https:\\\/\\\/semead.com.br\\\/18\\\/\"},{\"@type\":\"ListItem\",\"position\":2,\"name\":\"\u00c1reas\",\"item\":\"https:\\\/\\\/semead.com.br\\\/18\\\/areas\\\/\"},{\"@type\":\"ListItem\",\"position\":3,\"name\":\"Tecnol\u00f3gica\"}]},{\"@type\":\"WebSite\",\"@id\":\"https:\\\/\\\/semead.com.br\\\/18\\\/#website\",\"url\":\"https:\\\/\\\/semead.com.br\\\/18\\\/\",\"name\":\"XVIII SemeAd\",\"description\":\"Just another SemeAd site\",\"potentialAction\":[{\"@type\":\"SearchAction\",\"target\":{\"@type\":\"EntryPoint\",\"urlTemplate\":\"https:\\\/\\\/semead.com.br\\\/18\\\/?s={search_term_string}\"},\"query-input\":{\"@type\":\"PropertyValueSpecification\",\"valueRequired\":true,\"valueName\":\"search_term_string\"}}],\"inLanguage\":\"en-US\"}]}<\/script>\n<!-- \/ Yoast SEO plugin. -->","yoast_head_json":{"title":"Tecnol\u00f3gica - XVIII SemeAd","robots":{"index":"index","follow":"follow","max-snippet":"max-snippet:-1","max-image-preview":"max-image-preview:large","max-video-preview":"max-video-preview:-1"},"canonical":"https:\/\/semead.com.br\/18\/areas\/tecnologica\/","og_locale":"en_US","og_type":"article","og_title":"Tecnol\u00f3gica - XVIII SemeAd","og_description":"Os trabalhos submetidos a \u00e1rea Tecnol\u00f3gica s\u00e3o considerados o produto final de um trabalho (pesquisa aplicada ou produ\u00e7\u00e3o t\u00e9cnica) e t\u00eam como intuito priorizar a descri\u00e7\u00e3o do aprendizado no formato de resultados pr\u00e1ticos, proveniente de experi\u00eancias vivenciadas nas organiza\u00e7\u00f5es e oriundos de uso e socializa\u00e7\u00e3o do conhecimento simbolizado por pr\u00e1ticas. Coordenador: Prof. Dr. Jo\u00e3o Maur\u00edcio...","og_url":"https:\/\/semead.com.br\/18\/areas\/tecnologica\/","og_site_name":"XVIII SemeAd","twitter_card":"summary_large_image","twitter_misc":{"Est. reading time":"2 minutes"},"schema":{"@context":"https:\/\/schema.org","@graph":[{"@type":"WebPage","@id":"https:\/\/semead.com.br\/18\/areas\/tecnologica\/","url":"https:\/\/semead.com.br\/18\/areas\/tecnologica\/","name":"Tecnol\u00f3gica - XVIII SemeAd","isPartOf":{"@id":"https:\/\/semead.com.br\/18\/#website"},"datePublished":"2014-05-23T21:38:00+00:00","breadcrumb":{"@id":"https:\/\/semead.com.br\/18\/areas\/tecnologica\/#breadcrumb"},"inLanguage":"en-US","potentialAction":[{"@type":"ReadAction","target":["https:\/\/semead.com.br\/18\/areas\/tecnologica\/"]}]},{"@type":"BreadcrumbList","@id":"https:\/\/semead.com.br\/18\/areas\/tecnologica\/#breadcrumb","itemListElement":[{"@type":"ListItem","position":1,"name":"In\u00edcio","item":"https:\/\/semead.com.br\/18\/"},{"@type":"ListItem","position":2,"name":"\u00c1reas","item":"https:\/\/semead.com.br\/18\/areas\/"},{"@type":"ListItem","position":3,"name":"Tecnol\u00f3gica"}]},{"@type":"WebSite","@id":"https:\/\/semead.com.br\/18\/#website","url":"https:\/\/semead.com.br\/18\/","name":"XVIII SemeAd","description":"Just another SemeAd site","potentialAction":[{"@type":"SearchAction","target":{"@type":"EntryPoint","urlTemplate":"https:\/\/semead.com.br\/18\/?s={search_term_string}"},"query-input":{"@type":"PropertyValueSpecification","valueRequired":true,"valueName":"search_term_string"}}],"inLanguage":"en-US"}]}},"_links":{"self":[{"href":"https:\/\/semead.com.br\/18\/wp-json\/wp\/v2\/pages\/11235","targetHints":{"allow":["GET"]}}],"collection":[{"href":"https:\/\/semead.com.br\/18\/wp-json\/wp\/v2\/pages"}],"about":[{"href":"https:\/\/semead.com.br\/18\/wp-json\/wp\/v2\/types\/page"}],"author":[{"embeddable":true,"href":"https:\/\/semead.com.br\/18\/wp-json\/wp\/v2\/users\/1"}],"replies":[{"embeddable":true,"href":"https:\/\/semead.com.br\/18\/wp-json\/wp\/v2\/comments?post=11235"}],"version-history":[{"count":0,"href":"https:\/\/semead.com.br\/18\/wp-json\/wp\/v2\/pages\/11235\/revisions"}],"up":[{"embeddable":true,"href":"https:\/\/semead.com.br\/18\/wp-json\/wp\/v2\/pages\/9"}],"wp:attachment":[{"href":"https:\/\/semead.com.br\/18\/wp-json\/wp\/v2\/media?parent=11235"}],"curies":[{"name":"wp","href":"https:\/\/api.w.org\/{rel}","templated":true}]}}