{"id":12147,"date":"2015-10-23T10:30:00","date_gmt":"2015-10-23T12:30:00","guid":{"rendered":"https:\/\/semead.com.br\/?page_id=12147"},"modified":"2015-10-23T10:30:00","modified_gmt":"2015-10-23T12:30:00","slug":"programacao-consorcio-doutoral","status":"publish","type":"page","link":"https:\/\/semead.com.br\/18\/consorcio-doutoral\/programacao-consorcio-doutoral\/","title":{"rendered":"Programa\u00e7ao Cons\u00f3rcio Doutoral"},"content":{"rendered":"<p>9:00 \u2013 9:15 &#8211;\u00a0Abertura\u00a0Coordenadores SemeAd e Cons\u00f3rcio Doutoral<\/p>\n<p>9:15 \u2013 10:15 &#8211;\u00a0Confer\u00eancia \u2013 Qual Filosofia da Ci\u00eancia voc\u00ea Pratica em sua Tese? Profa. Dra. Maria Luisa Mendes Teixeira<\/p>\n<p>10:15 \u2013 10:30 &#8211;\u00a0Coffe Break &#8211;\u00a0Hall Congrega\u00e7\u00e3o<\/p>\n<p>10:30 \u2013 11:30 &#8211;\u00a0Confer\u00eancia &#8211;\u00a0 Constru\u00e7\u00e3o de Teoria &#8211;\u00a0Prof. Dr. Walter Bataglia<\/p>\n<p>11:30 \u2013 12:30 &#8211;\u00a0Confer\u00eancia \u2013 Delineamento de Pesquisa &#8211;\u00a0Prof. Dr. Antonio Carlos Gil<\/p>\n<p>12:30 \u2013 14:00 &#8211; Almo\u00e7o<\/p>\n<p>&nbsp;<\/p>\n<h2><span style=\"text-decoration: underline\"><strong>Sess\u00f5es Paralelas de Apresenta\u00e7\u00e3o de Trabalhos 1<\/strong><\/span><\/h2>\n<p><strong>ES1 (3) &#8211; Internacionaliza\u00e7\u00e3o e governan\u00e7a em redes organizacionais &#8211; 14h00 &#8211; 16h00<\/strong><\/p>\n<p>Coordenador: Prof. Dr. Charles Kirschbaum (INSPER)<\/p>\n<p>CAMILO PE\u00d1A RAM\u00cdREZ (FEA-USP), 1332 &#8211; EL PROCESO DE GESTI\u00d3N DE CONOCIMIENTO DE REDES CLAVE EN LA INTERNACIONALIZACI\u00d3N DE NUEVOS EMPRENDIMIENTOS DE SERVICIOS.<\/p>\n<p>\u00c9RIKA MAYUMI KATO CRUZ (FGV-PR), 1448 &#8211; Governan\u00e7a de rede e coevolu\u00e7\u00e3o das firmas: uma an\u00e1lise dos custos de transa\u00e7\u00e3o.<\/p>\n<p>ED\u00cdLSON H\u00c9LIO SANTANA (USCS), 893 &#8211; IDENTIDADE ORGANIZACIONAL: CONSTRUINDO UMA TEORIA SUBSTANTIVA SOBRE ARRANJOS PRODUTIVOS LOCAIS.<\/p>\n<p>Discutidores: Prof. Dr. Charles Kirschbaum (INSPER); Prof. Dr. Marco Antonio Pinheiro da Silveira (USCS).<\/p>\n<p>&nbsp;<\/p>\n<p><strong>ES2 (3) &#8211; Decl\u00ednio e desinvestimento organizacional e stakeholders &#8211; 14h00 &#8211; 16h00<\/strong><\/p>\n<p>Coordenador: Prof. Dr. M\u00e1rio Henrique Ogasavara (ESPM-SP)<\/p>\n<p>ROSIELE FERNANDES PINTO (UNINOVE), 295 &#8211; Decl\u00ednio Organizacional no Contexto das Empresas Brasileiras.<\/p>\n<p>NEUSA SANTOS DE SOUZA (ESPM), 710 &#8211; DESINVESTIMENTO NO SETOR DE INFRAESTRUTURA DE SANEAMENTO B\u00c1SICO NO BRASIL.<\/p>\n<p>GREICI SARTURI (FEA-USP), 1053 &#8211; DISTRIBUI\u00c7\u00c3O DE VALOR PARA O STAKEHOLDER FUNCION\u00c1RIO E O DESEMPENHO EMPRESARIAL.<\/p>\n<p>Discutidores: Prof. Dr. M\u00e1rio Henrique Ogasavara (ESPM-SP); Prof. Dr. Mois\u00e9s Ari Zilber (MACKENZIE).<\/p>\n<p>&nbsp;<\/p>\n<h3><strong>EO1 (3) &#8211; Pr\u00e1ticas organizacionais \u2013 14h00 \u2013 16h00<\/strong><\/h3>\n<p>Coordenadora: Profa. Dra. Maria Luisa Mendes Teixeira (MACKENZIE)<\/p>\n<p>MARCELINO PEDRINHO PIES (IMED-RS), 798 &#8211; INSTITUCIONALIZA\u00c7\u00c3O E MUDAN\u00c7AS NAS PR\u00c1TICAS ORGANIZACIONAIS: um estudo dos mecanismos de governan\u00e7a no cooperativismo de cr\u00e9dito solid\u00e1rio.<\/p>\n<p>FABIANA REGINA VELOSO BISCOLI (POSITIVO-PR), 391 &#8211; A PR\u00c1TICA DE SECRETARIADO EXECUTIVO EM ORGANIZA\u00c7\u00d5ES ENQUANTO EXPERI\u00caNCIA CULTURAL INCORPORADA: CONDI\u00c7\u00d5ES DE PRODU\u00c7\u00c3O, REPRODU\u00c7\u00c3O E TRANSFORMA\u00c7\u00c3O.<\/p>\n<p>Discutidoras: Profa. Dra. Maria Luisa Mendes Teixeira (MACKENZIE); Profa. Dra. Patr\u00edcia Cristina do Nascimento Souto (MACKENZIE).<\/p>\n<p><strong>\u00a0<\/strong><\/p>\n<h3><strong>TI1 (2) &#8211; Decis\u00e3o de ado\u00e7\u00e3o de TI e educa\u00e7\u00e3o \u00e0 dist\u00e2ncia \u2013 14h00 &#8211; 16h00<\/strong><\/h3>\n<p>Coordenador: Prof. Dr. Gilberto Perez (MACKENZIE)<\/p>\n<p>PAULO CRISTIANO DE OLIVEIRA (UFSC), 187 &#8211; Uma grounded theory sobre o ambiente virtual de aprendizagem e a gest\u00e3o da educa\u00e7\u00e3o a dist\u00e2ncia.<\/p>\n<p>CARLOS MAMORI KONO (UNINOVE), 1298 &#8211; Modelo de Decis\u00e3o Baseada em Valor para Ado\u00e7\u00e3o da Computa\u00e7\u00e3o em Nuvem e Desenvolvimento de Capacidades Din\u00e2micas.<\/p>\n<p>Discutidor: Prof. Dr. Gilberto Perez (MACKENZIE)<\/p>\n<p>&nbsp;<\/p>\n<h2><span style=\"text-decoration: underline\"><strong>Sess\u00f5es Paralelas de Apresenta\u00e7\u00e3o de Trabalhos 2<\/strong><\/span><\/h2>\n<p>&nbsp;<\/p>\n<h3><strong>\u00a0<\/strong><strong>EO2 &#8211; Aprendizagem e desenvolvimento de compet\u00eancias &#8211;\u00a016h30 &#8211; 18h30<\/strong><\/h3>\n<p>Coordenadora: Profa. Dra. Nildes Pitombo Leite (UNIFESP)<\/p>\n<p>GABRIELA PELEGRINI TISCOSKI (FEA-USP), 1361 &#8211; O PROCESSO DE APRENDIZAGEM ORGANIZACIONAL EM UMA INCUBADORA SOCIAL.<\/p>\n<p>ENISE ARAG\u00c3O DOS SANTOS (UNINOVE), 940 &#8211; APRENDIZAGEM ORGANIZACIONAL DAS EQUIPES DE DIRE\u00c7\u00c3O EM PEQUENAS E M\u00c9DIAS EMPRESAS BRASILEIRAS.<\/p>\n<p>Discutidoras: Profa. Dra. Nildes Pitombo Leite (UNIFESP); Profa. Dra. Janette Burnstein Gorodscy (MACKENZIE).<\/p>\n<p>&nbsp;<\/p>\n<h3><strong>GI1 (3) &#8211; Processos criativos e inova\u00e7\u00e3o nas empresas &#8211;\u00a0 16h30 \u2013 18h30<\/strong><\/h3>\n<p>Coordenadora: Profa. Dra. Dim\u00e1ria da Silva Meirelles (MACKENZIE).<\/p>\n<p>CLEONIR TUMELERO (FEA-USP), 1054 &#8211; CO-CRIA\u00c7\u00c3O EM REDES DE P&amp;D E ADO\u00c7\u00c3O DE ROTA TECNOSUSTENT\u00c1VEL: ESTUDO DE INOVA\u00c7\u00d5ES EM MOBILIDADE DE BAIXO CARBONO PARA SMART CITIES.<\/p>\n<p>LUIZ HENRIQUE MOUR\u00c3O MACHADO (UNINOVE), 1446 &#8211; INCORPORA\u00c7\u00c3O DA INOVA\u00c7\u00c3O EXTERNA \u00c0 ORGANIZA\u00c7\u00c3O: COMPLEXIDADE DE MERCADO.<\/p>\n<p>Discutidores: Profa. Dra. Dim\u00e1ria da Silva Meirelles (MACKENZIE); Prof. Dr. Gilberto Perez (MACKENZIE).<\/p>\n<p>&nbsp;<\/p>\n<h3><strong>MKT1 (2) &#8211; Marca e ades\u00e3o &#8211;\u00a016h30 &#8211; 18h30<\/strong><\/h3>\n<p>Coordenador: Prof. Guilherme de Farias Shiraishi (FEA-USP)<\/p>\n<p>ANTONIO SERGIO DA SILVA (FEA-USP), 356 &#8211; A esperan\u00e7a como mediador para a ades\u00e3o ao tratamento m\u00e9dico.<\/p>\n<p>CARLOS EDUARDO LOUREN\u00c7O (FGV-SP), 373 &#8211; CUSTOMER BRAND ENGAGEMENT ON A BOUNDARY SPANNING PERSPECTIVE: A STUDY ON HOW CONSUMERS ENGAGE TO BRANDS.<\/p>\n<p>Discutidor: Prof. Guilherme de Farias Shiraishi\u00a0(FEA-USP)<\/p>\n","protected":false},"excerpt":{"rendered":"<p>9:00 \u2013 9:15 &#8211;\u00a0Abertura\u00a0Coordenadores SemeAd e Cons\u00f3rcio Doutoral 9:15 \u2013 10:15 &#8211;\u00a0Confer\u00eancia \u2013 Qual Filosofia da Ci\u00eancia voc\u00ea Pratica em sua Tese? Profa. Dra. Maria Luisa Mendes Teixeira 10:15 \u2013 10:30 &#8211;\u00a0Coffe Break &#8211;\u00a0Hall Congrega\u00e7\u00e3o 10:30 \u2013 11:30 &#8211;\u00a0Confer\u00eancia &#8211;\u00a0 Constru\u00e7\u00e3o de Teoria &#8211;\u00a0Prof. Dr. Walter Bataglia 11:30 \u2013 12:30 &#8211;\u00a0Confer\u00eancia \u2013 Delineamento de Pesquisa&#8230;<\/p>\n","protected":false},"author":1,"featured_media":0,"parent":10557,"menu_order":0,"comment_status":"closed","ping_status":"closed","template":"","meta":{"_acf_changed":false,"_monsterinsights_skip_tracking":false,"_monsterinsights_sitenote_active":false,"_monsterinsights_sitenote_note":"","_monsterinsights_sitenote_category":0,"footnotes":""},"class_list":["post-12147","page","type-page","status-publish","hentry"],"acf":[],"yoast_head":"<!-- This site is optimized with the Yoast SEO plugin v27.4 - https:\/\/yoast.com\/product\/yoast-seo-wordpress\/ -->\n<title>Programa\u00e7ao Cons\u00f3rcio Doutoral - XVIII SemeAd<\/title>\n<meta name=\"robots\" content=\"index, follow, max-snippet:-1, max-image-preview:large, max-video-preview:-1\" \/>\n<link rel=\"canonical\" href=\"https:\/\/semead.com.br\/18\/consorcio-doutoral\/programacao-consorcio-doutoral\/\" \/>\n<meta property=\"og:locale\" content=\"en_US\" \/>\n<meta property=\"og:type\" content=\"article\" \/>\n<meta property=\"og:title\" content=\"Programa\u00e7ao Cons\u00f3rcio Doutoral - XVIII SemeAd\" \/>\n<meta property=\"og:description\" content=\"9:00 \u2013 9:15 &#8211;\u00a0Abertura\u00a0Coordenadores SemeAd e Cons\u00f3rcio Doutoral 9:15 \u2013 10:15 &#8211;\u00a0Confer\u00eancia \u2013 Qual Filosofia da Ci\u00eancia voc\u00ea Pratica em sua Tese? Profa. Dra. Maria Luisa Mendes Teixeira 10:15 \u2013 10:30 &#8211;\u00a0Coffe Break &#8211;\u00a0Hall Congrega\u00e7\u00e3o 10:30 \u2013 11:30 &#8211;\u00a0Confer\u00eancia &#8211;\u00a0 Constru\u00e7\u00e3o de Teoria &#8211;\u00a0Prof. Dr. Walter Bataglia 11:30 \u2013 12:30 &#8211;\u00a0Confer\u00eancia \u2013 Delineamento de Pesquisa...\" \/>\n<meta property=\"og:url\" content=\"https:\/\/semead.com.br\/18\/consorcio-doutoral\/programacao-consorcio-doutoral\/\" \/>\n<meta property=\"og:site_name\" content=\"XVIII SemeAd\" \/>\n<meta name=\"twitter:card\" content=\"summary_large_image\" \/>\n<meta name=\"twitter:label1\" content=\"Est. reading time\" \/>\n\t<meta name=\"twitter:data1\" content=\"3 minutes\" \/>\n<script type=\"application\/ld+json\" class=\"yoast-schema-graph\">{\"@context\":\"https:\\\/\\\/schema.org\",\"@graph\":[{\"@type\":\"WebPage\",\"@id\":\"https:\\\/\\\/semead.com.br\\\/18\\\/consorcio-doutoral\\\/programacao-consorcio-doutoral\\\/\",\"url\":\"https:\\\/\\\/semead.com.br\\\/18\\\/consorcio-doutoral\\\/programacao-consorcio-doutoral\\\/\",\"name\":\"Programa\u00e7ao Cons\u00f3rcio Doutoral - XVIII SemeAd\",\"isPartOf\":{\"@id\":\"https:\\\/\\\/semead.com.br\\\/18\\\/#website\"},\"datePublished\":\"2015-10-23T12:30:00+00:00\",\"breadcrumb\":{\"@id\":\"https:\\\/\\\/semead.com.br\\\/18\\\/consorcio-doutoral\\\/programacao-consorcio-doutoral\\\/#breadcrumb\"},\"inLanguage\":\"en-US\",\"potentialAction\":[{\"@type\":\"ReadAction\",\"target\":[\"https:\\\/\\\/semead.com.br\\\/18\\\/consorcio-doutoral\\\/programacao-consorcio-doutoral\\\/\"]}]},{\"@type\":\"BreadcrumbList\",\"@id\":\"https:\\\/\\\/semead.com.br\\\/18\\\/consorcio-doutoral\\\/programacao-consorcio-doutoral\\\/#breadcrumb\",\"itemListElement\":[{\"@type\":\"ListItem\",\"position\":1,\"name\":\"In\u00edcio\",\"item\":\"https:\\\/\\\/semead.com.br\\\/18\\\/\"},{\"@type\":\"ListItem\",\"position\":2,\"name\":\"Cons\u00f3rcio Doutoral\",\"item\":\"https:\\\/\\\/semead.com.br\\\/18\\\/consorcio-doutoral\\\/\"},{\"@type\":\"ListItem\",\"position\":3,\"name\":\"Programa\u00e7ao Cons\u00f3rcio Doutoral\"}]},{\"@type\":\"WebSite\",\"@id\":\"https:\\\/\\\/semead.com.br\\\/18\\\/#website\",\"url\":\"https:\\\/\\\/semead.com.br\\\/18\\\/\",\"name\":\"XVIII SemeAd\",\"description\":\"Just another SemeAd site\",\"potentialAction\":[{\"@type\":\"SearchAction\",\"target\":{\"@type\":\"EntryPoint\",\"urlTemplate\":\"https:\\\/\\\/semead.com.br\\\/18\\\/?s={search_term_string}\"},\"query-input\":{\"@type\":\"PropertyValueSpecification\",\"valueRequired\":true,\"valueName\":\"search_term_string\"}}],\"inLanguage\":\"en-US\"}]}<\/script>\n<!-- \/ Yoast SEO plugin. -->","yoast_head_json":{"title":"Programa\u00e7ao Cons\u00f3rcio Doutoral - XVIII SemeAd","robots":{"index":"index","follow":"follow","max-snippet":"max-snippet:-1","max-image-preview":"max-image-preview:large","max-video-preview":"max-video-preview:-1"},"canonical":"https:\/\/semead.com.br\/18\/consorcio-doutoral\/programacao-consorcio-doutoral\/","og_locale":"en_US","og_type":"article","og_title":"Programa\u00e7ao Cons\u00f3rcio Doutoral - XVIII SemeAd","og_description":"9:00 \u2013 9:15 &#8211;\u00a0Abertura\u00a0Coordenadores SemeAd e Cons\u00f3rcio Doutoral 9:15 \u2013 10:15 &#8211;\u00a0Confer\u00eancia \u2013 Qual Filosofia da Ci\u00eancia voc\u00ea Pratica em sua Tese? Profa. Dra. Maria Luisa Mendes Teixeira 10:15 \u2013 10:30 &#8211;\u00a0Coffe Break &#8211;\u00a0Hall Congrega\u00e7\u00e3o 10:30 \u2013 11:30 &#8211;\u00a0Confer\u00eancia &#8211;\u00a0 Constru\u00e7\u00e3o de Teoria &#8211;\u00a0Prof. Dr. Walter Bataglia 11:30 \u2013 12:30 &#8211;\u00a0Confer\u00eancia \u2013 Delineamento de Pesquisa...","og_url":"https:\/\/semead.com.br\/18\/consorcio-doutoral\/programacao-consorcio-doutoral\/","og_site_name":"XVIII SemeAd","twitter_card":"summary_large_image","twitter_misc":{"Est. reading time":"3 minutes"},"schema":{"@context":"https:\/\/schema.org","@graph":[{"@type":"WebPage","@id":"https:\/\/semead.com.br\/18\/consorcio-doutoral\/programacao-consorcio-doutoral\/","url":"https:\/\/semead.com.br\/18\/consorcio-doutoral\/programacao-consorcio-doutoral\/","name":"Programa\u00e7ao Cons\u00f3rcio Doutoral - XVIII SemeAd","isPartOf":{"@id":"https:\/\/semead.com.br\/18\/#website"},"datePublished":"2015-10-23T12:30:00+00:00","breadcrumb":{"@id":"https:\/\/semead.com.br\/18\/consorcio-doutoral\/programacao-consorcio-doutoral\/#breadcrumb"},"inLanguage":"en-US","potentialAction":[{"@type":"ReadAction","target":["https:\/\/semead.com.br\/18\/consorcio-doutoral\/programacao-consorcio-doutoral\/"]}]},{"@type":"BreadcrumbList","@id":"https:\/\/semead.com.br\/18\/consorcio-doutoral\/programacao-consorcio-doutoral\/#breadcrumb","itemListElement":[{"@type":"ListItem","position":1,"name":"In\u00edcio","item":"https:\/\/semead.com.br\/18\/"},{"@type":"ListItem","position":2,"name":"Cons\u00f3rcio Doutoral","item":"https:\/\/semead.com.br\/18\/consorcio-doutoral\/"},{"@type":"ListItem","position":3,"name":"Programa\u00e7ao Cons\u00f3rcio Doutoral"}]},{"@type":"WebSite","@id":"https:\/\/semead.com.br\/18\/#website","url":"https:\/\/semead.com.br\/18\/","name":"XVIII SemeAd","description":"Just another SemeAd site","potentialAction":[{"@type":"SearchAction","target":{"@type":"EntryPoint","urlTemplate":"https:\/\/semead.com.br\/18\/?s={search_term_string}"},"query-input":{"@type":"PropertyValueSpecification","valueRequired":true,"valueName":"search_term_string"}}],"inLanguage":"en-US"}]}},"_links":{"self":[{"href":"https:\/\/semead.com.br\/18\/wp-json\/wp\/v2\/pages\/12147","targetHints":{"allow":["GET"]}}],"collection":[{"href":"https:\/\/semead.com.br\/18\/wp-json\/wp\/v2\/pages"}],"about":[{"href":"https:\/\/semead.com.br\/18\/wp-json\/wp\/v2\/types\/page"}],"author":[{"embeddable":true,"href":"https:\/\/semead.com.br\/18\/wp-json\/wp\/v2\/users\/1"}],"replies":[{"embeddable":true,"href":"https:\/\/semead.com.br\/18\/wp-json\/wp\/v2\/comments?post=12147"}],"version-history":[{"count":0,"href":"https:\/\/semead.com.br\/18\/wp-json\/wp\/v2\/pages\/12147\/revisions"}],"up":[{"embeddable":true,"href":"https:\/\/semead.com.br\/18\/wp-json\/wp\/v2\/pages\/10557"}],"wp:attachment":[{"href":"https:\/\/semead.com.br\/18\/wp-json\/wp\/v2\/media?parent=12147"}],"curies":[{"name":"wp","href":"https:\/\/api.w.org\/{rel}","templated":true}]}}