{"id":21,"date":"2013-04-26T00:14:58","date_gmt":"2013-04-26T00:14:58","guid":{"rendered":"http:\/\/semead.com.br\/?page_id=21"},"modified":"2013-04-26T00:14:58","modified_gmt":"2013-04-26T00:14:58","slug":"gestao-da-inovacao","status":"publish","type":"page","link":"https:\/\/semead.com.br\/18\/areas\/gestao-da-inovacao\/","title":{"rendered":"Gest\u00e3o da Inova\u00e7\u00e3o"},"content":{"rendered":"<p><span style=\"font-size: medium\"><strong>Coordenador:\u00a0Prof. Dr. Guilherme Ary Plonski\u00a0\u2013 FEA USP<\/strong><\/span><\/p>\n<p><strong><b>Temas e L\u00edderes:<\/b><\/strong><\/p>\n<p><strong>1. Pol\u00edtica e Estrat\u00e9gia Tecnol\u00f3gica<\/strong><\/p>\n<p style=\"padding-left: 30px;text-align: justify\">(i) Car\u00e1ter institucional como, por exemplo, os ligados a pol\u00edticas p\u00fablicas para promo\u00e7\u00e3o da inova\u00e7\u00e3o; e (ii) car\u00e1ter estrat\u00e9gico, como, por exemplo os ligados \u00e0 articula\u00e7\u00e3o entre a inova\u00e7\u00e3o e os neg\u00f3cios de uma empresa ou organiza\u00e7\u00e3o de outra natureza.<\/p>\n<p style=\"padding-left: 30px;text-align: justify\">Prof. Dr. Moacir de Miranda Oliveira J\u00fanior &#8211; FEA USP<\/p>\n<p><strong>\u00a02. Coopera\u00e7\u00e3o Tecnol\u00f3gica e Inova\u00e7\u00e3o Aberta<\/strong><\/p>\n<p style=\"padding-left: 30px;text-align: justify\">Iniciativa recente, mecanismos de est\u00edmulo e casos de inova\u00e7\u00e3o cuja \u00eanfase est\u00e1 na constitui\u00e7\u00e3o e opera\u00e7\u00e3o de arranjos envolvendo diversos entes, quer sejam de mesma natureza (empresas relacionadas) como caracter\u00edsticas diferentes (empresas, universidades, institutos e centros de pesquisa, funda\u00e7\u00f5es de apoio, parques tecnol\u00f3gicos e outros), habitats de inova\u00e7\u00e3o e outras.<\/p>\n<p style=\"padding-left: 30px;text-align: justify\">Prof. Dr. Marcos Alberto Castelhano Bruno &#8211; FEA USP<\/p>\n<p><strong>3. Organiza\u00e7\u00e3o e Processos para Inova\u00e7\u00e3o<\/strong><\/p>\n<p style=\"padding-left: 30px;text-align: justify\">Quest\u00f5es relacionadas aos desafios para transformar o desejo organizacional de inovar, hoje em dia bastante frequente, em modelos de atua\u00e7\u00e3o que ensejem um fluxo sistem\u00e1tico de inova\u00e7\u00f5es que fa\u00e7am sentido no contexto espec\u00edfico. Abrange uma variedade de temas, envolvendo, sem a eles se limitar, configura\u00e7\u00f5es organizacionais para inova\u00e7\u00e3o, sistemas decis\u00f3rios que permitam melhor lidar com os riscos e mecanismos de difus\u00e3o de inova\u00e7\u00f5es.<\/p>\n<p style=\"padding-left: 30px;text-align: justify\">Prof. Dr. Eduardo Pinheiro Gondim de Vasconcellos &#8211; FEA USP<\/p>\n<p><strong>4. Gest\u00e3o de Programas e Projetos<\/strong><\/p>\n<p style=\"padding-left: 30px;text-align: justify\">Abordagens novas, solu\u00e7\u00f5es e ferramentas, pr\u00e1ticas organizacionais ou casos relevantes de ado\u00e7\u00e3o de conhecimentos de Gest\u00e3o de Projetos e Programas, preferencialmente objetivando melhor lidar com desafios que envolvem inova\u00e7\u00e3o.<\/p>\n<p style=\"padding-left: 30px;text-align: justify\">Profa. Dra.\u00a0Claudia Terezinha Kniess<\/p>\n<p><strong>5. Inova\u00e7\u00e3o e Sustentabilidade<\/strong><\/p>\n<p style=\"padding-left: 30px\">Formas de potencializar solu\u00e7\u00f5es inovadoras com os desafios do Triple Bottom Line.<\/p>\n<p style=\"padding-left: 30px\">Prof. Dr. Isak Kruglianskas &#8211; FEA USP<\/p>\n<p><strong>6. Dimens\u00f5es Humanas, Culturais e Sociais da Inova\u00e7\u00e3o<\/strong><\/p>\n<p style=\"padding-left: 30px;text-align: justify\">Algum tema contempor\u00e2neo ligado \u00e0 ampla gama de aspectos soft dos processos de inova\u00e7\u00e3o, entendidos como fen\u00f4menos s\u00f3cio t\u00e9cnicos. O tema proposto, de car\u00e1ter anal\u00edtico ou propositivo, poder\u00e1 focalizar tanto quest\u00f5es intraorganizacionais como quest\u00f5es associadas ao ambiente para inova\u00e7\u00e3o.<\/p>\n<p style=\"padding-left: 30px;text-align: justify\">Profa. Dra. Ivete Rodrigues &#8211; FIA<\/p>\n","protected":false},"excerpt":{"rendered":"<p>Coordenador:\u00a0Prof. Dr. Guilherme Ary Plonski\u00a0\u2013 FEA USP Temas e L\u00edderes: 1. Pol\u00edtica e Estrat\u00e9gia Tecnol\u00f3gica (i) Car\u00e1ter institucional como, por exemplo, os ligados a pol\u00edticas p\u00fablicas para promo\u00e7\u00e3o da inova\u00e7\u00e3o; e (ii) car\u00e1ter estrat\u00e9gico, como, por exemplo os ligados \u00e0 articula\u00e7\u00e3o entre a inova\u00e7\u00e3o e os neg\u00f3cios de uma empresa ou organiza\u00e7\u00e3o de outra natureza&#8230;.<\/p>\n","protected":false},"author":1,"featured_media":0,"parent":9,"menu_order":120,"comment_status":"open","ping_status":"closed","template":"","meta":{"_acf_changed":false,"_monsterinsights_skip_tracking":false,"_monsterinsights_sitenote_active":false,"_monsterinsights_sitenote_note":"","_monsterinsights_sitenote_category":0,"footnotes":""},"class_list":["post-21","page","type-page","status-publish","hentry"],"acf":[],"yoast_head":"<!-- This site is optimized with the Yoast SEO plugin v27.4 - https:\/\/yoast.com\/product\/yoast-seo-wordpress\/ -->\n<title>Gest\u00e3o da Inova\u00e7\u00e3o - XVIII SemeAd<\/title>\n<meta name=\"robots\" content=\"index, follow, max-snippet:-1, max-image-preview:large, max-video-preview:-1\" \/>\n<link rel=\"canonical\" href=\"https:\/\/semead.com.br\/18\/areas\/gestao-da-inovacao\/\" \/>\n<meta property=\"og:locale\" content=\"en_US\" \/>\n<meta property=\"og:type\" content=\"article\" \/>\n<meta property=\"og:title\" content=\"Gest\u00e3o da Inova\u00e7\u00e3o - XVIII SemeAd\" \/>\n<meta property=\"og:description\" content=\"Coordenador:\u00a0Prof. Dr. Guilherme Ary Plonski\u00a0\u2013 FEA USP Temas e L\u00edderes: 1. Pol\u00edtica e Estrat\u00e9gia Tecnol\u00f3gica (i) Car\u00e1ter institucional como, por exemplo, os ligados a pol\u00edticas p\u00fablicas para promo\u00e7\u00e3o da inova\u00e7\u00e3o; e (ii) car\u00e1ter estrat\u00e9gico, como, por exemplo os ligados \u00e0 articula\u00e7\u00e3o entre a inova\u00e7\u00e3o e os neg\u00f3cios de uma empresa ou organiza\u00e7\u00e3o de outra natureza....\" \/>\n<meta property=\"og:url\" content=\"https:\/\/semead.com.br\/18\/areas\/gestao-da-inovacao\/\" \/>\n<meta property=\"og:site_name\" content=\"XVIII SemeAd\" \/>\n<meta name=\"twitter:card\" content=\"summary_large_image\" \/>\n<meta name=\"twitter:label1\" content=\"Est. reading time\" \/>\n\t<meta name=\"twitter:data1\" content=\"2 minutes\" \/>\n<script type=\"application\/ld+json\" class=\"yoast-schema-graph\">{\"@context\":\"https:\\\/\\\/schema.org\",\"@graph\":[{\"@type\":\"WebPage\",\"@id\":\"https:\\\/\\\/semead.com.br\\\/18\\\/areas\\\/gestao-da-inovacao\\\/\",\"url\":\"https:\\\/\\\/semead.com.br\\\/18\\\/areas\\\/gestao-da-inovacao\\\/\",\"name\":\"Gest\u00e3o da Inova\u00e7\u00e3o - XVIII SemeAd\",\"isPartOf\":{\"@id\":\"https:\\\/\\\/semead.com.br\\\/18\\\/#website\"},\"datePublished\":\"2013-04-26T00:14:58+00:00\",\"breadcrumb\":{\"@id\":\"https:\\\/\\\/semead.com.br\\\/18\\\/areas\\\/gestao-da-inovacao\\\/#breadcrumb\"},\"inLanguage\":\"en-US\",\"potentialAction\":[{\"@type\":\"ReadAction\",\"target\":[\"https:\\\/\\\/semead.com.br\\\/18\\\/areas\\\/gestao-da-inovacao\\\/\"]}]},{\"@type\":\"BreadcrumbList\",\"@id\":\"https:\\\/\\\/semead.com.br\\\/18\\\/areas\\\/gestao-da-inovacao\\\/#breadcrumb\",\"itemListElement\":[{\"@type\":\"ListItem\",\"position\":1,\"name\":\"In\u00edcio\",\"item\":\"https:\\\/\\\/semead.com.br\\\/18\\\/\"},{\"@type\":\"ListItem\",\"position\":2,\"name\":\"\u00c1reas\",\"item\":\"https:\\\/\\\/semead.com.br\\\/18\\\/areas\\\/\"},{\"@type\":\"ListItem\",\"position\":3,\"name\":\"Gest\u00e3o da Inova\u00e7\u00e3o\"}]},{\"@type\":\"WebSite\",\"@id\":\"https:\\\/\\\/semead.com.br\\\/18\\\/#website\",\"url\":\"https:\\\/\\\/semead.com.br\\\/18\\\/\",\"name\":\"XVIII SemeAd\",\"description\":\"Just another SemeAd site\",\"potentialAction\":[{\"@type\":\"SearchAction\",\"target\":{\"@type\":\"EntryPoint\",\"urlTemplate\":\"https:\\\/\\\/semead.com.br\\\/18\\\/?s={search_term_string}\"},\"query-input\":{\"@type\":\"PropertyValueSpecification\",\"valueRequired\":true,\"valueName\":\"search_term_string\"}}],\"inLanguage\":\"en-US\"}]}<\/script>\n<!-- \/ Yoast SEO plugin. -->","yoast_head_json":{"title":"Gest\u00e3o da Inova\u00e7\u00e3o - XVIII SemeAd","robots":{"index":"index","follow":"follow","max-snippet":"max-snippet:-1","max-image-preview":"max-image-preview:large","max-video-preview":"max-video-preview:-1"},"canonical":"https:\/\/semead.com.br\/18\/areas\/gestao-da-inovacao\/","og_locale":"en_US","og_type":"article","og_title":"Gest\u00e3o da Inova\u00e7\u00e3o - XVIII SemeAd","og_description":"Coordenador:\u00a0Prof. Dr. Guilherme Ary Plonski\u00a0\u2013 FEA USP Temas e L\u00edderes: 1. Pol\u00edtica e Estrat\u00e9gia Tecnol\u00f3gica (i) Car\u00e1ter institucional como, por exemplo, os ligados a pol\u00edticas p\u00fablicas para promo\u00e7\u00e3o da inova\u00e7\u00e3o; e (ii) car\u00e1ter estrat\u00e9gico, como, por exemplo os ligados \u00e0 articula\u00e7\u00e3o entre a inova\u00e7\u00e3o e os neg\u00f3cios de uma empresa ou organiza\u00e7\u00e3o de outra natureza....","og_url":"https:\/\/semead.com.br\/18\/areas\/gestao-da-inovacao\/","og_site_name":"XVIII SemeAd","twitter_card":"summary_large_image","twitter_misc":{"Est. reading time":"2 minutes"},"schema":{"@context":"https:\/\/schema.org","@graph":[{"@type":"WebPage","@id":"https:\/\/semead.com.br\/18\/areas\/gestao-da-inovacao\/","url":"https:\/\/semead.com.br\/18\/areas\/gestao-da-inovacao\/","name":"Gest\u00e3o da Inova\u00e7\u00e3o - XVIII SemeAd","isPartOf":{"@id":"https:\/\/semead.com.br\/18\/#website"},"datePublished":"2013-04-26T00:14:58+00:00","breadcrumb":{"@id":"https:\/\/semead.com.br\/18\/areas\/gestao-da-inovacao\/#breadcrumb"},"inLanguage":"en-US","potentialAction":[{"@type":"ReadAction","target":["https:\/\/semead.com.br\/18\/areas\/gestao-da-inovacao\/"]}]},{"@type":"BreadcrumbList","@id":"https:\/\/semead.com.br\/18\/areas\/gestao-da-inovacao\/#breadcrumb","itemListElement":[{"@type":"ListItem","position":1,"name":"In\u00edcio","item":"https:\/\/semead.com.br\/18\/"},{"@type":"ListItem","position":2,"name":"\u00c1reas","item":"https:\/\/semead.com.br\/18\/areas\/"},{"@type":"ListItem","position":3,"name":"Gest\u00e3o da Inova\u00e7\u00e3o"}]},{"@type":"WebSite","@id":"https:\/\/semead.com.br\/18\/#website","url":"https:\/\/semead.com.br\/18\/","name":"XVIII SemeAd","description":"Just another SemeAd site","potentialAction":[{"@type":"SearchAction","target":{"@type":"EntryPoint","urlTemplate":"https:\/\/semead.com.br\/18\/?s={search_term_string}"},"query-input":{"@type":"PropertyValueSpecification","valueRequired":true,"valueName":"search_term_string"}}],"inLanguage":"en-US"}]}},"_links":{"self":[{"href":"https:\/\/semead.com.br\/18\/wp-json\/wp\/v2\/pages\/21","targetHints":{"allow":["GET"]}}],"collection":[{"href":"https:\/\/semead.com.br\/18\/wp-json\/wp\/v2\/pages"}],"about":[{"href":"https:\/\/semead.com.br\/18\/wp-json\/wp\/v2\/types\/page"}],"author":[{"embeddable":true,"href":"https:\/\/semead.com.br\/18\/wp-json\/wp\/v2\/users\/1"}],"replies":[{"embeddable":true,"href":"https:\/\/semead.com.br\/18\/wp-json\/wp\/v2\/comments?post=21"}],"version-history":[{"count":0,"href":"https:\/\/semead.com.br\/18\/wp-json\/wp\/v2\/pages\/21\/revisions"}],"up":[{"embeddable":true,"href":"https:\/\/semead.com.br\/18\/wp-json\/wp\/v2\/pages\/9"}],"wp:attachment":[{"href":"https:\/\/semead.com.br\/18\/wp-json\/wp\/v2\/media?parent=21"}],"curies":[{"name":"wp","href":"https:\/\/api.w.org\/{rel}","templated":true}]}}