{"id":26,"date":"2013-04-26T00:19:37","date_gmt":"2013-04-26T00:19:37","guid":{"rendered":"http:\/\/semead.com.br\/?page_id=26"},"modified":"2013-04-26T00:19:37","modified_gmt":"2013-04-26T00:19:37","slug":"programacao","status":"publish","type":"page","link":"https:\/\/semead.com.br\/18\/programacao\/","title":{"rendered":"Programa\u00e7\u00e3o"},"content":{"rendered":"<h2 style=\"text-align: center\">Programa\u00e7\u00e3o Sint\u00e9tica do XVIII SemeAd<\/h2>\n<p style=\"text-align: center\">(Sujeita a altera\u00e7\u00f5es)<\/p>\n<p>[symple_heading style=&#8221;double-line&#8221; title=&#8221; 04\/11\/2015 \u2013 08h00 \u00e0s 18h00&#8243; type=&#8221;h3&#8243; font_size=&#8221;&#8221; text_align=&#8221;left&#8221; margin_top=&#8221;40&#8243; margin_bottom=&#8221;0&#8243; color=&#8221;undefined&#8221; icon_left=&#8221;fa-calendar&#8221; icon_right=&#8221;&#8221;]<\/p>\n<p style=\"text-align: left\"><strong>Evento 40 anos PPGA\/FEA-USP<\/strong><\/p>\n<ul>\n<li style=\"text-align: left\">Abertura: Reitor USP; Diretor FEA; Chefe EAD; Coordenador PPGA; FAPESP; CAPES; CNPq<\/li>\n<li style=\"text-align: left\">Painel I: \u201cThe Future of Graduate Programs in Business Administration: Formats and Impact Metrics\u201d<\/li>\n<li style=\"text-align: left\">Painel II: &#8220;Doing International Research Relevant for Theory and Practice&#8221;<\/li>\n<li style=\"text-align: left\">Encerramento<\/li>\n<\/ul>\n<p>[symple_heading style=&#8221;double-line&#8221; title=&#8221; 04\/11\/2015 \u2013 09h00 \u00e0s 18h30&#8243; type=&#8221;h3&#8243; font_size=&#8221;&#8221; text_align=&#8221;left&#8221; margin_top=&#8221;30&#8243; margin_bottom=&#8221;0&#8243; color=&#8221;undefined&#8221; icon_left=&#8221;fa-calendar&#8221; icon_right=&#8221;&#8221;]<\/p>\n<p><strong>Cons\u00f3rcio Doutoral<\/strong><\/p>\n\n<table id=\"tablepress-2\" class=\"tablepress tablepress-id-2\">\n<tbody class=\"row-striping row-hover\">\n<tr class=\"row-1\">\n\t<td class=\"column-1\">08:30 u2013 09:00<\/td><td class=\"column-2\">Inscriu00e7u00f5es e Entrega de Material - Recepu00e7u00e3o dos Doutorandos<\/td><td class=\"column-3\"><\/td>\n<\/tr>\n<tr class=\"row-2\">\n\t<td class=\"column-1\">09:00 u2013 09:15<\/td><td class=\"column-2\">Abertura u2013 Coordenadores SemeAd e Consu00f3rcio Doutoral<\/td><td class=\"column-3\"><\/td>\n<\/tr>\n<tr class=\"row-3\">\n\t<td class=\"column-1\">09:15 u2013 10:15<\/td><td class=\"column-2\">Conferu00eancia 1<\/td><td class=\"column-3\"><\/td>\n<\/tr>\n<tr class=\"row-4\">\n\t<td class=\"column-1\">10:15 u2013 10:30<\/td><td class=\"column-2\">Coffee Break<\/td><td class=\"column-3\"><\/td>\n<\/tr>\n<tr class=\"row-5\">\n\t<td class=\"column-1\">10:30 u2013 11:30<\/td><td class=\"column-2\">Conferu00eancia 2n<\/td><td class=\"column-3\"><\/td>\n<\/tr>\n<tr class=\"row-6\">\n\t<td class=\"column-1\">11:30 - 12:30<\/td><td class=\"column-2\">Conferu00eancia 3<\/td><td class=\"column-3\"><\/td>\n<\/tr>\n<tr class=\"row-7\">\n\t<td class=\"column-1\">12:30 - 14:00<\/td><td class=\"column-2\">Almou00e7o<\/td><td class=\"column-3\"><\/td>\n<\/tr>\n<tr class=\"row-8\">\n\t<td class=\"column-1\">14:00 - 16:00<\/td><td class=\"column-2\">Consu00f3rcio Doutoral - Horu00e1rio 1nnSala C-03 - Empreendedorismo, Estratu00e9gia em Organizau00e7u00f5es e Estudos OrganizacionaisnSala C-04 - Estratu00e9gia em Organizau00e7u00f5esnSala C-05 - Estudos OrganizacionaisnSala C-06 - Tecnologia da Informau00e7u00e3o<\/td><td class=\"column-3\"><\/td>\n<\/tr>\n<tr class=\"row-9\">\n\t<td class=\"column-1\">16:30 - 18:30<\/td><td class=\"column-2\">Consu00f3rcio Doutoral - Horu00e1rio 2nnSala C-03 - Estudos Organizacionais e Gestu00e3o de PessoasnSala C-04 - Gestu00e3o da Inovau00e7u00e3onSala C-05 - Marketing<\/td><td class=\"column-3\"><\/td>\n<\/tr>\n<\/tbody>\n<\/table>\n<!-- #tablepress-2 from cache -->\n<p>[symple_heading style=&#8221;double-line&#8221; title=&#8221; 05\/11\/2015 \u2013 08h30 \u00e0s 20h00&#8243; type=&#8221;h3&#8243; font_size=&#8221;&#8221; text_align=&#8221;left&#8221; margin_top=&#8221;30&#8243; margin_bottom=&#8221;0&#8243; color=&#8221;undefined&#8221; icon_left=&#8221;fa-calendar&#8221; icon_right=&#8221;&#8221;]<\/p>\n<p><strong>Semead<\/strong><\/p>\n\n<table id=\"tablepress-3\" class=\"tablepress tablepress-id-3\">\n<tbody class=\"row-striping row-hover\">\n<tr class=\"row-1\">\n\t<td class=\"column-1\">08:30 u2013 10:00 <\/td><td class=\"column-2\">Sessu00f5es de Apresentau00e7u00f5es de Trabalhos - Horu00e1rio 1<\/td><td class=\"column-3\"><\/td>\n<\/tr>\n<tr class=\"row-2\">\n\t<td class=\"column-1\">10:00 u2013 10:30<\/td><td class=\"column-2\">Abertura<\/td><td class=\"column-3\"><\/td>\n<\/tr>\n<tr class=\"row-3\">\n\t<td class=\"column-1\">10:30 u2013 11:00<\/td><td class=\"column-2\">Coffee Break<\/td><td class=\"column-3\"><\/td>\n<\/tr>\n<tr class=\"row-4\">\n\t<td class=\"column-1\">11:00 u2013 12:30 <\/td><td class=\"column-2\">Sessu00f5es Plenu00e1rias Keynote Speakers - 1nn Auditu00f3rio FEA 5 - Richard Priemn Auditu00f3rio Safra - Lourdes Casanovan Congregau00e7u00e3o- Heitor Almeida<\/td><td class=\"column-3\"><\/td>\n<\/tr>\n<tr class=\"row-5\">\n\t<td class=\"column-1\">12:30 u2013 13:30 <\/td><td class=\"column-2\">Almou00e7o<\/td><td class=\"column-3\"><\/td>\n<\/tr>\n<tr class=\"row-6\">\n\t<td class=\"column-1\">13:30 u2013 15:00 <\/td><td class=\"column-2\">Sessu00f5es de Apresentau00e7u00f5es de Trabalhos - Horu00e1rio 2<\/td><td class=\"column-3\"><\/td>\n<\/tr>\n<tr class=\"row-7\">\n\t<td class=\"column-1\">13:30 u2013 15:00<\/td><td class=\"column-2\">Sessu00f5es Sapiens - 1nnSala G-04 - EmpreendedorismonSala G-10 - Estratu00e9gia em Organizau00e7u00f5es<\/td><td class=\"column-3\"><\/td>\n<\/tr>\n<tr class=\"row-8\">\n\t<td class=\"column-1\">15:00 u2013 15:30 n<\/td><td class=\"column-2\">Coffee break<\/td><td class=\"column-3\"><\/td>\n<\/tr>\n<tr class=\"row-9\">\n\t<td class=\"column-1\">15:30 u2013 17:00 n<\/td><td class=\"column-2\">Painu00e9is Temu00e1ticosnnSala G-06 - Administrau00e7u00e3o Pu00fablicanSala G-05 - Empreendedorismo nSala G-10 - Ensino e Pesquisa em Administrau00e7u00e3onCongregau00e7u00e3o - Estratu00e9gia em Organizau00e7u00f5esnSala G-04 - Estudos OrganizacionaisnSala G-03 - Finanu00e7asnSala G-07 - Gestu00e3o da Inovau00e7u00e3onSala G-08 - Gestu00e3o de PessoasnRuy Leme - Gestu00e3o SocioambientalnSala G-02 - MarketingnSala G-09 - Operau00e7u00f5esnSala E-02 - Tecnologia da Informau00e7u00e3o<\/td><td class=\"column-3\">n<\/td>\n<\/tr>\n<tr class=\"row-10\">\n\t<td class=\"column-1\">17:00 u2013 18:30 n<\/td><td class=\"column-2\">Sessu00f5es de Apresentau00e7u00f5es de Trabalhos - Horu00e1rio 3n<\/td><td class=\"column-3\"><\/td>\n<\/tr>\n<tr class=\"row-11\">\n\t<td class=\"column-1\">17:00 u2013 18:30 n<\/td><td class=\"column-2\">Sessu00f5es Sapiens - 2nnSala E-10 - Finanu00e7asnSala G-04 - Gestu00e3o da Inovau00e7u00e3onSala G-10 - Ensino e Pesquisa em Administrau00e7u00e3on<\/td><td class=\"column-3\"><\/td>\n<\/tr>\n<tr class=\"row-12\">\n\t<td class=\"column-1\">18:30 u2013 19:00 n<\/td><td class=\"column-2\">Premiau00e7u00e3on<\/td><td class=\"column-3\"><\/td>\n<\/tr>\n<tr class=\"row-13\">\n\t<td class=\"column-1\">19:00 - 20:00n<\/td><td class=\"column-2\">Coqueteln(Conforme norma da USP nu00e3o seru00e3o servidas bebidas alcou00f3licas)n<\/td><td class=\"column-3\"><\/td>\n<\/tr>\n<\/tbody>\n<\/table>\n<!-- #tablepress-3 from cache -->\n<p>[symple_heading style=&#8221;double-line&#8221; title=&#8221; 06\/11\/2015 \u2013 08h00 \u00e0s 19h00&#8243; type=&#8221;h3&#8243; font_size=&#8221;&#8221; text_align=&#8221;left&#8221; margin_top=&#8221;30&#8243; margin_bottom=&#8221;0&#8243; color=&#8221;undefined&#8221; icon_left=&#8221;fa-calendar&#8221; icon_right=&#8221;&#8221;]<\/p>\n<p><strong>Semead<\/strong><\/p>\n\n<table id=\"tablepress-10\" class=\"tablepress tablepress-id-10\">\n<tbody class=\"row-striping row-hover\">\n<tr class=\"row-1\">\n\t<td class=\"column-1\">08:00 u2013 09:30 n<\/td><td class=\"column-2\">Sessu00f5es de Apresentau00e7u00f5es de Trabalhos - Horu00e1rio 4n<\/td><td class=\"column-3\"><\/td>\n<\/tr>\n<tr class=\"row-2\">\n\t<td class=\"column-1\">09:30 u2013 10:00 n<\/td><td class=\"column-2\">Coffee Breakn<\/td><td class=\"column-3\"><\/td>\n<\/tr>\n<tr class=\"row-3\">\n\t<td class=\"column-1\">10:00 u2013 11:30<\/td><td class=\"column-2\">Sessu00f5es Plenu00e1rias Keynote Speakers - 2nn Auditu00f3rio FEA 5 - Stuart Hyden Auditu00f3rio Safra - Aric Rindfleischn Congregau00e7u00e3o - Keith Jackson<\/td><td class=\"column-3\"><\/td>\n<\/tr>\n<tr class=\"row-4\">\n\t<td class=\"column-1\">11:30 - 13:00n<\/td><td class=\"column-2\">Sessu00f5es de Apresentau00e7u00f5es de Trabalhos - Horu00e1rio 5n<\/td><td class=\"column-3\"><\/td>\n<\/tr>\n<tr class=\"row-5\">\n\t<td class=\"column-1\">11:30 - 13:00n<\/td><td class=\"column-2\">Sessu00f5es Sapiens - 3nnSala E-04 - Estudos OrganizacionaisnSala E-10 - Gestu00e3o de PessoasnSala G-04 - Operau00e7u00f5esnSala G-10 - Administrau00e7u00e3o Pu00fablican<\/td><td class=\"column-3\"><\/td>\n<\/tr>\n<tr class=\"row-6\">\n\t<td class=\"column-1\">13:00 - 14:00n<\/td><td class=\"column-2\">Almou00e7o<\/td><td class=\"column-3\"><\/td>\n<\/tr>\n<tr class=\"row-7\">\n\t<td class=\"column-1\">14:00 - 15:30n<\/td><td class=\"column-2\">Sessu00f5es de Apresentau00e7u00f5es de Trabalhos - Horu00e1rio 6n<\/td><td class=\"column-3\"><\/td>\n<\/tr>\n<tr class=\"row-8\">\n\t<td class=\"column-1\">14:00 - 15:30<\/td><td class=\"column-2\">Sessu00f5es Sapiens - 4nnSala E-04 - Tecnologia da Informau00e7u00e3onSala G-04 - Gestu00e3o SocioambientalnSala G-10 - Marketing<\/td><td class=\"column-3\"><\/td>\n<\/tr>\n<tr class=\"row-9\">\n\t<td class=\"column-1\">15:30 u2013 17:00n<\/td><td class=\"column-2\">Encontros Academia &amp; Negu00f3ciosnnCongregau00e7u00e3o - O impacto do comportamento do consumidor em mercados globaisnNEGu00d3CIOS    - Euromonitor InternationalnMariana Lovett, Suzana FontenellennSala A-01 - As melhores empresas para trabalharnNEGu00d3CIOS - Vocu00ea S\/A - Progep - Cranet nAndru00e9 Fischer, Wilson AmorimnnAuditu00f3rio Safra - DRIM Project\/Open InnovationnNEGu00d3CIOS - Uppsala UniversitynFredrik Tell, Roberto Sbragia, Eduardo VasconcellosnnSala C-03 - Oficina MetodologianACADEMIA - Equau00e7u00f5es estruturaisnDiu00f3genes de Souza BidonnSala C-04 - Oficina MetodologianACADEMIA - Dados em painu00e9isnEduardo Kazuo KayonnSala C-05 - Oficina MetodologianACADEMIA - ExperimentosnJosu00e9 Afonso Mazzon, Giuliana Isabella<\/td><td class=\"column-3\">n<\/td>\n<\/tr>\n<tr class=\"row-10\">\n\t<td class=\"column-1\">17:00 u2013 17:30n<\/td><td class=\"column-2\">Coffee Breakn<\/td><td class=\"column-3\"><\/td>\n<\/tr>\n<tr class=\"row-11\">\n\t<td class=\"column-1\">17:30 - 19:00n<\/td><td class=\"column-2\">Sessu00f5es de Apresentau00e7u00f5es de Trabalhos - Horu00e1rio 7n<\/td><td class=\"column-3\"><\/td>\n<\/tr>\n<\/tbody>\n<\/table>\n<!-- #tablepress-10 from cache -->\n","protected":false},"excerpt":{"rendered":"<p>Programa\u00e7\u00e3o Sint\u00e9tica do XVIII SemeAd (Sujeita a altera\u00e7\u00f5es) [symple_heading style=&#8221;double-line&#8221; title=&#8221; 04\/11\/2015 \u2013 08h00 \u00e0s 18h00&#8243; type=&#8221;h3&#8243; font_size=&#8221;&#8221; text_align=&#8221;left&#8221; margin_top=&#8221;40&#8243; margin_bottom=&#8221;0&#8243; color=&#8221;undefined&#8221; icon_left=&#8221;fa-calendar&#8221; icon_right=&#8221;&#8221;] Evento 40 anos PPGA\/FEA-USP Abertura: Reitor USP; Diretor FEA; Chefe EAD; Coordenador PPGA; FAPESP; CAPES; CNPq Painel I: \u201cThe Future of Graduate Programs in Business Administration: Formats and Impact Metrics\u201d Painel&#8230;<\/p>\n","protected":false},"author":1,"featured_media":0,"parent":0,"menu_order":0,"comment_status":"open","ping_status":"open","template":"","meta":{"_acf_changed":false,"_monsterinsights_skip_tracking":false,"_monsterinsights_sitenote_active":false,"_monsterinsights_sitenote_note":"","_monsterinsights_sitenote_category":0,"footnotes":""},"class_list":["post-26","page","type-page","status-publish","hentry"],"acf":[],"yoast_head":"<!-- This site is optimized with the Yoast SEO plugin v27.4 - https:\/\/yoast.com\/product\/yoast-seo-wordpress\/ -->\n<title>Programa\u00e7\u00e3o - XVIII SemeAd<\/title>\n<meta name=\"robots\" content=\"index, follow, max-snippet:-1, max-image-preview:large, max-video-preview:-1\" \/>\n<link rel=\"canonical\" href=\"https:\/\/semead.com.br\/18\/programacao\/\" \/>\n<meta property=\"og:locale\" content=\"en_US\" \/>\n<meta property=\"og:type\" content=\"article\" \/>\n<meta property=\"og:title\" content=\"Programa\u00e7\u00e3o - XVIII SemeAd\" \/>\n<meta property=\"og:description\" content=\"Programa\u00e7\u00e3o Sint\u00e9tica do XVIII SemeAd (Sujeita a altera\u00e7\u00f5es) [symple_heading style=&#8221;double-line&#8221; title=&#8221; 04\/11\/2015 \u2013 08h00 \u00e0s 18h00&#8243; type=&#8221;h3&#8243; font_size=&#8221;&#8221; text_align=&#8221;left&#8221; margin_top=&#8221;40&#8243; margin_bottom=&#8221;0&#8243; color=&#8221;undefined&#8221; icon_left=&#8221;fa-calendar&#8221; icon_right=&#8221;&#8221;] Evento 40 anos PPGA\/FEA-USP Abertura: Reitor USP; Diretor FEA; Chefe EAD; Coordenador PPGA; FAPESP; CAPES; CNPq Painel I: \u201cThe Future of Graduate Programs in Business Administration: Formats and Impact Metrics\u201d Painel...\" \/>\n<meta property=\"og:url\" content=\"https:\/\/semead.com.br\/18\/programacao\/\" \/>\n<meta property=\"og:site_name\" content=\"XVIII SemeAd\" \/>\n<meta name=\"twitter:card\" content=\"summary_large_image\" \/>\n<meta name=\"twitter:label1\" content=\"Est. reading time\" \/>\n\t<meta name=\"twitter:data1\" content=\"1 minute\" \/>\n<script type=\"application\/ld+json\" class=\"yoast-schema-graph\">{\"@context\":\"https:\\\/\\\/schema.org\",\"@graph\":[{\"@type\":\"WebPage\",\"@id\":\"https:\\\/\\\/semead.com.br\\\/18\\\/programacao\\\/\",\"url\":\"https:\\\/\\\/semead.com.br\\\/18\\\/programacao\\\/\",\"name\":\"Programa\u00e7\u00e3o - XVIII SemeAd\",\"isPartOf\":{\"@id\":\"https:\\\/\\\/semead.com.br\\\/18\\\/#website\"},\"datePublished\":\"2013-04-26T00:19:37+00:00\",\"breadcrumb\":{\"@id\":\"https:\\\/\\\/semead.com.br\\\/18\\\/programacao\\\/#breadcrumb\"},\"inLanguage\":\"en-US\",\"potentialAction\":[{\"@type\":\"ReadAction\",\"target\":[\"https:\\\/\\\/semead.com.br\\\/18\\\/programacao\\\/\"]}]},{\"@type\":\"BreadcrumbList\",\"@id\":\"https:\\\/\\\/semead.com.br\\\/18\\\/programacao\\\/#breadcrumb\",\"itemListElement\":[{\"@type\":\"ListItem\",\"position\":1,\"name\":\"In\u00edcio\",\"item\":\"https:\\\/\\\/semead.com.br\\\/18\\\/\"},{\"@type\":\"ListItem\",\"position\":2,\"name\":\"Programa\u00e7\u00e3o\"}]},{\"@type\":\"WebSite\",\"@id\":\"https:\\\/\\\/semead.com.br\\\/18\\\/#website\",\"url\":\"https:\\\/\\\/semead.com.br\\\/18\\\/\",\"name\":\"XVIII SemeAd\",\"description\":\"Just another SemeAd site\",\"potentialAction\":[{\"@type\":\"SearchAction\",\"target\":{\"@type\":\"EntryPoint\",\"urlTemplate\":\"https:\\\/\\\/semead.com.br\\\/18\\\/?s={search_term_string}\"},\"query-input\":{\"@type\":\"PropertyValueSpecification\",\"valueRequired\":true,\"valueName\":\"search_term_string\"}}],\"inLanguage\":\"en-US\"}]}<\/script>\n<!-- \/ Yoast SEO plugin. -->","yoast_head_json":{"title":"Programa\u00e7\u00e3o - XVIII SemeAd","robots":{"index":"index","follow":"follow","max-snippet":"max-snippet:-1","max-image-preview":"max-image-preview:large","max-video-preview":"max-video-preview:-1"},"canonical":"https:\/\/semead.com.br\/18\/programacao\/","og_locale":"en_US","og_type":"article","og_title":"Programa\u00e7\u00e3o - XVIII SemeAd","og_description":"Programa\u00e7\u00e3o Sint\u00e9tica do XVIII SemeAd (Sujeita a altera\u00e7\u00f5es) [symple_heading style=&#8221;double-line&#8221; title=&#8221; 04\/11\/2015 \u2013 08h00 \u00e0s 18h00&#8243; type=&#8221;h3&#8243; font_size=&#8221;&#8221; text_align=&#8221;left&#8221; margin_top=&#8221;40&#8243; margin_bottom=&#8221;0&#8243; color=&#8221;undefined&#8221; icon_left=&#8221;fa-calendar&#8221; icon_right=&#8221;&#8221;] Evento 40 anos PPGA\/FEA-USP Abertura: Reitor USP; Diretor FEA; Chefe EAD; Coordenador PPGA; FAPESP; CAPES; CNPq Painel I: \u201cThe Future of Graduate Programs in Business Administration: Formats and Impact Metrics\u201d Painel...","og_url":"https:\/\/semead.com.br\/18\/programacao\/","og_site_name":"XVIII SemeAd","twitter_card":"summary_large_image","twitter_misc":{"Est. reading time":"1 minute"},"schema":{"@context":"https:\/\/schema.org","@graph":[{"@type":"WebPage","@id":"https:\/\/semead.com.br\/18\/programacao\/","url":"https:\/\/semead.com.br\/18\/programacao\/","name":"Programa\u00e7\u00e3o - XVIII SemeAd","isPartOf":{"@id":"https:\/\/semead.com.br\/18\/#website"},"datePublished":"2013-04-26T00:19:37+00:00","breadcrumb":{"@id":"https:\/\/semead.com.br\/18\/programacao\/#breadcrumb"},"inLanguage":"en-US","potentialAction":[{"@type":"ReadAction","target":["https:\/\/semead.com.br\/18\/programacao\/"]}]},{"@type":"BreadcrumbList","@id":"https:\/\/semead.com.br\/18\/programacao\/#breadcrumb","itemListElement":[{"@type":"ListItem","position":1,"name":"In\u00edcio","item":"https:\/\/semead.com.br\/18\/"},{"@type":"ListItem","position":2,"name":"Programa\u00e7\u00e3o"}]},{"@type":"WebSite","@id":"https:\/\/semead.com.br\/18\/#website","url":"https:\/\/semead.com.br\/18\/","name":"XVIII SemeAd","description":"Just another SemeAd site","potentialAction":[{"@type":"SearchAction","target":{"@type":"EntryPoint","urlTemplate":"https:\/\/semead.com.br\/18\/?s={search_term_string}"},"query-input":{"@type":"PropertyValueSpecification","valueRequired":true,"valueName":"search_term_string"}}],"inLanguage":"en-US"}]}},"_links":{"self":[{"href":"https:\/\/semead.com.br\/18\/wp-json\/wp\/v2\/pages\/26","targetHints":{"allow":["GET"]}}],"collection":[{"href":"https:\/\/semead.com.br\/18\/wp-json\/wp\/v2\/pages"}],"about":[{"href":"https:\/\/semead.com.br\/18\/wp-json\/wp\/v2\/types\/page"}],"author":[{"embeddable":true,"href":"https:\/\/semead.com.br\/18\/wp-json\/wp\/v2\/users\/1"}],"replies":[{"embeddable":true,"href":"https:\/\/semead.com.br\/18\/wp-json\/wp\/v2\/comments?post=26"}],"version-history":[{"count":0,"href":"https:\/\/semead.com.br\/18\/wp-json\/wp\/v2\/pages\/26\/revisions"}],"wp:attachment":[{"href":"https:\/\/semead.com.br\/18\/wp-json\/wp\/v2\/media?parent=26"}],"curies":[{"name":"wp","href":"https:\/\/api.w.org\/{rel}","templated":true}]}}