{"id":10526,"date":"2013-06-10T16:07:22","date_gmt":"2013-06-10T16:07:22","guid":{"rendered":"http:\/\/semead.com.br\/?page_id=10526"},"modified":"2017-10-19T11:44:03","modified_gmt":"2017-10-19T13:44:03","slug":"onde-ficar","status":"publish","type":"page","link":"https:\/\/semead.com.br\/20\/onde-ficar\/","title":{"rendered":"Hospedagem"},"content":{"rendered":"<p>Essas s\u00e3o algumas indica\u00e7\u00f5es de hot\u00e9is localizados pr\u00f3ximos \u00e0 Cidade Universit\u00e1ria ou a esta\u00e7\u00f5es do Metr\u00f4. <strong>Os hot\u00e9is indicados n\u00e3o est\u00e3o conveniados com o evento.<\/strong><\/p>\n<p>[symple_column size=&#8221;one-half&#8221; position=&#8221;first&#8221; fade_in=&#8221;false&#8221;]<\/p>\n<p><strong>HOTEL BLUE TREE PREMIUM FARIA LIMA<\/strong><br \/>\nAv. Brg. Faria Lima, 3989 &#8211; Itaim Bibi, S\u00e3o Paulo &#8211; SP, 04538-133<br \/>\n(11) 3896-7544<br \/>\nContato: Sabrina &#8211; Grupo de Reserva &#8220;USP-SEMEAD&#8221;<\/p>\n<table class=\"m_-9190399117517178607MsoNormalTable\" border=\"0\" width=\"551\" cellspacing=\"0\" cellpadding=\"0\">\n<tbody>\n<tr>\n<td valign=\"top\" width=\"186\">\n<p align=\"center\"><b>Hotel<\/b><\/p>\n<\/td>\n<td colspan=\"2\" valign=\"top\" width=\"195\">\n<p align=\"center\"><b>Tarifa Especial<\/b><\/p>\n<\/td>\n<td colspan=\"2\" valign=\"top\" width=\"170\">\n<p align=\"center\"><b><span lang=\"EN-US\">Tarifa Balc\u00e3o<\/span><\/b><\/p>\n<\/td>\n<\/tr>\n<tr>\n<td valign=\"top\" width=\"186\">\n<p style=\"text-align: left;\" align=\"center\"><span lang=\"EN-US\">Blue Tree Premium Faria Lima<\/span><\/p>\n<\/td>\n<td width=\"98\">\n<p align=\"center\"><b><span lang=\"EN-US\">Single<\/span><\/b><\/p>\n<\/td>\n<td width=\"97\">\n<p align=\"center\"><b><span lang=\"EN-US\">Double<\/span><\/b><\/p>\n<\/td>\n<td width=\"79\">\n<p align=\"center\"><b><span lang=\"EN-US\">Single<\/span><\/b><\/p>\n<\/td>\n<td width=\"92\">\n<p align=\"center\"><b><span lang=\"EN-US\">Double<\/span><\/b><\/p>\n<\/td>\n<\/tr>\n<tr>\n<td valign=\"top\" width=\"186\">\n<p style=\"text-align: left;\" align=\"center\">Apto. Superior<\/p>\n<\/td>\n<td valign=\"top\" width=\"98\">\n<p align=\"center\"><b>R$ 369,00<\/b><\/p>\n<\/td>\n<td valign=\"top\" width=\"97\">\n<p align=\"center\"><b>R$ 369,00<\/b><\/p>\n<\/td>\n<td valign=\"top\" width=\"79\">\n<p align=\"center\">R$ 840,00<\/p>\n<\/td>\n<td valign=\"top\" width=\"92\">\n<p align=\"center\">R$ 890,00<\/p>\n<\/td>\n<\/tr>\n<tr>\n<td valign=\"top\" width=\"186\">\n<p style=\"text-align: left;\" align=\"center\">Apto Luxo<\/p>\n<\/td>\n<td valign=\"top\" width=\"98\">\n<p align=\"center\"><b>R$ 407,00<\/b><\/p>\n<\/td>\n<td valign=\"top\" width=\"97\">\n<p align=\"center\"><b>R$ 407,00<\/b><\/p>\n<\/td>\n<td valign=\"top\" width=\"79\">\n<p align=\"center\">R$ 880,00<\/p>\n<\/td>\n<td valign=\"top\" width=\"92\">\n<p align=\"center\">R$ 930,00<\/p>\n<\/td>\n<\/tr>\n<tr>\n<td valign=\"top\" width=\"186\">\n<p style=\"text-align: left;\" align=\"center\">Apto Luxo Premier<\/p>\n<\/td>\n<td valign=\"top\" width=\"98\">\n<p align=\"center\"><b>R$ 454,00<\/b><\/p>\n<\/td>\n<td valign=\"top\" width=\"97\">\n<p align=\"center\"><b>R$ 454,00<\/b><\/p>\n<\/td>\n<td valign=\"top\" width=\"79\">\n<p align=\"center\">R$ 930,00<\/p>\n<\/td>\n<td valign=\"top\" width=\"92\">\n<p align=\"center\">R$ 980,00<\/p>\n<\/td>\n<\/tr>\n<\/tbody>\n<\/table>\n<hr \/>\n<p>[symple_toggle title=&#8221;Condi\u00e7\u00f5es Gerais &#8221; state=&#8221;closed&#8221;]<\/p>\n<p>\u00b7\u00a0\u00a0\u00a0\u00a0\u00a0\u00a0\u00a0Tarifa Balc\u00e3o: serve somente como informa\u00e7\u00e3o.<\/p>\n<p>\u00b7\u00a0\u00a0\u00a0\u00a0\u00a0\u00a0\u00a0Tarifa NET (<i>N\u00e3o Comissionada<\/i>);<\/p>\n<p>\u00b7\u00a0\u00a0\u00a0\u00a0\u00a0\u00a0\u00a0<b>Caf\u00e9 da manh\u00e3:<\/b>\u00a0incluso na di\u00e1ria.<\/p>\n<p>\u00b7\u00a0\u00a0\u00a0\u00a0\u00a0\u00a0\u00a0<b>Estacionamento:<\/b>\u00a0R$ 24,00 por ve\u00edculo pelo per\u00edodo de 24 horas para h\u00f3spede.<\/p>\n<p>\u00b7\u00a0\u00a0\u00a0\u00a0\u00a0\u00a0\u00a0<b>Imposto Municipal:<\/b>\u00a0acrescer 5% ISS.<\/p>\n<p>\u00b7\u00a0\u00a0\u00a0\u00a0\u00a0\u00a0\u00a0<b>Taxa de Turismo:<\/b>\u00a0R$ 3,90 por apartamento\/ por dia.<\/p>\n<p>\u00b7\u00a0\u00a0\u00a0\u00a0\u00a0\u00a0\u00a0<b>Check-in\/out:<\/b>\u00a0di\u00e1rias iniciam \u00e0s 14hs e encerram \u00e0s 12hs.<\/p>\n<p>\u00b7\u00a0\u00a0\u00a0\u00a0\u00a0\u00a0\u00a0<b>Apartamento Triplo<\/b>: Caso haja disponibilidade, o valor do apartamento Triplo ser\u00e1 acrescido 25% no valor da di\u00e1ria do apartamento Duplo;<\/p>\n<p>\u00b7\u00a0\u00a0\u00a0\u00a0\u00a0\u00a0\u00a0<b>Menores de idade<\/b>\u00a0desacompanhados de seus pais ou tutores legais n\u00e3o poder\u00e3o efetuar check-in. Caso estejam com os pais mas sem documento com foto comprovando o parentesco tamb\u00e9m n\u00e3o ser\u00e3o hospedados. Se acaso vier com tios, primos, irm\u00e3os ou av\u00f3s, estes devem ter a autoriza\u00e7\u00e3o dos pais reconhecida em cart\u00f3rio, pois a lei federal para Hot\u00e9is \u00e9 diferente da avia\u00e7\u00e3o;<\/p>\n<p>\u00b7\u00a0\u00a0\u00a0\u00a0\u00a0\u00a0\u00a0<b>Formas de Pagamento<\/b>: \u00c0 VISTA OU FATURAMENTO COM PRAZO DE 15 DIAS, MEDIANTE CADASTRO APROVADO. CASO A EMPRESA N\u00c3O SE RESPONSABILIZE PELOS EXTRAS, ESTES DEVEM SER PAGOS DIRETAMENTE NO HOTEL PELO H\u00d3SPEDE. ACEITAMOS TODOS OS CART\u00d5ES DE CR\u00c9DITO<\/p>\n<p>\u00b7\u00a0\u00a0\u00a0\u00a0\u00a0\u00a0\u00a0Pol\u00edtica de early check-in: Mediante disponibilidade, sendo cobrada 01 di\u00e1ria at\u00e9 as 10am, e \u00bd di\u00e1ria entre 10hs e 13hs;<\/p>\n<p>\u00b7\u00a0\u00a0\u00a0\u00a0\u00a0\u00a0\u00a0Pol\u00edtica de Late check-out: Mediante disponibilidade, sendo cobrada \u00bd di\u00e1ria at\u00e9 as 18hs, e 01 di\u00e1ria ap\u00f3s \u00e0s 18hs.<\/p>\n<p>[\/symple_toggle]<\/p>\n<p>[\/symple_column]<\/p>\n<p>[symple_column size=&#8221;one-half&#8221; position=&#8221;last&#8221; fade_in=&#8221;false&#8221;]<iframe loading=\"lazy\" style=\"border: 0;\" src=\"https:\/\/www.google.com\/maps\/embed?pb=!1m14!1m8!1m3!1d14625.47614806415!2d-46.6808839!3d-23.5910944!3m2!1i1024!2i768!4f13.1!3m3!1m2!1s0x0%3A0x3b0833e072346095!2sBlue+Tree+Premium+Faria+Lima+Hotel!5e0!3m2!1spt-BR!2sbr!4v1508420300243\" width=\"400\" height=\"300\" frameborder=\"0\" allowfullscreen=\"allowfullscreen\"><\/iframe>[\/symple_column]<\/p>\n<hr \/>\n<p>&nbsp;<\/p>\n<p>[symple_column size=&#8221;one-half&#8221; position=&#8221;first&#8221; fade_in=&#8221;false&#8221;]<\/p>\n<p><strong>IBIS STYLES SP FARIA LIMA<\/strong><br \/>\nRua Tavares Cabral, 61 \u2013 Pinheiros<br \/>\n(11) 3093-7200<br \/>\nSite: <a href=\"http:\/\/www.ibis.com\">www.ibis.com<\/a><\/p>\n<p>[\/symple_column]<\/p>\n<p>[symple_column size=&#8221;one-half&#8221; position=&#8221;last&#8221; fade_in=&#8221;false&#8221;]<iframe loading=\"lazy\" style=\"border: 0;\" src=\"https:\/\/www.google.com\/maps\/embed?pb=!1m18!1m12!1m3!1d3656.9421757589025!2d-46.693870585402706!3d-23.57052016781475!2m3!1f0!2f0!3f0!3m2!1i1024!2i768!4f13.1!3m3!1m2!1s0x94ce570ae238d355%3A0x6c943fed9fb53728!2sIBIS+Styles+Faria+Lima!5e0!3m2!1spt-BR!2sbr!4v1506041213631\" width=\"400\" height=\"300\" frameborder=\"0\" allowfullscreen=\"allowfullscreen\"><\/iframe>[\/symple_column]<\/p>\n<hr \/>\n<p>[symple_column size=&#8221;one-half&#8221; position=&#8221;first&#8221; fade_in=&#8221;false&#8221;]<\/p>\n<p><strong>GO INN JAGUAR\u00c9<\/strong><br \/>\nAvenida Jaguar\u00e9 , 1664 \u2013 Jaguar\u00e9<br \/>\n(11) 3716-2656<br \/>\nSite: <a href=\"http:\/\/www.atlanticahotels.com.br\">www.atlanticahotels.com.br<\/a>[\/symple_column]<\/p>\n<p>[symple_column size=&#8221;one-half&#8221; position=&#8221;last&#8221; fade_in=&#8221;false&#8221;]<br \/>\n<iframe loading=\"lazy\" style=\"border: 0;\" src=\"https:\/\/www.google.com\/maps\/embed?pb=!1m18!1m12!1m3!1d3657.572162903729!2d-46.73835398540315!3d-23.547885666979!2m3!1f0!2f0!3f0!3m2!1i1024!2i768!4f13.1!3m3!1m2!1s0x94ce561d1d77804d%3A0x7d51f825c3270072!2sGo+Inn+Jaguar%C3%A9!5e0!3m2!1spt-BR!2sbr!4v1506041410662\" width=\"400\" height=\"300\" frameborder=\"0\" allowfullscreen=\"allowfullscreen\"><\/iframe><br \/>\n[\/symple_column]<\/p>\n<hr \/>\n<p>[symple_column size=&#8221;one-half&#8221; position=&#8221;first&#8221; fade_in=&#8221;false&#8221;]<\/p>\n<p><strong>TRANSAMERICA CLASSIC VICTORIA PLACE<\/strong><br \/>\nRua Pedroso Alvarenga, 1088 &#8211; Itaim Bibi<br \/>\n(11) 3167-8000<br \/>\nSite: <a href=\"http:\/\/www.transamericagroup.com.br\">www.transamericagroup.com.br<\/a>[\/symple_column]<\/p>\n<p>[symple_column size=&#8221;one-half&#8221; position=&#8221;last&#8221; fade_in=&#8221;false&#8221;]<iframe loading=\"lazy\" style=\"border: 0;\" src=\"https:\/\/www.google.com\/maps\/embed?pb=!1m18!1m12!1m3!1d3656.6140794198127!2d-46.68310798540236!3d-23.58230006825018!2m3!1f0!2f0!3f0!3m2!1i1024!2i768!4f13.1!3m3!1m2!1s0x94ce57681224bedd%3A0x8906bf4f670f3431!2sTransamerica+Classic+Victoria+Place!5e0!3m2!1spt-BR!2sbr!4v1506041465160\" width=\"400\" height=\"300\" frameborder=\"0\" allowfullscreen=\"allowfullscreen\"><\/iframe>[\/symple_column]<\/p>\n<hr \/>\n<p>[symple_column size=&#8221;one-half&#8221; position=&#8221;first&#8221; fade_in=&#8221;false&#8221;]<br \/>\n<strong>HOTEL MELI\u00c1 PAULISTA<\/strong><br \/>\nAvenida Paulista, 2181 \u2013 Consola\u00e7\u00e3o<br \/>\n(11) 2184-1600<br \/>\nSite: <a href=\"http:\/\/www.melia.com\">www.melia.com<\/a>[\/symple_column]<\/p>\n<p>[symple_column size=&#8221;one-half&#8221; position=&#8221;last&#8221; fade_in=&#8221;false&#8221;]<iframe loading=\"lazy\" style=\"border: 0;\" src=\"https:\/\/www.google.com\/maps\/embed?pb=!1m18!1m12!1m3!1d3657.292945386352!2d-46.663038585402994!3d-23.55792006734944!2m3!1f0!2f0!3f0!3m2!1i1024!2i768!4f13.1!3m3!1m2!1s0x94ce5d117d184f61%3A0x393ce9bc90594440!2sMeli%C3%A1+Paulista!5e0!3m2!1spt-BR!2sbr!4v1506041621845\" width=\"400\" height=\"300\" frameborder=\"0\" allowfullscreen=\"allowfullscreen\"><\/iframe><br \/>\n[\/symple_column]<\/p>\n<h2>Para conferir outras op\u00e7\u00f5es de hot\u00e9is e pre\u00e7os, favor acessar a lista de hot\u00e9is da capital em:<br \/>\n<a href=\"http:\/\/www.saopaulo.tur.br\/sao-paulo\">http:\/\/www.saopaulo.tur.br\/sao-paulo<\/a><\/h2>\n","protected":false},"excerpt":{"rendered":"<p>Essas s\u00e3o algumas indica\u00e7\u00f5es de hot\u00e9is localizados pr\u00f3ximos \u00e0 Cidade Universit\u00e1ria ou a esta\u00e7\u00f5es do Metr\u00f4. Os hot\u00e9is indicados n\u00e3o est\u00e3o conveniados com o evento. [symple_column size=&#8221;one-half&#8221; position=&#8221;first&#8221; fade_in=&#8221;false&#8221;] HOTEL BLUE TREE PREMIUM FARIA LIMA Av. Brg. Faria Lima, 3989 &#8211; Itaim Bibi, S\u00e3o Paulo &#8211; SP, 04538-133 (11) 3896-7544 Contato: Sabrina &#8211; Grupo de&#8230;<\/p>\n","protected":false},"author":1,"featured_media":0,"parent":0,"menu_order":0,"comment_status":"open","ping_status":"open","template":"","meta":{"_acf_changed":false,"_monsterinsights_skip_tracking":false,"_monsterinsights_sitenote_active":false,"_monsterinsights_sitenote_note":"","_monsterinsights_sitenote_category":0,"footnotes":""},"class_list":["post-10526","page","type-page","status-publish","hentry"],"acf":[],"yoast_head":"<!-- This site is optimized with the Yoast SEO plugin v27.4 - https:\/\/yoast.com\/product\/yoast-seo-wordpress\/ -->\n<title>Hospedagem - XX SemeAd<\/title>\n<meta name=\"robots\" content=\"index, follow, max-snippet:-1, max-image-preview:large, max-video-preview:-1\" \/>\n<link rel=\"canonical\" href=\"https:\/\/semead.com.br\/20\/onde-ficar\/\" \/>\n<meta property=\"og:locale\" content=\"pt_BR\" \/>\n<meta property=\"og:type\" content=\"article\" \/>\n<meta property=\"og:title\" content=\"Hospedagem - XX SemeAd\" \/>\n<meta property=\"og:description\" content=\"Essas s\u00e3o algumas indica\u00e7\u00f5es de hot\u00e9is localizados pr\u00f3ximos \u00e0 Cidade Universit\u00e1ria ou a esta\u00e7\u00f5es do Metr\u00f4. Os hot\u00e9is indicados n\u00e3o est\u00e3o conveniados com o evento. [symple_column size=&#8221;one-half&#8221; position=&#8221;first&#8221; fade_in=&#8221;false&#8221;] HOTEL BLUE TREE PREMIUM FARIA LIMA Av. Brg. Faria Lima, 3989 &#8211; Itaim Bibi, S\u00e3o Paulo &#8211; SP, 04538-133 (11) 3896-7544 Contato: Sabrina &#8211; Grupo de...\" \/>\n<meta property=\"og:url\" content=\"https:\/\/semead.com.br\/20\/onde-ficar\/\" \/>\n<meta property=\"og:site_name\" content=\"XX SemeAd\" \/>\n<meta property=\"article:modified_time\" content=\"2017-10-19T13:44:03+00:00\" \/>\n<meta name=\"twitter:card\" content=\"summary_large_image\" \/>\n<meta name=\"twitter:label1\" content=\"Est. tempo de leitura\" \/>\n\t<meta name=\"twitter:data1\" content=\"3 minutos\" \/>\n<script type=\"application\/ld+json\" class=\"yoast-schema-graph\">{\"@context\":\"https:\\\/\\\/schema.org\",\"@graph\":[{\"@type\":\"WebPage\",\"@id\":\"https:\\\/\\\/semead.com.br\\\/20\\\/onde-ficar\\\/\",\"url\":\"https:\\\/\\\/semead.com.br\\\/20\\\/onde-ficar\\\/\",\"name\":\"Hospedagem - XX SemeAd\",\"isPartOf\":{\"@id\":\"https:\\\/\\\/semead.com.br\\\/20\\\/#website\"},\"datePublished\":\"2013-06-10T16:07:22+00:00\",\"dateModified\":\"2017-10-19T13:44:03+00:00\",\"breadcrumb\":{\"@id\":\"https:\\\/\\\/semead.com.br\\\/20\\\/onde-ficar\\\/#breadcrumb\"},\"inLanguage\":\"pt-BR\",\"potentialAction\":[{\"@type\":\"ReadAction\",\"target\":[\"https:\\\/\\\/semead.com.br\\\/20\\\/onde-ficar\\\/\"]}]},{\"@type\":\"BreadcrumbList\",\"@id\":\"https:\\\/\\\/semead.com.br\\\/20\\\/onde-ficar\\\/#breadcrumb\",\"itemListElement\":[{\"@type\":\"ListItem\",\"position\":1,\"name\":\"In\u00edcio\",\"item\":\"https:\\\/\\\/semead.com.br\\\/20\\\/\"},{\"@type\":\"ListItem\",\"position\":2,\"name\":\"Hospedagem\"}]},{\"@type\":\"WebSite\",\"@id\":\"https:\\\/\\\/semead.com.br\\\/20\\\/#website\",\"url\":\"https:\\\/\\\/semead.com.br\\\/20\\\/\",\"name\":\"XX SemeAd\",\"description\":\"Semin\u00e1rios em Administra\u00e7\u00e3o\",\"potentialAction\":[{\"@type\":\"SearchAction\",\"target\":{\"@type\":\"EntryPoint\",\"urlTemplate\":\"https:\\\/\\\/semead.com.br\\\/20\\\/?s={search_term_string}\"},\"query-input\":{\"@type\":\"PropertyValueSpecification\",\"valueRequired\":true,\"valueName\":\"search_term_string\"}}],\"inLanguage\":\"pt-BR\"}]}<\/script>\n<!-- \/ Yoast SEO plugin. -->","yoast_head_json":{"title":"Hospedagem - XX SemeAd","robots":{"index":"index","follow":"follow","max-snippet":"max-snippet:-1","max-image-preview":"max-image-preview:large","max-video-preview":"max-video-preview:-1"},"canonical":"https:\/\/semead.com.br\/20\/onde-ficar\/","og_locale":"pt_BR","og_type":"article","og_title":"Hospedagem - XX SemeAd","og_description":"Essas s\u00e3o algumas indica\u00e7\u00f5es de hot\u00e9is localizados pr\u00f3ximos \u00e0 Cidade Universit\u00e1ria ou a esta\u00e7\u00f5es do Metr\u00f4. Os hot\u00e9is indicados n\u00e3o est\u00e3o conveniados com o evento. [symple_column size=&#8221;one-half&#8221; position=&#8221;first&#8221; fade_in=&#8221;false&#8221;] HOTEL BLUE TREE PREMIUM FARIA LIMA Av. Brg. Faria Lima, 3989 &#8211; Itaim Bibi, S\u00e3o Paulo &#8211; SP, 04538-133 (11) 3896-7544 Contato: Sabrina &#8211; Grupo de...","og_url":"https:\/\/semead.com.br\/20\/onde-ficar\/","og_site_name":"XX SemeAd","article_modified_time":"2017-10-19T13:44:03+00:00","twitter_card":"summary_large_image","twitter_misc":{"Est. tempo de leitura":"3 minutos"},"schema":{"@context":"https:\/\/schema.org","@graph":[{"@type":"WebPage","@id":"https:\/\/semead.com.br\/20\/onde-ficar\/","url":"https:\/\/semead.com.br\/20\/onde-ficar\/","name":"Hospedagem - XX SemeAd","isPartOf":{"@id":"https:\/\/semead.com.br\/20\/#website"},"datePublished":"2013-06-10T16:07:22+00:00","dateModified":"2017-10-19T13:44:03+00:00","breadcrumb":{"@id":"https:\/\/semead.com.br\/20\/onde-ficar\/#breadcrumb"},"inLanguage":"pt-BR","potentialAction":[{"@type":"ReadAction","target":["https:\/\/semead.com.br\/20\/onde-ficar\/"]}]},{"@type":"BreadcrumbList","@id":"https:\/\/semead.com.br\/20\/onde-ficar\/#breadcrumb","itemListElement":[{"@type":"ListItem","position":1,"name":"In\u00edcio","item":"https:\/\/semead.com.br\/20\/"},{"@type":"ListItem","position":2,"name":"Hospedagem"}]},{"@type":"WebSite","@id":"https:\/\/semead.com.br\/20\/#website","url":"https:\/\/semead.com.br\/20\/","name":"XX SemeAd","description":"Semin\u00e1rios em Administra\u00e7\u00e3o","potentialAction":[{"@type":"SearchAction","target":{"@type":"EntryPoint","urlTemplate":"https:\/\/semead.com.br\/20\/?s={search_term_string}"},"query-input":{"@type":"PropertyValueSpecification","valueRequired":true,"valueName":"search_term_string"}}],"inLanguage":"pt-BR"}]}},"_links":{"self":[{"href":"https:\/\/semead.com.br\/20\/wp-json\/wp\/v2\/pages\/10526","targetHints":{"allow":["GET"]}}],"collection":[{"href":"https:\/\/semead.com.br\/20\/wp-json\/wp\/v2\/pages"}],"about":[{"href":"https:\/\/semead.com.br\/20\/wp-json\/wp\/v2\/types\/page"}],"author":[{"embeddable":true,"href":"https:\/\/semead.com.br\/20\/wp-json\/wp\/v2\/users\/1"}],"replies":[{"embeddable":true,"href":"https:\/\/semead.com.br\/20\/wp-json\/wp\/v2\/comments?post=10526"}],"version-history":[{"count":0,"href":"https:\/\/semead.com.br\/20\/wp-json\/wp\/v2\/pages\/10526\/revisions"}],"wp:attachment":[{"href":"https:\/\/semead.com.br\/20\/wp-json\/wp\/v2\/media?parent=10526"}],"curies":[{"name":"wp","href":"https:\/\/api.w.org\/{rel}","templated":true}]}}