{"id":12987,"date":"2016-07-14T09:34:36","date_gmt":"2016-07-14T12:34:36","guid":{"rendered":"https:\/\/semead.com.br\/20\/?page_id=12987"},"modified":"2017-10-31T17:34:50","modified_gmt":"2017-10-31T19:34:50","slug":"keynote-speakers","status":"publish","type":"page","link":"https:\/\/semead.com.br\/20\/keynote-speakers\/","title":{"rendered":"Keynote Speakers"},"content":{"rendered":"<h2><\/h2>\n<p>[symple_column size=&#8221;one-third&#8221; position=&#8221;first&#8221; fade_in=&#8221;false&#8221;]<img loading=\"lazy\" decoding=\"async\" class=\"alignnone wp-image-13511 size-medium\" src=\"https:\/\/semead.com.br\/20\/wp-content\/uploads\/sites\/7\/2016\/07\/max-von-zedwitz-212x300.png\" alt=\"\" width=\"212\" height=\"300\" srcset=\"https:\/\/semead.com.br\/20\/wp-content\/uploads\/sites\/7\/2016\/07\/max-von-zedwitz-212x300.png 212w, https:\/\/semead.com.br\/20\/wp-content\/uploads\/sites\/7\/2016\/07\/max-von-zedwitz.png 235w\" sizes=\"auto, (max-width: 212px) 100vw, 212px\" \/>[\/symple_column] [symple_column size=&#8221;two-third&#8221; position=&#8221;last&#8221; fade_in=&#8221;false&#8221;]<\/p>\n<h2>Max von Zedtwitz<\/h2>\n<h3>Keynote Speaker \u2013The Role of Local Centers in Global Innovation<\/h3>\n<p>Sala: FEA 1 Congrega\u00e7\u00e3o &#8211; Dia: 08\/11\/2017 | Hor\u00e1rio: 16:30 &#8211; 17:30<\/p>\n<div>Professor at Kaunas University of Technology, Lithuania<\/div>\n<p>Ph.D. and MBA degrees from the University of St. Gallen, and a M.Sc. in Computer Science from ETH Zurich. Post-doctoral fellowship at Harvard University.<\/p>\n<p>Director, GLORAD Center for Global R&amp;D and Innovation; Professor at KTU; Visiting Professor at Tongji University, GGS Heilbronn, ESC Grenoble, University of St. Gallen, Tsinghua University; Expert on global R&amp;D, international business, China strategy, emerging markets, reverse innovation, new product development, technology management, incubation; Experienced leader of global teams in multi-cultural\/lingual settings; lived and worked in the US, Europe, Russia, Japan, China, Korea Advisor to CXOs on China strategy and global R&amp;D \/ innovation; Professional background in executive education, consulting, engineering, R&amp;D, software development, start-up management, incubation<\/p>\n<p>Max von Zedtwitz is an expert in global innovation, R&amp;D and product development, especially with respect to emerging markets such as China.<\/p>\n<p>[\/symple_column]<\/p>\n<hr \/>\n<p>[symple_column size=&#8221;one-third&#8221; position=&#8221;first&#8221; fade_in=&#8221;false&#8221;]<\/p>\n<p><img loading=\"lazy\" decoding=\"async\" class=\"alignnone wp-image-13896 size-medium\" src=\"https:\/\/semead.com.br\/20\/wp-content\/uploads\/sites\/7\/2016\/07\/manuel-site-197x300.jpg\" alt=\"\" width=\"197\" height=\"300\" srcset=\"https:\/\/semead.com.br\/20\/wp-content\/uploads\/sites\/7\/2016\/07\/manuel-site-197x300.jpg 197w, https:\/\/semead.com.br\/20\/wp-content\/uploads\/sites\/7\/2016\/07\/manuel-site.jpg 212w\" sizes=\"auto, (max-width: 197px) 100vw, 197px\" \/><\/p>\n<p>[\/symple_column]<\/p>\n<p>[symple_column size=&#8221;two-third&#8221; position=&#8221;last&#8221; fade_in=&#8221;false&#8221;]<\/p>\n<h2>Manuel Mira Godinho<\/h2>\n<h3>Keynote Speaker \u2013 Determinantes do impacto cient\u00edfico das na\u00e7\u00f5es<\/h3>\n<p>Sala: FEA 5 Audit\u00f3rio &#8211; Dia: 08\/11\/2017 | Hor\u00e1rio: 16:30 &#8211; 17:30<\/p>\n<div>President for Scientific Affairs and\u00a0Professor\u00a0of Economics\u00a0at ISEG,\u00a0Lisbon University<\/div>\n<p>He was awarded a PhD degree in\u00a0Science and\u00a0Technology Policy\u00a0from\u00a0SPRU, the University of Sussex, in 1995.<\/p>\n<p>He has\u00a0published in the areas of\u00a0economics of\u00a0innovation,\u00a0intellectual property rights\u00a0and science and\u00a0technology policy.\u00a0He is the coordinator of a Master&#8217;s in Economics and Management of S&amp;T and Innovation.\u00a0He has worked\u00a0as a consultant for\u00a0public and private organizations\u00a0in\u00a0Portugal\u00a0and other countries,\u00a0in his areas\u00a0of expertise.<\/p>\n<p>[\/symple_column]<\/p>\n<p>&nbsp;<\/p>\n<hr \/>\n<p>[symple_column size=&#8221;one-third&#8221; position=&#8221;first&#8221; fade_in=&#8221;false&#8221;]<img loading=\"lazy\" decoding=\"async\" class=\"alignnone wp-image-13601 size-medium\" src=\"https:\/\/semead.com.br\/20\/wp-content\/uploads\/sites\/7\/2016\/07\/carolyn-egri-site-atual-232x300.jpg\" alt=\"\" width=\"232\" height=\"300\" srcset=\"https:\/\/semead.com.br\/20\/wp-content\/uploads\/sites\/7\/2016\/07\/carolyn-egri-site-atual-232x300.jpg 232w, https:\/\/semead.com.br\/20\/wp-content\/uploads\/sites\/7\/2016\/07\/carolyn-egri-site-atual.jpg 388w\" sizes=\"auto, (max-width: 232px) 100vw, 232px\" \/>[\/symple_column] [symple_column size=&#8221;two-third&#8221; position=&#8221;last&#8221; fade_in=&#8221;false&#8221;]<\/p>\n<h2>Carolyn Egri<\/h2>\n<h3>Keynote Speaker \u2013 Current Debates and Controversies in Cultural Values Research<\/h3>\n<p>Sala: FEA 1 Congrega\u00e7\u00e3o &#8211; Dia: 09\/11\/2017 | Hor\u00e1rio: 11:35 &#8211; 12:35<\/p>\n<p>Professor &#8211; Simon Fraser University, Beedie School of Business \u2013 Canada<\/p>\n<p>B.Comm., M.Sc., Ph.D. &#8211; University of British Columbia<\/p>\n<p>Dr. Carolyn P. Egri is the William J.A. Rowe EMBA Alumni Professor and Professor of Management and Organization Studies in the Beedie School of Business at Simon Fraser University, Canada. Her research interests include international management, managerial values and ethics, organizational culture, sustainability, and corporate social responsibility. Her papers have appeared in the Academy of Management Journal, Journal of International Business Studies, Strategic Management Journal, Organization Science, Journal of Business Ethics, Journal of International Management, and Journal of World Business.<\/p>\n<p>Dr. Egri is currently an Associate Editor for Business &amp; Society, and serves on nine editorial boards. She has also been an Associate Editor for Academy of Management Learning &amp; Education, Feature Editor for Organization &amp; Environment, Assistant Editor for Journal of Management Education, and Guest Co-editor of five journal special issues. She has been Chair of the Organizations and the Natural Environment Division of the Academy of Management, and Director of the Organizational Behavior Teaching Society. Dr. Egri makes leadership, CSR, sustainability and research methodologies the focus of her teaching, for the Beedie School of Business and other organizations. Recognition of her teaching includes the David L. Bradford Outstanding Educator Award from the Organizational Behavior Teaching Society for Management Educators, and the TD Canada Trust Distinguished Teaching Award from the SFU Beedie School of Business.<\/p>\n<p>[\/symple_column]<\/p>\n<div><\/div>\n<hr \/>\n<p>[symple_column size=&#8221;one-third&#8221; position=&#8221;first&#8221; fade_in=&#8221;false&#8221;]<img loading=\"lazy\" decoding=\"async\" class=\"alignnone wp-image-13760 size-medium\" src=\"https:\/\/semead.com.br\/20\/wp-content\/uploads\/sites\/7\/2016\/07\/HARALD-ST-GALLEN-1-215x300.jpg\" alt=\"\" width=\"215\" height=\"300\" srcset=\"https:\/\/semead.com.br\/20\/wp-content\/uploads\/sites\/7\/2016\/07\/HARALD-ST-GALLEN-1-215x300.jpg 215w, https:\/\/semead.com.br\/20\/wp-content\/uploads\/sites\/7\/2016\/07\/HARALD-ST-GALLEN-1.jpg 357w\" sizes=\"auto, (max-width: 215px) 100vw, 215px\" \/>[\/symple_column] [symple_column size=&#8221;two-third&#8221; position=&#8221;last&#8221; fade_in=&#8221;false&#8221;]<\/p>\n<h2><b>Harald<\/b> <b>Tuckermann<\/b><\/h2>\n<h3>Keynote Speaker \u2013Researching management \u2013 a social system theory perspective<\/h3>\n<p>Sala: FEA 5 Audit\u00f3rio &#8211; Dia: 09\/11\/2017 | Hor\u00e1rio: 11:35 &#8211; 12:35<\/p>\n<p>Assistant Professor of Management of Pluralistic Organizations\u00a0&#8211; University of\u00a0 St.Gallen &#8211; Switzerland<\/p>\n<div>\n<p class=\"x_MsoNormal\"><span lang=\"PT-BR\">Ph.D. in Management, Institute of Management, University of St.Gallen (2007) and habilitation at the University of St. Gallen (2017)<\/span><\/p>\n<p class=\"x_MsoNormal\"><i><span lang=\"PT-BR\">Current research<\/span><\/i><span lang=\"PT-BR\">: management innovation in healthcare organizations using routine dynamics, paradox and reflexivity with qualitative longitudinal case studies<\/span><\/p>\n<p class=\"x_MsoNormal\"><i><span lang=\"PT-BR\">Professional Career<\/span><\/i><span lang=\"PT-BR\">: Vice-director of the Institute for Systemic Management and Public Governance (IMP-HSG) (since 2011); Co-head of the research program \u201cHealthCare Excellence\u201d (since 2004) and of the \u201cCenter for Healthcare\u201d (CHC-HSG, since 2012); former strategy consultant; financial assistant in the private banking sector<\/span><\/p>\n<p class=\"x_MsoNormal\"><i><span lang=\"PT-BR\">Teaching<\/span><\/i><span lang=\"PT-BR\">:\u00a0undergraduate courses of management (University of St. Gallen), graduate courses on management (Universidad de los Andes; Universitaet Hannover), executive education in Swiss hospitals on managing pluralistic organizations<\/span><\/p>\n<p class=\"x_MsoNormal\"><span lang=\"PT-BR\">\u00a0<\/span>[\/symple_column]<\/p>\n<\/div>\n<hr \/>\n<p>&nbsp;<\/p>\n<p>[symple_column size=&#8221;one-third&#8221; position=&#8221;first&#8221; fade_in=&#8221;false&#8221;]<\/p>\n<p>&nbsp;<\/p>\n<p><img loading=\"lazy\" decoding=\"async\" class=\"alignnone wp-image-14022 size-medium\" src=\"https:\/\/semead.com.br\/20\/wp-content\/uploads\/sites\/7\/2016\/07\/rocha-armada-169x300.jpg\" alt=\"\" width=\"169\" height=\"300\" srcset=\"https:\/\/semead.com.br\/20\/wp-content\/uploads\/sites\/7\/2016\/07\/rocha-armada-169x300.jpg 169w, https:\/\/semead.com.br\/20\/wp-content\/uploads\/sites\/7\/2016\/07\/rocha-armada.jpg 328w\" sizes=\"auto, (max-width: 169px) 100vw, 169px\" \/><\/p>\n<p>[\/symple_column]<\/p>\n<p>[symple_column size=&#8221;two-third&#8221; position=&#8221;last&#8221; fade_in=&#8221;false&#8221;]<\/p>\n<h2>Manuel Rocha Armada<\/h2>\n<h3>Keynote Speaker \u2013 Economia\/Finan\u00e7as Comportamentais e o Modelo Neocl\u00e1ssico: uma teoria unificadora?<\/h3>\n<p>Sala: FEA 4 Audit\u00f3rio Safra &#8211; Dia: 09\/11\/2017 | Hor\u00e1rio: 11:35 &#8211; 12:35<\/p>\n<div>Professor de Finan\u00e7as e Presidente da EEG \u2013 Escola de Economia e Gest\u00e3o da Universidade do Minho \u2013 Portugal<\/div>\n<div><\/div>\n<div>Licenciou-se em Gest\u00e3o pelo ISEG, obteve o grau de Mestre em Gest\u00e3o pela U. Kent e Doutoramento em Ci\u00eancias Empresariais pela Manchester Business School.\u00a0 Publicou em diversas revistas cient\u00edficas, incluindo o European Journal of Finance, European Financial Management Journal, Industrial and Corporate Change, Review of Derivatives Research, Quantitative Finance, e Investment Analysts Journal. \u00c9 membro do corpo editorial de v\u00e1rias revistas cient\u00edficas.\u00a0Foi galardoado com o pr\u00e9mio \u201cBest Paper Award\u201d (com coautores) in tr\u00eas confer\u00eancias internacionais de Finan\u00e7as.\u00a0 Ensinou, proferiu palestras e semin\u00e1rios em v\u00e1rias universidades e institui\u00e7\u00f5es financeiras, em Portugal, Espanha, R\u00fassia, Bulg\u00e1ria, Brasil, Peru, Chipre, India, Mo\u00e7ambique, Cabo Verde e Angola.<\/div>\n<p>&nbsp;<\/p>\n<p>O Professor Rocha Armada foi visitante na Wharton School, London Business School, Manchester Business School, U. Zaragoza e U. Bergamo.\u00a0\u00c9\/foi membro de v\u00e1rias associa\u00e7\u00f5es acad\u00e9micas, e membro da dire\u00e7\u00e3o da European Finance Association, Financial Management Association International e Portuguese Finance Network. \u00c9 tamb\u00e9m membro da Academia Mexicana de Ci\u00eancias da Administra\u00e7\u00e3o.<\/p>\n<p>[\/symple_column]<\/p>\n<hr \/>\n<p>[symple_column size=&#8221;one-third&#8221; position=&#8221;first&#8221; fade_in=&#8221;false&#8221;]<img loading=\"lazy\" decoding=\"async\" class=\"alignnone wp-image-13589 size-medium\" src=\"https:\/\/semead.com.br\/20\/wp-content\/uploads\/sites\/7\/2016\/07\/BOSSE-SITE-237x300.jpg\" alt=\"\" width=\"237\" height=\"300\" srcset=\"https:\/\/semead.com.br\/20\/wp-content\/uploads\/sites\/7\/2016\/07\/BOSSE-SITE-237x300.jpg 237w, https:\/\/semead.com.br\/20\/wp-content\/uploads\/sites\/7\/2016\/07\/BOSSE-SITE.jpg 489w\" sizes=\"auto, (max-width: 237px) 100vw, 237px\" \/>[\/symple_column] [symple_column size=&#8221;two-third&#8221; position=&#8221;last&#8221; fade_in=&#8221;false&#8221;]<\/p>\n<h2>Doug Bosse<\/h2>\n<h3>Keynote Speaker \u2013 Agency and Stakeholder Theories: Intersections<\/h3>\n<p>Sala: FEA 5 Audit\u00f3rio &#8211; Dia: 10\/11\/2017 | Hor\u00e1rio: 11:35 &#8211; 12:35<\/p>\n<p>Associate Professor of Strategic Management at the Robins School of Business at University of Richmond &#8211; USA<\/p>\n<p>Ph.D. from Fisher College of Business at The Ohio State University<\/p>\n<p>Doug\u2019s work appears in <em>Academy of Management Review<\/em>, <em>Strategic Management Journal, Journal of Management Studies, Journal of Business Venturing, <\/em><em>Business Horizons, <\/em>and<em>Technovation, <\/em>among others. He is a two-time winner of The International Association for Business and Society\u2019s Best Paper Published Award and on the editorial board of <em>Long Range Planning<\/em>. Doug is a past Chair and founding member of the Stakeholder Strategy Interest Group at the Strategic Management Society. He is currently President of Richmond\u2019s Faculty Senate, and was the University\u2019s Distinguished Educator. Hisresearch examines how firms manage key stakeholder relationships to improve firm-level performance. Prior to joining academe, Doug gained over ten years of corporate strategy consulting experience in a wide variety of industries. [\/symple_column]<\/p>\n<hr \/>\n<p>[symple_column size=&#8221;one-third&#8221; position=&#8221;first&#8221; fade_in=&#8221;false&#8221;]<img loading=\"lazy\" decoding=\"async\" class=\"alignnone wp-image-13514\" src=\"https:\/\/semead.com.br\/20\/wp-content\/uploads\/sites\/7\/2016\/07\/carlos-lourenco-e1496802220670-168x300.png\" alt=\"\" width=\"172\" height=\"308\" srcset=\"https:\/\/semead.com.br\/20\/wp-content\/uploads\/sites\/7\/2016\/07\/carlos-lourenco-e1496802220670-168x300.png 168w, https:\/\/semead.com.br\/20\/wp-content\/uploads\/sites\/7\/2016\/07\/carlos-lourenco-e1496802220670.png 201w\" sizes=\"auto, (max-width: 172px) 100vw, 172px\" \/>[\/symple_column] [symple_column size=&#8221;two-third&#8221; position=&#8221;last&#8221; fade_in=&#8221;false&#8221;]<\/p>\n<h2>Carlos Louren\u00e7o<\/h2>\n<h3>Keynote Speaker \u2013 Individual and Collective Sensory Experiences in Advertising and Sales<br \/>\nand Their Downstream Consequences: Lessons From The Lab<\/h3>\n<p>Sala: FEA 1 Congrega\u00e7\u00e3o &#8211; Dia: 10\/11\/2017 | Hor\u00e1rio: 11:35 &#8211; 12:35<\/p>\n<p>Assistant professor &#8211; Department of Marketing at Darla Moore School of Business University of South Carolina \/USA<\/p>\n<div>\n<p>PhD in\u00a0Marketing, Tilburg University (2010)<\/p>\n<p>MPhil in\u00a0Marketing, Tilburg University, Sep 2004-Aug 2005; Postgraduate in\u00a0Data Analysis, ISCTE-IUL, Lisbon, Sep 2002-Aug 2003; <em>Licenciatura\u00a0<\/em>in Economics (5-year program), Catholic University Lisbon, Portugal &amp; Bocconi, Italy, Sep 1996-Jun 2001.<\/p>\n<p>Associate Member,\u00a0ISCTE<a href=\"https:\/\/ciencia.iscte-iul.pt\/authors\/carlos-jorge-da-silva-lourenco\/publications\">\u00a0\u2013\u00a0<\/a>IUL, Business Research Unit, Lisbon, Portugal, Mar 2015-present;\u00a0Research Fellow,\u00a0Netspar\u00a0\u2013 Network for Research on Pensions, Aging, and Retirement, Netherlands, Jan 2009-present\u00a0 Academic Director, Marketing Management MSc, RSM, Erasmus University,\u00a0Netherlands,\u00a0Mar 2011-Dec 2014. Assistant Professor, Erasmus University, ESE &amp; RSM, Netherlands, Jan\u00a02009-Dec 2014;\u00a0Doctoral Candidate, Marketing Department, Tilburg University,\u00a0Netherlands,\u00a0Sep 2005-Aug 2008;\u00a0Lecturer, ISCTE-IUL,\u00a0Dep. of Quant. Methods for Management and Economics,\u00a0Lisbon,\u00a0Portugal, Sep\u00a02003-Aug 2004.<\/p>\n<\/div>\n<div>[\/symple_column]<\/div>\n<hr \/>\n<h3>Confira abaixo, os\u00a0Keynote Speakers presentes nos \u00faltimos anos no SemeAd. <img loading=\"lazy\" decoding=\"async\" class=\"alignnone wp-image-13509 size-large\" src=\"https:\/\/semead.com.br\/20\/wp-content\/uploads\/sites\/7\/2016\/07\/KEYNOTES-2016-1024x642.jpg\" alt=\"\" width=\"1024\" height=\"642\" srcset=\"https:\/\/semead.com.br\/20\/wp-content\/uploads\/sites\/7\/2016\/07\/KEYNOTES-2016-1024x642.jpg 1024w, https:\/\/semead.com.br\/20\/wp-content\/uploads\/sites\/7\/2016\/07\/KEYNOTES-2016-300x188.jpg 300w, https:\/\/semead.com.br\/20\/wp-content\/uploads\/sites\/7\/2016\/07\/KEYNOTES-2016-768x482.jpg 768w, https:\/\/semead.com.br\/20\/wp-content\/uploads\/sites\/7\/2016\/07\/KEYNOTES-2016.jpg 1221w\" sizes=\"auto, (max-width: 1024px) 100vw, 1024px\" \/>\u00a0<img loading=\"lazy\" decoding=\"async\" class=\"alignnone wp-image-13508 size-large\" src=\"https:\/\/semead.com.br\/20\/wp-content\/uploads\/sites\/7\/2016\/07\/KEYNOTES-2015-1024x662.jpg\" alt=\"\" width=\"1024\" height=\"662\" srcset=\"https:\/\/semead.com.br\/20\/wp-content\/uploads\/sites\/7\/2016\/07\/KEYNOTES-2015-1024x662.jpg 1024w, https:\/\/semead.com.br\/20\/wp-content\/uploads\/sites\/7\/2016\/07\/KEYNOTES-2015-300x194.jpg 300w, https:\/\/semead.com.br\/20\/wp-content\/uploads\/sites\/7\/2016\/07\/KEYNOTES-2015-768x497.jpg 768w, https:\/\/semead.com.br\/20\/wp-content\/uploads\/sites\/7\/2016\/07\/KEYNOTES-2015.jpg 1181w\" sizes=\"auto, (max-width: 1024px) 100vw, 1024px\" \/>\u00a0<img loading=\"lazy\" decoding=\"async\" class=\"alignnone wp-image-13507 size-large\" src=\"https:\/\/semead.com.br\/20\/wp-content\/uploads\/sites\/7\/2016\/07\/KEYNOTES-2014-1024x646.jpg\" alt=\"\" width=\"1024\" height=\"646\" srcset=\"https:\/\/semead.com.br\/20\/wp-content\/uploads\/sites\/7\/2016\/07\/KEYNOTES-2014-1024x646.jpg 1024w, https:\/\/semead.com.br\/20\/wp-content\/uploads\/sites\/7\/2016\/07\/KEYNOTES-2014-300x189.jpg 300w, https:\/\/semead.com.br\/20\/wp-content\/uploads\/sites\/7\/2016\/07\/KEYNOTES-2014-768x485.jpg 768w, https:\/\/semead.com.br\/20\/wp-content\/uploads\/sites\/7\/2016\/07\/KEYNOTES-2014.jpg 1209w\" sizes=\"auto, (max-width: 1024px) 100vw, 1024px\" \/><\/h3>\n","protected":false},"excerpt":{"rendered":"<p>[symple_column size=&#8221;one-third&#8221; position=&#8221;first&#8221; fade_in=&#8221;false&#8221;][\/symple_column] [symple_column size=&#8221;two-third&#8221; position=&#8221;last&#8221; fade_in=&#8221;false&#8221;] Max von Zedtwitz Keynote Speaker \u2013The Role of Local Centers in Global Innovation Sala: FEA 1 Congrega\u00e7\u00e3o &#8211; Dia: 08\/11\/2017 | Hor\u00e1rio: 16:30 &#8211; 17:30 Professor at Kaunas University of Technology, Lithuania Ph.D. and MBA degrees from the University of St. Gallen, and a M.Sc. in Computer&#8230;<\/p>\n","protected":false},"author":2,"featured_media":0,"parent":0,"menu_order":0,"comment_status":"closed","ping_status":"closed","template":"","meta":{"_acf_changed":false,"_monsterinsights_skip_tracking":false,"_monsterinsights_sitenote_active":false,"_monsterinsights_sitenote_note":"","_monsterinsights_sitenote_category":0,"footnotes":""},"class_list":["post-12987","page","type-page","status-publish","hentry"],"acf":[],"yoast_head":"<!-- This site is optimized with the Yoast SEO plugin v27.4 - https:\/\/yoast.com\/product\/yoast-seo-wordpress\/ -->\n<title>Keynote Speakers - XX SemeAd<\/title>\n<meta name=\"robots\" content=\"index, follow, max-snippet:-1, max-image-preview:large, max-video-preview:-1\" \/>\n<link rel=\"canonical\" href=\"https:\/\/semead.com.br\/20\/keynote-speakers\/\" \/>\n<meta property=\"og:locale\" content=\"pt_BR\" \/>\n<meta property=\"og:type\" content=\"article\" \/>\n<meta property=\"og:title\" content=\"Keynote Speakers - XX SemeAd\" \/>\n<meta property=\"og:description\" content=\"[symple_column size=&#8221;one-third&#8221; position=&#8221;first&#8221; fade_in=&#8221;false&#8221;][\/symple_column] [symple_column size=&#8221;two-third&#8221; position=&#8221;last&#8221; fade_in=&#8221;false&#8221;] Max von Zedtwitz Keynote Speaker \u2013The Role of Local Centers in Global Innovation Sala: FEA 1 Congrega\u00e7\u00e3o &#8211; Dia: 08\/11\/2017 | Hor\u00e1rio: 16:30 &#8211; 17:30 Professor at Kaunas University of Technology, Lithuania Ph.D. and MBA degrees from the University of St. Gallen, and a M.Sc. in Computer...\" \/>\n<meta property=\"og:url\" content=\"https:\/\/semead.com.br\/20\/keynote-speakers\/\" \/>\n<meta property=\"og:site_name\" content=\"XX SemeAd\" \/>\n<meta property=\"article:modified_time\" content=\"2017-10-31T19:34:50+00:00\" \/>\n<meta property=\"og:image\" content=\"https:\/\/semead.com.br\/20\/wp-content\/uploads\/sites\/7\/2016\/07\/max-von-zedwitz-212x300.png\" \/>\n<meta name=\"twitter:card\" content=\"summary_large_image\" \/>\n<meta name=\"twitter:label1\" content=\"Est. tempo de leitura\" \/>\n\t<meta name=\"twitter:data1\" content=\"7 minutos\" \/>\n<script type=\"application\/ld+json\" class=\"yoast-schema-graph\">{\"@context\":\"https:\\\/\\\/schema.org\",\"@graph\":[{\"@type\":\"WebPage\",\"@id\":\"https:\\\/\\\/semead.com.br\\\/20\\\/keynote-speakers\\\/\",\"url\":\"https:\\\/\\\/semead.com.br\\\/20\\\/keynote-speakers\\\/\",\"name\":\"Keynote Speakers - XX SemeAd\",\"isPartOf\":{\"@id\":\"https:\\\/\\\/semead.com.br\\\/20\\\/#website\"},\"primaryImageOfPage\":{\"@id\":\"https:\\\/\\\/semead.com.br\\\/20\\\/keynote-speakers\\\/#primaryimage\"},\"image\":{\"@id\":\"https:\\\/\\\/semead.com.br\\\/20\\\/keynote-speakers\\\/#primaryimage\"},\"thumbnailUrl\":\"https:\\\/\\\/semead.com.br\\\/20\\\/wp-content\\\/uploads\\\/sites\\\/7\\\/2016\\\/07\\\/max-von-zedwitz-212x300.png\",\"datePublished\":\"2016-07-14T12:34:36+00:00\",\"dateModified\":\"2017-10-31T19:34:50+00:00\",\"breadcrumb\":{\"@id\":\"https:\\\/\\\/semead.com.br\\\/20\\\/keynote-speakers\\\/#breadcrumb\"},\"inLanguage\":\"pt-BR\",\"potentialAction\":[{\"@type\":\"ReadAction\",\"target\":[\"https:\\\/\\\/semead.com.br\\\/20\\\/keynote-speakers\\\/\"]}]},{\"@type\":\"ImageObject\",\"inLanguage\":\"pt-BR\",\"@id\":\"https:\\\/\\\/semead.com.br\\\/20\\\/keynote-speakers\\\/#primaryimage\",\"url\":\"https:\\\/\\\/semead.com.br\\\/20\\\/wp-content\\\/uploads\\\/sites\\\/7\\\/2016\\\/07\\\/max-von-zedwitz.png\",\"contentUrl\":\"https:\\\/\\\/semead.com.br\\\/20\\\/wp-content\\\/uploads\\\/sites\\\/7\\\/2016\\\/07\\\/max-von-zedwitz.png\",\"width\":235,\"height\":332},{\"@type\":\"BreadcrumbList\",\"@id\":\"https:\\\/\\\/semead.com.br\\\/20\\\/keynote-speakers\\\/#breadcrumb\",\"itemListElement\":[{\"@type\":\"ListItem\",\"position\":1,\"name\":\"In\u00edcio\",\"item\":\"https:\\\/\\\/semead.com.br\\\/20\\\/\"},{\"@type\":\"ListItem\",\"position\":2,\"name\":\"Keynote Speakers\"}]},{\"@type\":\"WebSite\",\"@id\":\"https:\\\/\\\/semead.com.br\\\/20\\\/#website\",\"url\":\"https:\\\/\\\/semead.com.br\\\/20\\\/\",\"name\":\"XX SemeAd\",\"description\":\"Semin\u00e1rios em Administra\u00e7\u00e3o\",\"potentialAction\":[{\"@type\":\"SearchAction\",\"target\":{\"@type\":\"EntryPoint\",\"urlTemplate\":\"https:\\\/\\\/semead.com.br\\\/20\\\/?s={search_term_string}\"},\"query-input\":{\"@type\":\"PropertyValueSpecification\",\"valueRequired\":true,\"valueName\":\"search_term_string\"}}],\"inLanguage\":\"pt-BR\"}]}<\/script>\n<!-- \/ Yoast SEO plugin. -->","yoast_head_json":{"title":"Keynote Speakers - XX SemeAd","robots":{"index":"index","follow":"follow","max-snippet":"max-snippet:-1","max-image-preview":"max-image-preview:large","max-video-preview":"max-video-preview:-1"},"canonical":"https:\/\/semead.com.br\/20\/keynote-speakers\/","og_locale":"pt_BR","og_type":"article","og_title":"Keynote Speakers - XX SemeAd","og_description":"[symple_column size=&#8221;one-third&#8221; position=&#8221;first&#8221; fade_in=&#8221;false&#8221;][\/symple_column] [symple_column size=&#8221;two-third&#8221; position=&#8221;last&#8221; fade_in=&#8221;false&#8221;] Max von Zedtwitz Keynote Speaker \u2013The Role of Local Centers in Global Innovation Sala: FEA 1 Congrega\u00e7\u00e3o &#8211; Dia: 08\/11\/2017 | Hor\u00e1rio: 16:30 &#8211; 17:30 Professor at Kaunas University of Technology, Lithuania Ph.D. and MBA degrees from the University of St. Gallen, and a M.Sc. in Computer...","og_url":"https:\/\/semead.com.br\/20\/keynote-speakers\/","og_site_name":"XX SemeAd","article_modified_time":"2017-10-31T19:34:50+00:00","og_image":[{"url":"https:\/\/semead.com.br\/20\/wp-content\/uploads\/sites\/7\/2016\/07\/max-von-zedwitz-212x300.png","type":"","width":"","height":""}],"twitter_card":"summary_large_image","twitter_misc":{"Est. tempo de leitura":"7 minutos"},"schema":{"@context":"https:\/\/schema.org","@graph":[{"@type":"WebPage","@id":"https:\/\/semead.com.br\/20\/keynote-speakers\/","url":"https:\/\/semead.com.br\/20\/keynote-speakers\/","name":"Keynote Speakers - XX SemeAd","isPartOf":{"@id":"https:\/\/semead.com.br\/20\/#website"},"primaryImageOfPage":{"@id":"https:\/\/semead.com.br\/20\/keynote-speakers\/#primaryimage"},"image":{"@id":"https:\/\/semead.com.br\/20\/keynote-speakers\/#primaryimage"},"thumbnailUrl":"https:\/\/semead.com.br\/20\/wp-content\/uploads\/sites\/7\/2016\/07\/max-von-zedwitz-212x300.png","datePublished":"2016-07-14T12:34:36+00:00","dateModified":"2017-10-31T19:34:50+00:00","breadcrumb":{"@id":"https:\/\/semead.com.br\/20\/keynote-speakers\/#breadcrumb"},"inLanguage":"pt-BR","potentialAction":[{"@type":"ReadAction","target":["https:\/\/semead.com.br\/20\/keynote-speakers\/"]}]},{"@type":"ImageObject","inLanguage":"pt-BR","@id":"https:\/\/semead.com.br\/20\/keynote-speakers\/#primaryimage","url":"https:\/\/semead.com.br\/20\/wp-content\/uploads\/sites\/7\/2016\/07\/max-von-zedwitz.png","contentUrl":"https:\/\/semead.com.br\/20\/wp-content\/uploads\/sites\/7\/2016\/07\/max-von-zedwitz.png","width":235,"height":332},{"@type":"BreadcrumbList","@id":"https:\/\/semead.com.br\/20\/keynote-speakers\/#breadcrumb","itemListElement":[{"@type":"ListItem","position":1,"name":"In\u00edcio","item":"https:\/\/semead.com.br\/20\/"},{"@type":"ListItem","position":2,"name":"Keynote Speakers"}]},{"@type":"WebSite","@id":"https:\/\/semead.com.br\/20\/#website","url":"https:\/\/semead.com.br\/20\/","name":"XX SemeAd","description":"Semin\u00e1rios em Administra\u00e7\u00e3o","potentialAction":[{"@type":"SearchAction","target":{"@type":"EntryPoint","urlTemplate":"https:\/\/semead.com.br\/20\/?s={search_term_string}"},"query-input":{"@type":"PropertyValueSpecification","valueRequired":true,"valueName":"search_term_string"}}],"inLanguage":"pt-BR"}]}},"_links":{"self":[{"href":"https:\/\/semead.com.br\/20\/wp-json\/wp\/v2\/pages\/12987","targetHints":{"allow":["GET"]}}],"collection":[{"href":"https:\/\/semead.com.br\/20\/wp-json\/wp\/v2\/pages"}],"about":[{"href":"https:\/\/semead.com.br\/20\/wp-json\/wp\/v2\/types\/page"}],"author":[{"embeddable":true,"href":"https:\/\/semead.com.br\/20\/wp-json\/wp\/v2\/users\/2"}],"replies":[{"embeddable":true,"href":"https:\/\/semead.com.br\/20\/wp-json\/wp\/v2\/comments?post=12987"}],"version-history":[{"count":0,"href":"https:\/\/semead.com.br\/20\/wp-json\/wp\/v2\/pages\/12987\/revisions"}],"wp:attachment":[{"href":"https:\/\/semead.com.br\/20\/wp-json\/wp\/v2\/media?parent=12987"}],"curies":[{"name":"wp","href":"https:\/\/api.w.org\/{rel}","templated":true}]}}