{"id":13537,"date":"2017-06-07T12:23:06","date_gmt":"2017-06-07T15:23:06","guid":{"rendered":"https:\/\/semead.com.br\/20\/?page_id=13537"},"modified":"2017-11-09T10:30:24","modified_gmt":"2017-11-09T12:30:24","slug":"business-case","status":"publish","type":"page","link":"https:\/\/semead.com.br\/20\/business-case\/","title":{"rendered":"Business Case"},"content":{"rendered":"<p>[symple_heading style=&#8221;&#8221; title=&#8221;Gest\u00e3o Socioambiental&#8221; type=&#8221;h2&#8243; font_size=&#8221;40&#8243; text_align=&#8221;left&#8221; margin_top=&#8221;0&#8243; margin_bottom=&#8221;0&#8243; color=&#8221;undefined&#8221; icon_left=&#8221;&#8221; icon_right=&#8221;&#8221;]<\/p>\n<h4><strong>Business Speaker:<\/strong> Renato Boaventura<br \/>\n<strong>Case da Empresa:<\/strong> Rhodia &#8211; Solvay\u00a0Group<br \/>\n<strong>Tema:<\/strong> Gest\u00e3o Socioambiental<\/h4>\n<p>Sala: FEA 5 Audit\u00f3rio &#8211; Dia: 08\/11\/2017 | Hor\u00e1rio: 14:35 &#8211; 16:05<\/p>\n<p>[symple_box color=&#8221;gray&#8221; fade_in=&#8221;false&#8221; float=&#8221;center&#8221; text_align=&#8221;left&#8221; width=&#8221;&#8221;]<\/p>\n<p>[symple_column size=&#8221;one-third&#8221; position=&#8221;first&#8221; fade_in=&#8221;false&#8221;]<\/p>\n<p><img loading=\"lazy\" decoding=\"async\" class=\"alignnone size-full wp-image-13568\" src=\"https:\/\/semead.com.br\/20\/wp-content\/uploads\/sites\/7\/2017\/06\/rhodia-e1496853384772.png\" alt=\"\" width=\"200\" height=\"81\" \/><\/p>\n<p><img loading=\"lazy\" decoding=\"async\" class=\"alignnone size-medium wp-image-13569\" src=\"https:\/\/semead.com.br\/20\/wp-content\/uploads\/sites\/7\/2017\/06\/renato-boaventura-300x300.jpg\" alt=\"\" width=\"300\" height=\"300\" srcset=\"https:\/\/semead.com.br\/20\/wp-content\/uploads\/sites\/7\/2017\/06\/renato-boaventura-300x300.jpg 300w, https:\/\/semead.com.br\/20\/wp-content\/uploads\/sites\/7\/2017\/06\/renato-boaventura-150x150.jpg 150w, https:\/\/semead.com.br\/20\/wp-content\/uploads\/sites\/7\/2017\/06\/renato-boaventura.jpg 430w\" sizes=\"auto, (max-width: 300px) 100vw, 300px\" \/><\/p>\n<p>[\/symple_column]<br \/>\n[symple_column size=&#8221;two-third&#8221; position=&#8221;last&#8221; fade_in=&#8221;false&#8221;]<\/p>\n<p><strong>RENATO BOAVENTURA<\/strong><br \/>\n<strong>Presidente da Unidade Global de Neg\u00f3cios Fibras da Rhodia &#8211; Solvay\u00a0Group<\/strong><\/p>\n<p>Formado em Engenharia Mec\u00e2nica e T\u00eaxtil pela FEI, MBA Executivo Internacional pela FIA e Especializa\u00e7\u00e3o em Marketing Estrat\u00e9gico pelo INSEAD, da Fran\u00e7a, Renato Boaventura tem ampla experi\u00eancia no setor industrial t\u00eaxtil. Ingressou na Rhodia em 1992. Entre 2000 a 2003 foi expatriado para a It\u00e1lia, onde trabalhou como gerente de Pesquisa e Desenvolvimento e, posteriormente, assumiu a Ger\u00eancia Geral da ent\u00e3o Rhodia Technical Fibers. No Brasil foi diretor industrial da unidade t\u00eaxtil, Diretor da \u00e1rea da Unidade de Neg\u00f3cios Fios Industriais. No per\u00edodo de janeiro de 2012 a dezembro de 2013 assumiu a presid\u00eancia do Conselho da ABRAFAS &#8211; Associa\u00e7\u00e3o Brasileira de Produtores de Fibras Artificiais e Sint\u00e9ticas. Ainda em 2013, assumiu a dire\u00e7\u00e3o da unidade de neg\u00f3cios de Fios T\u00eaxteis do grupo. Em 2015 assumiu a posi\u00e7\u00e3o de presidente da Unidade Global de Neg\u00f3cios Fibras, do Grupo Solvay.[\/symple_column][\/symple_box]<\/p>\n<p>[symple_box color=&#8221;blue&#8221; fade_in=&#8221;false&#8221; float=&#8221;center&#8221; text_align=&#8221;left&#8221; width=&#8221;&#8221;]<\/p>\n<p>[symple_column size=&#8221;one-third&#8221; position=&#8221;first&#8221; fade_in=&#8221;false&#8221;]<img loading=\"lazy\" decoding=\"async\" class=\"alignnone size-medium wp-image-13570\" src=\"https:\/\/semead.com.br\/20\/wp-content\/uploads\/sites\/7\/2017\/06\/isak-199x300.jpg\" alt=\"\" width=\"199\" height=\"300\" srcset=\"https:\/\/semead.com.br\/20\/wp-content\/uploads\/sites\/7\/2017\/06\/isak-199x300.jpg 199w, https:\/\/semead.com.br\/20\/wp-content\/uploads\/sites\/7\/2017\/06\/isak.jpg 319w\" sizes=\"auto, (max-width: 199px) 100vw, 199px\" \/>[\/symple_column]<\/p>\n<p>[symple_column size=&#8221;two-third&#8221; position=&#8221;last&#8221; fade_in=&#8221;false&#8221;]<\/p>\n<p><strong>Moderador: Prof. Dr. Isak Kruglianskas<br \/>\nProfessor Titular da FEA USP.<\/strong><\/p>\n<p>Pioneiro no Brasil em pesquisas nas \u00e1reas de gest\u00e3o ambiental e sustentabilidade corporativa. Diretor geral da Funda\u00e7\u00e3o Instituto de Administra\u00e7\u00e3o (FIA). Graduado em engenharia aeron\u00e1utica pelo Instituto Tecnol\u00f3gico de Aeron\u00e1utica (ITA). Fundador, conselheiro e coordenador de programas e projetos na FIA. Coordenador dos Programas Gest\u00e3o Estrat\u00e9gica para a Sustentabilidade (PROGESA) e Gest\u00e3o da Inova\u00e7\u00e3o e da Tecnologia (PGT), ambos vinculados ao CNPq e \u00e0 FIA. Consultor de empresas em institui\u00e7\u00f5es nacionais e internacionais em sustentabilidade, gest\u00e3o da inova\u00e7\u00e3o e de projetos.<\/p>\n<p>[\/symple_column][\/symple_box]<\/p>\n<p>&nbsp;<\/p>\n<p>[symple_heading style=&#8221;&#8221; title=&#8221;Autorregula\u00e7\u00e3o no\u00a0Mercado de Capitais&#8221; type=&#8221;h2&#8243; font_size=&#8221;40&#8243; text_align=&#8221;left&#8221; margin_top=&#8221;0&#8243; margin_bottom=&#8221;0&#8243; color=&#8221;undefined&#8221; icon_left=&#8221;&#8221; icon_right=&#8221;&#8221;]<\/p>\n<h4><strong>Business Speaker:<\/strong> Robert van Dijk<br \/>\n<strong>Case da Empresa:<\/strong> ANBIMA &#8211; Associa\u00e7\u00e3o Brasileira das Entidades dos Mercados Financeiro e de Capitais<br \/>\n<strong>Tema:<\/strong> Autorregula\u00e7\u00e3o no\u00a0Mercado de Capitais<\/h4>\n<p>Sala: FEA 5 Audit\u00f3rio &#8211; Dia: 09\/11\/2017 | Hor\u00e1rio: 10:00 &#8211; 11:30<\/p>\n<p>[symple_box color=&#8221;gray&#8221; fade_in=&#8221;false&#8221; float=&#8221;center&#8221; text_align=&#8221;left&#8221; width=&#8221;&#8221;]<\/p>\n<p>[symple_column size=&#8221;one-third&#8221; position=&#8221;first&#8221; fade_in=&#8221;false&#8221;]<\/p>\n<p><img loading=\"lazy\" decoding=\"async\" class=\"alignnone wp-image-13603 size-medium\" src=\"https:\/\/semead.com.br\/20\/wp-content\/uploads\/sites\/7\/2017\/06\/ANBIMA_logo_endosso-01-300x134.png\" alt=\"\" width=\"300\" height=\"134\" srcset=\"https:\/\/semead.com.br\/20\/wp-content\/uploads\/sites\/7\/2017\/06\/ANBIMA_logo_endosso-01-300x134.png 300w, https:\/\/semead.com.br\/20\/wp-content\/uploads\/sites\/7\/2017\/06\/ANBIMA_logo_endosso-01-768x344.png 768w, https:\/\/semead.com.br\/20\/wp-content\/uploads\/sites\/7\/2017\/06\/ANBIMA_logo_endosso-01-1024x459.png 1024w, https:\/\/semead.com.br\/20\/wp-content\/uploads\/sites\/7\/2017\/06\/ANBIMA_logo_endosso-01.png 1990w\" sizes=\"auto, (max-width: 300px) 100vw, 300px\" \/><\/p>\n<p><img loading=\"lazy\" decoding=\"async\" class=\"alignnone wp-image-13563 size-medium\" src=\"https:\/\/semead.com.br\/20\/wp-content\/uploads\/sites\/7\/2017\/06\/robert-van-e1496864031232-288x300.jpg\" alt=\"\" width=\"288\" height=\"300\" srcset=\"https:\/\/semead.com.br\/20\/wp-content\/uploads\/sites\/7\/2017\/06\/robert-van-e1496864031232-288x300.jpg 288w, https:\/\/semead.com.br\/20\/wp-content\/uploads\/sites\/7\/2017\/06\/robert-van-e1496864031232.jpg 417w\" sizes=\"auto, (max-width: 288px) 100vw, 288px\" \/><\/p>\n<p>[\/symple_column]<br \/>\n[symple_column size=&#8221;two-third&#8221; position=&#8221;last&#8221; fade_in=&#8221;false&#8221;]<\/p>\n<p><strong>ROBERT VAN DIJK<\/strong><br \/>\n<strong>Presidente da ANBIMA e Diretor Executivo Banco Votorantim S.A.<\/strong><\/p>\n<p class=\"x_MsoNormal\">Administrador de Empresas, graduado e p\u00f3s-graduado pela Funda\u00e7\u00e3o Get\u00falio Vargas. Atua no Mercado Financeiro e de Capitais h\u00e1 39 anos. No Banco Votorantim desde fevereiro de 2010, \u00e9 diretor executivo, diretor geral da Votorantim Wealth Management e diretor da BVEP \u2013 BV Empreendimentos e Participa\u00e7\u00f5es. Anteriormente atuou no Banco Bradesco, Banco Schahim Cury e Schahim Cury CCVM.<\/p>\n<p class=\"x_MsoNormal\"><b>Presidente da ANBIMA<\/b> \u2013 Associa\u00e7\u00e3o Brasileira das Entidades dos Mercados Financeiro e de Capitais (bi\u00eanio 2016\/2018). Foi Vice Presidente do Conselho de Administra\u00e7\u00e3o da BOVESPA (1993\/1995)\u00a0 e Membro do Conselho de Administra\u00e7\u00e3o e Diretor de entidades como: ANBID, ANDIMA, ADEVAL, AMEC, APIMEC, BOVESPA, BM&amp;F, ANCOR e ABBC.<\/p>\n<p>[\/symple_column]<\/p>\n<p>[\/symple_box]<\/p>\n<p>[symple_box color=&#8221;blue&#8221; fade_in=&#8221;false&#8221; float=&#8221;center&#8221; text_align=&#8221;left&#8221; width=&#8221;&#8221;]<\/p>\n<p>[symple_column size=&#8221;one-third&#8221; position=&#8221;first&#8221; fade_in=&#8221;false&#8221;]<img loading=\"lazy\" decoding=\"async\" class=\"alignnone size-medium wp-image-13566\" src=\"https:\/\/semead.com.br\/20\/wp-content\/uploads\/sites\/7\/2017\/06\/nelson-carvalho-300x277.jpg\" alt=\"\" width=\"300\" height=\"277\" srcset=\"https:\/\/semead.com.br\/20\/wp-content\/uploads\/sites\/7\/2017\/06\/nelson-carvalho-300x277.jpg 300w, https:\/\/semead.com.br\/20\/wp-content\/uploads\/sites\/7\/2017\/06\/nelson-carvalho-768x708.jpg 768w, https:\/\/semead.com.br\/20\/wp-content\/uploads\/sites\/7\/2017\/06\/nelson-carvalho.jpg 800w\" sizes=\"auto, (max-width: 300px) 100vw, 300px\" \/>[\/symple_column]<\/p>\n<p>[symple_column size=&#8221;two-third&#8221; position=&#8221;last&#8221; fade_in=&#8221;false&#8221;]<\/p>\n<p><strong>Moderador: Prof. Dr. Nelson Carvalho<\/strong><br \/>\n<strong>Professor da FEA USP.<\/strong><\/p>\n<p>Presidente do Conselho de Administra\u00e7\u00e3o de Petrobr\u00e1s; Membro do Conselho de administra\u00e7\u00e3o da B3 S.A.\u00a0&#8211; ex-BMF&amp; Bovespa.\u00a0Presidente do Conselho Fiscal da ONG Funda\u00e7\u00e3o Amaz\u00f4nia Sustent\u00e1vel (FAS); \u00a0Presidente do Comit\u00ea de Auditoria do GPA\u00a0; Membro da Academia Brasileira de Ci\u00eancias Cont\u00e1beis (ABRACICON); Membro\u00a0observador\/consultor do Comit\u00ea de Pronunciamentos Cont\u00e1beis (CPC) Brasil . Presidiu o Conselho Consultivo de Normas do International Accounting Standards Board (IASB). Ex-diretor da CVM e do Bacen, ex-auditor independente e membro-observador especial do Financial Accounting Standards Board (FASB).<strong>\u00a0\u00a0<\/strong>[\/symple_column][\/symple_box]<\/p>\n<p>&nbsp;<\/p>\n<p>[symple_heading style=&#8221;&#8221; title=&#8221;Estrat\u00e9gias e Tend\u00eancias do Varejo&#8221; type=&#8221;h2&#8243; font_size=&#8221;40&#8243; text_align=&#8221;left&#8221; margin_top=&#8221;0&#8243; margin_bottom=&#8221;0&#8243; color=&#8221;undefined&#8221; icon_left=&#8221;&#8221; icon_right=&#8221;&#8221;]<\/p>\n<h4><strong>Business Speaker:<\/strong> Ronaldo Iabrudi<br \/>\n<strong>Case da Empresa:<\/strong> GPA &#8211; Companhia Brasileira de Distribui\u00e7\u00e3o\u00a0(Extra, P\u00e3o de A\u00e7ucar, Ponto Frio, Casas Bahia, Assa\u00ed)<br \/>\n<strong>Tema:<\/strong> Estrat\u00e9gias e Tend\u00eancias do Varejo<\/h4>\n<p>Sala: FEA 5 Audit\u00f3rio &#8211; Dia: 09\/11\/2017 | Hor\u00e1rio: 15:05 &#8211; 16:35<\/p>\n<p>[symple_box color=&#8221;gray&#8221; fade_in=&#8221;false&#8221; float=&#8221;center&#8221; text_align=&#8221;left&#8221; width=&#8221;&#8221;]<\/p>\n<p>[symple_column size=&#8221;one-third&#8221; position=&#8221;first&#8221; fade_in=&#8221;false&#8221;]<\/p>\n<p><img loading=\"lazy\" decoding=\"async\" class=\"alignnone wp-image-13548\" src=\"https:\/\/semead.com.br\/20\/wp-content\/uploads\/sites\/7\/2017\/06\/GPA_logo_2013-300x172.png\" alt=\"\" width=\"204\" height=\"117\" srcset=\"https:\/\/semead.com.br\/20\/wp-content\/uploads\/sites\/7\/2017\/06\/GPA_logo_2013-300x172.png 300w, https:\/\/semead.com.br\/20\/wp-content\/uploads\/sites\/7\/2017\/06\/GPA_logo_2013.png 375w\" sizes=\"auto, (max-width: 204px) 100vw, 204px\" \/><\/p>\n<p><img loading=\"lazy\" decoding=\"async\" class=\"size-medium wp-image-13543 alignnone\" src=\"https:\/\/semead.com.br\/20\/wp-content\/uploads\/sites\/7\/2017\/06\/gpa-234x300.png\" alt=\"\" width=\"234\" height=\"300\" srcset=\"https:\/\/semead.com.br\/20\/wp-content\/uploads\/sites\/7\/2017\/06\/gpa-234x300.png 234w, https:\/\/semead.com.br\/20\/wp-content\/uploads\/sites\/7\/2017\/06\/gpa.png 458w\" sizes=\"auto, (max-width: 234px) 100vw, 234px\" \/><\/p>\n<p>[\/symple_column]<br \/>\n[symple_column size=&#8221;two-third&#8221; position=&#8221;last&#8221; fade_in=&#8221;false&#8221;]<\/p>\n<p><strong><b>RONALDO\u00a0IABRUDI<br \/>\n<\/b><\/strong><strong><b>CEO\u00a0\u2013\u00a0GPA\u00a0<\/b><\/strong><\/p>\n<p><span class=\"m_1810600618804119809s1\">Ronaldo Iabrudi assumiu o cargo de Diretor Presidente do GPA em janeiro de\u00a0 2014. Tamb\u00e9m foi eleito como membro do Conselho de Administra\u00e7\u00e3o da Companhia Brasileira de Distribui\u00e7\u00e3o, em Abril de 2016, bem como Membro de seus Comit\u00eas de Recursos Humanos e Remunera\u00e7\u00e3o, de Governan\u00e7a Corporativa e de Desenvolvimento Sustent\u00e1vel em Maio de 2016. O executivo tamb\u00e9m ocupa a posi\u00e7\u00e3o de Presidente do Conselho de Administra\u00e7\u00e3o da Via Varejo, de Vice-Presidente do Conselho de Administra\u00e7\u00e3o da Cnova N.V., com sede em Amsterdam, Holanda,\u00a0<\/span><span class=\"m_1810600618804119809s2\">e Conselheiro da FIC Financeira Ita\u00fa\/CBD<\/span><span class=\"m_1810600618804119809s1\">. Anteriormente, atuou como Presidente dos Conselhos de Administra\u00e7\u00e3o da Lupatech, Contax e Telemar, e membro do Conselho da Est\u00e1cio, Magnesita, Cemar, Oi\/Telemar, RM Engenharia e Ispamar. Foi CEO da Magnesita de 2007 a 2011 e, de 1999 a 2006, trabalhou para o Grupo Telemar, onde assumiu diversas fun\u00e7\u00f5es, incluindo CEO da Telemar\/Oi e Contax. De 1997 a 1999, Ronaldo Iabrudi atuou como CEO da FCA (Ferrovia Centro-Atl\u00e2ntica) e, de 1984 a 1997, como Diretor Financeiro e Administrativo e Diretor de Recursos Humanos no Grupo Gerdau. Graduado em Psicologia pela PUC-MG (1979), possui Mestrado em Desenvolvimento Organizacional pela Universit\u00e9 Panth\u00e9on Sorbonne e Mestrado em Gest\u00e3o de Mudan\u00e7a pela Universit\u00e9 Paris Dauphine, Paris &#8211; Fran\u00e7a.<\/span>[\/symple_column]<\/p>\n<p>[\/symple_box]<\/p>\n<p>[symple_box color=&#8221;blue&#8221; fade_in=&#8221;false&#8221; float=&#8221;center&#8221; text_align=&#8221;left&#8221; width=&#8221;&#8221;]<\/p>\n<p>[symple_column size=&#8221;one-third&#8221; position=&#8221;first&#8221; fade_in=&#8221;false&#8221;]<img loading=\"lazy\" decoding=\"async\" class=\"alignnone size-medium wp-image-13550\" src=\"https:\/\/semead.com.br\/20\/wp-content\/uploads\/sites\/7\/2017\/06\/felisoni-300x300.png\" alt=\"\" width=\"300\" height=\"300\" srcset=\"https:\/\/semead.com.br\/20\/wp-content\/uploads\/sites\/7\/2017\/06\/felisoni-300x300.png 300w, https:\/\/semead.com.br\/20\/wp-content\/uploads\/sites\/7\/2017\/06\/felisoni-150x150.png 150w, https:\/\/semead.com.br\/20\/wp-content\/uploads\/sites\/7\/2017\/06\/felisoni.png 390w\" sizes=\"auto, (max-width: 300px) 100vw, 300px\" \/>[\/symple_column]<\/p>\n<p>[symple_column size=&#8221;two-third&#8221; position=&#8221;last&#8221; fade_in=&#8221;false&#8221;]<\/p>\n<p><strong>Moderador: Prof. Dr. Claudio Felisoni de Angelo<br \/>\nProfessor Titular da FEA-USP.<\/strong><\/p>\n<p>Presidente do IBEVAR &#8211; Instituto Brasileiro de Executivos de Varejo e Mercado de Consumo e Idealizador do PROVAR &#8211;\u00a0Programa de Administra\u00e7\u00e3o de Varejo da Funda\u00e7\u00e3o Instituto de Administra\u00e7\u00e3o (FIA).<\/p>\n<p>Possui gradua\u00e7\u00e3o, mestrado e doutorado em Economia Universidade de S\u00e3o Paulo. Ex-presidente da FIA e presidente da Associa\u00e7\u00e3o Cient\u00edfica e Cultural das Funda\u00e7\u00f5es Colaboradoras da USP FUNASP.[\/symple_column]<\/p>\n<p>[\/symple_box]<\/p>\n<p>&nbsp;<\/p>\n<p>[symple_heading style=&#8221;&#8221; title=&#8221;Gest\u00e3o de Diversidade e Carreiras&#8221; type=&#8221;h2&#8243; font_size=&#8221;40&#8243; text_align=&#8221;left&#8221; margin_top=&#8221;0&#8243; margin_bottom=&#8221;0&#8243; color=&#8221;undefined&#8221; icon_left=&#8221;&#8221; icon_right=&#8221;&#8221;]<\/p>\n<h4><strong>Business Speaker:<\/strong> Tatiana da Ponte<br \/>\n<strong>Case da Empresa:<\/strong> EY Brasil<br \/>\n<strong>Tema:<\/strong> Gest\u00e3o de Diversidade e Carreiras<\/h4>\n<p>Sala: FEA 5 Audit\u00f3rio &#8211; Dia: 10\/11\/2017 | Hor\u00e1rio: 10:00 &#8211; 11:30<\/p>\n<p>[symple_box color=&#8221;gray&#8221; fade_in=&#8221;false&#8221; float=&#8221;center&#8221; text_align=&#8221;left&#8221; width=&#8221;&#8221;]<\/p>\n<p>[symple_column size=&#8221;one-third&#8221; position=&#8221;first&#8221; fade_in=&#8221;false&#8221;]<\/p>\n<p><img loading=\"lazy\" decoding=\"async\" class=\"alignnone wp-image-13705 size-medium\" src=\"https:\/\/semead.com.br\/20\/wp-content\/uploads\/sites\/7\/2017\/06\/EY_Logo_Horizontal-300x157.png\" alt=\"\" width=\"300\" height=\"157\" srcset=\"https:\/\/semead.com.br\/20\/wp-content\/uploads\/sites\/7\/2017\/06\/EY_Logo_Horizontal-300x157.png 300w, https:\/\/semead.com.br\/20\/wp-content\/uploads\/sites\/7\/2017\/06\/EY_Logo_Horizontal-768x403.png 768w, https:\/\/semead.com.br\/20\/wp-content\/uploads\/sites\/7\/2017\/06\/EY_Logo_Horizontal-1024x537.png 1024w, https:\/\/semead.com.br\/20\/wp-content\/uploads\/sites\/7\/2017\/06\/EY_Logo_Horizontal.png 1810w\" sizes=\"auto, (max-width: 300px) 100vw, 300px\" \/><\/p>\n<p><img loading=\"lazy\" decoding=\"async\" class=\"alignnone size-medium wp-image-13559\" src=\"https:\/\/semead.com.br\/20\/wp-content\/uploads\/sites\/7\/2017\/06\/tatiana-300x300.jpg\" alt=\"\" width=\"300\" height=\"300\" srcset=\"https:\/\/semead.com.br\/20\/wp-content\/uploads\/sites\/7\/2017\/06\/tatiana-300x300.jpg 300w, https:\/\/semead.com.br\/20\/wp-content\/uploads\/sites\/7\/2017\/06\/tatiana-150x150.jpg 150w, https:\/\/semead.com.br\/20\/wp-content\/uploads\/sites\/7\/2017\/06\/tatiana.jpg 400w\" sizes=\"auto, (max-width: 300px) 100vw, 300px\" \/>[\/symple_column]<br \/>\n[symple_column size=&#8221;two-third&#8221; position=&#8221;last&#8221; fade_in=&#8221;false&#8221;]<\/p>\n<p><strong>TATIANA DA PONTE <\/strong><br \/>\n<strong>S\u00f3cia-l\u00edder de Impostos da EY Brasil <\/strong><br \/>\n<strong>Tax Managing Partner &#8211; \u200eEY<\/strong><\/p>\n<p>Tatiana da Ponte \u00e9 S\u00f3cia-l\u00edder de Impostos da EY Brasil, Economista com MBA e forma\u00e7\u00e3o acad\u00eamica em Lideran\u00e7a Estrat\u00e9gica pela Harvard Business School. 28 anos de experi\u00eancia em empresas de servi\u00e7os profissionais, sendo 14 na EY. Desenvolvimento de Capital Humano da Am\u00e9rica do Sul durante 10 anos; Respons\u00e1vel pela atualiza\u00e7\u00e3o estrat\u00e9gica da GCR (pr\u00e1tica de impostos diretos) e sua lideran\u00e7a e atua\u00e7\u00e3o no cargo de l\u00edder da pr\u00e1tica Tribut\u00e1ria no Brasil. 7 anos de experi\u00eancia como membro do Comit\u00ea Executivo EY (desde 2010) sendo uma das principais realiza\u00e7\u00f5es a cria\u00e7\u00e3o do EYInsitute que ap\u00f3ia diversidade e inclus\u00e3o. Forte apoio \u00e0s iniciativas de lideran\u00e7a feminina, como os programas EY Winning Women and Women Fast Forward.[\/symple_column]<\/p>\n<p>[\/symple_box]<\/p>\n<p>[symple_box color=&#8221;blue&#8221; fade_in=&#8221;false&#8221; float=&#8221;center&#8221; text_align=&#8221;left&#8221; width=&#8221;&#8221;]<\/p>\n<p>[symple_column size=&#8221;one-third&#8221; position=&#8221;first&#8221; fade_in=&#8221;false&#8221;]<img loading=\"lazy\" decoding=\"async\" class=\"alignnone wp-image-13652 size-medium\" src=\"https:\/\/semead.com.br\/20\/wp-content\/uploads\/sites\/7\/2017\/06\/tania-e1497017704612-300x254.jpg\" alt=\"\" width=\"300\" height=\"254\" srcset=\"https:\/\/semead.com.br\/20\/wp-content\/uploads\/sites\/7\/2017\/06\/tania-e1497017704612-300x254.jpg 300w, https:\/\/semead.com.br\/20\/wp-content\/uploads\/sites\/7\/2017\/06\/tania-e1497017704612.jpg 762w\" sizes=\"auto, (max-width: 300px) 100vw, 300px\" \/>[\/symple_column]<\/p>\n<p>[symple_column size=&#8221;two-third&#8221; position=&#8221;last&#8221; fade_in=&#8221;false&#8221;]<\/p>\n<p><strong>Moderadora: Profa. Dra. T\u00e2nia Casado<\/strong><br \/>\n<strong> Professor Efetiva da FEA-USP.<\/strong><\/p>\n<p>Diretora do Escrit\u00f3rio de Desenvolvimento de Carreiras da USP; Division Chair da Divis\u00e3o de Carreiras do Academy of Management; \u00a0Membro do Comit\u00ea Internacional da Divis\u00e3o GDO (Gender and Diversity do Academy of Management). Coordenadora para o Brasil do grupo 5C (Cross Cultural Collaboration on Contemporary Careers); VP Partnership da rede PWN-Global (Professional Women&#8217;s Network). Membro do grupo internacional de pesquisa UFIRC \u2013 University Fellows International Research Consortium. [\/symple_column]<\/p>\n<p>[\/symple_box]<\/p>\n<p>&nbsp;<\/p>\n<p>&nbsp;<\/p>\n","protected":false},"excerpt":{"rendered":"<p>[symple_heading style=&#8221;&#8221; title=&#8221;Gest\u00e3o Socioambiental&#8221; type=&#8221;h2&#8243; font_size=&#8221;40&#8243; text_align=&#8221;left&#8221; margin_top=&#8221;0&#8243; margin_bottom=&#8221;0&#8243; color=&#8221;undefined&#8221; icon_left=&#8221;&#8221; icon_right=&#8221;&#8221;] Business Speaker: Renato Boaventura Case da Empresa: Rhodia &#8211; Solvay\u00a0Group Tema: Gest\u00e3o Socioambiental Sala: FEA 5 Audit\u00f3rio &#8211; Dia: 08\/11\/2017 | Hor\u00e1rio: 14:35 &#8211; 16:05 [symple_box color=&#8221;gray&#8221; fade_in=&#8221;false&#8221; float=&#8221;center&#8221; text_align=&#8221;left&#8221; width=&#8221;&#8221;] [symple_column size=&#8221;one-third&#8221; position=&#8221;first&#8221; fade_in=&#8221;false&#8221;] [\/symple_column] [symple_column size=&#8221;two-third&#8221; position=&#8221;last&#8221; fade_in=&#8221;false&#8221;] RENATO BOAVENTURA Presidente&#8230;<\/p>\n","protected":false},"author":4,"featured_media":0,"parent":0,"menu_order":0,"comment_status":"closed","ping_status":"closed","template":"","meta":{"_acf_changed":false,"_monsterinsights_skip_tracking":false,"_monsterinsights_sitenote_active":false,"_monsterinsights_sitenote_note":"","_monsterinsights_sitenote_category":0,"footnotes":""},"class_list":["post-13537","page","type-page","status-publish","hentry"],"acf":[],"yoast_head":"<!-- This site is optimized with the Yoast SEO plugin v27.4 - https:\/\/yoast.com\/product\/yoast-seo-wordpress\/ -->\n<title>Business Case - XX SemeAd<\/title>\n<meta name=\"robots\" content=\"index, follow, max-snippet:-1, max-image-preview:large, max-video-preview:-1\" \/>\n<link rel=\"canonical\" href=\"https:\/\/semead.com.br\/20\/business-case\/\" \/>\n<meta property=\"og:locale\" content=\"pt_BR\" \/>\n<meta property=\"og:type\" content=\"article\" \/>\n<meta property=\"og:title\" content=\"Business Case - XX SemeAd\" \/>\n<meta property=\"og:description\" content=\"[symple_heading style=&#8221;&#8221; title=&#8221;Gest\u00e3o Socioambiental&#8221; type=&#8221;h2&#8243; font_size=&#8221;40&#8243; text_align=&#8221;left&#8221; margin_top=&#8221;0&#8243; margin_bottom=&#8221;0&#8243; color=&#8221;undefined&#8221; icon_left=&#8221;&#8221; icon_right=&#8221;&#8221;] Business Speaker: Renato Boaventura Case da Empresa: Rhodia &#8211; Solvay\u00a0Group Tema: Gest\u00e3o Socioambiental Sala: FEA 5 Audit\u00f3rio &#8211; Dia: 08\/11\/2017 | Hor\u00e1rio: 14:35 &#8211; 16:05 [symple_box color=&#8221;gray&#8221; fade_in=&#8221;false&#8221; float=&#8221;center&#8221; text_align=&#8221;left&#8221; width=&#8221;&#8221;] [symple_column size=&#8221;one-third&#8221; position=&#8221;first&#8221; fade_in=&#8221;false&#8221;] [\/symple_column] [symple_column size=&#8221;two-third&#8221; position=&#8221;last&#8221; fade_in=&#8221;false&#8221;] RENATO BOAVENTURA Presidente...\" \/>\n<meta property=\"og:url\" content=\"https:\/\/semead.com.br\/20\/business-case\/\" \/>\n<meta property=\"og:site_name\" content=\"XX SemeAd\" \/>\n<meta property=\"article:modified_time\" content=\"2017-11-09T12:30:24+00:00\" \/>\n<meta property=\"og:image\" content=\"https:\/\/semead.com.br\/20\/wp-content\/uploads\/sites\/7\/2017\/06\/rhodia-e1496853384772.png\" \/>\n<meta name=\"twitter:card\" content=\"summary_large_image\" \/>\n<meta name=\"twitter:label1\" content=\"Est. tempo de leitura\" \/>\n\t<meta name=\"twitter:data1\" content=\"8 minutos\" \/>\n<script type=\"application\/ld+json\" class=\"yoast-schema-graph\">{\"@context\":\"https:\\\/\\\/schema.org\",\"@graph\":[{\"@type\":\"WebPage\",\"@id\":\"https:\\\/\\\/semead.com.br\\\/20\\\/business-case\\\/\",\"url\":\"https:\\\/\\\/semead.com.br\\\/20\\\/business-case\\\/\",\"name\":\"Business Case - XX SemeAd\",\"isPartOf\":{\"@id\":\"https:\\\/\\\/semead.com.br\\\/20\\\/#website\"},\"primaryImageOfPage\":{\"@id\":\"https:\\\/\\\/semead.com.br\\\/20\\\/business-case\\\/#primaryimage\"},\"image\":{\"@id\":\"https:\\\/\\\/semead.com.br\\\/20\\\/business-case\\\/#primaryimage\"},\"thumbnailUrl\":\"https:\\\/\\\/semead.com.br\\\/20\\\/wp-content\\\/uploads\\\/sites\\\/7\\\/2017\\\/06\\\/rhodia-e1496853384772.png\",\"datePublished\":\"2017-06-07T15:23:06+00:00\",\"dateModified\":\"2017-11-09T12:30:24+00:00\",\"breadcrumb\":{\"@id\":\"https:\\\/\\\/semead.com.br\\\/20\\\/business-case\\\/#breadcrumb\"},\"inLanguage\":\"pt-BR\",\"potentialAction\":[{\"@type\":\"ReadAction\",\"target\":[\"https:\\\/\\\/semead.com.br\\\/20\\\/business-case\\\/\"]}]},{\"@type\":\"ImageObject\",\"inLanguage\":\"pt-BR\",\"@id\":\"https:\\\/\\\/semead.com.br\\\/20\\\/business-case\\\/#primaryimage\",\"url\":\"https:\\\/\\\/semead.com.br\\\/20\\\/wp-content\\\/uploads\\\/sites\\\/7\\\/2017\\\/06\\\/rhodia-e1496853384772.png\",\"contentUrl\":\"https:\\\/\\\/semead.com.br\\\/20\\\/wp-content\\\/uploads\\\/sites\\\/7\\\/2017\\\/06\\\/rhodia-e1496853384772.png\",\"width\":200,\"height\":81},{\"@type\":\"BreadcrumbList\",\"@id\":\"https:\\\/\\\/semead.com.br\\\/20\\\/business-case\\\/#breadcrumb\",\"itemListElement\":[{\"@type\":\"ListItem\",\"position\":1,\"name\":\"In\u00edcio\",\"item\":\"https:\\\/\\\/semead.com.br\\\/20\\\/\"},{\"@type\":\"ListItem\",\"position\":2,\"name\":\"Business Case\"}]},{\"@type\":\"WebSite\",\"@id\":\"https:\\\/\\\/semead.com.br\\\/20\\\/#website\",\"url\":\"https:\\\/\\\/semead.com.br\\\/20\\\/\",\"name\":\"XX SemeAd\",\"description\":\"Semin\u00e1rios em Administra\u00e7\u00e3o\",\"potentialAction\":[{\"@type\":\"SearchAction\",\"target\":{\"@type\":\"EntryPoint\",\"urlTemplate\":\"https:\\\/\\\/semead.com.br\\\/20\\\/?s={search_term_string}\"},\"query-input\":{\"@type\":\"PropertyValueSpecification\",\"valueRequired\":true,\"valueName\":\"search_term_string\"}}],\"inLanguage\":\"pt-BR\"}]}<\/script>\n<!-- \/ Yoast SEO plugin. -->","yoast_head_json":{"title":"Business Case - XX SemeAd","robots":{"index":"index","follow":"follow","max-snippet":"max-snippet:-1","max-image-preview":"max-image-preview:large","max-video-preview":"max-video-preview:-1"},"canonical":"https:\/\/semead.com.br\/20\/business-case\/","og_locale":"pt_BR","og_type":"article","og_title":"Business Case - XX SemeAd","og_description":"[symple_heading style=&#8221;&#8221; title=&#8221;Gest\u00e3o Socioambiental&#8221; type=&#8221;h2&#8243; font_size=&#8221;40&#8243; text_align=&#8221;left&#8221; margin_top=&#8221;0&#8243; margin_bottom=&#8221;0&#8243; color=&#8221;undefined&#8221; icon_left=&#8221;&#8221; icon_right=&#8221;&#8221;] Business Speaker: Renato Boaventura Case da Empresa: Rhodia &#8211; Solvay\u00a0Group Tema: Gest\u00e3o Socioambiental Sala: FEA 5 Audit\u00f3rio &#8211; Dia: 08\/11\/2017 | Hor\u00e1rio: 14:35 &#8211; 16:05 [symple_box color=&#8221;gray&#8221; fade_in=&#8221;false&#8221; float=&#8221;center&#8221; text_align=&#8221;left&#8221; width=&#8221;&#8221;] [symple_column size=&#8221;one-third&#8221; position=&#8221;first&#8221; fade_in=&#8221;false&#8221;] [\/symple_column] [symple_column size=&#8221;two-third&#8221; position=&#8221;last&#8221; fade_in=&#8221;false&#8221;] RENATO BOAVENTURA Presidente...","og_url":"https:\/\/semead.com.br\/20\/business-case\/","og_site_name":"XX SemeAd","article_modified_time":"2017-11-09T12:30:24+00:00","og_image":[{"url":"https:\/\/semead.com.br\/20\/wp-content\/uploads\/sites\/7\/2017\/06\/rhodia-e1496853384772.png","type":"","width":"","height":""}],"twitter_card":"summary_large_image","twitter_misc":{"Est. tempo de leitura":"8 minutos"},"schema":{"@context":"https:\/\/schema.org","@graph":[{"@type":"WebPage","@id":"https:\/\/semead.com.br\/20\/business-case\/","url":"https:\/\/semead.com.br\/20\/business-case\/","name":"Business Case - XX SemeAd","isPartOf":{"@id":"https:\/\/semead.com.br\/20\/#website"},"primaryImageOfPage":{"@id":"https:\/\/semead.com.br\/20\/business-case\/#primaryimage"},"image":{"@id":"https:\/\/semead.com.br\/20\/business-case\/#primaryimage"},"thumbnailUrl":"https:\/\/semead.com.br\/20\/wp-content\/uploads\/sites\/7\/2017\/06\/rhodia-e1496853384772.png","datePublished":"2017-06-07T15:23:06+00:00","dateModified":"2017-11-09T12:30:24+00:00","breadcrumb":{"@id":"https:\/\/semead.com.br\/20\/business-case\/#breadcrumb"},"inLanguage":"pt-BR","potentialAction":[{"@type":"ReadAction","target":["https:\/\/semead.com.br\/20\/business-case\/"]}]},{"@type":"ImageObject","inLanguage":"pt-BR","@id":"https:\/\/semead.com.br\/20\/business-case\/#primaryimage","url":"https:\/\/semead.com.br\/20\/wp-content\/uploads\/sites\/7\/2017\/06\/rhodia-e1496853384772.png","contentUrl":"https:\/\/semead.com.br\/20\/wp-content\/uploads\/sites\/7\/2017\/06\/rhodia-e1496853384772.png","width":200,"height":81},{"@type":"BreadcrumbList","@id":"https:\/\/semead.com.br\/20\/business-case\/#breadcrumb","itemListElement":[{"@type":"ListItem","position":1,"name":"In\u00edcio","item":"https:\/\/semead.com.br\/20\/"},{"@type":"ListItem","position":2,"name":"Business Case"}]},{"@type":"WebSite","@id":"https:\/\/semead.com.br\/20\/#website","url":"https:\/\/semead.com.br\/20\/","name":"XX SemeAd","description":"Semin\u00e1rios em Administra\u00e7\u00e3o","potentialAction":[{"@type":"SearchAction","target":{"@type":"EntryPoint","urlTemplate":"https:\/\/semead.com.br\/20\/?s={search_term_string}"},"query-input":{"@type":"PropertyValueSpecification","valueRequired":true,"valueName":"search_term_string"}}],"inLanguage":"pt-BR"}]}},"_links":{"self":[{"href":"https:\/\/semead.com.br\/20\/wp-json\/wp\/v2\/pages\/13537","targetHints":{"allow":["GET"]}}],"collection":[{"href":"https:\/\/semead.com.br\/20\/wp-json\/wp\/v2\/pages"}],"about":[{"href":"https:\/\/semead.com.br\/20\/wp-json\/wp\/v2\/types\/page"}],"author":[{"embeddable":true,"href":"https:\/\/semead.com.br\/20\/wp-json\/wp\/v2\/users\/4"}],"replies":[{"embeddable":true,"href":"https:\/\/semead.com.br\/20\/wp-json\/wp\/v2\/comments?post=13537"}],"version-history":[{"count":0,"href":"https:\/\/semead.com.br\/20\/wp-json\/wp\/v2\/pages\/13537\/revisions"}],"wp:attachment":[{"href":"https:\/\/semead.com.br\/20\/wp-json\/wp\/v2\/media?parent=13537"}],"curies":[{"name":"wp","href":"https:\/\/api.w.org\/{rel}","templated":true}]}}