{"id":13609,"date":"2017-06-07T19:20:02","date_gmt":"2017-06-07T22:20:02","guid":{"rendered":"https:\/\/semead.com.br\/20\/?page_id=13609"},"modified":"2017-11-06T21:13:40","modified_gmt":"2017-11-06T23:13:40","slug":"workshops","status":"publish","type":"page","link":"https:\/\/semead.com.br\/20\/workshops\/","title":{"rendered":"Workshops"},"content":{"rendered":"<p>[symple_column size=&#8221;one-fourth&#8221; position=&#8221;first&#8221; fade_in=&#8221;false&#8221;]<img loading=\"lazy\" decoding=\"async\" class=\"alignnone wp-image-13630 size-thumbnail\" src=\"https:\/\/semead.com.br\/20\/wp-content\/uploads\/sites\/7\/2017\/06\/Julio-Cunha-Qualidade-Internet-14-150x150.jpg\" alt=\"\" width=\"150\" height=\"150\" \/>[\/symple_column]<\/p>\n<p>[symple_column size=&#8221;three-fourth&#8221; position=&#8221;last&#8221; fade_in=&#8221;false&#8221;]<\/p>\n<h3>Respons\u00e1vel:\u00a0Prof.\u00a0Dr.\u00a0Julio Carneiro da Cunha<\/h3>\n<p>UNINOVE<\/p>\n<p>[\/symple_column]<\/p>\n<p>[symple_heading style=&#8221;&#8221; title=&#8221;Mini-cursos:&#8221; type=&#8221;h1&#8243; font_size=&#8221;&#8221; text_align=&#8221;left&#8221; margin_top=&#8221;30&#8243; margin_bottom=&#8221;30&#8243; color=&#8221;undefined&#8221; icon_left=&#8221;&#8221; icon_right=&#8221;&#8221;]<br \/>\nOs mini-cursos ser\u00e3o ministrados em quatro sess\u00f5es de 1 hora e meia cada ao longo dos tr\u00eas dias do XX SemeAd. Eles s\u00e3o voltados a uma discuss\u00e3o mais aprofundada de temas espec\u00edficos de pesquisa com pesquisadores experientes nas tem\u00e1ticas propostas. A orienta\u00e7\u00e3o dos mini-cursos tamb\u00e9m se foca na condu\u00e7\u00e3o pr\u00e1tica de pesquisas emp\u00edricas. Ao final dos mini-cursos, os congressistas que estiverem presentes em todas as quatro sess\u00f5es receber\u00e3o certificados de participa\u00e7\u00e3o.<em>\u00a0<\/em><\/p>\n<p><strong>Mini-Curso 1 \u2013 Quantitativo: Modelagem em Painel Multin\u00edvel e o Desempenho de Firmas<\/strong><br \/>\nProf. Dr. Luiz Paulo F\u00e1vero (FEA \/ USP)<br \/>\nSala: FEA 5 &#8211; 309 &#8211; Dia: 08\/11\/2017 | Hor\u00e1rio: 14:35 &#8211; 16:05<br \/>\nSala: FEA 5 &#8211; 307 &#8211; Dia: 09\/11\/2017 | Hor\u00e1rio: 10:00 &#8211; 11:30<br \/>\nSala: FEA 5 &#8211; 309 &#8211; Dia: 09\/11\/2017 | Hor\u00e1rio: 15:05 &#8211; 16:35<br \/>\nSala: FEA 5 &#8211; 312\u00a0 &#8211; Dia: 10\/11\/2017 | Hor\u00e1rio: 10:00 &#8211; 11:30<\/p>\n<p><strong>Mini-Curso 2 \u2013 Qualitativo: An\u00e1lise de conte\u00fado e o uso do software nVivo<\/strong><br \/>\nProf. George Bedinelli Rossi (ESPM)<br \/>\nSala: FEA 1 G-4 &#8211; Dia: 08\/11\/2017 | Hor\u00e1rio: 14:35 &#8211; 16:05<br \/>\nSala: FEA 1 G-4 &#8211; Dia: 09\/11\/2017 | Hor\u00e1rio: 10:00 &#8211; 11:30<br \/>\nSala: FEA 1 G-4 &#8211; Dia: 09\/11\/2017 | Hor\u00e1rio: 15:05 &#8211; 16:35<br \/>\nSala: FEA 1 G-4 &#8211; Dia: 10\/11\/2017 | Hor\u00e1rio: 10:00 &#8211; 11:30<\/p>\n<p>&nbsp;<\/p>\n<p>[symple_heading style=&#8221;&#8221; title=&#8221;Oficinas metodol\u00f3gicas:&#8221; type=&#8221;h1&#8243; font_size=&#8221;&#8221; text_align=&#8221;left&#8221; margin_top=&#8221;30&#8243; margin_bottom=&#8221;30&#8243; color=&#8221;undefined&#8221; icon_left=&#8221;&#8221; icon_right=&#8221;&#8221;]<\/p>\n<p>As\u00a0oficinas metodol\u00f3gicas t\u00eam como objetivo oferecer oficinas orientadas \u00e0 instrumentaliza\u00e7\u00e3o e reflex\u00e3o da pesquisa emp\u00edrica em Administra\u00e7\u00e3o, Contabilidade e Turismo para os congressistas\u00a0do XX SemeAd. Esses workshops podem ser direcionados \u00e0s abordagens qualitativas ou quantitativas, de forma que o conjunto de ofertas de oficinas abarca diferentes tradi\u00e7\u00f5es de estudos do campo da Administra\u00e7\u00e3o. Assim, por meio de encontros de uma hora e meia, renomados pesquisadores ir\u00e3o abordar o uso de ferramentas de pesquisa, al\u00e9m de discutir espec\u00edficos protocolos de pesquisas, que podem orientar os estudos emp\u00edricos dos pesquisadores participantes desses workshops. Espera-se como resultado final, que essas sess\u00f5es possam aprimorar a habilidade dos participantes em planejar, conduzir e analisar seus trabalhos emp\u00edricos com m\u00e9todos aplicados espec\u00edficos para suas pesquisas.<\/p>\n<p>&nbsp;<\/p>\n<p>Workshops Metodol\u00f3gicos 1 | Dia: 08\/11\/2017 | Hor\u00e1rio: 14:35 &#8211; 16:05<\/p>\n<p>Sala: FEA 1 C-3 &#8211; Dia: 08\/11\/2017 | Hor\u00e1rio: 14:35 &#8211; 16:05<br \/>\n<strong>Os mitos e as pr\u00e1ticas da observa\u00e7\u00e3o nas organiza\u00e7\u00f5es<\/strong><br \/>\nRafael Alcadipani (EAESP \/ FGV)<\/p>\n<p>Sala: FEA 1 C-4 &#8211; Dia: 08\/11\/2017 | Hor\u00e1rio: 14:35 &#8211; 16:05<br \/>\n<strong>Elaborando casos de ensino<\/strong><br \/>\nTania Casado (FEA \/ USP) e C\u00e9sar Alexandre de Souza (FEA \/ USP)<\/p>\n<p>Sala: FEA 1 C-5 &#8211; Dia: 08\/11\/2017 | Hor\u00e1rio: 14:35 &#8211; 16:05<br \/>\n<strong>Hist\u00f3ria de vida e m\u00e9todo biogr\u00e1fico<\/strong><br \/>\nPedro Jaime (FEI)<\/p>\n<p>Sala: FEA 1 C-6 &#8211; Dia: 08\/11\/2017 | Hor\u00e1rio: 14:35 &#8211; 16:05<br \/>\n<strong>Aprendizagem baseada em problemas: uma interessante solu\u00e7\u00e3o?<\/strong><br \/>\nMara Alves Soares (UFU) e Reiner Botinha (UFU) e Silvia Pereira de Castro Casa Nova (FEA \/ USP)<\/p>\n<p>Sala: FEA 1 C-7 &#8211; Dia: 08\/11\/2017 | Hor\u00e1rio: 14:35 &#8211; 16:05<br \/>\n<strong>Prospec\u00e7\u00e3o de informa\u00e7\u00f5es em bases patent\u00e1rias: utiliza\u00e7\u00e3o da ferramenta computacional open source Patent2net<\/strong><br \/>\nRenato Ribeiro Nogueira Ferraz (UNINOVE)<\/p>\n<p>Sala: FEA 1 C-8 &#8211; Dia: 08\/11\/2017 | Hor\u00e1rio: 14:35 &#8211; 16:05<br \/>\n<strong>Bibliometria com o uso do BibExcel e do VOS Viewer<\/strong><br \/>\nJulio Carneiro da Cunha (UNINOVE)<\/p>\n<p>&nbsp;<\/p>\n<p>Workshops Metodol\u00f3gicos 2 | Dia: 09\/11\/2017 | Hor\u00e1rio: 10:00 &#8211; 11:30<\/p>\n<p>Sala: FEA 1 C-3 &#8211; Dia: 09\/11\/2017 | Hor\u00e1rio: 10:00 &#8211; 11:30<br \/>\n<strong>Tudo aquilo que voc\u00ea gostaria de saber sobre desenho de experimentos mas nunca ningu\u00e9m te contou<\/strong><br \/>\nJos\u00e9 Mauro da Costa Hernandez (FEI)<\/p>\n<p>Sala: FEA 1 C-4 &#8211; Dia: 09\/11\/2017 | Hor\u00e1rio: 10:00 &#8211; 11:30<br \/>\n<strong>Constru\u00e7\u00e3o e valida\u00e7\u00e3o de escalas de mensura\u00e7\u00e3o de atitudes<\/strong><br \/>\nMarcelo Gabriel (CINAU)<\/p>\n<p>Sala: FEA 1 C-5 &#8211; Dia: 09\/11\/2017 | Hor\u00e1rio: 10:00 &#8211; 11:30<br \/>\n<strong>Entre-vistas \u2013 planejamento, condu\u00e7\u00e3o e an\u00e1lise de entrevistas<\/strong><br \/>\nSilvia Pereira de Castro Casa Nova (FEA \/ USP) e Cintia do Nascimento Silva (FEA\/USP)<\/p>\n<p>Sala: FEA 1 C-6 &#8211; Dia: 09\/11\/2017 | Hor\u00e1rio: 10:00 &#8211; 11:30<br \/>\n<strong>Praticando Porter e outras teorias econ\u00f4micas no Laborat\u00f3rio de Gest\u00e3o<\/strong><br \/>\nAntonio Sauaia (FEA \/ USP)<\/p>\n<p>Sala: FEA 1 C-7 &#8211; Dia: 09\/11\/2017 | Hor\u00e1rio: 10:00 &#8211; 11:30<br \/>\n<strong>An\u00e1lise de dados p\u00fablicos em pesquisa: explorando os dados da economia do crime de roubo e furto de ve\u00edculos em S\u00e3o Paulo<\/strong><br \/>\nErivaldo Costa Vieira (FECAP) e Joelson Sampaio (FECAP)<\/p>\n<p>Sala: FEA 1 C-8 &#8211; Dia: 09\/11\/2017 | Hor\u00e1rio: 10:00 &#8211; 11:30<br \/>\n<strong>Rela\u00e7\u00f5es entre sujeito, tempo e espa\u00e7o em hospitalidade e turismo: uma abordagem complexa<\/strong><br \/>\nVander Valduga (UFPR)<\/p>\n<p>&nbsp;<\/p>\n<p>Workshops Metodol\u00f3gicos 3 | Dia: 09\/11\/2017 | Hor\u00e1rio: 15:05 &#8211; 16:35<\/p>\n<p>Sala: FEA 1 C-3 &#8211; Dia: 09\/11\/2017 | Hor\u00e1rio: 15:05 &#8211; 16:35<br \/>\n<strong>An\u00e1lises de modera\u00e7\u00e3o e media\u00e7\u00e3o usando an\u00e1lise de regress\u00e3o linear: uso da macro Process no SPSS<\/strong><br \/>\nJos\u00e9 Mauro da Costa Hernandez (FEI)<\/p>\n<p>Sala: FEA 1 C-4 &#8211; Dia: 09\/11\/2017 | Hor\u00e1rio: 15:05 &#8211; 16:35<br \/>\n<strong>Uso da modelagem de equa\u00e7\u00f5es estruturais baseada em vari\u00e2ncia \u2013 exemplo pr\u00e1tico com o uso do SmartPLS<\/strong><br \/>\nDirceu da Silva (UNICAMP) <em>*\u00e9 indicado ao congressista utilizar o pr\u00f3prio notebook com o software instalado.<\/em><\/p>\n<p>Sala: FEA 1 C-5 &#8211; Dia: 09\/11\/2017 | Hor\u00e1rio: 15:05 &#8211; 16:35<br \/>\n<strong>A aplica\u00e7\u00e3o da t\u00e9cnica Delphi em pesquisa cient\u00edfica: oportunidades e limites<\/strong><br \/>\nMaria Luisa Mendes Teixeira (Mackenzie)<\/p>\n<p>Sala: FEA 1 C-6 &#8211; Dia: 09\/11\/2017 | Hor\u00e1rio: 15:05 &#8211; 16:35<br \/>\n<strong>Revis\u00e3o de artigos para peri\u00f3dicos cient\u00edficos: como a pr\u00e1tica de peer-reviewing ajuda a desenvolver habilidades de autor<\/strong><br \/>\nJorge Carneiro (EAESP \/ FGV)<\/p>\n<p>Sala: FEA 1 C-7 &#8211; Dia: 09\/11\/2017 | Hor\u00e1rio: 15:05 &#8211; 16:35<br \/>\n<strong>Voc\u00ea conhece a sua disciplina? Mapas Conceituais para identificar obst\u00e1culos de aprendizagem<\/strong><br \/>\nPaulo Rog\u00e9rio Miranda Correia (EACH \/ USP)<\/p>\n<p>Sala: FEA 1 C-8 &#8211; Dia: 09\/11\/2017 | Hor\u00e1rio: 15:05 &#8211; 16:35<br \/>\n<strong>Levantamento de dados em bases socioecon\u00f4micas do IBGE<\/strong><br \/>\nJefferson Mariano (IBGE)<\/p>\n<p>&nbsp;<\/p>\n<p>Workshops Metodol\u00f3gicos 4 | Dia: 10\/11\/2017 | Hor\u00e1rio: 10:00 &#8211; 11:30<\/p>\n<p>Sala: FEA 1 C-3 &#8211; Dia: 10\/11\/2017 | Hor\u00e1rio: 10:00 &#8211; 11:30<br \/>\n<strong>An\u00e1lise multigrupo (AMG) em modelagem de equa\u00e7\u00f5es estruturais<\/strong><br \/>\nCarlos Alberto Alves (UAM)<\/p>\n<p>Sala: FEA 1 C-4 &#8211; Dia: 10\/11\/2017 | Hor\u00e1rio: 10:00 &#8211; 11:30<br \/>\n<strong>An\u00e1lise qualitativa de dados com o software Iramuteq<\/strong><br \/>\nMarcos Rog\u00e9rio Mazieri (UNINOVE)<\/p>\n<p>Sala: FEA 1 C-5 &#8211; Dia: 10\/11\/2017 | Hor\u00e1rio: 10:00 &#8211; 11:30<br \/>\n<strong>Elaborando artigos tecnol\u00f3gicos<\/strong><br \/>\nGustavo Silva da Motta (UFF e RAC)<\/p>\n<p>Sala: FEA 1 C-6 &#8211; Dia: 10\/11\/2017 | Hor\u00e1rio: 10:00 &#8211; 11:30<br \/>\n<strong>Administra\u00e7\u00e3o e historicidade: algumas dimens\u00f5es<\/strong><br \/>\nAmon Narciso de Barros (EAESP \/ FGV)<\/p>\n<p>Sala: FEA 1 C-7 &#8211; Dia: 10\/11\/2017 | Hor\u00e1rio: 10:00 &#8211; 11:30<br \/>\n<strong>Storytelling \u2013 Revolucionando a sala de aula<\/strong><br \/>\nSilvia Pereira de Castro Casa Nova (FEA \/ USP), Edvalda Araujo Leal (UFU) e Gilberto Miranda (UFU)<\/p>\n<p>Sala: FEA 1 C-8 &#8211; Dia: 10\/11\/2017 | Hor\u00e1rio: 10:00 &#8211; 11:30<br \/>\n<strong>Uso da base de dados Capital IQ<\/strong><br \/>\nMichele Nascimento Juc\u00e1 (Mackenzie)<\/p>\n","protected":false},"excerpt":{"rendered":"<p>[symple_column size=&#8221;one-fourth&#8221; position=&#8221;first&#8221; fade_in=&#8221;false&#8221;][\/symple_column] [symple_column size=&#8221;three-fourth&#8221; position=&#8221;last&#8221; fade_in=&#8221;false&#8221;] Respons\u00e1vel:\u00a0Prof.\u00a0Dr.\u00a0Julio Carneiro da Cunha UNINOVE [\/symple_column] [symple_heading style=&#8221;&#8221; title=&#8221;Mini-cursos:&#8221; type=&#8221;h1&#8243; font_size=&#8221;&#8221; text_align=&#8221;left&#8221; margin_top=&#8221;30&#8243; margin_bottom=&#8221;30&#8243; color=&#8221;undefined&#8221; icon_left=&#8221;&#8221; icon_right=&#8221;&#8221;] Os mini-cursos ser\u00e3o ministrados em quatro sess\u00f5es de 1 hora e meia cada ao longo dos tr\u00eas dias do XX SemeAd. Eles s\u00e3o voltados a uma discuss\u00e3o mais aprofundada de&#8230;<\/p>\n","protected":false},"author":4,"featured_media":0,"parent":0,"menu_order":0,"comment_status":"closed","ping_status":"closed","template":"","meta":{"_acf_changed":false,"_monsterinsights_skip_tracking":false,"_monsterinsights_sitenote_active":false,"_monsterinsights_sitenote_note":"","_monsterinsights_sitenote_category":0,"footnotes":""},"class_list":["post-13609","page","type-page","status-publish","hentry"],"acf":[],"yoast_head":"<!-- This site is optimized with the Yoast SEO plugin v27.4 - https:\/\/yoast.com\/product\/yoast-seo-wordpress\/ -->\n<title>Workshops - XX SemeAd<\/title>\n<meta name=\"robots\" content=\"index, follow, max-snippet:-1, max-image-preview:large, max-video-preview:-1\" \/>\n<link rel=\"canonical\" href=\"https:\/\/semead.com.br\/20\/workshops\/\" \/>\n<meta property=\"og:locale\" content=\"pt_BR\" \/>\n<meta property=\"og:type\" content=\"article\" \/>\n<meta property=\"og:title\" content=\"Workshops - XX SemeAd\" \/>\n<meta property=\"og:description\" content=\"[symple_column size=&#8221;one-fourth&#8221; position=&#8221;first&#8221; fade_in=&#8221;false&#8221;][\/symple_column] [symple_column size=&#8221;three-fourth&#8221; position=&#8221;last&#8221; fade_in=&#8221;false&#8221;] Respons\u00e1vel:\u00a0Prof.\u00a0Dr.\u00a0Julio Carneiro da Cunha UNINOVE [\/symple_column] [symple_heading style=&#8221;&#8221; title=&#8221;Mini-cursos:&#8221; type=&#8221;h1&#8243; font_size=&#8221;&#8221; text_align=&#8221;left&#8221; margin_top=&#8221;30&#8243; margin_bottom=&#8221;30&#8243; color=&#8221;undefined&#8221; icon_left=&#8221;&#8221; icon_right=&#8221;&#8221;] Os mini-cursos ser\u00e3o ministrados em quatro sess\u00f5es de 1 hora e meia cada ao longo dos tr\u00eas dias do XX SemeAd. Eles s\u00e3o voltados a uma discuss\u00e3o mais aprofundada de...\" \/>\n<meta property=\"og:url\" content=\"https:\/\/semead.com.br\/20\/workshops\/\" \/>\n<meta property=\"og:site_name\" content=\"XX SemeAd\" \/>\n<meta property=\"article:modified_time\" content=\"2017-11-06T23:13:40+00:00\" \/>\n<meta property=\"og:image\" content=\"https:\/\/semead.com.br\/20\/wp-content\/uploads\/sites\/7\/2017\/06\/Julio-Cunha-Qualidade-Internet-14-150x150.jpg\" \/>\n<meta name=\"twitter:card\" content=\"summary_large_image\" \/>\n<meta name=\"twitter:label1\" content=\"Est. tempo de leitura\" \/>\n\t<meta name=\"twitter:data1\" content=\"5 minutos\" \/>\n<script type=\"application\/ld+json\" class=\"yoast-schema-graph\">{\"@context\":\"https:\\\/\\\/schema.org\",\"@graph\":[{\"@type\":\"WebPage\",\"@id\":\"https:\\\/\\\/semead.com.br\\\/20\\\/workshops\\\/\",\"url\":\"https:\\\/\\\/semead.com.br\\\/20\\\/workshops\\\/\",\"name\":\"Workshops - XX SemeAd\",\"isPartOf\":{\"@id\":\"https:\\\/\\\/semead.com.br\\\/20\\\/#website\"},\"primaryImageOfPage\":{\"@id\":\"https:\\\/\\\/semead.com.br\\\/20\\\/workshops\\\/#primaryimage\"},\"image\":{\"@id\":\"https:\\\/\\\/semead.com.br\\\/20\\\/workshops\\\/#primaryimage\"},\"thumbnailUrl\":\"https:\\\/\\\/semead.com.br\\\/20\\\/wp-content\\\/uploads\\\/sites\\\/7\\\/2017\\\/06\\\/Julio-Cunha-Qualidade-Internet-14-150x150.jpg\",\"datePublished\":\"2017-06-07T22:20:02+00:00\",\"dateModified\":\"2017-11-06T23:13:40+00:00\",\"breadcrumb\":{\"@id\":\"https:\\\/\\\/semead.com.br\\\/20\\\/workshops\\\/#breadcrumb\"},\"inLanguage\":\"pt-BR\",\"potentialAction\":[{\"@type\":\"ReadAction\",\"target\":[\"https:\\\/\\\/semead.com.br\\\/20\\\/workshops\\\/\"]}]},{\"@type\":\"ImageObject\",\"inLanguage\":\"pt-BR\",\"@id\":\"https:\\\/\\\/semead.com.br\\\/20\\\/workshops\\\/#primaryimage\",\"url\":\"https:\\\/\\\/semead.com.br\\\/20\\\/wp-content\\\/uploads\\\/sites\\\/7\\\/2017\\\/06\\\/Julio-Cunha-Qualidade-Internet-14.jpg\",\"contentUrl\":\"https:\\\/\\\/semead.com.br\\\/20\\\/wp-content\\\/uploads\\\/sites\\\/7\\\/2017\\\/06\\\/Julio-Cunha-Qualidade-Internet-14.jpg\",\"width\":2000,\"height\":1374},{\"@type\":\"BreadcrumbList\",\"@id\":\"https:\\\/\\\/semead.com.br\\\/20\\\/workshops\\\/#breadcrumb\",\"itemListElement\":[{\"@type\":\"ListItem\",\"position\":1,\"name\":\"In\u00edcio\",\"item\":\"https:\\\/\\\/semead.com.br\\\/20\\\/\"},{\"@type\":\"ListItem\",\"position\":2,\"name\":\"Workshops\"}]},{\"@type\":\"WebSite\",\"@id\":\"https:\\\/\\\/semead.com.br\\\/20\\\/#website\",\"url\":\"https:\\\/\\\/semead.com.br\\\/20\\\/\",\"name\":\"XX SemeAd\",\"description\":\"Semin\u00e1rios em Administra\u00e7\u00e3o\",\"potentialAction\":[{\"@type\":\"SearchAction\",\"target\":{\"@type\":\"EntryPoint\",\"urlTemplate\":\"https:\\\/\\\/semead.com.br\\\/20\\\/?s={search_term_string}\"},\"query-input\":{\"@type\":\"PropertyValueSpecification\",\"valueRequired\":true,\"valueName\":\"search_term_string\"}}],\"inLanguage\":\"pt-BR\"}]}<\/script>\n<!-- \/ Yoast SEO plugin. -->","yoast_head_json":{"title":"Workshops - XX SemeAd","robots":{"index":"index","follow":"follow","max-snippet":"max-snippet:-1","max-image-preview":"max-image-preview:large","max-video-preview":"max-video-preview:-1"},"canonical":"https:\/\/semead.com.br\/20\/workshops\/","og_locale":"pt_BR","og_type":"article","og_title":"Workshops - XX SemeAd","og_description":"[symple_column size=&#8221;one-fourth&#8221; position=&#8221;first&#8221; fade_in=&#8221;false&#8221;][\/symple_column] [symple_column size=&#8221;three-fourth&#8221; position=&#8221;last&#8221; fade_in=&#8221;false&#8221;] Respons\u00e1vel:\u00a0Prof.\u00a0Dr.\u00a0Julio Carneiro da Cunha UNINOVE [\/symple_column] [symple_heading style=&#8221;&#8221; title=&#8221;Mini-cursos:&#8221; type=&#8221;h1&#8243; font_size=&#8221;&#8221; text_align=&#8221;left&#8221; margin_top=&#8221;30&#8243; margin_bottom=&#8221;30&#8243; color=&#8221;undefined&#8221; icon_left=&#8221;&#8221; icon_right=&#8221;&#8221;] Os mini-cursos ser\u00e3o ministrados em quatro sess\u00f5es de 1 hora e meia cada ao longo dos tr\u00eas dias do XX SemeAd. Eles s\u00e3o voltados a uma discuss\u00e3o mais aprofundada de...","og_url":"https:\/\/semead.com.br\/20\/workshops\/","og_site_name":"XX SemeAd","article_modified_time":"2017-11-06T23:13:40+00:00","og_image":[{"url":"https:\/\/semead.com.br\/20\/wp-content\/uploads\/sites\/7\/2017\/06\/Julio-Cunha-Qualidade-Internet-14-150x150.jpg","type":"","width":"","height":""}],"twitter_card":"summary_large_image","twitter_misc":{"Est. tempo de leitura":"5 minutos"},"schema":{"@context":"https:\/\/schema.org","@graph":[{"@type":"WebPage","@id":"https:\/\/semead.com.br\/20\/workshops\/","url":"https:\/\/semead.com.br\/20\/workshops\/","name":"Workshops - XX SemeAd","isPartOf":{"@id":"https:\/\/semead.com.br\/20\/#website"},"primaryImageOfPage":{"@id":"https:\/\/semead.com.br\/20\/workshops\/#primaryimage"},"image":{"@id":"https:\/\/semead.com.br\/20\/workshops\/#primaryimage"},"thumbnailUrl":"https:\/\/semead.com.br\/20\/wp-content\/uploads\/sites\/7\/2017\/06\/Julio-Cunha-Qualidade-Internet-14-150x150.jpg","datePublished":"2017-06-07T22:20:02+00:00","dateModified":"2017-11-06T23:13:40+00:00","breadcrumb":{"@id":"https:\/\/semead.com.br\/20\/workshops\/#breadcrumb"},"inLanguage":"pt-BR","potentialAction":[{"@type":"ReadAction","target":["https:\/\/semead.com.br\/20\/workshops\/"]}]},{"@type":"ImageObject","inLanguage":"pt-BR","@id":"https:\/\/semead.com.br\/20\/workshops\/#primaryimage","url":"https:\/\/semead.com.br\/20\/wp-content\/uploads\/sites\/7\/2017\/06\/Julio-Cunha-Qualidade-Internet-14.jpg","contentUrl":"https:\/\/semead.com.br\/20\/wp-content\/uploads\/sites\/7\/2017\/06\/Julio-Cunha-Qualidade-Internet-14.jpg","width":2000,"height":1374},{"@type":"BreadcrumbList","@id":"https:\/\/semead.com.br\/20\/workshops\/#breadcrumb","itemListElement":[{"@type":"ListItem","position":1,"name":"In\u00edcio","item":"https:\/\/semead.com.br\/20\/"},{"@type":"ListItem","position":2,"name":"Workshops"}]},{"@type":"WebSite","@id":"https:\/\/semead.com.br\/20\/#website","url":"https:\/\/semead.com.br\/20\/","name":"XX SemeAd","description":"Semin\u00e1rios em Administra\u00e7\u00e3o","potentialAction":[{"@type":"SearchAction","target":{"@type":"EntryPoint","urlTemplate":"https:\/\/semead.com.br\/20\/?s={search_term_string}"},"query-input":{"@type":"PropertyValueSpecification","valueRequired":true,"valueName":"search_term_string"}}],"inLanguage":"pt-BR"}]}},"_links":{"self":[{"href":"https:\/\/semead.com.br\/20\/wp-json\/wp\/v2\/pages\/13609","targetHints":{"allow":["GET"]}}],"collection":[{"href":"https:\/\/semead.com.br\/20\/wp-json\/wp\/v2\/pages"}],"about":[{"href":"https:\/\/semead.com.br\/20\/wp-json\/wp\/v2\/types\/page"}],"author":[{"embeddable":true,"href":"https:\/\/semead.com.br\/20\/wp-json\/wp\/v2\/users\/4"}],"replies":[{"embeddable":true,"href":"https:\/\/semead.com.br\/20\/wp-json\/wp\/v2\/comments?post=13609"}],"version-history":[{"count":0,"href":"https:\/\/semead.com.br\/20\/wp-json\/wp\/v2\/pages\/13609\/revisions"}],"wp:attachment":[{"href":"https:\/\/semead.com.br\/20\/wp-json\/wp\/v2\/media?parent=13609"}],"curies":[{"name":"wp","href":"https:\/\/api.w.org\/{rel}","templated":true}]}}