{"id":13933,"date":"2017-09-19T12:02:59","date_gmt":"2017-09-19T15:02:59","guid":{"rendered":"https:\/\/semead.com.br\/20\/?page_id=13933"},"modified":"2017-09-19T23:27:48","modified_gmt":"2017-09-20T02:27:48","slug":"xiv-seminario-brasil-portugal-internacionalizacao-de-empresas","status":"publish","type":"page","link":"https:\/\/semead.com.br\/20\/pre-conferencia\/xiv-seminario-brasil-portugal-internacionalizacao-de-empresas\/","title":{"rendered":"XIV Semin\u00e1rio Brasil-Portugal \u2013 Internacionaliza\u00e7\u00e3o de Empresas"},"content":{"rendered":"<table style=\"width: 778px;max-width: 100%;height: 292px\">\n<tbody>\n<tr>\n<td><img loading=\"lazy\" decoding=\"async\" class=\"\" src=\"https:\/\/semead.com.br\/20\/wp-content\/uploads\/sites\/7\/2017\/09\/fea.jpg\" alt=\"\" width=\"149\" height=\"163\" \/><\/td>\n<td><img loading=\"lazy\" decoding=\"async\" class=\"\" src=\"https:\/\/semead.com.br\/20\/wp-content\/uploads\/sites\/7\/2017\/09\/pgt.jpg\" alt=\"\" width=\"225\" height=\"118\" \/><img loading=\"lazy\" decoding=\"async\" class=\"\" src=\"https:\/\/semead.com.br\/20\/wp-content\/uploads\/sites\/7\/2017\/09\/iseg.png\" alt=\"\" width=\"96\" height=\"154\" \/><img loading=\"lazy\" decoding=\"async\" class=\"alignnone  wp-image-13974\" src=\"https:\/\/semead.com.br\/20\/wp-content\/uploads\/sites\/7\/2017\/09\/ufmg-300x131.jpg\" alt=\"\" width=\"263\" height=\"115\" srcset=\"https:\/\/semead.com.br\/20\/wp-content\/uploads\/sites\/7\/2017\/09\/ufmg-300x131.jpg 300w, https:\/\/semead.com.br\/20\/wp-content\/uploads\/sites\/7\/2017\/09\/ufmg.jpg 679w\" sizes=\"auto, (max-width: 263px) 100vw, 263px\" \/><\/td>\n<td><\/td>\n<\/tr>\n<\/tbody>\n<\/table>\n<h2 style=\"text-align: center\">XIV Semin\u00e1rio Brasil-Portugal \u2013 Internacionaliza\u00e7\u00e3o de Empresas<\/h2>\n<h3 style=\"text-align: center\">Gest\u00e3o da Transfer\u00eancia de Conhecimento Universidade\u2013Empresa<\/h3>\n<p style=\"text-align: center\">Integrado ao XX SemeAd \u2013 Semin\u00e1rios em Administra\u00e7\u00e3o PPGA\/FEA\/USP<\/p>\n<p style=\"text-align: center\">S\u00e3o Paulo, 7 de Novembro de 2017<br \/>\nFEA\/USP<\/p>\n<p><span style=\"font-size: 14pt\"><strong>Organiza\u00e7\u00e3o<\/strong><\/span><\/p>\n<p><strong>Universidade de S\u00e3o Paulo<\/strong><\/p>\n<p><strong>EAD\/FEA<\/strong><\/p>\n<p>Departamento de Administra\u00e7\u00e3o da Faculdade de Economia, Administra\u00e7\u00e3o e Contabilidade da Universidade de S\u00e3o Paulo<\/p>\n<p><strong>PGT\/USP<\/strong><\/p>\n<p>N\u00facleo de Politica e Gest\u00e3o Tecnol\u00f3gica da Universidade de S\u00e3o Paulo<\/p>\n<p><strong>PPGA\/SemeAd<\/strong><\/p>\n<p>Programa de P\u00f3s-Gradua\u00e7\u00e3o em Administra\u00e7\u00e3o\/Semin\u00e1rios de Administra\u00e7\u00e3o \u2013 Departamento de Administra\u00e7\u00e3o<\/p>\n<p><strong>Universidade de Lisboa<\/strong><\/p>\n<p><strong>ISEG<\/strong><\/p>\n<p>LisbonSchool of Economics&amp; Management<\/p>\n<p><strong>Universidade Federal de Minas Gerais <\/strong><\/p>\n<p><strong>FACE<\/strong><\/p>\n<p>Faculdade de Ci\u00eancias Econ\u00f4micas<\/p>\n<p>&nbsp;<\/p>\n<p><strong>Inscri\u00e7\u00f5es Gratuitas e Vagas Limitadas<\/strong><\/p>\n<p>Link para inscri\u00e7\u00f5es ao Semin\u00e1rio:\u00a0<a href=\"https:\/\/goo.gl\/forms\/fFyFYPF3UCjVnVb62\">https:\/\/goo.gl\/forms\/fFyFYPF3UCjVnVb62<\/a><\/p>\n<p>Informa\u00e7\u00f5es com Sonia Vitorino: <a href=\"mailto:npgctusp@usp.br\">npgctusp@usp.br<\/a> (11) 3091-5969<\/p>\n<p>&nbsp;<\/p>\n<h3>Programa\u00e7\u00e3o<\/h3>\n\n<table id=\"tablepress-11\" class=\"tablepress tablepress-id-11\">\n<thead>\n<tr class=\"row-1\">\n\t<th class=\"column-1\">Hor\u00e1rio<\/th><th class=\"column-2\">Evento<\/th>\n<\/tr>\n<\/thead>\n<tbody class=\"row-striping row-hover\">\n<tr class=\"row-2\">\n\t<td class=\"column-1\">08:30 \u2013 09:00<\/td><td class=\"column-2\"> Recep\u00e7\u00e3o e Acolhimento <\/td>\n<\/tr>\n<tr class=\"row-3\">\n\t<td class=\"column-1\">09:00 \u2013 09:30<\/td><td class=\"column-2\">Sess\u00e3o de Abertura <\/td>\n<\/tr>\n<tr class=\"row-4\">\n\t<td class=\"column-1\">09:30 \u2013 11:00<\/td><td class=\"column-2\">Confer\u00eancias de Abertura <br \/>\n<em>Gest\u00e3o do Conhecimento no \u00c2mbito da Rela\u00e7\u00e3o Universidade \u2013 Empresa: h\u00e1 algo de novo?<\/em><\/td>\n<\/tr>\n<tr class=\"row-5\">\n\t<td class=\"column-1\">11:00 \u2013 11:30<\/td><td class=\"column-2\">Caf\u00e9 e Conversa<\/td>\n<\/tr>\n<tr class=\"row-6\">\n\t<td class=\"column-1\">11:30 \u2013 12:30<\/td><td class=\"column-2\">Painel 1<br \/>\n<em>A estrat\u00e9gia de produ\u00e7\u00e3o e aplica\u00e7\u00e3o do conhecimento face \u00e0s novas ind\u00fastrias em desenvolvimento<\/em><\/td>\n<\/tr>\n<tr class=\"row-7\">\n\t<td class=\"column-1\">12:30 \u2013 14:00<\/td><td class=\"column-2\"> Almo\u00e7o<\/td>\n<\/tr>\n<tr class=\"row-8\">\n\t<td class=\"column-1\">14:00 \u2013 15:00<\/td><td class=\"column-2\">Painel 2<br \/>\n<em>L\u00e1 e c\u00e1, c\u00e1 e l\u00e1: pr\u00e1ticas de gest\u00e3o de transfer\u00eancia de conhecimento de empresas multinacionais<\/em><\/td>\n<\/tr>\n<tr class=\"row-9\">\n\t<td class=\"column-1\">15:00 \u2013 16:00<\/td><td class=\"column-2\">Painel 3<br \/>\n<em>Intelig\u00eancia, inova\u00e7\u00e3o e transfer\u00eancia do conhecimento : o papel das politicas p\u00fablicas<\/em><\/td>\n<\/tr>\n<tr class=\"row-10\">\n\t<td class=\"column-1\">16:00 \u2013 16:30<\/td><td class=\"column-2\">Caf\u00e9 e Conversa<\/td>\n<\/tr>\n<tr class=\"row-11\">\n\t<td class=\"column-1\">16:30 \u2013 18:00<\/td><td class=\"column-2\">Painel 4<br \/>\n<em>As rela\u00e7\u00f5es Luso-Brasileiras no contexto da economia baseada no conhecimento<\/em><\/td>\n<\/tr>\n<tr class=\"row-12\">\n\t<td class=\"column-1\">18:00 \u2013 19:00<\/td><td class=\"column-2\">Sess\u00e3o de Encerramento<br \/>\n<em>Um oceano que nos une \u2013 a experi\u00eancia de uma d\u00e9cada: Balan\u00e7o, Perspectivas e Prepara\u00e7\u00e3o do XV Semin\u00e1rio <\/em><\/td>\n<\/tr>\n<tr class=\"row-13\">\n\t<td class=\"column-1\">19:00<\/td><td class=\"column-2\">Confraterniza\u00e7\u00e3o<\/td>\n<\/tr>\n<\/tbody>\n<\/table>\n<!-- #tablepress-11 from cache -->\n","protected":false},"excerpt":{"rendered":"<p>XIV Semin\u00e1rio Brasil-Portugal \u2013 Internacionaliza\u00e7\u00e3o de Empresas Gest\u00e3o da Transfer\u00eancia de Conhecimento Universidade\u2013Empresa Integrado ao XX SemeAd \u2013 Semin\u00e1rios em Administra\u00e7\u00e3o PPGA\/FEA\/USP S\u00e3o Paulo, 7 de Novembro de 2017 FEA\/USP Organiza\u00e7\u00e3o Universidade de S\u00e3o Paulo EAD\/FEA Departamento de Administra\u00e7\u00e3o da Faculdade de Economia, Administra\u00e7\u00e3o e Contabilidade da Universidade de S\u00e3o Paulo PGT\/USP N\u00facleo de Politica&#8230;<\/p>\n","protected":false},"author":4,"featured_media":0,"parent":13931,"menu_order":0,"comment_status":"closed","ping_status":"closed","template":"","meta":{"_acf_changed":false,"_monsterinsights_skip_tracking":false,"_monsterinsights_sitenote_active":false,"_monsterinsights_sitenote_note":"","_monsterinsights_sitenote_category":0,"footnotes":""},"class_list":["post-13933","page","type-page","status-publish","hentry"],"acf":[],"yoast_head":"<!-- This site is optimized with the Yoast SEO plugin v27.4 - https:\/\/yoast.com\/product\/yoast-seo-wordpress\/ -->\n<title>XIV Semin\u00e1rio Brasil-Portugal \u2013 Internacionaliza\u00e7\u00e3o de Empresas - XX SemeAd<\/title>\n<meta name=\"robots\" content=\"index, follow, max-snippet:-1, max-image-preview:large, max-video-preview:-1\" \/>\n<link rel=\"canonical\" href=\"https:\/\/semead.com.br\/20\/pre-conferencia\/xiv-seminario-brasil-portugal-internacionalizacao-de-empresas\/\" \/>\n<meta property=\"og:locale\" content=\"pt_BR\" \/>\n<meta property=\"og:type\" content=\"article\" \/>\n<meta property=\"og:title\" content=\"XIV Semin\u00e1rio Brasil-Portugal \u2013 Internacionaliza\u00e7\u00e3o de Empresas - XX SemeAd\" \/>\n<meta property=\"og:description\" content=\"XIV Semin\u00e1rio Brasil-Portugal \u2013 Internacionaliza\u00e7\u00e3o de Empresas Gest\u00e3o da Transfer\u00eancia de Conhecimento Universidade\u2013Empresa Integrado ao XX SemeAd \u2013 Semin\u00e1rios em Administra\u00e7\u00e3o PPGA\/FEA\/USP S\u00e3o Paulo, 7 de Novembro de 2017 FEA\/USP Organiza\u00e7\u00e3o Universidade de S\u00e3o Paulo EAD\/FEA Departamento de Administra\u00e7\u00e3o da Faculdade de Economia, Administra\u00e7\u00e3o e Contabilidade da Universidade de S\u00e3o Paulo PGT\/USP N\u00facleo de Politica...\" \/>\n<meta property=\"og:url\" content=\"https:\/\/semead.com.br\/20\/pre-conferencia\/xiv-seminario-brasil-portugal-internacionalizacao-de-empresas\/\" \/>\n<meta property=\"og:site_name\" content=\"XX SemeAd\" \/>\n<meta property=\"article:modified_time\" content=\"2017-09-20T02:27:48+00:00\" \/>\n<meta property=\"og:image\" content=\"https:\/\/semead.com.br\/20\/wp-content\/uploads\/sites\/7\/2017\/09\/fea.jpg\" \/>\n<meta name=\"twitter:card\" content=\"summary_large_image\" \/>\n<meta name=\"twitter:label1\" content=\"Est. tempo de leitura\" \/>\n\t<meta name=\"twitter:data1\" content=\"1 minuto\" \/>\n<script type=\"application\/ld+json\" class=\"yoast-schema-graph\">{\"@context\":\"https:\\\/\\\/schema.org\",\"@graph\":[{\"@type\":\"WebPage\",\"@id\":\"https:\\\/\\\/semead.com.br\\\/20\\\/pre-conferencia\\\/xiv-seminario-brasil-portugal-internacionalizacao-de-empresas\\\/\",\"url\":\"https:\\\/\\\/semead.com.br\\\/20\\\/pre-conferencia\\\/xiv-seminario-brasil-portugal-internacionalizacao-de-empresas\\\/\",\"name\":\"XIV Semin\u00e1rio Brasil-Portugal \u2013 Internacionaliza\u00e7\u00e3o de Empresas - XX SemeAd\",\"isPartOf\":{\"@id\":\"https:\\\/\\\/semead.com.br\\\/20\\\/#website\"},\"primaryImageOfPage\":{\"@id\":\"https:\\\/\\\/semead.com.br\\\/20\\\/pre-conferencia\\\/xiv-seminario-brasil-portugal-internacionalizacao-de-empresas\\\/#primaryimage\"},\"image\":{\"@id\":\"https:\\\/\\\/semead.com.br\\\/20\\\/pre-conferencia\\\/xiv-seminario-brasil-portugal-internacionalizacao-de-empresas\\\/#primaryimage\"},\"thumbnailUrl\":\"https:\\\/\\\/semead.com.br\\\/20\\\/wp-content\\\/uploads\\\/sites\\\/7\\\/2017\\\/09\\\/fea.jpg\",\"datePublished\":\"2017-09-19T15:02:59+00:00\",\"dateModified\":\"2017-09-20T02:27:48+00:00\",\"breadcrumb\":{\"@id\":\"https:\\\/\\\/semead.com.br\\\/20\\\/pre-conferencia\\\/xiv-seminario-brasil-portugal-internacionalizacao-de-empresas\\\/#breadcrumb\"},\"inLanguage\":\"pt-BR\",\"potentialAction\":[{\"@type\":\"ReadAction\",\"target\":[\"https:\\\/\\\/semead.com.br\\\/20\\\/pre-conferencia\\\/xiv-seminario-brasil-portugal-internacionalizacao-de-empresas\\\/\"]}]},{\"@type\":\"ImageObject\",\"inLanguage\":\"pt-BR\",\"@id\":\"https:\\\/\\\/semead.com.br\\\/20\\\/pre-conferencia\\\/xiv-seminario-brasil-portugal-internacionalizacao-de-empresas\\\/#primaryimage\",\"url\":\"https:\\\/\\\/semead.com.br\\\/20\\\/wp-content\\\/uploads\\\/sites\\\/7\\\/2017\\\/09\\\/fea.jpg\",\"contentUrl\":\"https:\\\/\\\/semead.com.br\\\/20\\\/wp-content\\\/uploads\\\/sites\\\/7\\\/2017\\\/09\\\/fea.jpg\",\"width\":208,\"height\":242},{\"@type\":\"BreadcrumbList\",\"@id\":\"https:\\\/\\\/semead.com.br\\\/20\\\/pre-conferencia\\\/xiv-seminario-brasil-portugal-internacionalizacao-de-empresas\\\/#breadcrumb\",\"itemListElement\":[{\"@type\":\"ListItem\",\"position\":1,\"name\":\"In\u00edcio\",\"item\":\"https:\\\/\\\/semead.com.br\\\/20\\\/\"},{\"@type\":\"ListItem\",\"position\":2,\"name\":\"Pr\u00e9 Confer\u00eancia\",\"item\":\"https:\\\/\\\/semead.com.br\\\/20\\\/pre-conferencia\\\/\"},{\"@type\":\"ListItem\",\"position\":3,\"name\":\"XIV Semin\u00e1rio Brasil-Portugal \u2013 Internacionaliza\u00e7\u00e3o de Empresas\"}]},{\"@type\":\"WebSite\",\"@id\":\"https:\\\/\\\/semead.com.br\\\/20\\\/#website\",\"url\":\"https:\\\/\\\/semead.com.br\\\/20\\\/\",\"name\":\"XX SemeAd\",\"description\":\"Semin\u00e1rios em Administra\u00e7\u00e3o\",\"potentialAction\":[{\"@type\":\"SearchAction\",\"target\":{\"@type\":\"EntryPoint\",\"urlTemplate\":\"https:\\\/\\\/semead.com.br\\\/20\\\/?s={search_term_string}\"},\"query-input\":{\"@type\":\"PropertyValueSpecification\",\"valueRequired\":true,\"valueName\":\"search_term_string\"}}],\"inLanguage\":\"pt-BR\"}]}<\/script>\n<!-- \/ Yoast SEO plugin. -->","yoast_head_json":{"title":"XIV Semin\u00e1rio Brasil-Portugal \u2013 Internacionaliza\u00e7\u00e3o de Empresas - XX SemeAd","robots":{"index":"index","follow":"follow","max-snippet":"max-snippet:-1","max-image-preview":"max-image-preview:large","max-video-preview":"max-video-preview:-1"},"canonical":"https:\/\/semead.com.br\/20\/pre-conferencia\/xiv-seminario-brasil-portugal-internacionalizacao-de-empresas\/","og_locale":"pt_BR","og_type":"article","og_title":"XIV Semin\u00e1rio Brasil-Portugal \u2013 Internacionaliza\u00e7\u00e3o de Empresas - XX SemeAd","og_description":"XIV Semin\u00e1rio Brasil-Portugal \u2013 Internacionaliza\u00e7\u00e3o de Empresas Gest\u00e3o da Transfer\u00eancia de Conhecimento Universidade\u2013Empresa Integrado ao XX SemeAd \u2013 Semin\u00e1rios em Administra\u00e7\u00e3o PPGA\/FEA\/USP S\u00e3o Paulo, 7 de Novembro de 2017 FEA\/USP Organiza\u00e7\u00e3o Universidade de S\u00e3o Paulo EAD\/FEA Departamento de Administra\u00e7\u00e3o da Faculdade de Economia, Administra\u00e7\u00e3o e Contabilidade da Universidade de S\u00e3o Paulo PGT\/USP N\u00facleo de Politica...","og_url":"https:\/\/semead.com.br\/20\/pre-conferencia\/xiv-seminario-brasil-portugal-internacionalizacao-de-empresas\/","og_site_name":"XX SemeAd","article_modified_time":"2017-09-20T02:27:48+00:00","og_image":[{"url":"https:\/\/semead.com.br\/20\/wp-content\/uploads\/sites\/7\/2017\/09\/fea.jpg","type":"","width":"","height":""}],"twitter_card":"summary_large_image","twitter_misc":{"Est. tempo de leitura":"1 minuto"},"schema":{"@context":"https:\/\/schema.org","@graph":[{"@type":"WebPage","@id":"https:\/\/semead.com.br\/20\/pre-conferencia\/xiv-seminario-brasil-portugal-internacionalizacao-de-empresas\/","url":"https:\/\/semead.com.br\/20\/pre-conferencia\/xiv-seminario-brasil-portugal-internacionalizacao-de-empresas\/","name":"XIV Semin\u00e1rio Brasil-Portugal \u2013 Internacionaliza\u00e7\u00e3o de Empresas - XX SemeAd","isPartOf":{"@id":"https:\/\/semead.com.br\/20\/#website"},"primaryImageOfPage":{"@id":"https:\/\/semead.com.br\/20\/pre-conferencia\/xiv-seminario-brasil-portugal-internacionalizacao-de-empresas\/#primaryimage"},"image":{"@id":"https:\/\/semead.com.br\/20\/pre-conferencia\/xiv-seminario-brasil-portugal-internacionalizacao-de-empresas\/#primaryimage"},"thumbnailUrl":"https:\/\/semead.com.br\/20\/wp-content\/uploads\/sites\/7\/2017\/09\/fea.jpg","datePublished":"2017-09-19T15:02:59+00:00","dateModified":"2017-09-20T02:27:48+00:00","breadcrumb":{"@id":"https:\/\/semead.com.br\/20\/pre-conferencia\/xiv-seminario-brasil-portugal-internacionalizacao-de-empresas\/#breadcrumb"},"inLanguage":"pt-BR","potentialAction":[{"@type":"ReadAction","target":["https:\/\/semead.com.br\/20\/pre-conferencia\/xiv-seminario-brasil-portugal-internacionalizacao-de-empresas\/"]}]},{"@type":"ImageObject","inLanguage":"pt-BR","@id":"https:\/\/semead.com.br\/20\/pre-conferencia\/xiv-seminario-brasil-portugal-internacionalizacao-de-empresas\/#primaryimage","url":"https:\/\/semead.com.br\/20\/wp-content\/uploads\/sites\/7\/2017\/09\/fea.jpg","contentUrl":"https:\/\/semead.com.br\/20\/wp-content\/uploads\/sites\/7\/2017\/09\/fea.jpg","width":208,"height":242},{"@type":"BreadcrumbList","@id":"https:\/\/semead.com.br\/20\/pre-conferencia\/xiv-seminario-brasil-portugal-internacionalizacao-de-empresas\/#breadcrumb","itemListElement":[{"@type":"ListItem","position":1,"name":"In\u00edcio","item":"https:\/\/semead.com.br\/20\/"},{"@type":"ListItem","position":2,"name":"Pr\u00e9 Confer\u00eancia","item":"https:\/\/semead.com.br\/20\/pre-conferencia\/"},{"@type":"ListItem","position":3,"name":"XIV Semin\u00e1rio Brasil-Portugal \u2013 Internacionaliza\u00e7\u00e3o de Empresas"}]},{"@type":"WebSite","@id":"https:\/\/semead.com.br\/20\/#website","url":"https:\/\/semead.com.br\/20\/","name":"XX SemeAd","description":"Semin\u00e1rios em Administra\u00e7\u00e3o","potentialAction":[{"@type":"SearchAction","target":{"@type":"EntryPoint","urlTemplate":"https:\/\/semead.com.br\/20\/?s={search_term_string}"},"query-input":{"@type":"PropertyValueSpecification","valueRequired":true,"valueName":"search_term_string"}}],"inLanguage":"pt-BR"}]}},"_links":{"self":[{"href":"https:\/\/semead.com.br\/20\/wp-json\/wp\/v2\/pages\/13933","targetHints":{"allow":["GET"]}}],"collection":[{"href":"https:\/\/semead.com.br\/20\/wp-json\/wp\/v2\/pages"}],"about":[{"href":"https:\/\/semead.com.br\/20\/wp-json\/wp\/v2\/types\/page"}],"author":[{"embeddable":true,"href":"https:\/\/semead.com.br\/20\/wp-json\/wp\/v2\/users\/4"}],"replies":[{"embeddable":true,"href":"https:\/\/semead.com.br\/20\/wp-json\/wp\/v2\/comments?post=13933"}],"version-history":[{"count":0,"href":"https:\/\/semead.com.br\/20\/wp-json\/wp\/v2\/pages\/13933\/revisions"}],"up":[{"embeddable":true,"href":"https:\/\/semead.com.br\/20\/wp-json\/wp\/v2\/pages\/13931"}],"wp:attachment":[{"href":"https:\/\/semead.com.br\/20\/wp-json\/wp\/v2\/media?parent=13933"}],"curies":[{"name":"wp","href":"https:\/\/api.w.org\/{rel}","templated":true}]}}