{"id":14641,"date":"2018-09-17T12:48:42","date_gmt":"2018-09-17T15:48:42","guid":{"rendered":"https:\/\/semead.com.br\/21\/?page_id=14641"},"modified":"2018-11-18T15:25:37","modified_gmt":"2018-11-18T17:25:37","slug":"workshops","status":"publish","type":"page","link":"https:\/\/semead.com.br\/21\/workshops\/","title":{"rendered":"Workshops"},"content":{"rendered":"<p>[symple_column size=&#8221;one-fourth&#8221; position=&#8221;first&#8221; fade_in=&#8221;false&#8221;]<img loading=\"lazy\" decoding=\"async\" class=\"alignnone wp-image-13630 size-thumbnail\" src=\"https:\/\/semead.com.br\/20\/wp-content\/uploads\/sites\/7\/2017\/06\/Julio-Cunha-Qualidade-Internet-14-150x150.jpg\" alt=\"\" width=\"150\" height=\"150\">[\/symple_column] [symple_column size=&#8221;three-fourth&#8221; position=&#8221;last&#8221; fade_in=&#8221;false&#8221;]<\/p>\n<h3>Respons\u00e1vel:&nbsp;Prof.&nbsp;Dr.&nbsp;Julio Carneiro da Cunha<\/h3>\n<p>UNINOVE [\/symple_column]<\/p>\n<h3>Minicursos:<\/h3>\n<p>Os mini-cursos ser\u00e3o ministrados em quatro sess\u00f5es de 1 hora e meia cada ao longo dos tr\u00eas dias do XXI SemeAd. Eles s\u00e3o voltados a uma discuss\u00e3o mais aprofundada de temas espec\u00edficos de pesquisa com pesquisadores experientes nas tem\u00e1ticas propostas. A orienta\u00e7\u00e3o dos mini-cursos tamb\u00e9m se foca na condu\u00e7\u00e3o pr\u00e1tica de pesquisas emp\u00edricas. Ao final dos mini-cursos, os congressistas que estiverem presentes em todas as quatro sess\u00f5es receber\u00e3o certificados de participa\u00e7\u00e3o.<\/p>\n<h2><strong>MINI CURSO 1 &#8211; QUALITATIVO:<\/strong><\/h2>\n<h3><strong>ENTREVISTAS: FAZER, ANALISAR, TEORIZAR<\/strong><br>Andrea Leite Rodrigues (EACH \/ USP)<\/h3>\n<p>M\u00e9todos qualitativos de pesquisa exigem coragem! N\u00e3o h\u00e1 como optar por esse caminho sem se expor, se mostrar em suas cren\u00e7as, valores, vis\u00e3o de mundo. Mas \u00e9 preciso tomar cuidado: h\u00e1 algo de capcioso quando se trabalha com interpreta\u00e7\u00e3o, sentido e subjetividade. Pode parecer f\u00e1cil coletar evid\u00eancias com entrevistas, observa\u00e7\u00f5es, textos e imagens. Por\u00e9m, o maior desafio vem na sequ\u00eancia: como obter, analisar e desenvolver teoria a partir das coletas? Como fazer o di\u00e1logo entre achados e o quadro te\u00f3rico escolhido? Como evitar tomar as falas de forma solta e descontextualizada, gerando interpreta\u00e7\u00f5es de fr\u00e1gil sustenta\u00e7\u00e3o?<\/p>\n<p>A proposta desse minicurso \u00e9 concentrar esfor\u00e7os de aprendizagem na fase p\u00f3s realiza\u00e7\u00e3o de entrevistas. Haver\u00e1 4 encontros com as seguintes tem\u00e1ticas:<br>7\/11 quarta 14:35 as 16:05 Entrevista e desenho de pesquisa: por que? para qu\u00ea? Com quem?<br>08\/11 quinta 10 as 11:30 Fazer entrevistas: vamos conversar\u00bf Experiencia dial\u00f3gica<br>08\/11 quinta 15:05 as 16:35 Fiz entrevista, e agora? An\u00e1lise e di\u00e1logo com o quadro te\u00f3rico<br>09\/11 sexta 10:00 as 11:35 Erros, acertos, boas pr\u00e1ticas e armadilhas.<\/p>\n<h2><strong>MINI CURSO 2 &#8211; QUANTITATIVO<\/strong><\/h2>\n<h3><strong>M\u00c9TODOS E T\u00c9CNICAS PARA PRODU\u00c7\u00c3O CIENT\u00cdFICA EM INOVA\u00c7\u00c3O<\/strong><\/h3>\n<h4><strong>M\u00d3DULO 1: AN\u00c1LISE DE PATENTES &#8211; Prof. Renato Ferraz<\/strong><\/h4>\n<p>07\/11 &#8211; Quarta-feira &#8211; das 14:35 \u00e0s 16:05<br>Nesse primeiro m\u00f3dulo, ser\u00e1 abordado como um pesquisador pode realizar uma an\u00e1lise de patentes sobre um determinado termo-chave a partir de uma busca na base da dados Espacenet, do Escrit\u00f3rio Europeu de Patentes, utilizando a ferramenta computacional de uso livre denominada Patent2net. Espera-se que ao final desse curso o participante saiba identificar a rota tecnol\u00f3gica relacionada a um determinado tema a partir das patentes contidas nesse base de dados com mais de 100 milh\u00f5es de documentos. O pesquisador ter\u00e1 acesso a um panorama dos resultados de mercado sobre as inova\u00e7\u00f5es geradas em determinado assunto de busca., permitindo que se d\u00ea continuidade ao estudo por meio de an\u00e1lises qualitativas do conte\u00fado de patentes selecionadas.<\/p>\n<p>Para um melhor aproveitamento desse m\u00f3dulo \u00e9 sugerido:<br>1 \u2013 que o participante traga seu equipamento pr\u00f3prio (de 64 bits);<br>2 \u2013 que o computador possua o navegador Mozilla Firefox j\u00e1 instalado (dispon\u00edvel em: <a href=\"https:\/\/www.mozilla.org\/pt-BR\/\">https:\/\/www.mozilla.org\/pt-BR\/<\/a>);<br>3 \u2013 que o participante baixe o pacote de softwares (antes do mini-curso!) dispon\u00edvel em: <a href=\"https:\/\/drive.google.com\/drive\/folders\/1czC-w71a2KtGjwxVOLL6QECoTSmYmfZ-?usp=sharing\">https:\/\/drive.google.com\/drive\/folders\/1czC-w71a2KtGjwxVOLL6QECoTSmYmfZ-?usp=sharing<\/a><\/p>\n<h4><strong>M\u00d3DULO 2: AN\u00c1LISE BIBLIOM\u00c9TRICA E AN\u00c1LISE DE REDES SOCIAIS &#8211; Prof. Dennys Eduardo Rossetto<\/strong><\/h4>\n<p>08\/11 &#8211; Quinta-feira &#8211; das 10:00 \u00e0s 11:30<br>No segundo m\u00f3dulo, o pesquisador vai poder complementar os achados sobre determinada inova\u00e7\u00e3o no mercado com os resultados de inova\u00e7\u00e3o na literatura acad\u00eamica. Ou seja, ele ter\u00e1 uma perspectiva te\u00f3rica ao mesmo tempo em que tem o conhecimento do que foi gerado para o mercado sobre determinada inova\u00e7\u00e3o. Com isso, espera-se que o pesquisador tenha uma abordagem mais ampla do que foi produzido sobre determinada inova\u00e7\u00e3o. Para esse levantamento te\u00f3rico, realizar-se-\u00e1 um levantamento sobre os termos-chave empregados anteriormente no base de dados do Web of Science (Clarivate). Posteriormente, uma an\u00e1lise dos achados poder\u00e1 ser conduzida a partir dos conhecimentos de an\u00e1lise de redes sociais utilizando-se de softwares como o Pajek e o VOSViewer. Espera-se que o pesquisador possa nesse momento ter um panorama do que existe publicado do ponto de vista acad\u00eamico sobre determinada inova\u00e7\u00e3o.<\/p>\n<h4><strong>M\u00d3DULO 3: TECHNOLOGY ROADMAPPING &#8211; Prof. Leonardo Gomes<\/strong><\/h4>\n<p>08\/11 &#8211; Quinta-feira &#8211; das 15:05 \u00e0s 16:35<br>De posse de conhecimentos sobre a publica\u00e7\u00e3o de uma inova\u00e7\u00e3o do ponto de vista de mercado e tamb\u00e9m acad\u00eamico, o passo seguinte para o pesquisador \u00e9 compreender as tend\u00eancias para as quais esses resultados apontam. Nesse m\u00f3dulo, o pesquisador ter\u00e1 contato com o technology roadmapping, que \u00e9 uma metodologia para se compreender tend\u00eancias de inova\u00e7\u00e3o e tecnol\u00f3gica de determinado assunto investigado. Os conhecimentos adquiridos poder\u00e3o propor caminhos e estrat\u00e9gias para as organiza\u00e7\u00f5es envolvidas com a inova\u00e7\u00e3o estudada desenvolverem e direcionarem seus esfor\u00e7os de inova\u00e7\u00e3o.<\/p>\n<h4><strong>M\u00d3DULO 4: MAPEAMENTO DE INOVA\u00c7\u00d5ES E TEND\u00caNCIAS DE PUBLICA\u00c7\u00d5ES NA \u00c1REA DE INOVA\u00c7\u00c3O &#8211; prof. Felipe Borini, prof. Roberto Bernardes e prof. Leonardo Gomes<\/strong><\/h4>\n<p>09\/11 &#8211; Sexta-feira &#8211; das 10:00 \u00e1s 11:30<br>Nesse m\u00f3dulo de fechamento, o pesquisador entender\u00e1 como unir os resultados das tr\u00eas etapas anteriores (an\u00e1lise de patentes; an\u00e1lise bibliom\u00e9trica; technology roadmapping) no intuito de elaborar um relat\u00f3rio de pesquisa que possa analisar uma inova\u00e7\u00e3o tecnol\u00f3gica em profundidade. A partir desses resultados, uma pesquisa que possa mapear os conhecimentos sobre uma inova\u00e7\u00e3o e que aponta para tend\u00eancias futuras poder\u00e1 ser conduzida sustentada com dados coletados e metodologias robustas. Subsequentemente, tend\u00eancias de publica\u00e7\u00f5es para a \u00e1rea de inova\u00e7\u00e3o ser\u00e3o discutidas para que se possa ter em mente quais s\u00e3o as expectativas de publica\u00e7\u00f5es para a \u00e1rea e como esse tipo de pesquisa abordado no mini curso pode se encaixar nas tend\u00eancias de publica\u00e7\u00e3o em inova\u00e7\u00e3o.<\/p>\n<p><\/p>\n\n\n<h2 class=\"wp-block-heading\"><strong>Oficinas metodol\u00f3gicas:<\/strong><\/h2>\n\n\n\n<p>As oficinas metodol\u00f3gicas t\u00eam como objetivo oferecer oficinas orientadas \u00e0 instrumentaliza\u00e7\u00e3o e reflex\u00e3o da pesquisa emp\u00edrica em Administra\u00e7\u00e3o, Contabilidade e Turismo para os congressistas do XXI SemeAd. Esses workshops podem ser direcionados \u00e0s abordagens qualitativas ou quantitativas, de forma que o conjunto de ofertas de oficinas abarca diferentes tradi\u00e7\u00f5es de estudos do campo da Administra\u00e7\u00e3o. Assim, por meio de encontros de uma hora e meia, renomados pesquisadores ir\u00e3o abordar o uso de ferramentas de pesquisa, al\u00e9m de discutir espec\u00edficos protocolos de pesquisas, que podem orientar os estudos emp\u00edricos dos pesquisadores participantes desses workshops. Espera-se como resultado final, que essas sess\u00f5es possam aprimorar a habilidade dos participantes em planejar, conduzir e analisar seus trabalhos emp\u00edricos com m\u00e9todos aplicados espec\u00edficos para suas pesquisas.<\/p>\n\n\n\n<p>*Oficinas com duas op\u00e7\u00f5es de hor\u00e1rio.<\/p>\n\n\n\n<h2 class=\"wp-block-heading\"><strong>Dia: 07\/11\/2018 | Hor\u00e1rio: 14:35 &#8211; 16:05<\/strong><\/h2>\n\n\n\n<table class=\"wp-block-table has-fixed-layout tabela\"><tbody><tr><td>Sala: FEA 1 G02 &#8211; Dia: 07\/11\/2018 | Hor\u00e1rio: 14:35 &#8211; 16:05 <\/td><td>Sala: FEA 1 G03 &#8211; Dia: 07\/11\/2018 | Hor\u00e1rio: 14:35 &#8211; 16:05 <\/td><\/tr><tr><td><strong>Constru\u00e7\u00e3o e valida\u00e7\u00e3o de escalas de mensura\u00e7\u00e3o de atitudes<\/strong> <\/td><td><strong>An\u00e1lise de Redes Sociais<br\/>(Para o melhor aproveitamento da sess\u00e3o, sugere-se que os participantes instalem o Ucinet em seus computadores:\u00a0<br\/><a href=\"https:\/\/sites.google.com\/site\/ucinetsoftware\/downloads\" target=\"_blank\" rel=\"noreferrer noopener\">https:\/\/sites.google.com\/site\/ucinetsoftware\/downloads)<\/a><\/strong><\/td><\/tr><tr><td>Marcelo Gabriel (CINAU) <\/td><td>Charles Kirschbaum (Insper) <\/td><\/tr><\/tbody><\/table>\n\n\n\n<table class=\"wp-block-table has-fixed-layout tabela\"><tbody><tr><td>Sala: FEA 1 G08 &#8211; Dia: 07\/11\/2018 | Hor\u00e1rio: 14:35 &#8211; 16:05 <\/td><td>Sala: FEA 1 G09 &#8211; Dia: 07\/11\/2018 | Hor\u00e1rio: 14:35 &#8211; 16:05 <\/td><\/tr><tr><td><strong>M\u00e9tricas e Usos do Eye Tracking nas Pesquisas Acad\u00eamicas de Marketing<\/strong> <\/td><td><strong>Ensino e Pesquisa em Neg\u00f3cios: Desempenho acad\u00eamico &#8211; o papel de docentes e de discentes<\/strong> <\/td><\/tr><tr><td>Eduardo Eug\u00eanio Spers (ESPM e ESALQ \/ USP) <\/td><td>Silvia Pereira de Castro Casa Nova (USP) e M\u00f4nica Ferreira (UFU) <\/td><\/tr><\/tbody><\/table>\n\n\n\n<table class=\"wp-block-table has-fixed-layout tabela\"><tbody><tr><td>Sala: FEA5 &#8211; SALA 308 &#8211; Dia: 07\/11\/2018 | Hor\u00e1rio: 14:35 &#8211; 16:05 <\/td><td>Sala: FEA5 &#8211; SALA 310 &#8211; Dia: 07\/11\/2018 | Hor\u00e1rio: 14:35 &#8211; 16:05 <\/td><\/tr><tr><td><strong>An\u00e1lise de dados qualitativos com o uso do Iramuteq*<\/strong> <\/td><td><br\/><strong>Metodologia Quali-Quantitativa para an\u00e1lise da efici\u00eancia: casos utilizando An\u00e1lise Envolt\u00f3ria de Dados<\/strong><\/td><\/tr><tr><td>Marcos Mazzieri (UNINOVE) <\/td><td>Alexandre Pereira Salgado Junior (FEA-RP \/ USP) <\/td><\/tr><\/tbody><\/table>\n\n\n\n<table class=\"wp-block-table has-fixed-layout tabela\"><tbody><tr><td>Sala: FEA 1 G06 &#8211; Dia: 07\/11\/2018 | Hor\u00e1rio: 14:35 &#8211; 16:05 <\/td><td><\/td><\/tr><tr><td><strong>Acredita\u00e7\u00e3o de MBAs de Escolas de Neg\u00f3cio Brasileiras: Padr\u00e3o ANAMBA de Qualidade<\/strong> <\/td><td><\/td><\/tr><tr><td><em>Leandro Morilhas (FIA)<\/em> <\/td><td><\/td><\/tr><\/tbody><\/table>\n\n\n\n<p><br\/><\/p>\n\n\n\n<h2 class=\"wp-block-heading\"><strong>08\/11\/2018 | Hor\u00e1rio: 10:00 &#8211; 11:30<\/strong><\/h2>\n\n\n\n<table class=\"wp-block-table has-fixed-layout tabela\"><tbody><tr><td>Sala: FEA 1 Congrega\u00e7\u00e3o &#8211; Dia: 08\/11\/2018 | Hor\u00e1rio: 10:00 &#8211; 11:30 <\/td><td>Sala: FEA 1 E13 &#8211; Dia: Dia: 08\/11\/2018 | Hor\u00e1rio: 10:00 &#8211; 11:30 <\/td><\/tr><tr><td><strong>Matriz de amarra\u00e7\u00e3o em estudos de Marketing<\/strong><br\/><br\/><a href=\"https:\/\/semead.com.br\/21\/wp-content\/uploads\/sites\/8\/2018\/11\/Matriz-de-amarra\u00e7\u00e3o-em-estudos-de-Marketing.pdf\" target=\"_blank\">Clique aqui para baixar a apresenta\u00e7\u00e3o<\/a><\/td><td><strong>Hist\u00f3ria em Quadrinhos (HQs): Estrat\u00e9gia Inovadora de Ensino e Aprendizagem<\/strong> <\/td><\/tr><tr><td>Jos\u00e9 Affonso Mazzon (FEA \/ USP) <\/td><td>Anielson Barbosa da Silva (UFPB) <\/td><\/tr><\/tbody><\/table>\n\n\n\n<table class=\"wp-block-table has-fixed-layout tabela\"><tbody><tr><td>Sala: FEA 1 G05 &#8211; Dia: 08\/11\/2018 | Hor\u00e1rio: 10:00 &#8211; 11:30 <\/td><td>Sala: FEA 1 C03 &#8211; Dia: 08\/11\/2018 | Hor\u00e1rio: 10:00 &#8211; 11:30 <\/td><\/tr><tr><td><strong>Levantamento de dados em bases socioecon\u00f4micas do IBGE*<\/strong> <\/td><td><strong>M\u00e9todo Fenomenogr\u00e1fico<\/strong> <\/td><\/tr><tr><td>Jefferson Mariano (IBGE) <\/td><td>Sandra Regina da Rocha-Pinto (IAG \/ PUC-Rio) <\/td><\/tr><\/tbody><\/table>\n\n\n\n<table class=\"wp-block-table has-fixed-layout tabela\"><tbody><tr><td>Sala: FEA 1 G13 &#8211; Dia: 08\/11\/2018 | Hor\u00e1rio: 10:00 &#8211; 11:30 <\/td><td>Sala: FEA5 &#8211; SALA 308 &#8211; Dia: 08\/11\/2018 | Hor\u00e1rio: 10:00 &#8211; 11:30 <\/td><\/tr><tr><td><strong>Big Data Analytics<\/strong> <\/td><td><strong>Princ\u00edpios de Pesquisa Quantitativa<\/strong> <\/td><\/tr><tr><td>Eduardo de Rezende Francisco (EAESP \/ FGV e ESPM) <\/td><td>Joelson Sampaio (FECAP) <\/td><\/tr><\/tbody><\/table>\n\n\n\n<table class=\"wp-block-table has-fixed-layout tabela\"><tbody><tr><td>Sala: FEA5 &#8211; SALA 312 &#8211; Dia: 08\/11\/2018 | Hor\u00e1rio: 10:00 &#8211; 11:30 <\/td><td><\/td><\/tr><tr><td><strong>Uso da Modelagem de Equa\u00e7\u00f5es Estruturais baseada em vari\u00e2ncia \u2013 Exemplo pr\u00e1tico com o uso do SmartPLS<\/strong> <\/td><td><\/td><\/tr><tr><td>Dirceu da Silva (UNICAMP) <\/td><td><\/td><\/tr><\/tbody><\/table>\n\n\n\n<h2 class=\"wp-block-heading\"><strong>08\/11\/2018 | Hor\u00e1rio: 15:05 &#8211; 16:35<\/strong><\/h2>\n\n\n\n<table class=\"wp-block-table has-fixed-layout tabela\"><tbody><tr><td>Sala: FEA 1 E01 &#8211; Dia: 08\/11\/2018 | Hor\u00e1rio: 15:05 &#8211; 16:35 <\/td><td>Sala: FEA 1 G04 &#8211; Dia: 08\/11\/2018 | Hor\u00e1rio: 15:05 &#8211; 16:35 <\/td><\/tr><tr><td><strong>Estudo de Casos M\u00faltiplos<\/strong> <\/td><td><strong>O que \u00e9 preciso saber para construir escalas e medidas subjetivas?<\/strong> <\/td><\/tr><tr><td>Ant\u00f4nio Carlos Gil (USCS) <\/td><td>Marcelo Fernandes da Costa (IP \/ USP) <\/td><\/tr><\/tbody><\/table>\n\n\n\n<table class=\"wp-block-table has-fixed-layout tabela\"><tbody><tr><td>Sala: FEA 1 G05 &#8211; Dia: 08\/11\/2018 | Hor\u00e1rio: 15:05 &#8211; 16:35 <\/td><td>Sala: FEA 1 G06 &#8211; Dia: 08\/11\/2018 | Hor\u00e1rio: 15:05 &#8211; 16:35 <\/td><\/tr><tr><td><strong>Metodologia para trabalhos pr\u00e1ticos e aplicados: Administra\u00e7\u00e3o e Contabilidade<\/strong> <\/td><td><strong>Hierarchical Panel Modeling in Business<\/strong> <\/td><\/tr><tr><td>Reynaldo Cavalheiro Marcondes (Mackenzie) <\/td><td>Luiz Paulo F\u00e1vero (FEA \/ USP) <\/td><\/tr><\/tbody><\/table>\n\n\n\n<table class=\"wp-block-table has-fixed-layout tabela\"><tbody><tr><td>Sala: FEA 1 G07 &#8211; Dia: 08\/11\/2018 | Hor\u00e1rio: 15:05 &#8211; 16:35 <\/td><td>Sala: FEA 1 G09 &#8211; Dia: 08\/11\/2018 | Hor\u00e1rio: 15:05 &#8211; 16:35 <\/td><\/tr><tr><td><strong>Archival Research Design<\/strong> <\/td><td><strong>Experimentos: uma abordagem introdut\u00f3ria*<\/strong> <\/td><\/tr><tr><td>Eduardo da Silva Flores (FEA \/ USP) <\/td><td>Evandro Lopes (UNINOVE) <\/td><\/tr><\/tbody><\/table>\n\n\n\n<table class=\"wp-block-table has-fixed-layout tabela\"><tbody><tr><td>Sala: FEA5 &#8211; SALA 308 &#8211; Dia: 08\/11\/2018 | Hor\u00e1rio: 15:05 &#8211; 16:35 <\/td><td>Sala: FEA5 &#8211; SALA 310 &#8211; Dia: 08\/11\/2018 | Hor\u00e1rio: 15:05 &#8211; 16:35 <\/td><\/tr><tr><td><strong>An\u00e1lise de dados qualitativos com o uso do Iramuteq*<\/strong> <\/td><td><strong>Uso da Modelagem de Equa\u00e7\u00f5es Estruturais baseada em vari\u00e2ncia \u2013 Exemplo pr\u00e1tico com o uso do SmartPLS<\/strong> <\/td><\/tr><tr><td>Marcos Mazzieri (UNINOVE) <\/td><td>Dirceu da Silva (UNICAMP) <\/td><\/tr><\/tbody><\/table>\n\n\n\n<h2 class=\"wp-block-heading\"><strong>09\/11\/2018 | Hor\u00e1rio: 10:00 &#8211; 11:30<\/strong><\/h2>\n\n\n\n<table class=\"wp-block-table has-fixed-layout tabela\"><tbody><tr><td>Sala: FEA 1 G01 &#8211; Dia: 09\/11\/2018 | Hor\u00e1rio: 10:00 &#8211; 11:30 <\/td><td>Sala: FEA 1 G04 &#8211; Dia: 09\/11\/2017 | Hor\u00e1rio: 10:00 &#8211; 11:30 <\/td><\/tr><tr><td><strong>A Pr\u00e1tica da Etnografia Organizacional<\/strong> <\/td><td><strong>Elaborando relatos t\u00e9cnicos e tecnol\u00f3gicos<\/strong> <\/td><\/tr><tr><td>Rafael Alcadipani (FGV EAESP) <\/td><td>Gustavo da Silva Motta (UFF) <\/td><\/tr><\/tbody><\/table>\n\n\n\n<table class=\"wp-block-table has-fixed-layout tabela\"><tbody><tr><td> <br\/>Sala: FEA 1 G08 &#8211; Dia: 09\/11\/2017 | Hor\u00e1rio: 10:00 &#8211; 11:30 <\/td><td> <br\/>Sala: FEA 1 G09 &#8211; Dia: 09\/11\/2017 | Hor\u00e1rio: 10:00 &#8211; 11:30 <\/td><\/tr><tr><td> <br\/><strong>O uso de Big Data e intelig\u00eancia Artificial na Pesquisa Cient\u00edfica<\/strong> <\/td><td> <br\/><strong>Experimentos: uma abordagem introdut\u00f3ria*<\/strong> <\/td><\/tr><tr><td> <br\/>Alessandra de \u00c1vila Montini (FEA \/USP) <\/td><td> <br\/>Evandro Lopes (UNINOVE) <\/td><\/tr><\/tbody><\/table>\n\n\n\n<table class=\"wp-block-table has-fixed-layout tabela\"><tbody><tr><td>Sala: FEA 5 308 &#8211; Dia: 09\/11\/2017 | Hor\u00e1rio: 10:00 &#8211; 11:30 <\/td><td>Sala: FEA 5 310 &#8211; Dia: 09\/11\/2017 | Hor\u00e1rio: 10:00 &#8211; 11:30 <\/td><\/tr><tr><td><strong>Praticando a Lideran\u00e7a estrat\u00e9gica no Laborat\u00f3rio de Gest\u00e3o<\/strong> <\/td><td><strong>An\u00e1lise de decis\u00e3o multicrit\u00e9rio utilizando o software 1000minds<\/strong> <\/td><\/tr><tr><td>Antonio Sauaia (FEA \/ USP) <\/td><td>Leonardo Vils (UNINOVE) e Fellipe Silva Martins (UNINOVE) <\/td><\/tr><\/tbody><\/table>\n\n\n\n<table class=\"wp-block-table has-fixed-layout tabela\"><tbody><tr><td>Sala: FEA 1 G07 &#8211; Dia: 09\/11\/2017 | Hor\u00e1rio: 10:00 &#8211; 11:30 <br\/><\/td><td><br\/><br\/><\/td><\/tr><tr><td><strong>Uso de Base de Dados e Indicadores Econ\u00f4micos da Funda\u00e7\u00e3o SEADE<\/strong> <br\/><br\/><\/td><td><br\/><strong><\/strong><\/td><\/tr><tr><td>Vagner de Carvalho Bessa (Funda\u00e7\u00e3o SEADE) <br\/><\/td><td><br\/><br\/><\/td><\/tr><\/tbody><\/table>\n","protected":false},"excerpt":{"rendered":"<p>[symple_column size=&#8221;one-fourth&#8221; position=&#8221;first&#8221; fade_in=&#8221;false&#8221;][\/symple_column] [symple_column size=&#8221;three-fourth&#8221; position=&#8221;last&#8221; fade_in=&#8221;false&#8221;] Respons\u00e1vel:&nbsp;Prof.&nbsp;Dr.&nbsp;Julio Carneiro da Cunha UNINOVE [\/symple_column] Minicursos: Os mini-cursos ser\u00e3o ministrados em quatro sess\u00f5es de 1 hora e meia cada ao longo dos tr\u00eas dias do XXI SemeAd. Eles s\u00e3o voltados a uma discuss\u00e3o mais aprofundada de temas espec\u00edficos de pesquisa com pesquisadores experientes nas tem\u00e1ticas propostas&#8230;.<\/p>\n","protected":false},"author":4,"featured_media":0,"parent":0,"menu_order":0,"comment_status":"closed","ping_status":"closed","template":"","meta":{"_acf_changed":false,"_monsterinsights_skip_tracking":false,"_monsterinsights_sitenote_active":false,"_monsterinsights_sitenote_note":"","_monsterinsights_sitenote_category":0,"footnotes":""},"class_list":["post-14641","page","type-page","status-publish","hentry"],"acf":[],"yoast_head":"<!-- This site is optimized with the Yoast SEO plugin v27.5 - https:\/\/yoast.com\/product\/yoast-seo-wordpress\/ -->\n<title>Workshops - XXI SemeAd<\/title>\n<meta name=\"robots\" content=\"index, follow, max-snippet:-1, max-image-preview:large, max-video-preview:-1\" \/>\n<link rel=\"canonical\" href=\"https:\/\/semead.com.br\/21\/workshops\/\" \/>\n<meta property=\"og:locale\" content=\"pt_BR\" \/>\n<meta property=\"og:type\" content=\"article\" \/>\n<meta property=\"og:title\" content=\"Workshops - XXI SemeAd\" \/>\n<meta property=\"og:description\" content=\"[symple_column size=&#8221;one-fourth&#8221; position=&#8221;first&#8221; fade_in=&#8221;false&#8221;][\/symple_column] [symple_column size=&#8221;three-fourth&#8221; position=&#8221;last&#8221; fade_in=&#8221;false&#8221;] Respons\u00e1vel:&nbsp;Prof.&nbsp;Dr.&nbsp;Julio Carneiro da Cunha UNINOVE [\/symple_column] Minicursos: Os mini-cursos ser\u00e3o ministrados em quatro sess\u00f5es de 1 hora e meia cada ao longo dos tr\u00eas dias do XXI SemeAd. Eles s\u00e3o voltados a uma discuss\u00e3o mais aprofundada de temas espec\u00edficos de pesquisa com pesquisadores experientes nas tem\u00e1ticas propostas....\" \/>\n<meta property=\"og:url\" content=\"https:\/\/semead.com.br\/21\/workshops\/\" \/>\n<meta property=\"og:site_name\" content=\"XXI SemeAd\" \/>\n<meta property=\"article:modified_time\" content=\"2018-11-18T17:25:37+00:00\" \/>\n<meta property=\"og:image\" content=\"https:\/\/semead.com.br\/20\/wp-content\/uploads\/sites\/7\/2017\/06\/Julio-Cunha-Qualidade-Internet-14-150x150.jpg\" \/>\n<meta name=\"twitter:card\" content=\"summary_large_image\" \/>\n<meta name=\"twitter:label1\" content=\"Est. tempo de leitura\" \/>\n\t<meta name=\"twitter:data1\" content=\"9 minutos\" \/>\n<script type=\"application\/ld+json\" class=\"yoast-schema-graph\">{\"@context\":\"https:\\\/\\\/schema.org\",\"@graph\":[{\"@type\":\"WebPage\",\"@id\":\"https:\\\/\\\/semead.com.br\\\/21\\\/workshops\\\/\",\"url\":\"https:\\\/\\\/semead.com.br\\\/21\\\/workshops\\\/\",\"name\":\"Workshops - XXI SemeAd\",\"isPartOf\":{\"@id\":\"https:\\\/\\\/semead.com.br\\\/21\\\/#website\"},\"primaryImageOfPage\":{\"@id\":\"https:\\\/\\\/semead.com.br\\\/21\\\/workshops\\\/#primaryimage\"},\"image\":{\"@id\":\"https:\\\/\\\/semead.com.br\\\/21\\\/workshops\\\/#primaryimage\"},\"thumbnailUrl\":\"https:\\\/\\\/semead.com.br\\\/20\\\/wp-content\\\/uploads\\\/sites\\\/7\\\/2017\\\/06\\\/Julio-Cunha-Qualidade-Internet-14-150x150.jpg\",\"datePublished\":\"2018-09-17T15:48:42+00:00\",\"dateModified\":\"2018-11-18T17:25:37+00:00\",\"breadcrumb\":{\"@id\":\"https:\\\/\\\/semead.com.br\\\/21\\\/workshops\\\/#breadcrumb\"},\"inLanguage\":\"pt-BR\",\"potentialAction\":[{\"@type\":\"ReadAction\",\"target\":[\"https:\\\/\\\/semead.com.br\\\/21\\\/workshops\\\/\"]}]},{\"@type\":\"ImageObject\",\"inLanguage\":\"pt-BR\",\"@id\":\"https:\\\/\\\/semead.com.br\\\/21\\\/workshops\\\/#primaryimage\",\"url\":\"https:\\\/\\\/semead.com.br\\\/20\\\/wp-content\\\/uploads\\\/sites\\\/7\\\/2017\\\/06\\\/Julio-Cunha-Qualidade-Internet-14-150x150.jpg\",\"contentUrl\":\"https:\\\/\\\/semead.com.br\\\/20\\\/wp-content\\\/uploads\\\/sites\\\/7\\\/2017\\\/06\\\/Julio-Cunha-Qualidade-Internet-14-150x150.jpg\"},{\"@type\":\"BreadcrumbList\",\"@id\":\"https:\\\/\\\/semead.com.br\\\/21\\\/workshops\\\/#breadcrumb\",\"itemListElement\":[{\"@type\":\"ListItem\",\"position\":1,\"name\":\"In\u00edcio\",\"item\":\"https:\\\/\\\/semead.com.br\\\/21\\\/\"},{\"@type\":\"ListItem\",\"position\":2,\"name\":\"Workshops\"}]},{\"@type\":\"WebSite\",\"@id\":\"https:\\\/\\\/semead.com.br\\\/21\\\/#website\",\"url\":\"https:\\\/\\\/semead.com.br\\\/21\\\/\",\"name\":\"XXI SemeAd\",\"description\":\"Semin\u00e1rios em Administra\u00e7\u00e3o\",\"potentialAction\":[{\"@type\":\"SearchAction\",\"target\":{\"@type\":\"EntryPoint\",\"urlTemplate\":\"https:\\\/\\\/semead.com.br\\\/21\\\/?s={search_term_string}\"},\"query-input\":{\"@type\":\"PropertyValueSpecification\",\"valueRequired\":true,\"valueName\":\"search_term_string\"}}],\"inLanguage\":\"pt-BR\"}]}<\/script>\n<!-- \/ Yoast SEO plugin. -->","yoast_head_json":{"title":"Workshops - XXI SemeAd","robots":{"index":"index","follow":"follow","max-snippet":"max-snippet:-1","max-image-preview":"max-image-preview:large","max-video-preview":"max-video-preview:-1"},"canonical":"https:\/\/semead.com.br\/21\/workshops\/","og_locale":"pt_BR","og_type":"article","og_title":"Workshops - XXI SemeAd","og_description":"[symple_column size=&#8221;one-fourth&#8221; position=&#8221;first&#8221; fade_in=&#8221;false&#8221;][\/symple_column] [symple_column size=&#8221;three-fourth&#8221; position=&#8221;last&#8221; fade_in=&#8221;false&#8221;] Respons\u00e1vel:&nbsp;Prof.&nbsp;Dr.&nbsp;Julio Carneiro da Cunha UNINOVE [\/symple_column] Minicursos: Os mini-cursos ser\u00e3o ministrados em quatro sess\u00f5es de 1 hora e meia cada ao longo dos tr\u00eas dias do XXI SemeAd. Eles s\u00e3o voltados a uma discuss\u00e3o mais aprofundada de temas espec\u00edficos de pesquisa com pesquisadores experientes nas tem\u00e1ticas propostas....","og_url":"https:\/\/semead.com.br\/21\/workshops\/","og_site_name":"XXI SemeAd","article_modified_time":"2018-11-18T17:25:37+00:00","og_image":[{"url":"https:\/\/semead.com.br\/20\/wp-content\/uploads\/sites\/7\/2017\/06\/Julio-Cunha-Qualidade-Internet-14-150x150.jpg","type":"","width":"","height":""}],"twitter_card":"summary_large_image","twitter_misc":{"Est. tempo de leitura":"9 minutos"},"schema":{"@context":"https:\/\/schema.org","@graph":[{"@type":"WebPage","@id":"https:\/\/semead.com.br\/21\/workshops\/","url":"https:\/\/semead.com.br\/21\/workshops\/","name":"Workshops - XXI SemeAd","isPartOf":{"@id":"https:\/\/semead.com.br\/21\/#website"},"primaryImageOfPage":{"@id":"https:\/\/semead.com.br\/21\/workshops\/#primaryimage"},"image":{"@id":"https:\/\/semead.com.br\/21\/workshops\/#primaryimage"},"thumbnailUrl":"https:\/\/semead.com.br\/20\/wp-content\/uploads\/sites\/7\/2017\/06\/Julio-Cunha-Qualidade-Internet-14-150x150.jpg","datePublished":"2018-09-17T15:48:42+00:00","dateModified":"2018-11-18T17:25:37+00:00","breadcrumb":{"@id":"https:\/\/semead.com.br\/21\/workshops\/#breadcrumb"},"inLanguage":"pt-BR","potentialAction":[{"@type":"ReadAction","target":["https:\/\/semead.com.br\/21\/workshops\/"]}]},{"@type":"ImageObject","inLanguage":"pt-BR","@id":"https:\/\/semead.com.br\/21\/workshops\/#primaryimage","url":"https:\/\/semead.com.br\/20\/wp-content\/uploads\/sites\/7\/2017\/06\/Julio-Cunha-Qualidade-Internet-14-150x150.jpg","contentUrl":"https:\/\/semead.com.br\/20\/wp-content\/uploads\/sites\/7\/2017\/06\/Julio-Cunha-Qualidade-Internet-14-150x150.jpg"},{"@type":"BreadcrumbList","@id":"https:\/\/semead.com.br\/21\/workshops\/#breadcrumb","itemListElement":[{"@type":"ListItem","position":1,"name":"In\u00edcio","item":"https:\/\/semead.com.br\/21\/"},{"@type":"ListItem","position":2,"name":"Workshops"}]},{"@type":"WebSite","@id":"https:\/\/semead.com.br\/21\/#website","url":"https:\/\/semead.com.br\/21\/","name":"XXI SemeAd","description":"Semin\u00e1rios em Administra\u00e7\u00e3o","potentialAction":[{"@type":"SearchAction","target":{"@type":"EntryPoint","urlTemplate":"https:\/\/semead.com.br\/21\/?s={search_term_string}"},"query-input":{"@type":"PropertyValueSpecification","valueRequired":true,"valueName":"search_term_string"}}],"inLanguage":"pt-BR"}]}},"_links":{"self":[{"href":"https:\/\/semead.com.br\/21\/wp-json\/wp\/v2\/pages\/14641","targetHints":{"allow":["GET"]}}],"collection":[{"href":"https:\/\/semead.com.br\/21\/wp-json\/wp\/v2\/pages"}],"about":[{"href":"https:\/\/semead.com.br\/21\/wp-json\/wp\/v2\/types\/page"}],"author":[{"embeddable":true,"href":"https:\/\/semead.com.br\/21\/wp-json\/wp\/v2\/users\/4"}],"replies":[{"embeddable":true,"href":"https:\/\/semead.com.br\/21\/wp-json\/wp\/v2\/comments?post=14641"}],"version-history":[{"count":0,"href":"https:\/\/semead.com.br\/21\/wp-json\/wp\/v2\/pages\/14641\/revisions"}],"wp:attachment":[{"href":"https:\/\/semead.com.br\/21\/wp-json\/wp\/v2\/media?parent=14641"}],"curies":[{"name":"wp","href":"https:\/\/api.w.org\/{rel}","templated":true}]}}