{"id":28,"date":"2013-04-26T00:20:36","date_gmt":"2013-04-26T00:20:36","guid":{"rendered":"http:\/\/semead.com.br\/?page_id=28"},"modified":"2018-09-17T19:58:25","modified_gmt":"2018-09-17T22:58:25","slug":"inscricoes","status":"publish","type":"page","link":"https:\/\/semead.com.br\/21\/inscricoes\/","title":{"rendered":"Inscri\u00e7\u00f5es"},"content":{"rendered":"\n<p>Confira os valores para inscri\u00e7\u00e3o on-line ao XXI Semead.<\/p>\n\n\n\n<p><strong>Resultados dos trabalhos aprovados:<\/strong> 12\/09<br\/><strong>Per\u00edodo de inscri\u00e7\u00e3o dos trabalhos aprovados:<\/strong> 17\/09 a 01\/10<br\/><strong>Per\u00edodo de inscri\u00e7\u00e3o de congressistas:<\/strong> 17\/09 a 31\/10<\/p>\n\n\n\n<table id=\"tablepress-9\" class=\"tablepress tablepress-id-9\">\n<thead>\n<tr class=\"row-1\">\n\t<th class=\"column-1\">Congressista<\/th><th class=\"column-2\">Inscri\u00e7\u00e3o at\u00e9 01\/10<br \/>\nData limite de confirma\u00e7\u00e3o de artigos\t<\/th><th class=\"column-3\">Inscri\u00e7\u00e3o at\u00e9 31\/10<br \/>\nData limite de inscri\u00e7\u00e3o on-line<\/th>\n<\/tr>\n<\/thead>\n<tbody class=\"row-striping row-hover\">\n<tr class=\"row-2\">\n\t<td class=\"column-1\">Professores<\/td><td class=\"column-2\">600,00<\/td><td class=\"column-3\">720,00<\/td>\n<\/tr>\n<tr class=\"row-3\">\n\t<td class=\"column-1\">Professores USP\/ Parceiro SemeAd<\/td><td class=\"column-2\">360,00<\/td><td class=\"column-3\">430,00<\/td>\n<\/tr>\n<tr class=\"row-4\">\n\t<td class=\"column-1\">Alunos<\/td><td class=\"column-2\">360,00<\/td><td class=\"column-3\">430,00<\/td>\n<\/tr>\n<tr class=\"row-5\">\n\t<td class=\"column-1\">Aluno USP\/Parceiro SemeAd<\/td><td class=\"column-2\">200,00<\/td><td class=\"column-3\">240,00<\/td>\n<\/tr>\n<tr class=\"row-6\">\n\t<td class=\"column-1\">Avaliador SemeAd<\/td><td class=\"column-2\">300,00<\/td><td class=\"column-3\">360,00<\/td>\n<\/tr>\n<tr class=\"row-7\">\n\t<td class=\"column-1\">Cons\u00f3rcio Doutoral<\/td><td class=\"column-2\">200,00<\/td><td class=\"column-3\">--<\/td>\n<\/tr>\n<tr class=\"row-8\">\n\t<td class=\"column-1\">Aluno Colaborador (USP\/Parceiro)<\/td><td class=\"column-2\">50,00<\/td><td class=\"column-3\">--<\/td>\n<\/tr>\n<tr class=\"row-9\">\n\t<td class=\"column-1\">N\u00e3o Acad\u00eamicos<\/td><td class=\"column-2\">700,00<\/td><td class=\"column-3\">800,00<\/td>\n<\/tr>\n<tr class=\"row-10\">\n\t<td class=\"column-1\">Jantar<\/td><td class=\"column-2\">50,00**<\/td><td class=\"column-3\">50,00**<\/td>\n<\/tr>\n<\/tbody>\n<\/table>\n<!-- #tablepress-9 from cache -->\n\n\n\n<p>*Para garantir a participa\u00e7\u00e3o do trabalho aprovado no evento, ao menos um autor deve se inscrever <strong>at\u00e9 dia 01\/10\/2018.\u00a0<\/strong><\/p>\n\n\n\n<p>** As vagas do jantar s\u00e3o limitadas<br\/><\/p>\n\n\n\n<h2 class=\"wp-block-heading\">Jantar de Confraterniza\u00e7\u00e3o (por ades\u00e3o) <\/h2>\n\n\n\n<p>Neste ano, uma vez mais, organizaremos o j\u00e1 tradicional <strong>jantar de confraterniza\u00e7\u00e3o (por ades\u00e3o)<\/strong> que ocorrer\u00e1 no dia 08\/11\/2018 (quinta-feira). O jantar acontecer\u00e1 no restaurante Santo Gusto, na FIA Business School (unidade Pinheiros), apoiadora do evento.<\/p>\n\n\n\n<p>O convite poder\u00e1 ser adquirido no momento de sua inscri\u00e7\u00e3o ou posteriormente no site do SemeAd, <strong>mas fique atento pois o n\u00famero de convites \u00e9 limitado.<\/strong> Caso queira levar um acompanhante, poder\u00e1 adquirir mais um convite.<\/p>\n\n\n\n<p>O convite inclui o jantar com card\u00e1pio completo e bebidas (exceto destilados) e ser\u00e1 disponibilizado um translado da FEA\/USP at\u00e9 o local do jantar no dia do evento.<\/p>\n\n\n\n<p><em>Valor do convite R$50,00<\/em><\/p>\n\n\n\n<div class=\"wp-block-image\"><figure class=\"aligncenter\"><img decoding=\"async\" src=\"https:\/\/semead.com.br\/21\/wp-content\/uploads\/sites\/8\/2013\/04\/Convite-Jantar-SEMEAD.png\" alt=\"\" class=\"wp-image-13978\"\/><\/figure><\/div>\n\n\n\n<h3 class=\"wp-block-heading\">INSTRU\u00c7\u00d5ES PARA REALIZAR O PAGAMENTO DA INSCRI\u00c7\u00c3O POR EMPENHO<\/h3>\n\n\n\n<h4 class=\"wp-block-heading\">Observa\u00e7\u00f5es importantes:<\/h4>\n\n\n\n<p>O pagamento da inscri\u00e7\u00e3o pode ser via empenho.<\/p>\n\n\n\n<p>A inscri\u00e7\u00e3o do participante dever\u00e1 ser individual.<\/p>\n\n\n\n<p>N\u00e3o emitimos nota fiscal, somente recibo.<\/p>\n\n\n\n<p>O jantar n\u00e3o pode ser inclu\u00eddo no empenho.<\/p>\n\n\n\n<p>Qualquer documento adicional que a Universidade pagante exija, dever\u00e1 ser solicitado por email financeirosemead@gmail.com e o prazo para atendimento ser\u00e1 de at\u00e9 3 dias uteis.<\/p>\n\n\n\n<h4 class=\"wp-block-heading\">Procedimentos para realiza\u00e7\u00e3o da inscri\u00e7\u00e3o (at\u00e9 01\/10\/2018):<\/h4>\n\n\n\n<p>A inscri\u00e7\u00e3o atrav\u00e9s de &#8220;Nota de Empenho&#8221; dever\u00e1 ser providenciada diretamente pelo participante junto \u00e0 sua institui\u00e7\u00e3o. <strong>O autor com trabalho aprovado dever\u00e1 enviar o documento de empenho at\u00e9 o dia 01\/10\/2018.<\/strong><\/p>\n\n\n\n<h4 class=\"wp-block-heading\">Dados da empresa para emiss\u00e3o da Nota de Empenho:<\/h4>\n\n\n\n<p>Funda\u00e7\u00e3o Instituto de Administra\u00e7\u00e3o FIA<br\/>\nCNPJ: 44.315.919\/0001-40<br\/>\nEndere\u00e7o: Rua Jos\u00e9 Alves Cunha Lima, 172 Butant\u00e3 CEP &#8211; 05360-050<br\/>\nDados da Conta banc\u00e1ria:<br\/>\nBanco Ita\u00fa n\u00ba 341<br\/>\nAg. 0445-7 (Iguatemi)<br\/>\nC\/C: 78.856-5<\/p>\n\n\n\n<p>Secretaria do SEMEAD \u2013 telefone: 11- 30915805<\/p>\n","protected":false},"excerpt":{"rendered":"<p>Confira os valores para inscri\u00e7\u00e3o on-line ao XXI Semead. Resultados dos trabalhos aprovados: 12\/09Per\u00edodo de inscri\u00e7\u00e3o dos trabalhos aprovados: 17\/09 a 01\/10Per\u00edodo de inscri\u00e7\u00e3o de congressistas: 17\/09 a 31\/10 *Para garantir a participa\u00e7\u00e3o do trabalho aprovado no evento, ao menos um autor deve se inscrever at\u00e9 dia 01\/10\/2018.\u00a0 ** As vagas do jantar s\u00e3o limitadas&#8230;<\/p>\n","protected":false},"author":1,"featured_media":0,"parent":0,"menu_order":0,"comment_status":"open","ping_status":"open","template":"","meta":{"_acf_changed":false,"_monsterinsights_skip_tracking":false,"_monsterinsights_sitenote_active":false,"_monsterinsights_sitenote_note":"","_monsterinsights_sitenote_category":0,"footnotes":""},"class_list":["post-28","page","type-page","status-publish","hentry"],"acf":[],"yoast_head":"<!-- This site is optimized with the Yoast SEO plugin v27.5 - https:\/\/yoast.com\/product\/yoast-seo-wordpress\/ -->\n<title>Inscri\u00e7\u00f5es - XXI SemeAd<\/title>\n<meta name=\"robots\" content=\"index, follow, max-snippet:-1, max-image-preview:large, max-video-preview:-1\" \/>\n<link rel=\"canonical\" href=\"https:\/\/semead.com.br\/21\/inscricoes\/\" \/>\n<meta property=\"og:locale\" content=\"pt_BR\" \/>\n<meta property=\"og:type\" content=\"article\" \/>\n<meta property=\"og:title\" content=\"Inscri\u00e7\u00f5es - XXI SemeAd\" \/>\n<meta property=\"og:description\" content=\"Confira os valores para inscri\u00e7\u00e3o on-line ao XXI Semead. Resultados dos trabalhos aprovados: 12\/09Per\u00edodo de inscri\u00e7\u00e3o dos trabalhos aprovados: 17\/09 a 01\/10Per\u00edodo de inscri\u00e7\u00e3o de congressistas: 17\/09 a 31\/10 *Para garantir a participa\u00e7\u00e3o do trabalho aprovado no evento, ao menos um autor deve se inscrever at\u00e9 dia 01\/10\/2018.\u00a0 ** As vagas do jantar s\u00e3o limitadas...\" \/>\n<meta property=\"og:url\" content=\"https:\/\/semead.com.br\/21\/inscricoes\/\" \/>\n<meta property=\"og:site_name\" content=\"XXI SemeAd\" \/>\n<meta property=\"article:modified_time\" content=\"2018-09-17T22:58:25+00:00\" \/>\n<meta property=\"og:image\" content=\"https:\/\/semead.com.br\/21\/wp-content\/uploads\/sites\/8\/2013\/04\/Convite-Jantar-SEMEAD.png\" \/>\n<meta name=\"twitter:card\" content=\"summary_large_image\" \/>\n<meta name=\"twitter:label1\" content=\"Est. tempo de leitura\" \/>\n\t<meta name=\"twitter:data1\" content=\"2 minutos\" \/>\n<script type=\"application\/ld+json\" class=\"yoast-schema-graph\">{\"@context\":\"https:\\\/\\\/schema.org\",\"@graph\":[{\"@type\":\"WebPage\",\"@id\":\"https:\\\/\\\/semead.com.br\\\/21\\\/inscricoes\\\/\",\"url\":\"https:\\\/\\\/semead.com.br\\\/21\\\/inscricoes\\\/\",\"name\":\"Inscri\u00e7\u00f5es - XXI SemeAd\",\"isPartOf\":{\"@id\":\"https:\\\/\\\/semead.com.br\\\/21\\\/#website\"},\"primaryImageOfPage\":{\"@id\":\"https:\\\/\\\/semead.com.br\\\/21\\\/inscricoes\\\/#primaryimage\"},\"image\":{\"@id\":\"https:\\\/\\\/semead.com.br\\\/21\\\/inscricoes\\\/#primaryimage\"},\"thumbnailUrl\":\"https:\\\/\\\/semead.com.br\\\/21\\\/wp-content\\\/uploads\\\/sites\\\/8\\\/2013\\\/04\\\/Convite-Jantar-SEMEAD.png\",\"datePublished\":\"2013-04-26T00:20:36+00:00\",\"dateModified\":\"2018-09-17T22:58:25+00:00\",\"breadcrumb\":{\"@id\":\"https:\\\/\\\/semead.com.br\\\/21\\\/inscricoes\\\/#breadcrumb\"},\"inLanguage\":\"pt-BR\",\"potentialAction\":[{\"@type\":\"ReadAction\",\"target\":[\"https:\\\/\\\/semead.com.br\\\/21\\\/inscricoes\\\/\"]}]},{\"@type\":\"ImageObject\",\"inLanguage\":\"pt-BR\",\"@id\":\"https:\\\/\\\/semead.com.br\\\/21\\\/inscricoes\\\/#primaryimage\",\"url\":\"https:\\\/\\\/semead.com.br\\\/21\\\/wp-content\\\/uploads\\\/sites\\\/8\\\/2013\\\/04\\\/Convite-Jantar-SEMEAD.png\",\"contentUrl\":\"https:\\\/\\\/semead.com.br\\\/21\\\/wp-content\\\/uploads\\\/sites\\\/8\\\/2013\\\/04\\\/Convite-Jantar-SEMEAD.png\"},{\"@type\":\"BreadcrumbList\",\"@id\":\"https:\\\/\\\/semead.com.br\\\/21\\\/inscricoes\\\/#breadcrumb\",\"itemListElement\":[{\"@type\":\"ListItem\",\"position\":1,\"name\":\"In\u00edcio\",\"item\":\"https:\\\/\\\/semead.com.br\\\/21\\\/\"},{\"@type\":\"ListItem\",\"position\":2,\"name\":\"Inscri\u00e7\u00f5es\"}]},{\"@type\":\"WebSite\",\"@id\":\"https:\\\/\\\/semead.com.br\\\/21\\\/#website\",\"url\":\"https:\\\/\\\/semead.com.br\\\/21\\\/\",\"name\":\"XXI SemeAd\",\"description\":\"Semin\u00e1rios em Administra\u00e7\u00e3o\",\"potentialAction\":[{\"@type\":\"SearchAction\",\"target\":{\"@type\":\"EntryPoint\",\"urlTemplate\":\"https:\\\/\\\/semead.com.br\\\/21\\\/?s={search_term_string}\"},\"query-input\":{\"@type\":\"PropertyValueSpecification\",\"valueRequired\":true,\"valueName\":\"search_term_string\"}}],\"inLanguage\":\"pt-BR\"}]}<\/script>\n<!-- \/ Yoast SEO plugin. -->","yoast_head_json":{"title":"Inscri\u00e7\u00f5es - XXI SemeAd","robots":{"index":"index","follow":"follow","max-snippet":"max-snippet:-1","max-image-preview":"max-image-preview:large","max-video-preview":"max-video-preview:-1"},"canonical":"https:\/\/semead.com.br\/21\/inscricoes\/","og_locale":"pt_BR","og_type":"article","og_title":"Inscri\u00e7\u00f5es - XXI SemeAd","og_description":"Confira os valores para inscri\u00e7\u00e3o on-line ao XXI Semead. Resultados dos trabalhos aprovados: 12\/09Per\u00edodo de inscri\u00e7\u00e3o dos trabalhos aprovados: 17\/09 a 01\/10Per\u00edodo de inscri\u00e7\u00e3o de congressistas: 17\/09 a 31\/10 *Para garantir a participa\u00e7\u00e3o do trabalho aprovado no evento, ao menos um autor deve se inscrever at\u00e9 dia 01\/10\/2018.\u00a0 ** As vagas do jantar s\u00e3o limitadas...","og_url":"https:\/\/semead.com.br\/21\/inscricoes\/","og_site_name":"XXI SemeAd","article_modified_time":"2018-09-17T22:58:25+00:00","og_image":[{"url":"https:\/\/semead.com.br\/21\/wp-content\/uploads\/sites\/8\/2013\/04\/Convite-Jantar-SEMEAD.png","type":"","width":"","height":""}],"twitter_card":"summary_large_image","twitter_misc":{"Est. tempo de leitura":"2 minutos"},"schema":{"@context":"https:\/\/schema.org","@graph":[{"@type":"WebPage","@id":"https:\/\/semead.com.br\/21\/inscricoes\/","url":"https:\/\/semead.com.br\/21\/inscricoes\/","name":"Inscri\u00e7\u00f5es - XXI SemeAd","isPartOf":{"@id":"https:\/\/semead.com.br\/21\/#website"},"primaryImageOfPage":{"@id":"https:\/\/semead.com.br\/21\/inscricoes\/#primaryimage"},"image":{"@id":"https:\/\/semead.com.br\/21\/inscricoes\/#primaryimage"},"thumbnailUrl":"https:\/\/semead.com.br\/21\/wp-content\/uploads\/sites\/8\/2013\/04\/Convite-Jantar-SEMEAD.png","datePublished":"2013-04-26T00:20:36+00:00","dateModified":"2018-09-17T22:58:25+00:00","breadcrumb":{"@id":"https:\/\/semead.com.br\/21\/inscricoes\/#breadcrumb"},"inLanguage":"pt-BR","potentialAction":[{"@type":"ReadAction","target":["https:\/\/semead.com.br\/21\/inscricoes\/"]}]},{"@type":"ImageObject","inLanguage":"pt-BR","@id":"https:\/\/semead.com.br\/21\/inscricoes\/#primaryimage","url":"https:\/\/semead.com.br\/21\/wp-content\/uploads\/sites\/8\/2013\/04\/Convite-Jantar-SEMEAD.png","contentUrl":"https:\/\/semead.com.br\/21\/wp-content\/uploads\/sites\/8\/2013\/04\/Convite-Jantar-SEMEAD.png"},{"@type":"BreadcrumbList","@id":"https:\/\/semead.com.br\/21\/inscricoes\/#breadcrumb","itemListElement":[{"@type":"ListItem","position":1,"name":"In\u00edcio","item":"https:\/\/semead.com.br\/21\/"},{"@type":"ListItem","position":2,"name":"Inscri\u00e7\u00f5es"}]},{"@type":"WebSite","@id":"https:\/\/semead.com.br\/21\/#website","url":"https:\/\/semead.com.br\/21\/","name":"XXI SemeAd","description":"Semin\u00e1rios em Administra\u00e7\u00e3o","potentialAction":[{"@type":"SearchAction","target":{"@type":"EntryPoint","urlTemplate":"https:\/\/semead.com.br\/21\/?s={search_term_string}"},"query-input":{"@type":"PropertyValueSpecification","valueRequired":true,"valueName":"search_term_string"}}],"inLanguage":"pt-BR"}]}},"_links":{"self":[{"href":"https:\/\/semead.com.br\/21\/wp-json\/wp\/v2\/pages\/28","targetHints":{"allow":["GET"]}}],"collection":[{"href":"https:\/\/semead.com.br\/21\/wp-json\/wp\/v2\/pages"}],"about":[{"href":"https:\/\/semead.com.br\/21\/wp-json\/wp\/v2\/types\/page"}],"author":[{"embeddable":true,"href":"https:\/\/semead.com.br\/21\/wp-json\/wp\/v2\/users\/1"}],"replies":[{"embeddable":true,"href":"https:\/\/semead.com.br\/21\/wp-json\/wp\/v2\/comments?post=28"}],"version-history":[{"count":0,"href":"https:\/\/semead.com.br\/21\/wp-json\/wp\/v2\/pages\/28\/revisions"}],"wp:attachment":[{"href":"https:\/\/semead.com.br\/21\/wp-json\/wp\/v2\/media?parent=28"}],"curies":[{"name":"wp","href":"https:\/\/api.w.org\/{rel}","templated":true}]}}