{"id":19669,"date":"2021-06-14T14:45:40","date_gmt":"2021-06-14T17:45:40","guid":{"rendered":"https:\/\/semead.com.br\/29-novo\/?page_id=19669"},"modified":"2026-08-22T22:17:31","modified_gmt":"2026-08-23T01:17:31","slug":"gestao-da-inovacao","status":"publish","type":"page","link":"https:\/\/semead.com.br\/29\/en\/tracks\/scientific-areas\/gestao-da-inovacao\/","title":{"rendered":"Innovation Management"},"content":{"rendered":"<div class=\"semead-shortcode semead-shortcode--coordenacao\">\n\t\t\t\t\t\t\t<div class=\"semead-people\">\n\t\t\t\t\t\t\t\t\t\t\t<div class=\"semead-person\">\n\t\t\t\t\t\t\t<div class=\"semead-person__media\">\n\t\t\t\t\t\t\t\t<img data-recalc-dims=\"1\"\n\t\t\t\t\t\t\t\t\tclass=\"semead-person__image rounded-circle\"\n\t\t\t\t\t\t\t\t\tsrc=\"https:\/\/i0.wp.com\/semead.com.br\/29\/wp-content\/uploads\/sites\/21\/2026\/03\/felipe-borini.jpg?resize=150%2C150&#038;ssl=1\"\n\t\t\t\t\t\t\t\t\talt=\"Felipe Mendes Borini, PhD\"\n\t\t\t\t\t\t\t\t\tloading=\"lazy\"\n\t\t\t\t\t\t\t\t\twidth=\"150\"\n\t\t\t\t\t\t\t\t\theight=\"150\"\n\t\t\t\t\t\t\t\t>\n\t\t\t\t\t\t\t<\/div>\n\t\t\t\t\t\t\t<div class=\"semead-person__content\">\n\t\t\t\t\t\t\t\t<h4 class=\"\">Coordinator:<\/h4>\n\t\t\t\t\t\t\t\t<h3 class=\"semead-person__title\">Felipe Mendes Borini, PhD<\/h3>\n\t\t\t\t\t\t\t\t\t\t\t\t\t\t\t\t\t<div class=\"semead-person__institution\">FEA-USP<\/div>\n\t\t\t\t\t\t\t\t\t\t\t\t\t\t\t<\/div>\n\t\t\t\t\t\t<\/div>\n\t\t\t\t\t\t\t\t\t\t\t<div class=\"semead-person\">\n\t\t\t\t\t\t\t<div class=\"semead-person__media\">\n\t\t\t\t\t\t\t\t<img data-recalc-dims=\"1\"\n\t\t\t\t\t\t\t\t\tclass=\"semead-person__image rounded-circle\"\n\t\t\t\t\t\t\t\t\tsrc=\"https:\/\/i0.wp.com\/semead.com.br\/29\/wp-content\/uploads\/sites\/21\/2026\/03\/Guilherme-Ary-Plonski-.jpeg?resize=150%2C150&#038;ssl=1\"\n\t\t\t\t\t\t\t\t\talt=\"Guilherme Ary Plonski, PhD\"\n\t\t\t\t\t\t\t\t\tloading=\"lazy\"\n\t\t\t\t\t\t\t\t\twidth=\"150\"\n\t\t\t\t\t\t\t\t\theight=\"150\"\n\t\t\t\t\t\t\t\t>\n\t\t\t\t\t\t\t<\/div>\n\t\t\t\t\t\t\t<div class=\"semead-person__content\">\n\t\t\t\t\t\t\t\t<h4 class=\"\">Coordinator:<\/h4>\n\t\t\t\t\t\t\t\t<h3 class=\"semead-person__title\">Guilherme Ary Plonski, PhD<\/h3>\n\t\t\t\t\t\t\t\t\t\t\t\t\t\t\t\t\t<div class=\"semead-person__institution\">FEA-USP<\/div>\n\t\t\t\t\t\t\t\t\t\t\t\t\t\t\t<\/div>\n\t\t\t\t\t\t<\/div>\n\t\t\t\t\t\t\t\t\t<\/div>\n\t\t\t\n\t\t\t\t\t<\/div>\n\n\n<div class=\"semead-shortcode semead-shortcode--temas\">\n\t\t\t\t\t\t\t<h4 class=\"semead-shortcode__heading\"><strong>Temas e L\u00edderes:<\/strong><\/h4>\n\t\t\t\n\t\t\t<div class=\"accordion\" id=\"semead-accordion-1\">\n\t\t\t\t\t\t\t\t\t<div class=\"accordion-item semead-topic\">\n\t\t\t\t\t\t<h2 class=\"accordion-header\" id=\"semead-accordion-1-heading-1\">\n\t\t\t\t\t\t\t<button\n\t\t\t\t\t\t\t\tclass=\"accordion-button collapsed\"\n\t\t\t\t\t\t\t\ttype=\"button\"\n\t\t\t\t\t\t\t\tdata-bs-toggle=\"collapse\"\n\t\t\t\t\t\t\t\tdata-bs-target=\"#semead-accordion-1-collapse-1\"\n\t\t\t\t\t\t\t\taria-expanded=\"false\"\n\t\t\t\t\t\t\t\taria-controls=\"semead-accordion-1-collapse-1\"\n\t\t\t\t\t\t\t>\n\t\t\t\t\t\t\t\t1. Dimensions of Creativity, Behavior, and Organizational Culture for Innovation\t\t\t\t\t\t\t<\/button>\n\t\t\t\t\t\t<\/h2>\n\t\t\t\t\t\t<div\n\t\t\t\t\t\t\tid=\"semead-accordion-1-collapse-1\"\n\t\t\t\t\t\t\tclass=\"accordion-collapse collapse\"\n\t\t\t\t\t\t\taria-labelledby=\"semead-accordion-1-heading-1\"\n\t\t\t\t\t\t\tdata-bs-parent=\"#semead-accordion-1\"\n\t\t\t\t\t\t>\n\t\t\t\t\t\t\t<div class=\"accordion-body\">\n\t\t\t\t\t\t\t\t\n\t\t\t\t\t\t\t\t\t\t\t\t\t\t\t\t\t<div class=\"semead-topic__description\"><p>Ways of promoting, stimulating, and supporting creativity for innovation. Behavioral challenges arising from actions associated with innovation. Management of organizational change, in different settings, resulting from innovations. Organizational culture for creativity and innovation. Management of multidisciplinary teams and innovation. Diversity management and innovation. Innovation in the age of social media and artificial intelligence. Other frontier topics related to the theme.<\/p>\n<\/div>\n\t\t\t\t\t\t\t\t\n\t\t\t\t\t\t\t\t\t\t\t\t\t\t\t\t\t<div class=\"semead-leaders row row-cols-1 row-cols-md-2 row-cols-lg-3 g-4\">\n\t\t\t\t\t\t\t\t\t\t\t\t\t\t\t\t\t\t\t\t\t<div class=\"col\">\n\t\t\t\t\t\t\t\t\t\t\t\t<div class=\"semead-leader card h-100 border-0 text-center\">\n\t\t\t\t\t\t\t\t\t\t\t\t\t<div class=\"card-body\">\n\t\t\t\t\t\t\t\t\t\t\t\t\t\t<img data-recalc-dims=\"1\"\n\t\t\t\t\t\t\t\t\t\t\t\t\t\t\tclass=\"semead-leader__image rounded-circle\"\n\t\t\t\t\t\t\t\t\t\t\t\t\t\t\tsrc=\"https:\/\/i0.wp.com\/semead.com.br\/29\/wp-content\/uploads\/sites\/21\/2026\/04\/Foto-Joao-Antonio-2026.jpg?resize=150%2C150&#038;ssl=1\"\n\t\t\t\t\t\t\t\t\t\t\t\t\t\t\talt=\"Leader: Prof. Dr. Jo\u00e3o Ant\u00f4nio Gomes Pereira - UNIPAMPA\"\n\t\t\t\t\t\t\t\t\t\t\t\t\t\t\tloading=\"lazy\"\n\t\t\t\t\t\t\t\t\t\t\t\t\t\t\twidth=\"150\"\n\t\t\t\t\t\t\t\t\t\t\t\t\t\t\theight=\"150\"\n\t\t\t\t\t\t\t\t\t\t\t\t\t\t>\n\t\t\t\t\t\t\t\t\t\t\t\t\t\t<div class=\"semead-leader__name\"><em>Leader: Prof. Dr. Jo\u00e3o Ant\u00f4nio Gomes Pereira - UNIPAMPA<\/em><\/div>\n\t\t\t\t\t\t\t\t\t\t\t\t\t<\/div>\n\t\t\t\t\t\t\t\t\t\t\t\t<\/div>\n\t\t\t\t\t\t\t\t\t\t\t<\/div>\n\t\t\t\t\t\t\t\t\t\t\t\t\t\t\t\t\t\t\t\t\t<div class=\"col\">\n\t\t\t\t\t\t\t\t\t\t\t\t<div class=\"semead-leader card h-100 border-0 text-center\">\n\t\t\t\t\t\t\t\t\t\t\t\t\t<div class=\"card-body\">\n\t\t\t\t\t\t\t\t\t\t\t\t\t\t<img data-recalc-dims=\"1\"\n\t\t\t\t\t\t\t\t\t\t\t\t\t\t\tclass=\"semead-leader__image rounded-circle\"\n\t\t\t\t\t\t\t\t\t\t\t\t\t\t\tsrc=\"https:\/\/i0.wp.com\/semead.com.br\/29\/wp-content\/uploads\/sites\/21\/2026\/04\/Foto_Cris_Doritta.jpg?resize=150%2C150&#038;ssl=1\"\n\t\t\t\t\t\t\t\t\t\t\t\t\t\t\talt=\"Co-Leader: Profa. Dra. Cristina Doritta Brand\u00e3o Majorana - IEA USP\"\n\t\t\t\t\t\t\t\t\t\t\t\t\t\t\tloading=\"lazy\"\n\t\t\t\t\t\t\t\t\t\t\t\t\t\t\twidth=\"150\"\n\t\t\t\t\t\t\t\t\t\t\t\t\t\t\theight=\"150\"\n\t\t\t\t\t\t\t\t\t\t\t\t\t\t>\n\t\t\t\t\t\t\t\t\t\t\t\t\t\t<div class=\"semead-leader__name\"><em>Co-Leader: Profa. Dra. Cristina Doritta Brand\u00e3o Majorana - IEA USP<\/em><\/div>\n\t\t\t\t\t\t\t\t\t\t\t\t\t<\/div>\n\t\t\t\t\t\t\t\t\t\t\t\t<\/div>\n\t\t\t\t\t\t\t\t\t\t\t<\/div>\n\t\t\t\t\t\t\t\t\t\t\t\t\t\t\t\t\t\t\t<\/div>\n\t\t\t\t\t\t\t\t\t\t\t\t\t\t\t<\/div>\n\t\t\t\t\t\t<\/div>\n\t\t\t\t\t<\/div>\n\t\t\t\t\t\t\t\t\t<div class=\"accordion-item semead-topic\">\n\t\t\t\t\t\t<h2 class=\"accordion-header\" id=\"semead-accordion-1-heading-2\">\n\t\t\t\t\t\t\t<button\n\t\t\t\t\t\t\t\tclass=\"accordion-button collapsed\"\n\t\t\t\t\t\t\t\ttype=\"button\"\n\t\t\t\t\t\t\t\tdata-bs-toggle=\"collapse\"\n\t\t\t\t\t\t\t\tdata-bs-target=\"#semead-accordion-1-collapse-2\"\n\t\t\t\t\t\t\t\taria-expanded=\"false\"\n\t\t\t\t\t\t\t\taria-controls=\"semead-accordion-1-collapse-2\"\n\t\t\t\t\t\t\t>\n\t\t\t\t\t\t\t\t2. Innovation Strategies and Policies\t\t\t\t\t\t\t<\/button>\n\t\t\t\t\t\t<\/h2>\n\t\t\t\t\t\t<div\n\t\t\t\t\t\t\tid=\"semead-accordion-1-collapse-2\"\n\t\t\t\t\t\t\tclass=\"accordion-collapse collapse\"\n\t\t\t\t\t\t\taria-labelledby=\"semead-accordion-1-heading-2\"\n\t\t\t\t\t\t\tdata-bs-parent=\"#semead-accordion-1\"\n\t\t\t\t\t\t>\n\t\t\t\t\t\t\t<div class=\"accordion-body\">\n\t\t\t\t\t\t\t\t\n\t\t\t\t\t\t\t\t\t\t\t\t\t\t\t\t\t<div class=\"semead-topic__description\"><p>Strategies for the creation, diffusion, and adoption of Science, Technology, and Innovation (ST and I), considering their role in generating economic, social, and socio-ecological value. Analysis of the competitive and systemic context of ST and I, including models, tools, and methods to support decision-making across the various types of innovation (technological and non-technological, radical and incremental, disruptive or not, local, reverse, open or closed). Emphasis on emerging approaches that integrate innovation and regeneration, exploring how organizations, ecosystems, and public policies can contribute to the renewal of natural and social systems. Political and institutional context of ST and I, including policies, funding instruments, and incentives at national and subnational levels, as well as the role of ST and I in business and international relations. It also includes topics such as socio-ecological innovation ecosystems, bioeconomy, deep techs for grand challenges, stakeholder-oriented innovation, and regenerative strategies. Other frontier topics related to ST and I strategies and\/or policies.<\/p>\n<\/div>\n\t\t\t\t\t\t\t\t\n\t\t\t\t\t\t\t\t\t\t\t\t\t\t\t\t\t<div class=\"semead-leaders row row-cols-1 row-cols-md-2 row-cols-lg-3 g-4\">\n\t\t\t\t\t\t\t\t\t\t\t\t\t\t\t\t\t\t\t\t\t<div class=\"col\">\n\t\t\t\t\t\t\t\t\t\t\t\t<div class=\"semead-leader card h-100 border-0 text-center\">\n\t\t\t\t\t\t\t\t\t\t\t\t\t<div class=\"card-body\">\n\t\t\t\t\t\t\t\t\t\t\t\t\t\t<img data-recalc-dims=\"1\"\n\t\t\t\t\t\t\t\t\t\t\t\t\t\t\tclass=\"semead-leader__image rounded-circle\"\n\t\t\t\t\t\t\t\t\t\t\t\t\t\t\tsrc=\"https:\/\/i0.wp.com\/semead.com.br\/29\/wp-content\/uploads\/sites\/21\/2026\/04\/Jefferson-Bution-Semead.jpg?resize=150%2C150&#038;ssl=1\"\n\t\t\t\t\t\t\t\t\t\t\t\t\t\t\talt=\"Leader: Prof. Dr. Jefferson Luiz Bution - FEA-USP\"\n\t\t\t\t\t\t\t\t\t\t\t\t\t\t\tloading=\"lazy\"\n\t\t\t\t\t\t\t\t\t\t\t\t\t\t\twidth=\"150\"\n\t\t\t\t\t\t\t\t\t\t\t\t\t\t\theight=\"150\"\n\t\t\t\t\t\t\t\t\t\t\t\t\t\t>\n\t\t\t\t\t\t\t\t\t\t\t\t\t\t<div class=\"semead-leader__name\"><em>Leader: Prof. Dr. Jefferson Luiz Bution - FEA-USP<\/em><\/div>\n\t\t\t\t\t\t\t\t\t\t\t\t\t<\/div>\n\t\t\t\t\t\t\t\t\t\t\t\t<\/div>\n\t\t\t\t\t\t\t\t\t\t\t<\/div>\n\t\t\t\t\t\t\t\t\t\t\t\t\t\t\t\t\t\t\t\t\t<div class=\"col\">\n\t\t\t\t\t\t\t\t\t\t\t\t<div class=\"semead-leader card h-100 border-0 text-center\">\n\t\t\t\t\t\t\t\t\t\t\t\t\t<div class=\"card-body\">\n\t\t\t\t\t\t\t\t\t\t\t\t\t\t<img data-recalc-dims=\"1\"\n\t\t\t\t\t\t\t\t\t\t\t\t\t\t\tclass=\"semead-leader__image rounded-circle\"\n\t\t\t\t\t\t\t\t\t\t\t\t\t\t\tsrc=\"https:\/\/i0.wp.com\/semead.com.br\/29\/wp-content\/uploads\/sites\/21\/2026\/04\/Silvia-De-Tommaso.jpg?resize=150%2C150&#038;ssl=1\"\n\t\t\t\t\t\t\t\t\t\t\t\t\t\t\talt=\"Co-Leader: Profa. Dra. Silvia De Tommaso - PGT FEA-USP e FIA Business School\"\n\t\t\t\t\t\t\t\t\t\t\t\t\t\t\tloading=\"lazy\"\n\t\t\t\t\t\t\t\t\t\t\t\t\t\t\twidth=\"150\"\n\t\t\t\t\t\t\t\t\t\t\t\t\t\t\theight=\"150\"\n\t\t\t\t\t\t\t\t\t\t\t\t\t\t>\n\t\t\t\t\t\t\t\t\t\t\t\t\t\t<div class=\"semead-leader__name\"><em>Co-Leader: Profa. Dra. Silvia De Tommaso - PGT FEA-USP e FIA Business School<\/em><\/div>\n\t\t\t\t\t\t\t\t\t\t\t\t\t<\/div>\n\t\t\t\t\t\t\t\t\t\t\t\t<\/div>\n\t\t\t\t\t\t\t\t\t\t\t<\/div>\n\t\t\t\t\t\t\t\t\t\t\t\t\t\t\t\t\t\t\t\t\t<div class=\"col\">\n\t\t\t\t\t\t\t\t\t\t\t\t<div class=\"semead-leader card h-100 border-0 text-center\">\n\t\t\t\t\t\t\t\t\t\t\t\t\t<div class=\"card-body\">\n\t\t\t\t\t\t\t\t\t\t\t\t\t\t<img data-recalc-dims=\"1\"\n\t\t\t\t\t\t\t\t\t\t\t\t\t\t\tclass=\"semead-leader__image rounded-circle\"\n\t\t\t\t\t\t\t\t\t\t\t\t\t\t\tsrc=\"https:\/\/i0.wp.com\/semead.com.br\/29\/wp-content\/uploads\/sites\/21\/2026\/04\/Oana-Branzei.jpg?resize=150%2C150&#038;ssl=1\"\n\t\t\t\t\t\t\t\t\t\t\t\t\t\t\talt=\"International Co-Leader: Profa. Dra. Oana Branzei\"\n\t\t\t\t\t\t\t\t\t\t\t\t\t\t\tloading=\"lazy\"\n\t\t\t\t\t\t\t\t\t\t\t\t\t\t\twidth=\"150\"\n\t\t\t\t\t\t\t\t\t\t\t\t\t\t\theight=\"150\"\n\t\t\t\t\t\t\t\t\t\t\t\t\t\t>\n\t\t\t\t\t\t\t\t\t\t\t\t\t\t<div class=\"semead-leader__name\"><em>International Co-Leader: Profa. Dra. Oana Branzei<\/em><\/div>\n\t\t\t\t\t\t\t\t\t\t\t\t\t<\/div>\n\t\t\t\t\t\t\t\t\t\t\t\t<\/div>\n\t\t\t\t\t\t\t\t\t\t\t<\/div>\n\t\t\t\t\t\t\t\t\t\t\t\t\t\t\t\t\t\t\t<\/div>\n\t\t\t\t\t\t\t\t\t\t\t\t\t\t\t<\/div>\n\t\t\t\t\t\t<\/div>\n\t\t\t\t\t<\/div>\n\t\t\t\t\t\t\t\t\t<div class=\"accordion-item semead-topic\">\n\t\t\t\t\t\t<h2 class=\"accordion-header\" id=\"semead-accordion-1-heading-3\">\n\t\t\t\t\t\t\t<button\n\t\t\t\t\t\t\t\tclass=\"accordion-button collapsed\"\n\t\t\t\t\t\t\t\ttype=\"button\"\n\t\t\t\t\t\t\t\tdata-bs-toggle=\"collapse\"\n\t\t\t\t\t\t\t\tdata-bs-target=\"#semead-accordion-1-collapse-3\"\n\t\t\t\t\t\t\t\taria-expanded=\"false\"\n\t\t\t\t\t\t\t\taria-controls=\"semead-accordion-1-collapse-3\"\n\t\t\t\t\t\t\t>\n\t\t\t\t\t\t\t\t3. Knowledge Management, Intellectual Property, and Technology Transfer\t\t\t\t\t\t\t<\/button>\n\t\t\t\t\t\t<\/h2>\n\t\t\t\t\t\t<div\n\t\t\t\t\t\t\tid=\"semead-accordion-1-collapse-3\"\n\t\t\t\t\t\t\tclass=\"accordion-collapse collapse\"\n\t\t\t\t\t\t\taria-labelledby=\"semead-accordion-1-heading-3\"\n\t\t\t\t\t\t\tdata-bs-parent=\"#semead-accordion-1\"\n\t\t\t\t\t\t>\n\t\t\t\t\t\t\t<div class=\"accordion-body\">\n\t\t\t\t\t\t\t\t\n\t\t\t\t\t\t\t\t\t\t\t\t\t\t\t\t\t<div class=\"semead-topic__description\"><p>Knowledge management and intellectual property in companies and Scientific and Technological Institutions (STIs). Transfer of technologies produced in academia to other organizations, including strategies and contractual aspects for licensing and commercializing technologies, the creation of companies derived from STIs (spin-offs), as well as other forms of technology transfer. The role of Technological Innovation Centers and other actors in the technology transfer process. Other frontier topics that connect these key elements.<\/p>\n<\/div>\n\t\t\t\t\t\t\t\t\n\t\t\t\t\t\t\t\t\t\t\t\t\t\t\t\t\t<div class=\"semead-leaders row row-cols-1 row-cols-md-2 row-cols-lg-3 g-4\">\n\t\t\t\t\t\t\t\t\t\t\t\t\t\t\t\t\t\t\t\t\t<div class=\"col\">\n\t\t\t\t\t\t\t\t\t\t\t\t<div class=\"semead-leader card h-100 border-0 text-center\">\n\t\t\t\t\t\t\t\t\t\t\t\t\t<div class=\"card-body\">\n\t\t\t\t\t\t\t\t\t\t\t\t\t\t<img data-recalc-dims=\"1\"\n\t\t\t\t\t\t\t\t\t\t\t\t\t\t\tclass=\"semead-leader__image rounded-circle\"\n\t\t\t\t\t\t\t\t\t\t\t\t\t\t\tsrc=\"https:\/\/i0.wp.com\/semead.com.br\/29\/wp-content\/uploads\/sites\/21\/2026\/04\/Aline-Faria.jpg?resize=150%2C150&#038;ssl=1\"\n\t\t\t\t\t\t\t\t\t\t\t\t\t\t\talt=\"Leader: Profa. Dra. Aline Mariane de Faria - Centro Universit\u00e1rio FEI\"\n\t\t\t\t\t\t\t\t\t\t\t\t\t\t\tloading=\"lazy\"\n\t\t\t\t\t\t\t\t\t\t\t\t\t\t\twidth=\"150\"\n\t\t\t\t\t\t\t\t\t\t\t\t\t\t\theight=\"150\"\n\t\t\t\t\t\t\t\t\t\t\t\t\t\t>\n\t\t\t\t\t\t\t\t\t\t\t\t\t\t<div class=\"semead-leader__name\"><em>Leader: Profa. Dra. Aline Mariane de Faria - Centro Universit\u00e1rio FEI<\/em><\/div>\n\t\t\t\t\t\t\t\t\t\t\t\t\t<\/div>\n\t\t\t\t\t\t\t\t\t\t\t\t<\/div>\n\t\t\t\t\t\t\t\t\t\t\t<\/div>\n\t\t\t\t\t\t\t\t\t\t\t\t\t\t\t\t\t\t\t\t\t<div class=\"col\">\n\t\t\t\t\t\t\t\t\t\t\t\t<div class=\"semead-leader card h-100 border-0 text-center\">\n\t\t\t\t\t\t\t\t\t\t\t\t\t<div class=\"card-body\">\n\t\t\t\t\t\t\t\t\t\t\t\t\t\t<img data-recalc-dims=\"1\"\n\t\t\t\t\t\t\t\t\t\t\t\t\t\t\tclass=\"semead-leader__image rounded-circle\"\n\t\t\t\t\t\t\t\t\t\t\t\t\t\t\tsrc=\"https:\/\/i0.wp.com\/semead.com.br\/29\/wp-content\/uploads\/sites\/21\/2026\/04\/Neitan-Marques.jpg?resize=150%2C150&#038;ssl=1\"\n\t\t\t\t\t\t\t\t\t\t\t\t\t\t\talt=\"Co-Leader: Prof. Dr. Natan de Souza Marques - CEPID ARIES\"\n\t\t\t\t\t\t\t\t\t\t\t\t\t\t\tloading=\"lazy\"\n\t\t\t\t\t\t\t\t\t\t\t\t\t\t\twidth=\"150\"\n\t\t\t\t\t\t\t\t\t\t\t\t\t\t\theight=\"150\"\n\t\t\t\t\t\t\t\t\t\t\t\t\t\t>\n\t\t\t\t\t\t\t\t\t\t\t\t\t\t<div class=\"semead-leader__name\"><em>Co-Leader: Prof. Dr. Natan de Souza Marques - CEPID ARIES<\/em><\/div>\n\t\t\t\t\t\t\t\t\t\t\t\t\t<\/div>\n\t\t\t\t\t\t\t\t\t\t\t\t<\/div>\n\t\t\t\t\t\t\t\t\t\t\t<\/div>\n\t\t\t\t\t\t\t\t\t\t\t\t\t\t\t\t\t\t\t<\/div>\n\t\t\t\t\t\t\t\t\t\t\t\t\t\t\t<\/div>\n\t\t\t\t\t\t<\/div>\n\t\t\t\t\t<\/div>\n\t\t\t\t\t\t\t\t\t<div class=\"accordion-item semead-topic\">\n\t\t\t\t\t\t<h2 class=\"accordion-header\" id=\"semead-accordion-1-heading-4\">\n\t\t\t\t\t\t\t<button\n\t\t\t\t\t\t\t\tclass=\"accordion-button collapsed\"\n\t\t\t\t\t\t\t\ttype=\"button\"\n\t\t\t\t\t\t\t\tdata-bs-toggle=\"collapse\"\n\t\t\t\t\t\t\t\tdata-bs-target=\"#semead-accordion-1-collapse-4\"\n\t\t\t\t\t\t\t\taria-expanded=\"false\"\n\t\t\t\t\t\t\t\taria-controls=\"semead-accordion-1-collapse-4\"\n\t\t\t\t\t\t\t>\n\t\t\t\t\t\t\t\t4. Disruptive Innovation and Creation of New Markets\t\t\t\t\t\t\t<\/button>\n\t\t\t\t\t\t<\/h2>\n\t\t\t\t\t\t<div\n\t\t\t\t\t\t\tid=\"semead-accordion-1-collapse-4\"\n\t\t\t\t\t\t\tclass=\"accordion-collapse collapse\"\n\t\t\t\t\t\t\taria-labelledby=\"semead-accordion-1-heading-4\"\n\t\t\t\t\t\t\tdata-bs-parent=\"#semead-accordion-1\"\n\t\t\t\t\t\t>\n\t\t\t\t\t\t\t<div class=\"accordion-body\">\n\t\t\t\t\t\t\t\t\n\t\t\t\t\t\t\t\t\t\t\t\t\t\t\t\t\t<div class=\"semead-topic__description\"><p>Disruptive innovation and creation of new markets; Disruptive business models; Deep techs and innovation based on scientific advances; Emerging technologies and technological paradigms in contexts of high uncertainty and long cycles; Deep techs and science- and technology-based innovations and the creation of new markets; Technological trajectories and competitive dynamics associated with new technologies; Sectoral transformations driven by advanced scientific technologies; Transition from scientific research to innovation and market creation; Overcoming the valley of death in science-based technologies; Transition between knowledge\/research, entrepreneurship, and innovation ecosystems; Dynamics of entrepreneurial ecosystems based on emerging, disruptive, and\/or deep-tech technologies; Interactions among universities, companies, government, and society from the perspective of the triple, quadruple, and quintuple helix of innovation; Evolution and transformation of innovation ecosystems associated with the emergence of disruptive innovations; Governance and orchestration of innovation ecosystems for the creation and consolidation of new markets.<\/p>\n<\/div>\n\t\t\t\t\t\t\t\t\n\t\t\t\t\t\t\t\t\t\t\t\t\t\t\t\t\t<div class=\"semead-leaders row row-cols-1 row-cols-md-2 row-cols-lg-3 g-4\">\n\t\t\t\t\t\t\t\t\t\t\t\t\t\t\t\t\t\t\t\t\t<div class=\"col\">\n\t\t\t\t\t\t\t\t\t\t\t\t<div class=\"semead-leader card h-100 border-0 text-center\">\n\t\t\t\t\t\t\t\t\t\t\t\t\t<div class=\"card-body\">\n\t\t\t\t\t\t\t\t\t\t\t\t\t\t<img data-recalc-dims=\"1\"\n\t\t\t\t\t\t\t\t\t\t\t\t\t\t\tclass=\"semead-leader__image rounded-circle\"\n\t\t\t\t\t\t\t\t\t\t\t\t\t\t\tsrc=\"https:\/\/i0.wp.com\/semead.com.br\/29\/wp-content\/uploads\/sites\/21\/2026\/04\/Joao-P-N-Silva.jpg?resize=150%2C150&#038;ssl=1\"\n\t\t\t\t\t\t\t\t\t\t\t\t\t\t\talt=\"Leader: Prof. Dr. Jo\u00e3o Paulo Nascimento da Silva - Universidade Federal de Juiz de Fora\"\n\t\t\t\t\t\t\t\t\t\t\t\t\t\t\tloading=\"lazy\"\n\t\t\t\t\t\t\t\t\t\t\t\t\t\t\twidth=\"150\"\n\t\t\t\t\t\t\t\t\t\t\t\t\t\t\theight=\"150\"\n\t\t\t\t\t\t\t\t\t\t\t\t\t\t>\n\t\t\t\t\t\t\t\t\t\t\t\t\t\t<div class=\"semead-leader__name\"><em>Leader: Prof. Dr. Jo\u00e3o Paulo Nascimento da Silva - Universidade Federal de Juiz de Fora<\/em><\/div>\n\t\t\t\t\t\t\t\t\t\t\t\t\t<\/div>\n\t\t\t\t\t\t\t\t\t\t\t\t<\/div>\n\t\t\t\t\t\t\t\t\t\t\t<\/div>\n\t\t\t\t\t\t\t\t\t\t\t\t\t\t\t\t\t\t\t\t\t<div class=\"col\">\n\t\t\t\t\t\t\t\t\t\t\t\t<div class=\"semead-leader card h-100 border-0 text-center\">\n\t\t\t\t\t\t\t\t\t\t\t\t\t<div class=\"card-body\">\n\t\t\t\t\t\t\t\t\t\t\t\t\t\t<img data-recalc-dims=\"1\"\n\t\t\t\t\t\t\t\t\t\t\t\t\t\t\tclass=\"semead-leader__image rounded-circle\"\n\t\t\t\t\t\t\t\t\t\t\t\t\t\t\tsrc=\"https:\/\/i0.wp.com\/semead.com.br\/29\/wp-content\/uploads\/sites\/21\/2026\/04\/Andre-Grutzmann.jpg?resize=150%2C150&#038;ssl=1\"\n\t\t\t\t\t\t\t\t\t\t\t\t\t\t\talt=\"Co-Leader: Prof. Dr. Andr\u00e9 Grutzmann - Universidade Federal de Lavras (UFLA)\"\n\t\t\t\t\t\t\t\t\t\t\t\t\t\t\tloading=\"lazy\"\n\t\t\t\t\t\t\t\t\t\t\t\t\t\t\twidth=\"150\"\n\t\t\t\t\t\t\t\t\t\t\t\t\t\t\theight=\"150\"\n\t\t\t\t\t\t\t\t\t\t\t\t\t\t>\n\t\t\t\t\t\t\t\t\t\t\t\t\t\t<div class=\"semead-leader__name\"><em>Co-Leader: Prof. Dr. Andr\u00e9 Grutzmann - Universidade Federal de Lavras (UFLA)<\/em><\/div>\n\t\t\t\t\t\t\t\t\t\t\t\t\t<\/div>\n\t\t\t\t\t\t\t\t\t\t\t\t<\/div>\n\t\t\t\t\t\t\t\t\t\t\t<\/div>\n\t\t\t\t\t\t\t\t\t\t\t\t\t\t\t\t\t\t\t<\/div>\n\t\t\t\t\t\t\t\t\t\t\t\t\t\t\t<\/div>\n\t\t\t\t\t\t<\/div>\n\t\t\t\t\t<\/div>\n\t\t\t\t\t\t\t\t\t<div class=\"accordion-item semead-topic\">\n\t\t\t\t\t\t<h2 class=\"accordion-header\" id=\"semead-accordion-1-heading-5\">\n\t\t\t\t\t\t\t<button\n\t\t\t\t\t\t\t\tclass=\"accordion-button collapsed\"\n\t\t\t\t\t\t\t\ttype=\"button\"\n\t\t\t\t\t\t\t\tdata-bs-toggle=\"collapse\"\n\t\t\t\t\t\t\t\tdata-bs-target=\"#semead-accordion-1-collapse-5\"\n\t\t\t\t\t\t\t\taria-expanded=\"false\"\n\t\t\t\t\t\t\t\taria-controls=\"semead-accordion-1-collapse-5\"\n\t\t\t\t\t\t\t>\n\t\t\t\t\t\t\t\t5. Frugal Innovation: Affordable, Sustainable, and High-Impact Solutions\t\t\t\t\t\t\t<\/button>\n\t\t\t\t\t\t<\/h2>\n\t\t\t\t\t\t<div\n\t\t\t\t\t\t\tid=\"semead-accordion-1-collapse-5\"\n\t\t\t\t\t\t\tclass=\"accordion-collapse collapse\"\n\t\t\t\t\t\t\taria-labelledby=\"semead-accordion-1-heading-5\"\n\t\t\t\t\t\t\tdata-bs-parent=\"#semead-accordion-1\"\n\t\t\t\t\t\t>\n\t\t\t\t\t\t\t<div class=\"accordion-body\">\n\t\t\t\t\t\t\t\t\n\t\t\t\t\t\t\t\t\t\t\t\t\t\t\t\t\t<div class=\"semead-topic__description\"><p>Theoretical and conceptual foundations of frugal innovation; Business models based on frugal innovation; Frugal business strategies in large, medium, and small enterprises; Affordable technologies and low-cost, high-impact solutions; Frugal innovation in public policy and territorial development; Frugal practices in sustainability, circular economy, and social inclusion; Co-creation and innovation with communities and end users; Impact measurement and performance evaluation in frugal initiatives; Businesses with positive social and environmental impact using a frugal approach; Other emerging topics related to frugal innovation.<\/p>\n<\/div>\n\t\t\t\t\t\t\t\t\n\t\t\t\t\t\t\t\t\t\t\t\t\t\t\t\t\t<div class=\"semead-leaders row row-cols-1 row-cols-md-2 row-cols-lg-3 g-4\">\n\t\t\t\t\t\t\t\t\t\t\t\t\t\t\t\t\t\t\t\t\t<div class=\"col\">\n\t\t\t\t\t\t\t\t\t\t\t\t<div class=\"semead-leader card h-100 border-0 text-center\">\n\t\t\t\t\t\t\t\t\t\t\t\t\t<div class=\"card-body\">\n\t\t\t\t\t\t\t\t\t\t\t\t\t\t<img data-recalc-dims=\"1\"\n\t\t\t\t\t\t\t\t\t\t\t\t\t\t\tclass=\"semead-leader__image rounded-circle\"\n\t\t\t\t\t\t\t\t\t\t\t\t\t\t\tsrc=\"https:\/\/i0.wp.com\/semead.com.br\/29\/wp-content\/uploads\/sites\/21\/2026\/04\/Foto_Giancarlo.jpg?resize=150%2C150&#038;ssl=1\"\n\t\t\t\t\t\t\t\t\t\t\t\t\t\t\talt=\"Leader: Prof. Dr. Giancarlo Gomes - Universidade de Blumenau (FURB)\"\n\t\t\t\t\t\t\t\t\t\t\t\t\t\t\tloading=\"lazy\"\n\t\t\t\t\t\t\t\t\t\t\t\t\t\t\twidth=\"150\"\n\t\t\t\t\t\t\t\t\t\t\t\t\t\t\theight=\"150\"\n\t\t\t\t\t\t\t\t\t\t\t\t\t\t>\n\t\t\t\t\t\t\t\t\t\t\t\t\t\t<div class=\"semead-leader__name\"><em>Leader: Prof. Dr. Giancarlo Gomes - Universidade de Blumenau (FURB)<\/em><\/div>\n\t\t\t\t\t\t\t\t\t\t\t\t\t<\/div>\n\t\t\t\t\t\t\t\t\t\t\t\t<\/div>\n\t\t\t\t\t\t\t\t\t\t\t<\/div>\n\t\t\t\t\t\t\t\t\t\t\t\t\t\t\t\t\t\t\t\t\t<div class=\"col\">\n\t\t\t\t\t\t\t\t\t\t\t\t<div class=\"semead-leader card h-100 border-0 text-center\">\n\t\t\t\t\t\t\t\t\t\t\t\t\t<div class=\"card-body\">\n\t\t\t\t\t\t\t\t\t\t\t\t\t\t<img data-recalc-dims=\"1\"\n\t\t\t\t\t\t\t\t\t\t\t\t\t\t\tclass=\"semead-leader__image rounded-circle\"\n\t\t\t\t\t\t\t\t\t\t\t\t\t\t\tsrc=\"https:\/\/i0.wp.com\/semead.com.br\/29\/wp-content\/uploads\/sites\/21\/2026\/04\/Foto_MariaLimaToivanen.jpg?resize=150%2C150&#038;ssl=1\"\n\t\t\t\t\t\t\t\t\t\t\t\t\t\t\talt=\"Co-Leader: Profa. Dra. Maria Lima Toivanen - Innodeva e Rede Brasileira de Inova\u00e7\u00e3o Frugal\"\n\t\t\t\t\t\t\t\t\t\t\t\t\t\t\tloading=\"lazy\"\n\t\t\t\t\t\t\t\t\t\t\t\t\t\t\twidth=\"150\"\n\t\t\t\t\t\t\t\t\t\t\t\t\t\t\theight=\"150\"\n\t\t\t\t\t\t\t\t\t\t\t\t\t\t>\n\t\t\t\t\t\t\t\t\t\t\t\t\t\t<div class=\"semead-leader__name\"><em>Co-Leader: Profa. Dra. Maria Lima Toivanen - Innodeva e Rede Brasileira de Inova\u00e7\u00e3o Frugal<\/em><\/div>\n\t\t\t\t\t\t\t\t\t\t\t\t\t<\/div>\n\t\t\t\t\t\t\t\t\t\t\t\t<\/div>\n\t\t\t\t\t\t\t\t\t\t\t<\/div>\n\t\t\t\t\t\t\t\t\t\t\t\t\t\t\t\t\t\t\t\t\t<div class=\"col\">\n\t\t\t\t\t\t\t\t\t\t\t\t<div class=\"semead-leader card h-100 border-0 text-center\">\n\t\t\t\t\t\t\t\t\t\t\t\t\t<div class=\"card-body\">\n\t\t\t\t\t\t\t\t\t\t\t\t\t\t<img data-recalc-dims=\"1\"\n\t\t\t\t\t\t\t\t\t\t\t\t\t\t\tclass=\"semead-leader__image rounded-circle\"\n\t\t\t\t\t\t\t\t\t\t\t\t\t\t\tsrc=\"https:\/\/i0.wp.com\/semead.com.br\/29\/wp-content\/uploads\/sites\/21\/2026\/04\/Foto_MarioAndres.jpg?resize=150%2C150&#038;ssl=1\"\n\t\t\t\t\t\t\t\t\t\t\t\t\t\t\talt=\"International Co-Leader: Prof. Dr. Mario Andres Manzi Puertas\"\n\t\t\t\t\t\t\t\t\t\t\t\t\t\t\tloading=\"lazy\"\n\t\t\t\t\t\t\t\t\t\t\t\t\t\t\twidth=\"150\"\n\t\t\t\t\t\t\t\t\t\t\t\t\t\t\theight=\"150\"\n\t\t\t\t\t\t\t\t\t\t\t\t\t\t>\n\t\t\t\t\t\t\t\t\t\t\t\t\t\t<div class=\"semead-leader__name\"><em>International Co-Leader: Prof. Dr. Mario Andres Manzi Puertas<\/em><\/div>\n\t\t\t\t\t\t\t\t\t\t\t\t\t<\/div>\n\t\t\t\t\t\t\t\t\t\t\t\t<\/div>\n\t\t\t\t\t\t\t\t\t\t\t<\/div>\n\t\t\t\t\t\t\t\t\t\t\t\t\t\t\t\t\t\t\t<\/div>\n\t\t\t\t\t\t\t\t\t\t\t\t\t\t\t<\/div>\n\t\t\t\t\t\t<\/div>\n\t\t\t\t\t<\/div>\n\t\t\t\t\t\t\t\t\t<div class=\"accordion-item semead-topic\">\n\t\t\t\t\t\t<h2 class=\"accordion-header\" id=\"semead-accordion-1-heading-6\">\n\t\t\t\t\t\t\t<button\n\t\t\t\t\t\t\t\tclass=\"accordion-button collapsed\"\n\t\t\t\t\t\t\t\ttype=\"button\"\n\t\t\t\t\t\t\t\tdata-bs-toggle=\"collapse\"\n\t\t\t\t\t\t\t\tdata-bs-target=\"#semead-accordion-1-collapse-6\"\n\t\t\t\t\t\t\t\taria-expanded=\"false\"\n\t\t\t\t\t\t\t\taria-controls=\"semead-accordion-1-collapse-6\"\n\t\t\t\t\t\t\t>\n\t\t\t\t\t\t\t\t6. Innovation: Integrated Approaches to Projects and Processes\t\t\t\t\t\t\t<\/button>\n\t\t\t\t\t\t<\/h2>\n\t\t\t\t\t\t<div\n\t\t\t\t\t\t\tid=\"semead-accordion-1-collapse-6\"\n\t\t\t\t\t\t\tclass=\"accordion-collapse collapse\"\n\t\t\t\t\t\t\taria-labelledby=\"semead-accordion-1-heading-6\"\n\t\t\t\t\t\t\tdata-bs-parent=\"#semead-accordion-1\"\n\t\t\t\t\t\t>\n\t\t\t\t\t\t\t<div class=\"accordion-body\">\n\t\t\t\t\t\t\t\t\n\t\t\t\t\t\t\t\t\t\t\t\t\t\t\t\t\t<div class=\"semead-topic__description\"><p>Theoretical foundations, frameworks, and methodologies of innovation in projects and processes; Tools and practices for managing innovative projects and processes; Integrated portfolios and programs of innovation, ST and I, and RD and I; Integration between R and D, operations, and projects in innovation centers; Ambidextrous processes and projects of innovation and continuous improvement; Open innovation and inter-organizational collaboration in projects and processes; Governance, leadership, and metrics for innovation in projects and processes; Digital transformation and data-driven innovation in projects and processes; Agile, hybrid, and adaptive methods in innovation projects; Risk and uncertainty management in innovation projects and processes; ESG criteria and sustainability in the governance of innovation projects and processes; Management of innovation projects and processes in public organizations and institutions; Implementation and scalability of innovations through project and process structures; Other emerging topics related to innovation: integrated approaches to projects and processes.<\/p>\n<\/div>\n\t\t\t\t\t\t\t\t\n\t\t\t\t\t\t\t\t\t\t\t\t\t\t\t\t\t<div class=\"semead-leaders row row-cols-1 row-cols-md-2 row-cols-lg-3 g-4\">\n\t\t\t\t\t\t\t\t\t\t\t\t\t\t\t\t\t\t\t\t\t<div class=\"col\">\n\t\t\t\t\t\t\t\t\t\t\t\t<div class=\"semead-leader card h-100 border-0 text-center\">\n\t\t\t\t\t\t\t\t\t\t\t\t\t<div class=\"card-body\">\n\t\t\t\t\t\t\t\t\t\t\t\t\t\t<img data-recalc-dims=\"1\"\n\t\t\t\t\t\t\t\t\t\t\t\t\t\t\tclass=\"semead-leader__image rounded-circle\"\n\t\t\t\t\t\t\t\t\t\t\t\t\t\t\tsrc=\"https:\/\/i0.wp.com\/semead.com.br\/29\/wp-content\/uploads\/sites\/21\/2026\/04\/Isabel-C-Scafuto.jpg?resize=150%2C150&#038;ssl=1\"\n\t\t\t\t\t\t\t\t\t\t\t\t\t\t\talt=\"Leader: Profa. Dra. Isabel Cristina Scafuto - UNINOVE\"\n\t\t\t\t\t\t\t\t\t\t\t\t\t\t\tloading=\"lazy\"\n\t\t\t\t\t\t\t\t\t\t\t\t\t\t\twidth=\"150\"\n\t\t\t\t\t\t\t\t\t\t\t\t\t\t\theight=\"150\"\n\t\t\t\t\t\t\t\t\t\t\t\t\t\t>\n\t\t\t\t\t\t\t\t\t\t\t\t\t\t<div class=\"semead-leader__name\"><em>Leader: Profa. Dra. Isabel Cristina Scafuto - UNINOVE<\/em><\/div>\n\t\t\t\t\t\t\t\t\t\t\t\t\t<\/div>\n\t\t\t\t\t\t\t\t\t\t\t\t<\/div>\n\t\t\t\t\t\t\t\t\t\t\t<\/div>\n\t\t\t\t\t\t\t\t\t\t\t\t\t\t\t\t\t\t\t\t\t<div class=\"col\">\n\t\t\t\t\t\t\t\t\t\t\t\t<div class=\"semead-leader card h-100 border-0 text-center\">\n\t\t\t\t\t\t\t\t\t\t\t\t\t<div class=\"card-body\">\n\t\t\t\t\t\t\t\t\t\t\t\t\t\t<img data-recalc-dims=\"1\"\n\t\t\t\t\t\t\t\t\t\t\t\t\t\t\tclass=\"semead-leader__image rounded-circle\"\n\t\t\t\t\t\t\t\t\t\t\t\t\t\t\tsrc=\"https:\/\/i0.wp.com\/semead.com.br\/29\/wp-content\/uploads\/sites\/21\/2026\/04\/Alex-Fabianne.jpg?resize=150%2C150&#038;ssl=1\"\n\t\t\t\t\t\t\t\t\t\t\t\t\t\t\talt=\"Co-Leader: Prof. Dr. Alex Fabianne de Paulo - UFG\"\n\t\t\t\t\t\t\t\t\t\t\t\t\t\t\tloading=\"lazy\"\n\t\t\t\t\t\t\t\t\t\t\t\t\t\t\twidth=\"150\"\n\t\t\t\t\t\t\t\t\t\t\t\t\t\t\theight=\"150\"\n\t\t\t\t\t\t\t\t\t\t\t\t\t\t>\n\t\t\t\t\t\t\t\t\t\t\t\t\t\t<div class=\"semead-leader__name\"><em>Co-Leader: Prof. Dr. Alex Fabianne de Paulo - UFG<\/em><\/div>\n\t\t\t\t\t\t\t\t\t\t\t\t\t<\/div>\n\t\t\t\t\t\t\t\t\t\t\t\t<\/div>\n\t\t\t\t\t\t\t\t\t\t\t<\/div>\n\t\t\t\t\t\t\t\t\t\t\t\t\t\t\t\t\t\t\t<\/div>\n\t\t\t\t\t\t\t\t\t\t\t\t\t\t\t<\/div>\n\t\t\t\t\t\t<\/div>\n\t\t\t\t\t<\/div>\n\t\t\t\t\t\t\t\t\t<div class=\"accordion-item semead-topic\">\n\t\t\t\t\t\t<h2 class=\"accordion-header\" id=\"semead-accordion-1-heading-7\">\n\t\t\t\t\t\t\t<button\n\t\t\t\t\t\t\t\tclass=\"accordion-button collapsed\"\n\t\t\t\t\t\t\t\ttype=\"button\"\n\t\t\t\t\t\t\t\tdata-bs-toggle=\"collapse\"\n\t\t\t\t\t\t\t\tdata-bs-target=\"#semead-accordion-1-collapse-7\"\n\t\t\t\t\t\t\t\taria-expanded=\"false\"\n\t\t\t\t\t\t\t\taria-controls=\"semead-accordion-1-collapse-7\"\n\t\t\t\t\t\t\t>\n\t\t\t\t\t\t\t\t7. Networks, Ecosystems, and Innovation Environments\t\t\t\t\t\t\t<\/button>\n\t\t\t\t\t\t<\/h2>\n\t\t\t\t\t\t<div\n\t\t\t\t\t\t\tid=\"semead-accordion-1-collapse-7\"\n\t\t\t\t\t\t\tclass=\"accordion-collapse collapse\"\n\t\t\t\t\t\t\taria-labelledby=\"semead-accordion-1-heading-7\"\n\t\t\t\t\t\t\tdata-bs-parent=\"#semead-accordion-1\"\n\t\t\t\t\t\t>\n\t\t\t\t\t\t\t<div class=\"accordion-body\">\n\t\t\t\t\t\t\t\t\n\t\t\t\t\t\t\t\t\t\t\t\t\t\t\t\t\t<div class=\"semead-topic__description\"><p>Innovation management in inter-organizational and territorial contexts, with emphasis on the interactions, collaborative arrangements, strategies, and governance mechanisms that structure networks, ecosystems, and innovation environments, involving organizations, Science, Technology, and Innovation (ST and I) institutions, governments, and other social and economic actors. It includes public-private partnerships for innovation; open innovation models, such as coproduction, codesign, and cocreation; dynamics of incubators, accelerators, parks, hubs, and technology districts; smart cities; creative economy; and other emerging and frontier topics related to the field.<\/p>\n<\/div>\n\t\t\t\t\t\t\t\t\n\t\t\t\t\t\t\t\t\t\t\t\t\t\t\t\t\t<div class=\"semead-leaders row row-cols-1 row-cols-md-2 row-cols-lg-3 g-4\">\n\t\t\t\t\t\t\t\t\t\t\t\t\t\t\t\t\t\t\t\t\t<div class=\"col\">\n\t\t\t\t\t\t\t\t\t\t\t\t<div class=\"semead-leader card h-100 border-0 text-center\">\n\t\t\t\t\t\t\t\t\t\t\t\t\t<div class=\"card-body\">\n\t\t\t\t\t\t\t\t\t\t\t\t\t\t<img data-recalc-dims=\"1\"\n\t\t\t\t\t\t\t\t\t\t\t\t\t\t\tclass=\"semead-leader__image rounded-circle\"\n\t\t\t\t\t\t\t\t\t\t\t\t\t\t\tsrc=\"https:\/\/i0.wp.com\/semead.com.br\/29\/wp-content\/uploads\/sites\/21\/2026\/04\/Ana-Claudia-Azevedo-2.jpg?resize=150%2C150&#038;ssl=1\"\n\t\t\t\t\t\t\t\t\t\t\t\t\t\t\talt=\"Leader: Profa. Dra. Ana Cl\u00e1udia Azevedo - Universidade Federal de Vi\u00e7osa (UFV)\"\n\t\t\t\t\t\t\t\t\t\t\t\t\t\t\tloading=\"lazy\"\n\t\t\t\t\t\t\t\t\t\t\t\t\t\t\twidth=\"150\"\n\t\t\t\t\t\t\t\t\t\t\t\t\t\t\theight=\"150\"\n\t\t\t\t\t\t\t\t\t\t\t\t\t\t>\n\t\t\t\t\t\t\t\t\t\t\t\t\t\t<div class=\"semead-leader__name\"><em>Leader: Profa. Dra. Ana Cl\u00e1udia Azevedo - Universidade Federal de Vi\u00e7osa (UFV)<\/em><\/div>\n\t\t\t\t\t\t\t\t\t\t\t\t\t<\/div>\n\t\t\t\t\t\t\t\t\t\t\t\t<\/div>\n\t\t\t\t\t\t\t\t\t\t\t<\/div>\n\t\t\t\t\t\t\t\t\t\t\t\t\t\t\t\t\t\t\t\t\t<div class=\"col\">\n\t\t\t\t\t\t\t\t\t\t\t\t<div class=\"semead-leader card h-100 border-0 text-center\">\n\t\t\t\t\t\t\t\t\t\t\t\t\t<div class=\"card-body\">\n\t\t\t\t\t\t\t\t\t\t\t\t\t\t<img data-recalc-dims=\"1\"\n\t\t\t\t\t\t\t\t\t\t\t\t\t\t\tclass=\"semead-leader__image rounded-circle\"\n\t\t\t\t\t\t\t\t\t\t\t\t\t\t\tsrc=\"https:\/\/i0.wp.com\/semead.com.br\/29\/wp-content\/uploads\/sites\/21\/2026\/04\/Bruno-de-Souza-Lessa.jpg?resize=150%2C150&#038;ssl=1\"\n\t\t\t\t\t\t\t\t\t\t\t\t\t\t\talt=\"Co-Leader: Prof. Dr. Bruno de Souza Lessa - Universidade de Fortaleza (UNIFOR)\"\n\t\t\t\t\t\t\t\t\t\t\t\t\t\t\tloading=\"lazy\"\n\t\t\t\t\t\t\t\t\t\t\t\t\t\t\twidth=\"150\"\n\t\t\t\t\t\t\t\t\t\t\t\t\t\t\theight=\"150\"\n\t\t\t\t\t\t\t\t\t\t\t\t\t\t>\n\t\t\t\t\t\t\t\t\t\t\t\t\t\t<div class=\"semead-leader__name\"><em>Co-Leader: Prof. Dr. Bruno de Souza Lessa - Universidade de Fortaleza (UNIFOR)<\/em><\/div>\n\t\t\t\t\t\t\t\t\t\t\t\t\t<\/div>\n\t\t\t\t\t\t\t\t\t\t\t\t<\/div>\n\t\t\t\t\t\t\t\t\t\t\t<\/div>\n\t\t\t\t\t\t\t\t\t\t\t\t\t\t\t\t\t\t\t\t\t<div class=\"col\">\n\t\t\t\t\t\t\t\t\t\t\t\t<div class=\"semead-leader card h-100 border-0 text-center\">\n\t\t\t\t\t\t\t\t\t\t\t\t\t<div class=\"card-body\">\n\t\t\t\t\t\t\t\t\t\t\t\t\t\t<img data-recalc-dims=\"1\"\n\t\t\t\t\t\t\t\t\t\t\t\t\t\t\tclass=\"semead-leader__image rounded-circle\"\n\t\t\t\t\t\t\t\t\t\t\t\t\t\t\tsrc=\"https:\/\/i0.wp.com\/semead.com.br\/29\/wp-content\/uploads\/sites\/21\/2026\/04\/Camilo-Pena-Ramirez.jpg?resize=150%2C150&#038;ssl=1\"\n\t\t\t\t\t\t\t\t\t\t\t\t\t\t\talt=\"International Co-Leader: Prof. Dr. Camilo Pe\u00f1a-Ram\u00edrez - UPLA, Chile\"\n\t\t\t\t\t\t\t\t\t\t\t\t\t\t\tloading=\"lazy\"\n\t\t\t\t\t\t\t\t\t\t\t\t\t\t\twidth=\"150\"\n\t\t\t\t\t\t\t\t\t\t\t\t\t\t\theight=\"150\"\n\t\t\t\t\t\t\t\t\t\t\t\t\t\t>\n\t\t\t\t\t\t\t\t\t\t\t\t\t\t<div class=\"semead-leader__name\"><em>International Co-Leader: Prof. Dr. Camilo Pe\u00f1a-Ram\u00edrez - UPLA, Chile<\/em><\/div>\n\t\t\t\t\t\t\t\t\t\t\t\t\t<\/div>\n\t\t\t\t\t\t\t\t\t\t\t\t<\/div>\n\t\t\t\t\t\t\t\t\t\t\t<\/div>\n\t\t\t\t\t\t\t\t\t\t\t\t\t\t\t\t\t\t\t<\/div>\n\t\t\t\t\t\t\t\t\t\t\t\t\t\t\t<\/div>\n\t\t\t\t\t\t<\/div>\n\t\t\t\t\t<\/div>\n\t\t\t\t\t\t\t<\/div>\n\t\t<\/div>\n\n\n\n<p class=\"wp-block-paragraph\"><\/p>\n","protected":false},"excerpt":{"rendered":"","protected":false},"author":4,"featured_media":0,"parent":31514,"menu_order":120,"comment_status":"closed","ping_status":"closed","template":"","meta":{"_acf_changed":false,"tpgb_global_settings":"","inline_featured_image":false,"_monsterinsights_skip_tracking":false,"_monsterinsights_sitenote_active":false,"_monsterinsights_sitenote_note":"","_monsterinsights_sitenote_category":0,"footnotes":""},"class_list":["post-19669","page","type-page","status-publish","hentry"],"acf":{"coordenadores":[{"titulo":"Coordinator:","nome":"Felipe Mendes Borini, PhD","instituicao":"FEA-USP","imagem":34887},{"titulo":"Coordinator:","nome":"Guilherme Ary Plonski, PhD","instituicao":"FEA-USP","imagem":34884}],"audio_da_coordenacao":"","temas":[{"tema_nome":"Dimensions of Creativity, Behavior, and Organizational Culture for Innovation","tema_descricao":"Ways of promoting, stimulating, and supporting creativity for innovation. Behavioral challenges arising from actions associated with innovation. Management of organizational change, in different settings, resulting from innovations. Organizational culture for creativity and innovation. Management of multidisciplinary teams and innovation. Diversity management and innovation. Innovation in the age of social media and artificial intelligence. Other frontier topics related to the theme.","audio":"","lideres":[{"lider_nome":"Leader: Prof. Dr. Jo\u00e3o Ant\u00f4nio Gomes Pereira - UNIPAMPA","lider_foto":36255},{"lider_nome":"Co-Leader: Profa. Dra. Cristina Doritta Brand\u00e3o Majorana - IEA USP","lider_foto":36256}]},{"tema_nome":"Innovation Strategies and Policies","tema_descricao":"Strategies for the creation, diffusion, and adoption of Science, Technology, and Innovation (ST and I), considering their role in generating economic, social, and socio-ecological value. Analysis of the competitive and systemic context of ST and I, including models, tools, and methods to support decision-making across the various types of innovation (technological and non-technological, radical and incremental, disruptive or not, local, reverse, open or closed). Emphasis on emerging approaches that integrate innovation and regeneration, exploring how organizations, ecosystems, and public policies can contribute to the renewal of natural and social systems. Political and institutional context of ST and I, including policies, funding instruments, and incentives at national and subnational levels, as well as the role of ST and I in business and international relations. It also includes topics such as socio-ecological innovation ecosystems, bioeconomy, deep techs for grand challenges, stakeholder-oriented innovation, and regenerative strategies. Other frontier topics related to ST and I strategies and\/or policies.","audio":"","lideres":[{"lider_nome":"Leader: Prof. Dr. Jefferson Luiz Bution - FEA-USP","lider_foto":36261},{"lider_nome":"Co-Leader: Profa. Dra. Silvia De Tommaso - PGT FEA-USP e FIA Business School","lider_foto":36265},{"lider_nome":"International Co-Leader: Profa. Dra. Oana Branzei","lider_foto":36264}]},{"tema_nome":"Knowledge Management, Intellectual Property, and Technology Transfer","tema_descricao":"Knowledge management and intellectual property in companies and Scientific and Technological Institutions (STIs). Transfer of technologies produced in academia to other organizations, including strategies and contractual aspects for licensing and commercializing technologies, the creation of companies derived from STIs (spin-offs), as well as other forms of technology transfer. The role of Technological Innovation Centers and other actors in the technology transfer process. Other frontier topics that connect these key elements.","audio":"","lideres":[{"lider_nome":"Leader: Profa. Dra. Aline Mariane de Faria - Centro Universit\u00e1rio FEI","lider_foto":36250},{"lider_nome":"Co-Leader: Prof. Dr. Natan de Souza Marques - CEPID ARIES","lider_foto":36263}]},{"tema_nome":"Disruptive Innovation and Creation of New Markets","tema_descricao":"Disruptive innovation and creation of new markets; Disruptive business models; Deep techs and innovation based on scientific advances; Emerging technologies and technological paradigms in contexts of high uncertainty and long cycles; Deep techs and science- and technology-based innovations and the creation of new markets; Technological trajectories and competitive dynamics associated with new technologies; Sectoral transformations driven by advanced scientific technologies; Transition from scientific research to innovation and market creation; Overcoming the valley of death in science-based technologies; Transition between knowledge\/research, entrepreneurship, and innovation ecosystems; Dynamics of entrepreneurial ecosystems based on emerging, disruptive, and\/or deep-tech technologies; Interactions among universities, companies, government, and society from the perspective of the triple, quadruple, and quintuple helix of innovation; Evolution and transformation of innovation ecosystems associated with the emergence of disruptive innovations; Governance and orchestration of innovation ecosystems for the creation and consolidation of new markets.","audio":"","lideres":[{"lider_nome":"Leader: Prof. Dr. Jo\u00e3o Paulo Nascimento da Silva - Universidade Federal de Juiz de Fora","lider_foto":36262},{"lider_nome":"Co-Leader: Prof. Dr. Andr\u00e9 Grutzmann - Universidade Federal de Lavras (UFLA)","lider_foto":36252}]},{"tema_nome":"Frugal Innovation: Affordable, Sustainable, and High-Impact Solutions","tema_descricao":"Theoretical and conceptual foundations of frugal innovation; Business models based on frugal innovation; Frugal business strategies in large, medium, and small enterprises; Affordable technologies and low-cost, high-impact solutions; Frugal innovation in public policy and territorial development; Frugal practices in sustainability, circular economy, and social inclusion; Co-creation and innovation with communities and end users; Impact measurement and performance evaluation in frugal initiatives; Businesses with positive social and environmental impact using a frugal approach; Other emerging topics related to frugal innovation.","audio":"","lideres":[{"lider_nome":"Leader: Prof. Dr. Giancarlo Gomes - Universidade de Blumenau (FURB)","lider_foto":36257},{"lider_nome":"Co-Leader: Profa. Dra. Maria Lima Toivanen - Innodeva e Rede Brasileira de Inova\u00e7\u00e3o Frugal","lider_foto":36258},{"lider_nome":"International Co-Leader: Prof. Dr. Mario Andres Manzi Puertas","lider_foto":36259}]},{"tema_nome":"Innovation: Integrated Approaches to Projects and Processes","tema_descricao":"Theoretical foundations, frameworks, and methodologies of innovation in projects and processes; Tools and practices for managing innovative projects and processes; Integrated portfolios and programs of innovation, ST and I, and RD and I; Integration between R and D, operations, and projects in innovation centers; Ambidextrous processes and projects of innovation and continuous improvement; Open innovation and inter-organizational collaboration in projects and processes; Governance, leadership, and metrics for innovation in projects and processes; Digital transformation and data-driven innovation in projects and processes; Agile, hybrid, and adaptive methods in innovation projects; Risk and uncertainty management in innovation projects and processes; ESG criteria and sustainability in the governance of innovation projects and processes; Management of innovation projects and processes in public organizations and institutions; Implementation and scalability of innovations through project and process structures; Other emerging topics related to innovation: integrated approaches to projects and processes.","audio":"","lideres":[{"lider_nome":"Leader: Profa. Dra. Isabel Cristina Scafuto - UNINOVE","lider_foto":36260},{"lider_nome":"Co-Leader: Prof. Dr. Alex Fabianne de Paulo - UFG","lider_foto":36249}]},{"tema_nome":"Networks, Ecosystems, and Innovation Environments","tema_descricao":"Innovation management in inter-organizational and territorial contexts, with emphasis on the interactions, collaborative arrangements, strategies, and governance mechanisms that structure networks, ecosystems, and innovation environments, involving organizations, Science, Technology, and Innovation (ST and I) institutions, governments, and other social and economic actors. It includes public-private partnerships for innovation; open innovation models, such as coproduction, codesign, and cocreation; dynamics of incubators, accelerators, parks, hubs, and technology districts; smart cities; creative economy; and other emerging and frontier topics related to the field.","audio":"","lideres":[{"lider_nome":"Leader: Profa. Dra. Ana Cl\u00e1udia Azevedo - Universidade Federal de Vi\u00e7osa (UFV)","lider_foto":36251},{"lider_nome":"Co-Leader: Prof. Dr. Bruno de Souza Lessa - Universidade de Fortaleza (UNIFOR)","lider_foto":36253},{"lider_nome":"International Co-Leader: Prof. Dr. Camilo Pe\u00f1a-Ram\u00edrez - UPLA, Chile","lider_foto":36254}]}]},"yoast_head":"<!-- This site is optimized with the Yoast SEO plugin v28.4 - https:\/\/yoast.com\/product\/yoast-seo-wordpress\/ -->\n<title>Innovation Management - XXIX SemeAd<\/title>\n<meta name=\"robots\" content=\"index, follow, max-snippet:-1, max-image-preview:large, max-video-preview:-1\" \/>\n<link rel=\"canonical\" href=\"https:\/\/semead.com.br\/29\/en\/tracks\/scientific-areas\/gestao-da-inovacao\/\" \/>\n<meta property=\"og:locale\" content=\"en_US\" \/>\n<meta property=\"og:type\" content=\"article\" \/>\n<meta property=\"og:title\" content=\"Innovation Management - XXIX SemeAd\" \/>\n<meta property=\"og:url\" content=\"https:\/\/semead.com.br\/29\/en\/tracks\/scientific-areas\/gestao-da-inovacao\/\" \/>\n<meta property=\"og:site_name\" content=\"XXIX SemeAd\" \/>\n<meta property=\"article:modified_time\" content=\"2026-08-23T01:17:31+00:00\" \/>\n<meta name=\"twitter:card\" content=\"summary_large_image\" \/>\n<script type=\"application\/ld+json\" class=\"yoast-schema-graph\">{\"@context\":\"https:\\\/\\\/schema.org\",\"@graph\":[{\"@type\":\"WebPage\",\"@id\":\"https:\\\/\\\/semead.com.br\\\/29\\\/en\\\/tracks\\\/scientific-areas\\\/gestao-da-inovacao\\\/\",\"url\":\"https:\\\/\\\/semead.com.br\\\/29\\\/en\\\/tracks\\\/scientific-areas\\\/gestao-da-inovacao\\\/\",\"name\":\"Innovation Management - XXIX SemeAd\",\"isPartOf\":{\"@id\":\"https:\\\/\\\/semead.com.br\\\/29\\\/en\\\/#website\"},\"datePublished\":\"2021-06-14T17:45:40+00:00\",\"dateModified\":\"2026-08-23T01:17:31+00:00\",\"breadcrumb\":{\"@id\":\"https:\\\/\\\/semead.com.br\\\/29\\\/en\\\/tracks\\\/scientific-areas\\\/gestao-da-inovacao\\\/#breadcrumb\"},\"inLanguage\":\"en-US\",\"potentialAction\":[{\"@type\":\"ReadAction\",\"target\":[\"https:\\\/\\\/semead.com.br\\\/29\\\/en\\\/tracks\\\/scientific-areas\\\/gestao-da-inovacao\\\/\"]}]},{\"@type\":\"BreadcrumbList\",\"@id\":\"https:\\\/\\\/semead.com.br\\\/29\\\/en\\\/tracks\\\/scientific-areas\\\/gestao-da-inovacao\\\/#breadcrumb\",\"itemListElement\":[{\"@type\":\"ListItem\",\"position\":1,\"name\":\"In\u00edcio\",\"item\":\"https:\\\/\\\/semead.com.br\\\/29\\\/en\\\/\"},{\"@type\":\"ListItem\",\"position\":2,\"name\":\"\u00c1reas\",\"item\":\"https:\\\/\\\/semead.com.br\\\/29\\\/en\\\/areas\\\/\"},{\"@type\":\"ListItem\",\"position\":3,\"name\":\"Scientific Areas\",\"item\":\"https:\\\/\\\/semead.com.br\\\/29\\\/en\\\/areas\\\/cientificas\\\/\"},{\"@type\":\"ListItem\",\"position\":4,\"name\":\"Innovation Management\"}]},{\"@type\":\"WebSite\",\"@id\":\"https:\\\/\\\/semead.com.br\\\/29\\\/en\\\/#website\",\"url\":\"https:\\\/\\\/semead.com.br\\\/29\\\/en\\\/\",\"name\":\"XXIX SemeAd\",\"description\":\"Semin\u00e1rios em administra\u00e7\u00e3o\",\"potentialAction\":[{\"@type\":\"SearchAction\",\"target\":{\"@type\":\"EntryPoint\",\"urlTemplate\":\"https:\\\/\\\/semead.com.br\\\/29\\\/en\\\/?s={search_term_string}\"},\"query-input\":{\"@type\":\"PropertyValueSpecification\",\"valueRequired\":true,\"valueName\":\"search_term_string\"}}],\"inLanguage\":\"en-US\"}]}<\/script>\n<!-- \/ Yoast SEO plugin. -->","yoast_head_json":{"title":"Innovation Management - XXIX SemeAd","robots":{"index":"index","follow":"follow","max-snippet":"max-snippet:-1","max-image-preview":"max-image-preview:large","max-video-preview":"max-video-preview:-1"},"canonical":"https:\/\/semead.com.br\/29\/en\/tracks\/scientific-areas\/gestao-da-inovacao\/","og_locale":"en_US","og_type":"article","og_title":"Innovation Management - XXIX SemeAd","og_url":"https:\/\/semead.com.br\/29\/en\/tracks\/scientific-areas\/gestao-da-inovacao\/","og_site_name":"XXIX SemeAd","article_modified_time":"2026-08-23T01:17:31+00:00","twitter_card":"summary_large_image","schema":{"@context":"https:\/\/schema.org","@graph":[{"@type":"WebPage","@id":"https:\/\/semead.com.br\/29\/en\/tracks\/scientific-areas\/gestao-da-inovacao\/","url":"https:\/\/semead.com.br\/29\/en\/tracks\/scientific-areas\/gestao-da-inovacao\/","name":"Innovation Management - XXIX SemeAd","isPartOf":{"@id":"https:\/\/semead.com.br\/29\/en\/#website"},"datePublished":"2021-06-14T17:45:40+00:00","dateModified":"2026-08-23T01:17:31+00:00","breadcrumb":{"@id":"https:\/\/semead.com.br\/29\/en\/tracks\/scientific-areas\/gestao-da-inovacao\/#breadcrumb"},"inLanguage":"en-US","potentialAction":[{"@type":"ReadAction","target":["https:\/\/semead.com.br\/29\/en\/tracks\/scientific-areas\/gestao-da-inovacao\/"]}]},{"@type":"BreadcrumbList","@id":"https:\/\/semead.com.br\/29\/en\/tracks\/scientific-areas\/gestao-da-inovacao\/#breadcrumb","itemListElement":[{"@type":"ListItem","position":1,"name":"In\u00edcio","item":"https:\/\/semead.com.br\/29\/en\/"},{"@type":"ListItem","position":2,"name":"\u00c1reas","item":"https:\/\/semead.com.br\/29\/en\/areas\/"},{"@type":"ListItem","position":3,"name":"Scientific Areas","item":"https:\/\/semead.com.br\/29\/en\/areas\/cientificas\/"},{"@type":"ListItem","position":4,"name":"Innovation Management"}]},{"@type":"WebSite","@id":"https:\/\/semead.com.br\/29\/en\/#website","url":"https:\/\/semead.com.br\/29\/en\/","name":"XXIX SemeAd","description":"Semin\u00e1rios em administra\u00e7\u00e3o","potentialAction":[{"@type":"SearchAction","target":{"@type":"EntryPoint","urlTemplate":"https:\/\/semead.com.br\/29\/en\/?s={search_term_string}"},"query-input":{"@type":"PropertyValueSpecification","valueRequired":true,"valueName":"search_term_string"}}],"inLanguage":"en-US"}]}},"tpgb_featured_images":null,"tpgb_post_meta_info":{"get_date":"14 de June de 2021","get_modified_date":"22 de August de 2026","author_name":"semeadfernandoyada77","author_url":"https:\/\/semead.com.br\/29\/en\/author\/semeadfernandoyada77\/","author_email":"fernandoyada+semead@gmail.com","author_website":"","author_description":"","author_facebook":"","author_twitter":"","author_instagram":"","author_role":["administrator"],"author_firstname":"","author_lastname":"","user_login":"semeadfernandoyada77","author_avatar":"<img alt='' src='https:\/\/secure.gravatar.com\/avatar\/5cf727b92add7940479f95be27b8a9f4752bdd62514030afb7ce6d274c363cee?s=200&#038;d=mm&#038;r=g' srcset='https:\/\/secure.gravatar.com\/avatar\/5cf727b92add7940479f95be27b8a9f4752bdd62514030afb7ce6d274c363cee?s=400&#038;d=mm&#038;r=g 2x' class='avatar avatar-200 photo' height='200' width='200' decoding='async'\/>","author_avatar_url":"https:\/\/secure.gravatar.com\/avatar\/5cf727b92add7940479f95be27b8a9f4752bdd62514030afb7ce6d274c363cee?s=96&d=mm&r=g","comment_count":0,"post_likes":0,"post_views":0},"tpgb_post_category":[],"jetpack_sharing_enabled":true,"_links":{"self":[{"href":"https:\/\/semead.com.br\/29\/en\/wp-json\/wp\/v2\/pages\/19669","targetHints":{"allow":["GET"]}}],"collection":[{"href":"https:\/\/semead.com.br\/29\/en\/wp-json\/wp\/v2\/pages"}],"about":[{"href":"https:\/\/semead.com.br\/29\/en\/wp-json\/wp\/v2\/types\/page"}],"author":[{"embeddable":true,"href":"https:\/\/semead.com.br\/29\/en\/wp-json\/wp\/v2\/users\/4"}],"replies":[{"embeddable":true,"href":"https:\/\/semead.com.br\/29\/en\/wp-json\/wp\/v2\/comments?post=19669"}],"version-history":[{"count":2,"href":"https:\/\/semead.com.br\/29\/en\/wp-json\/wp\/v2\/pages\/19669\/revisions"}],"predecessor-version":[{"id":36926,"href":"https:\/\/semead.com.br\/29\/en\/wp-json\/wp\/v2\/pages\/19669\/revisions\/36926"}],"up":[{"embeddable":true,"href":"https:\/\/semead.com.br\/29\/en\/wp-json\/wp\/v2\/pages\/31514"}],"wp:attachment":[{"href":"https:\/\/semead.com.br\/29\/en\/wp-json\/wp\/v2\/media?parent=19669"}],"curies":[{"name":"wp","href":"https:\/\/api.w.org\/{rel}","templated":true}]}}