{"id":20069,"date":"2021-06-17T21:28:58","date_gmt":"2021-06-18T00:28:58","guid":{"rendered":"https:\/\/semead.com.br\/29-novo\/?page_id=20069"},"modified":"2026-08-22T22:38:05","modified_gmt":"2026-08-23T01:38:05","slug":"public-administration","status":"publish","type":"page","link":"https:\/\/semead.com.br\/29\/en\/tracks\/scientific-areas\/public-administration\/","title":{"rendered":"Public Administration"},"content":{"rendered":"<div class=\"semead-shortcode semead-shortcode--coordenacao\">\n\t\t\t\t\t\t\t<div class=\"semead-people\">\n\t\t\t\t\t\t\t\t\t\t\t<div class=\"semead-person\">\n\t\t\t\t\t\t\t<div class=\"semead-person__media\">\n\t\t\t\t\t\t\t\t<img data-recalc-dims=\"1\"\n\t\t\t\t\t\t\t\t\tclass=\"semead-person__image rounded-circle\"\n\t\t\t\t\t\t\t\t\tsrc=\"https:\/\/i0.wp.com\/semead.com.br\/29\/wp-content\/uploads\/sites\/21\/2026\/05\/ADM_Publ_Erika-Lisboa.jpg?resize=150%2C150&#038;ssl=1\"\n\t\t\t\t\t\t\t\t\talt=\"Erika Lisboa, PhD\"\n\t\t\t\t\t\t\t\t\tloading=\"lazy\"\n\t\t\t\t\t\t\t\t\twidth=\"150\"\n\t\t\t\t\t\t\t\t\theight=\"150\"\n\t\t\t\t\t\t\t\t>\n\t\t\t\t\t\t\t<\/div>\n\t\t\t\t\t\t\t<div class=\"semead-person__content\">\n\t\t\t\t\t\t\t\t<h4 class=\"\">Coordinator:<\/h4>\n\t\t\t\t\t\t\t\t<h3 class=\"semead-person__title\">Erika Lisboa, PhD<\/h3>\n\t\t\t\t\t\t\t\t\t\t\t\t\t\t\t\t\t<div class=\"semead-person__institution\">FGV<\/div>\n\t\t\t\t\t\t\t\t\t\t\t\t\t\t\t<\/div>\n\t\t\t\t\t\t<\/div>\n\t\t\t\t\t\t\t\t\t\t\t<div class=\"semead-person\">\n\t\t\t\t\t\t\t<div class=\"semead-person__media\">\n\t\t\t\t\t\t\t\t<img data-recalc-dims=\"1\"\n\t\t\t\t\t\t\t\t\tclass=\"semead-person__image rounded-circle\"\n\t\t\t\t\t\t\t\t\tsrc=\"https:\/\/i0.wp.com\/semead.com.br\/29\/wp-content\/uploads\/sites\/21\/2026\/05\/ADM_Publ_Patricia-Mello.jpg?resize=150%2C150&#038;ssl=1\"\n\t\t\t\t\t\t\t\t\talt=\"Patricia Mello, PhD\"\n\t\t\t\t\t\t\t\t\tloading=\"lazy\"\n\t\t\t\t\t\t\t\t\twidth=\"150\"\n\t\t\t\t\t\t\t\t\theight=\"150\"\n\t\t\t\t\t\t\t\t>\n\t\t\t\t\t\t\t<\/div>\n\t\t\t\t\t\t\t<div class=\"semead-person__content\">\n\t\t\t\t\t\t\t\t<h4 class=\"\">Co-Coordinator:<\/h4>\n\t\t\t\t\t\t\t\t<h3 class=\"semead-person__title\">Patricia Mello, PhD<\/h3>\n\t\t\t\t\t\t\t\t\t\t\t\t\t\t\t\t\t<div class=\"semead-person__institution\">FGV<\/div>\n\t\t\t\t\t\t\t\t\t\t\t\t\t\t\t<\/div>\n\t\t\t\t\t\t<\/div>\n\t\t\t\t\t\t\t\t\t<\/div>\n\t\t\t\n\t\t\t\t\t<\/div>\n<div class=\"semead-shortcode semead-shortcode--temas\">\n\t\t\t\t\t\t\t<h4 class=\"semead-shortcode__heading\"><strong>Temas e L\u00edderes:<\/strong><\/h4>\n\t\t\t\n\t\t\t<div class=\"accordion\" id=\"semead-accordion-1\">\n\t\t\t\t\t\t\t\t\t<div class=\"accordion-item semead-topic\">\n\t\t\t\t\t\t<h2 class=\"accordion-header\" id=\"semead-accordion-1-heading-1\">\n\t\t\t\t\t\t\t<button\n\t\t\t\t\t\t\t\tclass=\"accordion-button collapsed\"\n\t\t\t\t\t\t\t\ttype=\"button\"\n\t\t\t\t\t\t\t\tdata-bs-toggle=\"collapse\"\n\t\t\t\t\t\t\t\tdata-bs-target=\"#semead-accordion-1-collapse-1\"\n\t\t\t\t\t\t\t\taria-expanded=\"false\"\n\t\t\t\t\t\t\t\taria-controls=\"semead-accordion-1-collapse-1\"\n\t\t\t\t\t\t\t>\n\t\t\t\t\t\t\t\t1. Environment, Territorialities, and Public Policy\t\t\t\t\t\t\t<\/button>\n\t\t\t\t\t\t<\/h2>\n\t\t\t\t\t\t<div\n\t\t\t\t\t\t\tid=\"semead-accordion-1-collapse-1\"\n\t\t\t\t\t\t\tclass=\"accordion-collapse collapse\"\n\t\t\t\t\t\t\taria-labelledby=\"semead-accordion-1-heading-1\"\n\t\t\t\t\t\t\tdata-bs-parent=\"#semead-accordion-1\"\n\t\t\t\t\t\t>\n\t\t\t\t\t\t\t<div class=\"accordion-body\">\n\t\t\t\t\t\t\t\t\n\t\t\t\t\t\t\t\t\t\t\t\t\t\t\t\t\t<div class=\"semead-topic__description\"><p>Environmental and territorial issues pose a challenge for contemporary public administration. They call for forms of governance that require interdisciplinary and intersectoral approaches, linked to a model of public action that recognizes multiple actors and multiple decision-making centers. In today\u2019s world, there is no longer room for approaches to government action that relegate nature to a secondary role, as the progression of climate change affects not only different biomes but also public health, the economy, environmental conservation, and our ability to exist and live on the planet today and in the future. On this topic, therefore, we are open to various discussions that span administrative, managerial, organizational, and planning aspects of governance, as well as the relationships among federal entities, between the state, civil society, and social movements, and the forces confronting the global consequences of natural resource use. The relationship between humans, society, and nature is one of the fundamental aspects of fostering an environmental culture that affects anyone working in public administration who is committed to building a more socially just world. Social justice is not possible without incorporating environmental justice and rethinking the structures of power.<\/p>\n<\/div>\n\t\t\t\t\t\t\t\t\n\t\t\t\t\t\t\t\t\t\t\t\t\t\t\t\t\t<div class=\"semead-leaders row row-cols-1 row-cols-md-2 row-cols-lg-3 g-4\">\n\t\t\t\t\t\t\t\t\t\t\t\t\t\t\t\t\t\t\t\t\t<div class=\"col\">\n\t\t\t\t\t\t\t\t\t\t\t\t<div class=\"semead-leader card h-100 border-0 text-center\">\n\t\t\t\t\t\t\t\t\t\t\t\t\t<div class=\"card-body\">\n\t\t\t\t\t\t\t\t\t\t\t\t\t\t<img data-recalc-dims=\"1\"\n\t\t\t\t\t\t\t\t\t\t\t\t\t\t\tclass=\"semead-leader__image rounded-circle\"\n\t\t\t\t\t\t\t\t\t\t\t\t\t\t\tsrc=\"https:\/\/i0.wp.com\/semead.com.br\/29\/wp-content\/uploads\/sites\/21\/2026\/05\/Profa.-Dra.-Heloisa-de-Camargo-Tozato.jpg?resize=150%2C150&#038;ssl=1\"\n\t\t\t\t\t\t\t\t\t\t\t\t\t\t\talt=\"Leader: Helo\u00edsa de Camargo Tozato, PhD (IEA &amp; EACH-USP)\"\n\t\t\t\t\t\t\t\t\t\t\t\t\t\t\tloading=\"lazy\"\n\t\t\t\t\t\t\t\t\t\t\t\t\t\t\twidth=\"150\"\n\t\t\t\t\t\t\t\t\t\t\t\t\t\t\theight=\"150\"\n\t\t\t\t\t\t\t\t\t\t\t\t\t\t>\n\t\t\t\t\t\t\t\t\t\t\t\t\t\t<div class=\"semead-leader__name\"><em>Leader: Helo\u00edsa de Camargo Tozato, PhD (IEA &amp; EACH-USP)<\/em><\/div>\n\t\t\t\t\t\t\t\t\t\t\t\t\t<\/div>\n\t\t\t\t\t\t\t\t\t\t\t\t<\/div>\n\t\t\t\t\t\t\t\t\t\t\t<\/div>\n\t\t\t\t\t\t\t\t\t\t\t\t\t\t\t\t\t\t\t\t\t<div class=\"col\">\n\t\t\t\t\t\t\t\t\t\t\t\t<div class=\"semead-leader card h-100 border-0 text-center\">\n\t\t\t\t\t\t\t\t\t\t\t\t\t<div class=\"card-body\">\n\t\t\t\t\t\t\t\t\t\t\t\t\t\t<img data-recalc-dims=\"1\"\n\t\t\t\t\t\t\t\t\t\t\t\t\t\t\tclass=\"semead-leader__image rounded-circle\"\n\t\t\t\t\t\t\t\t\t\t\t\t\t\t\tsrc=\"https:\/\/i0.wp.com\/semead.com.br\/29\/wp-content\/uploads\/sites\/21\/2026\/05\/Prof.-Eduardo-de-Lima-Caldas-EACH-USP.jpg?resize=150%2C150&#038;ssl=1\"\n\t\t\t\t\t\t\t\t\t\t\t\t\t\t\talt=\"Co-Leader: Eduardo de Lima Caldas, PhD (UFPEL)\"\n\t\t\t\t\t\t\t\t\t\t\t\t\t\t\tloading=\"lazy\"\n\t\t\t\t\t\t\t\t\t\t\t\t\t\t\twidth=\"150\"\n\t\t\t\t\t\t\t\t\t\t\t\t\t\t\theight=\"150\"\n\t\t\t\t\t\t\t\t\t\t\t\t\t\t>\n\t\t\t\t\t\t\t\t\t\t\t\t\t\t<div class=\"semead-leader__name\"><em>Co-Leader: Eduardo de Lima Caldas, PhD (UFPEL)<\/em><\/div>\n\t\t\t\t\t\t\t\t\t\t\t\t\t<\/div>\n\t\t\t\t\t\t\t\t\t\t\t\t<\/div>\n\t\t\t\t\t\t\t\t\t\t\t<\/div>\n\t\t\t\t\t\t\t\t\t\t\t\t\t\t\t\t\t\t\t<\/div>\n\t\t\t\t\t\t\t\t\t\t\t\t\t\t\t<\/div>\n\t\t\t\t\t\t<\/div>\n\t\t\t\t\t<\/div>\n\t\t\t\t\t\t\t\t\t<div class=\"accordion-item semead-topic\">\n\t\t\t\t\t\t<h2 class=\"accordion-header\" id=\"semead-accordion-1-heading-2\">\n\t\t\t\t\t\t\t<button\n\t\t\t\t\t\t\t\tclass=\"accordion-button collapsed\"\n\t\t\t\t\t\t\t\ttype=\"button\"\n\t\t\t\t\t\t\t\tdata-bs-toggle=\"collapse\"\n\t\t\t\t\t\t\t\tdata-bs-target=\"#semead-accordion-1-collapse-2\"\n\t\t\t\t\t\t\t\taria-expanded=\"false\"\n\t\t\t\t\t\t\t\taria-controls=\"semead-accordion-1-collapse-2\"\n\t\t\t\t\t\t\t>\n\t\t\t\t\t\t\t\t2. Evaluation, Monitoring, and Evidence-Based Public Policy\t\t\t\t\t\t\t<\/button>\n\t\t\t\t\t\t<\/h2>\n\t\t\t\t\t\t<div\n\t\t\t\t\t\t\tid=\"semead-accordion-1-collapse-2\"\n\t\t\t\t\t\t\tclass=\"accordion-collapse collapse\"\n\t\t\t\t\t\t\taria-labelledby=\"semead-accordion-1-heading-2\"\n\t\t\t\t\t\t\tdata-bs-parent=\"#semead-accordion-1\"\n\t\t\t\t\t\t>\n\t\t\t\t\t\t\t<div class=\"accordion-body\">\n\t\t\t\t\t\t\t\t\n\t\t\t\t\t\t\t\t\t\t\t\t\t\t\t\t\t<div class=\"semead-topic__description\"><p>It covers studies on theory of change, logic models, and the monitoring and evaluation of public policies, including impact evaluation, causal analysis, and the use of evidence in policy formulation and revision.<\/p>\n<\/div>\n\t\t\t\t\t\t\t\t\n\t\t\t\t\t\t\t\t\t\t\t\t\t\t\t\t\t<div class=\"semead-leaders row row-cols-1 row-cols-md-2 row-cols-lg-3 g-4\">\n\t\t\t\t\t\t\t\t\t\t\t\t\t\t\t\t\t\t\t\t\t<div class=\"col\">\n\t\t\t\t\t\t\t\t\t\t\t\t<div class=\"semead-leader card h-100 border-0 text-center\">\n\t\t\t\t\t\t\t\t\t\t\t\t\t<div class=\"card-body\">\n\t\t\t\t\t\t\t\t\t\t\t\t\t\t<img data-recalc-dims=\"1\"\n\t\t\t\t\t\t\t\t\t\t\t\t\t\t\tclass=\"semead-leader__image rounded-circle\"\n\t\t\t\t\t\t\t\t\t\t\t\t\t\t\tsrc=\"https:\/\/i0.wp.com\/semead.com.br\/29\/wp-content\/uploads\/sites\/21\/2026\/05\/ADM_Publ_Fernando-Deodato.jpg?resize=150%2C150&#038;ssl=1\"\n\t\t\t\t\t\t\t\t\t\t\t\t\t\t\talt=\"Leader: Fernando Deodato, PhD (FGV)\"\n\t\t\t\t\t\t\t\t\t\t\t\t\t\t\tloading=\"lazy\"\n\t\t\t\t\t\t\t\t\t\t\t\t\t\t\twidth=\"150\"\n\t\t\t\t\t\t\t\t\t\t\t\t\t\t\theight=\"150\"\n\t\t\t\t\t\t\t\t\t\t\t\t\t\t>\n\t\t\t\t\t\t\t\t\t\t\t\t\t\t<div class=\"semead-leader__name\"><em>Leader: Fernando Deodato, PhD (FGV)<\/em><\/div>\n\t\t\t\t\t\t\t\t\t\t\t\t\t<\/div>\n\t\t\t\t\t\t\t\t\t\t\t\t<\/div>\n\t\t\t\t\t\t\t\t\t\t\t<\/div>\n\t\t\t\t\t\t\t\t\t\t\t\t\t\t\t\t\t\t\t\t\t<div class=\"col\">\n\t\t\t\t\t\t\t\t\t\t\t\t<div class=\"semead-leader card h-100 border-0 text-center\">\n\t\t\t\t\t\t\t\t\t\t\t\t\t<div class=\"card-body\">\n\t\t\t\t\t\t\t\t\t\t\t\t\t\t<img data-recalc-dims=\"1\"\n\t\t\t\t\t\t\t\t\t\t\t\t\t\t\tclass=\"semead-leader__image rounded-circle\"\n\t\t\t\t\t\t\t\t\t\t\t\t\t\t\tsrc=\"https:\/\/i0.wp.com\/semead.com.br\/29\/wp-content\/uploads\/sites\/21\/2026\/05\/ADM_Publ_Lycia.jpg?resize=150%2C150&#038;ssl=1\"\n\t\t\t\t\t\t\t\t\t\t\t\t\t\t\talt=\"Co-Leader: Lycia Silva Lima, PhD (FGV)\"\n\t\t\t\t\t\t\t\t\t\t\t\t\t\t\tloading=\"lazy\"\n\t\t\t\t\t\t\t\t\t\t\t\t\t\t\twidth=\"150\"\n\t\t\t\t\t\t\t\t\t\t\t\t\t\t\theight=\"150\"\n\t\t\t\t\t\t\t\t\t\t\t\t\t\t>\n\t\t\t\t\t\t\t\t\t\t\t\t\t\t<div class=\"semead-leader__name\"><em>Co-Leader: Lycia Silva Lima, PhD (FGV)<\/em><\/div>\n\t\t\t\t\t\t\t\t\t\t\t\t\t<\/div>\n\t\t\t\t\t\t\t\t\t\t\t\t<\/div>\n\t\t\t\t\t\t\t\t\t\t\t<\/div>\n\t\t\t\t\t\t\t\t\t\t\t\t\t\t\t\t\t\t\t\t\t<div class=\"col\">\n\t\t\t\t\t\t\t\t\t\t\t\t<div class=\"semead-leader card h-100 border-0 text-center\">\n\t\t\t\t\t\t\t\t\t\t\t\t\t<div class=\"card-body\">\n\t\t\t\t\t\t\t\t\t\t\t\t\t\t<img data-recalc-dims=\"1\"\n\t\t\t\t\t\t\t\t\t\t\t\t\t\t\tclass=\"semead-leader__image rounded-circle\"\n\t\t\t\t\t\t\t\t\t\t\t\t\t\t\tsrc=\"https:\/\/i0.wp.com\/semead.com.br\/29\/wp-content\/uploads\/sites\/21\/2026\/05\/ADM_Publ_Caio_Castro.jpg?resize=150%2C150&#038;ssl=1\"\n\t\t\t\t\t\t\t\t\t\t\t\t\t\t\talt=\"International Co-Leader: Caio Castro, PhD (FGV)\"\n\t\t\t\t\t\t\t\t\t\t\t\t\t\t\tloading=\"lazy\"\n\t\t\t\t\t\t\t\t\t\t\t\t\t\t\twidth=\"150\"\n\t\t\t\t\t\t\t\t\t\t\t\t\t\t\theight=\"150\"\n\t\t\t\t\t\t\t\t\t\t\t\t\t\t>\n\t\t\t\t\t\t\t\t\t\t\t\t\t\t<div class=\"semead-leader__name\"><em>International Co-Leader: Caio Castro, PhD (FGV)<\/em><\/div>\n\t\t\t\t\t\t\t\t\t\t\t\t\t<\/div>\n\t\t\t\t\t\t\t\t\t\t\t\t<\/div>\n\t\t\t\t\t\t\t\t\t\t\t<\/div>\n\t\t\t\t\t\t\t\t\t\t\t\t\t\t\t\t\t\t\t<\/div>\n\t\t\t\t\t\t\t\t\t\t\t\t\t\t\t<\/div>\n\t\t\t\t\t\t<\/div>\n\t\t\t\t\t<\/div>\n\t\t\t\t\t\t\t\t\t<div class=\"accordion-item semead-topic\">\n\t\t\t\t\t\t<h2 class=\"accordion-header\" id=\"semead-accordion-1-heading-3\">\n\t\t\t\t\t\t\t<button\n\t\t\t\t\t\t\t\tclass=\"accordion-button collapsed\"\n\t\t\t\t\t\t\t\ttype=\"button\"\n\t\t\t\t\t\t\t\tdata-bs-toggle=\"collapse\"\n\t\t\t\t\t\t\t\tdata-bs-target=\"#semead-accordion-1-collapse-3\"\n\t\t\t\t\t\t\t\taria-expanded=\"false\"\n\t\t\t\t\t\t\t\taria-controls=\"semead-accordion-1-collapse-3\"\n\t\t\t\t\t\t\t>\n\t\t\t\t\t\t\t\t3. Management and Innovation in Public Policies\t\t\t\t\t\t\t<\/button>\n\t\t\t\t\t\t<\/h2>\n\t\t\t\t\t\t<div\n\t\t\t\t\t\t\tid=\"semead-accordion-1-collapse-3\"\n\t\t\t\t\t\t\tclass=\"accordion-collapse collapse\"\n\t\t\t\t\t\t\taria-labelledby=\"semead-accordion-1-heading-3\"\n\t\t\t\t\t\t\tdata-bs-parent=\"#semead-accordion-1\"\n\t\t\t\t\t\t>\n\t\t\t\t\t\t\t<div class=\"accordion-body\">\n\t\t\t\t\t\t\t\t\n\t\t\t\t\t\t\t\t\t\t\t\t\t\t\t\t\t<div class=\"semead-topic__description\"><p>This theme comprises works based on the dialogue between theory and practice that bring experiences of management and innovation in public policies and service delivery. The focus is on studies that contemplate policy experiences that, for example, influence the lives of citizens; result in the responsible use of resources; incorporate new technologies; represent changes in society in relation to previous practices; and broaden the dialogue between society and Public Administration.<\/p>\n<\/div>\n\t\t\t\t\t\t\t\t\n\t\t\t\t\t\t\t\t\t\t\t\t\t\t\t\t\t<div class=\"semead-leaders row row-cols-1 row-cols-md-2 row-cols-lg-3 g-4\">\n\t\t\t\t\t\t\t\t\t\t\t\t\t\t\t\t\t\t\t\t\t<div class=\"col\">\n\t\t\t\t\t\t\t\t\t\t\t\t<div class=\"semead-leader card h-100 border-0 text-center\">\n\t\t\t\t\t\t\t\t\t\t\t\t\t<div class=\"card-body\">\n\t\t\t\t\t\t\t\t\t\t\t\t\t\t<img data-recalc-dims=\"1\"\n\t\t\t\t\t\t\t\t\t\t\t\t\t\t\tclass=\"semead-leader__image rounded-circle\"\n\t\t\t\t\t\t\t\t\t\t\t\t\t\t\tsrc=\"https:\/\/i0.wp.com\/semead.com.br\/29\/wp-content\/uploads\/sites\/21\/2026\/05\/ADM_Publ_Thais-Zero.jpg?resize=150%2C150&#038;ssl=1\"\n\t\t\t\t\t\t\t\t\t\t\t\t\t\t\talt=\"Leader: Tha\u00eds Helena Zero de O. Pereira - Funda\u00e7\u00e3o Herm\u00ednio Ometto, PhD (FHO)\"\n\t\t\t\t\t\t\t\t\t\t\t\t\t\t\tloading=\"lazy\"\n\t\t\t\t\t\t\t\t\t\t\t\t\t\t\twidth=\"150\"\n\t\t\t\t\t\t\t\t\t\t\t\t\t\t\theight=\"150\"\n\t\t\t\t\t\t\t\t\t\t\t\t\t\t>\n\t\t\t\t\t\t\t\t\t\t\t\t\t\t<div class=\"semead-leader__name\"><em>Leader: Tha\u00eds Helena Zero de O. Pereira - Funda\u00e7\u00e3o Herm\u00ednio Ometto, PhD (FHO)<\/em><\/div>\n\t\t\t\t\t\t\t\t\t\t\t\t\t<\/div>\n\t\t\t\t\t\t\t\t\t\t\t\t<\/div>\n\t\t\t\t\t\t\t\t\t\t\t<\/div>\n\t\t\t\t\t\t\t\t\t\t\t\t\t\t\t\t\t\t\t<\/div>\n\t\t\t\t\t\t\t\t\t\t\t\t\t\t\t<\/div>\n\t\t\t\t\t\t<\/div>\n\t\t\t\t\t<\/div>\n\t\t\t\t\t\t\t\t\t<div class=\"accordion-item semead-topic\">\n\t\t\t\t\t\t<h2 class=\"accordion-header\" id=\"semead-accordion-1-heading-4\">\n\t\t\t\t\t\t\t<button\n\t\t\t\t\t\t\t\tclass=\"accordion-button collapsed\"\n\t\t\t\t\t\t\t\ttype=\"button\"\n\t\t\t\t\t\t\t\tdata-bs-toggle=\"collapse\"\n\t\t\t\t\t\t\t\tdata-bs-target=\"#semead-accordion-1-collapse-4\"\n\t\t\t\t\t\t\t\taria-expanded=\"false\"\n\t\t\t\t\t\t\t\taria-controls=\"semead-accordion-1-collapse-4\"\n\t\t\t\t\t\t\t>\n\t\t\t\t\t\t\t\t4. Health Management\t\t\t\t\t\t\t<\/button>\n\t\t\t\t\t\t<\/h2>\n\t\t\t\t\t\t<div\n\t\t\t\t\t\t\tid=\"semead-accordion-1-collapse-4\"\n\t\t\t\t\t\t\tclass=\"accordion-collapse collapse\"\n\t\t\t\t\t\t\taria-labelledby=\"semead-accordion-1-heading-4\"\n\t\t\t\t\t\t\tdata-bs-parent=\"#semead-accordion-1\"\n\t\t\t\t\t\t>\n\t\t\t\t\t\t\t<div class=\"accordion-body\">\n\t\t\t\t\t\t\t\t\n\t\t\t\t\t\t\t\t\t\t\t\t\t\t\t\t\t<div class=\"semead-topic__description\"><p>Healthcare management encompasses initiatives in both the public and private sectors. This topic considers two levels. At the level of health policy, it analyses the regulation, funding and organisation of the healthcare system. At the organisational level, it analyses the management of hospitals, clinics, healthcare providers, laboratories and industries, both in the provision of services and in the supply of healthcare products (within the context of the healthcare industrial complex). Papers on financing, costs, quality, access, regulation, innovation and the adoption of healthcare technologies are welcome, approached from economic, political, social and technological perspectives.<\/p>\n<\/div>\n\t\t\t\t\t\t\t\t\n\t\t\t\t\t\t\t\t\t\t\t\t\t\t\t\t\t<div class=\"semead-leaders row row-cols-1 row-cols-md-2 row-cols-lg-3 g-4\">\n\t\t\t\t\t\t\t\t\t\t\t\t\t\t\t\t\t\t\t\t\t<div class=\"col\">\n\t\t\t\t\t\t\t\t\t\t\t\t<div class=\"semead-leader card h-100 border-0 text-center\">\n\t\t\t\t\t\t\t\t\t\t\t\t\t<div class=\"card-body\">\n\t\t\t\t\t\t\t\t\t\t\t\t\t\t<img data-recalc-dims=\"1\"\n\t\t\t\t\t\t\t\t\t\t\t\t\t\t\tclass=\"semead-leader__image rounded-circle\"\n\t\t\t\t\t\t\t\t\t\t\t\t\t\t\tsrc=\"https:\/\/i0.wp.com\/semead.com.br\/29\/wp-content\/uploads\/sites\/21\/2026\/05\/ADM_Publ_Elize-Massard.jpg?resize=150%2C150&#038;ssl=1\"\n\t\t\t\t\t\t\t\t\t\t\t\t\t\t\talt=\"Leader: Elize Massard, PhD (FGV)\"\n\t\t\t\t\t\t\t\t\t\t\t\t\t\t\tloading=\"lazy\"\n\t\t\t\t\t\t\t\t\t\t\t\t\t\t\twidth=\"150\"\n\t\t\t\t\t\t\t\t\t\t\t\t\t\t\theight=\"150\"\n\t\t\t\t\t\t\t\t\t\t\t\t\t\t>\n\t\t\t\t\t\t\t\t\t\t\t\t\t\t<div class=\"semead-leader__name\"><em>Leader: Elize Massard, PhD (FGV)<\/em><\/div>\n\t\t\t\t\t\t\t\t\t\t\t\t\t<\/div>\n\t\t\t\t\t\t\t\t\t\t\t\t<\/div>\n\t\t\t\t\t\t\t\t\t\t\t<\/div>\n\t\t\t\t\t\t\t\t\t\t\t\t\t\t\t\t\t\t\t<\/div>\n\t\t\t\t\t\t\t\t\t\t\t\t\t\t\t<\/div>\n\t\t\t\t\t\t<\/div>\n\t\t\t\t\t<\/div>\n\t\t\t\t\t\t\t\t\t<div class=\"accordion-item semead-topic\">\n\t\t\t\t\t\t<h2 class=\"accordion-header\" id=\"semead-accordion-1-heading-5\">\n\t\t\t\t\t\t\t<button\n\t\t\t\t\t\t\t\tclass=\"accordion-button collapsed\"\n\t\t\t\t\t\t\t\ttype=\"button\"\n\t\t\t\t\t\t\t\tdata-bs-toggle=\"collapse\"\n\t\t\t\t\t\t\t\tdata-bs-target=\"#semead-accordion-1-collapse-5\"\n\t\t\t\t\t\t\t\taria-expanded=\"false\"\n\t\t\t\t\t\t\t\taria-controls=\"semead-accordion-1-collapse-5\"\n\t\t\t\t\t\t\t>\n\t\t\t\t\t\t\t\t5. Organisational Management: Planning, Human Resources and Capabilities\t\t\t\t\t\t\t<\/button>\n\t\t\t\t\t\t<\/h2>\n\t\t\t\t\t\t<div\n\t\t\t\t\t\t\tid=\"semead-accordion-1-collapse-5\"\n\t\t\t\t\t\t\tclass=\"accordion-collapse collapse\"\n\t\t\t\t\t\t\taria-labelledby=\"semead-accordion-1-heading-5\"\n\t\t\t\t\t\t\tdata-bs-parent=\"#semead-accordion-1\"\n\t\t\t\t\t\t>\n\t\t\t\t\t\t\t<div class=\"accordion-body\">\n\t\t\t\t\t\t\t\t\n\t\t\t\t\t\t\t\t\t\t\t\t\t\t\t\t\t<div class=\"semead-topic__description\"><p>The management of public organisations is the central focus of this topic, from both a theoretical and an empirical perspective. This field encompasses studies on human resources in public organisations, organisational design and institutional arrangements for service delivery. It also covers research on institutional and governance capacities, as well as studies on approaches, methods and case studies relating to strategic planning in public organisations.<\/p>\n<\/div>\n\t\t\t\t\t\t\t\t\n\t\t\t\t\t\t\t\t\t\t\t\t\t\t\t\t\t<div class=\"semead-leaders row row-cols-1 row-cols-md-2 row-cols-lg-3 g-4\">\n\t\t\t\t\t\t\t\t\t\t\t\t\t\t\t\t\t\t\t\t\t<div class=\"col\">\n\t\t\t\t\t\t\t\t\t\t\t\t<div class=\"semead-leader card h-100 border-0 text-center\">\n\t\t\t\t\t\t\t\t\t\t\t\t\t<div class=\"card-body\">\n\t\t\t\t\t\t\t\t\t\t\t\t\t\t<img data-recalc-dims=\"1\"\n\t\t\t\t\t\t\t\t\t\t\t\t\t\t\tclass=\"semead-leader__image rounded-circle\"\n\t\t\t\t\t\t\t\t\t\t\t\t\t\t\tsrc=\"https:\/\/i0.wp.com\/semead.com.br\/29\/wp-content\/uploads\/sites\/21\/2026\/05\/joao-luis-passador.jpg?resize=150%2C150&#038;ssl=1\"\n\t\t\t\t\t\t\t\t\t\t\t\t\t\t\talt=\"Leader: Jo\u00e3o Luiz Passador, PhD (FEA-RP-USP)\"\n\t\t\t\t\t\t\t\t\t\t\t\t\t\t\tloading=\"lazy\"\n\t\t\t\t\t\t\t\t\t\t\t\t\t\t\twidth=\"150\"\n\t\t\t\t\t\t\t\t\t\t\t\t\t\t\theight=\"150\"\n\t\t\t\t\t\t\t\t\t\t\t\t\t\t>\n\t\t\t\t\t\t\t\t\t\t\t\t\t\t<div class=\"semead-leader__name\"><em>Leader: Jo\u00e3o Luiz Passador, PhD (FEA-RP-USP)<\/em><\/div>\n\t\t\t\t\t\t\t\t\t\t\t\t\t<\/div>\n\t\t\t\t\t\t\t\t\t\t\t\t<\/div>\n\t\t\t\t\t\t\t\t\t\t\t<\/div>\n\t\t\t\t\t\t\t\t\t\t\t\t\t\t\t\t\t\t\t\t\t<div class=\"col\">\n\t\t\t\t\t\t\t\t\t\t\t\t<div class=\"semead-leader card h-100 border-0 text-center\">\n\t\t\t\t\t\t\t\t\t\t\t\t\t<div class=\"card-body\">\n\t\t\t\t\t\t\t\t\t\t\t\t\t\t<img data-recalc-dims=\"1\"\n\t\t\t\t\t\t\t\t\t\t\t\t\t\t\tclass=\"semead-leader__image rounded-circle\"\n\t\t\t\t\t\t\t\t\t\t\t\t\t\t\tsrc=\"https:\/\/i0.wp.com\/semead.com.br\/29\/wp-content\/uploads\/sites\/21\/2026\/07\/Claudia-e1783984658555.jpeg?resize=150%2C150&#038;ssl=1\"\n\t\t\t\t\t\t\t\t\t\t\t\t\t\t\talt=\"Co-Leader: Cl\u00e1udia Souza Passador, PhD (FEA-RP-USP)\"\n\t\t\t\t\t\t\t\t\t\t\t\t\t\t\tloading=\"lazy\"\n\t\t\t\t\t\t\t\t\t\t\t\t\t\t\twidth=\"150\"\n\t\t\t\t\t\t\t\t\t\t\t\t\t\t\theight=\"150\"\n\t\t\t\t\t\t\t\t\t\t\t\t\t\t>\n\t\t\t\t\t\t\t\t\t\t\t\t\t\t<div class=\"semead-leader__name\"><em>Co-Leader: Cl\u00e1udia Souza Passador, PhD (FEA-RP-USP)<\/em><\/div>\n\t\t\t\t\t\t\t\t\t\t\t\t\t<\/div>\n\t\t\t\t\t\t\t\t\t\t\t\t<\/div>\n\t\t\t\t\t\t\t\t\t\t\t<\/div>\n\t\t\t\t\t\t\t\t\t\t\t\t\t\t\t\t\t\t\t<\/div>\n\t\t\t\t\t\t\t\t\t\t\t\t\t\t\t<\/div>\n\t\t\t\t\t\t<\/div>\n\t\t\t\t\t<\/div>\n\t\t\t\t\t\t\t\t\t<div class=\"accordion-item semead-topic\">\n\t\t\t\t\t\t<h2 class=\"accordion-header\" id=\"semead-accordion-1-heading-6\">\n\t\t\t\t\t\t\t<button\n\t\t\t\t\t\t\t\tclass=\"accordion-button collapsed\"\n\t\t\t\t\t\t\t\ttype=\"button\"\n\t\t\t\t\t\t\t\tdata-bs-toggle=\"collapse\"\n\t\t\t\t\t\t\t\tdata-bs-target=\"#semead-accordion-1-collapse-6\"\n\t\t\t\t\t\t\t\taria-expanded=\"false\"\n\t\t\t\t\t\t\t\taria-controls=\"semead-accordion-1-collapse-6\"\n\t\t\t\t\t\t\t>\n\t\t\t\t\t\t\t\t6. Social Management and Third Sector Organisations\t\t\t\t\t\t\t<\/button>\n\t\t\t\t\t\t<\/h2>\n\t\t\t\t\t\t<div\n\t\t\t\t\t\t\tid=\"semead-accordion-1-collapse-6\"\n\t\t\t\t\t\t\tclass=\"accordion-collapse collapse\"\n\t\t\t\t\t\t\taria-labelledby=\"semead-accordion-1-heading-6\"\n\t\t\t\t\t\t\tdata-bs-parent=\"#semead-accordion-1\"\n\t\t\t\t\t\t>\n\t\t\t\t\t\t\t<div class=\"accordion-body\">\n\t\t\t\t\t\t\t\t\n\t\t\t\t\t\t\t\t\t\t\t\t\t\t\t\t\t<div class=\"semead-topic__description\"><p>This theme welcomes papers on social management and third sector organisations, including: management models, civil society organisation networks, ethics in the third sector, the role of the third sector in ESG and sustainability policies, as well as in tackling inequalities and prejudice. The relationships between organisations and social development are of interest to this theme, in areas such as the evaluation of social projects, businesses with a social or environmental impact, and cross-sectoral relationships (the state, the private sector and third sector organisations). We also encourage articles that link themes from Organisational Studies to third sector organisations, including people management, diversity, volunteering, negotiation, communication, etc.<\/p>\n<\/div>\n\t\t\t\t\t\t\t\t\n\t\t\t\t\t\t\t\t\t\t\t\t\t\t\t\t\t<div class=\"semead-leaders row row-cols-1 row-cols-md-2 row-cols-lg-3 g-4\">\n\t\t\t\t\t\t\t\t\t\t\t\t\t\t\t\t\t\t\t\t\t<div class=\"col\">\n\t\t\t\t\t\t\t\t\t\t\t\t<div class=\"semead-leader card h-100 border-0 text-center\">\n\t\t\t\t\t\t\t\t\t\t\t\t\t<div class=\"card-body\">\n\t\t\t\t\t\t\t\t\t\t\t\t\t\t<img data-recalc-dims=\"1\"\n\t\t\t\t\t\t\t\t\t\t\t\t\t\t\tclass=\"semead-leader__image rounded-circle\"\n\t\t\t\t\t\t\t\t\t\t\t\t\t\t\tsrc=\"https:\/\/i0.wp.com\/semead.com.br\/29\/wp-content\/uploads\/sites\/21\/2026\/05\/Prof.-Dr.-Roberto-Sanches-Padula.jpg?resize=150%2C150&#038;ssl=1\"\n\t\t\t\t\t\t\t\t\t\t\t\t\t\t\talt=\"Leader: Roberto Sanches Padula, PhD (PUC-SP)\"\n\t\t\t\t\t\t\t\t\t\t\t\t\t\t\tloading=\"lazy\"\n\t\t\t\t\t\t\t\t\t\t\t\t\t\t\twidth=\"150\"\n\t\t\t\t\t\t\t\t\t\t\t\t\t\t\theight=\"150\"\n\t\t\t\t\t\t\t\t\t\t\t\t\t\t>\n\t\t\t\t\t\t\t\t\t\t\t\t\t\t<div class=\"semead-leader__name\"><em>Leader: Roberto Sanches Padula, PhD (PUC-SP)<\/em><\/div>\n\t\t\t\t\t\t\t\t\t\t\t\t\t<\/div>\n\t\t\t\t\t\t\t\t\t\t\t\t<\/div>\n\t\t\t\t\t\t\t\t\t\t\t<\/div>\n\t\t\t\t\t\t\t\t\t\t\t\t\t\t\t\t\t\t\t\t\t<div class=\"col\">\n\t\t\t\t\t\t\t\t\t\t\t\t<div class=\"semead-leader card h-100 border-0 text-center\">\n\t\t\t\t\t\t\t\t\t\t\t\t\t<div class=\"card-body\">\n\t\t\t\t\t\t\t\t\t\t\t\t\t\t<img data-recalc-dims=\"1\"\n\t\t\t\t\t\t\t\t\t\t\t\t\t\t\tclass=\"semead-leader__image rounded-circle\"\n\t\t\t\t\t\t\t\t\t\t\t\t\t\t\tsrc=\"https:\/\/i0.wp.com\/semead.com.br\/29\/wp-content\/uploads\/sites\/21\/2026\/05\/renato-eliseu.jpg?resize=150%2C150&#038;ssl=1\"\n\t\t\t\t\t\t\t\t\t\t\t\t\t\t\talt=\"Co-Leader: Renato Eliseu, PhD (ESALQ\/USP)\"\n\t\t\t\t\t\t\t\t\t\t\t\t\t\t\tloading=\"lazy\"\n\t\t\t\t\t\t\t\t\t\t\t\t\t\t\twidth=\"150\"\n\t\t\t\t\t\t\t\t\t\t\t\t\t\t\theight=\"150\"\n\t\t\t\t\t\t\t\t\t\t\t\t\t\t>\n\t\t\t\t\t\t\t\t\t\t\t\t\t\t<div class=\"semead-leader__name\"><em>Co-Leader: Renato Eliseu, PhD (ESALQ\/USP)<\/em><\/div>\n\t\t\t\t\t\t\t\t\t\t\t\t\t<\/div>\n\t\t\t\t\t\t\t\t\t\t\t\t<\/div>\n\t\t\t\t\t\t\t\t\t\t\t<\/div>\n\t\t\t\t\t\t\t\t\t\t\t\t\t\t\t\t\t\t\t<\/div>\n\t\t\t\t\t\t\t\t\t\t\t\t\t\t\t<\/div>\n\t\t\t\t\t\t<\/div>\n\t\t\t\t\t<\/div>\n\t\t\t\t\t\t\t\t\t<div class=\"accordion-item semead-topic\">\n\t\t\t\t\t\t<h2 class=\"accordion-header\" id=\"semead-accordion-1-heading-7\">\n\t\t\t\t\t\t\t<button\n\t\t\t\t\t\t\t\tclass=\"accordion-button collapsed\"\n\t\t\t\t\t\t\t\ttype=\"button\"\n\t\t\t\t\t\t\t\tdata-bs-toggle=\"collapse\"\n\t\t\t\t\t\t\t\tdata-bs-target=\"#semead-accordion-1-collapse-7\"\n\t\t\t\t\t\t\t\taria-expanded=\"false\"\n\t\t\t\t\t\t\t\taria-controls=\"semead-accordion-1-collapse-7\"\n\t\t\t\t\t\t\t>\n\t\t\t\t\t\t\t\t7. Governance, Public Action and Public Policy\t\t\t\t\t\t\t<\/button>\n\t\t\t\t\t\t<\/h2>\n\t\t\t\t\t\t<div\n\t\t\t\t\t\t\tid=\"semead-accordion-1-collapse-7\"\n\t\t\t\t\t\t\tclass=\"accordion-collapse collapse\"\n\t\t\t\t\t\t\taria-labelledby=\"semead-accordion-1-heading-7\"\n\t\t\t\t\t\t\tdata-bs-parent=\"#semead-accordion-1\"\n\t\t\t\t\t\t>\n\t\t\t\t\t\t\t<div class=\"accordion-body\">\n\t\t\t\t\t\t\t\t\n\t\t\t\t\t\t\t\t\t\t\t\t\t\t\t\t\t<div class=\"semead-topic__description\"><p>This theme is devoted to research and studies focusing on governance processes from an interdisciplinary perspective, encompassing aspects related to social control, participation and interaction amongst the various stakeholders involved in public issues that form the government\u2019s agenda. In this regard, public action built upon the relationship between the various actors in civil society and the State is considered strategic for the very modernisation of public administration and the strengthening of citizen participation in tackling social issues.<\/p>\n<\/div>\n\t\t\t\t\t\t\t\t\n\t\t\t\t\t\t\t\t\t\t\t\t\t\t\t\t\t<div class=\"semead-leaders row row-cols-1 row-cols-md-2 row-cols-lg-3 g-4\">\n\t\t\t\t\t\t\t\t\t\t\t\t\t\t\t\t\t\t\t\t\t<div class=\"col\">\n\t\t\t\t\t\t\t\t\t\t\t\t<div class=\"semead-leader card h-100 border-0 text-center\">\n\t\t\t\t\t\t\t\t\t\t\t\t\t<div class=\"card-body\">\n\t\t\t\t\t\t\t\t\t\t\t\t\t\t<img data-recalc-dims=\"1\"\n\t\t\t\t\t\t\t\t\t\t\t\t\t\t\tclass=\"semead-leader__image rounded-circle\"\n\t\t\t\t\t\t\t\t\t\t\t\t\t\t\tsrc=\"https:\/\/i0.wp.com\/semead.com.br\/29\/wp-content\/uploads\/sites\/21\/2026\/05\/caio.penko_.jpg?resize=150%2C150&#038;ssl=1\"\n\t\t\t\t\t\t\t\t\t\t\t\t\t\t\talt=\"Leader: Caio Penko Teixeira, PhD (PMSP e EACH-USP)\"\n\t\t\t\t\t\t\t\t\t\t\t\t\t\t\tloading=\"lazy\"\n\t\t\t\t\t\t\t\t\t\t\t\t\t\t\twidth=\"150\"\n\t\t\t\t\t\t\t\t\t\t\t\t\t\t\theight=\"150\"\n\t\t\t\t\t\t\t\t\t\t\t\t\t\t>\n\t\t\t\t\t\t\t\t\t\t\t\t\t\t<div class=\"semead-leader__name\"><em>Leader: Caio Penko Teixeira, PhD (PMSP e EACH-USP)<\/em><\/div>\n\t\t\t\t\t\t\t\t\t\t\t\t\t<\/div>\n\t\t\t\t\t\t\t\t\t\t\t\t<\/div>\n\t\t\t\t\t\t\t\t\t\t\t<\/div>\n\t\t\t\t\t\t\t\t\t\t\t\t\t\t\t\t\t\t\t\t\t<div class=\"col\">\n\t\t\t\t\t\t\t\t\t\t\t\t<div class=\"semead-leader card h-100 border-0 text-center\">\n\t\t\t\t\t\t\t\t\t\t\t\t\t<div class=\"card-body\">\n\t\t\t\t\t\t\t\t\t\t\t\t\t\t<img data-recalc-dims=\"1\"\n\t\t\t\t\t\t\t\t\t\t\t\t\t\t\tclass=\"semead-leader__image rounded-circle\"\n\t\t\t\t\t\t\t\t\t\t\t\t\t\t\tsrc=\"https:\/\/i0.wp.com\/semead.com.br\/29\/wp-content\/uploads\/sites\/21\/2026\/05\/alessandro-soares-da-silva.jpg?resize=150%2C150&#038;ssl=1\"\n\t\t\t\t\t\t\t\t\t\t\t\t\t\t\talt=\"Co-Leader: Alessandro Soares da Silva, PhD (EACH-USP)\"\n\t\t\t\t\t\t\t\t\t\t\t\t\t\t\tloading=\"lazy\"\n\t\t\t\t\t\t\t\t\t\t\t\t\t\t\twidth=\"150\"\n\t\t\t\t\t\t\t\t\t\t\t\t\t\t\theight=\"150\"\n\t\t\t\t\t\t\t\t\t\t\t\t\t\t>\n\t\t\t\t\t\t\t\t\t\t\t\t\t\t<div class=\"semead-leader__name\"><em>Co-Leader: Alessandro Soares da Silva, PhD (EACH-USP)<\/em><\/div>\n\t\t\t\t\t\t\t\t\t\t\t\t\t<\/div>\n\t\t\t\t\t\t\t\t\t\t\t\t<\/div>\n\t\t\t\t\t\t\t\t\t\t\t<\/div>\n\t\t\t\t\t\t\t\t\t\t\t\t\t\t\t\t\t\t\t\t\t<div class=\"col\">\n\t\t\t\t\t\t\t\t\t\t\t\t<div class=\"semead-leader card h-100 border-0 text-center\">\n\t\t\t\t\t\t\t\t\t\t\t\t\t<div class=\"card-body\">\n\t\t\t\t\t\t\t\t\t\t\t\t\t\t<img data-recalc-dims=\"1\"\n\t\t\t\t\t\t\t\t\t\t\t\t\t\t\tclass=\"semead-leader__image rounded-circle\"\n\t\t\t\t\t\t\t\t\t\t\t\t\t\t\tsrc=\"https:\/\/i0.wp.com\/semead.com.br\/29\/wp-content\/uploads\/sites\/21\/2026\/07\/Danilo-Reboucas-dos-Reis.jpeg?resize=150%2C150&#038;ssl=1\"\n\t\t\t\t\t\t\t\t\t\t\t\t\t\t\talt=\"Co-Leader: Danilo Rebou\u00e7as dos Reis, PhD (UnB)\"\n\t\t\t\t\t\t\t\t\t\t\t\t\t\t\tloading=\"lazy\"\n\t\t\t\t\t\t\t\t\t\t\t\t\t\t\twidth=\"150\"\n\t\t\t\t\t\t\t\t\t\t\t\t\t\t\theight=\"150\"\n\t\t\t\t\t\t\t\t\t\t\t\t\t\t>\n\t\t\t\t\t\t\t\t\t\t\t\t\t\t<div class=\"semead-leader__name\"><em>Co-Leader: Danilo Rebou\u00e7as dos Reis, PhD (UnB)<\/em><\/div>\n\t\t\t\t\t\t\t\t\t\t\t\t\t<\/div>\n\t\t\t\t\t\t\t\t\t\t\t\t<\/div>\n\t\t\t\t\t\t\t\t\t\t\t<\/div>\n\t\t\t\t\t\t\t\t\t\t\t\t\t\t\t\t\t\t\t<\/div>\n\t\t\t\t\t\t\t\t\t\t\t\t\t\t\t<\/div>\n\t\t\t\t\t\t<\/div>\n\t\t\t\t\t<\/div>\n\t\t\t\t\t\t\t\t\t<div class=\"accordion-item semead-topic\">\n\t\t\t\t\t\t<h2 class=\"accordion-header\" id=\"semead-accordion-1-heading-8\">\n\t\t\t\t\t\t\t<button\n\t\t\t\t\t\t\t\tclass=\"accordion-button collapsed\"\n\t\t\t\t\t\t\t\ttype=\"button\"\n\t\t\t\t\t\t\t\tdata-bs-toggle=\"collapse\"\n\t\t\t\t\t\t\t\tdata-bs-target=\"#semead-accordion-1-collapse-8\"\n\t\t\t\t\t\t\t\taria-expanded=\"false\"\n\t\t\t\t\t\t\t\taria-controls=\"semead-accordion-1-collapse-8\"\n\t\t\t\t\t\t\t>\n\t\t\t\t\t\t\t\t8. Collective Memory, Social Movements and Human Rights\t\t\t\t\t\t\t<\/button>\n\t\t\t\t\t\t<\/h2>\n\t\t\t\t\t\t<div\n\t\t\t\t\t\t\tid=\"semead-accordion-1-collapse-8\"\n\t\t\t\t\t\t\tclass=\"accordion-collapse collapse\"\n\t\t\t\t\t\t\taria-labelledby=\"semead-accordion-1-heading-8\"\n\t\t\t\t\t\t\tdata-bs-parent=\"#semead-accordion-1\"\n\t\t\t\t\t\t>\n\t\t\t\t\t\t\t<div class=\"accordion-body\">\n\t\t\t\t\t\t\t\t\n\t\t\t\t\t\t\t\t\t\t\t\t\t\t\t\t\t<div class=\"semead-topic__description\"><p>The issue of memory is fundamental to public administration, as it enables the political construction of public action over time. The past, present and future are interlinked in a way that facilitates planning and intervention to resolve the many social issues affecting minority or marginalised groups, as well as sections of the population victimised by inequalities. The demands of social movements presented to the State require the public administration to take a human-centred approach, capable of recognising the diversity that shapes society. This diversity is historically expressed in the life of cities and communities and in models of government management, which must be aligned with the guarantee of rights; ultimately, it is this that gives meaning to public administration itself.<\/p>\n<\/div>\n\t\t\t\t\t\t\t\t\n\t\t\t\t\t\t\t\t\t\t\t\t\t\t\t\t\t<div class=\"semead-leaders row row-cols-1 row-cols-md-2 row-cols-lg-3 g-4\">\n\t\t\t\t\t\t\t\t\t\t\t\t\t\t\t\t\t\t\t\t\t<div class=\"col\">\n\t\t\t\t\t\t\t\t\t\t\t\t<div class=\"semead-leader card h-100 border-0 text-center\">\n\t\t\t\t\t\t\t\t\t\t\t\t\t<div class=\"card-body\">\n\t\t\t\t\t\t\t\t\t\t\t\t\t\t<img data-recalc-dims=\"1\"\n\t\t\t\t\t\t\t\t\t\t\t\t\t\t\tclass=\"semead-leader__image rounded-circle\"\n\t\t\t\t\t\t\t\t\t\t\t\t\t\t\tsrc=\"https:\/\/i0.wp.com\/semead.com.br\/29\/wp-content\/uploads\/sites\/21\/2026\/05\/Dra.-Aline-Accorssi-UFPEL.jpg?resize=150%2C150&#038;ssl=1\"\n\t\t\t\t\t\t\t\t\t\t\t\t\t\t\talt=\"Leader: Aline Accorssi, PhD (UFPEL)\"\n\t\t\t\t\t\t\t\t\t\t\t\t\t\t\tloading=\"lazy\"\n\t\t\t\t\t\t\t\t\t\t\t\t\t\t\twidth=\"150\"\n\t\t\t\t\t\t\t\t\t\t\t\t\t\t\theight=\"150\"\n\t\t\t\t\t\t\t\t\t\t\t\t\t\t>\n\t\t\t\t\t\t\t\t\t\t\t\t\t\t<div class=\"semead-leader__name\"><em>Leader: Aline Accorssi, PhD (UFPEL)<\/em><\/div>\n\t\t\t\t\t\t\t\t\t\t\t\t\t<\/div>\n\t\t\t\t\t\t\t\t\t\t\t\t<\/div>\n\t\t\t\t\t\t\t\t\t\t\t<\/div>\n\t\t\t\t\t\t\t\t\t\t\t\t\t\t\t\t\t\t\t\t\t<div class=\"col\">\n\t\t\t\t\t\t\t\t\t\t\t\t<div class=\"semead-leader card h-100 border-0 text-center\">\n\t\t\t\t\t\t\t\t\t\t\t\t\t<div class=\"card-body\">\n\t\t\t\t\t\t\t\t\t\t\t\t\t\t<img data-recalc-dims=\"1\"\n\t\t\t\t\t\t\t\t\t\t\t\t\t\t\tclass=\"semead-leader__image rounded-circle\"\n\t\t\t\t\t\t\t\t\t\t\t\t\t\t\tsrc=\"https:\/\/i0.wp.com\/semead.com.br\/29\/wp-content\/uploads\/sites\/21\/2026\/05\/Profa.-Dra.-Julia-Clasen-UFPEL.jpg?resize=150%2C150&#038;ssl=1\"\n\t\t\t\t\t\t\t\t\t\t\t\t\t\t\talt=\"Co-Leader: Julia Clasen, PhD (UFPEL)\"\n\t\t\t\t\t\t\t\t\t\t\t\t\t\t\tloading=\"lazy\"\n\t\t\t\t\t\t\t\t\t\t\t\t\t\t\twidth=\"150\"\n\t\t\t\t\t\t\t\t\t\t\t\t\t\t\theight=\"150\"\n\t\t\t\t\t\t\t\t\t\t\t\t\t\t>\n\t\t\t\t\t\t\t\t\t\t\t\t\t\t<div class=\"semead-leader__name\"><em>Co-Leader: Julia Clasen, PhD (UFPEL)<\/em><\/div>\n\t\t\t\t\t\t\t\t\t\t\t\t\t<\/div>\n\t\t\t\t\t\t\t\t\t\t\t\t<\/div>\n\t\t\t\t\t\t\t\t\t\t\t<\/div>\n\t\t\t\t\t\t\t\t\t\t\t\t\t\t\t\t\t\t\t<\/div>\n\t\t\t\t\t\t\t\t\t\t\t\t\t\t\t<\/div>\n\t\t\t\t\t\t<\/div>\n\t\t\t\t\t<\/div>\n\t\t\t\t\t\t\t\t\t<div class=\"accordion-item semead-topic\">\n\t\t\t\t\t\t<h2 class=\"accordion-header\" id=\"semead-accordion-1-heading-9\">\n\t\t\t\t\t\t\t<button\n\t\t\t\t\t\t\t\tclass=\"accordion-button collapsed\"\n\t\t\t\t\t\t\t\ttype=\"button\"\n\t\t\t\t\t\t\t\tdata-bs-toggle=\"collapse\"\n\t\t\t\t\t\t\t\tdata-bs-target=\"#semead-accordion-1-collapse-9\"\n\t\t\t\t\t\t\t\taria-expanded=\"false\"\n\t\t\t\t\t\t\t\taria-controls=\"semead-accordion-1-collapse-9\"\n\t\t\t\t\t\t\t>\n\t\t\t\t\t\t\t\t9. Quality of Expenditure and Optimisation of the Use of Public Resources\t\t\t\t\t\t\t<\/button>\n\t\t\t\t\t\t<\/h2>\n\t\t\t\t\t\t<div\n\t\t\t\t\t\t\tid=\"semead-accordion-1-collapse-9\"\n\t\t\t\t\t\t\tclass=\"accordion-collapse collapse\"\n\t\t\t\t\t\t\taria-labelledby=\"semead-accordion-1-heading-9\"\n\t\t\t\t\t\t\tdata-bs-parent=\"#semead-accordion-1\"\n\t\t\t\t\t\t>\n\t\t\t\t\t\t\t<div class=\"accordion-body\">\n\t\t\t\t\t\t\t\t\n\t\t\t\t\t\t\t\t\t\t\t\t\t\t\t\t\t<div class=\"semead-topic__description\"><p>This subject encompasses theoretical studies and empirical analyses in the field of public resource management, from an economic, financial and budgetary perspective. The intended focus is on optimising the use of resources, based on the view that this ongoing objective of public administration can be achieved through a range of strategies, from process improvement to innovation in financial and budgetary management.<\/p>\n<\/div>\n\t\t\t\t\t\t\t\t\n\t\t\t\t\t\t\t\t\t\t\t\t\t\t\t\t\t<div class=\"semead-leaders row row-cols-1 row-cols-md-2 row-cols-lg-3 g-4\">\n\t\t\t\t\t\t\t\t\t\t\t\t\t\t\t\t\t\t\t\t\t<div class=\"col\">\n\t\t\t\t\t\t\t\t\t\t\t\t<div class=\"semead-leader card h-100 border-0 text-center\">\n\t\t\t\t\t\t\t\t\t\t\t\t\t<div class=\"card-body\">\n\t\t\t\t\t\t\t\t\t\t\t\t\t\t<img data-recalc-dims=\"1\"\n\t\t\t\t\t\t\t\t\t\t\t\t\t\t\tclass=\"semead-leader__image rounded-circle\"\n\t\t\t\t\t\t\t\t\t\t\t\t\t\t\tsrc=\"https:\/\/i0.wp.com\/semead.com.br\/29\/wp-content\/uploads\/sites\/21\/2026\/05\/jaime-crozatti.jpg?resize=150%2C150&#038;ssl=1\"\n\t\t\t\t\t\t\t\t\t\t\t\t\t\t\talt=\"Leader: Jaime Crozatti, PhD (EACH-USP)\"\n\t\t\t\t\t\t\t\t\t\t\t\t\t\t\tloading=\"lazy\"\n\t\t\t\t\t\t\t\t\t\t\t\t\t\t\twidth=\"150\"\n\t\t\t\t\t\t\t\t\t\t\t\t\t\t\theight=\"150\"\n\t\t\t\t\t\t\t\t\t\t\t\t\t\t>\n\t\t\t\t\t\t\t\t\t\t\t\t\t\t<div class=\"semead-leader__name\"><em>Leader: Jaime Crozatti, PhD (EACH-USP)<\/em><\/div>\n\t\t\t\t\t\t\t\t\t\t\t\t\t<\/div>\n\t\t\t\t\t\t\t\t\t\t\t\t<\/div>\n\t\t\t\t\t\t\t\t\t\t\t<\/div>\n\t\t\t\t\t\t\t\t\t\t\t\t\t\t\t\t\t\t\t<\/div>\n\t\t\t\t\t\t\t\t\t\t\t\t\t\t\t<\/div>\n\t\t\t\t\t\t<\/div>\n\t\t\t\t\t<\/div>\n\t\t\t\t\t\t\t\t\t<div class=\"accordion-item semead-topic\">\n\t\t\t\t\t\t<h2 class=\"accordion-header\" id=\"semead-accordion-1-heading-10\">\n\t\t\t\t\t\t\t<button\n\t\t\t\t\t\t\t\tclass=\"accordion-button collapsed\"\n\t\t\t\t\t\t\t\ttype=\"button\"\n\t\t\t\t\t\t\t\tdata-bs-toggle=\"collapse\"\n\t\t\t\t\t\t\t\tdata-bs-target=\"#semead-accordion-1-collapse-10\"\n\t\t\t\t\t\t\t\taria-expanded=\"false\"\n\t\t\t\t\t\t\t\taria-controls=\"semead-accordion-1-collapse-10\"\n\t\t\t\t\t\t\t>\n\t\t\t\t\t\t\t\t10. Regulation, Public Policy Instruments and State Capacities\t\t\t\t\t\t\t<\/button>\n\t\t\t\t\t\t<\/h2>\n\t\t\t\t\t\t<div\n\t\t\t\t\t\t\tid=\"semead-accordion-1-collapse-10\"\n\t\t\t\t\t\t\tclass=\"accordion-collapse collapse\"\n\t\t\t\t\t\t\taria-labelledby=\"semead-accordion-1-heading-10\"\n\t\t\t\t\t\t\tdata-bs-parent=\"#semead-accordion-1\"\n\t\t\t\t\t\t>\n\t\t\t\t\t\t\t<div class=\"accordion-body\">\n\t\t\t\t\t\t\t\t\n\t\t\t\t\t\t\t\t\t\t\t\t\t\t\t\t\t<div class=\"semead-topic__description\"><p>It brings together research on the regulatory, legal and economic instruments used by the State, including institutional design, regulatory implementation and the capacities required for the execution of public policies.<\/p>\n<\/div>\n\t\t\t\t\t\t\t\t\n\t\t\t\t\t\t\t\t\t\t\t\t\t\t\t\t\t<div class=\"semead-leaders row row-cols-1 row-cols-md-2 row-cols-lg-3 g-4\">\n\t\t\t\t\t\t\t\t\t\t\t\t\t\t\t\t\t\t\t\t\t<div class=\"col\">\n\t\t\t\t\t\t\t\t\t\t\t\t<div class=\"semead-leader card h-100 border-0 text-center\">\n\t\t\t\t\t\t\t\t\t\t\t\t\t<div class=\"card-body\">\n\t\t\t\t\t\t\t\t\t\t\t\t\t\t<img data-recalc-dims=\"1\"\n\t\t\t\t\t\t\t\t\t\t\t\t\t\t\tclass=\"semead-leader__image rounded-circle\"\n\t\t\t\t\t\t\t\t\t\t\t\t\t\t\tsrc=\"https:\/\/i0.wp.com\/semead.com.br\/29\/wp-content\/uploads\/sites\/21\/2026\/05\/ADM_Publ_Patricia-Mello.jpg?resize=150%2C150&#038;ssl=1\"\n\t\t\t\t\t\t\t\t\t\t\t\t\t\t\talt=\"Leader: Patricia Mello, PhD (FGV)\"\n\t\t\t\t\t\t\t\t\t\t\t\t\t\t\tloading=\"lazy\"\n\t\t\t\t\t\t\t\t\t\t\t\t\t\t\twidth=\"150\"\n\t\t\t\t\t\t\t\t\t\t\t\t\t\t\theight=\"150\"\n\t\t\t\t\t\t\t\t\t\t\t\t\t\t>\n\t\t\t\t\t\t\t\t\t\t\t\t\t\t<div class=\"semead-leader__name\"><em>Leader: Patricia Mello, PhD (FGV)<\/em><\/div>\n\t\t\t\t\t\t\t\t\t\t\t\t\t<\/div>\n\t\t\t\t\t\t\t\t\t\t\t\t<\/div>\n\t\t\t\t\t\t\t\t\t\t\t<\/div>\n\t\t\t\t\t\t\t\t\t\t\t\t\t\t\t\t\t\t\t\t\t<div class=\"col\">\n\t\t\t\t\t\t\t\t\t\t\t\t<div class=\"semead-leader card h-100 border-0 text-center\">\n\t\t\t\t\t\t\t\t\t\t\t\t\t<div class=\"card-body\">\n\t\t\t\t\t\t\t\t\t\t\t\t\t\t<img data-recalc-dims=\"1\"\n\t\t\t\t\t\t\t\t\t\t\t\t\t\t\tclass=\"semead-leader__image rounded-circle\"\n\t\t\t\t\t\t\t\t\t\t\t\t\t\t\tsrc=\"https:\/\/i0.wp.com\/semead.com.br\/29\/wp-content\/uploads\/sites\/21\/2026\/05\/ADM_Publ_Wanessa.jpg?resize=150%2C150&#038;ssl=1\"\n\t\t\t\t\t\t\t\t\t\t\t\t\t\t\talt=\"Co-Leader: Wanessa Rezende, MSc (FGV)\"\n\t\t\t\t\t\t\t\t\t\t\t\t\t\t\tloading=\"lazy\"\n\t\t\t\t\t\t\t\t\t\t\t\t\t\t\twidth=\"150\"\n\t\t\t\t\t\t\t\t\t\t\t\t\t\t\theight=\"150\"\n\t\t\t\t\t\t\t\t\t\t\t\t\t\t>\n\t\t\t\t\t\t\t\t\t\t\t\t\t\t<div class=\"semead-leader__name\"><em>Co-Leader: Wanessa Rezende, MSc (FGV)<\/em><\/div>\n\t\t\t\t\t\t\t\t\t\t\t\t\t<\/div>\n\t\t\t\t\t\t\t\t\t\t\t\t<\/div>\n\t\t\t\t\t\t\t\t\t\t\t<\/div>\n\t\t\t\t\t\t\t\t\t\t\t\t\t\t\t\t\t\t\t<\/div>\n\t\t\t\t\t\t\t\t\t\t\t\t\t\t\t<\/div>\n\t\t\t\t\t\t<\/div>\n\t\t\t\t\t<\/div>\n\t\t\t\t\t\t\t\t\t<div class=\"accordion-item semead-topic\">\n\t\t\t\t\t\t<h2 class=\"accordion-header\" id=\"semead-accordion-1-heading-11\">\n\t\t\t\t\t\t\t<button\n\t\t\t\t\t\t\t\tclass=\"accordion-button collapsed\"\n\t\t\t\t\t\t\t\ttype=\"button\"\n\t\t\t\t\t\t\t\tdata-bs-toggle=\"collapse\"\n\t\t\t\t\t\t\t\tdata-bs-target=\"#semead-accordion-1-collapse-11\"\n\t\t\t\t\t\t\t\taria-expanded=\"false\"\n\t\t\t\t\t\t\t\taria-controls=\"semead-accordion-1-collapse-11\"\n\t\t\t\t\t\t\t>\n\t\t\t\t\t\t\t\t11. Government-Society Relations: Transparency, Accountability and Participation\t\t\t\t\t\t\t<\/button>\n\t\t\t\t\t\t<\/h2>\n\t\t\t\t\t\t<div\n\t\t\t\t\t\t\tid=\"semead-accordion-1-collapse-11\"\n\t\t\t\t\t\t\tclass=\"accordion-collapse collapse\"\n\t\t\t\t\t\t\taria-labelledby=\"semead-accordion-1-heading-11\"\n\t\t\t\t\t\t\tdata-bs-parent=\"#semead-accordion-1\"\n\t\t\t\t\t\t>\n\t\t\t\t\t\t\t<div class=\"accordion-body\">\n\t\t\t\t\t\t\t\t\n\t\t\t\t\t\t\t\t\t\t\t\t\t\t\t\t\t<div class=\"semead-topic__description\"><p>The Brazilian public administration faces challenges and dilemmas in terms of governance, transparency, accountability and public participation in decision-making processes. In a complex society, the State increasingly needs to engage with civil society organisations and citizens. Under this theme, papers will be accepted that address this relationship from the perspective of the public administration, focusing on the impacts of practices and experiences and the socio-political dynamics established between the actors involved.<\/p>\n<\/div>\n\t\t\t\t\t\t\t\t\n\t\t\t\t\t\t\t\t\t\t\t\t\t\t\t\t\t<div class=\"semead-leaders row row-cols-1 row-cols-md-2 row-cols-lg-3 g-4\">\n\t\t\t\t\t\t\t\t\t\t\t\t\t\t\t\t\t\t\t\t\t<div class=\"col\">\n\t\t\t\t\t\t\t\t\t\t\t\t<div class=\"semead-leader card h-100 border-0 text-center\">\n\t\t\t\t\t\t\t\t\t\t\t\t\t<div class=\"card-body\">\n\t\t\t\t\t\t\t\t\t\t\t\t\t\t<img data-recalc-dims=\"1\"\n\t\t\t\t\t\t\t\t\t\t\t\t\t\t\tclass=\"semead-leader__image rounded-circle\"\n\t\t\t\t\t\t\t\t\t\t\t\t\t\t\tsrc=\"https:\/\/i0.wp.com\/semead.com.br\/29\/wp-content\/uploads\/sites\/21\/2026\/05\/Dr.-Oswaldo-Goncalves-Junior.jpg?resize=150%2C150&#038;ssl=1\"\n\t\t\t\t\t\t\t\t\t\t\t\t\t\t\talt=\"Leader: Oswaldo Gon\u00e7alves Junior, PhD (UNICAMP)\"\n\t\t\t\t\t\t\t\t\t\t\t\t\t\t\tloading=\"lazy\"\n\t\t\t\t\t\t\t\t\t\t\t\t\t\t\twidth=\"150\"\n\t\t\t\t\t\t\t\t\t\t\t\t\t\t\theight=\"150\"\n\t\t\t\t\t\t\t\t\t\t\t\t\t\t>\n\t\t\t\t\t\t\t\t\t\t\t\t\t\t<div class=\"semead-leader__name\"><em>Leader: Oswaldo Gon\u00e7alves Junior, PhD (UNICAMP)<\/em><\/div>\n\t\t\t\t\t\t\t\t\t\t\t\t\t<\/div>\n\t\t\t\t\t\t\t\t\t\t\t\t<\/div>\n\t\t\t\t\t\t\t\t\t\t\t<\/div>\n\t\t\t\t\t\t\t\t\t\t\t\t\t\t\t\t\t\t\t\t\t<div class=\"col\">\n\t\t\t\t\t\t\t\t\t\t\t\t<div class=\"semead-leader card h-100 border-0 text-center\">\n\t\t\t\t\t\t\t\t\t\t\t\t\t<div class=\"card-body\">\n\t\t\t\t\t\t\t\t\t\t\t\t\t\t<img data-recalc-dims=\"1\"\n\t\t\t\t\t\t\t\t\t\t\t\t\t\t\tclass=\"semead-leader__image rounded-circle\"\n\t\t\t\t\t\t\t\t\t\t\t\t\t\t\tsrc=\"https:\/\/i0.wp.com\/semead.com.br\/29\/wp-content\/uploads\/sites\/21\/2026\/05\/Prof.-Dr.-Rene-Birochi.jpg?resize=150%2C150&#038;ssl=1\"\n\t\t\t\t\t\t\t\t\t\t\t\t\t\t\talt=\"Co-Leader: Ren\u00ea Birochi (UFSC)\"\n\t\t\t\t\t\t\t\t\t\t\t\t\t\t\tloading=\"lazy\"\n\t\t\t\t\t\t\t\t\t\t\t\t\t\t\twidth=\"150\"\n\t\t\t\t\t\t\t\t\t\t\t\t\t\t\theight=\"150\"\n\t\t\t\t\t\t\t\t\t\t\t\t\t\t>\n\t\t\t\t\t\t\t\t\t\t\t\t\t\t<div class=\"semead-leader__name\"><em>Co-Leader: Ren\u00ea Birochi (UFSC)<\/em><\/div>\n\t\t\t\t\t\t\t\t\t\t\t\t\t<\/div>\n\t\t\t\t\t\t\t\t\t\t\t\t<\/div>\n\t\t\t\t\t\t\t\t\t\t\t<\/div>\n\t\t\t\t\t\t\t\t\t\t\t\t\t\t\t\t\t\t\t<\/div>\n\t\t\t\t\t\t\t\t\t\t\t\t\t\t\t<\/div>\n\t\t\t\t\t\t<\/div>\n\t\t\t\t\t<\/div>\n\t\t\t\t\t\t\t<\/div>\n\t\t<\/div>\n","protected":false},"excerpt":{"rendered":"","protected":false},"author":10,"featured_media":0,"parent":31514,"menu_order":90,"comment_status":"closed","ping_status":"closed","template":"","meta":{"_acf_changed":false,"tpgb_global_settings":"","inline_featured_image":false,"_monsterinsights_skip_tracking":false,"_monsterinsights_sitenote_active":false,"_monsterinsights_sitenote_note":"","_monsterinsights_sitenote_category":0,"footnotes":""},"class_list":["post-20069","page","type-page","status-publish","hentry"],"acf":{"coordenadores":[{"titulo":"Coordinator:","nome":"Erika Lisboa, PhD","instituicao":"FGV","imagem":36159},{"titulo":"Co-Coordinator:","nome":"Patricia Mello, PhD","instituicao":"FGV","imagem":36162}],"audio_da_coordenacao":"","temas":[{"tema_nome":"Environment, Territorialities, and Public Policy","tema_descricao":"Environmental and territorial issues pose a challenge for contemporary public administration. They call for forms of governance that require interdisciplinary and intersectoral approaches, linked to a model of public action that recognizes multiple actors and multiple decision-making centers. In today\u2019s world, there is no longer room for approaches to government action that relegate nature to a secondary role, as the progression of climate change affects not only different biomes but also public health, the economy, environmental conservation, and our ability to exist and live on the planet today and in the future. On this topic, therefore, we are open to various discussions that span administrative, managerial, organizational, and planning aspects of governance, as well as the relationships among federal entities, between the state, civil society, and social movements, and the forces confronting the global consequences of natural resource use. The relationship between humans, society, and nature is one of the fundamental aspects of fostering an environmental culture that affects anyone working in public administration who is committed to building a more socially just world. Social justice is not possible without incorporating environmental justice and rethinking the structures of power.","audio":"","lideres":[{"lider_nome":"Leader: Helo\u00edsa de Camargo Tozato, PhD (IEA &amp; EACH-USP)","lider_foto":36173},{"lider_nome":"Co-Leader: Eduardo de Lima Caldas, PhD (UFPEL)","lider_foto":36171}]},{"tema_nome":"Evaluation, Monitoring, and Evidence-Based Public Policy","tema_descricao":"It covers studies on theory of change, logic models, and the monitoring and evaluation of public policies, including impact evaluation, causal analysis, and the use of evidence in policy formulation and revision.","audio":"","lideres":[{"lider_nome":"Leader: Fernando Deodato, PhD (FGV)","lider_foto":36160},{"lider_nome":"Co-Leader: Lycia Silva Lima, PhD (FGV)","lider_foto":36161},{"lider_nome":"International Co-Leader: Caio Castro, PhD (FGV)","lider_foto":36157}]},{"tema_nome":"Management and Innovation in Public Policies","tema_descricao":"This theme comprises works based on the dialogue between theory and practice that bring experiences of management and innovation in public policies and service delivery. The focus is on studies that contemplate policy experiences that, for example, influence the lives of citizens; result in the responsible use of resources; incorporate new technologies; represent changes in society in relation to previous practices; and broaden the dialogue between society and Public Administration.","audio":"","lideres":[{"lider_nome":"Leader: Tha\u00eds Helena Zero de O. Pereira - Funda\u00e7\u00e3o Herm\u00ednio Ometto, PhD (FHO)","lider_foto":36163}]},{"tema_nome":"Health Management","tema_descricao":"Healthcare management encompasses initiatives in both the public and private sectors. This topic considers two levels. At the level of health policy, it analyses the regulation, funding and organisation of the healthcare system. At the organisational level, it analyses the management of hospitals, clinics, healthcare providers, laboratories and industries, both in the provision of services and in the supply of healthcare products (within the context of the healthcare industrial complex). Papers on financing, costs, quality, access, regulation, innovation and the adoption of healthcare technologies are welcome, approached from economic, political, social and technological perspectives.","audio":"","lideres":[{"lider_nome":"Leader: Elize Massard, PhD (FGV)","lider_foto":36158}]},{"tema_nome":"Organisational Management: Planning, Human Resources and Capabilities","tema_descricao":"The management of public organisations is the central focus of this topic, from both a theoretical and an empirical perspective. This field encompasses studies on human resources in public organisations, organisational design and institutional arrangements for service delivery. It also covers research on institutional and governance capacities, as well as studies on approaches, methods and case studies relating to strategic planning in public organisations.","audio":"","lideres":[{"lider_nome":"Leader: Jo\u00e3o Luiz Passador, PhD (FEA-RP-USP)","lider_foto":36177},{"lider_nome":"Co-Leader: Cl\u00e1udia Souza Passador, PhD (FEA-RP-USP)","lider_foto":36734}]},{"tema_nome":"Social Management and Third Sector Organisations","tema_descricao":"This theme welcomes papers on social management and third sector organisations, including: management models, civil society organisation networks, ethics in the third sector, the role of the third sector in ESG and sustainability policies, as well as in tackling inequalities and prejudice. The relationships between organisations and social development are of interest to this theme, in areas such as the evaluation of social projects, businesses with a social or environmental impact, and cross-sectoral relationships (the state, the private sector and third sector organisations). We also encourage articles that link themes from Organisational Studies to third sector organisations, including people management, diversity, volunteering, negotiation, communication, etc.","audio":"","lideres":[{"lider_nome":"Leader: Roberto Sanches Padula, PhD (PUC-SP)","lider_foto":36170},{"lider_nome":"Co-Leader: Renato Eliseu, PhD (ESALQ\/USP)","lider_foto":36179}]},{"tema_nome":"Governance, Public Action and Public Policy","tema_descricao":"This theme is devoted to research and studies focusing on governance processes from an interdisciplinary perspective, encompassing aspects related to social control, participation and interaction amongst the various stakeholders involved in public issues that form the government\u2019s agenda. In this regard, public action built upon the relationship between the various actors in civil society and the State is considered strategic for the very modernisation of public administration and the strengthening of citizen participation in tackling social issues.","audio":"","lideres":[{"lider_nome":"Leader: Caio Penko Teixeira, PhD (PMSP e EACH-USP)","lider_foto":36175},{"lider_nome":"Co-Leader: Alessandro Soares da Silva, PhD (EACH-USP)","lider_foto":36174},{"lider_nome":"Co-Leader: Danilo Rebou\u00e7as dos Reis, PhD (UnB)","lider_foto":36735}]},{"tema_nome":"Collective Memory, Social Movements and Human Rights","tema_descricao":"The issue of memory is fundamental to public administration, as it enables the political construction of public action over time. The past, present and future are interlinked in a way that facilitates planning and intervention to resolve the many social issues affecting minority or marginalised groups, as well as sections of the population victimised by inequalities. The demands of social movements presented to the State require the public administration to take a human-centred approach, capable of recognising the diversity that shapes society. This diversity is historically expressed in the life of cities and communities and in models of government management, which must be aligned with the guarantee of rights; ultimately, it is this that gives meaning to public administration itself.","audio":"","lideres":[{"lider_nome":"Leader: Aline Accorssi, PhD (UFPEL)","lider_foto":36166},{"lider_nome":"Co-Leader: Julia Clasen, PhD (UFPEL)","lider_foto":36178}]},{"tema_nome":"Quality of Expenditure and Optimisation of the Use of Public Resources","tema_descricao":"This subject encompasses theoretical studies and empirical analyses in the field of public resource management, from an economic, financial and budgetary perspective. The intended focus is on optimising the use of resources, based on the view that this ongoing objective of public administration can be achieved through a range of strategies, from process improvement to innovation in financial and budgetary management.","audio":"","lideres":[{"lider_nome":"Leader: Jaime Crozatti, PhD (EACH-USP)","lider_foto":36176}]},{"tema_nome":"Regulation, Public Policy Instruments and State Capacities","tema_descricao":"It brings together research on the regulatory, legal and economic instruments used by the State, including institutional design, regulatory implementation and the capacities required for the execution of public policies.","audio":"","lideres":[{"lider_nome":"Leader: Patricia Mello, PhD (FGV)","lider_foto":36162},{"lider_nome":"Co-Leader: Wanessa Rezende, MSc (FGV)","lider_foto":36164}]},{"tema_nome":"Government-Society Relations: Transparency, Accountability and Participation","tema_descricao":"The Brazilian public administration faces challenges and dilemmas in terms of governance, transparency, accountability and public participation in decision-making processes. In a complex society, the State increasingly needs to engage with civil society organisations and citizens. Under this theme, papers will be accepted that address this relationship from the perspective of the public administration, focusing on the impacts of practices and experiences and the socio-political dynamics established between the actors involved.","audio":"","lideres":[{"lider_nome":"Leader: Oswaldo Gon\u00e7alves Junior, PhD (UNICAMP)","lider_foto":36165},{"lider_nome":"Co-Leader: Ren\u00ea Birochi (UFSC)","lider_foto":36169}]}]},"yoast_head":"<!-- This site is optimized with the Yoast SEO plugin v28.4 - https:\/\/yoast.com\/product\/yoast-seo-wordpress\/ -->\n<title>Public Administration - XXIX SemeAd<\/title>\n<meta name=\"robots\" content=\"index, follow, max-snippet:-1, max-image-preview:large, max-video-preview:-1\" \/>\n<link rel=\"canonical\" href=\"https:\/\/semead.com.br\/29\/en\/tracks\/scientific-areas\/public-administration\/\" \/>\n<meta property=\"og:locale\" content=\"en_US\" \/>\n<meta property=\"og:type\" content=\"article\" \/>\n<meta property=\"og:title\" content=\"Public Administration - XXIX SemeAd\" \/>\n<meta property=\"og:url\" content=\"https:\/\/semead.com.br\/29\/en\/tracks\/scientific-areas\/public-administration\/\" \/>\n<meta property=\"og:site_name\" content=\"XXIX SemeAd\" \/>\n<meta property=\"article:modified_time\" content=\"2026-08-23T01:38:05+00:00\" \/>\n<meta name=\"twitter:card\" content=\"summary_large_image\" \/>\n<script type=\"application\/ld+json\" class=\"yoast-schema-graph\">{\"@context\":\"https:\\\/\\\/schema.org\",\"@graph\":[{\"@type\":\"WebPage\",\"@id\":\"https:\\\/\\\/semead.com.br\\\/29\\\/en\\\/tracks\\\/scientific-areas\\\/public-administration\\\/\",\"url\":\"https:\\\/\\\/semead.com.br\\\/29\\\/en\\\/tracks\\\/scientific-areas\\\/public-administration\\\/\",\"name\":\"Public Administration - XXIX SemeAd\",\"isPartOf\":{\"@id\":\"https:\\\/\\\/semead.com.br\\\/29\\\/en\\\/#website\"},\"datePublished\":\"2021-06-18T00:28:58+00:00\",\"dateModified\":\"2026-08-23T01:38:05+00:00\",\"breadcrumb\":{\"@id\":\"https:\\\/\\\/semead.com.br\\\/29\\\/en\\\/tracks\\\/scientific-areas\\\/public-administration\\\/#breadcrumb\"},\"inLanguage\":\"en-US\",\"potentialAction\":[{\"@type\":\"ReadAction\",\"target\":[\"https:\\\/\\\/semead.com.br\\\/29\\\/en\\\/tracks\\\/scientific-areas\\\/public-administration\\\/\"]}]},{\"@type\":\"BreadcrumbList\",\"@id\":\"https:\\\/\\\/semead.com.br\\\/29\\\/en\\\/tracks\\\/scientific-areas\\\/public-administration\\\/#breadcrumb\",\"itemListElement\":[{\"@type\":\"ListItem\",\"position\":1,\"name\":\"In\u00edcio\",\"item\":\"https:\\\/\\\/semead.com.br\\\/29\\\/en\\\/\"},{\"@type\":\"ListItem\",\"position\":2,\"name\":\"\u00c1reas\",\"item\":\"https:\\\/\\\/semead.com.br\\\/29\\\/en\\\/areas\\\/\"},{\"@type\":\"ListItem\",\"position\":3,\"name\":\"Scientific Areas\",\"item\":\"https:\\\/\\\/semead.com.br\\\/29\\\/en\\\/areas\\\/cientificas\\\/\"},{\"@type\":\"ListItem\",\"position\":4,\"name\":\"Public Administration\"}]},{\"@type\":\"WebSite\",\"@id\":\"https:\\\/\\\/semead.com.br\\\/29\\\/en\\\/#website\",\"url\":\"https:\\\/\\\/semead.com.br\\\/29\\\/en\\\/\",\"name\":\"XXIX SemeAd\",\"description\":\"Semin\u00e1rios em administra\u00e7\u00e3o\",\"potentialAction\":[{\"@type\":\"SearchAction\",\"target\":{\"@type\":\"EntryPoint\",\"urlTemplate\":\"https:\\\/\\\/semead.com.br\\\/29\\\/en\\\/?s={search_term_string}\"},\"query-input\":{\"@type\":\"PropertyValueSpecification\",\"valueRequired\":true,\"valueName\":\"search_term_string\"}}],\"inLanguage\":\"en-US\"}]}<\/script>\n<!-- \/ Yoast SEO plugin. -->","yoast_head_json":{"title":"Public Administration - XXIX SemeAd","robots":{"index":"index","follow":"follow","max-snippet":"max-snippet:-1","max-image-preview":"max-image-preview:large","max-video-preview":"max-video-preview:-1"},"canonical":"https:\/\/semead.com.br\/29\/en\/tracks\/scientific-areas\/public-administration\/","og_locale":"en_US","og_type":"article","og_title":"Public Administration - XXIX SemeAd","og_url":"https:\/\/semead.com.br\/29\/en\/tracks\/scientific-areas\/public-administration\/","og_site_name":"XXIX SemeAd","article_modified_time":"2026-08-23T01:38:05+00:00","twitter_card":"summary_large_image","schema":{"@context":"https:\/\/schema.org","@graph":[{"@type":"WebPage","@id":"https:\/\/semead.com.br\/29\/en\/tracks\/scientific-areas\/public-administration\/","url":"https:\/\/semead.com.br\/29\/en\/tracks\/scientific-areas\/public-administration\/","name":"Public Administration - XXIX SemeAd","isPartOf":{"@id":"https:\/\/semead.com.br\/29\/en\/#website"},"datePublished":"2021-06-18T00:28:58+00:00","dateModified":"2026-08-23T01:38:05+00:00","breadcrumb":{"@id":"https:\/\/semead.com.br\/29\/en\/tracks\/scientific-areas\/public-administration\/#breadcrumb"},"inLanguage":"en-US","potentialAction":[{"@type":"ReadAction","target":["https:\/\/semead.com.br\/29\/en\/tracks\/scientific-areas\/public-administration\/"]}]},{"@type":"BreadcrumbList","@id":"https:\/\/semead.com.br\/29\/en\/tracks\/scientific-areas\/public-administration\/#breadcrumb","itemListElement":[{"@type":"ListItem","position":1,"name":"In\u00edcio","item":"https:\/\/semead.com.br\/29\/en\/"},{"@type":"ListItem","position":2,"name":"\u00c1reas","item":"https:\/\/semead.com.br\/29\/en\/areas\/"},{"@type":"ListItem","position":3,"name":"Scientific Areas","item":"https:\/\/semead.com.br\/29\/en\/areas\/cientificas\/"},{"@type":"ListItem","position":4,"name":"Public Administration"}]},{"@type":"WebSite","@id":"https:\/\/semead.com.br\/29\/en\/#website","url":"https:\/\/semead.com.br\/29\/en\/","name":"XXIX SemeAd","description":"Semin\u00e1rios em administra\u00e7\u00e3o","potentialAction":[{"@type":"SearchAction","target":{"@type":"EntryPoint","urlTemplate":"https:\/\/semead.com.br\/29\/en\/?s={search_term_string}"},"query-input":{"@type":"PropertyValueSpecification","valueRequired":true,"valueName":"search_term_string"}}],"inLanguage":"en-US"}]}},"tpgb_featured_images":null,"tpgb_post_meta_info":{"get_date":"17 de June de 2021","get_modified_date":"22 de August de 2026","author_name":"","author_url":"https:\/\/semead.com.br\/29\/en\/author\/","author_email":"","author_website":"","author_description":"","author_facebook":"","author_twitter":"","author_instagram":"","author_role":"","author_firstname":"","author_lastname":"","user_login":"","author_avatar":"<img alt='' src='https:\/\/secure.gravatar.com\/avatar\/?s=200&#038;d=mm&#038;r=g' srcset='https:\/\/secure.gravatar.com\/avatar\/?s=400&#038;d=mm&#038;r=g 2x' class='avatar avatar-200 photo avatar-default' height='200' width='200' decoding='async'\/>","author_avatar_url":"https:\/\/secure.gravatar.com\/avatar\/?s=96&d=mm&r=g","comment_count":0,"post_likes":0,"post_views":0},"tpgb_post_category":[],"jetpack_sharing_enabled":true,"_links":{"self":[{"href":"https:\/\/semead.com.br\/29\/en\/wp-json\/wp\/v2\/pages\/20069","targetHints":{"allow":["GET"]}}],"collection":[{"href":"https:\/\/semead.com.br\/29\/en\/wp-json\/wp\/v2\/pages"}],"about":[{"href":"https:\/\/semead.com.br\/29\/en\/wp-json\/wp\/v2\/types\/page"}],"author":[{"embeddable":true,"href":"https:\/\/semead.com.br\/29\/en\/wp-json\/wp\/v2\/users\/10"}],"replies":[{"embeddable":true,"href":"https:\/\/semead.com.br\/29\/en\/wp-json\/wp\/v2\/comments?post=20069"}],"version-history":[{"count":2,"href":"https:\/\/semead.com.br\/29\/en\/wp-json\/wp\/v2\/pages\/20069\/revisions"}],"predecessor-version":[{"id":36816,"href":"https:\/\/semead.com.br\/29\/en\/wp-json\/wp\/v2\/pages\/20069\/revisions\/36816"}],"up":[{"embeddable":true,"href":"https:\/\/semead.com.br\/29\/en\/wp-json\/wp\/v2\/pages\/31514"}],"wp:attachment":[{"href":"https:\/\/semead.com.br\/29\/en\/wp-json\/wp\/v2\/media?parent=20069"}],"curies":[{"name":"wp","href":"https:\/\/api.w.org\/{rel}","templated":true}]}}