{"id":20820,"date":"2021-06-30T16:37:05","date_gmt":"2021-06-30T19:37:05","guid":{"rendered":"https:\/\/semead.com.br\/29-novo\/?page_id=20820"},"modified":"2026-08-22T18:13:23","modified_gmt":"2026-08-22T21:13:23","slug":"estrategia-en-organizaciones","status":"publish","type":"page","link":"https:\/\/semead.com.br\/29\/es\/areas-2\/areas-cientificas\/estrategia-en-organizaciones\/","title":{"rendered":"Estrategia en Organizaciones"},"content":{"rendered":"<div class=\"semead-shortcode semead-shortcode--coordenacao\">\n\t\t\t\t\t\t\t<div class=\"semead-people\">\n\t\t\t\t\t\t\t\t\t\t\t<div class=\"semead-person\">\n\t\t\t\t\t\t\t<div class=\"semead-person__media\">\n\t\t\t\t\t\t\t\t<img data-recalc-dims=\"1\"\n\t\t\t\t\t\t\t\t\tclass=\"semead-person__image rounded-circle\"\n\t\t\t\t\t\t\t\t\tsrc=\"https:\/\/i0.wp.com\/semead.com.br\/29\/wp-content\/uploads\/sites\/21\/2026\/03\/Benny-Kramer-Costa.jpeg?resize=150%2C150&#038;ssl=1\"\n\t\t\t\t\t\t\t\t\talt=\"Prof. Dr. Benny Kramer Costa\"\n\t\t\t\t\t\t\t\t\tloading=\"lazy\"\n\t\t\t\t\t\t\t\t\twidth=\"150\"\n\t\t\t\t\t\t\t\t\theight=\"150\"\n\t\t\t\t\t\t\t\t>\n\t\t\t\t\t\t\t<\/div>\n\t\t\t\t\t\t\t<div class=\"semead-person__content\">\n\t\t\t\t\t\t\t\t<h4 class=\"\">Coorienador:<\/h4>\n\t\t\t\t\t\t\t\t<h3 class=\"semead-person__title\">Prof. Dr. Benny Kramer Costa<\/h3>\n\t\t\t\t\t\t\t\t\t\t\t\t\t\t\t\t\t<div class=\"semead-person__institution\">(UNINOVE)<\/div>\n\t\t\t\t\t\t\t\t\t\t\t\t\t\t\t<\/div>\n\t\t\t\t\t\t<\/div>\n\t\t\t\t\t\t\t\t\t\t\t<div class=\"semead-person\">\n\t\t\t\t\t\t\t<div class=\"semead-person__media\">\n\t\t\t\t\t\t\t\t<img data-recalc-dims=\"1\"\n\t\t\t\t\t\t\t\t\tclass=\"semead-person__image rounded-circle\"\n\t\t\t\t\t\t\t\t\tsrc=\"https:\/\/i0.wp.com\/semead.com.br\/29\/wp-content\/uploads\/sites\/21\/2026\/03\/Simone-Ruchdi-Barakat.jpg?resize=150%2C150&#038;ssl=1\"\n\t\t\t\t\t\t\t\t\talt=\"Profa. Dra. Simone Barakat\"\n\t\t\t\t\t\t\t\t\tloading=\"lazy\"\n\t\t\t\t\t\t\t\t\twidth=\"150\"\n\t\t\t\t\t\t\t\t\theight=\"150\"\n\t\t\t\t\t\t\t\t>\n\t\t\t\t\t\t\t<\/div>\n\t\t\t\t\t\t\t<div class=\"semead-person__content\">\n\t\t\t\t\t\t\t\t<h4 class=\"\">Coordinadora Assistente:<\/h4>\n\t\t\t\t\t\t\t\t<h3 class=\"semead-person__title\">Profa. Dra. Simone Barakat<\/h3>\n\t\t\t\t\t\t\t\t\t\t\t\t\t\t\t\t\t<div class=\"semead-person__institution\">(FECAP e UAM)<\/div>\n\t\t\t\t\t\t\t\t\t\t\t\t\t\t\t<\/div>\n\t\t\t\t\t\t<\/div>\n\t\t\t\t\t\t\t\t\t<\/div>\n\t\t\t\n\t\t\t\t\t<\/div>\n\n\n<div class=\"semead-shortcode semead-shortcode--temas\">\n\t\t\t\t\t\t\t<h4 class=\"semead-shortcode__heading\"><strong>Temas e L\u00edderes:<\/strong><\/h4>\n\t\t\t\n\t\t\t<div class=\"accordion\" id=\"semead-accordion-1\">\n\t\t\t\t\t\t\t\t\t<div class=\"accordion-item semead-topic\">\n\t\t\t\t\t\t<h2 class=\"accordion-header\" id=\"semead-accordion-1-heading-1\">\n\t\t\t\t\t\t\t<button\n\t\t\t\t\t\t\t\tclass=\"accordion-button collapsed\"\n\t\t\t\t\t\t\t\ttype=\"button\"\n\t\t\t\t\t\t\t\tdata-bs-toggle=\"collapse\"\n\t\t\t\t\t\t\t\tdata-bs-target=\"#semead-accordion-1-collapse-1\"\n\t\t\t\t\t\t\t\taria-expanded=\"false\"\n\t\t\t\t\t\t\t\taria-controls=\"semead-accordion-1-collapse-1\"\n\t\t\t\t\t\t\t>\n\t\t\t\t\t\t\t\t1. Abordajes Sociales, Cognitivos y Comportamentales en Estrategia\t\t\t\t\t\t\t<\/button>\n\t\t\t\t\t\t<\/h2>\n\t\t\t\t\t\t<div\n\t\t\t\t\t\t\tid=\"semead-accordion-1-collapse-1\"\n\t\t\t\t\t\t\tclass=\"accordion-collapse collapse\"\n\t\t\t\t\t\t\taria-labelledby=\"semead-accordion-1-heading-1\"\n\t\t\t\t\t\t\tdata-bs-parent=\"#semead-accordion-1\"\n\t\t\t\t\t\t>\n\t\t\t\t\t\t\t<div class=\"accordion-body\">\n\t\t\t\t\t\t\t\t\n\t\t\t\t\t\t\t\t\t\t\t\t\t\t\t\t\t<div class=\"semead-topic__description\"><p>Creaci\u00f3n de estrategias. Estrategia como pr\u00e1ctica. Micronivel y comprensi\u00f3n de las pr\u00e1cticas del estratega. Aprendizaje organizacional. Teor\u00eda sociocognitiva Creatividad en estrategia. Abordaje de las teor\u00edas institucionales en las organizaciones. Teor\u00edas estructuralistas en el enfoque estrat\u00e9gico. Teor\u00edas cr\u00edticas para la comprensi\u00f3n de la estrategia. Implementaci\u00f3n, cambio, adaptaci\u00f3n y coordinaci\u00f3n estrat\u00e9gicas. Adaptaci\u00f3n y aprendizaje en entornos inciertos y ambiguos. Ambig\u00fcedades internas y externas de las organizaciones. Cognici\u00f3n individual, relacional y colectiva en contextos organizacionales. Cognici\u00f3n y comportamiento gerencial y organizacional. Contextualizaciones y construcciones sociales, antropol\u00f3gicas, culturales y cognitivas, de comportamiento e hist\u00f3ricas para la comprensi\u00f3n de la estrategia.<\/p>\n<\/div>\n\t\t\t\t\t\t\t\t\n\t\t\t\t\t\t\t\t\t\t\t\t\t\t\t\t\t<div class=\"semead-leaders row row-cols-1 row-cols-md-2 row-cols-lg-3 g-4\">\n\t\t\t\t\t\t\t\t\t\t\t\t\t\t\t\t\t\t\t\t\t<div class=\"col\">\n\t\t\t\t\t\t\t\t\t\t\t\t<div class=\"semead-leader card h-100 border-0 text-center\">\n\t\t\t\t\t\t\t\t\t\t\t\t\t<div class=\"card-body\">\n\t\t\t\t\t\t\t\t\t\t\t\t\t\t<img data-recalc-dims=\"1\"\n\t\t\t\t\t\t\t\t\t\t\t\t\t\t\tclass=\"semead-leader__image rounded-circle\"\n\t\t\t\t\t\t\t\t\t\t\t\t\t\t\tsrc=\"https:\/\/i0.wp.com\/semead.com.br\/29\/wp-content\/uploads\/sites\/21\/2026\/04\/Adriana-Roseli-Wunsch-Takahashi.jpg?resize=150%2C150&#038;ssl=1\"\n\t\t\t\t\t\t\t\t\t\t\t\t\t\t\talt=\"L\u00edder: Profa. Dra. Adriana Roseli W\u00fcnsch Takahashi (UFPR)\"\n\t\t\t\t\t\t\t\t\t\t\t\t\t\t\tloading=\"lazy\"\n\t\t\t\t\t\t\t\t\t\t\t\t\t\t\twidth=\"150\"\n\t\t\t\t\t\t\t\t\t\t\t\t\t\t\theight=\"150\"\n\t\t\t\t\t\t\t\t\t\t\t\t\t\t>\n\t\t\t\t\t\t\t\t\t\t\t\t\t\t<div class=\"semead-leader__name\"><em>L\u00edder: Profa. Dra. Adriana Roseli W\u00fcnsch Takahashi (UFPR)<\/em><\/div>\n\t\t\t\t\t\t\t\t\t\t\t\t\t<\/div>\n\t\t\t\t\t\t\t\t\t\t\t\t<\/div>\n\t\t\t\t\t\t\t\t\t\t\t<\/div>\n\t\t\t\t\t\t\t\t\t\t\t\t\t\t\t\t\t\t\t\t\t<div class=\"col\">\n\t\t\t\t\t\t\t\t\t\t\t\t<div class=\"semead-leader card h-100 border-0 text-center\">\n\t\t\t\t\t\t\t\t\t\t\t\t\t<div class=\"card-body\">\n\t\t\t\t\t\t\t\t\t\t\t\t\t\t<img data-recalc-dims=\"1\"\n\t\t\t\t\t\t\t\t\t\t\t\t\t\t\tclass=\"semead-leader__image rounded-circle\"\n\t\t\t\t\t\t\t\t\t\t\t\t\t\t\tsrc=\"https:\/\/i0.wp.com\/semead.com.br\/29\/wp-content\/uploads\/sites\/21\/2026\/04\/Dimaria-Silva-e-Meirelles.jpg?resize=150%2C150&#038;ssl=1\"\n\t\t\t\t\t\t\t\t\t\t\t\t\t\t\talt=\"Co-L\u00edder: Profa. Dra. Dim\u00e1ria Silva e Meirelles (MACKENZIE)\"\n\t\t\t\t\t\t\t\t\t\t\t\t\t\t\tloading=\"lazy\"\n\t\t\t\t\t\t\t\t\t\t\t\t\t\t\twidth=\"150\"\n\t\t\t\t\t\t\t\t\t\t\t\t\t\t\theight=\"150\"\n\t\t\t\t\t\t\t\t\t\t\t\t\t\t>\n\t\t\t\t\t\t\t\t\t\t\t\t\t\t<div class=\"semead-leader__name\"><em>Co-L\u00edder: Profa. Dra. Dim\u00e1ria Silva e Meirelles (MACKENZIE)<\/em><\/div>\n\t\t\t\t\t\t\t\t\t\t\t\t\t<\/div>\n\t\t\t\t\t\t\t\t\t\t\t\t<\/div>\n\t\t\t\t\t\t\t\t\t\t\t<\/div>\n\t\t\t\t\t\t\t\t\t\t\t\t\t\t\t\t\t\t\t<\/div>\n\t\t\t\t\t\t\t\t\t\t\t\t\t\t\t<\/div>\n\t\t\t\t\t\t<\/div>\n\t\t\t\t\t<\/div>\n\t\t\t\t\t\t\t\t\t<div class=\"accordion-item semead-topic\">\n\t\t\t\t\t\t<h2 class=\"accordion-header\" id=\"semead-accordion-1-heading-2\">\n\t\t\t\t\t\t\t<button\n\t\t\t\t\t\t\t\tclass=\"accordion-button collapsed\"\n\t\t\t\t\t\t\t\ttype=\"button\"\n\t\t\t\t\t\t\t\tdata-bs-toggle=\"collapse\"\n\t\t\t\t\t\t\t\tdata-bs-target=\"#semead-accordion-1-collapse-2\"\n\t\t\t\t\t\t\t\taria-expanded=\"false\"\n\t\t\t\t\t\t\t\taria-controls=\"semead-accordion-1-collapse-2\"\n\t\t\t\t\t\t\t>\n\t\t\t\t\t\t\t\t2. Econom\u00eda de Empresas, Instituciones y Organizaci\u00f3n Industrial\t\t\t\t\t\t\t<\/button>\n\t\t\t\t\t\t<\/h2>\n\t\t\t\t\t\t<div\n\t\t\t\t\t\t\tid=\"semead-accordion-1-collapse-2\"\n\t\t\t\t\t\t\tclass=\"accordion-collapse collapse\"\n\t\t\t\t\t\t\taria-labelledby=\"semead-accordion-1-heading-2\"\n\t\t\t\t\t\t\tdata-bs-parent=\"#semead-accordion-1\"\n\t\t\t\t\t\t>\n\t\t\t\t\t\t\t<div class=\"accordion-body\">\n\t\t\t\t\t\t\t\t\n\t\t\t\t\t\t\t\t\t\t\t\t\t\t\t\t\t<div class=\"semead-topic__description\"><p>Relaci\u00f3n entre instituciones y organizaciones. Formulaci\u00f3n e implementaci\u00f3n de pol\u00edticas p\u00fablicas, dise\u00f1o organizacional y sectorial, relaciones entre empresas (privadas o sector p\u00fablico o PPS), teor\u00eda de la empresa (ej.: costos de transacci\u00f3n, visi\u00f3n basada en recursos - RBV), desempe\u00f1o (creaci\u00f3n y apropiaci\u00f3n de valor), estrategias pol\u00edticas y de no mercado, acciones colectivas y gobernanza polic\u00e9ntrica.<\/p>\n<\/div>\n\t\t\t\t\t\t\t\t\n\t\t\t\t\t\t\t\t\t\t\t\t\t\t\t\t\t<div class=\"semead-leaders row row-cols-1 row-cols-md-2 row-cols-lg-3 g-4\">\n\t\t\t\t\t\t\t\t\t\t\t\t\t\t\t\t\t\t\t\t\t<div class=\"col\">\n\t\t\t\t\t\t\t\t\t\t\t\t<div class=\"semead-leader card h-100 border-0 text-center\">\n\t\t\t\t\t\t\t\t\t\t\t\t\t<div class=\"card-body\">\n\t\t\t\t\t\t\t\t\t\t\t\t\t\t<img data-recalc-dims=\"1\"\n\t\t\t\t\t\t\t\t\t\t\t\t\t\t\tclass=\"semead-leader__image rounded-circle\"\n\t\t\t\t\t\t\t\t\t\t\t\t\t\t\tsrc=\"https:\/\/i0.wp.com\/semead.com.br\/29\/wp-content\/uploads\/sites\/21\/2026\/04\/Ticiana-Braga-de-Vincenzi.jpg?resize=150%2C150&#038;ssl=1\"\n\t\t\t\t\t\t\t\t\t\t\t\t\t\t\talt=\"L\u00edder: Profa. Dra. Ticiana Braga De Vincenzi (FEA-USP)\"\n\t\t\t\t\t\t\t\t\t\t\t\t\t\t\tloading=\"lazy\"\n\t\t\t\t\t\t\t\t\t\t\t\t\t\t\twidth=\"150\"\n\t\t\t\t\t\t\t\t\t\t\t\t\t\t\theight=\"150\"\n\t\t\t\t\t\t\t\t\t\t\t\t\t\t>\n\t\t\t\t\t\t\t\t\t\t\t\t\t\t<div class=\"semead-leader__name\"><em>L\u00edder: Profa. Dra. Ticiana Braga De Vincenzi (FEA-USP)<\/em><\/div>\n\t\t\t\t\t\t\t\t\t\t\t\t\t<\/div>\n\t\t\t\t\t\t\t\t\t\t\t\t<\/div>\n\t\t\t\t\t\t\t\t\t\t\t<\/div>\n\t\t\t\t\t\t\t\t\t\t\t\t\t\t\t\t\t\t\t\t\t<div class=\"col\">\n\t\t\t\t\t\t\t\t\t\t\t\t<div class=\"semead-leader card h-100 border-0 text-center\">\n\t\t\t\t\t\t\t\t\t\t\t\t\t<div class=\"card-body\">\n\t\t\t\t\t\t\t\t\t\t\t\t\t\t<img data-recalc-dims=\"1\"\n\t\t\t\t\t\t\t\t\t\t\t\t\t\t\tclass=\"semead-leader__image rounded-circle\"\n\t\t\t\t\t\t\t\t\t\t\t\t\t\t\tsrc=\"https:\/\/i0.wp.com\/semead.com.br\/29\/wp-content\/uploads\/sites\/21\/2026\/04\/Emanoel-Marcio-Nunes.jpg?resize=150%2C150&#038;ssl=1\"\n\t\t\t\t\t\t\t\t\t\t\t\t\t\t\talt=\"Co-L\u00edder: Prof. Dr. Emanoel M\u00e1rcio Nunes (UERN)\"\n\t\t\t\t\t\t\t\t\t\t\t\t\t\t\tloading=\"lazy\"\n\t\t\t\t\t\t\t\t\t\t\t\t\t\t\twidth=\"150\"\n\t\t\t\t\t\t\t\t\t\t\t\t\t\t\theight=\"150\"\n\t\t\t\t\t\t\t\t\t\t\t\t\t\t>\n\t\t\t\t\t\t\t\t\t\t\t\t\t\t<div class=\"semead-leader__name\"><em>Co-L\u00edder: Prof. Dr. Emanoel M\u00e1rcio Nunes (UERN)<\/em><\/div>\n\t\t\t\t\t\t\t\t\t\t\t\t\t<\/div>\n\t\t\t\t\t\t\t\t\t\t\t\t<\/div>\n\t\t\t\t\t\t\t\t\t\t\t<\/div>\n\t\t\t\t\t\t\t\t\t\t\t\t\t\t\t\t\t\t\t\t\t<div class=\"col\">\n\t\t\t\t\t\t\t\t\t\t\t\t<div class=\"semead-leader card h-100 border-0 text-center\">\n\t\t\t\t\t\t\t\t\t\t\t\t\t<div class=\"card-body\">\n\t\t\t\t\t\t\t\t\t\t\t\t\t\t<img data-recalc-dims=\"1\"\n\t\t\t\t\t\t\t\t\t\t\t\t\t\t\tclass=\"semead-leader__image rounded-circle\"\n\t\t\t\t\t\t\t\t\t\t\t\t\t\t\tsrc=\"https:\/\/i0.wp.com\/semead.com.br\/29\/wp-content\/uploads\/sites\/21\/2026\/04\/Joao-Jose-de-Matos-Ferreira.jpg?resize=150%2C150&#038;ssl=1\"\n\t\t\t\t\t\t\t\t\t\t\t\t\t\t\talt=\"Co-L\u00edder Internacional: Prof. Dr. Jo\u00e3o Jos\u00e9 de Matos Ferreira (UBI, NECE-UBI, Portugal)\"\n\t\t\t\t\t\t\t\t\t\t\t\t\t\t\tloading=\"lazy\"\n\t\t\t\t\t\t\t\t\t\t\t\t\t\t\twidth=\"150\"\n\t\t\t\t\t\t\t\t\t\t\t\t\t\t\theight=\"150\"\n\t\t\t\t\t\t\t\t\t\t\t\t\t\t>\n\t\t\t\t\t\t\t\t\t\t\t\t\t\t<div class=\"semead-leader__name\"><em>Co-L\u00edder Internacional: Prof. Dr. Jo\u00e3o Jos\u00e9 de Matos Ferreira (UBI, NECE-UBI, Portugal)<\/em><\/div>\n\t\t\t\t\t\t\t\t\t\t\t\t\t<\/div>\n\t\t\t\t\t\t\t\t\t\t\t\t<\/div>\n\t\t\t\t\t\t\t\t\t\t\t<\/div>\n\t\t\t\t\t\t\t\t\t\t\t\t\t\t\t\t\t\t\t<\/div>\n\t\t\t\t\t\t\t\t\t\t\t\t\t\t\t<\/div>\n\t\t\t\t\t\t<\/div>\n\t\t\t\t\t<\/div>\n\t\t\t\t\t\t\t\t\t<div class=\"accordion-item semead-topic\">\n\t\t\t\t\t\t<h2 class=\"accordion-header\" id=\"semead-accordion-1-heading-3\">\n\t\t\t\t\t\t\t<button\n\t\t\t\t\t\t\t\tclass=\"accordion-button collapsed\"\n\t\t\t\t\t\t\t\ttype=\"button\"\n\t\t\t\t\t\t\t\tdata-bs-toggle=\"collapse\"\n\t\t\t\t\t\t\t\tdata-bs-target=\"#semead-accordion-1-collapse-3\"\n\t\t\t\t\t\t\t\taria-expanded=\"false\"\n\t\t\t\t\t\t\t\taria-controls=\"semead-accordion-1-collapse-3\"\n\t\t\t\t\t\t\t>\n\t\t\t\t\t\t\t\t3. Estrategia Competitiva\t\t\t\t\t\t\t<\/button>\n\t\t\t\t\t\t<\/h2>\n\t\t\t\t\t\t<div\n\t\t\t\t\t\t\tid=\"semead-accordion-1-collapse-3\"\n\t\t\t\t\t\t\tclass=\"accordion-collapse collapse\"\n\t\t\t\t\t\t\taria-labelledby=\"semead-accordion-1-heading-3\"\n\t\t\t\t\t\t\tdata-bs-parent=\"#semead-accordion-1\"\n\t\t\t\t\t\t>\n\t\t\t\t\t\t\t<div class=\"accordion-body\">\n\t\t\t\t\t\t\t\t\n\t\t\t\t\t\t\t\t\t\t\t\t\t\t\t\t\t<div class=\"semead-topic__description\"><p>Visi\u00f3n basada en recursos (Resource-Based View), visi\u00f3n basada en conocimientos (Knowledge-Based View). Dimensiones y factores internos de las organizaciones que estimulan el desempe\u00f1o de los negocios. Interacci\u00f3n entre empresas bajo el prisma de los recursos. Factores internos determinantes para crear y mantener la ventaja competitiva. Las empresas y sus interacciones con productos y factores de mercado a lo largo del tiempo. Dimensiones y factores externos a las organizaciones que estimulan el desempe\u00f1o en los negocios. Interacci\u00f3n entre empresas bajo el prisma de la organizaci\u00f3n industrial. Valor\/Precio\/Costo (Value-Price-Cost). El paradigma de Porter. Factores externos determinantes para crear y mantener la ventaja competitiva.<\/p>\n<\/div>\n\t\t\t\t\t\t\t\t\n\t\t\t\t\t\t\t\t\t\t\t\t\t\t\t\t\t<div class=\"semead-leaders row row-cols-1 row-cols-md-2 row-cols-lg-3 g-4\">\n\t\t\t\t\t\t\t\t\t\t\t\t\t\t\t\t\t\t\t\t\t<div class=\"col\">\n\t\t\t\t\t\t\t\t\t\t\t\t<div class=\"semead-leader card h-100 border-0 text-center\">\n\t\t\t\t\t\t\t\t\t\t\t\t\t<div class=\"card-body\">\n\t\t\t\t\t\t\t\t\t\t\t\t\t\t<img\n\t\t\t\t\t\t\t\t\t\t\t\t\t\t\tclass=\"semead-leader__image rounded-circle\"\n\t\t\t\t\t\t\t\t\t\t\t\t\t\t\tsrc=\"https:\/\/secure.gravatar.com\/avatar\/e4368bdb61805f64be41b2ed33610428?s=300&#038;d=mm&#038;r=g\"\n\t\t\t\t\t\t\t\t\t\t\t\t\t\t\talt=\"L\u00edder: Prof. Dr. Saulo Fabiano Am\u00e2ncio Vieira (UEL)\"\n\t\t\t\t\t\t\t\t\t\t\t\t\t\t\tloading=\"lazy\"\n\t\t\t\t\t\t\t\t\t\t\t\t\t\t\twidth=\"150\"\n\t\t\t\t\t\t\t\t\t\t\t\t\t\t\theight=\"150\"\n\t\t\t\t\t\t\t\t\t\t\t\t\t\t>\n\t\t\t\t\t\t\t\t\t\t\t\t\t\t<div class=\"semead-leader__name\"><em>L\u00edder: Prof. Dr. Saulo Fabiano Am\u00e2ncio Vieira (UEL)<\/em><\/div>\n\t\t\t\t\t\t\t\t\t\t\t\t\t<\/div>\n\t\t\t\t\t\t\t\t\t\t\t\t<\/div>\n\t\t\t\t\t\t\t\t\t\t\t<\/div>\n\t\t\t\t\t\t\t\t\t\t\t\t\t\t\t\t\t\t\t\t\t<div class=\"col\">\n\t\t\t\t\t\t\t\t\t\t\t\t<div class=\"semead-leader card h-100 border-0 text-center\">\n\t\t\t\t\t\t\t\t\t\t\t\t\t<div class=\"card-body\">\n\t\t\t\t\t\t\t\t\t\t\t\t\t\t<img data-recalc-dims=\"1\"\n\t\t\t\t\t\t\t\t\t\t\t\t\t\t\tclass=\"semead-leader__image rounded-circle\"\n\t\t\t\t\t\t\t\t\t\t\t\t\t\t\tsrc=\"https:\/\/i0.wp.com\/semead.com.br\/29\/wp-content\/uploads\/sites\/21\/2026\/04\/Renato-Fabiano-Cintra.jpg?resize=150%2C150&#038;ssl=1\"\n\t\t\t\t\t\t\t\t\t\t\t\t\t\t\talt=\"L\u00edder: Prof. Dr. Renato Fabiano Cintra (UFGD)\"\n\t\t\t\t\t\t\t\t\t\t\t\t\t\t\tloading=\"lazy\"\n\t\t\t\t\t\t\t\t\t\t\t\t\t\t\twidth=\"150\"\n\t\t\t\t\t\t\t\t\t\t\t\t\t\t\theight=\"150\"\n\t\t\t\t\t\t\t\t\t\t\t\t\t\t>\n\t\t\t\t\t\t\t\t\t\t\t\t\t\t<div class=\"semead-leader__name\"><em>L\u00edder: Prof. Dr. Renato Fabiano Cintra (UFGD)<\/em><\/div>\n\t\t\t\t\t\t\t\t\t\t\t\t\t<\/div>\n\t\t\t\t\t\t\t\t\t\t\t\t<\/div>\n\t\t\t\t\t\t\t\t\t\t\t<\/div>\n\t\t\t\t\t\t\t\t\t\t\t\t\t\t\t\t\t\t\t\t\t<div class=\"col\">\n\t\t\t\t\t\t\t\t\t\t\t\t<div class=\"semead-leader card h-100 border-0 text-center\">\n\t\t\t\t\t\t\t\t\t\t\t\t\t<div class=\"card-body\">\n\t\t\t\t\t\t\t\t\t\t\t\t\t\t<img data-recalc-dims=\"1\"\n\t\t\t\t\t\t\t\t\t\t\t\t\t\t\tclass=\"semead-leader__image rounded-circle\"\n\t\t\t\t\t\t\t\t\t\t\t\t\t\t\tsrc=\"https:\/\/i0.wp.com\/semead.com.br\/29\/wp-content\/uploads\/sites\/21\/2026\/04\/Pedro-Cesar-Lopes-Gerum.jpg?resize=150%2C150&#038;ssl=1\"\n\t\t\t\t\t\t\t\t\t\t\t\t\t\t\talt=\"Co-L\u00edder Internacional: Prof. Dr. Pedro Cesar Lopes Gerum (Cleveland State University)\"\n\t\t\t\t\t\t\t\t\t\t\t\t\t\t\tloading=\"lazy\"\n\t\t\t\t\t\t\t\t\t\t\t\t\t\t\twidth=\"150\"\n\t\t\t\t\t\t\t\t\t\t\t\t\t\t\theight=\"150\"\n\t\t\t\t\t\t\t\t\t\t\t\t\t\t>\n\t\t\t\t\t\t\t\t\t\t\t\t\t\t<div class=\"semead-leader__name\"><em>Co-L\u00edder Internacional: Prof. Dr. Pedro Cesar Lopes Gerum (Cleveland State University)<\/em><\/div>\n\t\t\t\t\t\t\t\t\t\t\t\t\t<\/div>\n\t\t\t\t\t\t\t\t\t\t\t\t<\/div>\n\t\t\t\t\t\t\t\t\t\t\t<\/div>\n\t\t\t\t\t\t\t\t\t\t\t\t\t\t\t\t\t\t\t<\/div>\n\t\t\t\t\t\t\t\t\t\t\t\t\t\t\t<\/div>\n\t\t\t\t\t\t<\/div>\n\t\t\t\t\t<\/div>\n\t\t\t\t\t\t\t\t\t<div class=\"accordion-item semead-topic\">\n\t\t\t\t\t\t<h2 class=\"accordion-header\" id=\"semead-accordion-1-heading-4\">\n\t\t\t\t\t\t\t<button\n\t\t\t\t\t\t\t\tclass=\"accordion-button collapsed\"\n\t\t\t\t\t\t\t\ttype=\"button\"\n\t\t\t\t\t\t\t\tdata-bs-toggle=\"collapse\"\n\t\t\t\t\t\t\t\tdata-bs-target=\"#semead-accordion-1-collapse-4\"\n\t\t\t\t\t\t\t\taria-expanded=\"false\"\n\t\t\t\t\t\t\t\taria-controls=\"semead-accordion-1-collapse-4\"\n\t\t\t\t\t\t\t>\n\t\t\t\t\t\t\t\t4. Estrategia Corporativa y de Partes Interesadas (Stakeholders)\t\t\t\t\t\t\t<\/button>\n\t\t\t\t\t\t<\/h2>\n\t\t\t\t\t\t<div\n\t\t\t\t\t\t\tid=\"semead-accordion-1-collapse-4\"\n\t\t\t\t\t\t\tclass=\"accordion-collapse collapse\"\n\t\t\t\t\t\t\taria-labelledby=\"semead-accordion-1-heading-4\"\n\t\t\t\t\t\t\tdata-bs-parent=\"#semead-accordion-1\"\n\t\t\t\t\t\t>\n\t\t\t\t\t\t\t<div class=\"accordion-body\">\n\t\t\t\t\t\t\t\t\n\t\t\t\t\t\t\t\t\t\t\t\t\t\t\t\t\t<div class=\"semead-topic__description\"><p>Estrategias gen\u00e9ricas de posicionamiento estrat\u00e9gico. Decisiones, acciones y resultados asociados a la cartera de negocios de la organizaci\u00f3n. Relaci\u00f3n entre las estrategias corporativas y funcionales (fitness). Alcance horizontal y vertical de la compa\u00f1\u00eda. Crecimiento de la empresa. Integraci\u00f3n vertical. Estrategias de diversificaci\u00f3n y gesti\u00f3n de cartera. Decisi\u00f3n de asignaci\u00f3n de recursos. Fusiones y adquisiciones. Grupos de negocios. Teor\u00eda de los interesados. La perspectiva de las diferentes partes interesadas de la empresa. Capitalismo de partes interesadas. Teor\u00eda del dominio (Salience Theory). Justicia en las relaciones entre partes interesadas. Creaci\u00f3n de valor bajo el prisma de las partes interesadas.<\/p>\n<\/div>\n\t\t\t\t\t\t\t\t\n\t\t\t\t\t\t\t\t\t\t\t\t\t\t\t\t\t<div class=\"semead-leaders row row-cols-1 row-cols-md-2 row-cols-lg-3 g-4\">\n\t\t\t\t\t\t\t\t\t\t\t\t\t\t\t\t\t\t\t\t\t<div class=\"col\">\n\t\t\t\t\t\t\t\t\t\t\t\t<div class=\"semead-leader card h-100 border-0 text-center\">\n\t\t\t\t\t\t\t\t\t\t\t\t\t<div class=\"card-body\">\n\t\t\t\t\t\t\t\t\t\t\t\t\t\t<img data-recalc-dims=\"1\"\n\t\t\t\t\t\t\t\t\t\t\t\t\t\t\tclass=\"semead-leader__image rounded-circle\"\n\t\t\t\t\t\t\t\t\t\t\t\t\t\t\tsrc=\"https:\/\/i0.wp.com\/semead.com.br\/29\/wp-content\/uploads\/sites\/21\/2026\/04\/Edson-Ricardo-Barbero.jpg?resize=150%2C150&#038;ssl=1\"\n\t\t\t\t\t\t\t\t\t\t\t\t\t\t\talt=\"L\u00edder: Prof. Dr. Edson Ricardo Barbero (FECAP)\"\n\t\t\t\t\t\t\t\t\t\t\t\t\t\t\tloading=\"lazy\"\n\t\t\t\t\t\t\t\t\t\t\t\t\t\t\twidth=\"150\"\n\t\t\t\t\t\t\t\t\t\t\t\t\t\t\theight=\"150\"\n\t\t\t\t\t\t\t\t\t\t\t\t\t\t>\n\t\t\t\t\t\t\t\t\t\t\t\t\t\t<div class=\"semead-leader__name\"><em>L\u00edder: Prof. Dr. Edson Ricardo Barbero (FECAP)<\/em><\/div>\n\t\t\t\t\t\t\t\t\t\t\t\t\t<\/div>\n\t\t\t\t\t\t\t\t\t\t\t\t<\/div>\n\t\t\t\t\t\t\t\t\t\t\t<\/div>\n\t\t\t\t\t\t\t\t\t\t\t\t\t\t\t\t\t\t\t\t\t<div class=\"col\">\n\t\t\t\t\t\t\t\t\t\t\t\t<div class=\"semead-leader card h-100 border-0 text-center\">\n\t\t\t\t\t\t\t\t\t\t\t\t\t<div class=\"card-body\">\n\t\t\t\t\t\t\t\t\t\t\t\t\t\t<img data-recalc-dims=\"1\"\n\t\t\t\t\t\t\t\t\t\t\t\t\t\t\tclass=\"semead-leader__image rounded-circle\"\n\t\t\t\t\t\t\t\t\t\t\t\t\t\t\tsrc=\"https:\/\/i0.wp.com\/semead.com.br\/29\/wp-content\/uploads\/sites\/21\/2026\/07\/Stocker-e1784154212501.jpeg?resize=150%2C150&#038;ssl=1\"\n\t\t\t\t\t\t\t\t\t\t\t\t\t\t\talt=\"Co-L\u00edder: Prof. Fabricio Stocker (FGV)\"\n\t\t\t\t\t\t\t\t\t\t\t\t\t\t\tloading=\"lazy\"\n\t\t\t\t\t\t\t\t\t\t\t\t\t\t\twidth=\"150\"\n\t\t\t\t\t\t\t\t\t\t\t\t\t\t\theight=\"150\"\n\t\t\t\t\t\t\t\t\t\t\t\t\t\t>\n\t\t\t\t\t\t\t\t\t\t\t\t\t\t<div class=\"semead-leader__name\"><em>Co-L\u00edder: Prof. Fabricio Stocker (FGV)<\/em><\/div>\n\t\t\t\t\t\t\t\t\t\t\t\t\t<\/div>\n\t\t\t\t\t\t\t\t\t\t\t\t<\/div>\n\t\t\t\t\t\t\t\t\t\t\t<\/div>\n\t\t\t\t\t\t\t\t\t\t\t\t\t\t\t\t\t\t\t<\/div>\n\t\t\t\t\t\t\t\t\t\t\t\t\t\t\t<\/div>\n\t\t\t\t\t\t<\/div>\n\t\t\t\t\t<\/div>\n\t\t\t\t\t\t\t\t\t<div class=\"accordion-item semead-topic\">\n\t\t\t\t\t\t<h2 class=\"accordion-header\" id=\"semead-accordion-1-heading-5\">\n\t\t\t\t\t\t\t<button\n\t\t\t\t\t\t\t\tclass=\"accordion-button collapsed\"\n\t\t\t\t\t\t\t\ttype=\"button\"\n\t\t\t\t\t\t\t\tdata-bs-toggle=\"collapse\"\n\t\t\t\t\t\t\t\tdata-bs-target=\"#semead-accordion-1-collapse-5\"\n\t\t\t\t\t\t\t\taria-expanded=\"false\"\n\t\t\t\t\t\t\t\taria-controls=\"semead-accordion-1-collapse-5\"\n\t\t\t\t\t\t\t>\n\t\t\t\t\t\t\t\t5. Estrategia de Peque\u00f1as y Medianas Empresas\t\t\t\t\t\t\t<\/button>\n\t\t\t\t\t\t<\/h2>\n\t\t\t\t\t\t<div\n\t\t\t\t\t\t\tid=\"semead-accordion-1-collapse-5\"\n\t\t\t\t\t\t\tclass=\"accordion-collapse collapse\"\n\t\t\t\t\t\t\taria-labelledby=\"semead-accordion-1-heading-5\"\n\t\t\t\t\t\t\tdata-bs-parent=\"#semead-accordion-1\"\n\t\t\t\t\t\t>\n\t\t\t\t\t\t\t<div class=\"accordion-body\">\n\t\t\t\t\t\t\t\t\n\t\t\t\t\t\t\t\t\t\t\t\t\t\t\t\t\t<div class=\"semead-topic__description\"><p>Abordaje te\u00f3rico y metodol\u00f3gico de micro, peque\u00f1as y medianas empresas. Actuaci\u00f3n y modelos de las PyME. Planificaci\u00f3n estrat\u00e9gica formal y su utilidad para las PyME. Aprendizaje en estrategia de las PyME. Ventaja competitiva en las PyME. Estrategia y papel de las PyME en la econom\u00eda. Desempe\u00f1o de las PyME en el entorno de negocios brasile\u00f1o. Estrategias de las PyME orientadas por patentes. Cultura, fomento y recursos financieros para la creaci\u00f3n de PyME. Gesti\u00f3n estrat\u00e9gica realizada por equipos de direcci\u00f3n en PyME. Peque\u00f1as y medianas empresas en el contexto brasile\u00f1o. Dem\u00e1s temas relacionados a la estrategia, la gesti\u00f3n y el desempe\u00f1o de peque\u00f1as y medianas empresas.<\/p>\n<\/div>\n\t\t\t\t\t\t\t\t\n\t\t\t\t\t\t\t\t\t\t\t\t\t\t\t\t\t<div class=\"semead-leaders row row-cols-1 row-cols-md-2 row-cols-lg-3 g-4\">\n\t\t\t\t\t\t\t\t\t\t\t\t\t\t\t\t\t\t\t\t\t<div class=\"col\">\n\t\t\t\t\t\t\t\t\t\t\t\t<div class=\"semead-leader card h-100 border-0 text-center\">\n\t\t\t\t\t\t\t\t\t\t\t\t\t<div class=\"card-body\">\n\t\t\t\t\t\t\t\t\t\t\t\t\t\t<img data-recalc-dims=\"1\"\n\t\t\t\t\t\t\t\t\t\t\t\t\t\t\tclass=\"semead-leader__image rounded-circle\"\n\t\t\t\t\t\t\t\t\t\t\t\t\t\t\tsrc=\"https:\/\/i0.wp.com\/semead.com.br\/29\/wp-content\/uploads\/sites\/21\/2026\/04\/Julio-Araujo-Carneiro-da-Cunha.jpg?resize=150%2C150&#038;ssl=1\"\n\t\t\t\t\t\t\t\t\t\t\t\t\t\t\talt=\"L\u00edder: Prof. Dr. J\u00falio Ara\u00fajo Carneiro da Cunha (ESPM e USP)\"\n\t\t\t\t\t\t\t\t\t\t\t\t\t\t\tloading=\"lazy\"\n\t\t\t\t\t\t\t\t\t\t\t\t\t\t\twidth=\"150\"\n\t\t\t\t\t\t\t\t\t\t\t\t\t\t\theight=\"150\"\n\t\t\t\t\t\t\t\t\t\t\t\t\t\t>\n\t\t\t\t\t\t\t\t\t\t\t\t\t\t<div class=\"semead-leader__name\"><em>L\u00edder: Prof. Dr. J\u00falio Ara\u00fajo Carneiro da Cunha (ESPM e USP)<\/em><\/div>\n\t\t\t\t\t\t\t\t\t\t\t\t\t<\/div>\n\t\t\t\t\t\t\t\t\t\t\t\t<\/div>\n\t\t\t\t\t\t\t\t\t\t\t<\/div>\n\t\t\t\t\t\t\t\t\t\t\t\t\t\t\t\t\t\t\t\t\t<div class=\"col\">\n\t\t\t\t\t\t\t\t\t\t\t\t<div class=\"semead-leader card h-100 border-0 text-center\">\n\t\t\t\t\t\t\t\t\t\t\t\t\t<div class=\"card-body\">\n\t\t\t\t\t\t\t\t\t\t\t\t\t\t<img data-recalc-dims=\"1\"\n\t\t\t\t\t\t\t\t\t\t\t\t\t\t\tclass=\"semead-leader__image rounded-circle\"\n\t\t\t\t\t\t\t\t\t\t\t\t\t\t\tsrc=\"https:\/\/i0.wp.com\/semead.com.br\/29\/wp-content\/uploads\/sites\/21\/2026\/07\/Marcelo-Carvalho-e1783541942426.jpg?resize=150%2C150&#038;ssl=1\"\n\t\t\t\t\t\t\t\t\t\t\t\t\t\t\talt=\"Co-L\u00edder: Prof. Dr. Marcelo Carvalho (Faculdade Sebrae)\"\n\t\t\t\t\t\t\t\t\t\t\t\t\t\t\tloading=\"lazy\"\n\t\t\t\t\t\t\t\t\t\t\t\t\t\t\twidth=\"150\"\n\t\t\t\t\t\t\t\t\t\t\t\t\t\t\theight=\"150\"\n\t\t\t\t\t\t\t\t\t\t\t\t\t\t>\n\t\t\t\t\t\t\t\t\t\t\t\t\t\t<div class=\"semead-leader__name\"><em>Co-L\u00edder: Prof. Dr. Marcelo Carvalho (Faculdade Sebrae)<\/em><\/div>\n\t\t\t\t\t\t\t\t\t\t\t\t\t<\/div>\n\t\t\t\t\t\t\t\t\t\t\t\t<\/div>\n\t\t\t\t\t\t\t\t\t\t\t<\/div>\n\t\t\t\t\t\t\t\t\t\t\t\t\t\t\t\t\t\t\t\t\t<div class=\"col\">\n\t\t\t\t\t\t\t\t\t\t\t\t<div class=\"semead-leader card h-100 border-0 text-center\">\n\t\t\t\t\t\t\t\t\t\t\t\t\t<div class=\"card-body\">\n\t\t\t\t\t\t\t\t\t\t\t\t\t\t<img data-recalc-dims=\"1\"\n\t\t\t\t\t\t\t\t\t\t\t\t\t\t\tclass=\"semead-leader__image rounded-circle\"\n\t\t\t\t\t\t\t\t\t\t\t\t\t\t\tsrc=\"https:\/\/i0.wp.com\/semead.com.br\/29\/wp-content\/uploads\/sites\/21\/2026\/04\/luis-matos-martins.jpg?resize=150%2C150&#038;ssl=1\"\n\t\t\t\t\t\t\t\t\t\t\t\t\t\t\talt=\"Co-L\u00edder Internacional: Prof. Dr. Lu\u00eds Matos Martins (Universidade de Lisboa - Portugal)\"\n\t\t\t\t\t\t\t\t\t\t\t\t\t\t\tloading=\"lazy\"\n\t\t\t\t\t\t\t\t\t\t\t\t\t\t\twidth=\"150\"\n\t\t\t\t\t\t\t\t\t\t\t\t\t\t\theight=\"150\"\n\t\t\t\t\t\t\t\t\t\t\t\t\t\t>\n\t\t\t\t\t\t\t\t\t\t\t\t\t\t<div class=\"semead-leader__name\"><em>Co-L\u00edder Internacional: Prof. Dr. Lu\u00eds Matos Martins (Universidade de Lisboa - Portugal)<\/em><\/div>\n\t\t\t\t\t\t\t\t\t\t\t\t\t<\/div>\n\t\t\t\t\t\t\t\t\t\t\t\t<\/div>\n\t\t\t\t\t\t\t\t\t\t\t<\/div>\n\t\t\t\t\t\t\t\t\t\t\t\t\t\t\t\t\t\t\t<\/div>\n\t\t\t\t\t\t\t\t\t\t\t\t\t\t\t<\/div>\n\t\t\t\t\t\t<\/div>\n\t\t\t\t\t<\/div>\n\t\t\t\t\t\t\t\t\t<div class=\"accordion-item semead-topic\">\n\t\t\t\t\t\t<h2 class=\"accordion-header\" id=\"semead-accordion-1-heading-6\">\n\t\t\t\t\t\t\t<button\n\t\t\t\t\t\t\t\tclass=\"accordion-button collapsed\"\n\t\t\t\t\t\t\t\ttype=\"button\"\n\t\t\t\t\t\t\t\tdata-bs-toggle=\"collapse\"\n\t\t\t\t\t\t\t\tdata-bs-target=\"#semead-accordion-1-collapse-6\"\n\t\t\t\t\t\t\t\taria-expanded=\"false\"\n\t\t\t\t\t\t\t\taria-controls=\"semead-accordion-1-collapse-6\"\n\t\t\t\t\t\t\t>\n\t\t\t\t\t\t\t\t6. Estrategia Internacional y Globalizaci\u00f3n\t\t\t\t\t\t\t<\/button>\n\t\t\t\t\t\t<\/h2>\n\t\t\t\t\t\t<div\n\t\t\t\t\t\t\tid=\"semead-accordion-1-collapse-6\"\n\t\t\t\t\t\t\tclass=\"accordion-collapse collapse\"\n\t\t\t\t\t\t\taria-labelledby=\"semead-accordion-1-heading-6\"\n\t\t\t\t\t\t\tdata-bs-parent=\"#semead-accordion-1\"\n\t\t\t\t\t\t>\n\t\t\t\t\t\t\t<div class=\"accordion-body\">\n\t\t\t\t\t\t\t\t\n\t\t\t\t\t\t\t\t\t\t\t\t\t\t\t\t\t<div class=\"semead-topic__description\"><p>Procesos y teor\u00edas de internacionalizaci\u00f3n. Modelos de gesti\u00f3n de empresas internacionalizadas. Networks internacionales e internacionalizaci\u00f3n de cl\u00fasteres. Estandarizaci\u00f3n frente a la adaptaci\u00f3n de la oferta a los mercados en el exterior. Factores del pa\u00eds que intervienen en la estrategia de internacionalizaci\u00f3n; pol\u00edticas p\u00fablicas relacionadas a la internacionalizaci\u00f3n. Globalizaci\u00f3n y regionalizaci\u00f3n. Entorno institucional del pa\u00eds que acoge. El impacto en el desarrollo de las compa\u00f1\u00edas internacionales y en las estrategias de evoluci\u00f3n de las fuerzas culturales, sociales, econ\u00f3micas, tecnol\u00f3gicas, ambientales y pol\u00edticas, en el \u00e1mbito internacional y regional. Modelado del desempe\u00f1o internacional. Emprendimiento internacional. Proceso de internacionalizaci\u00f3n de empresas brasile\u00f1as y de empresas de mercados emergentes. Tipolog\u00eda de empresas multinacionales brasile\u00f1as. Born globals.<\/p>\n<\/div>\n\t\t\t\t\t\t\t\t\n\t\t\t\t\t\t\t\t\t\t\t\t\t\t\t\t\t<div class=\"semead-leaders row row-cols-1 row-cols-md-2 row-cols-lg-3 g-4\">\n\t\t\t\t\t\t\t\t\t\t\t\t\t\t\t\t\t\t\t\t\t<div class=\"col\">\n\t\t\t\t\t\t\t\t\t\t\t\t<div class=\"semead-leader card h-100 border-0 text-center\">\n\t\t\t\t\t\t\t\t\t\t\t\t\t<div class=\"card-body\">\n\t\t\t\t\t\t\t\t\t\t\t\t\t\t<img data-recalc-dims=\"1\"\n\t\t\t\t\t\t\t\t\t\t\t\t\t\t\tclass=\"semead-leader__image rounded-circle\"\n\t\t\t\t\t\t\t\t\t\t\t\t\t\t\tsrc=\"https:\/\/i0.wp.com\/semead.com.br\/29\/wp-content\/uploads\/sites\/21\/2026\/04\/Manuel-Anibal-Silva-Portugal-Vasconcelos-Ferreira.jpg?resize=150%2C150&#038;ssl=1\"\n\t\t\t\t\t\t\t\t\t\t\t\t\t\t\talt=\"L\u00edder: Prof. Dr. Manuel Anibal Silva Portugal Vasconcelos Ferreira (PUCPR)\"\n\t\t\t\t\t\t\t\t\t\t\t\t\t\t\tloading=\"lazy\"\n\t\t\t\t\t\t\t\t\t\t\t\t\t\t\twidth=\"150\"\n\t\t\t\t\t\t\t\t\t\t\t\t\t\t\theight=\"150\"\n\t\t\t\t\t\t\t\t\t\t\t\t\t\t>\n\t\t\t\t\t\t\t\t\t\t\t\t\t\t<div class=\"semead-leader__name\"><em>L\u00edder: Prof. Dr. Manuel Anibal Silva Portugal Vasconcelos Ferreira (PUCPR)<\/em><\/div>\n\t\t\t\t\t\t\t\t\t\t\t\t\t<\/div>\n\t\t\t\t\t\t\t\t\t\t\t\t<\/div>\n\t\t\t\t\t\t\t\t\t\t\t<\/div>\n\t\t\t\t\t\t\t\t\t\t\t\t\t\t\t\t\t\t\t\t\t<div class=\"col\">\n\t\t\t\t\t\t\t\t\t\t\t\t<div class=\"semead-leader card h-100 border-0 text-center\">\n\t\t\t\t\t\t\t\t\t\t\t\t\t<div class=\"card-body\">\n\t\t\t\t\t\t\t\t\t\t\t\t\t\t<img data-recalc-dims=\"1\"\n\t\t\t\t\t\t\t\t\t\t\t\t\t\t\tclass=\"semead-leader__image rounded-circle\"\n\t\t\t\t\t\t\t\t\t\t\t\t\t\t\tsrc=\"https:\/\/i0.wp.com\/semead.com.br\/29\/wp-content\/uploads\/sites\/21\/2026\/04\/Claudia-Sofia-Frias-Pinto.jpg?resize=150%2C150&#038;ssl=1\"\n\t\t\t\t\t\t\t\t\t\t\t\t\t\t\talt=\"Co-L\u00edder: Profa. Dra. Claudia Sofia Frias Pinto (FEA-USP)\"\n\t\t\t\t\t\t\t\t\t\t\t\t\t\t\tloading=\"lazy\"\n\t\t\t\t\t\t\t\t\t\t\t\t\t\t\twidth=\"150\"\n\t\t\t\t\t\t\t\t\t\t\t\t\t\t\theight=\"150\"\n\t\t\t\t\t\t\t\t\t\t\t\t\t\t>\n\t\t\t\t\t\t\t\t\t\t\t\t\t\t<div class=\"semead-leader__name\"><em>Co-L\u00edder: Profa. Dra. Claudia Sofia Frias Pinto (FEA-USP)<\/em><\/div>\n\t\t\t\t\t\t\t\t\t\t\t\t\t<\/div>\n\t\t\t\t\t\t\t\t\t\t\t\t<\/div>\n\t\t\t\t\t\t\t\t\t\t\t<\/div>\n\t\t\t\t\t\t\t\t\t\t\t\t\t\t\t\t\t\t\t\t\t<div class=\"col\">\n\t\t\t\t\t\t\t\t\t\t\t\t<div class=\"semead-leader card h-100 border-0 text-center\">\n\t\t\t\t\t\t\t\t\t\t\t\t\t<div class=\"card-body\">\n\t\t\t\t\t\t\t\t\t\t\t\t\t\t<img data-recalc-dims=\"1\"\n\t\t\t\t\t\t\t\t\t\t\t\t\t\t\tclass=\"semead-leader__image rounded-circle\"\n\t\t\t\t\t\t\t\t\t\t\t\t\t\t\tsrc=\"https:\/\/i0.wp.com\/semead.com.br\/29\/wp-content\/uploads\/sites\/21\/2026\/04\/Fernando-Manuel-Pereira-de-Oliveira-Carvalho.jpg?resize=150%2C150&#038;ssl=1\"\n\t\t\t\t\t\t\t\t\t\t\t\t\t\t\talt=\"Co-L\u00edder Internacional: Prof. Dr. Fernando Manuel Pereira de Oliveira Carvalho (Portugal)\"\n\t\t\t\t\t\t\t\t\t\t\t\t\t\t\tloading=\"lazy\"\n\t\t\t\t\t\t\t\t\t\t\t\t\t\t\twidth=\"150\"\n\t\t\t\t\t\t\t\t\t\t\t\t\t\t\theight=\"150\"\n\t\t\t\t\t\t\t\t\t\t\t\t\t\t>\n\t\t\t\t\t\t\t\t\t\t\t\t\t\t<div class=\"semead-leader__name\"><em>Co-L\u00edder Internacional: Prof. Dr. Fernando Manuel Pereira de Oliveira Carvalho (Portugal)<\/em><\/div>\n\t\t\t\t\t\t\t\t\t\t\t\t\t<\/div>\n\t\t\t\t\t\t\t\t\t\t\t\t<\/div>\n\t\t\t\t\t\t\t\t\t\t\t<\/div>\n\t\t\t\t\t\t\t\t\t\t\t\t\t\t\t\t\t\t\t<\/div>\n\t\t\t\t\t\t\t\t\t\t\t\t\t\t\t<\/div>\n\t\t\t\t\t\t<\/div>\n\t\t\t\t\t<\/div>\n\t\t\t\t\t\t\t\t\t<div class=\"accordion-item semead-topic\">\n\t\t\t\t\t\t<h2 class=\"accordion-header\" id=\"semead-accordion-1-heading-7\">\n\t\t\t\t\t\t\t<button\n\t\t\t\t\t\t\t\tclass=\"accordion-button collapsed\"\n\t\t\t\t\t\t\t\ttype=\"button\"\n\t\t\t\t\t\t\t\tdata-bs-toggle=\"collapse\"\n\t\t\t\t\t\t\t\tdata-bs-target=\"#semead-accordion-1-collapse-7\"\n\t\t\t\t\t\t\t\taria-expanded=\"false\"\n\t\t\t\t\t\t\t\taria-controls=\"semead-accordion-1-collapse-7\"\n\t\t\t\t\t\t\t>\n\t\t\t\t\t\t\t\t7. Gobernanza Corporativa\t\t\t\t\t\t\t<\/button>\n\t\t\t\t\t\t<\/h2>\n\t\t\t\t\t\t<div\n\t\t\t\t\t\t\tid=\"semead-accordion-1-collapse-7\"\n\t\t\t\t\t\t\tclass=\"accordion-collapse collapse\"\n\t\t\t\t\t\t\taria-labelledby=\"semead-accordion-1-heading-7\"\n\t\t\t\t\t\t\tdata-bs-parent=\"#semead-accordion-1\"\n\t\t\t\t\t\t>\n\t\t\t\t\t\t\t<div class=\"accordion-body\">\n\t\t\t\t\t\t\t\t\n\t\t\t\t\t\t\t\t\t\t\t\t\t\t\t\t\t<div class=\"semead-topic__description\"><p>Papel de los agentes de la gobernanza corporativa (accionistas, inversionistas institucionales, consejeros de la administraci\u00f3n y ejecutivos). Estructuras de gobernanza corporativa (consejo de administraci\u00f3n, comit\u00e9s de asesor\u00eda al consejo, direcci\u00f3n y organismos de supervisi\u00f3n y control). Mecanismos internos y externos de gobernanza corporativa. Participaci\u00f3n de los agentes de la gobernanza corporativa y toma de decisiones estrat\u00e9gicas. Principios y buenas pr\u00e1cticas de gobernanza corporativa. \u00c9tica, c\u00f3digo de conducta, cumplimiento normativo y riesgos. Gobernanza corporativa y sostenibilidad en una perspectiva de factores ambientales, sociales y de gobernanza (Environmental, Social &amp; Governance, ESG). Gobernanza corporativa en diferentes organizaciones (empresas familiares, empresas de capital cerrado, cooperativas, organizaciones del tercer sector, entre otras).<\/p>\n<\/div>\n\t\t\t\t\t\t\t\t\n\t\t\t\t\t\t\t\t\t\t\t\t\t\t\t\t\t<div class=\"semead-leaders row row-cols-1 row-cols-md-2 row-cols-lg-3 g-4\">\n\t\t\t\t\t\t\t\t\t\t\t\t\t\t\t\t\t\t\t\t\t<div class=\"col\">\n\t\t\t\t\t\t\t\t\t\t\t\t<div class=\"semead-leader card h-100 border-0 text-center\">\n\t\t\t\t\t\t\t\t\t\t\t\t\t<div class=\"card-body\">\n\t\t\t\t\t\t\t\t\t\t\t\t\t\t<img data-recalc-dims=\"1\"\n\t\t\t\t\t\t\t\t\t\t\t\t\t\t\tclass=\"semead-leader__image rounded-circle\"\n\t\t\t\t\t\t\t\t\t\t\t\t\t\t\tsrc=\"https:\/\/i0.wp.com\/semead.com.br\/29\/wp-content\/uploads\/sites\/21\/2026\/04\/jeferson-lana.jpg?resize=150%2C150&#038;ssl=1\"\n\t\t\t\t\t\t\t\t\t\t\t\t\t\t\talt=\"L\u00edder: Prof. Dr. Jeferson Lana (UNIVALI)\"\n\t\t\t\t\t\t\t\t\t\t\t\t\t\t\tloading=\"lazy\"\n\t\t\t\t\t\t\t\t\t\t\t\t\t\t\twidth=\"150\"\n\t\t\t\t\t\t\t\t\t\t\t\t\t\t\theight=\"150\"\n\t\t\t\t\t\t\t\t\t\t\t\t\t\t>\n\t\t\t\t\t\t\t\t\t\t\t\t\t\t<div class=\"semead-leader__name\"><em>L\u00edder: Prof. Dr. Jeferson Lana (UNIVALI)<\/em><\/div>\n\t\t\t\t\t\t\t\t\t\t\t\t\t<\/div>\n\t\t\t\t\t\t\t\t\t\t\t\t<\/div>\n\t\t\t\t\t\t\t\t\t\t\t<\/div>\n\t\t\t\t\t\t\t\t\t\t\t\t\t\t\t\t\t\t\t\t\t<div class=\"col\">\n\t\t\t\t\t\t\t\t\t\t\t\t<div class=\"semead-leader card h-100 border-0 text-center\">\n\t\t\t\t\t\t\t\t\t\t\t\t\t<div class=\"card-body\">\n\t\t\t\t\t\t\t\t\t\t\t\t\t\t<img data-recalc-dims=\"1\"\n\t\t\t\t\t\t\t\t\t\t\t\t\t\t\tclass=\"semead-leader__image rounded-circle\"\n\t\t\t\t\t\t\t\t\t\t\t\t\t\t\tsrc=\"https:\/\/i0.wp.com\/semead.com.br\/29\/wp-content\/uploads\/sites\/21\/2026\/07\/Parodi-e1783630736548.jpeg?resize=150%2C150&#038;ssl=1\"\n\t\t\t\t\t\t\t\t\t\t\t\t\t\t\talt=\"Co-L\u00edder: Prof. Dr. Silvio Parodi Oliveira Camilo (Unesc)\"\n\t\t\t\t\t\t\t\t\t\t\t\t\t\t\tloading=\"lazy\"\n\t\t\t\t\t\t\t\t\t\t\t\t\t\t\twidth=\"150\"\n\t\t\t\t\t\t\t\t\t\t\t\t\t\t\theight=\"150\"\n\t\t\t\t\t\t\t\t\t\t\t\t\t\t>\n\t\t\t\t\t\t\t\t\t\t\t\t\t\t<div class=\"semead-leader__name\"><em>Co-L\u00edder: Prof. Dr. Silvio Parodi Oliveira Camilo (Unesc)<\/em><\/div>\n\t\t\t\t\t\t\t\t\t\t\t\t\t<\/div>\n\t\t\t\t\t\t\t\t\t\t\t\t<\/div>\n\t\t\t\t\t\t\t\t\t\t\t<\/div>\n\t\t\t\t\t\t\t\t\t\t\t\t\t\t\t\t\t\t\t\t\t<div class=\"col\">\n\t\t\t\t\t\t\t\t\t\t\t\t<div class=\"semead-leader card h-100 border-0 text-center\">\n\t\t\t\t\t\t\t\t\t\t\t\t\t<div class=\"card-body\">\n\t\t\t\t\t\t\t\t\t\t\t\t\t\t<img data-recalc-dims=\"1\"\n\t\t\t\t\t\t\t\t\t\t\t\t\t\t\tclass=\"semead-leader__image rounded-circle\"\n\t\t\t\t\t\t\t\t\t\t\t\t\t\t\tsrc=\"https:\/\/i0.wp.com\/semead.com.br\/29\/wp-content\/uploads\/sites\/21\/2026\/07\/Gilda-e1783630959755.jpeg?resize=150%2C150&#038;ssl=1\"\n\t\t\t\t\t\t\t\t\t\t\t\t\t\t\talt=\"Co-L\u00edder Internacional: Profa. Dra. Gilda Antonelli (G., It\u00e1lia)\"\n\t\t\t\t\t\t\t\t\t\t\t\t\t\t\tloading=\"lazy\"\n\t\t\t\t\t\t\t\t\t\t\t\t\t\t\twidth=\"150\"\n\t\t\t\t\t\t\t\t\t\t\t\t\t\t\theight=\"150\"\n\t\t\t\t\t\t\t\t\t\t\t\t\t\t>\n\t\t\t\t\t\t\t\t\t\t\t\t\t\t<div class=\"semead-leader__name\"><em>Co-L\u00edder Internacional: Profa. Dra. Gilda Antonelli (G., It\u00e1lia)<\/em><\/div>\n\t\t\t\t\t\t\t\t\t\t\t\t\t<\/div>\n\t\t\t\t\t\t\t\t\t\t\t\t<\/div>\n\t\t\t\t\t\t\t\t\t\t\t<\/div>\n\t\t\t\t\t\t\t\t\t\t\t\t\t\t\t\t\t\t\t<\/div>\n\t\t\t\t\t\t\t\t\t\t\t\t\t\t\t<\/div>\n\t\t\t\t\t\t<\/div>\n\t\t\t\t\t<\/div>\n\t\t\t\t\t\t\t\t\t<div class=\"accordion-item semead-topic\">\n\t\t\t\t\t\t<h2 class=\"accordion-header\" id=\"semead-accordion-1-heading-8\">\n\t\t\t\t\t\t\t<button\n\t\t\t\t\t\t\t\tclass=\"accordion-button collapsed\"\n\t\t\t\t\t\t\t\ttype=\"button\"\n\t\t\t\t\t\t\t\tdata-bs-toggle=\"collapse\"\n\t\t\t\t\t\t\t\tdata-bs-target=\"#semead-accordion-1-collapse-8\"\n\t\t\t\t\t\t\t\taria-expanded=\"false\"\n\t\t\t\t\t\t\t\taria-controls=\"semead-accordion-1-collapse-8\"\n\t\t\t\t\t\t\t>\n\t\t\t\t\t\t\t\t8. Cl\u00faster, Redes Empresariales y Cooperaci\u00f3n\t\t\t\t\t\t\t<\/button>\n\t\t\t\t\t\t<\/h2>\n\t\t\t\t\t\t<div\n\t\t\t\t\t\t\tid=\"semead-accordion-1-collapse-8\"\n\t\t\t\t\t\t\tclass=\"accordion-collapse collapse\"\n\t\t\t\t\t\t\taria-labelledby=\"semead-accordion-1-heading-8\"\n\t\t\t\t\t\t\tdata-bs-parent=\"#semead-accordion-1\"\n\t\t\t\t\t\t>\n\t\t\t\t\t\t\t<div class=\"accordion-body\">\n\t\t\t\t\t\t\t\t\n\t\t\t\t\t\t\t\t\t\t\t\t\t\t\t\t\t<div class=\"semead-topic__description\"><p>Estrategias colectivas y de coopetici\u00f3n. Redes y sus relaciones interorganizacionales. Aglomeraciones territoriales, industriales y comerciales. Mecanismos y estructuras de gobernanza. An\u00e1lisis estructural de redes. Capital social de la red; confianza; contratos relacionales. Innovaci\u00f3n colaborativa, cocreaci\u00f3n de valor, colaboraci\u00f3n abierta distribuida (crowdsourcing) y redes sociales digitales para estrategia. Interacci\u00f3n competitiva. Derrame de conocimiento (knowledge spillover). Reciprocidad. Tipolog\u00edas y conceptos de redes horizontales y verticales. Difusi\u00f3n de estrategias en red. Comportamiento estrat\u00e9gico en redes inter e intraorganizacionales. Redes de emprendimiento. Estrategias de cooperaci\u00f3n y ecosistemas.<\/p>\n<\/div>\n\t\t\t\t\t\t\t\t\n\t\t\t\t\t\t\t\t\t\t\t\t\t\t\t\t\t<div class=\"semead-leaders row row-cols-1 row-cols-md-2 row-cols-lg-3 g-4\">\n\t\t\t\t\t\t\t\t\t\t\t\t\t\t\t\t\t\t\t\t\t<div class=\"col\">\n\t\t\t\t\t\t\t\t\t\t\t\t<div class=\"semead-leader card h-100 border-0 text-center\">\n\t\t\t\t\t\t\t\t\t\t\t\t\t<div class=\"card-body\">\n\t\t\t\t\t\t\t\t\t\t\t\t\t\t<img data-recalc-dims=\"1\"\n\t\t\t\t\t\t\t\t\t\t\t\t\t\t\tclass=\"semead-leader__image rounded-circle\"\n\t\t\t\t\t\t\t\t\t\t\t\t\t\t\tsrc=\"https:\/\/i0.wp.com\/semead.com.br\/29\/wp-content\/uploads\/sites\/21\/2026\/04\/renato-telles.jpg?resize=150%2C150&#038;ssl=1\"\n\t\t\t\t\t\t\t\t\t\t\t\t\t\t\talt=\"L\u00edder: Prof. Dr. Renato Telles (UNIP)\"\n\t\t\t\t\t\t\t\t\t\t\t\t\t\t\tloading=\"lazy\"\n\t\t\t\t\t\t\t\t\t\t\t\t\t\t\twidth=\"150\"\n\t\t\t\t\t\t\t\t\t\t\t\t\t\t\theight=\"150\"\n\t\t\t\t\t\t\t\t\t\t\t\t\t\t>\n\t\t\t\t\t\t\t\t\t\t\t\t\t\t<div class=\"semead-leader__name\"><em>L\u00edder: Prof. Dr. Renato Telles (UNIP)<\/em><\/div>\n\t\t\t\t\t\t\t\t\t\t\t\t\t<\/div>\n\t\t\t\t\t\t\t\t\t\t\t\t<\/div>\n\t\t\t\t\t\t\t\t\t\t\t<\/div>\n\t\t\t\t\t\t\t\t\t\t\t\t\t\t\t\t\t\t\t\t\t<div class=\"col\">\n\t\t\t\t\t\t\t\t\t\t\t\t<div class=\"semead-leader card h-100 border-0 text-center\">\n\t\t\t\t\t\t\t\t\t\t\t\t\t<div class=\"card-body\">\n\t\t\t\t\t\t\t\t\t\t\t\t\t\t<img data-recalc-dims=\"1\"\n\t\t\t\t\t\t\t\t\t\t\t\t\t\t\tclass=\"semead-leader__image rounded-circle\"\n\t\t\t\t\t\t\t\t\t\t\t\t\t\t\tsrc=\"https:\/\/i0.wp.com\/semead.com.br\/29\/wp-content\/uploads\/sites\/21\/2026\/04\/Luis-Miguel-Zanin.jpg?resize=150%2C150&#038;ssl=1\"\n\t\t\t\t\t\t\t\t\t\t\t\t\t\t\talt=\"Co-L\u00edder: Prof. Dr. Luis Miguel Zanin (CONQUISTAR Consultoria)\"\n\t\t\t\t\t\t\t\t\t\t\t\t\t\t\tloading=\"lazy\"\n\t\t\t\t\t\t\t\t\t\t\t\t\t\t\twidth=\"150\"\n\t\t\t\t\t\t\t\t\t\t\t\t\t\t\theight=\"150\"\n\t\t\t\t\t\t\t\t\t\t\t\t\t\t>\n\t\t\t\t\t\t\t\t\t\t\t\t\t\t<div class=\"semead-leader__name\"><em>Co-L\u00edder: Prof. Dr. Luis Miguel Zanin (CONQUISTAR Consultoria)<\/em><\/div>\n\t\t\t\t\t\t\t\t\t\t\t\t\t<\/div>\n\t\t\t\t\t\t\t\t\t\t\t\t<\/div>\n\t\t\t\t\t\t\t\t\t\t\t<\/div>\n\t\t\t\t\t\t\t\t\t\t\t\t\t\t\t\t\t\t\t\t\t<div class=\"col\">\n\t\t\t\t\t\t\t\t\t\t\t\t<div class=\"semead-leader card h-100 border-0 text-center\">\n\t\t\t\t\t\t\t\t\t\t\t\t\t<div class=\"card-body\">\n\t\t\t\t\t\t\t\t\t\t\t\t\t\t<img data-recalc-dims=\"1\"\n\t\t\t\t\t\t\t\t\t\t\t\t\t\t\tclass=\"semead-leader__image rounded-circle\"\n\t\t\t\t\t\t\t\t\t\t\t\t\t\t\tsrc=\"https:\/\/i0.wp.com\/semead.com.br\/29\/wp-content\/uploads\/sites\/21\/2026\/04\/Wlamir-Goncalves-Xavier.jpg?resize=150%2C150&#038;ssl=1\"\n\t\t\t\t\t\t\t\t\t\t\t\t\t\t\talt=\"Co-L\u00edder Internacional: Prof. Dr. Wlamir Goncalves Xavier (Unidos)\"\n\t\t\t\t\t\t\t\t\t\t\t\t\t\t\tloading=\"lazy\"\n\t\t\t\t\t\t\t\t\t\t\t\t\t\t\twidth=\"150\"\n\t\t\t\t\t\t\t\t\t\t\t\t\t\t\theight=\"150\"\n\t\t\t\t\t\t\t\t\t\t\t\t\t\t>\n\t\t\t\t\t\t\t\t\t\t\t\t\t\t<div class=\"semead-leader__name\"><em>Co-L\u00edder Internacional: Prof. Dr. Wlamir Goncalves Xavier (Unidos)<\/em><\/div>\n\t\t\t\t\t\t\t\t\t\t\t\t\t<\/div>\n\t\t\t\t\t\t\t\t\t\t\t\t<\/div>\n\t\t\t\t\t\t\t\t\t\t\t<\/div>\n\t\t\t\t\t\t\t\t\t\t\t\t\t\t\t\t\t\t\t<\/div>\n\t\t\t\t\t\t\t\t\t\t\t\t\t\t\t<\/div>\n\t\t\t\t\t\t<\/div>\n\t\t\t\t\t<\/div>\n\t\t\t\t\t\t\t\t\t<div class=\"accordion-item semead-topic\">\n\t\t\t\t\t\t<h2 class=\"accordion-header\" id=\"semead-accordion-1-heading-9\">\n\t\t\t\t\t\t\t<button\n\t\t\t\t\t\t\t\tclass=\"accordion-button collapsed\"\n\t\t\t\t\t\t\t\ttype=\"button\"\n\t\t\t\t\t\t\t\tdata-bs-toggle=\"collapse\"\n\t\t\t\t\t\t\t\tdata-bs-target=\"#semead-accordion-1-collapse-9\"\n\t\t\t\t\t\t\t\taria-expanded=\"false\"\n\t\t\t\t\t\t\t\taria-controls=\"semead-accordion-1-collapse-9\"\n\t\t\t\t\t\t\t>\n\t\t\t\t\t\t\t\t9. Proceso Estrat\u00e9gico en las Organizaciones\t\t\t\t\t\t\t<\/button>\n\t\t\t\t\t\t<\/h2>\n\t\t\t\t\t\t<div\n\t\t\t\t\t\t\tid=\"semead-accordion-1-collapse-9\"\n\t\t\t\t\t\t\tclass=\"accordion-collapse collapse\"\n\t\t\t\t\t\t\taria-labelledby=\"semead-accordion-1-heading-9\"\n\t\t\t\t\t\t\tdata-bs-parent=\"#semead-accordion-1\"\n\t\t\t\t\t\t>\n\t\t\t\t\t\t\t<div class=\"accordion-body\">\n\t\t\t\t\t\t\t\t\n\t\t\t\t\t\t\t\t\t\t\t\t\t\t\t\t\t<div class=\"semead-topic__description\"><p>Este tema se concentra en investigar c\u00f3mo se forman, implementan y reconfiguran las estrategias en m\u00faltiples niveles (funcional, grupo, empresarial, corporativo y redes). Temas de inter\u00e9s: \u00bfC\u00f3mo desarrollan las organizaciones estrategias para alcanzar sus objetivos y la ventaja competitiva? \u00bfC\u00f3mo definen y redefinen los avances tecnol\u00f3gicos los procesos y rutinas estrat\u00e9gicas? \u00bfCu\u00e1les son las competencias, capacidades y recursos necesarios para los ejecutivos y los cargos medios para implementar los procesos estrat\u00e9gicos? \u00bfC\u00f3mo se implementan las herramientas de planificaci\u00f3n estrat\u00e9gica, cuadro de mando integral (Balanced Scorecard), mapas estrat\u00e9gicos y sistemas de gesti\u00f3n estrat\u00e9gica? \u00bfCu\u00e1l es el papel de las consultor\u00edas en la formulaci\u00f3n de estrategias y en la implementaci\u00f3n de los procesos y rutinas estrat\u00e9gicas? Tambi\u00e9n, las relaciones intraorganizacionales e interorganizacionales en la implementaci\u00f3n de procesos y rutinas. La racionalidad limitada, poder y pol\u00edtica en la toma de decisiones y en la formulaci\u00f3n de las estrategias deliberadas y emergentes. Relaciones entre capacidades, recursos y procesos estrat\u00e9gicos. Los estudios del proceso, contenido y contexto en el cambio y en la adaptaci\u00f3n organizacional. La relaci\u00f3n estrategia-estructura organizacional.<\/p>\n<\/div>\n\t\t\t\t\t\t\t\t\n\t\t\t\t\t\t\t\t\t\t\t\t\t\t\t\t\t<div class=\"semead-leaders row row-cols-1 row-cols-md-2 row-cols-lg-3 g-4\">\n\t\t\t\t\t\t\t\t\t\t\t\t\t\t\t\t\t\t\t\t\t<div class=\"col\">\n\t\t\t\t\t\t\t\t\t\t\t\t<div class=\"semead-leader card h-100 border-0 text-center\">\n\t\t\t\t\t\t\t\t\t\t\t\t\t<div class=\"card-body\">\n\t\t\t\t\t\t\t\t\t\t\t\t\t\t<img data-recalc-dims=\"1\"\n\t\t\t\t\t\t\t\t\t\t\t\t\t\t\tclass=\"semead-leader__image rounded-circle\"\n\t\t\t\t\t\t\t\t\t\t\t\t\t\t\tsrc=\"https:\/\/i0.wp.com\/semead.com.br\/29\/wp-content\/uploads\/sites\/21\/2026\/04\/Carlos-Ricardo-Rossetto.jpg?resize=150%2C150&#038;ssl=1\"\n\t\t\t\t\t\t\t\t\t\t\t\t\t\t\talt=\"L\u00edder: Prof. Dr. Carlos Ricardo Rossetto (UNIVALI)\"\n\t\t\t\t\t\t\t\t\t\t\t\t\t\t\tloading=\"lazy\"\n\t\t\t\t\t\t\t\t\t\t\t\t\t\t\twidth=\"150\"\n\t\t\t\t\t\t\t\t\t\t\t\t\t\t\theight=\"150\"\n\t\t\t\t\t\t\t\t\t\t\t\t\t\t>\n\t\t\t\t\t\t\t\t\t\t\t\t\t\t<div class=\"semead-leader__name\"><em>L\u00edder: Prof. Dr. Carlos Ricardo Rossetto (UNIVALI)<\/em><\/div>\n\t\t\t\t\t\t\t\t\t\t\t\t\t<\/div>\n\t\t\t\t\t\t\t\t\t\t\t\t<\/div>\n\t\t\t\t\t\t\t\t\t\t\t<\/div>\n\t\t\t\t\t\t\t\t\t\t\t\t\t\t\t\t\t\t\t\t\t<div class=\"col\">\n\t\t\t\t\t\t\t\t\t\t\t\t<div class=\"semead-leader card h-100 border-0 text-center\">\n\t\t\t\t\t\t\t\t\t\t\t\t\t<div class=\"card-body\">\n\t\t\t\t\t\t\t\t\t\t\t\t\t\t<img data-recalc-dims=\"1\"\n\t\t\t\t\t\t\t\t\t\t\t\t\t\t\tclass=\"semead-leader__image rounded-circle\"\n\t\t\t\t\t\t\t\t\t\t\t\t\t\t\tsrc=\"https:\/\/i0.wp.com\/semead.com.br\/29\/wp-content\/uploads\/sites\/21\/2026\/04\/Janaina-Maria-Bueno.jpg?resize=150%2C150&#038;ssl=1\"\n\t\t\t\t\t\t\t\t\t\t\t\t\t\t\talt=\"Co-L\u00edder: Profa. Dra. Jana\u00edna Maria Bueno (UFU)\"\n\t\t\t\t\t\t\t\t\t\t\t\t\t\t\tloading=\"lazy\"\n\t\t\t\t\t\t\t\t\t\t\t\t\t\t\twidth=\"150\"\n\t\t\t\t\t\t\t\t\t\t\t\t\t\t\theight=\"150\"\n\t\t\t\t\t\t\t\t\t\t\t\t\t\t>\n\t\t\t\t\t\t\t\t\t\t\t\t\t\t<div class=\"semead-leader__name\"><em>Co-L\u00edder: Profa. Dra. Jana\u00edna Maria Bueno (UFU)<\/em><\/div>\n\t\t\t\t\t\t\t\t\t\t\t\t\t<\/div>\n\t\t\t\t\t\t\t\t\t\t\t\t<\/div>\n\t\t\t\t\t\t\t\t\t\t\t<\/div>\n\t\t\t\t\t\t\t\t\t\t\t\t\t\t\t\t\t\t\t\t\t<div class=\"col\">\n\t\t\t\t\t\t\t\t\t\t\t\t<div class=\"semead-leader card h-100 border-0 text-center\">\n\t\t\t\t\t\t\t\t\t\t\t\t\t<div class=\"card-body\">\n\t\t\t\t\t\t\t\t\t\t\t\t\t\t<img data-recalc-dims=\"1\"\n\t\t\t\t\t\t\t\t\t\t\t\t\t\t\tclass=\"semead-leader__image rounded-circle\"\n\t\t\t\t\t\t\t\t\t\t\t\t\t\t\tsrc=\"https:\/\/i0.wp.com\/semead.com.br\/29\/wp-content\/uploads\/sites\/21\/2026\/04\/Juan-Pablo-Torres.jpg?resize=150%2C150&#038;ssl=1\"\n\t\t\t\t\t\t\t\t\t\t\t\t\t\t\talt=\"Co-L\u00edder Internacional: Prof. Dr. Juan Pablo Torres (Universidad Adolph Ib\u00e1nez)\"\n\t\t\t\t\t\t\t\t\t\t\t\t\t\t\tloading=\"lazy\"\n\t\t\t\t\t\t\t\t\t\t\t\t\t\t\twidth=\"150\"\n\t\t\t\t\t\t\t\t\t\t\t\t\t\t\theight=\"150\"\n\t\t\t\t\t\t\t\t\t\t\t\t\t\t>\n\t\t\t\t\t\t\t\t\t\t\t\t\t\t<div class=\"semead-leader__name\"><em>Co-L\u00edder Internacional: Prof. Dr. Juan Pablo Torres (Universidad Adolph Ib\u00e1nez)<\/em><\/div>\n\t\t\t\t\t\t\t\t\t\t\t\t\t<\/div>\n\t\t\t\t\t\t\t\t\t\t\t\t<\/div>\n\t\t\t\t\t\t\t\t\t\t\t<\/div>\n\t\t\t\t\t\t\t\t\t\t\t\t\t\t\t\t\t\t\t<\/div>\n\t\t\t\t\t\t\t\t\t\t\t\t\t\t\t<\/div>\n\t\t\t\t\t\t<\/div>\n\t\t\t\t\t<\/div>\n\t\t\t\t\t\t\t<\/div>\n\t\t<\/div>\n\n\n\n<p class=\"wp-block-paragraph\"><\/p>\n","protected":false},"excerpt":{"rendered":"","protected":false},"author":10,"featured_media":0,"parent":35599,"menu_order":3,"comment_status":"closed","ping_status":"closed","template":"","meta":{"_acf_changed":false,"tpgb_global_settings":"","inline_featured_image":false,"_monsterinsights_skip_tracking":false,"_monsterinsights_sitenote_active":false,"_monsterinsights_sitenote_note":"","_monsterinsights_sitenote_category":0,"footnotes":""},"class_list":["post-20820","page","type-page","status-publish","hentry"],"acf":{"coordenadores":[{"titulo":"Coorienador: ","nome":"Prof. Dr. Benny Kramer Costa","instituicao":"(UNINOVE)","imagem":34870},{"titulo":"Coordinadora Assistente: ","nome":"Profa. Dra. Simone Barakat","instituicao":"(FECAP e UAM)","imagem":34873}],"audio_da_coordenacao":"","temas":[{"tema_nome":"Abordajes Sociales, Cognitivos y Comportamentales en Estrategia","tema_descricao":"Creaci\u00f3n de estrategias. Estrategia como pr\u00e1ctica. Micronivel y comprensi\u00f3n de las pr\u00e1cticas del estratega. Aprendizaje organizacional. Teor\u00eda sociocognitiva Creatividad en estrategia. Abordaje de las teor\u00edas institucionales en las organizaciones. Teor\u00edas estructuralistas en el enfoque estrat\u00e9gico. Teor\u00edas cr\u00edticas para la comprensi\u00f3n de la estrategia. Implementaci\u00f3n, cambio, adaptaci\u00f3n y coordinaci\u00f3n estrat\u00e9gicas. Adaptaci\u00f3n y aprendizaje en entornos inciertos y ambiguos. Ambig\u00fcedades internas y externas de las organizaciones. Cognici\u00f3n individual, relacional y colectiva en contextos organizacionales. Cognici\u00f3n y comportamiento gerencial y organizacional. Contextualizaciones y construcciones sociales, antropol\u00f3gicas, culturales y cognitivas, de comportamiento e hist\u00f3ricas para la comprensi\u00f3n de la estrategia.","audio":"","lideres":[{"lider_nome":"L\u00edder: Profa. Dra. Adriana Roseli W\u00fcnsch Takahashi (UFPR)","lider_foto":36834},{"lider_nome":"Co-L\u00edder: Profa. Dra. Dim\u00e1ria Silva e Meirelles (MACKENZIE)","lider_foto":36837}]},{"tema_nome":"Econom\u00eda de Empresas, Instituciones y Organizaci\u00f3n Industrial","tema_descricao":"Relaci\u00f3n entre instituciones y organizaciones. Formulaci\u00f3n e implementaci\u00f3n de pol\u00edticas p\u00fablicas, dise\u00f1o organizacional y sectorial, relaciones entre empresas (privadas o sector p\u00fablico o PPS), teor\u00eda de la empresa (ej.: costos de transacci\u00f3n, visi\u00f3n basada en recursos - RBV), desempe\u00f1o (creaci\u00f3n y apropiaci\u00f3n de valor), estrategias pol\u00edticas y de no mercado, acciones colectivas y gobernanza polic\u00e9ntrica.","audio":"","lideres":[{"lider_nome":"L\u00edder: Profa. Dra. Ticiana Braga De Vincenzi (FEA-USP)","lider_foto":36852},{"lider_nome":"Co-L\u00edder: Prof. Dr. Emanoel M\u00e1rcio Nunes (UERN)","lider_foto":36839},{"lider_nome":"Co-L\u00edder Internacional: Prof. Dr. Jo\u00e3o Jos\u00e9 de Matos Ferreira (UBI, NECE-UBI, Portugal)","lider_foto":36844}]},{"tema_nome":"Estrategia Competitiva","tema_descricao":"Visi\u00f3n basada en recursos (Resource-Based View), visi\u00f3n basada en conocimientos (Knowledge-Based View). Dimensiones y factores internos de las organizaciones que estimulan el desempe\u00f1o de los negocios. Interacci\u00f3n entre empresas bajo el prisma de los recursos. Factores internos determinantes para crear y mantener la ventaja competitiva. Las empresas y sus interacciones con productos y factores de mercado a lo largo del tiempo. Dimensiones y factores externos a las organizaciones que estimulan el desempe\u00f1o en los negocios. Interacci\u00f3n entre empresas bajo el prisma de la organizaci\u00f3n industrial. Valor\/Precio\/Costo (Value-Price-Cost). El paradigma de Porter. Factores externos determinantes para crear y mantener la ventaja competitiva.","audio":"","lideres":[{"lider_nome":"L\u00edder: Prof. Dr. Saulo Fabiano Am\u00e2ncio Vieira (UEL)","lider_foto":""},{"lider_nome":"L\u00edder: Prof. Dr. Renato Fabiano Cintra (UFGD)","lider_foto":36850},{"lider_nome":"Co-L\u00edder Internacional: Prof. Dr. Pedro Cesar Lopes Gerum (Cleveland State University)","lider_foto":36849}]},{"tema_nome":"Estrategia Corporativa y de Partes Interesadas (Stakeholders)","tema_descricao":"Estrategias gen\u00e9ricas de posicionamiento estrat\u00e9gico. Decisiones, acciones y resultados asociados a la cartera de negocios de la organizaci\u00f3n. Relaci\u00f3n entre las estrategias corporativas y funcionales (fitness). Alcance horizontal y vertical de la compa\u00f1\u00eda. Crecimiento de la empresa. Integraci\u00f3n vertical. Estrategias de diversificaci\u00f3n y gesti\u00f3n de cartera. Decisi\u00f3n de asignaci\u00f3n de recursos. Fusiones y adquisiciones. Grupos de negocios. Teor\u00eda de los interesados. La perspectiva de las diferentes partes interesadas de la empresa. Capitalismo de partes interesadas. Teor\u00eda del dominio (Salience Theory). Justicia en las relaciones entre partes interesadas. Creaci\u00f3n de valor bajo el prisma de las partes interesadas.","audio":"","lideres":[{"lider_nome":"L\u00edder: Prof. Dr. Edson Ricardo Barbero (FECAP)","lider_foto":36838},{"lider_nome":"Co-L\u00edder: Prof. Fabricio Stocker (FGV)","lider_foto":36861}]},{"tema_nome":"Estrategia de Peque\u00f1as y Medianas Empresas","tema_descricao":"Abordaje te\u00f3rico y metodol\u00f3gico de micro, peque\u00f1as y medianas empresas. Actuaci\u00f3n y modelos de las PyME. Planificaci\u00f3n estrat\u00e9gica formal y su utilidad para las PyME. Aprendizaje en estrategia de las PyME. Ventaja competitiva en las PyME. Estrategia y papel de las PyME en la econom\u00eda. Desempe\u00f1o de las PyME en el entorno de negocios brasile\u00f1o. Estrategias de las PyME orientadas por patentes. Cultura, fomento y recursos financieros para la creaci\u00f3n de PyME. Gesti\u00f3n estrat\u00e9gica realizada por equipos de direcci\u00f3n en PyME. Peque\u00f1as y medianas empresas en el contexto brasile\u00f1o. Dem\u00e1s temas relacionados a la estrategia, la gesti\u00f3n y el desempe\u00f1o de peque\u00f1as y medianas empresas.","audio":"","lideres":[{"lider_nome":"L\u00edder: Prof. Dr. J\u00falio Ara\u00fajo Carneiro da Cunha (ESPM e USP)","lider_foto":36846},{"lider_nome":"Co-L\u00edder: Prof. Dr. Marcelo Carvalho (Faculdade Sebrae)","lider_foto":36858},{"lider_nome":"Co-L\u00edder Internacional: Prof. Dr. Lu\u00eds Matos Martins (Universidade de Lisboa - Portugal)","lider_foto":36855}]},{"tema_nome":"Estrategia Internacional y Globalizaci\u00f3n","tema_descricao":"Procesos y teor\u00edas de internacionalizaci\u00f3n. Modelos de gesti\u00f3n de empresas internacionalizadas. Networks internacionales e internacionalizaci\u00f3n de cl\u00fasteres. Estandarizaci\u00f3n frente a la adaptaci\u00f3n de la oferta a los mercados en el exterior. Factores del pa\u00eds que intervienen en la estrategia de internacionalizaci\u00f3n; pol\u00edticas p\u00fablicas relacionadas a la internacionalizaci\u00f3n. Globalizaci\u00f3n y regionalizaci\u00f3n. Entorno institucional del pa\u00eds que acoge. El impacto en el desarrollo de las compa\u00f1\u00edas internacionales y en las estrategias de evoluci\u00f3n de las fuerzas culturales, sociales, econ\u00f3micas, tecnol\u00f3gicas, ambientales y pol\u00edticas, en el \u00e1mbito internacional y regional. Modelado del desempe\u00f1o internacional. Emprendimiento internacional. Proceso de internacionalizaci\u00f3n de empresas brasile\u00f1as y de empresas de mercados emergentes. Tipolog\u00eda de empresas multinacionales brasile\u00f1as. Born globals.","audio":20483,"lideres":[{"lider_nome":"L\u00edder: Prof. Dr. Manuel Anibal Silva Portugal Vasconcelos Ferreira (PUCPR)","lider_foto":36848},{"lider_nome":"Co-L\u00edder: Profa. Dra. Claudia Sofia Frias Pinto (FEA-USP)","lider_foto":36836},{"lider_nome":"Co-L\u00edder Internacional: Prof. Dr. Fernando Manuel Pereira de Oliveira Carvalho (Portugal)","lider_foto":36840}]},{"tema_nome":"Gobernanza Corporativa","tema_descricao":"Papel de los agentes de la gobernanza corporativa (accionistas, inversionistas institucionales, consejeros de la administraci\u00f3n y ejecutivos). Estructuras de gobernanza corporativa (consejo de administraci\u00f3n, comit\u00e9s de asesor\u00eda al consejo, direcci\u00f3n y organismos de supervisi\u00f3n y control). Mecanismos internos y externos de gobernanza corporativa. Participaci\u00f3n de los agentes de la gobernanza corporativa y toma de decisiones estrat\u00e9gicas. Principios y buenas pr\u00e1cticas de gobernanza corporativa. \u00c9tica, c\u00f3digo de conducta, cumplimiento normativo y riesgos. Gobernanza corporativa y sostenibilidad en una perspectiva de factores ambientales, sociales y de gobernanza (Environmental, Social &amp; Governance, ESG). Gobernanza corporativa en diferentes organizaciones (empresas familiares, empresas de capital cerrado, cooperativas, organizaciones del tercer sector, entre otras).","audio":"","lideres":[{"lider_nome":"L\u00edder: Prof. Dr. Jeferson Lana (UNIVALI)","lider_foto":36854},{"lider_nome":"Co-L\u00edder: Prof. Dr. Silvio Parodi Oliveira Camilo (Unesc)","lider_foto":36860},{"lider_nome":"Co-L\u00edder Internacional: Profa. Dra. Gilda Antonelli (G., It\u00e1lia)","lider_foto":36859}]},{"tema_nome":"Cl\u00faster, Redes Empresariales y Cooperaci\u00f3n","tema_descricao":"Estrategias colectivas y de coopetici\u00f3n. Redes y sus relaciones interorganizacionales. Aglomeraciones territoriales, industriales y comerciales. Mecanismos y estructuras de gobernanza. An\u00e1lisis estructural de redes. Capital social de la red; confianza; contratos relacionales. Innovaci\u00f3n colaborativa, cocreaci\u00f3n de valor, colaboraci\u00f3n abierta distribuida (crowdsourcing) y redes sociales digitales para estrategia. Interacci\u00f3n competitiva. Derrame de conocimiento (knowledge spillover). Reciprocidad. Tipolog\u00edas y conceptos de redes horizontales y verticales. Difusi\u00f3n de estrategias en red. Comportamiento estrat\u00e9gico en redes inter e intraorganizacionales. Redes de emprendimiento. Estrategias de cooperaci\u00f3n y ecosistemas.","audio":"","lideres":[{"lider_nome":"L\u00edder: Prof. Dr. Renato Telles (UNIP)","lider_foto":36857},{"lider_nome":"Co-L\u00edder: Prof. Dr. Luis Miguel Zanin (CONQUISTAR Consultoria)","lider_foto":36847},{"lider_nome":"Co-L\u00edder Internacional: Prof. Dr. Wlamir Goncalves Xavier (Unidos)","lider_foto":36853}]},{"tema_nome":"Proceso Estrat\u00e9gico en las Organizaciones","tema_descricao":"Este tema se concentra en investigar c\u00f3mo se forman, implementan y reconfiguran las estrategias en m\u00faltiples niveles (funcional, grupo, empresarial, corporativo y redes). Temas de inter\u00e9s: \u00bfC\u00f3mo desarrollan las organizaciones estrategias para alcanzar sus objetivos y la ventaja competitiva? \u00bfC\u00f3mo definen y redefinen los avances tecnol\u00f3gicos los procesos y rutinas estrat\u00e9gicas? \u00bfCu\u00e1les son las competencias, capacidades y recursos necesarios para los ejecutivos y los cargos medios para implementar los procesos estrat\u00e9gicos? \u00bfC\u00f3mo se implementan las herramientas de planificaci\u00f3n estrat\u00e9gica, cuadro de mando integral (Balanced Scorecard), mapas estrat\u00e9gicos y sistemas de gesti\u00f3n estrat\u00e9gica? \u00bfCu\u00e1l es el papel de las consultor\u00edas en la formulaci\u00f3n de estrategias y en la implementaci\u00f3n de los procesos y rutinas estrat\u00e9gicas? Tambi\u00e9n, las relaciones intraorganizacionales e interorganizacionales en la implementaci\u00f3n de procesos y rutinas. La racionalidad limitada, poder y pol\u00edtica en la toma de decisiones y en la formulaci\u00f3n de las estrategias deliberadas y emergentes. Relaciones entre capacidades, recursos y procesos estrat\u00e9gicos. Los estudios del proceso, contenido y contexto en el cambio y en la adaptaci\u00f3n organizacional. La relaci\u00f3n estrategia-estructura organizacional.","audio":"","lideres":[{"lider_nome":"L\u00edder: Prof. Dr. Carlos Ricardo Rossetto (UNIVALI)","lider_foto":36835},{"lider_nome":"Co-L\u00edder: Profa. Dra. Jana\u00edna Maria Bueno (UFU)","lider_foto":36843},{"lider_nome":"Co-L\u00edder Internacional: Prof. Dr. Juan Pablo Torres (Universidad Adolph Ib\u00e1nez)","lider_foto":36845}]}]},"yoast_head":"<!-- This site is optimized with the Yoast SEO plugin v28.4 - https:\/\/yoast.com\/product\/yoast-seo-wordpress\/ -->\n<title>Estrategia en Organizaciones - XXIX SemeAd<\/title>\n<meta name=\"robots\" content=\"index, follow, max-snippet:-1, max-image-preview:large, max-video-preview:-1\" \/>\n<link rel=\"canonical\" href=\"https:\/\/semead.com.br\/29\/es\/areas-2\/areas-cientificas\/estrategia-en-organizaciones\/\" \/>\n<meta property=\"og:locale\" content=\"es_ES\" \/>\n<meta property=\"og:type\" content=\"article\" \/>\n<meta property=\"og:title\" content=\"Estrategia en Organizaciones - XXIX SemeAd\" \/>\n<meta property=\"og:url\" content=\"https:\/\/semead.com.br\/29\/es\/areas-2\/areas-cientificas\/estrategia-en-organizaciones\/\" \/>\n<meta property=\"og:site_name\" content=\"XXIX SemeAd\" \/>\n<meta property=\"article:modified_time\" content=\"2026-08-22T21:13:23+00:00\" \/>\n<meta name=\"twitter:card\" content=\"summary_large_image\" \/>\n<meta name=\"twitter:label1\" content=\"Tiempo de lectura\" \/>\n\t<meta name=\"twitter:data1\" content=\"1 minuto\" \/>\n<script type=\"application\/ld+json\" class=\"yoast-schema-graph\">{\"@context\":\"https:\\\/\\\/schema.org\",\"@graph\":[{\"@type\":\"WebPage\",\"@id\":\"https:\\\/\\\/semead.com.br\\\/29\\\/es\\\/areas-2\\\/areas-cientificas\\\/estrategia-en-organizaciones\\\/\",\"url\":\"https:\\\/\\\/semead.com.br\\\/29\\\/es\\\/areas-2\\\/areas-cientificas\\\/estrategia-en-organizaciones\\\/\",\"name\":\"Estrategia en Organizaciones - XXIX SemeAd\",\"isPartOf\":{\"@id\":\"https:\\\/\\\/semead.com.br\\\/29\\\/es\\\/#website\"},\"datePublished\":\"2021-06-30T19:37:05+00:00\",\"dateModified\":\"2026-08-22T21:13:23+00:00\",\"breadcrumb\":{\"@id\":\"https:\\\/\\\/semead.com.br\\\/29\\\/es\\\/areas-2\\\/areas-cientificas\\\/estrategia-en-organizaciones\\\/#breadcrumb\"},\"inLanguage\":\"es\",\"potentialAction\":[{\"@type\":\"ReadAction\",\"target\":[\"https:\\\/\\\/semead.com.br\\\/29\\\/es\\\/areas-2\\\/areas-cientificas\\\/estrategia-en-organizaciones\\\/\"]}]},{\"@type\":\"BreadcrumbList\",\"@id\":\"https:\\\/\\\/semead.com.br\\\/29\\\/es\\\/areas-2\\\/areas-cientificas\\\/estrategia-en-organizaciones\\\/#breadcrumb\",\"itemListElement\":[{\"@type\":\"ListItem\",\"position\":1,\"name\":\"In\u00edcio\",\"item\":\"https:\\\/\\\/semead.com.br\\\/29\\\/es\\\/\"},{\"@type\":\"ListItem\",\"position\":2,\"name\":\"Areas\",\"item\":\"https:\\\/\\\/semead.com.br\\\/29\\\/es\\\/areas-2\\\/\"},{\"@type\":\"ListItem\",\"position\":3,\"name\":\"\u00c1reas Cient\u00edficas\",\"item\":\"https:\\\/\\\/semead.com.br\\\/29\\\/es\\\/areas-2\\\/areas-cientificas\\\/\"},{\"@type\":\"ListItem\",\"position\":4,\"name\":\"Estrategia en Organizaciones\"}]},{\"@type\":\"WebSite\",\"@id\":\"https:\\\/\\\/semead.com.br\\\/29\\\/es\\\/#website\",\"url\":\"https:\\\/\\\/semead.com.br\\\/29\\\/es\\\/\",\"name\":\"XXIX SemeAd\",\"description\":\"Semin\u00e1rios em administra\u00e7\u00e3o\",\"potentialAction\":[{\"@type\":\"SearchAction\",\"target\":{\"@type\":\"EntryPoint\",\"urlTemplate\":\"https:\\\/\\\/semead.com.br\\\/29\\\/es\\\/?s={search_term_string}\"},\"query-input\":{\"@type\":\"PropertyValueSpecification\",\"valueRequired\":true,\"valueName\":\"search_term_string\"}}],\"inLanguage\":\"es\"}]}<\/script>\n<!-- \/ Yoast SEO plugin. -->","yoast_head_json":{"title":"Estrategia en Organizaciones - XXIX SemeAd","robots":{"index":"index","follow":"follow","max-snippet":"max-snippet:-1","max-image-preview":"max-image-preview:large","max-video-preview":"max-video-preview:-1"},"canonical":"https:\/\/semead.com.br\/29\/es\/areas-2\/areas-cientificas\/estrategia-en-organizaciones\/","og_locale":"es_ES","og_type":"article","og_title":"Estrategia en Organizaciones - XXIX SemeAd","og_url":"https:\/\/semead.com.br\/29\/es\/areas-2\/areas-cientificas\/estrategia-en-organizaciones\/","og_site_name":"XXIX SemeAd","article_modified_time":"2026-08-22T21:13:23+00:00","twitter_card":"summary_large_image","twitter_misc":{"Tiempo de lectura":"1 minuto"},"schema":{"@context":"https:\/\/schema.org","@graph":[{"@type":"WebPage","@id":"https:\/\/semead.com.br\/29\/es\/areas-2\/areas-cientificas\/estrategia-en-organizaciones\/","url":"https:\/\/semead.com.br\/29\/es\/areas-2\/areas-cientificas\/estrategia-en-organizaciones\/","name":"Estrategia en Organizaciones - XXIX SemeAd","isPartOf":{"@id":"https:\/\/semead.com.br\/29\/es\/#website"},"datePublished":"2021-06-30T19:37:05+00:00","dateModified":"2026-08-22T21:13:23+00:00","breadcrumb":{"@id":"https:\/\/semead.com.br\/29\/es\/areas-2\/areas-cientificas\/estrategia-en-organizaciones\/#breadcrumb"},"inLanguage":"es","potentialAction":[{"@type":"ReadAction","target":["https:\/\/semead.com.br\/29\/es\/areas-2\/areas-cientificas\/estrategia-en-organizaciones\/"]}]},{"@type":"BreadcrumbList","@id":"https:\/\/semead.com.br\/29\/es\/areas-2\/areas-cientificas\/estrategia-en-organizaciones\/#breadcrumb","itemListElement":[{"@type":"ListItem","position":1,"name":"In\u00edcio","item":"https:\/\/semead.com.br\/29\/es\/"},{"@type":"ListItem","position":2,"name":"Areas","item":"https:\/\/semead.com.br\/29\/es\/areas-2\/"},{"@type":"ListItem","position":3,"name":"\u00c1reas Cient\u00edficas","item":"https:\/\/semead.com.br\/29\/es\/areas-2\/areas-cientificas\/"},{"@type":"ListItem","position":4,"name":"Estrategia en Organizaciones"}]},{"@type":"WebSite","@id":"https:\/\/semead.com.br\/29\/es\/#website","url":"https:\/\/semead.com.br\/29\/es\/","name":"XXIX SemeAd","description":"Semin\u00e1rios em administra\u00e7\u00e3o","potentialAction":[{"@type":"SearchAction","target":{"@type":"EntryPoint","urlTemplate":"https:\/\/semead.com.br\/29\/es\/?s={search_term_string}"},"query-input":{"@type":"PropertyValueSpecification","valueRequired":true,"valueName":"search_term_string"}}],"inLanguage":"es"}]}},"tpgb_featured_images":null,"tpgb_post_meta_info":{"get_date":"30 de junio de 2021","get_modified_date":"22 de agosto de 2026","author_name":"","author_url":"https:\/\/semead.com.br\/29\/es\/author\/","author_email":"","author_website":"","author_description":"","author_facebook":"","author_twitter":"","author_instagram":"","author_role":"","author_firstname":"","author_lastname":"","user_login":"","author_avatar":"<img alt='' src='https:\/\/secure.gravatar.com\/avatar\/?s=200&#038;d=mm&#038;r=g' srcset='https:\/\/secure.gravatar.com\/avatar\/?s=400&#038;d=mm&#038;r=g 2x' class='avatar avatar-200 photo avatar-default' height='200' width='200' decoding='async'\/>","author_avatar_url":"https:\/\/secure.gravatar.com\/avatar\/?s=96&d=mm&r=g","comment_count":0,"post_likes":0,"post_views":0},"tpgb_post_category":[],"jetpack_sharing_enabled":true,"_links":{"self":[{"href":"https:\/\/semead.com.br\/29\/es\/wp-json\/wp\/v2\/pages\/20820","targetHints":{"allow":["GET"]}}],"collection":[{"href":"https:\/\/semead.com.br\/29\/es\/wp-json\/wp\/v2\/pages"}],"about":[{"href":"https:\/\/semead.com.br\/29\/es\/wp-json\/wp\/v2\/types\/page"}],"author":[{"embeddable":true,"href":"https:\/\/semead.com.br\/29\/es\/wp-json\/wp\/v2\/users\/10"}],"replies":[{"embeddable":true,"href":"https:\/\/semead.com.br\/29\/es\/wp-json\/wp\/v2\/comments?post=20820"}],"version-history":[{"count":2,"href":"https:\/\/semead.com.br\/29\/es\/wp-json\/wp\/v2\/pages\/20820\/revisions"}],"predecessor-version":[{"id":35880,"href":"https:\/\/semead.com.br\/29\/es\/wp-json\/wp\/v2\/pages\/20820\/revisions\/35880"}],"up":[{"embeddable":true,"href":"https:\/\/semead.com.br\/29\/es\/wp-json\/wp\/v2\/pages\/35599"}],"wp:attachment":[{"href":"https:\/\/semead.com.br\/29\/es\/wp-json\/wp\/v2\/media?parent=20820"}],"curies":[{"name":"wp","href":"https:\/\/api.w.org\/{rel}","templated":true}]}}