{"id":20923,"date":"2021-06-30T20:31:02","date_gmt":"2021-06-30T23:31:02","guid":{"rendered":"https:\/\/semead.com.br\/29-novo\/?page_id=20923"},"modified":"2026-08-22T17:57:53","modified_gmt":"2026-08-22T20:57:53","slug":"finanzas","status":"publish","type":"page","link":"https:\/\/semead.com.br\/29\/es\/areas-2\/areas-cientificas\/finanzas\/","title":{"rendered":"Finanzas"},"content":{"rendered":"<div class=\"semead-shortcode semead-shortcode--coordenacao\">\n\t\t\t\t\t\t\t<div class=\"semead-people\">\n\t\t\t\t\t\t\t\t\t\t\t<div class=\"semead-person\">\n\t\t\t\t\t\t\t<div class=\"semead-person__media\">\n\t\t\t\t\t\t\t\t<img data-recalc-dims=\"1\"\n\t\t\t\t\t\t\t\t\tclass=\"semead-person__image rounded-circle\"\n\t\t\t\t\t\t\t\t\tsrc=\"https:\/\/i0.wp.com\/semead.com.br\/29\/wp-content\/uploads\/sites\/21\/2026\/06\/Wilson-Nakamura.jpeg?resize=150%2C150&#038;ssl=1\"\n\t\t\t\t\t\t\t\t\talt=\"Prof. Dr. Wilson Toshiro Nakamura\"\n\t\t\t\t\t\t\t\t\tloading=\"lazy\"\n\t\t\t\t\t\t\t\t\twidth=\"150\"\n\t\t\t\t\t\t\t\t\theight=\"150\"\n\t\t\t\t\t\t\t\t>\n\t\t\t\t\t\t\t<\/div>\n\t\t\t\t\t\t\t<div class=\"semead-person__content\">\n\t\t\t\t\t\t\t\t<h4 class=\"\">Coordinador:<\/h4>\n\t\t\t\t\t\t\t\t<h3 class=\"semead-person__title\">Prof. Dr. Wilson Toshiro Nakamura<\/h3>\n\t\t\t\t\t\t\t\t\t\t\t\t\t\t\t\t\t<div class=\"semead-person__institution\">Universidad Presbiteriana Mackenzie<\/div>\n\t\t\t\t\t\t\t\t\t\t\t\t\t\t\t<\/div>\n\t\t\t\t\t\t<\/div>\n\t\t\t\t\t\t\t\t\t<\/div>\n\t\t\t\n\t\t\t\t\t<\/div>\n<div class=\"semead-shortcode semead-shortcode--temas\">\n\t\t\t\t\t\t\t<h4 class=\"semead-shortcode__heading\"><strong>Temas e L\u00edderes:<\/strong><\/h4>\n\t\t\t\n\t\t\t<div class=\"accordion\" id=\"semead-accordion-1\">\n\t\t\t\t\t\t\t\t\t<div class=\"accordion-item semead-topic\">\n\t\t\t\t\t\t<h2 class=\"accordion-header\" id=\"semead-accordion-1-heading-1\">\n\t\t\t\t\t\t\t<button\n\t\t\t\t\t\t\t\tclass=\"accordion-button collapsed\"\n\t\t\t\t\t\t\t\ttype=\"button\"\n\t\t\t\t\t\t\t\tdata-bs-toggle=\"collapse\"\n\t\t\t\t\t\t\t\tdata-bs-target=\"#semead-accordion-1-collapse-1\"\n\t\t\t\t\t\t\t\taria-expanded=\"false\"\n\t\t\t\t\t\t\t\taria-controls=\"semead-accordion-1-collapse-1\"\n\t\t\t\t\t\t\t>\n\t\t\t\t\t\t\t\t1. Valoraci\u00f3n de Activos\t\t\t\t\t\t\t<\/button>\n\t\t\t\t\t\t<\/h2>\n\t\t\t\t\t\t<div\n\t\t\t\t\t\t\tid=\"semead-accordion-1-collapse-1\"\n\t\t\t\t\t\t\tclass=\"accordion-collapse collapse\"\n\t\t\t\t\t\t\taria-labelledby=\"semead-accordion-1-heading-1\"\n\t\t\t\t\t\t\tdata-bs-parent=\"#semead-accordion-1\"\n\t\t\t\t\t\t>\n\t\t\t\t\t\t\t<div class=\"accordion-body\">\n\t\t\t\t\t\t\t\t\n\t\t\t\t\t\t\t\t\t\t\t\t\t\t\t\t\t<div class=\"semead-topic__description\"><p>Modelos de valoraci\u00f3n de activos financieros: CAPM, APT, Fama y French, Black-Scholes, binomial, entre otros. Teor\u00eda de carteras. Eficiencia de mercado. Anomal\u00edas de mercado. Burbujas financieras. Riesgo y retorno. Riesgo de mercado. Desempe\u00f1o de fondos.<\/p>\n<\/div>\n\t\t\t\t\t\t\t\t\n\t\t\t\t\t\t\t\t\t\t\t\t\t\t\t\t\t<div class=\"semead-leaders row row-cols-1 row-cols-md-2 row-cols-lg-3 g-4\">\n\t\t\t\t\t\t\t\t\t\t\t\t\t\t\t\t\t\t\t\t\t<div class=\"col\">\n\t\t\t\t\t\t\t\t\t\t\t\t<div class=\"semead-leader card h-100 border-0 text-center\">\n\t\t\t\t\t\t\t\t\t\t\t\t\t<div class=\"card-body\">\n\t\t\t\t\t\t\t\t\t\t\t\t\t\t<img data-recalc-dims=\"1\"\n\t\t\t\t\t\t\t\t\t\t\t\t\t\t\tclass=\"semead-leader__image rounded-circle\"\n\t\t\t\t\t\t\t\t\t\t\t\t\t\t\tsrc=\"https:\/\/i0.wp.com\/semead.com.br\/29\/wp-content\/uploads\/sites\/21\/2026\/05\/giancarlo-aquila.jpg?resize=150%2C150&#038;ssl=1\"\n\t\t\t\t\t\t\t\t\t\t\t\t\t\t\talt=\"L\u00edder: Prof. Dr. Giancarlo \u00c1quila (FATEC)\"\n\t\t\t\t\t\t\t\t\t\t\t\t\t\t\tloading=\"lazy\"\n\t\t\t\t\t\t\t\t\t\t\t\t\t\t\twidth=\"150\"\n\t\t\t\t\t\t\t\t\t\t\t\t\t\t\theight=\"150\"\n\t\t\t\t\t\t\t\t\t\t\t\t\t\t>\n\t\t\t\t\t\t\t\t\t\t\t\t\t\t<div class=\"semead-leader__name\"><em>L\u00edder: Prof. Dr. Giancarlo \u00c1quila (FATEC)<\/em><\/div>\n\t\t\t\t\t\t\t\t\t\t\t\t\t<\/div>\n\t\t\t\t\t\t\t\t\t\t\t\t<\/div>\n\t\t\t\t\t\t\t\t\t\t\t<\/div>\n\t\t\t\t\t\t\t\t\t\t\t\t\t\t\t\t\t\t\t\t\t<div class=\"col\">\n\t\t\t\t\t\t\t\t\t\t\t\t<div class=\"semead-leader card h-100 border-0 text-center\">\n\t\t\t\t\t\t\t\t\t\t\t\t\t<div class=\"card-body\">\n\t\t\t\t\t\t\t\t\t\t\t\t\t\t<img data-recalc-dims=\"1\"\n\t\t\t\t\t\t\t\t\t\t\t\t\t\t\tclass=\"semead-leader__image rounded-circle\"\n\t\t\t\t\t\t\t\t\t\t\t\t\t\t\tsrc=\"https:\/\/i0.wp.com\/semead.com.br\/29\/wp-content\/uploads\/sites\/21\/2026\/06\/Eli-Hadad-junior.jpeg?resize=150%2C150&#038;ssl=1\"\n\t\t\t\t\t\t\t\t\t\t\t\t\t\t\talt=\"Co-L\u00edder: Prof. Dr. Eli Hadad Junior (Universidade Mackenzie)\"\n\t\t\t\t\t\t\t\t\t\t\t\t\t\t\tloading=\"lazy\"\n\t\t\t\t\t\t\t\t\t\t\t\t\t\t\twidth=\"150\"\n\t\t\t\t\t\t\t\t\t\t\t\t\t\t\theight=\"150\"\n\t\t\t\t\t\t\t\t\t\t\t\t\t\t>\n\t\t\t\t\t\t\t\t\t\t\t\t\t\t<div class=\"semead-leader__name\"><em>Co-L\u00edder: Prof. Dr. Eli Hadad Junior (Universidade Mackenzie)<\/em><\/div>\n\t\t\t\t\t\t\t\t\t\t\t\t\t<\/div>\n\t\t\t\t\t\t\t\t\t\t\t\t<\/div>\n\t\t\t\t\t\t\t\t\t\t\t<\/div>\n\t\t\t\t\t\t\t\t\t\t\t\t\t\t\t\t\t\t\t\t\t<div class=\"col\">\n\t\t\t\t\t\t\t\t\t\t\t\t<div class=\"semead-leader card h-100 border-0 text-center\">\n\t\t\t\t\t\t\t\t\t\t\t\t\t<div class=\"card-body\">\n\t\t\t\t\t\t\t\t\t\t\t\t\t\t<img data-recalc-dims=\"1\"\n\t\t\t\t\t\t\t\t\t\t\t\t\t\t\tclass=\"semead-leader__image rounded-circle\"\n\t\t\t\t\t\t\t\t\t\t\t\t\t\t\tsrc=\"https:\/\/i0.wp.com\/semead.com.br\/29\/wp-content\/uploads\/sites\/21\/2026\/06\/Manuel-Rocha-Armada.jpeg?resize=150%2C150&#038;ssl=1\"\n\t\t\t\t\t\t\t\t\t\t\t\t\t\t\talt=\"Co-L\u00edder Internacional: Prof. Dr. Manuel Jos\u00e9 Rocha Armada (Portugal)\"\n\t\t\t\t\t\t\t\t\t\t\t\t\t\t\tloading=\"lazy\"\n\t\t\t\t\t\t\t\t\t\t\t\t\t\t\twidth=\"150\"\n\t\t\t\t\t\t\t\t\t\t\t\t\t\t\theight=\"150\"\n\t\t\t\t\t\t\t\t\t\t\t\t\t\t>\n\t\t\t\t\t\t\t\t\t\t\t\t\t\t<div class=\"semead-leader__name\"><em>Co-L\u00edder Internacional: Prof. Dr. Manuel Jos\u00e9 Rocha Armada (Portugal)<\/em><\/div>\n\t\t\t\t\t\t\t\t\t\t\t\t\t<\/div>\n\t\t\t\t\t\t\t\t\t\t\t\t<\/div>\n\t\t\t\t\t\t\t\t\t\t\t<\/div>\n\t\t\t\t\t\t\t\t\t\t\t\t\t\t\t\t\t\t\t<\/div>\n\t\t\t\t\t\t\t\t\t\t\t\t\t\t\t<\/div>\n\t\t\t\t\t\t<\/div>\n\t\t\t\t\t<\/div>\n\t\t\t\t\t\t\t\t\t<div class=\"accordion-item semead-topic\">\n\t\t\t\t\t\t<h2 class=\"accordion-header\" id=\"semead-accordion-1-heading-2\">\n\t\t\t\t\t\t\t<button\n\t\t\t\t\t\t\t\tclass=\"accordion-button collapsed\"\n\t\t\t\t\t\t\t\ttype=\"button\"\n\t\t\t\t\t\t\t\tdata-bs-toggle=\"collapse\"\n\t\t\t\t\t\t\t\tdata-bs-target=\"#semead-accordion-1-collapse-2\"\n\t\t\t\t\t\t\t\taria-expanded=\"false\"\n\t\t\t\t\t\t\t\taria-controls=\"semead-accordion-1-collapse-2\"\n\t\t\t\t\t\t\t>\n\t\t\t\t\t\t\t\t2. Contabilidad para Usuarios Externos\t\t\t\t\t\t\t<\/button>\n\t\t\t\t\t\t<\/h2>\n\t\t\t\t\t\t<div\n\t\t\t\t\t\t\tid=\"semead-accordion-1-collapse-2\"\n\t\t\t\t\t\t\tclass=\"accordion-collapse collapse\"\n\t\t\t\t\t\t\taria-labelledby=\"semead-accordion-1-heading-2\"\n\t\t\t\t\t\t\tdata-bs-parent=\"#semead-accordion-1\"\n\t\t\t\t\t\t>\n\t\t\t\t\t\t\t<div class=\"accordion-body\">\n\t\t\t\t\t\t\t\t\n\t\t\t\t\t\t\t\t\t\t\t\t\t\t\t\t\t<div class=\"semead-topic__description\"><p>Contabilidad financiera. Tributaci\u00f3n. Normas internacionales de contabilidad. Calidad de la informaci\u00f3n contable. Divulgaci\u00f3n contable. Auditor\u00eda contable y fraudes corporativos. Regulaci\u00f3n contable. Contabilidad gubernamental. Informe integrado y sostenibilidad. Impacto de la tecnolog\u00eda en la contabilidad y la auditor\u00eda. Big Data y Blockchain aplicados a la contabilidad y la auditor\u00eda. Educaci\u00f3n e investigaci\u00f3n en contabilidad financiera. \u00c9tica y formaci\u00f3n profesional en contabilidad financiera. Historia de la contabilidad. Temas emergentes en contabilidad para usuarios externos.<\/p>\n<\/div>\n\t\t\t\t\t\t\t\t\n\t\t\t\t\t\t\t\t\t\t\t\t\t\t\t\t\t<div class=\"semead-leaders row row-cols-1 row-cols-md-2 row-cols-lg-3 g-4\">\n\t\t\t\t\t\t\t\t\t\t\t\t\t\t\t\t\t\t\t\t\t<div class=\"col\">\n\t\t\t\t\t\t\t\t\t\t\t\t<div class=\"semead-leader card h-100 border-0 text-center\">\n\t\t\t\t\t\t\t\t\t\t\t\t\t<div class=\"card-body\">\n\t\t\t\t\t\t\t\t\t\t\t\t\t\t<img data-recalc-dims=\"1\"\n\t\t\t\t\t\t\t\t\t\t\t\t\t\t\tclass=\"semead-leader__image rounded-circle\"\n\t\t\t\t\t\t\t\t\t\t\t\t\t\t\tsrc=\"https:\/\/i0.wp.com\/semead.com.br\/29\/wp-content\/uploads\/sites\/21\/2026\/06\/Carolina-Magda-Roma.jpeg?resize=150%2C150&#038;ssl=1\"\n\t\t\t\t\t\t\t\t\t\t\t\t\t\t\talt=\"L\u00edder: Profa. Dra. Carolina Magda Roma (FURG)\"\n\t\t\t\t\t\t\t\t\t\t\t\t\t\t\tloading=\"lazy\"\n\t\t\t\t\t\t\t\t\t\t\t\t\t\t\twidth=\"150\"\n\t\t\t\t\t\t\t\t\t\t\t\t\t\t\theight=\"150\"\n\t\t\t\t\t\t\t\t\t\t\t\t\t\t>\n\t\t\t\t\t\t\t\t\t\t\t\t\t\t<div class=\"semead-leader__name\"><em>L\u00edder: Profa. Dra. Carolina Magda Roma (FURG)<\/em><\/div>\n\t\t\t\t\t\t\t\t\t\t\t\t\t<\/div>\n\t\t\t\t\t\t\t\t\t\t\t\t<\/div>\n\t\t\t\t\t\t\t\t\t\t\t<\/div>\n\t\t\t\t\t\t\t\t\t\t\t\t\t\t\t\t\t\t\t\t\t<div class=\"col\">\n\t\t\t\t\t\t\t\t\t\t\t\t<div class=\"semead-leader card h-100 border-0 text-center\">\n\t\t\t\t\t\t\t\t\t\t\t\t\t<div class=\"card-body\">\n\t\t\t\t\t\t\t\t\t\t\t\t\t\t<img data-recalc-dims=\"1\"\n\t\t\t\t\t\t\t\t\t\t\t\t\t\t\tclass=\"semead-leader__image rounded-circle\"\n\t\t\t\t\t\t\t\t\t\t\t\t\t\t\tsrc=\"https:\/\/i0.wp.com\/semead.com.br\/29\/wp-content\/uploads\/sites\/21\/2026\/05\/Profa.-Dra.-Joyce-Menezes-da-Fonseca-Tonin-UEM.jpg?resize=150%2C150&#038;ssl=1\"\n\t\t\t\t\t\t\t\t\t\t\t\t\t\t\talt=\"Co-L\u00edder: Profa. Dra. Joyce Menezes da Fonseca Tonin (UEM)\"\n\t\t\t\t\t\t\t\t\t\t\t\t\t\t\tloading=\"lazy\"\n\t\t\t\t\t\t\t\t\t\t\t\t\t\t\twidth=\"150\"\n\t\t\t\t\t\t\t\t\t\t\t\t\t\t\theight=\"150\"\n\t\t\t\t\t\t\t\t\t\t\t\t\t\t>\n\t\t\t\t\t\t\t\t\t\t\t\t\t\t<div class=\"semead-leader__name\"><em>Co-L\u00edder: Profa. Dra. Joyce Menezes da Fonseca Tonin (UEM)<\/em><\/div>\n\t\t\t\t\t\t\t\t\t\t\t\t\t<\/div>\n\t\t\t\t\t\t\t\t\t\t\t\t<\/div>\n\t\t\t\t\t\t\t\t\t\t\t<\/div>\n\t\t\t\t\t\t\t\t\t\t\t\t\t\t\t\t\t\t\t\t\t<div class=\"col\">\n\t\t\t\t\t\t\t\t\t\t\t\t<div class=\"semead-leader card h-100 border-0 text-center\">\n\t\t\t\t\t\t\t\t\t\t\t\t\t<div class=\"card-body\">\n\t\t\t\t\t\t\t\t\t\t\t\t\t\t<img data-recalc-dims=\"1\"\n\t\t\t\t\t\t\t\t\t\t\t\t\t\t\tclass=\"semead-leader__image rounded-circle\"\n\t\t\t\t\t\t\t\t\t\t\t\t\t\t\tsrc=\"https:\/\/i0.wp.com\/semead.com.br\/29\/wp-content\/uploads\/sites\/21\/2026\/06\/Jose-Milton-Almeida.jpeg?resize=150%2C150&#038;ssl=1\"\n\t\t\t\t\t\t\t\t\t\t\t\t\t\t\talt=\"Co-L\u00edder: Prof. Dr. Jos\u00e9 Milton Almeida da Silva (UNIFESP)\"\n\t\t\t\t\t\t\t\t\t\t\t\t\t\t\tloading=\"lazy\"\n\t\t\t\t\t\t\t\t\t\t\t\t\t\t\twidth=\"150\"\n\t\t\t\t\t\t\t\t\t\t\t\t\t\t\theight=\"150\"\n\t\t\t\t\t\t\t\t\t\t\t\t\t\t>\n\t\t\t\t\t\t\t\t\t\t\t\t\t\t<div class=\"semead-leader__name\"><em>Co-L\u00edder: Prof. Dr. Jos\u00e9 Milton Almeida da Silva (UNIFESP)<\/em><\/div>\n\t\t\t\t\t\t\t\t\t\t\t\t\t<\/div>\n\t\t\t\t\t\t\t\t\t\t\t\t<\/div>\n\t\t\t\t\t\t\t\t\t\t\t<\/div>\n\t\t\t\t\t\t\t\t\t\t\t\t\t\t\t\t\t\t\t\t\t<div class=\"col\">\n\t\t\t\t\t\t\t\t\t\t\t\t<div class=\"semead-leader card h-100 border-0 text-center\">\n\t\t\t\t\t\t\t\t\t\t\t\t\t<div class=\"card-body\">\n\t\t\t\t\t\t\t\t\t\t\t\t\t\t<img data-recalc-dims=\"1\"\n\t\t\t\t\t\t\t\t\t\t\t\t\t\t\tclass=\"semead-leader__image rounded-circle\"\n\t\t\t\t\t\t\t\t\t\t\t\t\t\t\tsrc=\"https:\/\/i0.wp.com\/semead.com.br\/29\/wp-content\/uploads\/sites\/21\/2026\/06\/Profa-Dra-Isabel-Lourenco-ISCTE-IUL-2026.jpg?resize=150%2C150&#038;ssl=1\"\n\t\t\t\t\t\t\t\t\t\t\t\t\t\t\talt=\"Co-L\u00edder Internacional: Profa. Dra. Isabel Louren\u00e7o (ISCTE-IUL, Portugal)\"\n\t\t\t\t\t\t\t\t\t\t\t\t\t\t\tloading=\"lazy\"\n\t\t\t\t\t\t\t\t\t\t\t\t\t\t\twidth=\"150\"\n\t\t\t\t\t\t\t\t\t\t\t\t\t\t\theight=\"150\"\n\t\t\t\t\t\t\t\t\t\t\t\t\t\t>\n\t\t\t\t\t\t\t\t\t\t\t\t\t\t<div class=\"semead-leader__name\"><em>Co-L\u00edder Internacional: Profa. Dra. Isabel Louren\u00e7o (ISCTE-IUL, Portugal)<\/em><\/div>\n\t\t\t\t\t\t\t\t\t\t\t\t\t<\/div>\n\t\t\t\t\t\t\t\t\t\t\t\t<\/div>\n\t\t\t\t\t\t\t\t\t\t\t<\/div>\n\t\t\t\t\t\t\t\t\t\t\t\t\t\t\t\t\t\t\t<\/div>\n\t\t\t\t\t\t\t\t\t\t\t\t\t\t\t<\/div>\n\t\t\t\t\t\t<\/div>\n\t\t\t\t\t<\/div>\n\t\t\t\t\t\t\t\t\t<div class=\"accordion-item semead-topic\">\n\t\t\t\t\t\t<h2 class=\"accordion-header\" id=\"semead-accordion-1-heading-3\">\n\t\t\t\t\t\t\t<button\n\t\t\t\t\t\t\t\tclass=\"accordion-button collapsed\"\n\t\t\t\t\t\t\t\ttype=\"button\"\n\t\t\t\t\t\t\t\tdata-bs-toggle=\"collapse\"\n\t\t\t\t\t\t\t\tdata-bs-target=\"#semead-accordion-1-collapse-3\"\n\t\t\t\t\t\t\t\taria-expanded=\"false\"\n\t\t\t\t\t\t\t\taria-controls=\"semead-accordion-1-collapse-3\"\n\t\t\t\t\t\t\t>\n\t\t\t\t\t\t\t\t3. Contabilidad para Usuarios Internos\t\t\t\t\t\t\t<\/button>\n\t\t\t\t\t\t<\/h2>\n\t\t\t\t\t\t<div\n\t\t\t\t\t\t\tid=\"semead-accordion-1-collapse-3\"\n\t\t\t\t\t\t\tclass=\"accordion-collapse collapse\"\n\t\t\t\t\t\t\taria-labelledby=\"semead-accordion-1-heading-3\"\n\t\t\t\t\t\t\tdata-bs-parent=\"#semead-accordion-1\"\n\t\t\t\t\t\t>\n\t\t\t\t\t\t\t<div class=\"accordion-body\">\n\t\t\t\t\t\t\t\t\n\t\t\t\t\t\t\t\t\t\t\t\t\t\t\t\t\t<div class=\"semead-topic__description\"><p>Contabilidad gerencial y controlar\u00eda. Sistema de informaci\u00f3n gerencial. An\u00e1lisis y gesti\u00f3n de costos. Evaluaci\u00f3n del desempe\u00f1o y recompensas. Planificaci\u00f3n presupuestaria. Planificaci\u00f3n y gesti\u00f3n tributaria. Educaci\u00f3n e investigaci\u00f3n en contabilidad gerencial y controlar\u00eda. \u00c9tica y formaci\u00f3n profesional en contabilidad gerencial y controlar\u00eda. Temas emergentes en contabilidad para usuarios internos.<\/p>\n<\/div>\n\t\t\t\t\t\t\t\t\n\t\t\t\t\t\t\t\t\t\t\t\t\t\t\t\t\t<div class=\"semead-leaders row row-cols-1 row-cols-md-2 row-cols-lg-3 g-4\">\n\t\t\t\t\t\t\t\t\t\t\t\t\t\t\t\t\t\t\t\t\t<div class=\"col\">\n\t\t\t\t\t\t\t\t\t\t\t\t<div class=\"semead-leader card h-100 border-0 text-center\">\n\t\t\t\t\t\t\t\t\t\t\t\t\t<div class=\"card-body\">\n\t\t\t\t\t\t\t\t\t\t\t\t\t\t<img data-recalc-dims=\"1\"\n\t\t\t\t\t\t\t\t\t\t\t\t\t\t\tclass=\"semead-leader__image rounded-circle\"\n\t\t\t\t\t\t\t\t\t\t\t\t\t\t\tsrc=\"https:\/\/i0.wp.com\/semead.com.br\/29\/wp-content\/uploads\/sites\/21\/2026\/06\/Rodolfo-Vieira-Nunes.jpeg?resize=150%2C150&#038;ssl=1\"\n\t\t\t\t\t\t\t\t\t\t\t\t\t\t\talt=\"L\u00edder: Prof. Dr. Rodolfo Vieira Nunes (UFJF)\"\n\t\t\t\t\t\t\t\t\t\t\t\t\t\t\tloading=\"lazy\"\n\t\t\t\t\t\t\t\t\t\t\t\t\t\t\twidth=\"150\"\n\t\t\t\t\t\t\t\t\t\t\t\t\t\t\theight=\"150\"\n\t\t\t\t\t\t\t\t\t\t\t\t\t\t>\n\t\t\t\t\t\t\t\t\t\t\t\t\t\t<div class=\"semead-leader__name\"><em>L\u00edder: Prof. Dr. Rodolfo Vieira Nunes (UFJF)<\/em><\/div>\n\t\t\t\t\t\t\t\t\t\t\t\t\t<\/div>\n\t\t\t\t\t\t\t\t\t\t\t\t<\/div>\n\t\t\t\t\t\t\t\t\t\t\t<\/div>\n\t\t\t\t\t\t\t\t\t\t\t\t\t\t\t\t\t\t\t\t\t<div class=\"col\">\n\t\t\t\t\t\t\t\t\t\t\t\t<div class=\"semead-leader card h-100 border-0 text-center\">\n\t\t\t\t\t\t\t\t\t\t\t\t\t<div class=\"card-body\">\n\t\t\t\t\t\t\t\t\t\t\t\t\t\t<img data-recalc-dims=\"1\"\n\t\t\t\t\t\t\t\t\t\t\t\t\t\t\tclass=\"semead-leader__image rounded-circle\"\n\t\t\t\t\t\t\t\t\t\t\t\t\t\t\tsrc=\"https:\/\/i0.wp.com\/semead.com.br\/29\/wp-content\/uploads\/sites\/21\/2026\/07\/Graciela-e1785191189845.jpeg?resize=150%2C150&#038;ssl=1\"\n\t\t\t\t\t\t\t\t\t\t\t\t\t\t\talt=\"Co-L\u00edder: Profa. Dra. Graciela Dias Coelho Jones (UFU)\"\n\t\t\t\t\t\t\t\t\t\t\t\t\t\t\tloading=\"lazy\"\n\t\t\t\t\t\t\t\t\t\t\t\t\t\t\twidth=\"150\"\n\t\t\t\t\t\t\t\t\t\t\t\t\t\t\theight=\"150\"\n\t\t\t\t\t\t\t\t\t\t\t\t\t\t>\n\t\t\t\t\t\t\t\t\t\t\t\t\t\t<div class=\"semead-leader__name\"><em>Co-L\u00edder: Profa. Dra. Graciela Dias Coelho Jones (UFU)<\/em><\/div>\n\t\t\t\t\t\t\t\t\t\t\t\t\t<\/div>\n\t\t\t\t\t\t\t\t\t\t\t\t<\/div>\n\t\t\t\t\t\t\t\t\t\t\t<\/div>\n\t\t\t\t\t\t\t\t\t\t\t\t\t\t\t\t\t\t\t\t\t<div class=\"col\">\n\t\t\t\t\t\t\t\t\t\t\t\t<div class=\"semead-leader card h-100 border-0 text-center\">\n\t\t\t\t\t\t\t\t\t\t\t\t\t<div class=\"card-body\">\n\t\t\t\t\t\t\t\t\t\t\t\t\t\t<img data-recalc-dims=\"1\"\n\t\t\t\t\t\t\t\t\t\t\t\t\t\t\tclass=\"semead-leader__image rounded-circle\"\n\t\t\t\t\t\t\t\t\t\t\t\t\t\t\tsrc=\"https:\/\/i0.wp.com\/semead.com.br\/29\/wp-content\/uploads\/sites\/21\/2026\/06\/Roni-Cleber-Bonizio-1-e1785191298761.jpeg?resize=150%2C150&#038;ssl=1\"\n\t\t\t\t\t\t\t\t\t\t\t\t\t\t\talt=\"Co-L\u00edder: Prof. Dr. Roni Cleber Bonizio (FEARP\/ USP)\"\n\t\t\t\t\t\t\t\t\t\t\t\t\t\t\tloading=\"lazy\"\n\t\t\t\t\t\t\t\t\t\t\t\t\t\t\twidth=\"150\"\n\t\t\t\t\t\t\t\t\t\t\t\t\t\t\theight=\"150\"\n\t\t\t\t\t\t\t\t\t\t\t\t\t\t>\n\t\t\t\t\t\t\t\t\t\t\t\t\t\t<div class=\"semead-leader__name\"><em>Co-L\u00edder: Prof. Dr. Roni Cleber Bonizio (FEARP\/ USP)<\/em><\/div>\n\t\t\t\t\t\t\t\t\t\t\t\t\t<\/div>\n\t\t\t\t\t\t\t\t\t\t\t\t<\/div>\n\t\t\t\t\t\t\t\t\t\t\t<\/div>\n\t\t\t\t\t\t\t\t\t\t\t\t\t\t\t\t\t\t\t\t\t<div class=\"col\">\n\t\t\t\t\t\t\t\t\t\t\t\t<div class=\"semead-leader card h-100 border-0 text-center\">\n\t\t\t\t\t\t\t\t\t\t\t\t\t<div class=\"card-body\">\n\t\t\t\t\t\t\t\t\t\t\t\t\t\t<img data-recalc-dims=\"1\"\n\t\t\t\t\t\t\t\t\t\t\t\t\t\t\tclass=\"semead-leader__image rounded-circle\"\n\t\t\t\t\t\t\t\t\t\t\t\t\t\t\tsrc=\"https:\/\/i0.wp.com\/semead.com.br\/29\/wp-content\/uploads\/sites\/21\/2026\/06\/Edilberto-Jose-Rodriguez-Rivero.jpeg?resize=150%2C150&#038;ssl=1\"\n\t\t\t\t\t\t\t\t\t\t\t\t\t\t\talt=\"Co-L\u00edder Internacional: Prof. Dr. Edilberto Jos\u00e9 Rodriguez Rivero (Espanha)\"\n\t\t\t\t\t\t\t\t\t\t\t\t\t\t\tloading=\"lazy\"\n\t\t\t\t\t\t\t\t\t\t\t\t\t\t\twidth=\"150\"\n\t\t\t\t\t\t\t\t\t\t\t\t\t\t\theight=\"150\"\n\t\t\t\t\t\t\t\t\t\t\t\t\t\t>\n\t\t\t\t\t\t\t\t\t\t\t\t\t\t<div class=\"semead-leader__name\"><em>Co-L\u00edder Internacional: Prof. Dr. Edilberto Jos\u00e9 Rodriguez Rivero (Espanha)<\/em><\/div>\n\t\t\t\t\t\t\t\t\t\t\t\t\t<\/div>\n\t\t\t\t\t\t\t\t\t\t\t\t<\/div>\n\t\t\t\t\t\t\t\t\t\t\t<\/div>\n\t\t\t\t\t\t\t\t\t\t\t\t\t\t\t\t\t\t\t<\/div>\n\t\t\t\t\t\t\t\t\t\t\t\t\t\t\t<\/div>\n\t\t\t\t\t\t<\/div>\n\t\t\t\t\t<\/div>\n\t\t\t\t\t\t\t\t\t<div class=\"accordion-item semead-topic\">\n\t\t\t\t\t\t<h2 class=\"accordion-header\" id=\"semead-accordion-1-heading-4\">\n\t\t\t\t\t\t\t<button\n\t\t\t\t\t\t\t\tclass=\"accordion-button collapsed\"\n\t\t\t\t\t\t\t\ttype=\"button\"\n\t\t\t\t\t\t\t\tdata-bs-toggle=\"collapse\"\n\t\t\t\t\t\t\t\tdata-bs-target=\"#semead-accordion-1-collapse-4\"\n\t\t\t\t\t\t\t\taria-expanded=\"false\"\n\t\t\t\t\t\t\t\taria-controls=\"semead-accordion-1-collapse-4\"\n\t\t\t\t\t\t\t>\n\t\t\t\t\t\t\t\t4. Decisiones de Inversi\u00f3n Empresarial\t\t\t\t\t\t\t<\/button>\n\t\t\t\t\t\t<\/h2>\n\t\t\t\t\t\t<div\n\t\t\t\t\t\t\tid=\"semead-accordion-1-collapse-4\"\n\t\t\t\t\t\t\tclass=\"accordion-collapse collapse\"\n\t\t\t\t\t\t\taria-labelledby=\"semead-accordion-1-heading-4\"\n\t\t\t\t\t\t\tdata-bs-parent=\"#semead-accordion-1\"\n\t\t\t\t\t\t>\n\t\t\t\t\t\t\t<div class=\"accordion-body\">\n\t\t\t\t\t\t\t\t\n\t\t\t\t\t\t\t\t\t\t\t\t\t\t\t\t\t<div class=\"semead-topic__description\"><p>Determinantes de la inversi\u00f3n empresarial. Restricciones financieras. Sensibilidad de la inversi\u00f3n a diferentes tipos de riesgo. T\u00e9cnicas de an\u00e1lisis de inversiones. Presupuesto de capital.<\/p>\n<\/div>\n\t\t\t\t\t\t\t\t\n\t\t\t\t\t\t\t\t\t\t\t\t\t\t\t\t\t<div class=\"semead-leaders row row-cols-1 row-cols-md-2 row-cols-lg-3 g-4\">\n\t\t\t\t\t\t\t\t\t\t\t\t\t\t\t\t\t\t\t\t\t<div class=\"col\">\n\t\t\t\t\t\t\t\t\t\t\t\t<div class=\"semead-leader card h-100 border-0 text-center\">\n\t\t\t\t\t\t\t\t\t\t\t\t\t<div class=\"card-body\">\n\t\t\t\t\t\t\t\t\t\t\t\t\t\t<img data-recalc-dims=\"1\"\n\t\t\t\t\t\t\t\t\t\t\t\t\t\t\tclass=\"semead-leader__image rounded-circle\"\n\t\t\t\t\t\t\t\t\t\t\t\t\t\t\tsrc=\"https:\/\/i0.wp.com\/semead.com.br\/29\/wp-content\/uploads\/sites\/21\/2026\/05\/Johnny-Silva-Mendes-FAAP.jpg?resize=150%2C150&#038;ssl=1\"\n\t\t\t\t\t\t\t\t\t\t\t\t\t\t\talt=\"L\u00edder: Prof. Dr. Johnny Silva Mendes (FAAP)\"\n\t\t\t\t\t\t\t\t\t\t\t\t\t\t\tloading=\"lazy\"\n\t\t\t\t\t\t\t\t\t\t\t\t\t\t\twidth=\"150\"\n\t\t\t\t\t\t\t\t\t\t\t\t\t\t\theight=\"150\"\n\t\t\t\t\t\t\t\t\t\t\t\t\t\t>\n\t\t\t\t\t\t\t\t\t\t\t\t\t\t<div class=\"semead-leader__name\"><em>L\u00edder: Prof. Dr. Johnny Silva Mendes (FAAP)<\/em><\/div>\n\t\t\t\t\t\t\t\t\t\t\t\t\t<\/div>\n\t\t\t\t\t\t\t\t\t\t\t\t<\/div>\n\t\t\t\t\t\t\t\t\t\t\t<\/div>\n\t\t\t\t\t\t\t\t\t\t\t\t\t\t\t\t\t\t\t\t\t<div class=\"col\">\n\t\t\t\t\t\t\t\t\t\t\t\t<div class=\"semead-leader card h-100 border-0 text-center\">\n\t\t\t\t\t\t\t\t\t\t\t\t\t<div class=\"card-body\">\n\t\t\t\t\t\t\t\t\t\t\t\t\t\t<img data-recalc-dims=\"1\"\n\t\t\t\t\t\t\t\t\t\t\t\t\t\t\tclass=\"semead-leader__image rounded-circle\"\n\t\t\t\t\t\t\t\t\t\t\t\t\t\t\tsrc=\"https:\/\/i0.wp.com\/semead.com.br\/29\/wp-content\/uploads\/sites\/21\/2026\/06\/Vagner-Naysinger-Machado.jpeg?resize=150%2C150&#038;ssl=1\"\n\t\t\t\t\t\t\t\t\t\t\t\t\t\t\talt=\"Co-L\u00edder: Prof. Dr. Vagner Naysinger Machado (UFSM)\"\n\t\t\t\t\t\t\t\t\t\t\t\t\t\t\tloading=\"lazy\"\n\t\t\t\t\t\t\t\t\t\t\t\t\t\t\twidth=\"150\"\n\t\t\t\t\t\t\t\t\t\t\t\t\t\t\theight=\"150\"\n\t\t\t\t\t\t\t\t\t\t\t\t\t\t>\n\t\t\t\t\t\t\t\t\t\t\t\t\t\t<div class=\"semead-leader__name\"><em>Co-L\u00edder: Prof. Dr. Vagner Naysinger Machado (UFSM)<\/em><\/div>\n\t\t\t\t\t\t\t\t\t\t\t\t\t<\/div>\n\t\t\t\t\t\t\t\t\t\t\t\t<\/div>\n\t\t\t\t\t\t\t\t\t\t\t<\/div>\n\t\t\t\t\t\t\t\t\t\t\t\t\t\t\t\t\t\t\t\t\t<div class=\"col\">\n\t\t\t\t\t\t\t\t\t\t\t\t<div class=\"semead-leader card h-100 border-0 text-center\">\n\t\t\t\t\t\t\t\t\t\t\t\t\t<div class=\"card-body\">\n\t\t\t\t\t\t\t\t\t\t\t\t\t\t<img data-recalc-dims=\"1\"\n\t\t\t\t\t\t\t\t\t\t\t\t\t\t\tclass=\"semead-leader__image rounded-circle\"\n\t\t\t\t\t\t\t\t\t\t\t\t\t\t\tsrc=\"https:\/\/i0.wp.com\/semead.com.br\/29\/wp-content\/uploads\/sites\/21\/2026\/05\/Prof.-Dr.-Jorge-Eduardo-Scarpin-Concordia-College-Moorhead-Offutt-School-of-Business.jpg?resize=150%2C150&#038;ssl=1\"\n\t\t\t\t\t\t\t\t\t\t\t\t\t\t\talt=\"Co-L\u00edder Internacional: Prof. Dr. Jorge Eduardo Scarpin (Business)\"\n\t\t\t\t\t\t\t\t\t\t\t\t\t\t\tloading=\"lazy\"\n\t\t\t\t\t\t\t\t\t\t\t\t\t\t\twidth=\"150\"\n\t\t\t\t\t\t\t\t\t\t\t\t\t\t\theight=\"150\"\n\t\t\t\t\t\t\t\t\t\t\t\t\t\t>\n\t\t\t\t\t\t\t\t\t\t\t\t\t\t<div class=\"semead-leader__name\"><em>Co-L\u00edder Internacional: Prof. Dr. Jorge Eduardo Scarpin (Business)<\/em><\/div>\n\t\t\t\t\t\t\t\t\t\t\t\t\t<\/div>\n\t\t\t\t\t\t\t\t\t\t\t\t<\/div>\n\t\t\t\t\t\t\t\t\t\t\t<\/div>\n\t\t\t\t\t\t\t\t\t\t\t\t\t\t\t\t\t\t\t<\/div>\n\t\t\t\t\t\t\t\t\t\t\t\t\t\t\t<\/div>\n\t\t\t\t\t\t<\/div>\n\t\t\t\t\t<\/div>\n\t\t\t\t\t\t\t\t\t<div class=\"accordion-item semead-topic\">\n\t\t\t\t\t\t<h2 class=\"accordion-header\" id=\"semead-accordion-1-heading-5\">\n\t\t\t\t\t\t\t<button\n\t\t\t\t\t\t\t\tclass=\"accordion-button collapsed\"\n\t\t\t\t\t\t\t\ttype=\"button\"\n\t\t\t\t\t\t\t\tdata-bs-toggle=\"collapse\"\n\t\t\t\t\t\t\t\tdata-bs-target=\"#semead-accordion-1-collapse-5\"\n\t\t\t\t\t\t\t\taria-expanded=\"false\"\n\t\t\t\t\t\t\t\taria-controls=\"semead-accordion-1-collapse-5\"\n\t\t\t\t\t\t\t>\n\t\t\t\t\t\t\t\t5. Estructura de Capital, Dividendos y Fusiones y Adquisiciones\t\t\t\t\t\t\t<\/button>\n\t\t\t\t\t\t<\/h2>\n\t\t\t\t\t\t<div\n\t\t\t\t\t\t\tid=\"semead-accordion-1-collapse-5\"\n\t\t\t\t\t\t\tclass=\"accordion-collapse collapse\"\n\t\t\t\t\t\t\taria-labelledby=\"semead-accordion-1-heading-5\"\n\t\t\t\t\t\t\tdata-bs-parent=\"#semead-accordion-1\"\n\t\t\t\t\t\t>\n\t\t\t\t\t\t\t<div class=\"accordion-body\">\n\t\t\t\t\t\t\t\t\n\t\t\t\t\t\t\t\t\t\t\t\t\t\t\t\t\t<div class=\"semead-topic__description\"><p>Estructura de capital. Costo de capital. Pol\u00edtica de dividendos. Emisiones de acciones. Emisiones de deuda. IPO. Valoraci\u00f3n de empresas. Generaci\u00f3n de valor. Reestructuraci\u00f3n financiera. Fusiones y adquisiciones. Private equity. Venture capital. Intangibles.<\/p>\n<\/div>\n\t\t\t\t\t\t\t\t\n\t\t\t\t\t\t\t\t\t\t\t\t\t\t\t\t\t<div class=\"semead-leaders row row-cols-1 row-cols-md-2 row-cols-lg-3 g-4\">\n\t\t\t\t\t\t\t\t\t\t\t\t\t\t\t\t\t\t\t\t\t<div class=\"col\">\n\t\t\t\t\t\t\t\t\t\t\t\t<div class=\"semead-leader card h-100 border-0 text-center\">\n\t\t\t\t\t\t\t\t\t\t\t\t\t<div class=\"card-body\">\n\t\t\t\t\t\t\t\t\t\t\t\t\t\t<img data-recalc-dims=\"1\"\n\t\t\t\t\t\t\t\t\t\t\t\t\t\t\tclass=\"semead-leader__image rounded-circle\"\n\t\t\t\t\t\t\t\t\t\t\t\t\t\t\tsrc=\"https:\/\/i0.wp.com\/semead.com.br\/29\/wp-content\/uploads\/sites\/21\/2026\/06\/Alberto-Granzotto-e1781185298403.jpeg?resize=150%2C150&#038;ssl=1\"\n\t\t\t\t\t\t\t\t\t\t\t\t\t\t\talt=\"L\u00edder: Prof. Dr. Alberto Granzotto (UFSM)\"\n\t\t\t\t\t\t\t\t\t\t\t\t\t\t\tloading=\"lazy\"\n\t\t\t\t\t\t\t\t\t\t\t\t\t\t\twidth=\"150\"\n\t\t\t\t\t\t\t\t\t\t\t\t\t\t\theight=\"150\"\n\t\t\t\t\t\t\t\t\t\t\t\t\t\t>\n\t\t\t\t\t\t\t\t\t\t\t\t\t\t<div class=\"semead-leader__name\"><em>L\u00edder: Prof. Dr. Alberto Granzotto (UFSM)<\/em><\/div>\n\t\t\t\t\t\t\t\t\t\t\t\t\t<\/div>\n\t\t\t\t\t\t\t\t\t\t\t\t<\/div>\n\t\t\t\t\t\t\t\t\t\t\t<\/div>\n\t\t\t\t\t\t\t\t\t\t\t\t\t\t\t\t\t\t\t\t\t<div class=\"col\">\n\t\t\t\t\t\t\t\t\t\t\t\t<div class=\"semead-leader card h-100 border-0 text-center\">\n\t\t\t\t\t\t\t\t\t\t\t\t\t<div class=\"card-body\">\n\t\t\t\t\t\t\t\t\t\t\t\t\t\t<img data-recalc-dims=\"1\"\n\t\t\t\t\t\t\t\t\t\t\t\t\t\t\tclass=\"semead-leader__image rounded-circle\"\n\t\t\t\t\t\t\t\t\t\t\t\t\t\t\tsrc=\"https:\/\/i0.wp.com\/semead.com.br\/29\/wp-content\/uploads\/sites\/21\/2026\/05\/Profa.-Dra.-Kelvia-Carneiro-de-Linhares-Fernandes-Passos.jpg?resize=150%2C150&#038;ssl=1\"\n\t\t\t\t\t\t\t\t\t\t\t\t\t\t\talt=\"Co-L\u00edder: Profa. Dra. Kelvia Carneiro de Linhares Fernandes Passos\"\n\t\t\t\t\t\t\t\t\t\t\t\t\t\t\tloading=\"lazy\"\n\t\t\t\t\t\t\t\t\t\t\t\t\t\t\twidth=\"150\"\n\t\t\t\t\t\t\t\t\t\t\t\t\t\t\theight=\"150\"\n\t\t\t\t\t\t\t\t\t\t\t\t\t\t>\n\t\t\t\t\t\t\t\t\t\t\t\t\t\t<div class=\"semead-leader__name\"><em>Co-L\u00edder: Profa. Dra. Kelvia Carneiro de Linhares Fernandes Passos<\/em><\/div>\n\t\t\t\t\t\t\t\t\t\t\t\t\t<\/div>\n\t\t\t\t\t\t\t\t\t\t\t\t<\/div>\n\t\t\t\t\t\t\t\t\t\t\t<\/div>\n\t\t\t\t\t\t\t\t\t\t\t\t\t\t\t\t\t\t\t\t\t<div class=\"col\">\n\t\t\t\t\t\t\t\t\t\t\t\t<div class=\"semead-leader card h-100 border-0 text-center\">\n\t\t\t\t\t\t\t\t\t\t\t\t\t<div class=\"card-body\">\n\t\t\t\t\t\t\t\t\t\t\t\t\t\t<img data-recalc-dims=\"1\"\n\t\t\t\t\t\t\t\t\t\t\t\t\t\t\tclass=\"semead-leader__image rounded-circle\"\n\t\t\t\t\t\t\t\t\t\t\t\t\t\t\tsrc=\"https:\/\/i0.wp.com\/semead.com.br\/29\/wp-content\/uploads\/sites\/21\/2026\/05\/Prof.-Dr.-Pedro-Verga-Matos-Instituto-Superior-de-Economia-e-Gestao-da-Universidade-de-Lisboa-ISEGP.jpg?resize=150%2C150&#038;ssl=1\"\n\t\t\t\t\t\t\t\t\t\t\t\t\t\t\talt=\"Co-L\u00edder Internacional: Prof. Dr. Pedro Verga Matos ((ISEGP, Lisboa)\"\n\t\t\t\t\t\t\t\t\t\t\t\t\t\t\tloading=\"lazy\"\n\t\t\t\t\t\t\t\t\t\t\t\t\t\t\twidth=\"150\"\n\t\t\t\t\t\t\t\t\t\t\t\t\t\t\theight=\"150\"\n\t\t\t\t\t\t\t\t\t\t\t\t\t\t>\n\t\t\t\t\t\t\t\t\t\t\t\t\t\t<div class=\"semead-leader__name\"><em>Co-L\u00edder Internacional: Prof. Dr. Pedro Verga Matos ((ISEGP, Lisboa)<\/em><\/div>\n\t\t\t\t\t\t\t\t\t\t\t\t\t<\/div>\n\t\t\t\t\t\t\t\t\t\t\t\t<\/div>\n\t\t\t\t\t\t\t\t\t\t\t<\/div>\n\t\t\t\t\t\t\t\t\t\t\t\t\t\t\t\t\t\t\t<\/div>\n\t\t\t\t\t\t\t\t\t\t\t\t\t\t\t<\/div>\n\t\t\t\t\t\t<\/div>\n\t\t\t\t\t<\/div>\n\t\t\t\t\t\t\t\t\t<div class=\"accordion-item semead-topic\">\n\t\t\t\t\t\t<h2 class=\"accordion-header\" id=\"semead-accordion-1-heading-6\">\n\t\t\t\t\t\t\t<button\n\t\t\t\t\t\t\t\tclass=\"accordion-button collapsed\"\n\t\t\t\t\t\t\t\ttype=\"button\"\n\t\t\t\t\t\t\t\tdata-bs-toggle=\"collapse\"\n\t\t\t\t\t\t\t\tdata-bs-target=\"#semead-accordion-1-collapse-6\"\n\t\t\t\t\t\t\t\taria-expanded=\"false\"\n\t\t\t\t\t\t\t\taria-controls=\"semead-accordion-1-collapse-6\"\n\t\t\t\t\t\t\t>\n\t\t\t\t\t\t\t\t6. Finanzas Conductuales\t\t\t\t\t\t\t<\/button>\n\t\t\t\t\t\t<\/h2>\n\t\t\t\t\t\t<div\n\t\t\t\t\t\t\tid=\"semead-accordion-1-collapse-6\"\n\t\t\t\t\t\t\tclass=\"accordion-collapse collapse\"\n\t\t\t\t\t\t\taria-labelledby=\"semead-accordion-1-heading-6\"\n\t\t\t\t\t\t\tdata-bs-parent=\"#semead-accordion-1\"\n\t\t\t\t\t\t>\n\t\t\t\t\t\t\t<div class=\"accordion-body\">\n\t\t\t\t\t\t\t\t\n\t\t\t\t\t\t\t\t\t\t\t\t\t\t\t\t\t<div class=\"semead-topic__description\"><p>Teor\u00eda prospectiva o de las perspectivas. Heur\u00edsticas y sesgos cognitivos. Contabilidad mental. Efecto reba\u00f1o. Efecto de disposici\u00f3n. Efecto de enmarcado. Sesgo de optimismo. Exceso de confianza. Elecci\u00f3n intertemporal. Arquitectura de elecci\u00f3n. Teor\u00eda del empuj\u00f3n (nudge).<\/p>\n<\/div>\n\t\t\t\t\t\t\t\t\n\t\t\t\t\t\t\t\t\t\t\t\t\t\t\t\t\t<div class=\"semead-leaders row row-cols-1 row-cols-md-2 row-cols-lg-3 g-4\">\n\t\t\t\t\t\t\t\t\t\t\t\t\t\t\t\t\t\t\t\t\t<div class=\"col\">\n\t\t\t\t\t\t\t\t\t\t\t\t<div class=\"semead-leader card h-100 border-0 text-center\">\n\t\t\t\t\t\t\t\t\t\t\t\t\t<div class=\"card-body\">\n\t\t\t\t\t\t\t\t\t\t\t\t\t\t<img data-recalc-dims=\"1\"\n\t\t\t\t\t\t\t\t\t\t\t\t\t\t\tclass=\"semead-leader__image rounded-circle\"\n\t\t\t\t\t\t\t\t\t\t\t\t\t\t\tsrc=\"https:\/\/i0.wp.com\/semead.com.br\/29\/wp-content\/uploads\/sites\/21\/2026\/06\/denis.png?resize=150%2C150&#038;ssl=1\"\n\t\t\t\t\t\t\t\t\t\t\t\t\t\t\talt=\"L\u00edder: Prof. Dr. Denis Forte (Universidade Presbiteriana Mackenzie)\"\n\t\t\t\t\t\t\t\t\t\t\t\t\t\t\tloading=\"lazy\"\n\t\t\t\t\t\t\t\t\t\t\t\t\t\t\twidth=\"150\"\n\t\t\t\t\t\t\t\t\t\t\t\t\t\t\theight=\"150\"\n\t\t\t\t\t\t\t\t\t\t\t\t\t\t>\n\t\t\t\t\t\t\t\t\t\t\t\t\t\t<div class=\"semead-leader__name\"><em>L\u00edder: Prof. Dr. Denis Forte (Universidade Presbiteriana Mackenzie)<\/em><\/div>\n\t\t\t\t\t\t\t\t\t\t\t\t\t<\/div>\n\t\t\t\t\t\t\t\t\t\t\t\t<\/div>\n\t\t\t\t\t\t\t\t\t\t\t<\/div>\n\t\t\t\t\t\t\t\t\t\t\t\t\t\t\t\t\t\t\t\t\t<div class=\"col\">\n\t\t\t\t\t\t\t\t\t\t\t\t<div class=\"semead-leader card h-100 border-0 text-center\">\n\t\t\t\t\t\t\t\t\t\t\t\t\t<div class=\"card-body\">\n\t\t\t\t\t\t\t\t\t\t\t\t\t\t<img data-recalc-dims=\"1\"\n\t\t\t\t\t\t\t\t\t\t\t\t\t\t\tclass=\"semead-leader__image rounded-circle\"\n\t\t\t\t\t\t\t\t\t\t\t\t\t\t\tsrc=\"https:\/\/i0.wp.com\/semead.com.br\/29\/wp-content\/uploads\/sites\/21\/2026\/05\/Prof.-Dr.-Rogerio-Paulucci-Mauad-IBMEC.jpg?resize=150%2C150&#038;ssl=1\"\n\t\t\t\t\t\t\t\t\t\t\t\t\t\t\talt=\"Co-L\u00edder: Prof. Dr. Rog\u00e9rio Paulucci Mauad (IBMEC)\"\n\t\t\t\t\t\t\t\t\t\t\t\t\t\t\tloading=\"lazy\"\n\t\t\t\t\t\t\t\t\t\t\t\t\t\t\twidth=\"150\"\n\t\t\t\t\t\t\t\t\t\t\t\t\t\t\theight=\"150\"\n\t\t\t\t\t\t\t\t\t\t\t\t\t\t>\n\t\t\t\t\t\t\t\t\t\t\t\t\t\t<div class=\"semead-leader__name\"><em>Co-L\u00edder: Prof. Dr. Rog\u00e9rio Paulucci Mauad (IBMEC)<\/em><\/div>\n\t\t\t\t\t\t\t\t\t\t\t\t\t<\/div>\n\t\t\t\t\t\t\t\t\t\t\t\t<\/div>\n\t\t\t\t\t\t\t\t\t\t\t<\/div>\n\t\t\t\t\t\t\t\t\t\t\t\t\t\t\t\t\t\t\t\t\t<div class=\"col\">\n\t\t\t\t\t\t\t\t\t\t\t\t<div class=\"semead-leader card h-100 border-0 text-center\">\n\t\t\t\t\t\t\t\t\t\t\t\t\t<div class=\"card-body\">\n\t\t\t\t\t\t\t\t\t\t\t\t\t\t<img data-recalc-dims=\"1\"\n\t\t\t\t\t\t\t\t\t\t\t\t\t\t\tclass=\"semead-leader__image rounded-circle\"\n\t\t\t\t\t\t\t\t\t\t\t\t\t\t\tsrc=\"https:\/\/i0.wp.com\/semead.com.br\/29\/wp-content\/uploads\/sites\/21\/2026\/05\/Profa.-Dra.-Ana-Paula-Matias-Gama-BRU-Business-Research-Unit-at-ISTCTEIUL-University-of-Institute-Lisbon.jpg?resize=150%2C150&#038;ssl=1\"\n\t\t\t\t\t\t\t\t\t\t\t\t\t\t\talt=\"Co-L\u00edder Internacional: Profa. Dra. Ana Paula Matias Gama (BRU, ISTCTE\/IUL, Lisbon)\"\n\t\t\t\t\t\t\t\t\t\t\t\t\t\t\tloading=\"lazy\"\n\t\t\t\t\t\t\t\t\t\t\t\t\t\t\twidth=\"150\"\n\t\t\t\t\t\t\t\t\t\t\t\t\t\t\theight=\"150\"\n\t\t\t\t\t\t\t\t\t\t\t\t\t\t>\n\t\t\t\t\t\t\t\t\t\t\t\t\t\t<div class=\"semead-leader__name\"><em>Co-L\u00edder Internacional: Profa. Dra. Ana Paula Matias Gama (BRU, ISTCTE\/IUL, Lisbon)<\/em><\/div>\n\t\t\t\t\t\t\t\t\t\t\t\t\t<\/div>\n\t\t\t\t\t\t\t\t\t\t\t\t<\/div>\n\t\t\t\t\t\t\t\t\t\t\t<\/div>\n\t\t\t\t\t\t\t\t\t\t\t\t\t\t\t\t\t\t\t<\/div>\n\t\t\t\t\t\t\t\t\t\t\t\t\t\t\t<\/div>\n\t\t\t\t\t\t<\/div>\n\t\t\t\t\t<\/div>\n\t\t\t\t\t\t\t\t\t<div class=\"accordion-item semead-topic\">\n\t\t\t\t\t\t<h2 class=\"accordion-header\" id=\"semead-accordion-1-heading-7\">\n\t\t\t\t\t\t\t<button\n\t\t\t\t\t\t\t\tclass=\"accordion-button collapsed\"\n\t\t\t\t\t\t\t\ttype=\"button\"\n\t\t\t\t\t\t\t\tdata-bs-toggle=\"collapse\"\n\t\t\t\t\t\t\t\tdata-bs-target=\"#semead-accordion-1-collapse-7\"\n\t\t\t\t\t\t\t\taria-expanded=\"false\"\n\t\t\t\t\t\t\t\taria-controls=\"semead-accordion-1-collapse-7\"\n\t\t\t\t\t\t\t>\n\t\t\t\t\t\t\t\t7. Finanzas Cuantitativas\t\t\t\t\t\t\t<\/button>\n\t\t\t\t\t\t<\/h2>\n\t\t\t\t\t\t<div\n\t\t\t\t\t\t\tid=\"semead-accordion-1-collapse-7\"\n\t\t\t\t\t\t\tclass=\"accordion-collapse collapse\"\n\t\t\t\t\t\t\taria-labelledby=\"semead-accordion-1-heading-7\"\n\t\t\t\t\t\t\tdata-bs-parent=\"#semead-accordion-1\"\n\t\t\t\t\t\t>\n\t\t\t\t\t\t\t<div class=\"accordion-body\">\n\t\t\t\t\t\t\t\t\n\t\t\t\t\t\t\t\t\t\t\t\t\t\t\t\t\t<div class=\"semead-topic__description\"><p>Econometr\u00eda Financiera. Negociaci\u00f3n Algor\u00edtmica. Modelado de Series Temporales Financieras. Inteligencia Artificial y Machine Learning en Finanzas. Optimizaci\u00f3n en Finanzas. Econof\u00edsica. Modelado Basado en Agentes en Finanzas. Modelos de Gesti\u00f3n de Riesgo de Mercado. Procesamiento del Lenguaje Natural en Finanzas. Big Data en Finanzas. T\u00e9cnicas de Gesti\u00f3n de Riesgo de Cr\u00e9dito. Modelado y Estimaci\u00f3n Bayesiana en Finanzas. M\u00e9todos de Simulaci\u00f3n en Finanzas. M\u00e9todos Cuantitativos para Macrofinanzas.<\/p>\n<\/div>\n\t\t\t\t\t\t\t\t\n\t\t\t\t\t\t\t\t\t\t\t\t\t\t\t\t\t<div class=\"semead-leaders row row-cols-1 row-cols-md-2 row-cols-lg-3 g-4\">\n\t\t\t\t\t\t\t\t\t\t\t\t\t\t\t\t\t\t\t\t\t<div class=\"col\">\n\t\t\t\t\t\t\t\t\t\t\t\t<div class=\"semead-leader card h-100 border-0 text-center\">\n\t\t\t\t\t\t\t\t\t\t\t\t\t<div class=\"card-body\">\n\t\t\t\t\t\t\t\t\t\t\t\t\t\t<img data-recalc-dims=\"1\"\n\t\t\t\t\t\t\t\t\t\t\t\t\t\t\tclass=\"semead-leader__image rounded-circle\"\n\t\t\t\t\t\t\t\t\t\t\t\t\t\t\tsrc=\"https:\/\/i0.wp.com\/semead.com.br\/29\/wp-content\/uploads\/sites\/21\/2026\/05\/leandro-dos-santos-maciel.jpg?resize=150%2C150&#038;ssl=1\"\n\t\t\t\t\t\t\t\t\t\t\t\t\t\t\talt=\"L\u00edder: Prof. Dr. Leandro dos Santos Maciel (FEA-USP)\"\n\t\t\t\t\t\t\t\t\t\t\t\t\t\t\tloading=\"lazy\"\n\t\t\t\t\t\t\t\t\t\t\t\t\t\t\twidth=\"150\"\n\t\t\t\t\t\t\t\t\t\t\t\t\t\t\theight=\"150\"\n\t\t\t\t\t\t\t\t\t\t\t\t\t\t>\n\t\t\t\t\t\t\t\t\t\t\t\t\t\t<div class=\"semead-leader__name\"><em>L\u00edder: Prof. Dr. Leandro dos Santos Maciel (FEA-USP)<\/em><\/div>\n\t\t\t\t\t\t\t\t\t\t\t\t\t<\/div>\n\t\t\t\t\t\t\t\t\t\t\t\t<\/div>\n\t\t\t\t\t\t\t\t\t\t\t<\/div>\n\t\t\t\t\t\t\t\t\t\t\t\t\t\t\t\t\t\t\t\t\t<div class=\"col\">\n\t\t\t\t\t\t\t\t\t\t\t\t<div class=\"semead-leader card h-100 border-0 text-center\">\n\t\t\t\t\t\t\t\t\t\t\t\t\t<div class=\"card-body\">\n\t\t\t\t\t\t\t\t\t\t\t\t\t\t<img data-recalc-dims=\"1\"\n\t\t\t\t\t\t\t\t\t\t\t\t\t\t\tclass=\"semead-leader__image rounded-circle\"\n\t\t\t\t\t\t\t\t\t\t\t\t\t\t\tsrc=\"https:\/\/i0.wp.com\/semead.com.br\/29\/wp-content\/uploads\/sites\/21\/2026\/06\/Ziegelmann.jpg?resize=150%2C150&#038;ssl=1\"\n\t\t\t\t\t\t\t\t\t\t\t\t\t\t\talt=\"Co-L\u00edder: Prof. Dr. Fl\u00e1vio A. Ziegelmann (UFRGS)\"\n\t\t\t\t\t\t\t\t\t\t\t\t\t\t\tloading=\"lazy\"\n\t\t\t\t\t\t\t\t\t\t\t\t\t\t\twidth=\"150\"\n\t\t\t\t\t\t\t\t\t\t\t\t\t\t\theight=\"150\"\n\t\t\t\t\t\t\t\t\t\t\t\t\t\t>\n\t\t\t\t\t\t\t\t\t\t\t\t\t\t<div class=\"semead-leader__name\"><em>Co-L\u00edder: Prof. Dr. Fl\u00e1vio A. Ziegelmann (UFRGS)<\/em><\/div>\n\t\t\t\t\t\t\t\t\t\t\t\t\t<\/div>\n\t\t\t\t\t\t\t\t\t\t\t\t<\/div>\n\t\t\t\t\t\t\t\t\t\t\t<\/div>\n\t\t\t\t\t\t\t\t\t\t\t\t\t\t\t\t\t\t\t\t\t<div class=\"col\">\n\t\t\t\t\t\t\t\t\t\t\t\t<div class=\"semead-leader card h-100 border-0 text-center\">\n\t\t\t\t\t\t\t\t\t\t\t\t\t<div class=\"card-body\">\n\t\t\t\t\t\t\t\t\t\t\t\t\t\t<img data-recalc-dims=\"1\"\n\t\t\t\t\t\t\t\t\t\t\t\t\t\t\tclass=\"semead-leader__image rounded-circle\"\n\t\t\t\t\t\t\t\t\t\t\t\t\t\t\tsrc=\"https:\/\/i0.wp.com\/semead.com.br\/29\/wp-content\/uploads\/sites\/21\/2026\/05\/Prof.-Dr.-Massimiliano-Caporin-University-of-Padova-Italia.jpg?resize=150%2C150&#038;ssl=1\"\n\t\t\t\t\t\t\t\t\t\t\t\t\t\t\talt=\"Co-L\u00edder Internacional: Prof. Dr. Massimiliano Caporin (University of Padova - Italia)\"\n\t\t\t\t\t\t\t\t\t\t\t\t\t\t\tloading=\"lazy\"\n\t\t\t\t\t\t\t\t\t\t\t\t\t\t\twidth=\"150\"\n\t\t\t\t\t\t\t\t\t\t\t\t\t\t\theight=\"150\"\n\t\t\t\t\t\t\t\t\t\t\t\t\t\t>\n\t\t\t\t\t\t\t\t\t\t\t\t\t\t<div class=\"semead-leader__name\"><em>Co-L\u00edder Internacional: Prof. Dr. Massimiliano Caporin (University of Padova - Italia)<\/em><\/div>\n\t\t\t\t\t\t\t\t\t\t\t\t\t<\/div>\n\t\t\t\t\t\t\t\t\t\t\t\t<\/div>\n\t\t\t\t\t\t\t\t\t\t\t<\/div>\n\t\t\t\t\t\t\t\t\t\t\t\t\t\t\t\t\t\t\t<\/div>\n\t\t\t\t\t\t\t\t\t\t\t\t\t\t\t<\/div>\n\t\t\t\t\t\t<\/div>\n\t\t\t\t\t<\/div>\n\t\t\t\t\t\t\t\t\t<div class=\"accordion-item semead-topic\">\n\t\t\t\t\t\t<h2 class=\"accordion-header\" id=\"semead-accordion-1-heading-8\">\n\t\t\t\t\t\t\t<button\n\t\t\t\t\t\t\t\tclass=\"accordion-button collapsed\"\n\t\t\t\t\t\t\t\ttype=\"button\"\n\t\t\t\t\t\t\t\tdata-bs-toggle=\"collapse\"\n\t\t\t\t\t\t\t\tdata-bs-target=\"#semead-accordion-1-collapse-8\"\n\t\t\t\t\t\t\t\taria-expanded=\"false\"\n\t\t\t\t\t\t\t\taria-controls=\"semead-accordion-1-collapse-8\"\n\t\t\t\t\t\t\t>\n\t\t\t\t\t\t\t\t8. Gesti\u00f3n Financiera\t\t\t\t\t\t\t<\/button>\n\t\t\t\t\t\t<\/h2>\n\t\t\t\t\t\t<div\n\t\t\t\t\t\t\tid=\"semead-accordion-1-collapse-8\"\n\t\t\t\t\t\t\tclass=\"accordion-collapse collapse\"\n\t\t\t\t\t\t\taria-labelledby=\"semead-accordion-1-heading-8\"\n\t\t\t\t\t\t\tdata-bs-parent=\"#semead-accordion-1\"\n\t\t\t\t\t\t>\n\t\t\t\t\t\t\t<div class=\"accordion-body\">\n\t\t\t\t\t\t\t\t\n\t\t\t\t\t\t\t\t\t\t\t\t\t\t\t\t\t<div class=\"semead-topic__description\"><p>Planificaci\u00f3n financiera. Control financiero. Gesti\u00f3n del capital de trabajo. Gesti\u00f3n de activos a corto plazo. Gesti\u00f3n de pasivos a corto plazo. An\u00e1lisis de cr\u00e9dito. Finanzas personales. Seguros y previsi\u00f3n.<\/p>\n<\/div>\n\t\t\t\t\t\t\t\t\n\t\t\t\t\t\t\t\t\t\t\t\t\t\t\t\t\t<div class=\"semead-leaders row row-cols-1 row-cols-md-2 row-cols-lg-3 g-4\">\n\t\t\t\t\t\t\t\t\t\t\t\t\t\t\t\t\t\t\t\t\t<div class=\"col\">\n\t\t\t\t\t\t\t\t\t\t\t\t<div class=\"semead-leader card h-100 border-0 text-center\">\n\t\t\t\t\t\t\t\t\t\t\t\t\t<div class=\"card-body\">\n\t\t\t\t\t\t\t\t\t\t\t\t\t\t<img data-recalc-dims=\"1\"\n\t\t\t\t\t\t\t\t\t\t\t\t\t\t\tclass=\"semead-leader__image rounded-circle\"\n\t\t\t\t\t\t\t\t\t\t\t\t\t\t\tsrc=\"https:\/\/i0.wp.com\/semead.com.br\/29\/wp-content\/uploads\/sites\/21\/2026\/05\/Prof.-Dr.-Fabio-Gallo-Garcia-FGV-EASP.jpg?resize=150%2C150&#038;ssl=1\"\n\t\t\t\t\t\t\t\t\t\t\t\t\t\t\talt=\"L\u00edder: Prof. Dr. Fabio Gallo Garcia (EAESP\/FGV)\"\n\t\t\t\t\t\t\t\t\t\t\t\t\t\t\tloading=\"lazy\"\n\t\t\t\t\t\t\t\t\t\t\t\t\t\t\twidth=\"150\"\n\t\t\t\t\t\t\t\t\t\t\t\t\t\t\theight=\"150\"\n\t\t\t\t\t\t\t\t\t\t\t\t\t\t>\n\t\t\t\t\t\t\t\t\t\t\t\t\t\t<div class=\"semead-leader__name\"><em>L\u00edder: Prof. Dr. Fabio Gallo Garcia (EAESP\/FGV)<\/em><\/div>\n\t\t\t\t\t\t\t\t\t\t\t\t\t<\/div>\n\t\t\t\t\t\t\t\t\t\t\t\t<\/div>\n\t\t\t\t\t\t\t\t\t\t\t<\/div>\n\t\t\t\t\t\t\t\t\t\t\t\t\t\t\t\t\t\t\t\t\t<div class=\"col\">\n\t\t\t\t\t\t\t\t\t\t\t\t<div class=\"semead-leader card h-100 border-0 text-center\">\n\t\t\t\t\t\t\t\t\t\t\t\t\t<div class=\"card-body\">\n\t\t\t\t\t\t\t\t\t\t\t\t\t\t<img data-recalc-dims=\"1\"\n\t\t\t\t\t\t\t\t\t\t\t\t\t\t\tclass=\"semead-leader__image rounded-circle\"\n\t\t\t\t\t\t\t\t\t\t\t\t\t\t\tsrc=\"https:\/\/i0.wp.com\/semead.com.br\/29\/wp-content\/uploads\/sites\/21\/2026\/05\/Profa.-Dra.-Bianca-Quirantes-Checon-EAESPFGV.jpg?resize=150%2C150&#038;ssl=1\"\n\t\t\t\t\t\t\t\t\t\t\t\t\t\t\talt=\"Co-L\u00edder: Profa. Dra. Bianca Quirantes Checon (EAESP\/FGV)\"\n\t\t\t\t\t\t\t\t\t\t\t\t\t\t\tloading=\"lazy\"\n\t\t\t\t\t\t\t\t\t\t\t\t\t\t\twidth=\"150\"\n\t\t\t\t\t\t\t\t\t\t\t\t\t\t\theight=\"150\"\n\t\t\t\t\t\t\t\t\t\t\t\t\t\t>\n\t\t\t\t\t\t\t\t\t\t\t\t\t\t<div class=\"semead-leader__name\"><em>Co-L\u00edder: Profa. Dra. Bianca Quirantes Checon (EAESP\/FGV)<\/em><\/div>\n\t\t\t\t\t\t\t\t\t\t\t\t\t<\/div>\n\t\t\t\t\t\t\t\t\t\t\t\t<\/div>\n\t\t\t\t\t\t\t\t\t\t\t<\/div>\n\t\t\t\t\t\t\t\t\t\t\t\t\t\t\t\t\t\t\t\t\t<div class=\"col\">\n\t\t\t\t\t\t\t\t\t\t\t\t<div class=\"semead-leader card h-100 border-0 text-center\">\n\t\t\t\t\t\t\t\t\t\t\t\t\t<div class=\"card-body\">\n\t\t\t\t\t\t\t\t\t\t\t\t\t\t<img data-recalc-dims=\"1\"\n\t\t\t\t\t\t\t\t\t\t\t\t\t\t\tclass=\"semead-leader__image rounded-circle\"\n\t\t\t\t\t\t\t\t\t\t\t\t\t\t\tsrc=\"https:\/\/i0.wp.com\/semead.com.br\/29\/wp-content\/uploads\/sites\/21\/2026\/06\/Profa-Dra-Isabel-Lourenco-ISCTE-IUL-2026.jpg?resize=150%2C150&#038;ssl=1\"\n\t\t\t\t\t\t\t\t\t\t\t\t\t\t\talt=\"Co-L\u00edder Internacional: Profa. Isabel Louren\u00e7o (ISCTE-IUL, Portugal)\"\n\t\t\t\t\t\t\t\t\t\t\t\t\t\t\tloading=\"lazy\"\n\t\t\t\t\t\t\t\t\t\t\t\t\t\t\twidth=\"150\"\n\t\t\t\t\t\t\t\t\t\t\t\t\t\t\theight=\"150\"\n\t\t\t\t\t\t\t\t\t\t\t\t\t\t>\n\t\t\t\t\t\t\t\t\t\t\t\t\t\t<div class=\"semead-leader__name\"><em>Co-L\u00edder Internacional: Profa. Isabel Louren\u00e7o (ISCTE-IUL, Portugal)<\/em><\/div>\n\t\t\t\t\t\t\t\t\t\t\t\t\t<\/div>\n\t\t\t\t\t\t\t\t\t\t\t\t<\/div>\n\t\t\t\t\t\t\t\t\t\t\t<\/div>\n\t\t\t\t\t\t\t\t\t\t\t\t\t\t\t\t\t\t\t<\/div>\n\t\t\t\t\t\t\t\t\t\t\t\t\t\t\t<\/div>\n\t\t\t\t\t\t<\/div>\n\t\t\t\t\t<\/div>\n\t\t\t\t\t\t\t\t\t<div class=\"accordion-item semead-topic\">\n\t\t\t\t\t\t<h2 class=\"accordion-header\" id=\"semead-accordion-1-heading-9\">\n\t\t\t\t\t\t\t<button\n\t\t\t\t\t\t\t\tclass=\"accordion-button collapsed\"\n\t\t\t\t\t\t\t\ttype=\"button\"\n\t\t\t\t\t\t\t\tdata-bs-toggle=\"collapse\"\n\t\t\t\t\t\t\t\tdata-bs-target=\"#semead-accordion-1-collapse-9\"\n\t\t\t\t\t\t\t\taria-expanded=\"false\"\n\t\t\t\t\t\t\t\taria-controls=\"semead-accordion-1-collapse-9\"\n\t\t\t\t\t\t\t>\n\t\t\t\t\t\t\t\t9. Gobierno Corporativo, Riesgo y Compliance\t\t\t\t\t\t\t<\/button>\n\t\t\t\t\t\t<\/h2>\n\t\t\t\t\t\t<div\n\t\t\t\t\t\t\tid=\"semead-accordion-1-collapse-9\"\n\t\t\t\t\t\t\tclass=\"accordion-collapse collapse\"\n\t\t\t\t\t\t\taria-labelledby=\"semead-accordion-1-heading-9\"\n\t\t\t\t\t\t\tdata-bs-parent=\"#semead-accordion-1\"\n\t\t\t\t\t\t>\n\t\t\t\t\t\t\t<div class=\"accordion-body\">\n\t\t\t\t\t\t\t\t\n\t\t\t\t\t\t\t\t\t\t\t\t\t\t\t\t\t<div class=\"semead-topic__description\"><p>Pr\u00e1cticas de gobierno corporativo. Principios de gobierno corporativo: transparencia, equidad, rendici\u00f3n de cuentas, responsabilidad corporativa. Teor\u00eda de agencia. Conflictos de agencia. Costos de agencia. Mecanismos de gobierno corporativo. Consejo de Administraci\u00f3n. Consejo Fiscal. Auditor\u00eda independiente. Relaciones con Inversionistas. Remuneraci\u00f3n de ejecutivos. Estructura de propiedad. Derechos de minoritarios. Compliance. Controles internos. Gesti\u00f3n de riesgos empresariales. C\u00f3digo de \u00e9tica. Reputaci\u00f3n de la empresa.<\/p>\n<\/div>\n\t\t\t\t\t\t\t\t\n\t\t\t\t\t\t\t\t\t\t\t\t\t\t\t\t\t<div class=\"semead-leaders row row-cols-1 row-cols-md-2 row-cols-lg-3 g-4\">\n\t\t\t\t\t\t\t\t\t\t\t\t\t\t\t\t\t\t\t\t\t<div class=\"col\">\n\t\t\t\t\t\t\t\t\t\t\t\t<div class=\"semead-leader card h-100 border-0 text-center\">\n\t\t\t\t\t\t\t\t\t\t\t\t\t<div class=\"card-body\">\n\t\t\t\t\t\t\t\t\t\t\t\t\t\t<img data-recalc-dims=\"1\"\n\t\t\t\t\t\t\t\t\t\t\t\t\t\t\tclass=\"semead-leader__image rounded-circle\"\n\t\t\t\t\t\t\t\t\t\t\t\t\t\t\tsrc=\"https:\/\/i0.wp.com\/semead.com.br\/29\/wp-content\/uploads\/sites\/21\/2026\/06\/Talles-Vianna-Brugni.jpeg?resize=150%2C150&#038;ssl=1\"\n\t\t\t\t\t\t\t\t\t\t\t\t\t\t\talt=\"L\u00edder: Prof. Dr. Talles Vianna Brugni (Fucape Business School)\"\n\t\t\t\t\t\t\t\t\t\t\t\t\t\t\tloading=\"lazy\"\n\t\t\t\t\t\t\t\t\t\t\t\t\t\t\twidth=\"150\"\n\t\t\t\t\t\t\t\t\t\t\t\t\t\t\theight=\"150\"\n\t\t\t\t\t\t\t\t\t\t\t\t\t\t>\n\t\t\t\t\t\t\t\t\t\t\t\t\t\t<div class=\"semead-leader__name\"><em>L\u00edder: Prof. Dr. Talles Vianna Brugni (Fucape Business School)<\/em><\/div>\n\t\t\t\t\t\t\t\t\t\t\t\t\t<\/div>\n\t\t\t\t\t\t\t\t\t\t\t\t<\/div>\n\t\t\t\t\t\t\t\t\t\t\t<\/div>\n\t\t\t\t\t\t\t\t\t\t\t\t\t\t\t\t\t\t\t\t\t<div class=\"col\">\n\t\t\t\t\t\t\t\t\t\t\t\t<div class=\"semead-leader card h-100 border-0 text-center\">\n\t\t\t\t\t\t\t\t\t\t\t\t\t<div class=\"card-body\">\n\t\t\t\t\t\t\t\t\t\t\t\t\t\t<img data-recalc-dims=\"1\"\n\t\t\t\t\t\t\t\t\t\t\t\t\t\t\tclass=\"semead-leader__image rounded-circle\"\n\t\t\t\t\t\t\t\t\t\t\t\t\t\t\tsrc=\"https:\/\/i0.wp.com\/semead.com.br\/29\/wp-content\/uploads\/sites\/21\/2026\/06\/Bruna-Camargos-Avelino.jpeg?resize=150%2C150&#038;ssl=1\"\n\t\t\t\t\t\t\t\t\t\t\t\t\t\t\talt=\"Co-L\u00edder: Profa. Dra. Bruna Camargos Avelino (UFMG)\"\n\t\t\t\t\t\t\t\t\t\t\t\t\t\t\tloading=\"lazy\"\n\t\t\t\t\t\t\t\t\t\t\t\t\t\t\twidth=\"150\"\n\t\t\t\t\t\t\t\t\t\t\t\t\t\t\theight=\"150\"\n\t\t\t\t\t\t\t\t\t\t\t\t\t\t>\n\t\t\t\t\t\t\t\t\t\t\t\t\t\t<div class=\"semead-leader__name\"><em>Co-L\u00edder: Profa. Dra. Bruna Camargos Avelino (UFMG)<\/em><\/div>\n\t\t\t\t\t\t\t\t\t\t\t\t\t<\/div>\n\t\t\t\t\t\t\t\t\t\t\t\t<\/div>\n\t\t\t\t\t\t\t\t\t\t\t<\/div>\n\t\t\t\t\t\t\t\t\t\t\t\t\t\t\t\t\t\t\t\t\t<div class=\"col\">\n\t\t\t\t\t\t\t\t\t\t\t\t<div class=\"semead-leader card h-100 border-0 text-center\">\n\t\t\t\t\t\t\t\t\t\t\t\t\t<div class=\"card-body\">\n\t\t\t\t\t\t\t\t\t\t\t\t\t\t<img data-recalc-dims=\"1\"\n\t\t\t\t\t\t\t\t\t\t\t\t\t\t\tclass=\"semead-leader__image rounded-circle\"\n\t\t\t\t\t\t\t\t\t\t\t\t\t\t\tsrc=\"https:\/\/i0.wp.com\/semead.com.br\/29\/wp-content\/uploads\/sites\/21\/2026\/06\/Richard-Leblanc.jpeg?resize=150%2C150&#038;ssl=1\"\n\t\t\t\t\t\t\t\t\t\t\t\t\t\t\talt=\"Co-L\u00edder Internacional: Prof. Dr. Richard LeBlanc (Governance)\"\n\t\t\t\t\t\t\t\t\t\t\t\t\t\t\tloading=\"lazy\"\n\t\t\t\t\t\t\t\t\t\t\t\t\t\t\twidth=\"150\"\n\t\t\t\t\t\t\t\t\t\t\t\t\t\t\theight=\"150\"\n\t\t\t\t\t\t\t\t\t\t\t\t\t\t>\n\t\t\t\t\t\t\t\t\t\t\t\t\t\t<div class=\"semead-leader__name\"><em>Co-L\u00edder Internacional: Prof. Dr. Richard LeBlanc (Governance)<\/em><\/div>\n\t\t\t\t\t\t\t\t\t\t\t\t\t<\/div>\n\t\t\t\t\t\t\t\t\t\t\t\t<\/div>\n\t\t\t\t\t\t\t\t\t\t\t<\/div>\n\t\t\t\t\t\t\t\t\t\t\t\t\t\t\t\t\t\t\t<\/div>\n\t\t\t\t\t\t\t\t\t\t\t\t\t\t\t<\/div>\n\t\t\t\t\t\t<\/div>\n\t\t\t\t\t<\/div>\n\t\t\t\t\t\t\t<\/div>\n\t\t<\/div>\n","protected":false},"excerpt":{"rendered":"","protected":false},"author":10,"featured_media":0,"parent":35599,"menu_order":4,"comment_status":"closed","ping_status":"closed","template":"","meta":{"_acf_changed":false,"tpgb_global_settings":"","inline_featured_image":false,"_monsterinsights_skip_tracking":false,"_monsterinsights_sitenote_active":false,"_monsterinsights_sitenote_note":"","_monsterinsights_sitenote_category":0,"footnotes":""},"class_list":["post-20923","page","type-page","status-publish","hentry"],"acf":{"coordenadores":[{"titulo":"Coordinador:","nome":"Prof. Dr. Wilson Toshiro Nakamura","instituicao":"Universidad Presbiteriana Mackenzie","imagem":36897},{"titulo":"","nome":"","instituicao":"","imagem":36882}],"audio_da_coordenacao":"","temas":[{"tema_nome":"Valoraci\u00f3n de Activos","tema_descricao":"Modelos de valoraci\u00f3n de activos financieros: CAPM, APT, Fama y French, Black-Scholes, binomial, entre otros. Teor\u00eda de carteras. Eficiencia de mercado. Anomal\u00edas de mercado. Burbujas financieras. Riesgo y retorno. Riesgo de mercado. Desempe\u00f1o de fondos.","audio":"","lideres":[{"lider_nome":"L\u00edder: Prof. Dr. Giancarlo \u00c1quila (FATEC)","lider_foto":36101},{"lider_nome":"Co-L\u00edder: Prof. Dr. Eli Hadad Junior (Universidade Mackenzie)","lider_foto":36893},{"lider_nome":"Co-L\u00edder Internacional: Prof. Dr. Manuel Jos\u00e9 Rocha Armada (Portugal)","lider_foto":36883}]},{"tema_nome":"Contabilidad para Usuarios Externos","tema_descricao":"Contabilidad financiera. Tributaci\u00f3n. Normas internacionales de contabilidad. Calidad de la informaci\u00f3n contable. Divulgaci\u00f3n contable. Auditor\u00eda contable y fraudes corporativos. Regulaci\u00f3n contable. Contabilidad gubernamental. Informe integrado y sostenibilidad. Impacto de la tecnolog\u00eda en la contabilidad y la auditor\u00eda. Big Data y Blockchain aplicados a la contabilidad y la auditor\u00eda. Educaci\u00f3n e investigaci\u00f3n en contabilidad financiera. \u00c9tica y formaci\u00f3n profesional en contabilidad financiera. Historia de la contabilidad. Temas emergentes en contabilidad para usuarios externos.","audio":"","lideres":[{"lider_nome":"L\u00edder: Profa. Dra. Carolina Magda Roma (FURG)","lider_foto":36892},{"lider_nome":"Co-L\u00edder: Profa. Dra. Joyce Menezes da Fonseca Tonin (UEM)","lider_foto":36095},{"lider_nome":"Co-L\u00edder: Prof. Dr. Jos\u00e9 Milton Almeida da Silva (UNIFESP)","lider_foto":36884},{"lider_nome":"Co-L\u00edder Internacional: Profa. Dra. Isabel Louren\u00e7o (ISCTE-IUL, Portugal)","lider_foto":36881}]},{"tema_nome":"Contabilidad para Usuarios Internos","tema_descricao":"Contabilidad gerencial y controlar\u00eda. Sistema de informaci\u00f3n gerencial. An\u00e1lisis y gesti\u00f3n de costos. Evaluaci\u00f3n del desempe\u00f1o y recompensas. Planificaci\u00f3n presupuestaria. Planificaci\u00f3n y gesti\u00f3n tributaria. Educaci\u00f3n e investigaci\u00f3n en contabilidad gerencial y controlar\u00eda. \u00c9tica y formaci\u00f3n profesional en contabilidad gerencial y controlar\u00eda. Temas emergentes en contabilidad para usuarios internos.","audio":20490,"lideres":[{"lider_nome":"L\u00edder: Prof. Dr. Rodolfo Vieira Nunes (UFJF)","lider_foto":36885},{"lider_nome":"Co-L\u00edder: Profa. Dra. Graciela Dias Coelho Jones (UFU)","lider_foto":36899},{"lider_nome":"Co-L\u00edder: Prof. Dr. Roni Cleber Bonizio (FEARP\/ USP)","lider_foto":36886},{"lider_nome":"Co-L\u00edder Internacional: Prof. Dr. Edilberto Jos\u00e9 Rodriguez Rivero (Espanha)","lider_foto":36887}]},{"tema_nome":"Decisiones de Inversi\u00f3n Empresarial","tema_descricao":"Determinantes de la inversi\u00f3n empresarial. Restricciones financieras. Sensibilidad de la inversi\u00f3n a diferentes tipos de riesgo. T\u00e9cnicas de an\u00e1lisis de inversiones. Presupuesto de capital.","audio":"","lideres":[{"lider_nome":"L\u00edder: Prof. Dr. Johnny Silva Mendes (FAAP)","lider_foto":36077},{"lider_nome":"Co-L\u00edder: Prof. Dr. Vagner Naysinger Machado (UFSM)","lider_foto":36896},{"lider_nome":"Co-L\u00edder Internacional: Prof. Dr. Jorge Eduardo Scarpin (Business)","lider_foto":36084}]},{"tema_nome":"Estructura de Capital, Dividendos y Fusiones y Adquisiciones","tema_descricao":"Estructura de capital. Costo de capital. Pol\u00edtica de dividendos. Emisiones de acciones. Emisiones de deuda. IPO. Valoraci\u00f3n de empresas. Generaci\u00f3n de valor. Reestructuraci\u00f3n financiera. Fusiones y adquisiciones. Private equity. Venture capital. Intangibles.","audio":"","lideres":[{"lider_nome":"L\u00edder: Prof. Dr. Alberto Granzotto (UFSM)","lider_foto":36888},{"lider_nome":"Co-L\u00edder: Profa. Dra. Kelvia Carneiro de Linhares Fernandes Passos","lider_foto":36096},{"lider_nome":"Co-L\u00edder Internacional: Prof. Dr. Pedro Verga Matos ((ISEGP, Lisboa)","lider_foto":36086}]},{"tema_nome":"Finanzas Conductuales","tema_descricao":"Teor\u00eda prospectiva o de las perspectivas. Heur\u00edsticas y sesgos cognitivos. Contabilidad mental. Efecto reba\u00f1o. Efecto de disposici\u00f3n. Efecto de enmarcado. Sesgo de optimismo. Exceso de confianza. Elecci\u00f3n intertemporal. Arquitectura de elecci\u00f3n. Teor\u00eda del empuj\u00f3n (nudge).","audio":"","lideres":[{"lider_nome":"L\u00edder: Prof. Dr. Denis Forte (Universidade Presbiteriana Mackenzie)","lider_foto":36890},{"lider_nome":"Co-L\u00edder: Prof. Dr. Rog\u00e9rio Paulucci Mauad (IBMEC)","lider_foto":36089},{"lider_nome":"Co-L\u00edder Internacional: Profa. Dra. Ana Paula Matias Gama (BRU, ISTCTE\/IUL, Lisbon)","lider_foto":36091}]},{"tema_nome":"Finanzas Cuantitativas","tema_descricao":"Econometr\u00eda Financiera. Negociaci\u00f3n Algor\u00edtmica. Modelado de Series Temporales Financieras. Inteligencia Artificial y Machine Learning en Finanzas. Optimizaci\u00f3n en Finanzas. Econof\u00edsica. Modelado Basado en Agentes en Finanzas. Modelos de Gesti\u00f3n de Riesgo de Mercado. Procesamiento del Lenguaje Natural en Finanzas. Big Data en Finanzas. T\u00e9cnicas de Gesti\u00f3n de Riesgo de Cr\u00e9dito. Modelado y Estimaci\u00f3n Bayesiana en Finanzas. M\u00e9todos de Simulaci\u00f3n en Finanzas. M\u00e9todos Cuantitativos para Macrofinanzas.","audio":"","lideres":[{"lider_nome":"L\u00edder: Prof. Dr. Leandro dos Santos Maciel (FEA-USP)","lider_foto":36103},{"lider_nome":"Co-L\u00edder: Prof. Dr. Fl\u00e1vio A. Ziegelmann (UFRGS)","lider_foto":36898},{"lider_nome":"Co-L\u00edder Internacional: Prof. Dr. Massimiliano Caporin (University of Padova - Italia)","lider_foto":36085}]},{"tema_nome":"Gesti\u00f3n Financiera","tema_descricao":"Planificaci\u00f3n financiera. Control financiero. Gesti\u00f3n del capital de trabajo. Gesti\u00f3n de activos a corto plazo. Gesti\u00f3n de pasivos a corto plazo. An\u00e1lisis de cr\u00e9dito. Finanzas personales. Seguros y previsi\u00f3n.","audio":"","lideres":[{"lider_nome":"L\u00edder: Prof. Dr. Fabio Gallo Garcia (EAESP\/FGV)","lider_foto":36081},{"lider_nome":"Co-L\u00edder: Profa. Dra. Bianca Quirantes Checon (EAESP\/FGV)","lider_foto":36092},{"lider_nome":"Co-L\u00edder Internacional: Profa. Isabel Louren\u00e7o (ISCTE-IUL, Portugal)","lider_foto":36881}]},{"tema_nome":"Gobierno Corporativo, Riesgo y Compliance","tema_descricao":"Pr\u00e1cticas de gobierno corporativo. Principios de gobierno corporativo: transparencia, equidad, rendici\u00f3n de cuentas, responsabilidad corporativa. Teor\u00eda de agencia. Conflictos de agencia. Costos de agencia. Mecanismos de gobierno corporativo. Consejo de Administraci\u00f3n. Consejo Fiscal. Auditor\u00eda independiente. Relaciones con Inversionistas. Remuneraci\u00f3n de ejecutivos. Estructura de propiedad. Derechos de minoritarios. Compliance. Controles internos. Gesti\u00f3n de riesgos empresariales. C\u00f3digo de \u00e9tica. Reputaci\u00f3n de la empresa.","audio":"","lideres":[{"lider_nome":"L\u00edder: Prof. Dr. Talles Vianna Brugni (Fucape Business School)","lider_foto":36895},{"lider_nome":"Co-L\u00edder: Profa. Dra. Bruna Camargos Avelino (UFMG)","lider_foto":36891},{"lider_nome":"Co-L\u00edder Internacional: Prof. Dr. Richard LeBlanc (Governance)","lider_foto":36894}]}]},"yoast_head":"<!-- This site is optimized with the Yoast SEO plugin v28.4 - https:\/\/yoast.com\/product\/yoast-seo-wordpress\/ -->\n<title>Finanzas - XXIX SemeAd<\/title>\n<meta name=\"robots\" content=\"index, follow, max-snippet:-1, max-image-preview:large, max-video-preview:-1\" \/>\n<link rel=\"canonical\" href=\"https:\/\/semead.com.br\/29\/es\/areas-2\/areas-cientificas\/finanzas\/\" \/>\n<meta property=\"og:locale\" content=\"es_ES\" \/>\n<meta property=\"og:type\" content=\"article\" \/>\n<meta property=\"og:title\" content=\"Finanzas - XXIX SemeAd\" \/>\n<meta property=\"og:url\" content=\"https:\/\/semead.com.br\/29\/es\/areas-2\/areas-cientificas\/finanzas\/\" \/>\n<meta property=\"og:site_name\" content=\"XXIX SemeAd\" \/>\n<meta property=\"article:modified_time\" content=\"2026-08-22T20:57:53+00:00\" \/>\n<meta name=\"twitter:card\" content=\"summary_large_image\" \/>\n<script type=\"application\/ld+json\" class=\"yoast-schema-graph\">{\"@context\":\"https:\\\/\\\/schema.org\",\"@graph\":[{\"@type\":\"WebPage\",\"@id\":\"https:\\\/\\\/semead.com.br\\\/29\\\/es\\\/areas-2\\\/areas-cientificas\\\/finanzas\\\/\",\"url\":\"https:\\\/\\\/semead.com.br\\\/29\\\/es\\\/areas-2\\\/areas-cientificas\\\/finanzas\\\/\",\"name\":\"Finanzas - XXIX SemeAd\",\"isPartOf\":{\"@id\":\"https:\\\/\\\/semead.com.br\\\/29\\\/es\\\/#website\"},\"datePublished\":\"2021-06-30T23:31:02+00:00\",\"dateModified\":\"2026-08-22T20:57:53+00:00\",\"breadcrumb\":{\"@id\":\"https:\\\/\\\/semead.com.br\\\/29\\\/es\\\/areas-2\\\/areas-cientificas\\\/finanzas\\\/#breadcrumb\"},\"inLanguage\":\"es\",\"potentialAction\":[{\"@type\":\"ReadAction\",\"target\":[\"https:\\\/\\\/semead.com.br\\\/29\\\/es\\\/areas-2\\\/areas-cientificas\\\/finanzas\\\/\"]}]},{\"@type\":\"BreadcrumbList\",\"@id\":\"https:\\\/\\\/semead.com.br\\\/29\\\/es\\\/areas-2\\\/areas-cientificas\\\/finanzas\\\/#breadcrumb\",\"itemListElement\":[{\"@type\":\"ListItem\",\"position\":1,\"name\":\"In\u00edcio\",\"item\":\"https:\\\/\\\/semead.com.br\\\/29\\\/es\\\/\"},{\"@type\":\"ListItem\",\"position\":2,\"name\":\"Areas\",\"item\":\"https:\\\/\\\/semead.com.br\\\/29\\\/es\\\/areas-2\\\/\"},{\"@type\":\"ListItem\",\"position\":3,\"name\":\"\u00c1reas Cient\u00edficas\",\"item\":\"https:\\\/\\\/semead.com.br\\\/29\\\/es\\\/areas-2\\\/areas-cientificas\\\/\"},{\"@type\":\"ListItem\",\"position\":4,\"name\":\"Finanzas\"}]},{\"@type\":\"WebSite\",\"@id\":\"https:\\\/\\\/semead.com.br\\\/29\\\/es\\\/#website\",\"url\":\"https:\\\/\\\/semead.com.br\\\/29\\\/es\\\/\",\"name\":\"XXIX SemeAd\",\"description\":\"Semin\u00e1rios em administra\u00e7\u00e3o\",\"potentialAction\":[{\"@type\":\"SearchAction\",\"target\":{\"@type\":\"EntryPoint\",\"urlTemplate\":\"https:\\\/\\\/semead.com.br\\\/29\\\/es\\\/?s={search_term_string}\"},\"query-input\":{\"@type\":\"PropertyValueSpecification\",\"valueRequired\":true,\"valueName\":\"search_term_string\"}}],\"inLanguage\":\"es\"}]}<\/script>\n<!-- \/ Yoast SEO plugin. -->","yoast_head_json":{"title":"Finanzas - XXIX SemeAd","robots":{"index":"index","follow":"follow","max-snippet":"max-snippet:-1","max-image-preview":"max-image-preview:large","max-video-preview":"max-video-preview:-1"},"canonical":"https:\/\/semead.com.br\/29\/es\/areas-2\/areas-cientificas\/finanzas\/","og_locale":"es_ES","og_type":"article","og_title":"Finanzas - XXIX SemeAd","og_url":"https:\/\/semead.com.br\/29\/es\/areas-2\/areas-cientificas\/finanzas\/","og_site_name":"XXIX SemeAd","article_modified_time":"2026-08-22T20:57:53+00:00","twitter_card":"summary_large_image","schema":{"@context":"https:\/\/schema.org","@graph":[{"@type":"WebPage","@id":"https:\/\/semead.com.br\/29\/es\/areas-2\/areas-cientificas\/finanzas\/","url":"https:\/\/semead.com.br\/29\/es\/areas-2\/areas-cientificas\/finanzas\/","name":"Finanzas - XXIX SemeAd","isPartOf":{"@id":"https:\/\/semead.com.br\/29\/es\/#website"},"datePublished":"2021-06-30T23:31:02+00:00","dateModified":"2026-08-22T20:57:53+00:00","breadcrumb":{"@id":"https:\/\/semead.com.br\/29\/es\/areas-2\/areas-cientificas\/finanzas\/#breadcrumb"},"inLanguage":"es","potentialAction":[{"@type":"ReadAction","target":["https:\/\/semead.com.br\/29\/es\/areas-2\/areas-cientificas\/finanzas\/"]}]},{"@type":"BreadcrumbList","@id":"https:\/\/semead.com.br\/29\/es\/areas-2\/areas-cientificas\/finanzas\/#breadcrumb","itemListElement":[{"@type":"ListItem","position":1,"name":"In\u00edcio","item":"https:\/\/semead.com.br\/29\/es\/"},{"@type":"ListItem","position":2,"name":"Areas","item":"https:\/\/semead.com.br\/29\/es\/areas-2\/"},{"@type":"ListItem","position":3,"name":"\u00c1reas Cient\u00edficas","item":"https:\/\/semead.com.br\/29\/es\/areas-2\/areas-cientificas\/"},{"@type":"ListItem","position":4,"name":"Finanzas"}]},{"@type":"WebSite","@id":"https:\/\/semead.com.br\/29\/es\/#website","url":"https:\/\/semead.com.br\/29\/es\/","name":"XXIX SemeAd","description":"Semin\u00e1rios em administra\u00e7\u00e3o","potentialAction":[{"@type":"SearchAction","target":{"@type":"EntryPoint","urlTemplate":"https:\/\/semead.com.br\/29\/es\/?s={search_term_string}"},"query-input":{"@type":"PropertyValueSpecification","valueRequired":true,"valueName":"search_term_string"}}],"inLanguage":"es"}]}},"tpgb_featured_images":null,"tpgb_post_meta_info":{"get_date":"30 de junio de 2021","get_modified_date":"22 de agosto de 2026","author_name":"","author_url":"https:\/\/semead.com.br\/29\/es\/author\/","author_email":"","author_website":"","author_description":"","author_facebook":"","author_twitter":"","author_instagram":"","author_role":"","author_firstname":"","author_lastname":"","user_login":"","author_avatar":"<img alt='' src='https:\/\/secure.gravatar.com\/avatar\/?s=200&#038;d=mm&#038;r=g' srcset='https:\/\/secure.gravatar.com\/avatar\/?s=400&#038;d=mm&#038;r=g 2x' class='avatar avatar-200 photo avatar-default' height='200' width='200' decoding='async'\/>","author_avatar_url":"https:\/\/secure.gravatar.com\/avatar\/?s=96&d=mm&r=g","comment_count":0,"post_likes":0,"post_views":0},"tpgb_post_category":[],"jetpack_sharing_enabled":true,"_links":{"self":[{"href":"https:\/\/semead.com.br\/29\/es\/wp-json\/wp\/v2\/pages\/20923","targetHints":{"allow":["GET"]}}],"collection":[{"href":"https:\/\/semead.com.br\/29\/es\/wp-json\/wp\/v2\/pages"}],"about":[{"href":"https:\/\/semead.com.br\/29\/es\/wp-json\/wp\/v2\/types\/page"}],"author":[{"embeddable":true,"href":"https:\/\/semead.com.br\/29\/es\/wp-json\/wp\/v2\/users\/10"}],"replies":[{"embeddable":true,"href":"https:\/\/semead.com.br\/29\/es\/wp-json\/wp\/v2\/comments?post=20923"}],"version-history":[{"count":1,"href":"https:\/\/semead.com.br\/29\/es\/wp-json\/wp\/v2\/pages\/20923\/revisions"}],"predecessor-version":[{"id":36104,"href":"https:\/\/semead.com.br\/29\/es\/wp-json\/wp\/v2\/pages\/20923\/revisions\/36104"}],"up":[{"embeddable":true,"href":"https:\/\/semead.com.br\/29\/es\/wp-json\/wp\/v2\/pages\/35599"}],"wp:attachment":[{"href":"https:\/\/semead.com.br\/29\/es\/wp-json\/wp\/v2\/media?parent=20923"}],"curies":[{"name":"wp","href":"https:\/\/api.w.org\/{rel}","templated":true}]}}