{"id":20962,"date":"2021-06-30T20:40:36","date_gmt":"2021-06-30T23:40:36","guid":{"rendered":"https:\/\/semead.com.br\/29-novo\/?page_id=20962"},"modified":"2022-06-05T18:37:49","modified_gmt":"2022-06-05T21:37:49","slug":"fechas-importantes","status":"publish","type":"page","link":"https:\/\/semead.com.br\/29\/es\/fechas-importantes\/","title":{"rendered":"Fechas Importantes"},"content":{"rendered":"\t\t<div data-elementor-type=\"wp-page\" data-elementor-id=\"20962\" class=\"elementor elementor-20962 elementor-10402\" data-elementor-post-type=\"page\">\n\t\t\t\t\t\t<section class=\"elementor-section elementor-top-section elementor-element elementor-element-2570aadd elementor-section-boxed elementor-section-height-default elementor-section-height-default\" data-id=\"2570aadd\" data-element_type=\"section\" data-e-type=\"section\">\n\t\t\t\t\t\t<div class=\"elementor-container elementor-column-gap-default\">\n\t\t\t\t\t<div class=\"elementor-column elementor-col-100 elementor-top-column elementor-element elementor-element-4801de9d\" data-id=\"4801de9d\" data-element_type=\"column\" data-e-type=\"column\">\n\t\t\t<div class=\"elementor-widget-wrap elementor-element-populated\">\n\t\t\t\t\t\t<div class=\"elementor-element elementor-element-3540ce4 elementor-widget elementor-widget-text-editor\" data-id=\"3540ce4\" data-element_type=\"widget\" data-e-type=\"widget\" data-widget_type=\"text-editor.default\">\n\t\t\t\t<div class=\"elementor-widget-container\">\n\t\t\t\t\t\t\t\t\t<h3>El evento se llevar\u00e1 a cabo los d\u00edas 09, 10 y 11 de noviembre del 2022.<\/h3>\n<p><strong>Fechas Importantes:<\/strong><\/p>\n<ul>\n<li style=\"list-style-type: none;\">\n<ul>\n<li>31\/05\/2022 \u2013 Fecha de inicio para el env\u00edo de trabajos*<\/li>\n<li>11\/07\/2022 \u2013 Fecha de inicio para el env\u00edo al Consorcio Doctoral y Connecta<\/li>\n<li>25\/07\/2022 \u2013 Fecha l\u00edmite para env\u00edo de trabajos*<\/li>\n<li>05\/08\/2022 \u2013 Fecha l\u00edmite para el env\u00edo de proyectos al Consorcio Doctoral y Connecta<\/li>\n<li>05\/09\/2022 \u2013Apertura de inscripci\u00f3n para empleados voluntarios en XXV SemeAd<\/li>\n<li>14\/09\/2022 \u2013 Divulgaci\u00f3n de los resultados de los env\u00edos<\/li>\n<li>14\/09\/2022 \u2013 Inicio de las inscripciones al XXV SemeAd (en l\u00ednea)<\/li>\n<li>30\/09\/2022 \u2013 Fecha l\u00edmite para la inscripci\u00f3n de los trabajos aprobados*<\/li>\n<li>21\/10\/2022 \u2013 Divulgaci\u00f3n de la programaci\u00f3n general del XXV SemeAd<\/li>\n<li>30\/10\/2022 \u2013 Fecha l\u00edmite para las inscripciones (en l\u00ednea)<\/li>\n<li>08\/11\/2022 \u2013 Consorcio Doctoral<\/li>\n<li>09\/11\/2022 \u2013 Inicio del XXV SemeAd*<\/li>\n<\/ul>\n<\/li>\n<\/ul>\n<p>*Trabajos para las sesiones convencionales y para la actividad Sapiens<\/p>\t\t\t\t\t\t\t\t<\/div>\n\t\t\t\t<\/div>\n\t\t\t\t\t<\/div>\n\t\t<\/div>\n\t\t\t\t\t<\/div>\n\t\t<\/section>\n\t\t\t\t<\/div>\n\t\t","protected":false},"excerpt":{"rendered":"<p>El evento se llevar\u00e1 a cabo los d\u00edas 09, 10 y 11 de noviembre del 2022. Fechas Importantes: 31\/05\/2022 \u2013 Fecha de inicio para el env\u00edo de trabajos* 11\/07\/2022 \u2013 Fecha de inicio para el env\u00edo al Consorcio Doctoral y Connecta 25\/07\/2022 \u2013 Fecha l\u00edmite para env\u00edo de trabajos* 05\/08\/2022 \u2013 Fecha l\u00edmite para el [&hellip;]<\/p>\n","protected":false},"author":10,"featured_media":0,"parent":0,"menu_order":0,"comment_status":"closed","ping_status":"open","template":"","meta":{"_acf_changed":false,"tpgb_global_settings":"","inline_featured_image":false,"_monsterinsights_skip_tracking":false,"_monsterinsights_sitenote_active":false,"_monsterinsights_sitenote_note":"","_monsterinsights_sitenote_category":0,"footnotes":""},"class_list":["post-20962","page","type-page","status-publish","hentry"],"acf":{"coordenadores":null,"audio_da_coordenacao":"","temas":null},"yoast_head":"<!-- This site is optimized with the Yoast SEO plugin v27.5 - https:\/\/yoast.com\/product\/yoast-seo-wordpress\/ -->\n<title>Fechas Importantes - XXIX SemeAd<\/title>\n<meta name=\"robots\" content=\"index, follow, max-snippet:-1, max-image-preview:large, max-video-preview:-1\" \/>\n<link rel=\"canonical\" href=\"https:\/\/semead.com.br\/29\/es\/fechas-importantes\/\" \/>\n<meta property=\"og:locale\" content=\"es_ES\" \/>\n<meta property=\"og:type\" content=\"article\" \/>\n<meta property=\"og:title\" content=\"Fechas Importantes - XXIX SemeAd\" \/>\n<meta property=\"og:description\" content=\"El evento se llevar\u00e1 a cabo los d\u00edas 09, 10 y 11 de noviembre del 2022. Fechas Importantes: 31\/05\/2022 \u2013 Fecha de inicio para el env\u00edo de trabajos* 11\/07\/2022 \u2013 Fecha de inicio para el env\u00edo al Consorcio Doctoral y Connecta 25\/07\/2022 \u2013 Fecha l\u00edmite para env\u00edo de trabajos* 05\/08\/2022 \u2013 Fecha l\u00edmite para el [&hellip;]\" \/>\n<meta property=\"og:url\" content=\"https:\/\/semead.com.br\/29\/es\/fechas-importantes\/\" \/>\n<meta property=\"og:site_name\" content=\"XXIX SemeAd\" \/>\n<meta property=\"article:modified_time\" content=\"2022-06-05T21:37:49+00:00\" \/>\n<meta name=\"twitter:card\" content=\"summary_large_image\" \/>\n<meta name=\"twitter:label1\" content=\"Tiempo de lectura\" \/>\n\t<meta name=\"twitter:data1\" content=\"1 minuto\" \/>\n<script type=\"application\/ld+json\" class=\"yoast-schema-graph\">{\"@context\":\"https:\\\/\\\/schema.org\",\"@graph\":[{\"@type\":\"WebPage\",\"@id\":\"https:\\\/\\\/semead.com.br\\\/29\\\/es\\\/fechas-importantes\\\/\",\"url\":\"https:\\\/\\\/semead.com.br\\\/29\\\/es\\\/fechas-importantes\\\/\",\"name\":\"Fechas Importantes - XXIX SemeAd\",\"isPartOf\":{\"@id\":\"https:\\\/\\\/semead.com.br\\\/29\\\/es\\\/#website\"},\"datePublished\":\"2021-06-30T23:40:36+00:00\",\"dateModified\":\"2022-06-05T21:37:49+00:00\",\"breadcrumb\":{\"@id\":\"https:\\\/\\\/semead.com.br\\\/29\\\/es\\\/fechas-importantes\\\/#breadcrumb\"},\"inLanguage\":\"es\",\"potentialAction\":[{\"@type\":\"ReadAction\",\"target\":[\"https:\\\/\\\/semead.com.br\\\/29\\\/es\\\/fechas-importantes\\\/\"]}]},{\"@type\":\"BreadcrumbList\",\"@id\":\"https:\\\/\\\/semead.com.br\\\/29\\\/es\\\/fechas-importantes\\\/#breadcrumb\",\"itemListElement\":[{\"@type\":\"ListItem\",\"position\":1,\"name\":\"In\u00edcio\",\"item\":\"https:\\\/\\\/semead.com.br\\\/29\\\/es\\\/\"},{\"@type\":\"ListItem\",\"position\":2,\"name\":\"Fechas Importantes\"}]},{\"@type\":\"WebSite\",\"@id\":\"https:\\\/\\\/semead.com.br\\\/29\\\/es\\\/#website\",\"url\":\"https:\\\/\\\/semead.com.br\\\/29\\\/es\\\/\",\"name\":\"XXIX SemeAd\",\"description\":\"Semin\u00e1rios em administra\u00e7\u00e3o\",\"potentialAction\":[{\"@type\":\"SearchAction\",\"target\":{\"@type\":\"EntryPoint\",\"urlTemplate\":\"https:\\\/\\\/semead.com.br\\\/29\\\/es\\\/?s={search_term_string}\"},\"query-input\":{\"@type\":\"PropertyValueSpecification\",\"valueRequired\":true,\"valueName\":\"search_term_string\"}}],\"inLanguage\":\"es\"}]}<\/script>\n<!-- \/ Yoast SEO plugin. -->","yoast_head_json":{"title":"Fechas Importantes - XXIX SemeAd","robots":{"index":"index","follow":"follow","max-snippet":"max-snippet:-1","max-image-preview":"max-image-preview:large","max-video-preview":"max-video-preview:-1"},"canonical":"https:\/\/semead.com.br\/29\/es\/fechas-importantes\/","og_locale":"es_ES","og_type":"article","og_title":"Fechas Importantes - XXIX SemeAd","og_description":"El evento se llevar\u00e1 a cabo los d\u00edas 09, 10 y 11 de noviembre del 2022. Fechas Importantes: 31\/05\/2022 \u2013 Fecha de inicio para el env\u00edo de trabajos* 11\/07\/2022 \u2013 Fecha de inicio para el env\u00edo al Consorcio Doctoral y Connecta 25\/07\/2022 \u2013 Fecha l\u00edmite para env\u00edo de trabajos* 05\/08\/2022 \u2013 Fecha l\u00edmite para el [&hellip;]","og_url":"https:\/\/semead.com.br\/29\/es\/fechas-importantes\/","og_site_name":"XXIX SemeAd","article_modified_time":"2022-06-05T21:37:49+00:00","twitter_card":"summary_large_image","twitter_misc":{"Tiempo de lectura":"1 minuto"},"schema":{"@context":"https:\/\/schema.org","@graph":[{"@type":"WebPage","@id":"https:\/\/semead.com.br\/29\/es\/fechas-importantes\/","url":"https:\/\/semead.com.br\/29\/es\/fechas-importantes\/","name":"Fechas Importantes - XXIX SemeAd","isPartOf":{"@id":"https:\/\/semead.com.br\/29\/es\/#website"},"datePublished":"2021-06-30T23:40:36+00:00","dateModified":"2022-06-05T21:37:49+00:00","breadcrumb":{"@id":"https:\/\/semead.com.br\/29\/es\/fechas-importantes\/#breadcrumb"},"inLanguage":"es","potentialAction":[{"@type":"ReadAction","target":["https:\/\/semead.com.br\/29\/es\/fechas-importantes\/"]}]},{"@type":"BreadcrumbList","@id":"https:\/\/semead.com.br\/29\/es\/fechas-importantes\/#breadcrumb","itemListElement":[{"@type":"ListItem","position":1,"name":"In\u00edcio","item":"https:\/\/semead.com.br\/29\/es\/"},{"@type":"ListItem","position":2,"name":"Fechas Importantes"}]},{"@type":"WebSite","@id":"https:\/\/semead.com.br\/29\/es\/#website","url":"https:\/\/semead.com.br\/29\/es\/","name":"XXIX SemeAd","description":"Semin\u00e1rios em administra\u00e7\u00e3o","potentialAction":[{"@type":"SearchAction","target":{"@type":"EntryPoint","urlTemplate":"https:\/\/semead.com.br\/29\/es\/?s={search_term_string}"},"query-input":{"@type":"PropertyValueSpecification","valueRequired":true,"valueName":"search_term_string"}}],"inLanguage":"es"}]}},"tpgb_featured_images":null,"tpgb_post_meta_info":{"get_date":"30 de junio de 2021","get_modified_date":"5 de junio de 2022","author_name":"","author_url":"https:\/\/semead.com.br\/29\/es\/author\/","author_email":"","author_website":"","author_description":"","author_facebook":"","author_twitter":"","author_instagram":"","author_role":"","author_firstname":"","author_lastname":"","user_login":"","author_avatar":"<img alt='' src='https:\/\/secure.gravatar.com\/avatar\/?s=200&#038;d=mm&#038;r=g' srcset='https:\/\/secure.gravatar.com\/avatar\/?s=400&#038;d=mm&#038;r=g 2x' class='avatar avatar-200 photo avatar-default' height='200' width='200' decoding='async'\/>","author_avatar_url":"https:\/\/secure.gravatar.com\/avatar\/?s=96&d=mm&r=g","comment_count":0,"post_likes":0,"post_views":0},"tpgb_post_category":[],"jetpack_sharing_enabled":true,"_links":{"self":[{"href":"https:\/\/semead.com.br\/29\/es\/wp-json\/wp\/v2\/pages\/20962","targetHints":{"allow":["GET"]}}],"collection":[{"href":"https:\/\/semead.com.br\/29\/es\/wp-json\/wp\/v2\/pages"}],"about":[{"href":"https:\/\/semead.com.br\/29\/es\/wp-json\/wp\/v2\/types\/page"}],"author":[{"embeddable":true,"href":"https:\/\/semead.com.br\/29\/es\/wp-json\/wp\/v2\/users\/10"}],"replies":[{"embeddable":true,"href":"https:\/\/semead.com.br\/29\/es\/wp-json\/wp\/v2\/comments?post=20962"}],"version-history":[{"count":0,"href":"https:\/\/semead.com.br\/29\/es\/wp-json\/wp\/v2\/pages\/20962\/revisions"}],"wp:attachment":[{"href":"https:\/\/semead.com.br\/29\/es\/wp-json\/wp\/v2\/media?parent=20962"}],"curies":[{"name":"wp","href":"https:\/\/api.w.org\/{rel}","templated":true}]}}