{"id":21015,"date":"2021-07-01T08:49:06","date_gmt":"2021-07-01T11:49:06","guid":{"rendered":"https:\/\/semead.com.br\/29-novo\/?page_id=21015"},"modified":"2026-08-22T22:17:33","modified_gmt":"2026-08-23T01:17:33","slug":"gestion-de-la-innovacion","status":"publish","type":"page","link":"https:\/\/semead.com.br\/29\/es\/areas-2\/areas-cientificas\/gestion-de-la-innovacion\/","title":{"rendered":"Gesti\u00f3n de la Innovaci\u00f3n"},"content":{"rendered":"<div class=\"semead-shortcode semead-shortcode--coordenacao\">\n\t\t\t\t\t\t\t<div class=\"semead-people\">\n\t\t\t\t\t\t\t\t\t\t\t<div class=\"semead-person\">\n\t\t\t\t\t\t\t<div class=\"semead-person__media\">\n\t\t\t\t\t\t\t\t<img data-recalc-dims=\"1\"\n\t\t\t\t\t\t\t\t\tclass=\"semead-person__image rounded-circle\"\n\t\t\t\t\t\t\t\t\tsrc=\"https:\/\/i0.wp.com\/semead.com.br\/29\/wp-content\/uploads\/sites\/21\/2026\/03\/Guilherme-Ary-Plonski-.jpeg?resize=150%2C150&#038;ssl=1\"\n\t\t\t\t\t\t\t\t\talt=\"Prof. Dr. Guilherme Ary Plonski\"\n\t\t\t\t\t\t\t\t\tloading=\"lazy\"\n\t\t\t\t\t\t\t\t\twidth=\"150\"\n\t\t\t\t\t\t\t\t\theight=\"150\"\n\t\t\t\t\t\t\t\t>\n\t\t\t\t\t\t\t<\/div>\n\t\t\t\t\t\t\t<div class=\"semead-person__content\">\n\t\t\t\t\t\t\t\t<h4 class=\"\"><\/h4>\n\t\t\t\t\t\t\t\t<h3 class=\"semead-person__title\">Prof. Dr. Guilherme Ary Plonski<\/h3>\n\t\t\t\t\t\t\t\t\t\t\t\t\t\t\t\t\t<div class=\"semead-person__institution\">FEA-USP<\/div>\n\t\t\t\t\t\t\t\t\t\t\t\t\t\t\t<\/div>\n\t\t\t\t\t\t<\/div>\n\t\t\t\t\t\t\t\t\t<\/div>\n\t\t\t\n\t\t\t\t\t<\/div>\n\n\n<div class=\"semead-shortcode semead-shortcode--temas\">\n\t\t\t\t\t\t\t<h4 class=\"semead-shortcode__heading\"><strong>Temas e L\u00edderes:<\/strong><\/h4>\n\t\t\t\n\t\t\t<div class=\"accordion\" id=\"semead-accordion-1\">\n\t\t\t\t\t\t\t\t\t<div class=\"accordion-item semead-topic\">\n\t\t\t\t\t\t<h2 class=\"accordion-header\" id=\"semead-accordion-1-heading-1\">\n\t\t\t\t\t\t\t<button\n\t\t\t\t\t\t\t\tclass=\"accordion-button collapsed\"\n\t\t\t\t\t\t\t\ttype=\"button\"\n\t\t\t\t\t\t\t\tdata-bs-toggle=\"collapse\"\n\t\t\t\t\t\t\t\tdata-bs-target=\"#semead-accordion-1-collapse-1\"\n\t\t\t\t\t\t\t\taria-expanded=\"false\"\n\t\t\t\t\t\t\t\taria-controls=\"semead-accordion-1-collapse-1\"\n\t\t\t\t\t\t\t>\n\t\t\t\t\t\t\t\t1. Dimensiones de la Creatividad, el Comportamiento y la Cultura Organizacional para la Innovaci\u00f3n\t\t\t\t\t\t\t<\/button>\n\t\t\t\t\t\t<\/h2>\n\t\t\t\t\t\t<div\n\t\t\t\t\t\t\tid=\"semead-accordion-1-collapse-1\"\n\t\t\t\t\t\t\tclass=\"accordion-collapse collapse\"\n\t\t\t\t\t\t\taria-labelledby=\"semead-accordion-1-heading-1\"\n\t\t\t\t\t\t\tdata-bs-parent=\"#semead-accordion-1\"\n\t\t\t\t\t\t>\n\t\t\t\t\t\t\t<div class=\"accordion-body\">\n\t\t\t\t\t\t\t\t\n\t\t\t\t\t\t\t\t\t\t\t\t\t\t\t\t\t<div class=\"semead-topic__description\"><p>Formas de promoci\u00f3n, est\u00edmulo y apoyo a la creatividad para la innovaci\u00f3n. Desaf\u00edos de comportamiento derivados de acciones asociadas a la innovaci\u00f3n. Administraci\u00f3n de los cambios organizacionales, en diferentes espacios, derivados de innovaciones. Cultura organizacional para la creatividad y la innovaci\u00f3n. Gesti\u00f3n de equipos multidisciplinarios e innovaci\u00f3n. Gesti\u00f3n de la diversidad e innovaci\u00f3n. Innovaci\u00f3n en tiempos de redes sociales e inteligencia artificial. Otros temas de frontera relacionados con el tema.<\/p>\n<\/div>\n\t\t\t\t\t\t\t\t\n\t\t\t\t\t\t\t\t\t\t\t\t\t\t\t\t\t<div class=\"semead-leaders row row-cols-1 row-cols-md-2 row-cols-lg-3 g-4\">\n\t\t\t\t\t\t\t\t\t\t\t\t\t\t\t\t\t\t\t\t\t<div class=\"col\">\n\t\t\t\t\t\t\t\t\t\t\t\t<div class=\"semead-leader card h-100 border-0 text-center\">\n\t\t\t\t\t\t\t\t\t\t\t\t\t<div class=\"card-body\">\n\t\t\t\t\t\t\t\t\t\t\t\t\t\t<img data-recalc-dims=\"1\"\n\t\t\t\t\t\t\t\t\t\t\t\t\t\t\tclass=\"semead-leader__image rounded-circle\"\n\t\t\t\t\t\t\t\t\t\t\t\t\t\t\tsrc=\"https:\/\/i0.wp.com\/semead.com.br\/29\/wp-content\/uploads\/sites\/21\/2026\/04\/Foto-Joao-Antonio-2026.jpg?resize=150%2C150&#038;ssl=1\"\n\t\t\t\t\t\t\t\t\t\t\t\t\t\t\talt=\"L\u00edder: Prof. Dr. Jo\u00e3o Ant\u00f4nio Gomes Pereira - UNIPAMPA\"\n\t\t\t\t\t\t\t\t\t\t\t\t\t\t\tloading=\"lazy\"\n\t\t\t\t\t\t\t\t\t\t\t\t\t\t\twidth=\"150\"\n\t\t\t\t\t\t\t\t\t\t\t\t\t\t\theight=\"150\"\n\t\t\t\t\t\t\t\t\t\t\t\t\t\t>\n\t\t\t\t\t\t\t\t\t\t\t\t\t\t<div class=\"semead-leader__name\"><em>L\u00edder: Prof. Dr. Jo\u00e3o Ant\u00f4nio Gomes Pereira - UNIPAMPA<\/em><\/div>\n\t\t\t\t\t\t\t\t\t\t\t\t\t<\/div>\n\t\t\t\t\t\t\t\t\t\t\t\t<\/div>\n\t\t\t\t\t\t\t\t\t\t\t<\/div>\n\t\t\t\t\t\t\t\t\t\t\t\t\t\t\t\t\t\t\t\t\t<div class=\"col\">\n\t\t\t\t\t\t\t\t\t\t\t\t<div class=\"semead-leader card h-100 border-0 text-center\">\n\t\t\t\t\t\t\t\t\t\t\t\t\t<div class=\"card-body\">\n\t\t\t\t\t\t\t\t\t\t\t\t\t\t<img data-recalc-dims=\"1\"\n\t\t\t\t\t\t\t\t\t\t\t\t\t\t\tclass=\"semead-leader__image rounded-circle\"\n\t\t\t\t\t\t\t\t\t\t\t\t\t\t\tsrc=\"https:\/\/i0.wp.com\/semead.com.br\/29\/wp-content\/uploads\/sites\/21\/2026\/04\/Foto_Cris_Doritta.jpg?resize=150%2C150&#038;ssl=1\"\n\t\t\t\t\t\t\t\t\t\t\t\t\t\t\talt=\"Co-L\u00edder: Profa. Dra. Cristina Doritta Brand\u00e3o Majorana - IEA USP\"\n\t\t\t\t\t\t\t\t\t\t\t\t\t\t\tloading=\"lazy\"\n\t\t\t\t\t\t\t\t\t\t\t\t\t\t\twidth=\"150\"\n\t\t\t\t\t\t\t\t\t\t\t\t\t\t\theight=\"150\"\n\t\t\t\t\t\t\t\t\t\t\t\t\t\t>\n\t\t\t\t\t\t\t\t\t\t\t\t\t\t<div class=\"semead-leader__name\"><em>Co-L\u00edder: Profa. Dra. Cristina Doritta Brand\u00e3o Majorana - IEA USP<\/em><\/div>\n\t\t\t\t\t\t\t\t\t\t\t\t\t<\/div>\n\t\t\t\t\t\t\t\t\t\t\t\t<\/div>\n\t\t\t\t\t\t\t\t\t\t\t<\/div>\n\t\t\t\t\t\t\t\t\t\t\t\t\t\t\t\t\t\t\t<\/div>\n\t\t\t\t\t\t\t\t\t\t\t\t\t\t\t<\/div>\n\t\t\t\t\t\t<\/div>\n\t\t\t\t\t<\/div>\n\t\t\t\t\t\t\t\t\t<div class=\"accordion-item semead-topic\">\n\t\t\t\t\t\t<h2 class=\"accordion-header\" id=\"semead-accordion-1-heading-2\">\n\t\t\t\t\t\t\t<button\n\t\t\t\t\t\t\t\tclass=\"accordion-button collapsed\"\n\t\t\t\t\t\t\t\ttype=\"button\"\n\t\t\t\t\t\t\t\tdata-bs-toggle=\"collapse\"\n\t\t\t\t\t\t\t\tdata-bs-target=\"#semead-accordion-1-collapse-2\"\n\t\t\t\t\t\t\t\taria-expanded=\"false\"\n\t\t\t\t\t\t\t\taria-controls=\"semead-accordion-1-collapse-2\"\n\t\t\t\t\t\t\t>\n\t\t\t\t\t\t\t\t2. Estrategias y Pol\u00edticas de Innovaci\u00f3n\t\t\t\t\t\t\t<\/button>\n\t\t\t\t\t\t<\/h2>\n\t\t\t\t\t\t<div\n\t\t\t\t\t\t\tid=\"semead-accordion-1-collapse-2\"\n\t\t\t\t\t\t\tclass=\"accordion-collapse collapse\"\n\t\t\t\t\t\t\taria-labelledby=\"semead-accordion-1-heading-2\"\n\t\t\t\t\t\t\tdata-bs-parent=\"#semead-accordion-1\"\n\t\t\t\t\t\t>\n\t\t\t\t\t\t\t<div class=\"accordion-body\">\n\t\t\t\t\t\t\t\t\n\t\t\t\t\t\t\t\t\t\t\t\t\t\t\t\t\t<div class=\"semead-topic__description\"><p>Estrategias para la creaci\u00f3n, difusi\u00f3n y adopci\u00f3n de la Ciencia, la Tecnolog\u00eda y la Innovaci\u00f3n (CT e I), considerando su papel en la generaci\u00f3n de valor econ\u00f3mico, social y socioecol\u00f3gico. An\u00e1lisis del contexto competitivo y sist\u00e9mico de la CT e I, incluyendo modelos, herramientas y m\u00e9todos de apoyo a los procesos de toma de decisiones en los diversos tipos de innovaci\u00f3n (tecnol\u00f3gicas y no tecnol\u00f3gicas, radicales e incrementales, disruptivas o no, locales, inversas, abiertas o cerradas). \u00c9nfasis en enfoques emergentes que integran innovaci\u00f3n y regeneraci\u00f3n, explorando c\u00f3mo las organizaciones, los ecosistemas y las pol\u00edticas p\u00fablicas pueden contribuir a la renovaci\u00f3n de sistemas naturales y sociales. Contexto pol\u00edtico e institucional de la CT e I, incluyendo pol\u00edticas, instrumentos de fomento e incentivos a nivel nacional y subnacional, as\u00ed como el papel de la CT e I en los negocios y las relaciones internacionales. Incluye adem\u00e1s temas como ecosistemas de innovaci\u00f3n socioecol\u00f3gicos, bioeconom\u00eda, deep techs para grandes desaf\u00edos, innovaci\u00f3n orientada a los stakeholders y estrategias regenerativas. Otros temas de frontera relacionados con las estrategias y\/o pol\u00edticas de CT e I.<\/p>\n<\/div>\n\t\t\t\t\t\t\t\t\n\t\t\t\t\t\t\t\t\t\t\t\t\t\t\t\t\t<div class=\"semead-leaders row row-cols-1 row-cols-md-2 row-cols-lg-3 g-4\">\n\t\t\t\t\t\t\t\t\t\t\t\t\t\t\t\t\t\t\t\t\t<div class=\"col\">\n\t\t\t\t\t\t\t\t\t\t\t\t<div class=\"semead-leader card h-100 border-0 text-center\">\n\t\t\t\t\t\t\t\t\t\t\t\t\t<div class=\"card-body\">\n\t\t\t\t\t\t\t\t\t\t\t\t\t\t<img data-recalc-dims=\"1\"\n\t\t\t\t\t\t\t\t\t\t\t\t\t\t\tclass=\"semead-leader__image rounded-circle\"\n\t\t\t\t\t\t\t\t\t\t\t\t\t\t\tsrc=\"https:\/\/i0.wp.com\/semead.com.br\/29\/wp-content\/uploads\/sites\/21\/2026\/04\/Jefferson-Bution-Semead.jpg?resize=150%2C150&#038;ssl=1\"\n\t\t\t\t\t\t\t\t\t\t\t\t\t\t\talt=\"L\u00edder: Prof. Dr. Jefferson Luiz Bution - FEA-USP\"\n\t\t\t\t\t\t\t\t\t\t\t\t\t\t\tloading=\"lazy\"\n\t\t\t\t\t\t\t\t\t\t\t\t\t\t\twidth=\"150\"\n\t\t\t\t\t\t\t\t\t\t\t\t\t\t\theight=\"150\"\n\t\t\t\t\t\t\t\t\t\t\t\t\t\t>\n\t\t\t\t\t\t\t\t\t\t\t\t\t\t<div class=\"semead-leader__name\"><em>L\u00edder: Prof. Dr. Jefferson Luiz Bution - FEA-USP<\/em><\/div>\n\t\t\t\t\t\t\t\t\t\t\t\t\t<\/div>\n\t\t\t\t\t\t\t\t\t\t\t\t<\/div>\n\t\t\t\t\t\t\t\t\t\t\t<\/div>\n\t\t\t\t\t\t\t\t\t\t\t\t\t\t\t\t\t\t\t\t\t<div class=\"col\">\n\t\t\t\t\t\t\t\t\t\t\t\t<div class=\"semead-leader card h-100 border-0 text-center\">\n\t\t\t\t\t\t\t\t\t\t\t\t\t<div class=\"card-body\">\n\t\t\t\t\t\t\t\t\t\t\t\t\t\t<img data-recalc-dims=\"1\"\n\t\t\t\t\t\t\t\t\t\t\t\t\t\t\tclass=\"semead-leader__image rounded-circle\"\n\t\t\t\t\t\t\t\t\t\t\t\t\t\t\tsrc=\"https:\/\/i0.wp.com\/semead.com.br\/29\/wp-content\/uploads\/sites\/21\/2026\/04\/Silvia-De-Tommaso.jpg?resize=150%2C150&#038;ssl=1\"\n\t\t\t\t\t\t\t\t\t\t\t\t\t\t\talt=\"Co-L\u00edder: Profa. Dra. Silvia De Tommaso - PGT FEA-USP e FIA Business School\"\n\t\t\t\t\t\t\t\t\t\t\t\t\t\t\tloading=\"lazy\"\n\t\t\t\t\t\t\t\t\t\t\t\t\t\t\twidth=\"150\"\n\t\t\t\t\t\t\t\t\t\t\t\t\t\t\theight=\"150\"\n\t\t\t\t\t\t\t\t\t\t\t\t\t\t>\n\t\t\t\t\t\t\t\t\t\t\t\t\t\t<div class=\"semead-leader__name\"><em>Co-L\u00edder: Profa. Dra. Silvia De Tommaso - PGT FEA-USP e FIA Business School<\/em><\/div>\n\t\t\t\t\t\t\t\t\t\t\t\t\t<\/div>\n\t\t\t\t\t\t\t\t\t\t\t\t<\/div>\n\t\t\t\t\t\t\t\t\t\t\t<\/div>\n\t\t\t\t\t\t\t\t\t\t\t\t\t\t\t\t\t\t\t\t\t<div class=\"col\">\n\t\t\t\t\t\t\t\t\t\t\t\t<div class=\"semead-leader card h-100 border-0 text-center\">\n\t\t\t\t\t\t\t\t\t\t\t\t\t<div class=\"card-body\">\n\t\t\t\t\t\t\t\t\t\t\t\t\t\t<img data-recalc-dims=\"1\"\n\t\t\t\t\t\t\t\t\t\t\t\t\t\t\tclass=\"semead-leader__image rounded-circle\"\n\t\t\t\t\t\t\t\t\t\t\t\t\t\t\tsrc=\"https:\/\/i0.wp.com\/semead.com.br\/29\/wp-content\/uploads\/sites\/21\/2026\/04\/Oana-Branzei.jpg?resize=150%2C150&#038;ssl=1\"\n\t\t\t\t\t\t\t\t\t\t\t\t\t\t\talt=\"Co-L\u00edder Internacional: Profa. Dra. Oana Branzei\"\n\t\t\t\t\t\t\t\t\t\t\t\t\t\t\tloading=\"lazy\"\n\t\t\t\t\t\t\t\t\t\t\t\t\t\t\twidth=\"150\"\n\t\t\t\t\t\t\t\t\t\t\t\t\t\t\theight=\"150\"\n\t\t\t\t\t\t\t\t\t\t\t\t\t\t>\n\t\t\t\t\t\t\t\t\t\t\t\t\t\t<div class=\"semead-leader__name\"><em>Co-L\u00edder Internacional: Profa. Dra. Oana Branzei<\/em><\/div>\n\t\t\t\t\t\t\t\t\t\t\t\t\t<\/div>\n\t\t\t\t\t\t\t\t\t\t\t\t<\/div>\n\t\t\t\t\t\t\t\t\t\t\t<\/div>\n\t\t\t\t\t\t\t\t\t\t\t\t\t\t\t\t\t\t\t<\/div>\n\t\t\t\t\t\t\t\t\t\t\t\t\t\t\t<\/div>\n\t\t\t\t\t\t<\/div>\n\t\t\t\t\t<\/div>\n\t\t\t\t\t\t\t\t\t<div class=\"accordion-item semead-topic\">\n\t\t\t\t\t\t<h2 class=\"accordion-header\" id=\"semead-accordion-1-heading-3\">\n\t\t\t\t\t\t\t<button\n\t\t\t\t\t\t\t\tclass=\"accordion-button collapsed\"\n\t\t\t\t\t\t\t\ttype=\"button\"\n\t\t\t\t\t\t\t\tdata-bs-toggle=\"collapse\"\n\t\t\t\t\t\t\t\tdata-bs-target=\"#semead-accordion-1-collapse-3\"\n\t\t\t\t\t\t\t\taria-expanded=\"false\"\n\t\t\t\t\t\t\t\taria-controls=\"semead-accordion-1-collapse-3\"\n\t\t\t\t\t\t\t>\n\t\t\t\t\t\t\t\t3. Gesti\u00f3n del Conocimiento, Propiedad Intelectual y Transferencia de Tecnolog\u00eda\t\t\t\t\t\t\t<\/button>\n\t\t\t\t\t\t<\/h2>\n\t\t\t\t\t\t<div\n\t\t\t\t\t\t\tid=\"semead-accordion-1-collapse-3\"\n\t\t\t\t\t\t\tclass=\"accordion-collapse collapse\"\n\t\t\t\t\t\t\taria-labelledby=\"semead-accordion-1-heading-3\"\n\t\t\t\t\t\t\tdata-bs-parent=\"#semead-accordion-1\"\n\t\t\t\t\t\t>\n\t\t\t\t\t\t\t<div class=\"accordion-body\">\n\t\t\t\t\t\t\t\t\n\t\t\t\t\t\t\t\t\t\t\t\t\t\t\t\t\t<div class=\"semead-topic__description\"><p>Gesti\u00f3n del conocimiento y propiedad intelectual en empresas e Instituciones Cient\u00edfico-Tecnol\u00f3gicas (ICTs). Transferencia de tecnolog\u00edas producidas en la academia hacia otras organizaciones, incluyendo estrategias y aspectos contractuales para el licenciamiento y la comercializaci\u00f3n de tecnolog\u00edas, la creaci\u00f3n de empresas derivadas de las ICTs (spin-offs), as\u00ed como otras formas de transferencia de tecnolog\u00eda. El papel de los N\u00facleos de Innovaci\u00f3n Tecnol\u00f3gica y otros actores en el proceso de transferencia de tecnolog\u00eda. Otros temas de frontera que conecten estos elementos clave.<\/p>\n<\/div>\n\t\t\t\t\t\t\t\t\n\t\t\t\t\t\t\t\t\t\t\t\t\t\t\t\t\t<div class=\"semead-leaders row row-cols-1 row-cols-md-2 row-cols-lg-3 g-4\">\n\t\t\t\t\t\t\t\t\t\t\t\t\t\t\t\t\t\t\t\t\t<div class=\"col\">\n\t\t\t\t\t\t\t\t\t\t\t\t<div class=\"semead-leader card h-100 border-0 text-center\">\n\t\t\t\t\t\t\t\t\t\t\t\t\t<div class=\"card-body\">\n\t\t\t\t\t\t\t\t\t\t\t\t\t\t<img data-recalc-dims=\"1\"\n\t\t\t\t\t\t\t\t\t\t\t\t\t\t\tclass=\"semead-leader__image rounded-circle\"\n\t\t\t\t\t\t\t\t\t\t\t\t\t\t\tsrc=\"https:\/\/i0.wp.com\/semead.com.br\/29\/wp-content\/uploads\/sites\/21\/2026\/04\/Aline-Faria.jpg?resize=150%2C150&#038;ssl=1\"\n\t\t\t\t\t\t\t\t\t\t\t\t\t\t\talt=\"L\u00edder: Profa. Dra. Aline Mariane de Faria - Centro Universit\u00e1rio FEI\"\n\t\t\t\t\t\t\t\t\t\t\t\t\t\t\tloading=\"lazy\"\n\t\t\t\t\t\t\t\t\t\t\t\t\t\t\twidth=\"150\"\n\t\t\t\t\t\t\t\t\t\t\t\t\t\t\theight=\"150\"\n\t\t\t\t\t\t\t\t\t\t\t\t\t\t>\n\t\t\t\t\t\t\t\t\t\t\t\t\t\t<div class=\"semead-leader__name\"><em>L\u00edder: Profa. Dra. Aline Mariane de Faria - Centro Universit\u00e1rio FEI<\/em><\/div>\n\t\t\t\t\t\t\t\t\t\t\t\t\t<\/div>\n\t\t\t\t\t\t\t\t\t\t\t\t<\/div>\n\t\t\t\t\t\t\t\t\t\t\t<\/div>\n\t\t\t\t\t\t\t\t\t\t\t\t\t\t\t\t\t\t\t\t\t<div class=\"col\">\n\t\t\t\t\t\t\t\t\t\t\t\t<div class=\"semead-leader card h-100 border-0 text-center\">\n\t\t\t\t\t\t\t\t\t\t\t\t\t<div class=\"card-body\">\n\t\t\t\t\t\t\t\t\t\t\t\t\t\t<img data-recalc-dims=\"1\"\n\t\t\t\t\t\t\t\t\t\t\t\t\t\t\tclass=\"semead-leader__image rounded-circle\"\n\t\t\t\t\t\t\t\t\t\t\t\t\t\t\tsrc=\"https:\/\/i0.wp.com\/semead.com.br\/29\/wp-content\/uploads\/sites\/21\/2026\/04\/Neitan-Marques.jpg?resize=150%2C150&#038;ssl=1\"\n\t\t\t\t\t\t\t\t\t\t\t\t\t\t\talt=\"Co-L\u00edder: Prof. Dr. Natan de Souza Marques - CEPID ARIES\"\n\t\t\t\t\t\t\t\t\t\t\t\t\t\t\tloading=\"lazy\"\n\t\t\t\t\t\t\t\t\t\t\t\t\t\t\twidth=\"150\"\n\t\t\t\t\t\t\t\t\t\t\t\t\t\t\theight=\"150\"\n\t\t\t\t\t\t\t\t\t\t\t\t\t\t>\n\t\t\t\t\t\t\t\t\t\t\t\t\t\t<div class=\"semead-leader__name\"><em>Co-L\u00edder: Prof. Dr. Natan de Souza Marques - CEPID ARIES<\/em><\/div>\n\t\t\t\t\t\t\t\t\t\t\t\t\t<\/div>\n\t\t\t\t\t\t\t\t\t\t\t\t<\/div>\n\t\t\t\t\t\t\t\t\t\t\t<\/div>\n\t\t\t\t\t\t\t\t\t\t\t\t\t\t\t\t\t\t\t<\/div>\n\t\t\t\t\t\t\t\t\t\t\t\t\t\t\t<\/div>\n\t\t\t\t\t\t<\/div>\n\t\t\t\t\t<\/div>\n\t\t\t\t\t\t\t\t\t<div class=\"accordion-item semead-topic\">\n\t\t\t\t\t\t<h2 class=\"accordion-header\" id=\"semead-accordion-1-heading-4\">\n\t\t\t\t\t\t\t<button\n\t\t\t\t\t\t\t\tclass=\"accordion-button collapsed\"\n\t\t\t\t\t\t\t\ttype=\"button\"\n\t\t\t\t\t\t\t\tdata-bs-toggle=\"collapse\"\n\t\t\t\t\t\t\t\tdata-bs-target=\"#semead-accordion-1-collapse-4\"\n\t\t\t\t\t\t\t\taria-expanded=\"false\"\n\t\t\t\t\t\t\t\taria-controls=\"semead-accordion-1-collapse-4\"\n\t\t\t\t\t\t\t>\n\t\t\t\t\t\t\t\t4. Innovaci\u00f3n Disruptiva y Creaci\u00f3n de Nuevos Mercados\t\t\t\t\t\t\t<\/button>\n\t\t\t\t\t\t<\/h2>\n\t\t\t\t\t\t<div\n\t\t\t\t\t\t\tid=\"semead-accordion-1-collapse-4\"\n\t\t\t\t\t\t\tclass=\"accordion-collapse collapse\"\n\t\t\t\t\t\t\taria-labelledby=\"semead-accordion-1-heading-4\"\n\t\t\t\t\t\t\tdata-bs-parent=\"#semead-accordion-1\"\n\t\t\t\t\t\t>\n\t\t\t\t\t\t\t<div class=\"accordion-body\">\n\t\t\t\t\t\t\t\t\n\t\t\t\t\t\t\t\t\t\t\t\t\t\t\t\t\t<div class=\"semead-topic__description\"><p>Innovaci\u00f3n disruptiva y creaci\u00f3n de nuevos mercados; Modelos de negocio disruptivos; Deep techs e innovaci\u00f3n basada en avances cient\u00edficos; Tecnolog\u00edas emergentes y paradigmas tecnol\u00f3gicos en contextos de alta incertidumbre y ciclo largo; Deep techs e innovaciones de base cient\u00edfico-tecnol\u00f3gica y la creaci\u00f3n de nuevos mercados; Trayectorias tecnol\u00f3gicas y din\u00e1micas competitivas asociadas a nuevas tecnolog\u00edas; Transformaciones sectoriales impulsadas por tecnolog\u00edas cient\u00edficas avanzadas; Transici\u00f3n de la investigaci\u00f3n cient\u00edfica hacia la innovaci\u00f3n y la creaci\u00f3n de mercados; Superaci\u00f3n del valle de la muerte en tecnolog\u00edas basadas en la ciencia; Transici\u00f3n entre ecosistemas de conocimiento\/investigaci\u00f3n, emprendimiento e innovaci\u00f3n; Din\u00e1mica de ecosistemas emprendedores basados en tecnolog\u00edas emergentes, disruptivas y\/o deep techs; Interacciones entre universidades, empresas, gobierno y sociedad desde la perspectiva de la triple, cu\u00e1druple y qu\u00edntuple h\u00e9lice de la innovaci\u00f3n; Evoluci\u00f3n y transformaci\u00f3n de ecosistemas de innovaci\u00f3n asociada a la emergencia de innovaciones disruptivas; Gobernanza y orquestaci\u00f3n de ecosistemas de innovaci\u00f3n para la creaci\u00f3n y consolidaci\u00f3n de nuevos mercados.<\/p>\n<\/div>\n\t\t\t\t\t\t\t\t\n\t\t\t\t\t\t\t\t\t\t\t\t\t\t\t\t\t<div class=\"semead-leaders row row-cols-1 row-cols-md-2 row-cols-lg-3 g-4\">\n\t\t\t\t\t\t\t\t\t\t\t\t\t\t\t\t\t\t\t\t\t<div class=\"col\">\n\t\t\t\t\t\t\t\t\t\t\t\t<div class=\"semead-leader card h-100 border-0 text-center\">\n\t\t\t\t\t\t\t\t\t\t\t\t\t<div class=\"card-body\">\n\t\t\t\t\t\t\t\t\t\t\t\t\t\t<img data-recalc-dims=\"1\"\n\t\t\t\t\t\t\t\t\t\t\t\t\t\t\tclass=\"semead-leader__image rounded-circle\"\n\t\t\t\t\t\t\t\t\t\t\t\t\t\t\tsrc=\"https:\/\/i0.wp.com\/semead.com.br\/29\/wp-content\/uploads\/sites\/21\/2026\/04\/Joao-P-N-Silva.jpg?resize=150%2C150&#038;ssl=1\"\n\t\t\t\t\t\t\t\t\t\t\t\t\t\t\talt=\"L\u00edder: Prof. Dr. Jo\u00e3o Paulo Nascimento da Silva - Universidade Federal de Juiz de Fora\"\n\t\t\t\t\t\t\t\t\t\t\t\t\t\t\tloading=\"lazy\"\n\t\t\t\t\t\t\t\t\t\t\t\t\t\t\twidth=\"150\"\n\t\t\t\t\t\t\t\t\t\t\t\t\t\t\theight=\"150\"\n\t\t\t\t\t\t\t\t\t\t\t\t\t\t>\n\t\t\t\t\t\t\t\t\t\t\t\t\t\t<div class=\"semead-leader__name\"><em>L\u00edder: Prof. Dr. Jo\u00e3o Paulo Nascimento da Silva - Universidade Federal de Juiz de Fora<\/em><\/div>\n\t\t\t\t\t\t\t\t\t\t\t\t\t<\/div>\n\t\t\t\t\t\t\t\t\t\t\t\t<\/div>\n\t\t\t\t\t\t\t\t\t\t\t<\/div>\n\t\t\t\t\t\t\t\t\t\t\t\t\t\t\t\t\t\t\t\t\t<div class=\"col\">\n\t\t\t\t\t\t\t\t\t\t\t\t<div class=\"semead-leader card h-100 border-0 text-center\">\n\t\t\t\t\t\t\t\t\t\t\t\t\t<div class=\"card-body\">\n\t\t\t\t\t\t\t\t\t\t\t\t\t\t<img data-recalc-dims=\"1\"\n\t\t\t\t\t\t\t\t\t\t\t\t\t\t\tclass=\"semead-leader__image rounded-circle\"\n\t\t\t\t\t\t\t\t\t\t\t\t\t\t\tsrc=\"https:\/\/i0.wp.com\/semead.com.br\/29\/wp-content\/uploads\/sites\/21\/2026\/04\/Andre-Grutzmann.jpg?resize=150%2C150&#038;ssl=1\"\n\t\t\t\t\t\t\t\t\t\t\t\t\t\t\talt=\"Co-L\u00edder: Prof. Dr. Andr\u00e9 Grutzmann - Universidade Federal de Lavras (UFLA)\"\n\t\t\t\t\t\t\t\t\t\t\t\t\t\t\tloading=\"lazy\"\n\t\t\t\t\t\t\t\t\t\t\t\t\t\t\twidth=\"150\"\n\t\t\t\t\t\t\t\t\t\t\t\t\t\t\theight=\"150\"\n\t\t\t\t\t\t\t\t\t\t\t\t\t\t>\n\t\t\t\t\t\t\t\t\t\t\t\t\t\t<div class=\"semead-leader__name\"><em>Co-L\u00edder: Prof. Dr. Andr\u00e9 Grutzmann - Universidade Federal de Lavras (UFLA)<\/em><\/div>\n\t\t\t\t\t\t\t\t\t\t\t\t\t<\/div>\n\t\t\t\t\t\t\t\t\t\t\t\t<\/div>\n\t\t\t\t\t\t\t\t\t\t\t<\/div>\n\t\t\t\t\t\t\t\t\t\t\t\t\t\t\t\t\t\t\t<\/div>\n\t\t\t\t\t\t\t\t\t\t\t\t\t\t\t<\/div>\n\t\t\t\t\t\t<\/div>\n\t\t\t\t\t<\/div>\n\t\t\t\t\t\t\t\t\t<div class=\"accordion-item semead-topic\">\n\t\t\t\t\t\t<h2 class=\"accordion-header\" id=\"semead-accordion-1-heading-5\">\n\t\t\t\t\t\t\t<button\n\t\t\t\t\t\t\t\tclass=\"accordion-button collapsed\"\n\t\t\t\t\t\t\t\ttype=\"button\"\n\t\t\t\t\t\t\t\tdata-bs-toggle=\"collapse\"\n\t\t\t\t\t\t\t\tdata-bs-target=\"#semead-accordion-1-collapse-5\"\n\t\t\t\t\t\t\t\taria-expanded=\"false\"\n\t\t\t\t\t\t\t\taria-controls=\"semead-accordion-1-collapse-5\"\n\t\t\t\t\t\t\t>\n\t\t\t\t\t\t\t\t5. Innovaci\u00f3n Frugal: Soluciones Accesibles, Sostenibles y de Alto Impacto\t\t\t\t\t\t\t<\/button>\n\t\t\t\t\t\t<\/h2>\n\t\t\t\t\t\t<div\n\t\t\t\t\t\t\tid=\"semead-accordion-1-collapse-5\"\n\t\t\t\t\t\t\tclass=\"accordion-collapse collapse\"\n\t\t\t\t\t\t\taria-labelledby=\"semead-accordion-1-heading-5\"\n\t\t\t\t\t\t\tdata-bs-parent=\"#semead-accordion-1\"\n\t\t\t\t\t\t>\n\t\t\t\t\t\t\t<div class=\"accordion-body\">\n\t\t\t\t\t\t\t\t\n\t\t\t\t\t\t\t\t\t\t\t\t\t\t\t\t\t<div class=\"semead-topic__description\"><p>Fundamentos te\u00f3ricos y conceptuales de la innovaci\u00f3n frugal; Modelos de negocio basados en la innovaci\u00f3n frugal; Estrategias empresariales frugales en grandes, medianas y peque\u00f1as empresas; Tecnolog\u00edas accesibles y soluciones de bajo costo con alto impacto; Innovaci\u00f3n frugal en pol\u00edticas p\u00fablicas y desarrollo territorial; Pr\u00e1cticas frugales en sostenibilidad, econom\u00eda circular e inclusi\u00f3n social; Cocreaci\u00f3n e innovaci\u00f3n con comunidades y usuarios finales; Medici\u00f3n de impacto y evaluaci\u00f3n de desempe\u00f1o en iniciativas frugales; Negocios de impacto social y ambiental positivo con enfoque frugal; Otros temas emergentes relacionados con la innovaci\u00f3n frugal.<\/p>\n<\/div>\n\t\t\t\t\t\t\t\t\n\t\t\t\t\t\t\t\t\t\t\t\t\t\t\t\t\t<div class=\"semead-leaders row row-cols-1 row-cols-md-2 row-cols-lg-3 g-4\">\n\t\t\t\t\t\t\t\t\t\t\t\t\t\t\t\t\t\t\t\t\t<div class=\"col\">\n\t\t\t\t\t\t\t\t\t\t\t\t<div class=\"semead-leader card h-100 border-0 text-center\">\n\t\t\t\t\t\t\t\t\t\t\t\t\t<div class=\"card-body\">\n\t\t\t\t\t\t\t\t\t\t\t\t\t\t<img data-recalc-dims=\"1\"\n\t\t\t\t\t\t\t\t\t\t\t\t\t\t\tclass=\"semead-leader__image rounded-circle\"\n\t\t\t\t\t\t\t\t\t\t\t\t\t\t\tsrc=\"https:\/\/i0.wp.com\/semead.com.br\/29\/wp-content\/uploads\/sites\/21\/2026\/04\/Foto_Giancarlo.jpg?resize=150%2C150&#038;ssl=1\"\n\t\t\t\t\t\t\t\t\t\t\t\t\t\t\talt=\"L\u00edder: Prof. Dr. Giancarlo Gomes - Universidade de Blumenau (FURB)\"\n\t\t\t\t\t\t\t\t\t\t\t\t\t\t\tloading=\"lazy\"\n\t\t\t\t\t\t\t\t\t\t\t\t\t\t\twidth=\"150\"\n\t\t\t\t\t\t\t\t\t\t\t\t\t\t\theight=\"150\"\n\t\t\t\t\t\t\t\t\t\t\t\t\t\t>\n\t\t\t\t\t\t\t\t\t\t\t\t\t\t<div class=\"semead-leader__name\"><em>L\u00edder: Prof. Dr. Giancarlo Gomes - Universidade de Blumenau (FURB)<\/em><\/div>\n\t\t\t\t\t\t\t\t\t\t\t\t\t<\/div>\n\t\t\t\t\t\t\t\t\t\t\t\t<\/div>\n\t\t\t\t\t\t\t\t\t\t\t<\/div>\n\t\t\t\t\t\t\t\t\t\t\t\t\t\t\t\t\t\t\t\t\t<div class=\"col\">\n\t\t\t\t\t\t\t\t\t\t\t\t<div class=\"semead-leader card h-100 border-0 text-center\">\n\t\t\t\t\t\t\t\t\t\t\t\t\t<div class=\"card-body\">\n\t\t\t\t\t\t\t\t\t\t\t\t\t\t<img data-recalc-dims=\"1\"\n\t\t\t\t\t\t\t\t\t\t\t\t\t\t\tclass=\"semead-leader__image rounded-circle\"\n\t\t\t\t\t\t\t\t\t\t\t\t\t\t\tsrc=\"https:\/\/i0.wp.com\/semead.com.br\/29\/wp-content\/uploads\/sites\/21\/2026\/04\/Foto_MariaLimaToivanen.jpg?resize=150%2C150&#038;ssl=1\"\n\t\t\t\t\t\t\t\t\t\t\t\t\t\t\talt=\"Co-L\u00edder: Profa. Dra. Maria Lima Toivanen - Innodeva e Rede Brasileira de Inova\u00e7\u00e3o Frugal\"\n\t\t\t\t\t\t\t\t\t\t\t\t\t\t\tloading=\"lazy\"\n\t\t\t\t\t\t\t\t\t\t\t\t\t\t\twidth=\"150\"\n\t\t\t\t\t\t\t\t\t\t\t\t\t\t\theight=\"150\"\n\t\t\t\t\t\t\t\t\t\t\t\t\t\t>\n\t\t\t\t\t\t\t\t\t\t\t\t\t\t<div class=\"semead-leader__name\"><em>Co-L\u00edder: Profa. Dra. Maria Lima Toivanen - Innodeva e Rede Brasileira de Inova\u00e7\u00e3o Frugal<\/em><\/div>\n\t\t\t\t\t\t\t\t\t\t\t\t\t<\/div>\n\t\t\t\t\t\t\t\t\t\t\t\t<\/div>\n\t\t\t\t\t\t\t\t\t\t\t<\/div>\n\t\t\t\t\t\t\t\t\t\t\t\t\t\t\t\t\t\t\t\t\t<div class=\"col\">\n\t\t\t\t\t\t\t\t\t\t\t\t<div class=\"semead-leader card h-100 border-0 text-center\">\n\t\t\t\t\t\t\t\t\t\t\t\t\t<div class=\"card-body\">\n\t\t\t\t\t\t\t\t\t\t\t\t\t\t<img data-recalc-dims=\"1\"\n\t\t\t\t\t\t\t\t\t\t\t\t\t\t\tclass=\"semead-leader__image rounded-circle\"\n\t\t\t\t\t\t\t\t\t\t\t\t\t\t\tsrc=\"https:\/\/i0.wp.com\/semead.com.br\/29\/wp-content\/uploads\/sites\/21\/2026\/04\/Foto_MarioAndres.jpg?resize=150%2C150&#038;ssl=1\"\n\t\t\t\t\t\t\t\t\t\t\t\t\t\t\talt=\"Co-L\u00edder Internacional: Prof. Dr. Mario Andres Manzi Puertas\"\n\t\t\t\t\t\t\t\t\t\t\t\t\t\t\tloading=\"lazy\"\n\t\t\t\t\t\t\t\t\t\t\t\t\t\t\twidth=\"150\"\n\t\t\t\t\t\t\t\t\t\t\t\t\t\t\theight=\"150\"\n\t\t\t\t\t\t\t\t\t\t\t\t\t\t>\n\t\t\t\t\t\t\t\t\t\t\t\t\t\t<div class=\"semead-leader__name\"><em>Co-L\u00edder Internacional: Prof. Dr. Mario Andres Manzi Puertas<\/em><\/div>\n\t\t\t\t\t\t\t\t\t\t\t\t\t<\/div>\n\t\t\t\t\t\t\t\t\t\t\t\t<\/div>\n\t\t\t\t\t\t\t\t\t\t\t<\/div>\n\t\t\t\t\t\t\t\t\t\t\t\t\t\t\t\t\t\t\t<\/div>\n\t\t\t\t\t\t\t\t\t\t\t\t\t\t\t<\/div>\n\t\t\t\t\t\t<\/div>\n\t\t\t\t\t<\/div>\n\t\t\t\t\t\t\t\t\t<div class=\"accordion-item semead-topic\">\n\t\t\t\t\t\t<h2 class=\"accordion-header\" id=\"semead-accordion-1-heading-6\">\n\t\t\t\t\t\t\t<button\n\t\t\t\t\t\t\t\tclass=\"accordion-button collapsed\"\n\t\t\t\t\t\t\t\ttype=\"button\"\n\t\t\t\t\t\t\t\tdata-bs-toggle=\"collapse\"\n\t\t\t\t\t\t\t\tdata-bs-target=\"#semead-accordion-1-collapse-6\"\n\t\t\t\t\t\t\t\taria-expanded=\"false\"\n\t\t\t\t\t\t\t\taria-controls=\"semead-accordion-1-collapse-6\"\n\t\t\t\t\t\t\t>\n\t\t\t\t\t\t\t\t6. Innovaci\u00f3n: Enfoques Integrados para Proyectos y Procesos\t\t\t\t\t\t\t<\/button>\n\t\t\t\t\t\t<\/h2>\n\t\t\t\t\t\t<div\n\t\t\t\t\t\t\tid=\"semead-accordion-1-collapse-6\"\n\t\t\t\t\t\t\tclass=\"accordion-collapse collapse\"\n\t\t\t\t\t\t\taria-labelledby=\"semead-accordion-1-heading-6\"\n\t\t\t\t\t\t\tdata-bs-parent=\"#semead-accordion-1\"\n\t\t\t\t\t\t>\n\t\t\t\t\t\t\t<div class=\"accordion-body\">\n\t\t\t\t\t\t\t\t\n\t\t\t\t\t\t\t\t\t\t\t\t\t\t\t\t\t<div class=\"semead-topic__description\"><p>Fundamentos te\u00f3ricos, marcos y metodolog\u00edas de la innovaci\u00f3n en proyectos y procesos; Herramientas y pr\u00e1cticas para la gesti\u00f3n de proyectos y procesos innovadores; Portafolios y programas integrados de innovaci\u00f3n, CT e I e ID e I; Integraci\u00f3n entre I e D, operaciones y proyectos en centros de innovaci\u00f3n; Procesos ambidiestros y proyectos de innovaci\u00f3n y mejora continua; Innovaci\u00f3n abierta y colaboraci\u00f3n interorganizacional en proyectos y procesos; Gobernanza, liderazgo y m\u00e9tricas para la innovaci\u00f3n en proyectos y procesos; Transformaci\u00f3n digital e innovaci\u00f3n orientada por datos en proyectos y procesos; M\u00e9todos \u00e1giles, h\u00edbridos y adaptativos en proyectos de innovaci\u00f3n; Gesti\u00f3n de riesgos e incertidumbre en proyectos y procesos de innovaci\u00f3n; Criterios ESG y sostenibilidad en la gobernanza de proyectos y procesos de innovaci\u00f3n; Gesti\u00f3n de proyectos y procesos de innovaci\u00f3n en organizaciones p\u00fablicas e instituciones; Implementaci\u00f3n y escalabilidad de innovaciones mediante estructuras de proyectos y procesos; Otros temas emergentes relacionados con la innovaci\u00f3n: enfoques integrados para proyectos y procesos.<\/p>\n<\/div>\n\t\t\t\t\t\t\t\t\n\t\t\t\t\t\t\t\t\t\t\t\t\t\t\t\t\t<div class=\"semead-leaders row row-cols-1 row-cols-md-2 row-cols-lg-3 g-4\">\n\t\t\t\t\t\t\t\t\t\t\t\t\t\t\t\t\t\t\t\t\t<div class=\"col\">\n\t\t\t\t\t\t\t\t\t\t\t\t<div class=\"semead-leader card h-100 border-0 text-center\">\n\t\t\t\t\t\t\t\t\t\t\t\t\t<div class=\"card-body\">\n\t\t\t\t\t\t\t\t\t\t\t\t\t\t<img data-recalc-dims=\"1\"\n\t\t\t\t\t\t\t\t\t\t\t\t\t\t\tclass=\"semead-leader__image rounded-circle\"\n\t\t\t\t\t\t\t\t\t\t\t\t\t\t\tsrc=\"https:\/\/i0.wp.com\/semead.com.br\/29\/wp-content\/uploads\/sites\/21\/2026\/04\/Isabel-C-Scafuto.jpg?resize=150%2C150&#038;ssl=1\"\n\t\t\t\t\t\t\t\t\t\t\t\t\t\t\talt=\"L\u00edder: Profa. Dra. Isabel Cristina Scafuto - UNINOVE\"\n\t\t\t\t\t\t\t\t\t\t\t\t\t\t\tloading=\"lazy\"\n\t\t\t\t\t\t\t\t\t\t\t\t\t\t\twidth=\"150\"\n\t\t\t\t\t\t\t\t\t\t\t\t\t\t\theight=\"150\"\n\t\t\t\t\t\t\t\t\t\t\t\t\t\t>\n\t\t\t\t\t\t\t\t\t\t\t\t\t\t<div class=\"semead-leader__name\"><em>L\u00edder: Profa. Dra. Isabel Cristina Scafuto - UNINOVE<\/em><\/div>\n\t\t\t\t\t\t\t\t\t\t\t\t\t<\/div>\n\t\t\t\t\t\t\t\t\t\t\t\t<\/div>\n\t\t\t\t\t\t\t\t\t\t\t<\/div>\n\t\t\t\t\t\t\t\t\t\t\t\t\t\t\t\t\t\t\t\t\t<div class=\"col\">\n\t\t\t\t\t\t\t\t\t\t\t\t<div class=\"semead-leader card h-100 border-0 text-center\">\n\t\t\t\t\t\t\t\t\t\t\t\t\t<div class=\"card-body\">\n\t\t\t\t\t\t\t\t\t\t\t\t\t\t<img data-recalc-dims=\"1\"\n\t\t\t\t\t\t\t\t\t\t\t\t\t\t\tclass=\"semead-leader__image rounded-circle\"\n\t\t\t\t\t\t\t\t\t\t\t\t\t\t\tsrc=\"https:\/\/i0.wp.com\/semead.com.br\/29\/wp-content\/uploads\/sites\/21\/2026\/04\/Alex-Fabianne.jpg?resize=150%2C150&#038;ssl=1\"\n\t\t\t\t\t\t\t\t\t\t\t\t\t\t\talt=\"Co-L\u00edder: Prof. Dr. Alex Fabianne de Paulo - UFG\"\n\t\t\t\t\t\t\t\t\t\t\t\t\t\t\tloading=\"lazy\"\n\t\t\t\t\t\t\t\t\t\t\t\t\t\t\twidth=\"150\"\n\t\t\t\t\t\t\t\t\t\t\t\t\t\t\theight=\"150\"\n\t\t\t\t\t\t\t\t\t\t\t\t\t\t>\n\t\t\t\t\t\t\t\t\t\t\t\t\t\t<div class=\"semead-leader__name\"><em>Co-L\u00edder: Prof. Dr. Alex Fabianne de Paulo - UFG<\/em><\/div>\n\t\t\t\t\t\t\t\t\t\t\t\t\t<\/div>\n\t\t\t\t\t\t\t\t\t\t\t\t<\/div>\n\t\t\t\t\t\t\t\t\t\t\t<\/div>\n\t\t\t\t\t\t\t\t\t\t\t\t\t\t\t\t\t\t\t<\/div>\n\t\t\t\t\t\t\t\t\t\t\t\t\t\t\t<\/div>\n\t\t\t\t\t\t<\/div>\n\t\t\t\t\t<\/div>\n\t\t\t\t\t\t\t\t\t<div class=\"accordion-item semead-topic\">\n\t\t\t\t\t\t<h2 class=\"accordion-header\" id=\"semead-accordion-1-heading-7\">\n\t\t\t\t\t\t\t<button\n\t\t\t\t\t\t\t\tclass=\"accordion-button collapsed\"\n\t\t\t\t\t\t\t\ttype=\"button\"\n\t\t\t\t\t\t\t\tdata-bs-toggle=\"collapse\"\n\t\t\t\t\t\t\t\tdata-bs-target=\"#semead-accordion-1-collapse-7\"\n\t\t\t\t\t\t\t\taria-expanded=\"false\"\n\t\t\t\t\t\t\t\taria-controls=\"semead-accordion-1-collapse-7\"\n\t\t\t\t\t\t\t>\n\t\t\t\t\t\t\t\t7. Redes, Ecosistemas y Ambientes de Innovaci\u00f3n\t\t\t\t\t\t\t<\/button>\n\t\t\t\t\t\t<\/h2>\n\t\t\t\t\t\t<div\n\t\t\t\t\t\t\tid=\"semead-accordion-1-collapse-7\"\n\t\t\t\t\t\t\tclass=\"accordion-collapse collapse\"\n\t\t\t\t\t\t\taria-labelledby=\"semead-accordion-1-heading-7\"\n\t\t\t\t\t\t\tdata-bs-parent=\"#semead-accordion-1\"\n\t\t\t\t\t\t>\n\t\t\t\t\t\t\t<div class=\"accordion-body\">\n\t\t\t\t\t\t\t\t\n\t\t\t\t\t\t\t\t\t\t\t\t\t\t\t\t\t<div class=\"semead-topic__description\"><p>Gesti\u00f3n de la innovaci\u00f3n en contextos interorganizacionales y territoriales, con \u00e9nfasis en las interacciones, arreglos colaborativos, estrategias y mecanismos de gobernanza que estructuran redes, ecosistemas y ambientes de innovaci\u00f3n, involucrando a organizaciones, instituciones de Ciencia, Tecnolog\u00eda e Innovaci\u00f3n (CT e I), gobiernos y dem\u00e1s actores sociales y econ\u00f3micos. Incluye alianzas p\u00fablico-privadas para la innovaci\u00f3n; modelos de innovaci\u00f3n abierta, como coproducci\u00f3n, codise\u00f1o y cocreaci\u00f3n; din\u00e1micas de incubadoras, aceleradoras, parques, polos y distritos tecnol\u00f3gicos; ciudades inteligentes; econom\u00eda creativa; y otros temas emergentes y de frontera relacionados con el campo.<\/p>\n<\/div>\n\t\t\t\t\t\t\t\t\n\t\t\t\t\t\t\t\t\t\t\t\t\t\t\t\t\t<div class=\"semead-leaders row row-cols-1 row-cols-md-2 row-cols-lg-3 g-4\">\n\t\t\t\t\t\t\t\t\t\t\t\t\t\t\t\t\t\t\t\t\t<div class=\"col\">\n\t\t\t\t\t\t\t\t\t\t\t\t<div class=\"semead-leader card h-100 border-0 text-center\">\n\t\t\t\t\t\t\t\t\t\t\t\t\t<div class=\"card-body\">\n\t\t\t\t\t\t\t\t\t\t\t\t\t\t<img data-recalc-dims=\"1\"\n\t\t\t\t\t\t\t\t\t\t\t\t\t\t\tclass=\"semead-leader__image rounded-circle\"\n\t\t\t\t\t\t\t\t\t\t\t\t\t\t\tsrc=\"https:\/\/i0.wp.com\/semead.com.br\/29\/wp-content\/uploads\/sites\/21\/2026\/04\/Ana-Claudia-Azevedo-2.jpg?resize=150%2C150&#038;ssl=1\"\n\t\t\t\t\t\t\t\t\t\t\t\t\t\t\talt=\"L\u00edder: Profa. Dra. Ana Cl\u00e1udia Azevedo - Universidade Federal de Vi\u00e7osa (UFV)\"\n\t\t\t\t\t\t\t\t\t\t\t\t\t\t\tloading=\"lazy\"\n\t\t\t\t\t\t\t\t\t\t\t\t\t\t\twidth=\"150\"\n\t\t\t\t\t\t\t\t\t\t\t\t\t\t\theight=\"150\"\n\t\t\t\t\t\t\t\t\t\t\t\t\t\t>\n\t\t\t\t\t\t\t\t\t\t\t\t\t\t<div class=\"semead-leader__name\"><em>L\u00edder: Profa. Dra. Ana Cl\u00e1udia Azevedo - Universidade Federal de Vi\u00e7osa (UFV)<\/em><\/div>\n\t\t\t\t\t\t\t\t\t\t\t\t\t<\/div>\n\t\t\t\t\t\t\t\t\t\t\t\t<\/div>\n\t\t\t\t\t\t\t\t\t\t\t<\/div>\n\t\t\t\t\t\t\t\t\t\t\t\t\t\t\t\t\t\t\t\t\t<div class=\"col\">\n\t\t\t\t\t\t\t\t\t\t\t\t<div class=\"semead-leader card h-100 border-0 text-center\">\n\t\t\t\t\t\t\t\t\t\t\t\t\t<div class=\"card-body\">\n\t\t\t\t\t\t\t\t\t\t\t\t\t\t<img data-recalc-dims=\"1\"\n\t\t\t\t\t\t\t\t\t\t\t\t\t\t\tclass=\"semead-leader__image rounded-circle\"\n\t\t\t\t\t\t\t\t\t\t\t\t\t\t\tsrc=\"https:\/\/i0.wp.com\/semead.com.br\/29\/wp-content\/uploads\/sites\/21\/2026\/04\/Bruno-de-Souza-Lessa.jpg?resize=150%2C150&#038;ssl=1\"\n\t\t\t\t\t\t\t\t\t\t\t\t\t\t\talt=\"Co-L\u00edder: Prof. Dr. Bruno de Souza Lessa - Universidade de Fortaleza (UNIFOR)\"\n\t\t\t\t\t\t\t\t\t\t\t\t\t\t\tloading=\"lazy\"\n\t\t\t\t\t\t\t\t\t\t\t\t\t\t\twidth=\"150\"\n\t\t\t\t\t\t\t\t\t\t\t\t\t\t\theight=\"150\"\n\t\t\t\t\t\t\t\t\t\t\t\t\t\t>\n\t\t\t\t\t\t\t\t\t\t\t\t\t\t<div class=\"semead-leader__name\"><em>Co-L\u00edder: Prof. Dr. Bruno de Souza Lessa - Universidade de Fortaleza (UNIFOR)<\/em><\/div>\n\t\t\t\t\t\t\t\t\t\t\t\t\t<\/div>\n\t\t\t\t\t\t\t\t\t\t\t\t<\/div>\n\t\t\t\t\t\t\t\t\t\t\t<\/div>\n\t\t\t\t\t\t\t\t\t\t\t\t\t\t\t\t\t\t\t\t\t<div class=\"col\">\n\t\t\t\t\t\t\t\t\t\t\t\t<div class=\"semead-leader card h-100 border-0 text-center\">\n\t\t\t\t\t\t\t\t\t\t\t\t\t<div class=\"card-body\">\n\t\t\t\t\t\t\t\t\t\t\t\t\t\t<img data-recalc-dims=\"1\"\n\t\t\t\t\t\t\t\t\t\t\t\t\t\t\tclass=\"semead-leader__image rounded-circle\"\n\t\t\t\t\t\t\t\t\t\t\t\t\t\t\tsrc=\"https:\/\/i0.wp.com\/semead.com.br\/29\/wp-content\/uploads\/sites\/21\/2026\/04\/Camilo-Pena-Ramirez.jpg?resize=150%2C150&#038;ssl=1\"\n\t\t\t\t\t\t\t\t\t\t\t\t\t\t\talt=\"Co-L\u00edder Internacional: Prof. Dr. Camilo Pe\u00f1a-Ram\u00edrez - UPLA, Chile\"\n\t\t\t\t\t\t\t\t\t\t\t\t\t\t\tloading=\"lazy\"\n\t\t\t\t\t\t\t\t\t\t\t\t\t\t\twidth=\"150\"\n\t\t\t\t\t\t\t\t\t\t\t\t\t\t\theight=\"150\"\n\t\t\t\t\t\t\t\t\t\t\t\t\t\t>\n\t\t\t\t\t\t\t\t\t\t\t\t\t\t<div class=\"semead-leader__name\"><em>Co-L\u00edder Internacional: Prof. Dr. Camilo Pe\u00f1a-Ram\u00edrez - UPLA, Chile<\/em><\/div>\n\t\t\t\t\t\t\t\t\t\t\t\t\t<\/div>\n\t\t\t\t\t\t\t\t\t\t\t\t<\/div>\n\t\t\t\t\t\t\t\t\t\t\t<\/div>\n\t\t\t\t\t\t\t\t\t\t\t\t\t\t\t\t\t\t\t<\/div>\n\t\t\t\t\t\t\t\t\t\t\t\t\t\t\t<\/div>\n\t\t\t\t\t\t<\/div>\n\t\t\t\t\t<\/div>\n\t\t\t\t\t\t\t<\/div>\n\t\t<\/div>\n\n\n\n<p class=\"wp-block-paragraph\"><\/p>\n","protected":false},"excerpt":{"rendered":"","protected":false},"author":8,"featured_media":0,"parent":35599,"menu_order":120,"comment_status":"closed","ping_status":"closed","template":"","meta":{"_acf_changed":false,"tpgb_global_settings":"","inline_featured_image":false,"_monsterinsights_skip_tracking":false,"_monsterinsights_sitenote_active":false,"_monsterinsights_sitenote_note":"","_monsterinsights_sitenote_category":0,"footnotes":""},"class_list":["post-21015","page","type-page","status-publish","hentry"],"acf":{"coordenadores":[{"titulo":"Coordinador: ","nome":"","instituicao":"FEA-USP","imagem":34888},{"titulo":"","nome":"Prof. Dr. Guilherme Ary Plonski ","instituicao":"FEA-USP","imagem":34885}],"audio_da_coordenacao":"","temas":[{"tema_nome":"Dimensiones de la Creatividad, el Comportamiento y la Cultura Organizacional para la Innovaci\u00f3n","tema_descricao":"Formas de promoci\u00f3n, est\u00edmulo y apoyo a la creatividad para la innovaci\u00f3n. Desaf\u00edos de comportamiento derivados de acciones asociadas a la innovaci\u00f3n. Administraci\u00f3n de los cambios organizacionales, en diferentes espacios, derivados de innovaciones. Cultura organizacional para la creatividad y la innovaci\u00f3n. Gesti\u00f3n de equipos multidisciplinarios e innovaci\u00f3n. Gesti\u00f3n de la diversidad e innovaci\u00f3n. Innovaci\u00f3n en tiempos de redes sociales e inteligencia artificial. Otros temas de frontera relacionados con el tema.","audio":"","lideres":[{"lider_nome":"L\u00edder: Prof. Dr. Jo\u00e3o Ant\u00f4nio Gomes Pereira - UNIPAMPA","lider_foto":36273},{"lider_nome":"Co-L\u00edder: Profa. Dra. Cristina Doritta Brand\u00e3o Majorana - IEA USP","lider_foto":36274}]},{"tema_nome":"Estrategias y Pol\u00edticas de Innovaci\u00f3n","tema_descricao":"Estrategias para la creaci\u00f3n, difusi\u00f3n y adopci\u00f3n de la Ciencia, la Tecnolog\u00eda y la Innovaci\u00f3n (CT e I), considerando su papel en la generaci\u00f3n de valor econ\u00f3mico, social y socioecol\u00f3gico. An\u00e1lisis del contexto competitivo y sist\u00e9mico de la CT e I, incluyendo modelos, herramientas y m\u00e9todos de apoyo a los procesos de toma de decisiones en los diversos tipos de innovaci\u00f3n (tecnol\u00f3gicas y no tecnol\u00f3gicas, radicales e incrementales, disruptivas o no, locales, inversas, abiertas o cerradas). \u00c9nfasis en enfoques emergentes que integran innovaci\u00f3n y regeneraci\u00f3n, explorando c\u00f3mo las organizaciones, los ecosistemas y las pol\u00edticas p\u00fablicas pueden contribuir a la renovaci\u00f3n de sistemas naturales y sociales. Contexto pol\u00edtico e institucional de la CT e I, incluyendo pol\u00edticas, instrumentos de fomento e incentivos a nivel nacional y subnacional, as\u00ed como el papel de la CT e I en los negocios y las relaciones internacionales. Incluye adem\u00e1s temas como ecosistemas de innovaci\u00f3n socioecol\u00f3gicos, bioeconom\u00eda, deep techs para grandes desaf\u00edos, innovaci\u00f3n orientada a los stakeholders y estrategias regenerativas. Otros temas de frontera relacionados con las estrategias y\/o pol\u00edticas de CT e I.","audio":"","lideres":[{"lider_nome":"L\u00edder: Prof. Dr. Jefferson Luiz Bution - FEA-USP","lider_foto":36279},{"lider_nome":"Co-L\u00edder: Profa. Dra. Silvia De Tommaso - PGT FEA-USP e FIA Business School","lider_foto":36283},{"lider_nome":"Co-L\u00edder Internacional: Profa. Dra. Oana Branzei","lider_foto":36282}]},{"tema_nome":"Gesti\u00f3n del Conocimiento, Propiedad Intelectual y Transferencia de Tecnolog\u00eda","tema_descricao":"Gesti\u00f3n del conocimiento y propiedad intelectual en empresas e Instituciones Cient\u00edfico-Tecnol\u00f3gicas (ICTs). Transferencia de tecnolog\u00edas producidas en la academia hacia otras organizaciones, incluyendo estrategias y aspectos contractuales para el licenciamiento y la comercializaci\u00f3n de tecnolog\u00edas, la creaci\u00f3n de empresas derivadas de las ICTs (spin-offs), as\u00ed como otras formas de transferencia de tecnolog\u00eda. El papel de los N\u00facleos de Innovaci\u00f3n Tecnol\u00f3gica y otros actores en el proceso de transferencia de tecnolog\u00eda. Otros temas de frontera que conecten estos elementos clave.","audio":"","lideres":[{"lider_nome":"L\u00edder: Profa. Dra. Aline Mariane de Faria - Centro Universit\u00e1rio FEI","lider_foto":36268},{"lider_nome":"Co-L\u00edder: Prof. Dr. Natan de Souza Marques - CEPID ARIES","lider_foto":36281}]},{"tema_nome":"Innovaci\u00f3n Disruptiva y Creaci\u00f3n de Nuevos Mercados","tema_descricao":"Innovaci\u00f3n disruptiva y creaci\u00f3n de nuevos mercados; Modelos de negocio disruptivos; Deep techs e innovaci\u00f3n basada en avances cient\u00edficos; Tecnolog\u00edas emergentes y paradigmas tecnol\u00f3gicos en contextos de alta incertidumbre y ciclo largo; Deep techs e innovaciones de base cient\u00edfico-tecnol\u00f3gica y la creaci\u00f3n de nuevos mercados; Trayectorias tecnol\u00f3gicas y din\u00e1micas competitivas asociadas a nuevas tecnolog\u00edas; Transformaciones sectoriales impulsadas por tecnolog\u00edas cient\u00edficas avanzadas; Transici\u00f3n de la investigaci\u00f3n cient\u00edfica hacia la innovaci\u00f3n y la creaci\u00f3n de mercados; Superaci\u00f3n del valle de la muerte en tecnolog\u00edas basadas en la ciencia; Transici\u00f3n entre ecosistemas de conocimiento\/investigaci\u00f3n, emprendimiento e innovaci\u00f3n; Din\u00e1mica de ecosistemas emprendedores basados en tecnolog\u00edas emergentes, disruptivas y\/o deep techs; Interacciones entre universidades, empresas, gobierno y sociedad desde la perspectiva de la triple, cu\u00e1druple y qu\u00edntuple h\u00e9lice de la innovaci\u00f3n; Evoluci\u00f3n y transformaci\u00f3n de ecosistemas de innovaci\u00f3n asociada a la emergencia de innovaciones disruptivas; Gobernanza y orquestaci\u00f3n de ecosistemas de innovaci\u00f3n para la creaci\u00f3n y consolidaci\u00f3n de nuevos mercados.","audio":"","lideres":[{"lider_nome":"L\u00edder: Prof. Dr. Jo\u00e3o Paulo Nascimento da Silva - Universidade Federal de Juiz de Fora","lider_foto":36280},{"lider_nome":"Co-L\u00edder: Prof. Dr. Andr\u00e9 Grutzmann - Universidade Federal de Lavras (UFLA)","lider_foto":36270}]},{"tema_nome":"Innovaci\u00f3n Frugal: Soluciones Accesibles, Sostenibles y de Alto Impacto","tema_descricao":"Fundamentos te\u00f3ricos y conceptuales de la innovaci\u00f3n frugal; Modelos de negocio basados en la innovaci\u00f3n frugal; Estrategias empresariales frugales en grandes, medianas y peque\u00f1as empresas; Tecnolog\u00edas accesibles y soluciones de bajo costo con alto impacto; Innovaci\u00f3n frugal en pol\u00edticas p\u00fablicas y desarrollo territorial; Pr\u00e1cticas frugales en sostenibilidad, econom\u00eda circular e inclusi\u00f3n social; Cocreaci\u00f3n e innovaci\u00f3n con comunidades y usuarios finales; Medici\u00f3n de impacto y evaluaci\u00f3n de desempe\u00f1o en iniciativas frugales; Negocios de impacto social y ambiental positivo con enfoque frugal; Otros temas emergentes relacionados con la innovaci\u00f3n frugal.","audio":"","lideres":[{"lider_nome":"L\u00edder: Prof. Dr. Giancarlo Gomes - Universidade de Blumenau (FURB)","lider_foto":36275},{"lider_nome":"Co-L\u00edder: Profa. Dra. Maria Lima Toivanen - Innodeva e Rede Brasileira de Inova\u00e7\u00e3o Frugal","lider_foto":36276},{"lider_nome":"Co-L\u00edder Internacional: Prof. Dr. Mario Andres Manzi Puertas","lider_foto":36277}]},{"tema_nome":"Innovaci\u00f3n: Enfoques Integrados para Proyectos y Procesos","tema_descricao":"Fundamentos te\u00f3ricos, marcos y metodolog\u00edas de la innovaci\u00f3n en proyectos y procesos; Herramientas y pr\u00e1cticas para la gesti\u00f3n de proyectos y procesos innovadores; Portafolios y programas integrados de innovaci\u00f3n, CT e I e ID e I; Integraci\u00f3n entre I e D, operaciones y proyectos en centros de innovaci\u00f3n; Procesos ambidiestros y proyectos de innovaci\u00f3n y mejora continua; Innovaci\u00f3n abierta y colaboraci\u00f3n interorganizacional en proyectos y procesos; Gobernanza, liderazgo y m\u00e9tricas para la innovaci\u00f3n en proyectos y procesos; Transformaci\u00f3n digital e innovaci\u00f3n orientada por datos en proyectos y procesos; M\u00e9todos \u00e1giles, h\u00edbridos y adaptativos en proyectos de innovaci\u00f3n; Gesti\u00f3n de riesgos e incertidumbre en proyectos y procesos de innovaci\u00f3n; Criterios ESG y sostenibilidad en la gobernanza de proyectos y procesos de innovaci\u00f3n; Gesti\u00f3n de proyectos y procesos de innovaci\u00f3n en organizaciones p\u00fablicas e instituciones; Implementaci\u00f3n y escalabilidad de innovaciones mediante estructuras de proyectos y procesos; Otros temas emergentes relacionados con la innovaci\u00f3n: enfoques integrados para proyectos y procesos.","audio":"","lideres":[{"lider_nome":"L\u00edder: Profa. Dra. Isabel Cristina Scafuto - UNINOVE","lider_foto":36278},{"lider_nome":"Co-L\u00edder: Prof. Dr. Alex Fabianne de Paulo - UFG","lider_foto":36267}]},{"tema_nome":"Redes, Ecosistemas y Ambientes de Innovaci\u00f3n","tema_descricao":"Gesti\u00f3n de la innovaci\u00f3n en contextos interorganizacionales y territoriales, con \u00e9nfasis en las interacciones, arreglos colaborativos, estrategias y mecanismos de gobernanza que estructuran redes, ecosistemas y ambientes de innovaci\u00f3n, involucrando a organizaciones, instituciones de Ciencia, Tecnolog\u00eda e Innovaci\u00f3n (CT e I), gobiernos y dem\u00e1s actores sociales y econ\u00f3micos. Incluye alianzas p\u00fablico-privadas para la innovaci\u00f3n; modelos de innovaci\u00f3n abierta, como coproducci\u00f3n, codise\u00f1o y cocreaci\u00f3n; din\u00e1micas de incubadoras, aceleradoras, parques, polos y distritos tecnol\u00f3gicos; ciudades inteligentes; econom\u00eda creativa; y otros temas emergentes y de frontera relacionados con el campo.","audio":"","lideres":[{"lider_nome":"L\u00edder: Profa. Dra. Ana Cl\u00e1udia Azevedo - Universidade Federal de Vi\u00e7osa (UFV)","lider_foto":36269},{"lider_nome":"Co-L\u00edder: Prof. Dr. Bruno de Souza Lessa - Universidade de Fortaleza (UNIFOR)","lider_foto":36271},{"lider_nome":"Co-L\u00edder Internacional: Prof. Dr. Camilo Pe\u00f1a-Ram\u00edrez - UPLA, Chile","lider_foto":36272}]}]},"yoast_head":"<!-- This site is optimized with the Yoast SEO plugin v28.4 - https:\/\/yoast.com\/product\/yoast-seo-wordpress\/ -->\n<title>Gesti\u00f3n de la Innovaci\u00f3n - XXIX SemeAd<\/title>\n<meta name=\"robots\" content=\"index, follow, max-snippet:-1, max-image-preview:large, max-video-preview:-1\" \/>\n<link rel=\"canonical\" href=\"https:\/\/semead.com.br\/29\/es\/areas-2\/areas-cientificas\/gestion-de-la-innovacion\/\" \/>\n<meta property=\"og:locale\" content=\"es_ES\" \/>\n<meta property=\"og:type\" content=\"article\" \/>\n<meta property=\"og:title\" content=\"Gesti\u00f3n de la Innovaci\u00f3n - XXIX SemeAd\" \/>\n<meta property=\"og:url\" content=\"https:\/\/semead.com.br\/29\/es\/areas-2\/areas-cientificas\/gestion-de-la-innovacion\/\" \/>\n<meta property=\"og:site_name\" content=\"XXIX SemeAd\" \/>\n<meta property=\"article:modified_time\" content=\"2026-08-23T01:17:33+00:00\" \/>\n<meta name=\"twitter:card\" content=\"summary_large_image\" \/>\n<script type=\"application\/ld+json\" class=\"yoast-schema-graph\">{\"@context\":\"https:\\\/\\\/schema.org\",\"@graph\":[{\"@type\":\"WebPage\",\"@id\":\"https:\\\/\\\/semead.com.br\\\/29\\\/es\\\/areas-2\\\/areas-cientificas\\\/gestion-de-la-innovacion\\\/\",\"url\":\"https:\\\/\\\/semead.com.br\\\/29\\\/es\\\/areas-2\\\/areas-cientificas\\\/gestion-de-la-innovacion\\\/\",\"name\":\"Gesti\u00f3n de la Innovaci\u00f3n - XXIX SemeAd\",\"isPartOf\":{\"@id\":\"https:\\\/\\\/semead.com.br\\\/29\\\/es\\\/#website\"},\"datePublished\":\"2021-07-01T11:49:06+00:00\",\"dateModified\":\"2026-08-23T01:17:33+00:00\",\"breadcrumb\":{\"@id\":\"https:\\\/\\\/semead.com.br\\\/29\\\/es\\\/areas-2\\\/areas-cientificas\\\/gestion-de-la-innovacion\\\/#breadcrumb\"},\"inLanguage\":\"es\",\"potentialAction\":[{\"@type\":\"ReadAction\",\"target\":[\"https:\\\/\\\/semead.com.br\\\/29\\\/es\\\/areas-2\\\/areas-cientificas\\\/gestion-de-la-innovacion\\\/\"]}]},{\"@type\":\"BreadcrumbList\",\"@id\":\"https:\\\/\\\/semead.com.br\\\/29\\\/es\\\/areas-2\\\/areas-cientificas\\\/gestion-de-la-innovacion\\\/#breadcrumb\",\"itemListElement\":[{\"@type\":\"ListItem\",\"position\":1,\"name\":\"In\u00edcio\",\"item\":\"https:\\\/\\\/semead.com.br\\\/29\\\/es\\\/\"},{\"@type\":\"ListItem\",\"position\":2,\"name\":\"Areas\",\"item\":\"https:\\\/\\\/semead.com.br\\\/29\\\/es\\\/areas-2\\\/\"},{\"@type\":\"ListItem\",\"position\":3,\"name\":\"\u00c1reas Cient\u00edficas\",\"item\":\"https:\\\/\\\/semead.com.br\\\/29\\\/es\\\/areas-2\\\/areas-cientificas\\\/\"},{\"@type\":\"ListItem\",\"position\":4,\"name\":\"Gesti\u00f3n de la Innovaci\u00f3n\"}]},{\"@type\":\"WebSite\",\"@id\":\"https:\\\/\\\/semead.com.br\\\/29\\\/es\\\/#website\",\"url\":\"https:\\\/\\\/semead.com.br\\\/29\\\/es\\\/\",\"name\":\"XXIX SemeAd\",\"description\":\"Semin\u00e1rios em administra\u00e7\u00e3o\",\"potentialAction\":[{\"@type\":\"SearchAction\",\"target\":{\"@type\":\"EntryPoint\",\"urlTemplate\":\"https:\\\/\\\/semead.com.br\\\/29\\\/es\\\/?s={search_term_string}\"},\"query-input\":{\"@type\":\"PropertyValueSpecification\",\"valueRequired\":true,\"valueName\":\"search_term_string\"}}],\"inLanguage\":\"es\"}]}<\/script>\n<!-- \/ Yoast SEO plugin. -->","yoast_head_json":{"title":"Gesti\u00f3n de la Innovaci\u00f3n - XXIX SemeAd","robots":{"index":"index","follow":"follow","max-snippet":"max-snippet:-1","max-image-preview":"max-image-preview:large","max-video-preview":"max-video-preview:-1"},"canonical":"https:\/\/semead.com.br\/29\/es\/areas-2\/areas-cientificas\/gestion-de-la-innovacion\/","og_locale":"es_ES","og_type":"article","og_title":"Gesti\u00f3n de la Innovaci\u00f3n - XXIX SemeAd","og_url":"https:\/\/semead.com.br\/29\/es\/areas-2\/areas-cientificas\/gestion-de-la-innovacion\/","og_site_name":"XXIX SemeAd","article_modified_time":"2026-08-23T01:17:33+00:00","twitter_card":"summary_large_image","schema":{"@context":"https:\/\/schema.org","@graph":[{"@type":"WebPage","@id":"https:\/\/semead.com.br\/29\/es\/areas-2\/areas-cientificas\/gestion-de-la-innovacion\/","url":"https:\/\/semead.com.br\/29\/es\/areas-2\/areas-cientificas\/gestion-de-la-innovacion\/","name":"Gesti\u00f3n de la Innovaci\u00f3n - XXIX SemeAd","isPartOf":{"@id":"https:\/\/semead.com.br\/29\/es\/#website"},"datePublished":"2021-07-01T11:49:06+00:00","dateModified":"2026-08-23T01:17:33+00:00","breadcrumb":{"@id":"https:\/\/semead.com.br\/29\/es\/areas-2\/areas-cientificas\/gestion-de-la-innovacion\/#breadcrumb"},"inLanguage":"es","potentialAction":[{"@type":"ReadAction","target":["https:\/\/semead.com.br\/29\/es\/areas-2\/areas-cientificas\/gestion-de-la-innovacion\/"]}]},{"@type":"BreadcrumbList","@id":"https:\/\/semead.com.br\/29\/es\/areas-2\/areas-cientificas\/gestion-de-la-innovacion\/#breadcrumb","itemListElement":[{"@type":"ListItem","position":1,"name":"In\u00edcio","item":"https:\/\/semead.com.br\/29\/es\/"},{"@type":"ListItem","position":2,"name":"Areas","item":"https:\/\/semead.com.br\/29\/es\/areas-2\/"},{"@type":"ListItem","position":3,"name":"\u00c1reas Cient\u00edficas","item":"https:\/\/semead.com.br\/29\/es\/areas-2\/areas-cientificas\/"},{"@type":"ListItem","position":4,"name":"Gesti\u00f3n de la Innovaci\u00f3n"}]},{"@type":"WebSite","@id":"https:\/\/semead.com.br\/29\/es\/#website","url":"https:\/\/semead.com.br\/29\/es\/","name":"XXIX SemeAd","description":"Semin\u00e1rios em administra\u00e7\u00e3o","potentialAction":[{"@type":"SearchAction","target":{"@type":"EntryPoint","urlTemplate":"https:\/\/semead.com.br\/29\/es\/?s={search_term_string}"},"query-input":{"@type":"PropertyValueSpecification","valueRequired":true,"valueName":"search_term_string"}}],"inLanguage":"es"}]}},"tpgb_featured_images":null,"tpgb_post_meta_info":{"get_date":"1 de julio de 2021","get_modified_date":"22 de agosto de 2026","author_name":"amandaaguiarbarbosa","author_url":"https:\/\/semead.com.br\/29\/es\/author\/amandaaguiarbarbosa\/","author_email":"amandaaguiarbarbosa@usp.br","author_website":"","author_description":"","author_facebook":"","author_twitter":"","author_instagram":"","author_role":[],"author_firstname":"Amanda","author_lastname":"Barbosa","user_login":"amandaaguiarbarbosa","author_avatar":"<img alt='' src='https:\/\/secure.gravatar.com\/avatar\/0e2e26878f42b625151adb4996e7d9070b31dcf6bf686bd693f5ba2bab5a0f32?s=200&#038;d=mm&#038;r=g' srcset='https:\/\/secure.gravatar.com\/avatar\/0e2e26878f42b625151adb4996e7d9070b31dcf6bf686bd693f5ba2bab5a0f32?s=400&#038;d=mm&#038;r=g 2x' class='avatar avatar-200 photo' height='200' width='200' decoding='async'\/>","author_avatar_url":"https:\/\/secure.gravatar.com\/avatar\/0e2e26878f42b625151adb4996e7d9070b31dcf6bf686bd693f5ba2bab5a0f32?s=96&d=mm&r=g","comment_count":0,"post_likes":0,"post_views":0},"tpgb_post_category":[],"jetpack_sharing_enabled":true,"_links":{"self":[{"href":"https:\/\/semead.com.br\/29\/es\/wp-json\/wp\/v2\/pages\/21015","targetHints":{"allow":["GET"]}}],"collection":[{"href":"https:\/\/semead.com.br\/29\/es\/wp-json\/wp\/v2\/pages"}],"about":[{"href":"https:\/\/semead.com.br\/29\/es\/wp-json\/wp\/v2\/types\/page"}],"author":[{"embeddable":true,"href":"https:\/\/semead.com.br\/29\/es\/wp-json\/wp\/v2\/users\/8"}],"replies":[{"embeddable":true,"href":"https:\/\/semead.com.br\/29\/es\/wp-json\/wp\/v2\/comments?post=21015"}],"version-history":[{"count":2,"href":"https:\/\/semead.com.br\/29\/es\/wp-json\/wp\/v2\/pages\/21015\/revisions"}],"predecessor-version":[{"id":36927,"href":"https:\/\/semead.com.br\/29\/es\/wp-json\/wp\/v2\/pages\/21015\/revisions\/36927"}],"up":[{"embeddable":true,"href":"https:\/\/semead.com.br\/29\/es\/wp-json\/wp\/v2\/pages\/35599"}],"wp:attachment":[{"href":"https:\/\/semead.com.br\/29\/es\/wp-json\/wp\/v2\/media?parent=21015"}],"curies":[{"name":"wp","href":"https:\/\/api.w.org\/{rel}","templated":true}]}}