{"id":11,"date":"2013-04-26T00:09:23","date_gmt":"2013-04-26T00:09:23","guid":{"rendered":"http:\/\/semead.com.br\/?page_id=11"},"modified":"2026-04-26T12:05:37","modified_gmt":"2026-04-26T15:05:37","slug":"metodos-e-tecnicas-de-pesquisa-em-administracao","status":"publish","type":"page","link":"https:\/\/semead.com.br\/29\/areas\/cientificas\/metodos-e-tecnicas-de-pesquisa-em-administracao\/","title":{"rendered":"M\u00e9todos e T\u00e9cnicas de Pesquisa em Administra\u00e7\u00e3o"},"content":{"rendered":"<div class=\"semead-shortcode semead-shortcode--coordenacao\">\n\t\t\t\t\t\t\t<div class=\"semead-people\">\n\t\t\t\t\t\t\t\t\t\t\t<div class=\"semead-person\">\n\t\t\t\t\t\t\t<div class=\"semead-person__media\">\n\t\t\t\t\t\t\t\t<img data-recalc-dims=\"1\"\n\t\t\t\t\t\t\t\t\tclass=\"semead-person__image rounded-circle\"\n\t\t\t\t\t\t\t\t\tsrc=\"https:\/\/i0.wp.com\/semead.com.br\/29\/wp-content\/uploads\/sites\/21\/2026\/03\/Manolita-Correia-Lima.jpg?resize=150%2C150&#038;ssl=1\"\n\t\t\t\t\t\t\t\t\talt=\"Profa. Dra. Manolita Correia Lima\"\n\t\t\t\t\t\t\t\t\tloading=\"lazy\"\n\t\t\t\t\t\t\t\t\twidth=\"150\"\n\t\t\t\t\t\t\t\t\theight=\"150\"\n\t\t\t\t\t\t\t\t>\n\t\t\t\t\t\t\t<\/div>\n\t\t\t\t\t\t\t<div class=\"semead-person__content\">\n\t\t\t\t\t\t\t\t<h4 class=\"\">Coordenadora:<\/h4>\n\t\t\t\t\t\t\t\t<h3 class=\"semead-person__title\">Profa. Dra. Manolita Correia Lima<\/h3>\n\t\t\t\t\t\t\t\t\t\t\t\t\t\t\t\t\t<div class=\"semead-person__institution\">ESPM<\/div>\n\t\t\t\t\t\t\t\t\t\t\t\t\t\t\t<\/div>\n\t\t\t\t\t\t<\/div>\n\t\t\t\t\t\t\t\t\t\t\t<div class=\"semead-person\">\n\t\t\t\t\t\t\t<div class=\"semead-person__media\">\n\t\t\t\t\t\t\t\t<img data-recalc-dims=\"1\"\n\t\t\t\t\t\t\t\t\tclass=\"semead-person__image rounded-circle\"\n\t\t\t\t\t\t\t\t\tsrc=\"https:\/\/i0.wp.com\/semead.com.br\/29\/wp-content\/uploads\/sites\/21\/2026\/03\/Prof.-Dr.-Marco-Antonio-Silva.png?resize=150%2C150&#038;ssl=1\"\n\t\t\t\t\t\t\t\t\talt=\"Prof. Dr. Marco Ant\u00f4nio Silva\"\n\t\t\t\t\t\t\t\t\tloading=\"lazy\"\n\t\t\t\t\t\t\t\t\twidth=\"150\"\n\t\t\t\t\t\t\t\t\theight=\"150\"\n\t\t\t\t\t\t\t\t>\n\t\t\t\t\t\t\t<\/div>\n\t\t\t\t\t\t\t<div class=\"semead-person__content\">\n\t\t\t\t\t\t\t\t<h4 class=\"\">Coordenador Adjunto:<\/h4>\n\t\t\t\t\t\t\t\t<h3 class=\"semead-person__title\">Prof. Dr. Marco Ant\u00f4nio Silva<\/h3>\n\t\t\t\t\t\t\t\t\t\t\t\t\t\t\t\t\t<div class=\"semead-person__institution\">Universidade Lus\u00f3fona<\/div>\n\t\t\t\t\t\t\t\t\t\t\t\t\t\t\t<\/div>\n\t\t\t\t\t\t<\/div>\n\t\t\t\t\t\t\t\t\t<\/div>\n\t\t\t\n\t\t\t\t\t<\/div>\n\n\n<div class=\"semead-shortcode semead-shortcode--temas\">\n\t\t\t\t\t\t\t<h4 class=\"semead-shortcode__heading\"><strong>Temas e L\u00edderes:<\/strong><\/h4>\n\t\t\t\n\t\t\t<div class=\"accordion\" id=\"semead-accordion-1\">\n\t\t\t\t\t\t\t\t\t<div class=\"accordion-item semead-topic\">\n\t\t\t\t\t\t<h2 class=\"accordion-header\" id=\"semead-accordion-1-heading-1\">\n\t\t\t\t\t\t\t<button\n\t\t\t\t\t\t\t\tclass=\"accordion-button collapsed\"\n\t\t\t\t\t\t\t\ttype=\"button\"\n\t\t\t\t\t\t\t\tdata-bs-toggle=\"collapse\"\n\t\t\t\t\t\t\t\tdata-bs-target=\"#semead-accordion-1-collapse-1\"\n\t\t\t\t\t\t\t\taria-expanded=\"false\"\n\t\t\t\t\t\t\t\taria-controls=\"semead-accordion-1-collapse-1\"\n\t\t\t\t\t\t\t>\n\t\t\t\t\t\t\t\t1. Ambientes de Ensino e Aprendizagem\t\t\t\t\t\t\t<\/button>\n\t\t\t\t\t\t<\/h2>\n\t\t\t\t\t\t<div\n\t\t\t\t\t\t\tid=\"semead-accordion-1-collapse-1\"\n\t\t\t\t\t\t\tclass=\"accordion-collapse collapse\"\n\t\t\t\t\t\t\taria-labelledby=\"semead-accordion-1-heading-1\"\n\t\t\t\t\t\t\tdata-bs-parent=\"#semead-accordion-1\"\n\t\t\t\t\t\t>\n\t\t\t\t\t\t\t<div class=\"accordion-body\">\n\t\t\t\t\t\t\t\t\t\t\t\t\t\t\t\t\t<div class=\"semead-audio\">\n\t\t\t\t\t\t\t\t\t\t<p class=\"semead-audio__label\"><strong>Ou\u00e7a a descri\u00e7\u00e3o do tema:<\/strong><\/p>\n\t\t\t\t\t\t\t\t\t\t<a class=\"wp-embedded-audio\" href=\"https:\/\/semead.com.br\/29\/wp-content\/uploads\/sites\/21\/2026\/04\/Flavio-Henrique-dos-Santos-Foguel.png\">https:\/\/semead.com.br\/29\/wp-content\/uploads\/sites\/21\/2026\/04\/Flavio-Henrique-dos-Santos-Foguel.png<\/a>\t\t\t\t\t\t\t\t\t<\/div>\n\t\t\t\t\t\t\t\t\n\t\t\t\t\t\t\t\t\t\t\t\t\t\t\t\t\t<div class=\"semead-topic__description\"><p>Contextos sociais, f\u00edsicos, psicol\u00f3gicos e pedag\u00f3gicos em que a aprendizagem ocorre. O professor e o estudante no contexto do ensino orientado para a aprendizagem. M\u00e9todos ativos e colaborativos de ensino e aprendizagem. Processos de planejamento; desenvolvimento de m\u00e9todos, t\u00e9cnicas e ferramentas de ensino e aprendizagem; desenvolvimento de atividades, artefatos did\u00e1ticos, eventos e produtos educacionais. Desenho instrucional e ambientes educacionais. Uso de artefatos no processo de ensino-aprendizagem. Influ\u00eancia das diferen\u00e7as individuais no contexto ensino-aprendizagem. Influ\u00eancia da pandemia Covid-19 sobre o ensino-aprendizagem. Influ\u00eancia da IA no processo de ensino e aprendizagem. Influ\u00eancia de aspectos intergeracionais no processo de ensino e aprendizagem.<\/p>\n<\/div>\n\t\t\t\t\t\t\t\t\n\t\t\t\t\t\t\t\t\t\t\t\t\t\t\t\t\t<div class=\"semead-leaders row row-cols-1 row-cols-md-2 row-cols-lg-3 g-4\">\n\t\t\t\t\t\t\t\t\t\t\t\t\t\t\t\t\t\t\t\t\t<div class=\"col\">\n\t\t\t\t\t\t\t\t\t\t\t\t<div class=\"semead-leader card h-100 border-0 text-center\">\n\t\t\t\t\t\t\t\t\t\t\t\t\t<div class=\"card-body\">\n\t\t\t\t\t\t\t\t\t\t\t\t\t\t<img data-recalc-dims=\"1\"\n\t\t\t\t\t\t\t\t\t\t\t\t\t\t\tclass=\"semead-leader__image rounded-circle\"\n\t\t\t\t\t\t\t\t\t\t\t\t\t\t\tsrc=\"https:\/\/i0.wp.com\/semead.com.br\/29\/wp-content\/uploads\/sites\/21\/2026\/04\/Thiago-Gomes-de-Almeida.png?resize=150%2C150&#038;ssl=1\"\n\t\t\t\t\t\t\t\t\t\t\t\t\t\t\talt=\"L\u00edder: Prof. Dr. Thiago Gomes de Almeida - Universidade Federal de Juiz de Fora\"\n\t\t\t\t\t\t\t\t\t\t\t\t\t\t\tloading=\"lazy\"\n\t\t\t\t\t\t\t\t\t\t\t\t\t\t\twidth=\"150\"\n\t\t\t\t\t\t\t\t\t\t\t\t\t\t\theight=\"150\"\n\t\t\t\t\t\t\t\t\t\t\t\t\t\t>\n\t\t\t\t\t\t\t\t\t\t\t\t\t\t<div class=\"semead-leader__name\"><em>L\u00edder: Prof. Dr. Thiago Gomes de Almeida - Universidade Federal de Juiz de Fora<\/em><\/div>\n\t\t\t\t\t\t\t\t\t\t\t\t\t<\/div>\n\t\t\t\t\t\t\t\t\t\t\t\t<\/div>\n\t\t\t\t\t\t\t\t\t\t\t<\/div>\n\t\t\t\t\t\t\t\t\t\t\t\t\t\t\t\t\t\t\t\t\t<div class=\"col\">\n\t\t\t\t\t\t\t\t\t\t\t\t<div class=\"semead-leader card h-100 border-0 text-center\">\n\t\t\t\t\t\t\t\t\t\t\t\t\t<div class=\"card-body\">\n\t\t\t\t\t\t\t\t\t\t\t\t\t\t<img data-recalc-dims=\"1\"\n\t\t\t\t\t\t\t\t\t\t\t\t\t\t\tclass=\"semead-leader__image rounded-circle\"\n\t\t\t\t\t\t\t\t\t\t\t\t\t\t\tsrc=\"https:\/\/i0.wp.com\/semead.com.br\/29\/wp-content\/uploads\/sites\/21\/2026\/04\/Elaine-Ribeiro-Sigette.png?resize=150%2C150&#038;ssl=1\"\n\t\t\t\t\t\t\t\t\t\t\t\t\t\t\talt=\"Co-l\u00edder: Profa. Dra. Elaine Ribeiro Sigette - Universidade Federal Fluminense\"\n\t\t\t\t\t\t\t\t\t\t\t\t\t\t\tloading=\"lazy\"\n\t\t\t\t\t\t\t\t\t\t\t\t\t\t\twidth=\"150\"\n\t\t\t\t\t\t\t\t\t\t\t\t\t\t\theight=\"150\"\n\t\t\t\t\t\t\t\t\t\t\t\t\t\t>\n\t\t\t\t\t\t\t\t\t\t\t\t\t\t<div class=\"semead-leader__name\"><em>Co-l\u00edder: Profa. Dra. Elaine Ribeiro Sigette - Universidade Federal Fluminense<\/em><\/div>\n\t\t\t\t\t\t\t\t\t\t\t\t\t<\/div>\n\t\t\t\t\t\t\t\t\t\t\t\t<\/div>\n\t\t\t\t\t\t\t\t\t\t\t<\/div>\n\t\t\t\t\t\t\t\t\t\t\t\t\t\t\t\t\t\t\t\t\t<div class=\"col\">\n\t\t\t\t\t\t\t\t\t\t\t\t<div class=\"semead-leader card h-100 border-0 text-center\">\n\t\t\t\t\t\t\t\t\t\t\t\t\t<div class=\"card-body\">\n\t\t\t\t\t\t\t\t\t\t\t\t\t\t<img data-recalc-dims=\"1\"\n\t\t\t\t\t\t\t\t\t\t\t\t\t\t\tclass=\"semead-leader__image rounded-circle\"\n\t\t\t\t\t\t\t\t\t\t\t\t\t\t\tsrc=\"https:\/\/i0.wp.com\/semead.com.br\/29\/wp-content\/uploads\/sites\/21\/2026\/04\/Miguel-Ysrrael-Ramirez-Sanchez.png?resize=150%2C150&#038;ssl=1\"\n\t\t\t\t\t\t\t\t\t\t\t\t\t\t\talt=\"Co-l\u00edder Internacional: Prof. Dr. Miguel Ysrrael Ram\u00edrez S\u00e1nchez - Universidade Aut\u00f4noma do Estado do M\u00e9xico\"\n\t\t\t\t\t\t\t\t\t\t\t\t\t\t\tloading=\"lazy\"\n\t\t\t\t\t\t\t\t\t\t\t\t\t\t\twidth=\"150\"\n\t\t\t\t\t\t\t\t\t\t\t\t\t\t\theight=\"150\"\n\t\t\t\t\t\t\t\t\t\t\t\t\t\t>\n\t\t\t\t\t\t\t\t\t\t\t\t\t\t<div class=\"semead-leader__name\"><em>Co-l\u00edder Internacional: Prof. Dr. Miguel Ysrrael Ram\u00edrez S\u00e1nchez - Universidade Aut\u00f4noma do Estado do M\u00e9xico<\/em><\/div>\n\t\t\t\t\t\t\t\t\t\t\t\t\t<\/div>\n\t\t\t\t\t\t\t\t\t\t\t\t<\/div>\n\t\t\t\t\t\t\t\t\t\t\t<\/div>\n\t\t\t\t\t\t\t\t\t\t\t\t\t\t\t\t\t\t\t<\/div>\n\t\t\t\t\t\t\t\t\t\t\t\t\t\t\t<\/div>\n\t\t\t\t\t\t<\/div>\n\t\t\t\t\t<\/div>\n\t\t\t\t\t\t\t\t\t<div class=\"accordion-item semead-topic\">\n\t\t\t\t\t\t<h2 class=\"accordion-header\" id=\"semead-accordion-1-heading-2\">\n\t\t\t\t\t\t\t<button\n\t\t\t\t\t\t\t\tclass=\"accordion-button collapsed\"\n\t\t\t\t\t\t\t\ttype=\"button\"\n\t\t\t\t\t\t\t\tdata-bs-toggle=\"collapse\"\n\t\t\t\t\t\t\t\tdata-bs-target=\"#semead-accordion-1-collapse-2\"\n\t\t\t\t\t\t\t\taria-expanded=\"false\"\n\t\t\t\t\t\t\t\taria-controls=\"semead-accordion-1-collapse-2\"\n\t\t\t\t\t\t\t>\n\t\t\t\t\t\t\t\t2. Intelig\u00eancia Artificial (IA) na Educa\u00e7\u00e3o Superior, Educa\u00e7\u00e3o a Dist\u00e2ncia, E-learning e B-Learning: pessoas, projetos e tecnologias\t\t\t\t\t\t\t<\/button>\n\t\t\t\t\t\t<\/h2>\n\t\t\t\t\t\t<div\n\t\t\t\t\t\t\tid=\"semead-accordion-1-collapse-2\"\n\t\t\t\t\t\t\tclass=\"accordion-collapse collapse\"\n\t\t\t\t\t\t\taria-labelledby=\"semead-accordion-1-heading-2\"\n\t\t\t\t\t\t\tdata-bs-parent=\"#semead-accordion-1\"\n\t\t\t\t\t\t>\n\t\t\t\t\t\t\t<div class=\"accordion-body\">\n\t\t\t\t\t\t\t\t\n\t\t\t\t\t\t\t\t\t\t\t\t\t\t\t\t\t<div class=\"semead-topic__description\"><p>Concep\u00e7\u00e3o, planejamento, implementa\u00e7\u00e3o e avalia\u00e7\u00e3o de projetos de IA na Educa\u00e7\u00e3o Superior, Educa\u00e7\u00e3o a Dist\u00e2ncia, E-learning e B-Learning. Ambientes Virtuais de Ensino e Aprendizagem. Comunica\u00e7\u00e3o, intera\u00e7\u00e3o e trabalho colaborativo em ambientes virtuais de Ensino e Aprendizagem. Media\u00e7\u00e3o e acompanhamento da aprendizagem em ambientes virtuais. Subjetividade e massifica\u00e7\u00e3o em ambientes virtuais de aprendizagem. Metodologias de ensino e avalia\u00e7\u00e3o da aprendizagem em projetos de IA na Educa\u00e7\u00e3o Superior, Educa\u00e7\u00e3o a Dist\u00e2ncia, E-learning e B-Learning. Diversidade\/especificidade do uso de Tecnologias Digitais de Informa\u00e7\u00e3o e Comunica\u00e7\u00e3o (TDIC), Tecnologias da Informa\u00e7\u00e3o e Comunica\u00e7\u00e3o (TIC) e outras tecnologias complementares em projetos de IA na Educa\u00e7\u00e3o Superior, Educa\u00e7\u00e3o a Dist\u00e2ncia, E-learning e B-Learning E-learning. Educa\u00e7\u00e3o presencial, Educa\u00e7\u00e3o n\u00e3o-presencial e Educa\u00e7\u00e3o H\u00edbrida, e seus impactos pedag\u00f3gicos e institucionais, com a incorpora\u00e7\u00e3o de uso de IA, realidade aumentada, realidade virtual, sistemas tutores inteligentes, learning analytics, personaliza\u00e7\u00e3o da aprendizagem, uso de IA generativa em processos de ensino e avalia\u00e7\u00e3o, \u00e9tica e governan\u00e7a do uso de IA e outras tecnologias.<\/p>\n<\/div>\n\t\t\t\t\t\t\t\t\n\t\t\t\t\t\t\t\t\t\t\t\t\t\t\t\t\t<div class=\"semead-leaders row row-cols-1 row-cols-md-2 row-cols-lg-3 g-4\">\n\t\t\t\t\t\t\t\t\t\t\t\t\t\t\t\t\t\t\t\t\t<div class=\"col\">\n\t\t\t\t\t\t\t\t\t\t\t\t<div class=\"semead-leader card h-100 border-0 text-center\">\n\t\t\t\t\t\t\t\t\t\t\t\t\t<div class=\"card-body\">\n\t\t\t\t\t\t\t\t\t\t\t\t\t\t<img data-recalc-dims=\"1\"\n\t\t\t\t\t\t\t\t\t\t\t\t\t\t\tclass=\"semead-leader__image rounded-circle\"\n\t\t\t\t\t\t\t\t\t\t\t\t\t\t\tsrc=\"https:\/\/i0.wp.com\/semead.com.br\/29\/wp-content\/uploads\/sites\/21\/2026\/04\/Maria-Carolina-Conejero.png?resize=150%2C150&#038;ssl=1\"\n\t\t\t\t\t\t\t\t\t\t\t\t\t\t\talt=\"L\u00edder: Profa. Dra. Maria Carolina Conejero - FEI e ESPM\"\n\t\t\t\t\t\t\t\t\t\t\t\t\t\t\tloading=\"lazy\"\n\t\t\t\t\t\t\t\t\t\t\t\t\t\t\twidth=\"150\"\n\t\t\t\t\t\t\t\t\t\t\t\t\t\t\theight=\"150\"\n\t\t\t\t\t\t\t\t\t\t\t\t\t\t>\n\t\t\t\t\t\t\t\t\t\t\t\t\t\t<div class=\"semead-leader__name\"><em>L\u00edder: Profa. Dra. Maria Carolina Conejero - FEI e ESPM<\/em><\/div>\n\t\t\t\t\t\t\t\t\t\t\t\t\t<\/div>\n\t\t\t\t\t\t\t\t\t\t\t\t<\/div>\n\t\t\t\t\t\t\t\t\t\t\t<\/div>\n\t\t\t\t\t\t\t\t\t\t\t\t\t\t\t\t\t\t\t\t\t<div class=\"col\">\n\t\t\t\t\t\t\t\t\t\t\t\t<div class=\"semead-leader card h-100 border-0 text-center\">\n\t\t\t\t\t\t\t\t\t\t\t\t\t<div class=\"card-body\">\n\t\t\t\t\t\t\t\t\t\t\t\t\t\t<img data-recalc-dims=\"1\"\n\t\t\t\t\t\t\t\t\t\t\t\t\t\t\tclass=\"semead-leader__image rounded-circle\"\n\t\t\t\t\t\t\t\t\t\t\t\t\t\t\tsrc=\"https:\/\/i0.wp.com\/semead.com.br\/29\/wp-content\/uploads\/sites\/21\/2026\/04\/Flavio-Henrique-dos-Santos-Foguel.png?resize=150%2C150&#038;ssl=1\"\n\t\t\t\t\t\t\t\t\t\t\t\t\t\t\talt=\"Co-l\u00edder: Prof. Dr. Fl\u00e1vio Henrique dos Santos Foguel - UNIVAG\"\n\t\t\t\t\t\t\t\t\t\t\t\t\t\t\tloading=\"lazy\"\n\t\t\t\t\t\t\t\t\t\t\t\t\t\t\twidth=\"150\"\n\t\t\t\t\t\t\t\t\t\t\t\t\t\t\theight=\"150\"\n\t\t\t\t\t\t\t\t\t\t\t\t\t\t>\n\t\t\t\t\t\t\t\t\t\t\t\t\t\t<div class=\"semead-leader__name\"><em>Co-l\u00edder: Prof. Dr. Fl\u00e1vio Henrique dos Santos Foguel - UNIVAG<\/em><\/div>\n\t\t\t\t\t\t\t\t\t\t\t\t\t<\/div>\n\t\t\t\t\t\t\t\t\t\t\t\t<\/div>\n\t\t\t\t\t\t\t\t\t\t\t<\/div>\n\t\t\t\t\t\t\t\t\t\t\t\t\t\t\t\t\t\t\t\t\t<div class=\"col\">\n\t\t\t\t\t\t\t\t\t\t\t\t<div class=\"semead-leader card h-100 border-0 text-center\">\n\t\t\t\t\t\t\t\t\t\t\t\t\t<div class=\"card-body\">\n\t\t\t\t\t\t\t\t\t\t\t\t\t\t<img data-recalc-dims=\"1\"\n\t\t\t\t\t\t\t\t\t\t\t\t\t\t\tclass=\"semead-leader__image rounded-circle\"\n\t\t\t\t\t\t\t\t\t\t\t\t\t\t\tsrc=\"https:\/\/i0.wp.com\/semead.com.br\/29\/wp-content\/uploads\/sites\/21\/2026\/04\/Georgette-dos-Santos-Andraz.png?resize=150%2C150&#038;ssl=1\"\n\t\t\t\t\t\t\t\t\t\t\t\t\t\t\talt=\"Co-l\u00edder Internacional: Profa. Dra. Georgette dos Santos Andraz - Universidade do Algarve\"\n\t\t\t\t\t\t\t\t\t\t\t\t\t\t\tloading=\"lazy\"\n\t\t\t\t\t\t\t\t\t\t\t\t\t\t\twidth=\"150\"\n\t\t\t\t\t\t\t\t\t\t\t\t\t\t\theight=\"150\"\n\t\t\t\t\t\t\t\t\t\t\t\t\t\t>\n\t\t\t\t\t\t\t\t\t\t\t\t\t\t<div class=\"semead-leader__name\"><em>Co-l\u00edder Internacional: Profa. Dra. Georgette dos Santos Andraz - Universidade do Algarve<\/em><\/div>\n\t\t\t\t\t\t\t\t\t\t\t\t\t<\/div>\n\t\t\t\t\t\t\t\t\t\t\t\t<\/div>\n\t\t\t\t\t\t\t\t\t\t\t<\/div>\n\t\t\t\t\t\t\t\t\t\t\t\t\t\t\t\t\t\t\t<\/div>\n\t\t\t\t\t\t\t\t\t\t\t\t\t\t\t<\/div>\n\t\t\t\t\t\t<\/div>\n\t\t\t\t\t<\/div>\n\t\t\t\t\t\t\t\t\t<div class=\"accordion-item semead-topic\">\n\t\t\t\t\t\t<h2 class=\"accordion-header\" id=\"semead-accordion-1-heading-3\">\n\t\t\t\t\t\t\t<button\n\t\t\t\t\t\t\t\tclass=\"accordion-button collapsed\"\n\t\t\t\t\t\t\t\ttype=\"button\"\n\t\t\t\t\t\t\t\tdata-bs-toggle=\"collapse\"\n\t\t\t\t\t\t\t\tdata-bs-target=\"#semead-accordion-1-collapse-3\"\n\t\t\t\t\t\t\t\taria-expanded=\"false\"\n\t\t\t\t\t\t\t\taria-controls=\"semead-accordion-1-collapse-3\"\n\t\t\t\t\t\t\t>\n\t\t\t\t\t\t\t\t3. Experi\u00eancias de Ensino e Aprendizagem\t\t\t\t\t\t\t<\/button>\n\t\t\t\t\t\t<\/h2>\n\t\t\t\t\t\t<div\n\t\t\t\t\t\t\tid=\"semead-accordion-1-collapse-3\"\n\t\t\t\t\t\t\tclass=\"accordion-collapse collapse\"\n\t\t\t\t\t\t\taria-labelledby=\"semead-accordion-1-heading-3\"\n\t\t\t\t\t\t\tdata-bs-parent=\"#semead-accordion-1\"\n\t\t\t\t\t\t>\n\t\t\t\t\t\t\t<div class=\"accordion-body\">\n\t\t\t\t\t\t\t\t\n\t\t\t\t\t\t\t\t\t\t\t\t\t\t\t\t\t<div class=\"semead-topic__description\"><p>Investiga\u00e7\u00e3o cient\u00edfica de pr\u00e1ticas de ensino-aprendizagem no campo da Administra\u00e7\u00e3o, com foco na an\u00e1lise de processos vivenciados em contextos institucionais reais. Envolve a sistematiza\u00e7\u00e3o de experi\u00eancias pedag\u00f3gicas, an\u00e1lise de interven\u00e7\u00f5es educacionais, avalia\u00e7\u00e3o de impacto formativo e estudos de caso sobre inova\u00e7\u00e3o did\u00e1tica aplicada no ambiente brasileiro e internacional. Contempla ainda a produ\u00e7\u00e3o de evid\u00eancias sobre din\u00e2micas de aprendizagem em projetos curriculares, extens\u00e3o, est\u00e1gios e programas de monitoria, articuladas \u00e0s diretrizes curriculares nacionais. Inclui pesquisas sobre o desenvolvimento de compet\u00eancias computacionais, aplica\u00e7\u00e3o de metodologias ativas e uso de intelig\u00eancia artificial como ferramenta de apoio ao processo formativo.  Resultados de pesquisas te\u00f3ricas e emp\u00edricas sobre engajamento para o ensino-aprendizagem como resultado de programas institucionais<\/p>\n<\/div>\n\t\t\t\t\t\t\t\t\n\t\t\t\t\t\t\t\t\t\t\t\t\t\t\t\t\t<div class=\"semead-leaders row row-cols-1 row-cols-md-2 row-cols-lg-3 g-4\">\n\t\t\t\t\t\t\t\t\t\t\t\t\t\t\t\t\t\t\t\t\t<div class=\"col\">\n\t\t\t\t\t\t\t\t\t\t\t\t<div class=\"semead-leader card h-100 border-0 text-center\">\n\t\t\t\t\t\t\t\t\t\t\t\t\t<div class=\"card-body\">\n\t\t\t\t\t\t\t\t\t\t\t\t\t\t<img data-recalc-dims=\"1\"\n\t\t\t\t\t\t\t\t\t\t\t\t\t\t\tclass=\"semead-leader__image rounded-circle\"\n\t\t\t\t\t\t\t\t\t\t\t\t\t\t\tsrc=\"https:\/\/i0.wp.com\/semead.com.br\/29\/wp-content\/uploads\/sites\/21\/2026\/04\/Carolina-Machado-Saraiva-.png?resize=150%2C150&#038;ssl=1\"\n\t\t\t\t\t\t\t\t\t\t\t\t\t\t\talt=\"L\u00edder: Profa. Dra. Carolina Machado Saraiva - UFOP\"\n\t\t\t\t\t\t\t\t\t\t\t\t\t\t\tloading=\"lazy\"\n\t\t\t\t\t\t\t\t\t\t\t\t\t\t\twidth=\"150\"\n\t\t\t\t\t\t\t\t\t\t\t\t\t\t\theight=\"150\"\n\t\t\t\t\t\t\t\t\t\t\t\t\t\t>\n\t\t\t\t\t\t\t\t\t\t\t\t\t\t<div class=\"semead-leader__name\"><em>L\u00edder: Profa. Dra. Carolina Machado Saraiva - UFOP<\/em><\/div>\n\t\t\t\t\t\t\t\t\t\t\t\t\t<\/div>\n\t\t\t\t\t\t\t\t\t\t\t\t<\/div>\n\t\t\t\t\t\t\t\t\t\t\t<\/div>\n\t\t\t\t\t\t\t\t\t\t\t\t\t\t\t\t\t\t\t\t\t<div class=\"col\">\n\t\t\t\t\t\t\t\t\t\t\t\t<div class=\"semead-leader card h-100 border-0 text-center\">\n\t\t\t\t\t\t\t\t\t\t\t\t\t<div class=\"card-body\">\n\t\t\t\t\t\t\t\t\t\t\t\t\t\t<img data-recalc-dims=\"1\"\n\t\t\t\t\t\t\t\t\t\t\t\t\t\t\tclass=\"semead-leader__image rounded-circle\"\n\t\t\t\t\t\t\t\t\t\t\t\t\t\t\tsrc=\"https:\/\/i0.wp.com\/semead.com.br\/29\/wp-content\/uploads\/sites\/21\/2026\/04\/Fernanda-Carla-Wasner-Vasconcelos.png?resize=150%2C150&#038;ssl=1\"\n\t\t\t\t\t\t\t\t\t\t\t\t\t\t\talt=\"Co-l\u00edder: Profa. Dra. Fernanda Carla Wasner Vasconcelos - PUC Minas\"\n\t\t\t\t\t\t\t\t\t\t\t\t\t\t\tloading=\"lazy\"\n\t\t\t\t\t\t\t\t\t\t\t\t\t\t\twidth=\"150\"\n\t\t\t\t\t\t\t\t\t\t\t\t\t\t\theight=\"150\"\n\t\t\t\t\t\t\t\t\t\t\t\t\t\t>\n\t\t\t\t\t\t\t\t\t\t\t\t\t\t<div class=\"semead-leader__name\"><em>Co-l\u00edder: Profa. Dra. Fernanda Carla Wasner Vasconcelos - PUC Minas<\/em><\/div>\n\t\t\t\t\t\t\t\t\t\t\t\t\t<\/div>\n\t\t\t\t\t\t\t\t\t\t\t\t<\/div>\n\t\t\t\t\t\t\t\t\t\t\t<\/div>\n\t\t\t\t\t\t\t\t\t\t\t\t\t\t\t\t\t\t\t\t\t<div class=\"col\">\n\t\t\t\t\t\t\t\t\t\t\t\t<div class=\"semead-leader card h-100 border-0 text-center\">\n\t\t\t\t\t\t\t\t\t\t\t\t\t<div class=\"card-body\">\n\t\t\t\t\t\t\t\t\t\t\t\t\t\t<img data-recalc-dims=\"1\"\n\t\t\t\t\t\t\t\t\t\t\t\t\t\t\tclass=\"semead-leader__image rounded-circle\"\n\t\t\t\t\t\t\t\t\t\t\t\t\t\t\tsrc=\"https:\/\/i0.wp.com\/semead.com.br\/29\/wp-content\/uploads\/sites\/21\/2026\/04\/Soledad-Oregioni.png?resize=150%2C150&#038;ssl=1\"\n\t\t\t\t\t\t\t\t\t\t\t\t\t\t\talt=\"Co-l\u00edder Internacional: Profa. Dra. Soledad Oregioni - Universidad Nacional del Centro de la Provincia de Buenos Aires\"\n\t\t\t\t\t\t\t\t\t\t\t\t\t\t\tloading=\"lazy\"\n\t\t\t\t\t\t\t\t\t\t\t\t\t\t\twidth=\"150\"\n\t\t\t\t\t\t\t\t\t\t\t\t\t\t\theight=\"150\"\n\t\t\t\t\t\t\t\t\t\t\t\t\t\t>\n\t\t\t\t\t\t\t\t\t\t\t\t\t\t<div class=\"semead-leader__name\"><em>Co-l\u00edder Internacional: Profa. Dra. Soledad Oregioni - Universidad Nacional del Centro de la Provincia de Buenos Aires<\/em><\/div>\n\t\t\t\t\t\t\t\t\t\t\t\t\t<\/div>\n\t\t\t\t\t\t\t\t\t\t\t\t<\/div>\n\t\t\t\t\t\t\t\t\t\t\t<\/div>\n\t\t\t\t\t\t\t\t\t\t\t\t\t\t\t\t\t\t\t<\/div>\n\t\t\t\t\t\t\t\t\t\t\t\t\t\t\t<\/div>\n\t\t\t\t\t\t<\/div>\n\t\t\t\t\t<\/div>\n\t\t\t\t\t\t\t\t\t<div class=\"accordion-item semead-topic\">\n\t\t\t\t\t\t<h2 class=\"accordion-header\" id=\"semead-accordion-1-heading-4\">\n\t\t\t\t\t\t\t<button\n\t\t\t\t\t\t\t\tclass=\"accordion-button collapsed\"\n\t\t\t\t\t\t\t\ttype=\"button\"\n\t\t\t\t\t\t\t\tdata-bs-toggle=\"collapse\"\n\t\t\t\t\t\t\t\tdata-bs-target=\"#semead-accordion-1-collapse-4\"\n\t\t\t\t\t\t\t\taria-expanded=\"false\"\n\t\t\t\t\t\t\t\taria-controls=\"semead-accordion-1-collapse-4\"\n\t\t\t\t\t\t\t>\n\t\t\t\t\t\t\t\t4. Forma\u00e7\u00e3o do Professor e Pesquisador\t\t\t\t\t\t\t<\/button>\n\t\t\t\t\t\t<\/h2>\n\t\t\t\t\t\t<div\n\t\t\t\t\t\t\tid=\"semead-accordion-1-collapse-4\"\n\t\t\t\t\t\t\tclass=\"accordion-collapse collapse\"\n\t\t\t\t\t\t\taria-labelledby=\"semead-accordion-1-heading-4\"\n\t\t\t\t\t\t\tdata-bs-parent=\"#semead-accordion-1\"\n\t\t\t\t\t\t>\n\t\t\t\t\t\t\t<div class=\"accordion-body\">\n\t\t\t\t\t\t\t\t\n\t\t\t\t\t\t\t\t\t\t\t\t\t\t\t\t\t<div class=\"semead-topic__description\"><p>Rela\u00e7\u00f5es entre a p\u00f3s-gradua\u00e7\u00e3o stricto sensu, pol\u00edticas p\u00fablicas e demandas sociais. Pol\u00edticas p\u00fablicas nacionais e internacionais orientadas para a forma\u00e7\u00e3o de professores e pesquisadores. A articula\u00e7\u00e3o entre forma\u00e7\u00e3o para a pesquisa e forma\u00e7\u00e3o para a doc\u00eancia no ensino superior. Programas de forma\u00e7\u00e3o cient\u00edfica e pedag\u00f3gica de professores e pesquisadores. Pr\u00e1ticas formativas em programas de mestrado e doutorado (est\u00e1gio de doc\u00eancia, resid\u00eancia formativa etc.). O processo de orienta\u00e7\u00e3o acad\u00eamica e a forma\u00e7\u00e3o do professor e do pesquisador. Implica\u00e7\u00f5es do produtivismo acad\u00eamico na forma\u00e7\u00e3o do professor e do pesquisador.  Inser\u00e7\u00e3o profissional de egressos e trajet\u00f3rias acad\u00eamicas. Avalia\u00e7\u00e3o da p\u00f3s-gradua\u00e7\u00e3o e seus impactos na forma\u00e7\u00e3o (produtivismo, m\u00e9tricas, performatividade). Internacionaliza\u00e7\u00e3o e circula\u00e7\u00e3o de saberes na forma\u00e7\u00e3o de pesquisadores. Forma\u00e7\u00e3o \u00e9tica, integridade cient\u00edfica e responsabilidade social da pesquisa. Desafios envolvidos na pr\u00e1tica da carreira de professor e\/ou pesquisador. Diversidade de g\u00eanero, ra\u00e7a, etnia e gera\u00e7\u00f5es na carreira do professor\/pesquisador. A influ\u00eancia da IA sobre a forma\u00e7\u00e3o pedag\u00f3gica do professor e sobre a forma\u00e7\u00e3o cient\u00edfica do pesquisador.<\/p>\n<\/div>\n\t\t\t\t\t\t\t\t\n\t\t\t\t\t\t\t\t\t\t\t\t\t\t\t\t\t<div class=\"semead-leaders row row-cols-1 row-cols-md-2 row-cols-lg-3 g-4\">\n\t\t\t\t\t\t\t\t\t\t\t\t\t\t\t\t\t\t\t\t\t<div class=\"col\">\n\t\t\t\t\t\t\t\t\t\t\t\t<div class=\"semead-leader card h-100 border-0 text-center\">\n\t\t\t\t\t\t\t\t\t\t\t\t\t<div class=\"card-body\">\n\t\t\t\t\t\t\t\t\t\t\t\t\t\t<img data-recalc-dims=\"1\"\n\t\t\t\t\t\t\t\t\t\t\t\t\t\t\tclass=\"semead-leader__image rounded-circle\"\n\t\t\t\t\t\t\t\t\t\t\t\t\t\t\tsrc=\"https:\/\/i0.wp.com\/semead.com.br\/29\/wp-content\/uploads\/sites\/21\/2026\/04\/Elton-Oliveira-de-Moura.png?resize=150%2C150&#038;ssl=1\"\n\t\t\t\t\t\t\t\t\t\t\t\t\t\t\talt=\"L\u00edder: Prof. Dr. Elton Oliveira de Moura - IFRN\"\n\t\t\t\t\t\t\t\t\t\t\t\t\t\t\tloading=\"lazy\"\n\t\t\t\t\t\t\t\t\t\t\t\t\t\t\twidth=\"150\"\n\t\t\t\t\t\t\t\t\t\t\t\t\t\t\theight=\"150\"\n\t\t\t\t\t\t\t\t\t\t\t\t\t\t>\n\t\t\t\t\t\t\t\t\t\t\t\t\t\t<div class=\"semead-leader__name\"><em>L\u00edder: Prof. Dr. Elton Oliveira de Moura - IFRN<\/em><\/div>\n\t\t\t\t\t\t\t\t\t\t\t\t\t<\/div>\n\t\t\t\t\t\t\t\t\t\t\t\t<\/div>\n\t\t\t\t\t\t\t\t\t\t\t<\/div>\n\t\t\t\t\t\t\t\t\t\t\t\t\t\t\t\t\t\t\t\t\t<div class=\"col\">\n\t\t\t\t\t\t\t\t\t\t\t\t<div class=\"semead-leader card h-100 border-0 text-center\">\n\t\t\t\t\t\t\t\t\t\t\t\t\t<div class=\"card-body\">\n\t\t\t\t\t\t\t\t\t\t\t\t\t\t<img data-recalc-dims=\"1\"\n\t\t\t\t\t\t\t\t\t\t\t\t\t\t\tclass=\"semead-leader__image rounded-circle\"\n\t\t\t\t\t\t\t\t\t\t\t\t\t\t\tsrc=\"https:\/\/i0.wp.com\/semead.com.br\/29\/wp-content\/uploads\/sites\/21\/2026\/04\/Ivan-Akio-Itocazo-Soida.png?resize=150%2C150&#038;ssl=1\"\n\t\t\t\t\t\t\t\t\t\t\t\t\t\t\talt=\"Co-l\u00edder: Prof. Dr. Ivan Akio Itocazo Soida - ESPM\"\n\t\t\t\t\t\t\t\t\t\t\t\t\t\t\tloading=\"lazy\"\n\t\t\t\t\t\t\t\t\t\t\t\t\t\t\twidth=\"150\"\n\t\t\t\t\t\t\t\t\t\t\t\t\t\t\theight=\"150\"\n\t\t\t\t\t\t\t\t\t\t\t\t\t\t>\n\t\t\t\t\t\t\t\t\t\t\t\t\t\t<div class=\"semead-leader__name\"><em>Co-l\u00edder: Prof. Dr. Ivan Akio Itocazo Soida - ESPM<\/em><\/div>\n\t\t\t\t\t\t\t\t\t\t\t\t\t<\/div>\n\t\t\t\t\t\t\t\t\t\t\t\t<\/div>\n\t\t\t\t\t\t\t\t\t\t\t<\/div>\n\t\t\t\t\t\t\t\t\t\t\t\t\t\t\t\t\t\t\t\t\t<div class=\"col\">\n\t\t\t\t\t\t\t\t\t\t\t\t<div class=\"semead-leader card h-100 border-0 text-center\">\n\t\t\t\t\t\t\t\t\t\t\t\t\t<div class=\"card-body\">\n\t\t\t\t\t\t\t\t\t\t\t\t\t\t<img data-recalc-dims=\"1\"\n\t\t\t\t\t\t\t\t\t\t\t\t\t\t\tclass=\"semead-leader__image rounded-circle\"\n\t\t\t\t\t\t\t\t\t\t\t\t\t\t\tsrc=\"https:\/\/i0.wp.com\/semead.com.br\/29\/wp-content\/uploads\/sites\/21\/2026\/04\/Jose-Saul-Arias-Ceron.png?resize=150%2C150&#038;ssl=1\"\n\t\t\t\t\t\t\t\t\t\t\t\t\t\t\talt=\"Co-l\u00edder Internacional: Prof. Dr. Jos\u00e9 Sa\u00fal Arias Cer\u00f3n - Universidad Popular Aut\u00f3noma del Estado de Puebla (UPAEP)\"\n\t\t\t\t\t\t\t\t\t\t\t\t\t\t\tloading=\"lazy\"\n\t\t\t\t\t\t\t\t\t\t\t\t\t\t\twidth=\"150\"\n\t\t\t\t\t\t\t\t\t\t\t\t\t\t\theight=\"150\"\n\t\t\t\t\t\t\t\t\t\t\t\t\t\t>\n\t\t\t\t\t\t\t\t\t\t\t\t\t\t<div class=\"semead-leader__name\"><em>Co-l\u00edder Internacional: Prof. Dr. Jos\u00e9 Sa\u00fal Arias Cer\u00f3n - Universidad Popular Aut\u00f3noma del Estado de Puebla (UPAEP)<\/em><\/div>\n\t\t\t\t\t\t\t\t\t\t\t\t\t<\/div>\n\t\t\t\t\t\t\t\t\t\t\t\t<\/div>\n\t\t\t\t\t\t\t\t\t\t\t<\/div>\n\t\t\t\t\t\t\t\t\t\t\t\t\t\t\t\t\t\t\t<\/div>\n\t\t\t\t\t\t\t\t\t\t\t\t\t\t\t<\/div>\n\t\t\t\t\t\t<\/div>\n\t\t\t\t\t<\/div>\n\t\t\t\t\t\t\t\t\t<div class=\"accordion-item semead-topic\">\n\t\t\t\t\t\t<h2 class=\"accordion-header\" id=\"semead-accordion-1-heading-5\">\n\t\t\t\t\t\t\t<button\n\t\t\t\t\t\t\t\tclass=\"accordion-button collapsed\"\n\t\t\t\t\t\t\t\ttype=\"button\"\n\t\t\t\t\t\t\t\tdata-bs-toggle=\"collapse\"\n\t\t\t\t\t\t\t\tdata-bs-target=\"#semead-accordion-1-collapse-5\"\n\t\t\t\t\t\t\t\taria-expanded=\"false\"\n\t\t\t\t\t\t\t\taria-controls=\"semead-accordion-1-collapse-5\"\n\t\t\t\t\t\t\t>\n\t\t\t\t\t\t\t\t5. M\u00e9todos e T\u00e9cnicas de Pesquisa em Administra\u00e7\u00e3o\t\t\t\t\t\t\t<\/button>\n\t\t\t\t\t\t<\/h2>\n\t\t\t\t\t\t<div\n\t\t\t\t\t\t\tid=\"semead-accordion-1-collapse-5\"\n\t\t\t\t\t\t\tclass=\"accordion-collapse collapse\"\n\t\t\t\t\t\t\taria-labelledby=\"semead-accordion-1-heading-5\"\n\t\t\t\t\t\t\tdata-bs-parent=\"#semead-accordion-1\"\n\t\t\t\t\t\t>\n\t\t\t\t\t\t\t<div class=\"accordion-body\">\n\t\t\t\t\t\t\t\t\n\t\t\t\t\t\t\t\t\t\t\t\t\t\t\t\t\t<div class=\"semead-topic__description\"><p>Produ\u00e7\u00e3o e difus\u00e3o do conhecimento. Planejamento da pesquisa cient\u00edfica. Avalia\u00e7\u00e3o da pesquisa cient\u00edfica: crit\u00e9rios de validade e confiabilidade. \u00c9tica na pesquisa cient\u00edfica. Abordagens metodol\u00f3gicas. M\u00e9todos qualitativos e m\u00e9todos quantitativos. Benef\u00edcios da ado\u00e7\u00e3o conjunta de m\u00e9todos quantitativos e qualitativos. T\u00e9cnicas de coleta e tratamento de dados. Procedimentos de interpreta\u00e7\u00e3o e an\u00e1lise de dados. M\u00e9todos inovadores e t\u00e9cnicas virtuais\/online de pesquisa cient\u00edfica. Contribui\u00e7\u00f5es e limita\u00e7\u00f5es do uso da intelig\u00eancia artificial na pesquisa e na produ\u00e7\u00e3o de texto. Quest\u00f5es \u00e9ticas envolvidas no uso da IA na produ\u00e7\u00e3o do conhecimento.<\/p>\n<\/div>\n\t\t\t\t\t\t\t\t\n\t\t\t\t\t\t\t\t\t\t\t\t\t\t\t\t\t<div class=\"semead-leaders row row-cols-1 row-cols-md-2 row-cols-lg-3 g-4\">\n\t\t\t\t\t\t\t\t\t\t\t\t\t\t\t\t\t\t\t\t\t<div class=\"col\">\n\t\t\t\t\t\t\t\t\t\t\t\t<div class=\"semead-leader card h-100 border-0 text-center\">\n\t\t\t\t\t\t\t\t\t\t\t\t\t<div class=\"card-body\">\n\t\t\t\t\t\t\t\t\t\t\t\t\t\t<img data-recalc-dims=\"1\"\n\t\t\t\t\t\t\t\t\t\t\t\t\t\t\tclass=\"semead-leader__image rounded-circle\"\n\t\t\t\t\t\t\t\t\t\t\t\t\t\t\tsrc=\"https:\/\/i0.wp.com\/semead.com.br\/29\/wp-content\/uploads\/sites\/21\/2026\/04\/cledinaldo.png?resize=150%2C150&#038;ssl=1\"\n\t\t\t\t\t\t\t\t\t\t\t\t\t\t\talt=\"L\u00edder: Prof. Dr. Cledinaldo Dias - Universidade Estadual de Montes Claros (Unimontes) e Universidade Federal de Minas Gerais (UFMG)\"\n\t\t\t\t\t\t\t\t\t\t\t\t\t\t\tloading=\"lazy\"\n\t\t\t\t\t\t\t\t\t\t\t\t\t\t\twidth=\"150\"\n\t\t\t\t\t\t\t\t\t\t\t\t\t\t\theight=\"150\"\n\t\t\t\t\t\t\t\t\t\t\t\t\t\t>\n\t\t\t\t\t\t\t\t\t\t\t\t\t\t<div class=\"semead-leader__name\"><em>L\u00edder: Prof. Dr. Cledinaldo Dias - Universidade Estadual de Montes Claros (Unimontes) e Universidade Federal de Minas Gerais (UFMG)<\/em><\/div>\n\t\t\t\t\t\t\t\t\t\t\t\t\t<\/div>\n\t\t\t\t\t\t\t\t\t\t\t\t<\/div>\n\t\t\t\t\t\t\t\t\t\t\t<\/div>\n\t\t\t\t\t\t\t\t\t\t\t\t\t\t\t\t\t\t\t\t\t<div class=\"col\">\n\t\t\t\t\t\t\t\t\t\t\t\t<div class=\"semead-leader card h-100 border-0 text-center\">\n\t\t\t\t\t\t\t\t\t\t\t\t\t<div class=\"card-body\">\n\t\t\t\t\t\t\t\t\t\t\t\t\t\t<img data-recalc-dims=\"1\"\n\t\t\t\t\t\t\t\t\t\t\t\t\t\t\tclass=\"semead-leader__image rounded-circle\"\n\t\t\t\t\t\t\t\t\t\t\t\t\t\t\tsrc=\"https:\/\/i0.wp.com\/semead.com.br\/29\/wp-content\/uploads\/sites\/21\/2026\/04\/Webert-Jannsen-Pires-de-Santana.png?resize=150%2C150&#038;ssl=1\"\n\t\t\t\t\t\t\t\t\t\t\t\t\t\t\talt=\"Co-l\u00edder: Prof. Dr. Webert Jannsen Pires de Santana - \u00c9cole de Management de Lyon (EMLYON) \/ Universidade Federal do Cariri\"\n\t\t\t\t\t\t\t\t\t\t\t\t\t\t\tloading=\"lazy\"\n\t\t\t\t\t\t\t\t\t\t\t\t\t\t\twidth=\"150\"\n\t\t\t\t\t\t\t\t\t\t\t\t\t\t\theight=\"150\"\n\t\t\t\t\t\t\t\t\t\t\t\t\t\t>\n\t\t\t\t\t\t\t\t\t\t\t\t\t\t<div class=\"semead-leader__name\"><em>Co-l\u00edder: Prof. Dr. Webert Jannsen Pires de Santana - \u00c9cole de Management de Lyon (EMLYON) \/ Universidade Federal do Cariri<\/em><\/div>\n\t\t\t\t\t\t\t\t\t\t\t\t\t<\/div>\n\t\t\t\t\t\t\t\t\t\t\t\t<\/div>\n\t\t\t\t\t\t\t\t\t\t\t<\/div>\n\t\t\t\t\t\t\t\t\t\t\t\t\t\t\t\t\t\t\t\t\t<div class=\"col\">\n\t\t\t\t\t\t\t\t\t\t\t\t<div class=\"semead-leader card h-100 border-0 text-center\">\n\t\t\t\t\t\t\t\t\t\t\t\t\t<div class=\"card-body\">\n\t\t\t\t\t\t\t\t\t\t\t\t\t\t<img data-recalc-dims=\"1\"\n\t\t\t\t\t\t\t\t\t\t\t\t\t\t\tclass=\"semead-leader__image rounded-circle\"\n\t\t\t\t\t\t\t\t\t\t\t\t\t\t\tsrc=\"https:\/\/i0.wp.com\/semead.com.br\/29\/wp-content\/uploads\/sites\/21\/2026\/04\/Gabriel-Vouga-Chueke.png?resize=150%2C150&#038;ssl=1\"\n\t\t\t\t\t\t\t\t\t\t\t\t\t\t\talt=\"Co-l\u00edder Internacional: Prof. Dr. Gabriel Vouga Chueke\"\n\t\t\t\t\t\t\t\t\t\t\t\t\t\t\tloading=\"lazy\"\n\t\t\t\t\t\t\t\t\t\t\t\t\t\t\twidth=\"150\"\n\t\t\t\t\t\t\t\t\t\t\t\t\t\t\theight=\"150\"\n\t\t\t\t\t\t\t\t\t\t\t\t\t\t>\n\t\t\t\t\t\t\t\t\t\t\t\t\t\t<div class=\"semead-leader__name\"><em>Co-l\u00edder Internacional: Prof. Dr. Gabriel Vouga Chueke<\/em><\/div>\n\t\t\t\t\t\t\t\t\t\t\t\t\t<\/div>\n\t\t\t\t\t\t\t\t\t\t\t\t<\/div>\n\t\t\t\t\t\t\t\t\t\t\t<\/div>\n\t\t\t\t\t\t\t\t\t\t\t\t\t\t\t\t\t\t\t<\/div>\n\t\t\t\t\t\t\t\t\t\t\t\t\t\t\t<\/div>\n\t\t\t\t\t\t<\/div>\n\t\t\t\t\t<\/div>\n\t\t\t\t\t\t\t\t\t<div class=\"accordion-item semead-topic\">\n\t\t\t\t\t\t<h2 class=\"accordion-header\" id=\"semead-accordion-1-heading-6\">\n\t\t\t\t\t\t\t<button\n\t\t\t\t\t\t\t\tclass=\"accordion-button collapsed\"\n\t\t\t\t\t\t\t\ttype=\"button\"\n\t\t\t\t\t\t\t\tdata-bs-toggle=\"collapse\"\n\t\t\t\t\t\t\t\tdata-bs-target=\"#semead-accordion-1-collapse-6\"\n\t\t\t\t\t\t\t\taria-expanded=\"false\"\n\t\t\t\t\t\t\t\taria-controls=\"semead-accordion-1-collapse-6\"\n\t\t\t\t\t\t\t>\n\t\t\t\t\t\t\t\t6. Planejamento de Ensino: programas, cursos, disciplinas, aulas e avalia\u00e7\u00e3o\t\t\t\t\t\t\t<\/button>\n\t\t\t\t\t\t<\/h2>\n\t\t\t\t\t\t<div\n\t\t\t\t\t\t\tid=\"semead-accordion-1-collapse-6\"\n\t\t\t\t\t\t\tclass=\"accordion-collapse collapse\"\n\t\t\t\t\t\t\taria-labelledby=\"semead-accordion-1-heading-6\"\n\t\t\t\t\t\t\tdata-bs-parent=\"#semead-accordion-1\"\n\t\t\t\t\t\t>\n\t\t\t\t\t\t\t<div class=\"accordion-body\">\n\t\t\t\t\t\t\t\t\n\t\t\t\t\t\t\t\t\t\t\t\t\t\t\t\t\t<div class=\"semead-topic__description\"><p>Gest\u00e3o Estrat\u00e9gica nas IES. Gest\u00e3o por evid\u00eancias. Forma\u00e7\u00e3o de gestores acad\u00eamicos. Influ\u00eancia das novas DCNs sobre os cursos de gradua\u00e7\u00e3o em Administra\u00e7\u00e3o. Concep\u00e7\u00e3o e estrutura\u00e7\u00e3o de programas de p\u00f3s-gradua\u00e7\u00e3o e projetos pedag\u00f3gicos de cursos. Inova\u00e7\u00e3o e redesenho curricular dos cursos de Administra\u00e7\u00e3o. Inova\u00e7\u00e3o pedag\u00f3gica e uso de tecnologias digitais no planejamento did\u00e1tico. Teorias e metodologias de avalia\u00e7\u00e3o de ensino-aprendizagem. Avalia\u00e7\u00e3o da aprendizagem na p\u00f3s-gradua\u00e7\u00e3o: crit\u00e9rios, instrumentos e pr\u00e1ticas. Sistemas de avalia\u00e7\u00e3o\/acredita\u00e7\u00e3o de cursos\/IES (SINAES, AACSB, EQUIS, AMBA). Autoavalia\u00e7\u00e3o institucional (CPA). Sistema de Avalia\u00e7\u00e3o da p\u00f3s-gradua\u00e7\u00e3o (CAPES\/Qualis).<\/p>\n<\/div>\n\t\t\t\t\t\t\t\t\n\t\t\t\t\t\t\t\t\t\t\t\t\t\t\t\t\t<div class=\"semead-leaders row row-cols-1 row-cols-md-2 row-cols-lg-3 g-4\">\n\t\t\t\t\t\t\t\t\t\t\t\t\t\t\t\t\t\t\t\t\t<div class=\"col\">\n\t\t\t\t\t\t\t\t\t\t\t\t<div class=\"semead-leader card h-100 border-0 text-center\">\n\t\t\t\t\t\t\t\t\t\t\t\t\t<div class=\"card-body\">\n\t\t\t\t\t\t\t\t\t\t\t\t\t\t<img data-recalc-dims=\"1\"\n\t\t\t\t\t\t\t\t\t\t\t\t\t\t\tclass=\"semead-leader__image rounded-circle\"\n\t\t\t\t\t\t\t\t\t\t\t\t\t\t\tsrc=\"https:\/\/i0.wp.com\/semead.com.br\/29\/wp-content\/uploads\/sites\/21\/2026\/04\/Belmiro-do-Nascimento-Joao.png?resize=150%2C150&#038;ssl=1\"\n\t\t\t\t\t\t\t\t\t\t\t\t\t\t\talt=\"L\u00edder: Prof. Dr. Belmiro do Nascimento Jo\u00e3o - PUC SP\"\n\t\t\t\t\t\t\t\t\t\t\t\t\t\t\tloading=\"lazy\"\n\t\t\t\t\t\t\t\t\t\t\t\t\t\t\twidth=\"150\"\n\t\t\t\t\t\t\t\t\t\t\t\t\t\t\theight=\"150\"\n\t\t\t\t\t\t\t\t\t\t\t\t\t\t>\n\t\t\t\t\t\t\t\t\t\t\t\t\t\t<div class=\"semead-leader__name\"><em>L\u00edder: Prof. Dr. Belmiro do Nascimento Jo\u00e3o - PUC SP<\/em><\/div>\n\t\t\t\t\t\t\t\t\t\t\t\t\t<\/div>\n\t\t\t\t\t\t\t\t\t\t\t\t<\/div>\n\t\t\t\t\t\t\t\t\t\t\t<\/div>\n\t\t\t\t\t\t\t\t\t\t\t\t\t\t\t\t\t\t\t\t\t<div class=\"col\">\n\t\t\t\t\t\t\t\t\t\t\t\t<div class=\"semead-leader card h-100 border-0 text-center\">\n\t\t\t\t\t\t\t\t\t\t\t\t\t<div class=\"card-body\">\n\t\t\t\t\t\t\t\t\t\t\t\t\t\t<img data-recalc-dims=\"1\"\n\t\t\t\t\t\t\t\t\t\t\t\t\t\t\tclass=\"semead-leader__image rounded-circle\"\n\t\t\t\t\t\t\t\t\t\t\t\t\t\t\tsrc=\"https:\/\/i0.wp.com\/semead.com.br\/29\/wp-content\/uploads\/sites\/21\/2026\/04\/Renata-Luiza-de-Castilho-Rossoni-.png?resize=150%2C150&#038;ssl=1\"\n\t\t\t\t\t\t\t\t\t\t\t\t\t\t\talt=\"Co-l\u00edder: Prof. Dr. Renata Luiza de Castilho Rossoni\u00a0- UFMT\"\n\t\t\t\t\t\t\t\t\t\t\t\t\t\t\tloading=\"lazy\"\n\t\t\t\t\t\t\t\t\t\t\t\t\t\t\twidth=\"150\"\n\t\t\t\t\t\t\t\t\t\t\t\t\t\t\theight=\"150\"\n\t\t\t\t\t\t\t\t\t\t\t\t\t\t>\n\t\t\t\t\t\t\t\t\t\t\t\t\t\t<div class=\"semead-leader__name\"><em>Co-l\u00edder: Prof. Dr. Renata Luiza de Castilho Rossoni\u00a0- UFMT<\/em><\/div>\n\t\t\t\t\t\t\t\t\t\t\t\t\t<\/div>\n\t\t\t\t\t\t\t\t\t\t\t\t<\/div>\n\t\t\t\t\t\t\t\t\t\t\t<\/div>\n\t\t\t\t\t\t\t\t\t\t\t\t\t\t\t\t\t\t\t\t\t<div class=\"col\">\n\t\t\t\t\t\t\t\t\t\t\t\t<div class=\"semead-leader card h-100 border-0 text-center\">\n\t\t\t\t\t\t\t\t\t\t\t\t\t<div class=\"card-body\">\n\t\t\t\t\t\t\t\t\t\t\t\t\t\t<img data-recalc-dims=\"1\"\n\t\t\t\t\t\t\t\t\t\t\t\t\t\t\tclass=\"semead-leader__image rounded-circle\"\n\t\t\t\t\t\t\t\t\t\t\t\t\t\t\tsrc=\"https:\/\/i0.wp.com\/semead.com.br\/29\/wp-content\/uploads\/sites\/21\/2026\/04\/Susana-Costa-e-Silva.png?resize=150%2C150&#038;ssl=1\"\n\t\t\t\t\t\t\t\t\t\t\t\t\t\t\talt=\"Co-l\u00edder Internacional: Profa. Dra. Susana Costa e Silva - Universidade Cat\u00f3lica Portuguesa\"\n\t\t\t\t\t\t\t\t\t\t\t\t\t\t\tloading=\"lazy\"\n\t\t\t\t\t\t\t\t\t\t\t\t\t\t\twidth=\"150\"\n\t\t\t\t\t\t\t\t\t\t\t\t\t\t\theight=\"150\"\n\t\t\t\t\t\t\t\t\t\t\t\t\t\t>\n\t\t\t\t\t\t\t\t\t\t\t\t\t\t<div class=\"semead-leader__name\"><em>Co-l\u00edder Internacional: Profa. Dra. Susana Costa e Silva - Universidade Cat\u00f3lica Portuguesa<\/em><\/div>\n\t\t\t\t\t\t\t\t\t\t\t\t\t<\/div>\n\t\t\t\t\t\t\t\t\t\t\t\t<\/div>\n\t\t\t\t\t\t\t\t\t\t\t<\/div>\n\t\t\t\t\t\t\t\t\t\t\t\t\t\t\t\t\t\t\t<\/div>\n\t\t\t\t\t\t\t\t\t\t\t\t\t\t\t<\/div>\n\t\t\t\t\t\t<\/div>\n\t\t\t\t\t<\/div>\n\t\t\t\t\t\t\t<\/div>\n\t\t<\/div>\n\n\n\n<p><\/p>\n","protected":false},"excerpt":{"rendered":"","protected":false},"author":1,"featured_media":0,"parent":9,"menu_order":2,"comment_status":"closed","ping_status":"open","template":"","meta":{"_acf_changed":false,"tpgb_global_settings":"","inline_featured_image":false,"_monsterinsights_skip_tracking":false,"_monsterinsights_sitenote_active":false,"_monsterinsights_sitenote_note":"","_monsterinsights_sitenote_category":0,"footnotes":""},"class_list":["post-11","page","type-page","status-publish","hentry"],"acf":{"coordenadores":[{"titulo":"Coordenadora: ","nome":"Profa. Dra. Manolita Correia Lima","instituicao":"ESPM","imagem":34913},{"titulo":"Coordenador Adjunto:","nome":"Prof. Dr. Marco Ant\u00f4nio Silva","instituicao":"Universidade Lus\u00f3fona","imagem":34910}],"audio_da_coordenacao":"","temas":[{"tema_nome":"Ambientes de Ensino e Aprendizagem","tema_descricao":"Contextos sociais, f\u00edsicos, psicol\u00f3gicos e pedag\u00f3gicos em que a aprendizagem ocorre. O professor e o estudante no contexto do ensino orientado para a aprendizagem. M\u00e9todos ativos e colaborativos de ensino e aprendizagem. Processos de planejamento; desenvolvimento de m\u00e9todos, t\u00e9cnicas e ferramentas de ensino e aprendizagem; desenvolvimento de atividades, artefatos did\u00e1ticos, eventos e produtos educacionais. Desenho instrucional e ambientes educacionais. Uso de artefatos no processo de ensino-aprendizagem. Influ\u00eancia das diferen\u00e7as individuais no contexto ensino-aprendizagem. Influ\u00eancia da pandemia Covid-19 sobre o ensino-aprendizagem. Influ\u00eancia da IA no processo de ensino e aprendizagem. Influ\u00eancia de aspectos intergeracionais no processo de ensino e aprendizagem.","audio":35416,"lideres":[{"lider_nome":"L\u00edder: Prof. Dr. Thiago Gomes de Almeida - Universidade Federal de Juiz de Fora","lider_foto":35420},{"lider_nome":"Co-l\u00edder: Profa. Dra. Elaine Ribeiro Sigette - Universidade Federal Fluminense","lider_foto":35421},{"lider_nome":"Co-l\u00edder Internacional: Prof. Dr. Miguel Ysrrael Ram\u00edrez S\u00e1nchez - Universidade Aut\u00f4noma do Estado do M\u00e9xico","lider_foto":35418},{"lider_nome":"","lider_foto":""}]},{"tema_nome":"Intelig\u00eancia Artificial (IA) na Educa\u00e7\u00e3o Superior, Educa\u00e7\u00e3o a Dist\u00e2ncia, E-learning e B-Learning: pessoas, projetos e tecnologias","tema_descricao":"Concep\u00e7\u00e3o, planejamento, implementa\u00e7\u00e3o e avalia\u00e7\u00e3o de projetos de IA na Educa\u00e7\u00e3o Superior, Educa\u00e7\u00e3o a Dist\u00e2ncia, E-learning e B-Learning. Ambientes Virtuais de Ensino e Aprendizagem. Comunica\u00e7\u00e3o, intera\u00e7\u00e3o e trabalho colaborativo em ambientes virtuais de Ensino e Aprendizagem. Media\u00e7\u00e3o e acompanhamento da aprendizagem em ambientes virtuais. Subjetividade e massifica\u00e7\u00e3o em ambientes virtuais de aprendizagem. Metodologias de ensino e avalia\u00e7\u00e3o da aprendizagem em projetos de IA na Educa\u00e7\u00e3o Superior, Educa\u00e7\u00e3o a Dist\u00e2ncia, E-learning e B-Learning. Diversidade\/especificidade do uso de Tecnologias Digitais de Informa\u00e7\u00e3o e Comunica\u00e7\u00e3o (TDIC), Tecnologias da Informa\u00e7\u00e3o e Comunica\u00e7\u00e3o (TIC) e outras tecnologias complementares em projetos de IA na Educa\u00e7\u00e3o Superior, Educa\u00e7\u00e3o a Dist\u00e2ncia, E-learning e B-Learning E-learning. Educa\u00e7\u00e3o presencial, Educa\u00e7\u00e3o n\u00e3o-presencial e Educa\u00e7\u00e3o H\u00edbrida, e seus impactos pedag\u00f3gicos e institucionais, com a incorpora\u00e7\u00e3o de uso de IA, realidade aumentada, realidade virtual, sistemas tutores inteligentes, learning analytics, personaliza\u00e7\u00e3o da aprendizagem, uso de IA generativa em processos de ensino e avalia\u00e7\u00e3o, \u00e9tica e governan\u00e7a do uso de IA e outras tecnologias.","audio":"","lideres":[{"lider_nome":"L\u00edder: Profa. Dra. Maria Carolina Conejero - FEI e ESPM","lider_foto":35417},{"lider_nome":"Co-l\u00edder: Prof. Dr. Fl\u00e1vio Henrique dos Santos Foguel - UNIVAG","lider_foto":35416},{"lider_nome":"Co-l\u00edder Internacional: Profa. Dra. Georgette dos Santos Andraz - Universidade do Algarve ","lider_foto":35415}]},{"tema_nome":"Experi\u00eancias de Ensino e Aprendizagem","tema_descricao":"Investiga\u00e7\u00e3o cient\u00edfica de pr\u00e1ticas de ensino-aprendizagem no campo da Administra\u00e7\u00e3o, com foco na an\u00e1lise de processos vivenciados em contextos institucionais reais. Envolve a sistematiza\u00e7\u00e3o de experi\u00eancias pedag\u00f3gicas, an\u00e1lise de interven\u00e7\u00f5es educacionais, avalia\u00e7\u00e3o de impacto formativo e estudos de caso sobre inova\u00e7\u00e3o did\u00e1tica aplicada no ambiente brasileiro e internacional. Contempla ainda a produ\u00e7\u00e3o de evid\u00eancias sobre din\u00e2micas de aprendizagem em projetos curriculares, extens\u00e3o, est\u00e1gios e programas de monitoria, articuladas \u00e0s diretrizes curriculares nacionais. Inclui pesquisas sobre o desenvolvimento de compet\u00eancias computacionais, aplica\u00e7\u00e3o de metodologias ativas e uso de intelig\u00eancia artificial como ferramenta de apoio ao processo formativo.  Resultados de pesquisas te\u00f3ricas e emp\u00edricas sobre engajamento para o ensino-aprendizagem como resultado de programas institucionais","audio":"","lideres":[{"lider_nome":"L\u00edder: Profa. Dra. Carolina Machado Saraiva - UFOP","lider_foto":35414},{"lider_nome":"Co-l\u00edder: Profa. Dra. Fernanda Carla Wasner Vasconcelos - PUC Minas","lider_foto":35413},{"lider_nome":"Co-l\u00edder Internacional: Profa. Dra. Soledad Oregioni - Universidad Nacional del Centro de la Provincia de Buenos Aires","lider_foto":35412}]},{"tema_nome":"Forma\u00e7\u00e3o do Professor e Pesquisador","tema_descricao":"Rela\u00e7\u00f5es entre a p\u00f3s-gradua\u00e7\u00e3o stricto sensu, pol\u00edticas p\u00fablicas e demandas sociais. Pol\u00edticas p\u00fablicas nacionais e internacionais orientadas para a forma\u00e7\u00e3o de professores e pesquisadores. A articula\u00e7\u00e3o entre forma\u00e7\u00e3o para a pesquisa e forma\u00e7\u00e3o para a doc\u00eancia no ensino superior. Programas de forma\u00e7\u00e3o cient\u00edfica e pedag\u00f3gica de professores e pesquisadores. Pr\u00e1ticas formativas em programas de mestrado e doutorado (est\u00e1gio de doc\u00eancia, resid\u00eancia formativa etc.). O processo de orienta\u00e7\u00e3o acad\u00eamica e a forma\u00e7\u00e3o do professor e do pesquisador. Implica\u00e7\u00f5es do produtivismo acad\u00eamico na forma\u00e7\u00e3o do professor e do pesquisador.  Inser\u00e7\u00e3o profissional de egressos e trajet\u00f3rias acad\u00eamicas. Avalia\u00e7\u00e3o da p\u00f3s-gradua\u00e7\u00e3o e seus impactos na forma\u00e7\u00e3o (produtivismo, m\u00e9tricas, performatividade). Internacionaliza\u00e7\u00e3o e circula\u00e7\u00e3o de saberes na forma\u00e7\u00e3o de pesquisadores. Forma\u00e7\u00e3o \u00e9tica, integridade cient\u00edfica e responsabilidade social da pesquisa. Desafios envolvidos na pr\u00e1tica da carreira de professor e\/ou pesquisador. Diversidade de g\u00eanero, ra\u00e7a, etnia e gera\u00e7\u00f5es na carreira do professor\/pesquisador. A influ\u00eancia da IA sobre a forma\u00e7\u00e3o pedag\u00f3gica do professor e sobre a forma\u00e7\u00e3o cient\u00edfica do pesquisador.","audio":"","lideres":[{"lider_nome":"L\u00edder: Prof. Dr. Elton Oliveira de Moura - IFRN","lider_foto":35411},{"lider_nome":"Co-l\u00edder: Prof. Dr. Ivan Akio Itocazo Soida - ESPM","lider_foto":35410},{"lider_nome":"Co-l\u00edder Internacional: Prof. Dr. Jos\u00e9 Sa\u00fal Arias Cer\u00f3n - Universidad Popular Aut\u00f3noma del Estado de Puebla (UPAEP)","lider_foto":35409}]},{"tema_nome":"M\u00e9todos e T\u00e9cnicas de Pesquisa em Administra\u00e7\u00e3o","tema_descricao":"Produ\u00e7\u00e3o e difus\u00e3o do conhecimento. Planejamento da pesquisa cient\u00edfica. Avalia\u00e7\u00e3o da pesquisa cient\u00edfica: crit\u00e9rios de validade e confiabilidade. \u00c9tica na pesquisa cient\u00edfica. Abordagens metodol\u00f3gicas. M\u00e9todos qualitativos e m\u00e9todos quantitativos. Benef\u00edcios da ado\u00e7\u00e3o conjunta de m\u00e9todos quantitativos e qualitativos. T\u00e9cnicas de coleta e tratamento de dados. Procedimentos de interpreta\u00e7\u00e3o e an\u00e1lise de dados. M\u00e9todos inovadores e t\u00e9cnicas virtuais\/online de pesquisa cient\u00edfica. Contribui\u00e7\u00f5es e limita\u00e7\u00f5es do uso da intelig\u00eancia artificial na pesquisa e na produ\u00e7\u00e3o de texto. Quest\u00f5es \u00e9ticas envolvidas no uso da IA na produ\u00e7\u00e3o do conhecimento.","audio":"","lideres":[{"lider_nome":"L\u00edder: Prof. Dr. Cledinaldo Dias - Universidade Estadual de Montes Claros (Unimontes) e Universidade Federal de Minas Gerais (UFMG) ","lider_foto":35408},{"lider_nome":"Co-l\u00edder: Prof. Dr. Webert Jannsen Pires de Santana - \u00c9cole de Management de Lyon (EMLYON) \/ Universidade Federal do Cariri","lider_foto":35407},{"lider_nome":"Co-l\u00edder Internacional: Prof. Dr. Gabriel Vouga Chueke","lider_foto":35406}]},{"tema_nome":"Planejamento de Ensino: programas, cursos, disciplinas, aulas e avalia\u00e7\u00e3o","tema_descricao":"Gest\u00e3o Estrat\u00e9gica nas IES. Gest\u00e3o por evid\u00eancias. Forma\u00e7\u00e3o de gestores acad\u00eamicos. Influ\u00eancia das novas DCNs sobre os cursos de gradua\u00e7\u00e3o em Administra\u00e7\u00e3o. Concep\u00e7\u00e3o e estrutura\u00e7\u00e3o de programas de p\u00f3s-gradua\u00e7\u00e3o e projetos pedag\u00f3gicos de cursos. Inova\u00e7\u00e3o e redesenho curricular dos cursos de Administra\u00e7\u00e3o. Inova\u00e7\u00e3o pedag\u00f3gica e uso de tecnologias digitais no planejamento did\u00e1tico. Teorias e metodologias de avalia\u00e7\u00e3o de ensino-aprendizagem. Avalia\u00e7\u00e3o da aprendizagem na p\u00f3s-gradua\u00e7\u00e3o: crit\u00e9rios, instrumentos e pr\u00e1ticas. Sistemas de avalia\u00e7\u00e3o\/acredita\u00e7\u00e3o de cursos\/IES (SINAES, AACSB, EQUIS, AMBA). Autoavalia\u00e7\u00e3o institucional (CPA). Sistema de Avalia\u00e7\u00e3o da p\u00f3s-gradua\u00e7\u00e3o (CAPES\/Qualis).","audio":"","lideres":[{"lider_nome":"L\u00edder: Prof. Dr. Belmiro do Nascimento Jo\u00e3o - PUC SP","lider_foto":35405},{"lider_nome":"Co-l\u00edder: Prof. Dr. Renata Luiza de Castilho Rossoni\u00a0- UFMT","lider_foto":35404},{"lider_nome":"Co-l\u00edder Internacional: Profa. Dra. Susana Costa e Silva - Universidade Cat\u00f3lica Portuguesa","lider_foto":35403}]}]},"yoast_head":"<!-- This site is optimized with the Yoast SEO plugin v27.5 - https:\/\/yoast.com\/product\/yoast-seo-wordpress\/ -->\n<title>M\u00e9todos e T\u00e9cnicas de Pesquisa em Administra\u00e7\u00e3o - XXIX SemeAd<\/title>\n<meta name=\"robots\" content=\"index, follow, max-snippet:-1, max-image-preview:large, max-video-preview:-1\" \/>\n<link rel=\"canonical\" href=\"https:\/\/semead.com.br\/29\/areas\/cientificas\/metodos-e-tecnicas-de-pesquisa-em-administracao\/\" \/>\n<meta property=\"og:locale\" content=\"pt_BR\" \/>\n<meta property=\"og:type\" content=\"article\" \/>\n<meta property=\"og:title\" content=\"M\u00e9todos e T\u00e9cnicas de Pesquisa em Administra\u00e7\u00e3o - XXIX SemeAd\" \/>\n<meta property=\"og:url\" content=\"https:\/\/semead.com.br\/29\/areas\/cientificas\/metodos-e-tecnicas-de-pesquisa-em-administracao\/\" \/>\n<meta property=\"og:site_name\" content=\"XXIX SemeAd\" \/>\n<meta property=\"article:modified_time\" content=\"2026-04-26T15:05:37+00:00\" \/>\n<meta name=\"twitter:card\" content=\"summary_large_image\" \/>\n<meta name=\"twitter:label1\" content=\"Est. tempo de leitura\" \/>\n\t<meta name=\"twitter:data1\" content=\"1 minuto\" \/>\n<script type=\"application\/ld+json\" class=\"yoast-schema-graph\">{\"@context\":\"https:\\\/\\\/schema.org\",\"@graph\":[{\"@type\":\"WebPage\",\"@id\":\"https:\\\/\\\/semead.com.br\\\/29\\\/areas\\\/cientificas\\\/metodos-e-tecnicas-de-pesquisa-em-administracao\\\/\",\"url\":\"https:\\\/\\\/semead.com.br\\\/29\\\/areas\\\/cientificas\\\/metodos-e-tecnicas-de-pesquisa-em-administracao\\\/\",\"name\":\"M\u00e9todos e T\u00e9cnicas de Pesquisa em Administra\u00e7\u00e3o - XXIX SemeAd\",\"isPartOf\":{\"@id\":\"https:\\\/\\\/semead.com.br\\\/29\\\/#website\"},\"datePublished\":\"2013-04-26T00:09:23+00:00\",\"dateModified\":\"2026-04-26T15:05:37+00:00\",\"breadcrumb\":{\"@id\":\"https:\\\/\\\/semead.com.br\\\/29\\\/areas\\\/cientificas\\\/metodos-e-tecnicas-de-pesquisa-em-administracao\\\/#breadcrumb\"},\"inLanguage\":\"pt-BR\",\"potentialAction\":[{\"@type\":\"ReadAction\",\"target\":[\"https:\\\/\\\/semead.com.br\\\/29\\\/areas\\\/cientificas\\\/metodos-e-tecnicas-de-pesquisa-em-administracao\\\/\"]}]},{\"@type\":\"BreadcrumbList\",\"@id\":\"https:\\\/\\\/semead.com.br\\\/29\\\/areas\\\/cientificas\\\/metodos-e-tecnicas-de-pesquisa-em-administracao\\\/#breadcrumb\",\"itemListElement\":[{\"@type\":\"ListItem\",\"position\":1,\"name\":\"In\u00edcio\",\"item\":\"https:\\\/\\\/semead.com.br\\\/29\\\/\"},{\"@type\":\"ListItem\",\"position\":2,\"name\":\"\u00c1reas\",\"item\":\"https:\\\/\\\/semead.com.br\\\/29\\\/areas\\\/\"},{\"@type\":\"ListItem\",\"position\":3,\"name\":\"\u00c1reas Cient\u00edficas\",\"item\":\"https:\\\/\\\/semead.com.br\\\/29\\\/areas\\\/cientificas\\\/\"},{\"@type\":\"ListItem\",\"position\":4,\"name\":\"M\u00e9todos e T\u00e9cnicas de Pesquisa em Administra\u00e7\u00e3o\"}]},{\"@type\":\"WebSite\",\"@id\":\"https:\\\/\\\/semead.com.br\\\/29\\\/#website\",\"url\":\"https:\\\/\\\/semead.com.br\\\/29\\\/\",\"name\":\"XXIX SemeAd\",\"description\":\"Semin\u00e1rios em administra\u00e7\u00e3o\",\"potentialAction\":[{\"@type\":\"SearchAction\",\"target\":{\"@type\":\"EntryPoint\",\"urlTemplate\":\"https:\\\/\\\/semead.com.br\\\/29\\\/?s={search_term_string}\"},\"query-input\":{\"@type\":\"PropertyValueSpecification\",\"valueRequired\":true,\"valueName\":\"search_term_string\"}}],\"inLanguage\":\"pt-BR\"}]}<\/script>\n<!-- \/ Yoast SEO plugin. -->","yoast_head_json":{"title":"M\u00e9todos e T\u00e9cnicas de Pesquisa em Administra\u00e7\u00e3o - XXIX SemeAd","robots":{"index":"index","follow":"follow","max-snippet":"max-snippet:-1","max-image-preview":"max-image-preview:large","max-video-preview":"max-video-preview:-1"},"canonical":"https:\/\/semead.com.br\/29\/areas\/cientificas\/metodos-e-tecnicas-de-pesquisa-em-administracao\/","og_locale":"pt_BR","og_type":"article","og_title":"M\u00e9todos e T\u00e9cnicas de Pesquisa em Administra\u00e7\u00e3o - XXIX SemeAd","og_url":"https:\/\/semead.com.br\/29\/areas\/cientificas\/metodos-e-tecnicas-de-pesquisa-em-administracao\/","og_site_name":"XXIX SemeAd","article_modified_time":"2026-04-26T15:05:37+00:00","twitter_card":"summary_large_image","twitter_misc":{"Est. tempo de leitura":"1 minuto"},"schema":{"@context":"https:\/\/schema.org","@graph":[{"@type":"WebPage","@id":"https:\/\/semead.com.br\/29\/areas\/cientificas\/metodos-e-tecnicas-de-pesquisa-em-administracao\/","url":"https:\/\/semead.com.br\/29\/areas\/cientificas\/metodos-e-tecnicas-de-pesquisa-em-administracao\/","name":"M\u00e9todos e T\u00e9cnicas de Pesquisa em Administra\u00e7\u00e3o - XXIX SemeAd","isPartOf":{"@id":"https:\/\/semead.com.br\/29\/#website"},"datePublished":"2013-04-26T00:09:23+00:00","dateModified":"2026-04-26T15:05:37+00:00","breadcrumb":{"@id":"https:\/\/semead.com.br\/29\/areas\/cientificas\/metodos-e-tecnicas-de-pesquisa-em-administracao\/#breadcrumb"},"inLanguage":"pt-BR","potentialAction":[{"@type":"ReadAction","target":["https:\/\/semead.com.br\/29\/areas\/cientificas\/metodos-e-tecnicas-de-pesquisa-em-administracao\/"]}]},{"@type":"BreadcrumbList","@id":"https:\/\/semead.com.br\/29\/areas\/cientificas\/metodos-e-tecnicas-de-pesquisa-em-administracao\/#breadcrumb","itemListElement":[{"@type":"ListItem","position":1,"name":"In\u00edcio","item":"https:\/\/semead.com.br\/29\/"},{"@type":"ListItem","position":2,"name":"\u00c1reas","item":"https:\/\/semead.com.br\/29\/areas\/"},{"@type":"ListItem","position":3,"name":"\u00c1reas Cient\u00edficas","item":"https:\/\/semead.com.br\/29\/areas\/cientificas\/"},{"@type":"ListItem","position":4,"name":"M\u00e9todos e T\u00e9cnicas de Pesquisa em Administra\u00e7\u00e3o"}]},{"@type":"WebSite","@id":"https:\/\/semead.com.br\/29\/#website","url":"https:\/\/semead.com.br\/29\/","name":"XXIX SemeAd","description":"Semin\u00e1rios em administra\u00e7\u00e3o","potentialAction":[{"@type":"SearchAction","target":{"@type":"EntryPoint","urlTemplate":"https:\/\/semead.com.br\/29\/?s={search_term_string}"},"query-input":{"@type":"PropertyValueSpecification","valueRequired":true,"valueName":"search_term_string"}}],"inLanguage":"pt-BR"}]}},"tpgb_featured_images":null,"tpgb_post_meta_info":{"get_date":"26 de abril de 2013","get_modified_date":"26 de abril de 2026","author_name":"fernando yada","author_url":"https:\/\/semead.com.br\/29\/author\/fernando-yada\/","author_email":"fernandoyada@gmail.com","author_website":"","author_description":"","author_facebook":"","author_twitter":"","author_instagram":"","author_role":[],"author_firstname":"","author_lastname":"","user_login":"fernando yada","author_avatar":"<img alt='' src='https:\/\/secure.gravatar.com\/avatar\/e12b4edc71c65a7866bb5109793beca18c7cebc936f8b62643a50a4c990e8426?s=200&#038;d=mm&#038;r=g' srcset='https:\/\/secure.gravatar.com\/avatar\/e12b4edc71c65a7866bb5109793beca18c7cebc936f8b62643a50a4c990e8426?s=400&#038;d=mm&#038;r=g 2x' class='avatar avatar-200 photo' height='200' width='200' decoding='async'\/>","author_avatar_url":"https:\/\/secure.gravatar.com\/avatar\/e12b4edc71c65a7866bb5109793beca18c7cebc936f8b62643a50a4c990e8426?s=96&d=mm&r=g","comment_count":0,"post_likes":0,"post_views":0},"tpgb_post_category":[],"jetpack_sharing_enabled":true,"_links":{"self":[{"href":"https:\/\/semead.com.br\/29\/wp-json\/wp\/v2\/pages\/11","targetHints":{"allow":["GET"]}}],"collection":[{"href":"https:\/\/semead.com.br\/29\/wp-json\/wp\/v2\/pages"}],"about":[{"href":"https:\/\/semead.com.br\/29\/wp-json\/wp\/v2\/types\/page"}],"author":[{"embeddable":true,"href":"https:\/\/semead.com.br\/29\/wp-json\/wp\/v2\/users\/1"}],"replies":[{"embeddable":true,"href":"https:\/\/semead.com.br\/29\/wp-json\/wp\/v2\/comments?post=11"}],"version-history":[{"count":2,"href":"https:\/\/semead.com.br\/29\/wp-json\/wp\/v2\/pages\/11\/revisions"}],"predecessor-version":[{"id":35428,"href":"https:\/\/semead.com.br\/29\/wp-json\/wp\/v2\/pages\/11\/revisions\/35428"}],"up":[{"embeddable":true,"href":"https:\/\/semead.com.br\/29\/wp-json\/wp\/v2\/pages\/9"}],"wp:attachment":[{"href":"https:\/\/semead.com.br\/29\/wp-json\/wp\/v2\/media?parent=11"}],"curies":[{"name":"wp","href":"https:\/\/api.w.org\/{rel}","templated":true}]}}