{"id":15854,"date":"2020-04-27T23:18:28","date_gmt":"2020-04-28T02:18:28","guid":{"rendered":"https:\/\/semead.com.br\/29-novo\/?page_id=15854"},"modified":"2026-04-26T10:03:28","modified_gmt":"2026-04-26T13:03:28","slug":"agribusiness","status":"publish","type":"page","link":"https:\/\/semead.com.br\/29\/areas\/cientificas\/agribusiness\/","title":{"rendered":"Agribusiness"},"content":{"rendered":"<div class=\"semead-shortcode semead-shortcode--coordenacao\">\n\t\t\t\t\t\t\t<div class=\"semead-people\">\n\t\t\t\t\t\t\t\t\t\t\t<div class=\"semead-person\">\n\t\t\t\t\t\t\t<div class=\"semead-person__media\">\n\t\t\t\t\t\t\t\t<img data-recalc-dims=\"1\"\n\t\t\t\t\t\t\t\t\tclass=\"semead-person__image rounded-circle\"\n\t\t\t\t\t\t\t\t\tsrc=\"https:\/\/i0.wp.com\/semead.com.br\/29\/wp-content\/uploads\/sites\/21\/2026\/03\/Profa.-Dra.-Paula-Sarita-Bigio-Schnaider.jpeg?resize=150%2C150&#038;ssl=1\"\n\t\t\t\t\t\t\t\t\talt=\"Profa. Dra. Paula Sarita Bigio Schnaider\"\n\t\t\t\t\t\t\t\t\tloading=\"lazy\"\n\t\t\t\t\t\t\t\t\twidth=\"150\"\n\t\t\t\t\t\t\t\t\theight=\"150\"\n\t\t\t\t\t\t\t\t>\n\t\t\t\t\t\t\t<\/div>\n\t\t\t\t\t\t\t<div class=\"semead-person__content\">\n\t\t\t\t\t\t\t\t<h4 class=\"\">Coordenadora:<\/h4>\n\t\t\t\t\t\t\t\t<h3 class=\"semead-person__title\">Profa. Dra. Paula Sarita Bigio Schnaider<\/h3>\n\t\t\t\t\t\t\t\t\t\t\t\t\t\t\t\t\t<div class=\"semead-person__institution\">FEA-USP<\/div>\n\t\t\t\t\t\t\t\t\t\t\t\t\t\t\t<\/div>\n\t\t\t\t\t\t<\/div>\n\t\t\t\t\t\t\t\t\t\t\t<div class=\"semead-person\">\n\t\t\t\t\t\t\t<div class=\"semead-person__media\">\n\t\t\t\t\t\t\t\t<img data-recalc-dims=\"1\"\n\t\t\t\t\t\t\t\t\tclass=\"semead-person__image rounded-circle\"\n\t\t\t\t\t\t\t\t\tsrc=\"https:\/\/i0.wp.com\/semead.com.br\/29\/wp-content\/uploads\/sites\/21\/2026\/03\/Marcela-Vinholis.webp?resize=150%2C150&#038;ssl=1\"\n\t\t\t\t\t\t\t\t\talt=\"Profa. Dra. Marcela de Mello Brand\u00e3o Vinholis\"\n\t\t\t\t\t\t\t\t\tloading=\"lazy\"\n\t\t\t\t\t\t\t\t\twidth=\"150\"\n\t\t\t\t\t\t\t\t\theight=\"150\"\n\t\t\t\t\t\t\t\t>\n\t\t\t\t\t\t\t<\/div>\n\t\t\t\t\t\t\t<div class=\"semead-person__content\">\n\t\t\t\t\t\t\t\t<h4 class=\"\">Coordenadora Adjunta:<\/h4>\n\t\t\t\t\t\t\t\t<h3 class=\"semead-person__title\">Profa. Dra. Marcela de Mello Brand\u00e3o Vinholis<\/h3>\n\t\t\t\t\t\t\t\t\t\t\t\t\t\t\t\t\t<div class=\"semead-person__institution\">Embrapa<\/div>\n\t\t\t\t\t\t\t\t\t\t\t\t\t\t\t<\/div>\n\t\t\t\t\t\t<\/div>\n\t\t\t\t\t\t\t\t\t<\/div>\n\t\t\t\n\t\t\t\t\t<\/div>\n<div class=\"semead-shortcode semead-shortcode--temas\">\n\t\t\t\t\t\t\t<h4 class=\"semead-shortcode__heading\"><strong>Temas e L\u00edderes:<\/strong><\/h4>\n\t\t\t\n\t\t\t<div class=\"accordion\" id=\"semead-accordion-1\">\n\t\t\t\t\t\t\t\t\t<div class=\"accordion-item semead-topic\">\n\t\t\t\t\t\t<h2 class=\"accordion-header\" id=\"semead-accordion-1-heading-1\">\n\t\t\t\t\t\t\t<button\n\t\t\t\t\t\t\t\tclass=\"accordion-button collapsed\"\n\t\t\t\t\t\t\t\ttype=\"button\"\n\t\t\t\t\t\t\t\tdata-bs-toggle=\"collapse\"\n\t\t\t\t\t\t\t\tdata-bs-target=\"#semead-accordion-1-collapse-1\"\n\t\t\t\t\t\t\t\taria-expanded=\"false\"\n\t\t\t\t\t\t\t\taria-controls=\"semead-accordion-1-collapse-1\"\n\t\t\t\t\t\t\t>\n\t\t\t\t\t\t\t\t1. Cooperativas, associa\u00e7\u00f5es e a\u00e7\u00f5es\u00a0coletivas\t\t\t\t\t\t\t<\/button>\n\t\t\t\t\t\t<\/h2>\n\t\t\t\t\t\t<div\n\t\t\t\t\t\t\tid=\"semead-accordion-1-collapse-1\"\n\t\t\t\t\t\t\tclass=\"accordion-collapse collapse\"\n\t\t\t\t\t\t\taria-labelledby=\"semead-accordion-1-heading-1\"\n\t\t\t\t\t\t\tdata-bs-parent=\"#semead-accordion-1\"\n\t\t\t\t\t\t>\n\t\t\t\t\t\t\t<div class=\"accordion-body\">\n\t\t\t\t\t\t\t\t\n\t\t\t\t\t\t\t\t\t\t\t\t\t\t\t\t\t<div class=\"semead-topic__description\"><p>Cooperativas s\u00e3o sociedades de pessoas que de forma conjunta, buscam executar a\u00e7\u00f5es que seriam custosas de se executar individualmente. Estas organiza\u00e7\u00f5es possuem forma e natureza jur\u00eddica pr\u00f3pria que, entre outras caracter\u00edsticas, envolve ades\u00e3o volunt\u00e1ria, inacessibilidade de quotas-partes do capital a terceiros, singularidade do voto e retorno das sobras l\u00edquidas do exerc\u00edcio proporcional \u00e0s opera\u00e7\u00f5es realizadas pelos s\u00f3cios. Pesquisas que envolvam a tem\u00e1tica de cooperativas abrangem um amplo espectro de possibilidades, entre outros, identidade cooperativista, aspectos jur\u00eddicos, educa\u00e7\u00e3o cooperativista, governan\u00e7a em cooperativas, gest\u00e3o social de cooperativa, inova\u00e7\u00e3o e desempenho, estrat\u00e9gia, finan\u00e7as, organiza\u00e7\u00e3o do quadro social, inter-coopera\u00e7\u00e3o e an\u00e1lise do seu impacto social, econ\u00f4mico e ambiental.<\/p>\n<\/div>\n\t\t\t\t\t\t\t\t\n\t\t\t\t\t\t\t\t\t\t\t\t\t\t\t\t\t<div class=\"semead-leaders row row-cols-1 row-cols-md-2 row-cols-lg-3 g-4\">\n\t\t\t\t\t\t\t\t\t\t\t\t\t\t\t\t\t\t\t\t\t<div class=\"col\">\n\t\t\t\t\t\t\t\t\t\t\t\t<div class=\"semead-leader card h-100 border-0 text-center\">\n\t\t\t\t\t\t\t\t\t\t\t\t\t<div class=\"card-body\">\n\t\t\t\t\t\t\t\t\t\t\t\t\t\t<img data-recalc-dims=\"1\"\n\t\t\t\t\t\t\t\t\t\t\t\t\t\t\tclass=\"semead-leader__image rounded-circle\"\n\t\t\t\t\t\t\t\t\t\t\t\t\t\t\tsrc=\"https:\/\/i0.wp.com\/semead.com.br\/29\/wp-content\/uploads\/sites\/21\/2026\/04\/carolina.png?resize=150%2C150&#038;ssl=1\"\n\t\t\t\t\t\t\t\t\t\t\t\t\t\t\talt=\"L\u00edder: Profa. Dra. Caroline Gon\u00e7alves - Universidade Federal de Mato\u00a0Grosso\u00a0do\u00a0Sul\"\n\t\t\t\t\t\t\t\t\t\t\t\t\t\t\tloading=\"lazy\"\n\t\t\t\t\t\t\t\t\t\t\t\t\t\t\twidth=\"150\"\n\t\t\t\t\t\t\t\t\t\t\t\t\t\t\theight=\"150\"\n\t\t\t\t\t\t\t\t\t\t\t\t\t\t>\n\t\t\t\t\t\t\t\t\t\t\t\t\t\t<div class=\"semead-leader__name\"><em>L\u00edder: Profa. Dra. Caroline Gon\u00e7alves - Universidade Federal de Mato\u00a0Grosso\u00a0do\u00a0Sul<\/em><\/div>\n\t\t\t\t\t\t\t\t\t\t\t\t\t<\/div>\n\t\t\t\t\t\t\t\t\t\t\t\t<\/div>\n\t\t\t\t\t\t\t\t\t\t\t<\/div>\n\t\t\t\t\t\t\t\t\t\t\t\t\t\t\t\t\t\t\t\t\t<div class=\"col\">\n\t\t\t\t\t\t\t\t\t\t\t\t<div class=\"semead-leader card h-100 border-0 text-center\">\n\t\t\t\t\t\t\t\t\t\t\t\t\t<div class=\"card-body\">\n\t\t\t\t\t\t\t\t\t\t\t\t\t\t<img data-recalc-dims=\"1\"\n\t\t\t\t\t\t\t\t\t\t\t\t\t\t\tclass=\"semead-leader__image rounded-circle\"\n\t\t\t\t\t\t\t\t\t\t\t\t\t\t\tsrc=\"https:\/\/i0.wp.com\/semead.com.br\/29\/wp-content\/uploads\/sites\/21\/2026\/04\/Antonio-Carlos-Lima-Nogueira.png?resize=150%2C150&#038;ssl=1\"\n\t\t\t\t\t\t\t\t\t\t\t\t\t\t\talt=\"Co-l\u00edder: Prof. Dr. Antonio Carlos Lima Nogueira - Agrilogus Consultoria Empresarial\"\n\t\t\t\t\t\t\t\t\t\t\t\t\t\t\tloading=\"lazy\"\n\t\t\t\t\t\t\t\t\t\t\t\t\t\t\twidth=\"150\"\n\t\t\t\t\t\t\t\t\t\t\t\t\t\t\theight=\"150\"\n\t\t\t\t\t\t\t\t\t\t\t\t\t\t>\n\t\t\t\t\t\t\t\t\t\t\t\t\t\t<div class=\"semead-leader__name\"><em>Co-l\u00edder: Prof. Dr. Antonio Carlos Lima Nogueira - Agrilogus Consultoria Empresarial<\/em><\/div>\n\t\t\t\t\t\t\t\t\t\t\t\t\t<\/div>\n\t\t\t\t\t\t\t\t\t\t\t\t<\/div>\n\t\t\t\t\t\t\t\t\t\t\t<\/div>\n\t\t\t\t\t\t\t\t\t\t\t\t\t\t\t\t\t\t\t<\/div>\n\t\t\t\t\t\t\t\t\t\t\t\t\t\t\t<\/div>\n\t\t\t\t\t\t<\/div>\n\t\t\t\t\t<\/div>\n\t\t\t\t\t\t\t\t\t<div class=\"accordion-item semead-topic\">\n\t\t\t\t\t\t<h2 class=\"accordion-header\" id=\"semead-accordion-1-heading-2\">\n\t\t\t\t\t\t\t<button\n\t\t\t\t\t\t\t\tclass=\"accordion-button collapsed\"\n\t\t\t\t\t\t\t\ttype=\"button\"\n\t\t\t\t\t\t\t\tdata-bs-toggle=\"collapse\"\n\t\t\t\t\t\t\t\tdata-bs-target=\"#semead-accordion-1-collapse-2\"\n\t\t\t\t\t\t\t\taria-expanded=\"false\"\n\t\t\t\t\t\t\t\taria-controls=\"semead-accordion-1-collapse-2\"\n\t\t\t\t\t\t\t>\n\t\t\t\t\t\t\t\t2. Estrat\u00e9gia e Competitividade nas Cadeias Agr\u00edcolas\t\t\t\t\t\t\t<\/button>\n\t\t\t\t\t\t<\/h2>\n\t\t\t\t\t\t<div\n\t\t\t\t\t\t\tid=\"semead-accordion-1-collapse-2\"\n\t\t\t\t\t\t\tclass=\"accordion-collapse collapse\"\n\t\t\t\t\t\t\taria-labelledby=\"semead-accordion-1-heading-2\"\n\t\t\t\t\t\t\tdata-bs-parent=\"#semead-accordion-1\"\n\t\t\t\t\t\t>\n\t\t\t\t\t\t\t<div class=\"accordion-body\">\n\t\t\t\t\t\t\t\t\n\t\t\t\t\t\t\t\t\t\t\t\t\t\t\t\t\t<div class=\"semead-topic__description\"><p>Os artigos devem abordar temas relacionados a estrat\u00e9gia e competitividade, no contexto das cadeias agroindustriais.  Ser\u00e3o aceitos artigos que tratam da problem\u00e1tica da competitividade e desempenho sob as lentes das teorias da estrat\u00e9gia - posicionamento, teoria dos recursos, capacidades din\u00e2micas, custos de transa\u00e7\u00e3o. Tamb\u00e9m se enquadram os estudos que remetem \u00e0 competitividade sob a \u00f3tica das abordagens sist\u00eamica e relacional, rede de coopera\u00e7\u00e3o e alian\u00e7as estrat\u00e9gicas que analisam rela\u00e7\u00f5es de interdepend\u00eancia entre os agentes, assim como estrat\u00e9gias de marketing. Tamb\u00e9m est\u00e3o dentro desse t\u00f3pico estudos que discutem as implica\u00e7\u00f5es dos aspectos macro institucionais nas cadeias agroindustriais.<\/p>\n<\/div>\n\t\t\t\t\t\t\t\t\n\t\t\t\t\t\t\t\t\t\t\t\t\t\t\t\t\t<div class=\"semead-leaders row row-cols-1 row-cols-md-2 row-cols-lg-3 g-4\">\n\t\t\t\t\t\t\t\t\t\t\t\t\t\t\t\t\t\t\t\t\t<div class=\"col\">\n\t\t\t\t\t\t\t\t\t\t\t\t<div class=\"semead-leader card h-100 border-0 text-center\">\n\t\t\t\t\t\t\t\t\t\t\t\t\t<div class=\"card-body\">\n\t\t\t\t\t\t\t\t\t\t\t\t\t\t<img data-recalc-dims=\"1\"\n\t\t\t\t\t\t\t\t\t\t\t\t\t\t\tclass=\"semead-leader__image rounded-circle\"\n\t\t\t\t\t\t\t\t\t\t\t\t\t\t\tsrc=\"https:\/\/i0.wp.com\/semead.com.br\/29\/wp-content\/uploads\/sites\/21\/2026\/04\/Jaiane-Aparecida-Pereira.jpg?resize=150%2C150&#038;ssl=1\"\n\t\t\t\t\t\t\t\t\t\t\t\t\t\t\talt=\"L\u00edder: Profa. Dra. Jaiane Aparecida Pereira - Universidade Federal de Mato Grosso do Sul - UFMS\"\n\t\t\t\t\t\t\t\t\t\t\t\t\t\t\tloading=\"lazy\"\n\t\t\t\t\t\t\t\t\t\t\t\t\t\t\twidth=\"150\"\n\t\t\t\t\t\t\t\t\t\t\t\t\t\t\theight=\"150\"\n\t\t\t\t\t\t\t\t\t\t\t\t\t\t>\n\t\t\t\t\t\t\t\t\t\t\t\t\t\t<div class=\"semead-leader__name\"><em>L\u00edder: Profa. Dra. Jaiane Aparecida Pereira - Universidade Federal de Mato Grosso do Sul - UFMS<\/em><\/div>\n\t\t\t\t\t\t\t\t\t\t\t\t\t<\/div>\n\t\t\t\t\t\t\t\t\t\t\t\t<\/div>\n\t\t\t\t\t\t\t\t\t\t\t<\/div>\n\t\t\t\t\t\t\t\t\t\t\t\t\t\t\t\t\t\t\t\t\t<div class=\"col\">\n\t\t\t\t\t\t\t\t\t\t\t\t<div class=\"semead-leader card h-100 border-0 text-center\">\n\t\t\t\t\t\t\t\t\t\t\t\t\t<div class=\"card-body\">\n\t\t\t\t\t\t\t\t\t\t\t\t\t\t<img data-recalc-dims=\"1\"\n\t\t\t\t\t\t\t\t\t\t\t\t\t\t\tclass=\"semead-leader__image rounded-circle\"\n\t\t\t\t\t\t\t\t\t\t\t\t\t\t\tsrc=\"https:\/\/i0.wp.com\/semead.com.br\/29\/wp-content\/uploads\/sites\/21\/2026\/04\/Amanda-Ferreira-Guimaraes.jpg?resize=150%2C150&#038;ssl=1\"\n\t\t\t\t\t\t\t\t\t\t\t\t\t\t\talt=\"Co-l\u00edder: Amanda Ferreira Guimar\u00e3es - Universidade Estadual de Maring\u00e1\"\n\t\t\t\t\t\t\t\t\t\t\t\t\t\t\tloading=\"lazy\"\n\t\t\t\t\t\t\t\t\t\t\t\t\t\t\twidth=\"150\"\n\t\t\t\t\t\t\t\t\t\t\t\t\t\t\theight=\"150\"\n\t\t\t\t\t\t\t\t\t\t\t\t\t\t>\n\t\t\t\t\t\t\t\t\t\t\t\t\t\t<div class=\"semead-leader__name\"><em>Co-l\u00edder: Amanda Ferreira Guimar\u00e3es - Universidade Estadual de Maring\u00e1<\/em><\/div>\n\t\t\t\t\t\t\t\t\t\t\t\t\t<\/div>\n\t\t\t\t\t\t\t\t\t\t\t\t<\/div>\n\t\t\t\t\t\t\t\t\t\t\t<\/div>\n\t\t\t\t\t\t\t\t\t\t\t\t\t\t\t\t\t\t\t\t\t<div class=\"col\">\n\t\t\t\t\t\t\t\t\t\t\t\t<div class=\"semead-leader card h-100 border-0 text-center\">\n\t\t\t\t\t\t\t\t\t\t\t\t\t<div class=\"card-body\">\n\t\t\t\t\t\t\t\t\t\t\t\t\t\t<img data-recalc-dims=\"1\"\n\t\t\t\t\t\t\t\t\t\t\t\t\t\t\tclass=\"semead-leader__image rounded-circle\"\n\t\t\t\t\t\t\t\t\t\t\t\t\t\t\tsrc=\"https:\/\/i0.wp.com\/semead.com.br\/29\/wp-content\/uploads\/sites\/21\/2026\/04\/Melise-Bourollec.jpg?resize=150%2C150&#038;ssl=1\"\n\t\t\t\t\t\t\t\t\t\t\t\t\t\t\talt=\"Co-l\u00edder Internacional: Melise Bourollec - Ecole d&#039;Ing\u00e9nieurs de Purpan- France\"\n\t\t\t\t\t\t\t\t\t\t\t\t\t\t\tloading=\"lazy\"\n\t\t\t\t\t\t\t\t\t\t\t\t\t\t\twidth=\"150\"\n\t\t\t\t\t\t\t\t\t\t\t\t\t\t\theight=\"150\"\n\t\t\t\t\t\t\t\t\t\t\t\t\t\t>\n\t\t\t\t\t\t\t\t\t\t\t\t\t\t<div class=\"semead-leader__name\"><em>Co-l\u00edder Internacional: Melise Bourollec - Ecole d&#039;Ing\u00e9nieurs de Purpan- France<\/em><\/div>\n\t\t\t\t\t\t\t\t\t\t\t\t\t<\/div>\n\t\t\t\t\t\t\t\t\t\t\t\t<\/div>\n\t\t\t\t\t\t\t\t\t\t\t<\/div>\n\t\t\t\t\t\t\t\t\t\t\t\t\t\t\t\t\t\t\t<\/div>\n\t\t\t\t\t\t\t\t\t\t\t\t\t\t\t<\/div>\n\t\t\t\t\t\t<\/div>\n\t\t\t\t\t<\/div>\n\t\t\t\t\t\t\t\t\t<div class=\"accordion-item semead-topic\">\n\t\t\t\t\t\t<h2 class=\"accordion-header\" id=\"semead-accordion-1-heading-3\">\n\t\t\t\t\t\t\t<button\n\t\t\t\t\t\t\t\tclass=\"accordion-button collapsed\"\n\t\t\t\t\t\t\t\ttype=\"button\"\n\t\t\t\t\t\t\t\tdata-bs-toggle=\"collapse\"\n\t\t\t\t\t\t\t\tdata-bs-target=\"#semead-accordion-1-collapse-3\"\n\t\t\t\t\t\t\t\taria-expanded=\"false\"\n\t\t\t\t\t\t\t\taria-controls=\"semead-accordion-1-collapse-3\"\n\t\t\t\t\t\t\t>\n\t\t\t\t\t\t\t\t3. Gest\u00e3o de Cadeias e Pol\u00edticas P\u00fablicas no Agro\t\t\t\t\t\t\t<\/button>\n\t\t\t\t\t\t<\/h2>\n\t\t\t\t\t\t<div\n\t\t\t\t\t\t\tid=\"semead-accordion-1-collapse-3\"\n\t\t\t\t\t\t\tclass=\"accordion-collapse collapse\"\n\t\t\t\t\t\t\taria-labelledby=\"semead-accordion-1-heading-3\"\n\t\t\t\t\t\t\tdata-bs-parent=\"#semead-accordion-1\"\n\t\t\t\t\t\t>\n\t\t\t\t\t\t\t<div class=\"accordion-body\">\n\t\t\t\t\t\t\t\t\n\t\t\t\t\t\t\t\t\t\t\t\t\t\t\t\t\t<div class=\"semead-topic__description\"><p>Os artigos poder\u00e3o tratar de diversos aspectos relacionados \u00e0 gest\u00e3o p\u00fablica na agricultura: desenho e avalia\u00e7\u00e3o de pol\u00edticas (cr\u00e9dito, comercializa\u00e7\u00e3o, pre\u00e7os, assist\u00eancia t\u00e9cnica, tecnologia, seguran\u00e7a alimentar, seguran\u00e7a dos alimentos, rela\u00e7\u00f5es de trabalho, legisla\u00e7\u00e3o ambiental, etc.) que afetam a agricultura; o papel da gest\u00e3o p\u00fablica nas transforma\u00e7\u00f5es da agricultura; avalia\u00e7\u00e3o de novas concep\u00e7\u00f5es de pol\u00edtica e de gest\u00e3o; e impactos na efici\u00eancia, competitividade e sustentabilidade.<\/p>\n<\/div>\n\t\t\t\t\t\t\t\t\n\t\t\t\t\t\t\t\t\t\t\t\t\t\t\t\t\t<div class=\"semead-leaders row row-cols-1 row-cols-md-2 row-cols-lg-3 g-4\">\n\t\t\t\t\t\t\t\t\t\t\t\t\t\t\t\t\t\t\t\t\t<div class=\"col\">\n\t\t\t\t\t\t\t\t\t\t\t\t<div class=\"semead-leader card h-100 border-0 text-center\">\n\t\t\t\t\t\t\t\t\t\t\t\t\t<div class=\"card-body\">\n\t\t\t\t\t\t\t\t\t\t\t\t\t\t<img data-recalc-dims=\"1\"\n\t\t\t\t\t\t\t\t\t\t\t\t\t\t\tclass=\"semead-leader__image rounded-circle\"\n\t\t\t\t\t\t\t\t\t\t\t\t\t\t\tsrc=\"https:\/\/i0.wp.com\/semead.com.br\/29\/wp-content\/uploads\/sites\/21\/2026\/04\/Hildo-Meirelles-de-Souza-Filho.jpg?resize=150%2C150&#038;ssl=1\"\n\t\t\t\t\t\t\t\t\t\t\t\t\t\t\talt=\"L\u00edder: Prof. Dr. Hildo Meirelles de Souza Filho - Universidade Federal de S\u00e3o Carlos - UFSCar\"\n\t\t\t\t\t\t\t\t\t\t\t\t\t\t\tloading=\"lazy\"\n\t\t\t\t\t\t\t\t\t\t\t\t\t\t\twidth=\"150\"\n\t\t\t\t\t\t\t\t\t\t\t\t\t\t\theight=\"150\"\n\t\t\t\t\t\t\t\t\t\t\t\t\t\t>\n\t\t\t\t\t\t\t\t\t\t\t\t\t\t<div class=\"semead-leader__name\"><em>L\u00edder: Prof. Dr. Hildo Meirelles de Souza Filho - Universidade Federal de S\u00e3o Carlos - UFSCar<\/em><\/div>\n\t\t\t\t\t\t\t\t\t\t\t\t\t<\/div>\n\t\t\t\t\t\t\t\t\t\t\t\t<\/div>\n\t\t\t\t\t\t\t\t\t\t\t<\/div>\n\t\t\t\t\t\t\t\t\t\t\t\t\t\t\t\t\t\t\t\t\t<div class=\"col\">\n\t\t\t\t\t\t\t\t\t\t\t\t<div class=\"semead-leader card h-100 border-0 text-center\">\n\t\t\t\t\t\t\t\t\t\t\t\t\t<div class=\"card-body\">\n\t\t\t\t\t\t\t\t\t\t\t\t\t\t<img data-recalc-dims=\"1\"\n\t\t\t\t\t\t\t\t\t\t\t\t\t\t\tclass=\"semead-leader__image rounded-circle\"\n\t\t\t\t\t\t\t\t\t\t\t\t\t\t\tsrc=\"https:\/\/i0.wp.com\/semead.com.br\/29\/wp-content\/uploads\/sites\/21\/2026\/04\/Joao-Paulo-Rodrigues-Arciprete.png?resize=150%2C150&#038;ssl=1\"\n\t\t\t\t\t\t\t\t\t\t\t\t\t\t\talt=\"Co-l\u00edder: Jo\u00e3o Paulo Rodrigues Arciprete - Sebrae SP\"\n\t\t\t\t\t\t\t\t\t\t\t\t\t\t\tloading=\"lazy\"\n\t\t\t\t\t\t\t\t\t\t\t\t\t\t\twidth=\"150\"\n\t\t\t\t\t\t\t\t\t\t\t\t\t\t\theight=\"150\"\n\t\t\t\t\t\t\t\t\t\t\t\t\t\t>\n\t\t\t\t\t\t\t\t\t\t\t\t\t\t<div class=\"semead-leader__name\"><em>Co-l\u00edder: Jo\u00e3o Paulo Rodrigues Arciprete - Sebrae SP<\/em><\/div>\n\t\t\t\t\t\t\t\t\t\t\t\t\t<\/div>\n\t\t\t\t\t\t\t\t\t\t\t\t<\/div>\n\t\t\t\t\t\t\t\t\t\t\t<\/div>\n\t\t\t\t\t\t\t\t\t\t\t\t\t\t\t\t\t\t\t\t\t<div class=\"col\">\n\t\t\t\t\t\t\t\t\t\t\t\t<div class=\"semead-leader card h-100 border-0 text-center\">\n\t\t\t\t\t\t\t\t\t\t\t\t\t<div class=\"card-body\">\n\t\t\t\t\t\t\t\t\t\t\t\t\t\t<img data-recalc-dims=\"1\"\n\t\t\t\t\t\t\t\t\t\t\t\t\t\t\tclass=\"semead-leader__image rounded-circle\"\n\t\t\t\t\t\t\t\t\t\t\t\t\t\t\tsrc=\"https:\/\/i0.wp.com\/semead.com.br\/29\/wp-content\/uploads\/sites\/21\/2026\/04\/Hernan-Palau.png?resize=150%2C150&#038;ssl=1\"\n\t\t\t\t\t\t\t\t\t\t\t\t\t\t\talt=\"Co-l\u00edder Internacional: Hernan Palau - Universidade de Buenos Aires - UBA, Facultad de Agronom\u00eda\"\n\t\t\t\t\t\t\t\t\t\t\t\t\t\t\tloading=\"lazy\"\n\t\t\t\t\t\t\t\t\t\t\t\t\t\t\twidth=\"150\"\n\t\t\t\t\t\t\t\t\t\t\t\t\t\t\theight=\"150\"\n\t\t\t\t\t\t\t\t\t\t\t\t\t\t>\n\t\t\t\t\t\t\t\t\t\t\t\t\t\t<div class=\"semead-leader__name\"><em>Co-l\u00edder Internacional: Hernan Palau - Universidade de Buenos Aires - UBA, Facultad de Agronom\u00eda<\/em><\/div>\n\t\t\t\t\t\t\t\t\t\t\t\t\t<\/div>\n\t\t\t\t\t\t\t\t\t\t\t\t<\/div>\n\t\t\t\t\t\t\t\t\t\t\t<\/div>\n\t\t\t\t\t\t\t\t\t\t\t\t\t\t\t\t\t\t\t<\/div>\n\t\t\t\t\t\t\t\t\t\t\t\t\t\t\t<\/div>\n\t\t\t\t\t\t<\/div>\n\t\t\t\t\t<\/div>\n\t\t\t\t\t\t\t\t\t<div class=\"accordion-item semead-topic\">\n\t\t\t\t\t\t<h2 class=\"accordion-header\" id=\"semead-accordion-1-heading-4\">\n\t\t\t\t\t\t\t<button\n\t\t\t\t\t\t\t\tclass=\"accordion-button collapsed\"\n\t\t\t\t\t\t\t\ttype=\"button\"\n\t\t\t\t\t\t\t\tdata-bs-toggle=\"collapse\"\n\t\t\t\t\t\t\t\tdata-bs-target=\"#semead-accordion-1-collapse-4\"\n\t\t\t\t\t\t\t\taria-expanded=\"false\"\n\t\t\t\t\t\t\t\taria-controls=\"semead-accordion-1-collapse-4\"\n\t\t\t\t\t\t\t>\n\t\t\t\t\t\t\t\t4. Gest\u00e3o de Risco e Comercializa\u00e7\u00e3o Agr\u00edcola\t\t\t\t\t\t\t<\/button>\n\t\t\t\t\t\t<\/h2>\n\t\t\t\t\t\t<div\n\t\t\t\t\t\t\tid=\"semead-accordion-1-collapse-4\"\n\t\t\t\t\t\t\tclass=\"accordion-collapse collapse\"\n\t\t\t\t\t\t\taria-labelledby=\"semead-accordion-1-heading-4\"\n\t\t\t\t\t\t\tdata-bs-parent=\"#semead-accordion-1\"\n\t\t\t\t\t\t>\n\t\t\t\t\t\t\t<div class=\"accordion-body\">\n\t\t\t\t\t\t\t\t\n\t\t\t\t\t\t\t\t\t\t\t\t\t\t\t\t\t<div class=\"semead-topic__description\"><p>Os artigos poder\u00e3o tratar de diversos aspectos relativos \u00e0 gest\u00e3o de risco e comercializa\u00e7\u00e3o nas diferentes cadeias agroindustriais, incluindo os seguintes t\u00f3picos: previs\u00e3o, transmiss\u00e3o e volatilidade de pre\u00e7os; instrumentos de gest\u00e3o de risco de pre\u00e7o; instrumentos de gest\u00e3o de risco de produ\u00e7\u00e3o; risco e resili\u00eancia;  economia comportamental e experimental nas decis\u00f5es de gest\u00e3o de risco e comercializa\u00e7\u00e3o; estrutura de mercado e comportamento dos pre\u00e7os; desenho de pol\u00edticas relativas \u00e0 gest\u00e3o de risco e comercializa\u00e7\u00e3o.<\/p>\n<\/div>\n\t\t\t\t\t\t\t\t\n\t\t\t\t\t\t\t\t\t\t\t\t\t\t\t\t\t<div class=\"semead-leaders row row-cols-1 row-cols-md-2 row-cols-lg-3 g-4\">\n\t\t\t\t\t\t\t\t\t\t\t\t\t\t\t\t\t\t\t\t\t<div class=\"col\">\n\t\t\t\t\t\t\t\t\t\t\t\t<div class=\"semead-leader card h-100 border-0 text-center\">\n\t\t\t\t\t\t\t\t\t\t\t\t\t<div class=\"card-body\">\n\t\t\t\t\t\t\t\t\t\t\t\t\t\t<img data-recalc-dims=\"1\"\n\t\t\t\t\t\t\t\t\t\t\t\t\t\t\tclass=\"semead-leader__image rounded-circle\"\n\t\t\t\t\t\t\t\t\t\t\t\t\t\t\tsrc=\"https:\/\/i0.wp.com\/semead.com.br\/29\/wp-content\/uploads\/sites\/21\/2026\/04\/Rodrigo-Lanna-Franco-da-Silveira.jpg?resize=150%2C150&#038;ssl=1\"\n\t\t\t\t\t\t\t\t\t\t\t\t\t\t\talt=\"L\u00edder: Prof. Dr. Rodrigo Lanna Franco da Silveira - Universidade estadual de Campinas - UNICAMP\"\n\t\t\t\t\t\t\t\t\t\t\t\t\t\t\tloading=\"lazy\"\n\t\t\t\t\t\t\t\t\t\t\t\t\t\t\twidth=\"150\"\n\t\t\t\t\t\t\t\t\t\t\t\t\t\t\theight=\"150\"\n\t\t\t\t\t\t\t\t\t\t\t\t\t\t>\n\t\t\t\t\t\t\t\t\t\t\t\t\t\t<div class=\"semead-leader__name\"><em>L\u00edder: Prof. Dr. Rodrigo Lanna Franco da Silveira - Universidade estadual de Campinas - UNICAMP<\/em><\/div>\n\t\t\t\t\t\t\t\t\t\t\t\t\t<\/div>\n\t\t\t\t\t\t\t\t\t\t\t\t<\/div>\n\t\t\t\t\t\t\t\t\t\t\t<\/div>\n\t\t\t\t\t\t\t\t\t\t\t\t\t\t\t\t\t\t\t\t\t<div class=\"col\">\n\t\t\t\t\t\t\t\t\t\t\t\t<div class=\"semead-leader card h-100 border-0 text-center\">\n\t\t\t\t\t\t\t\t\t\t\t\t\t<div class=\"card-body\">\n\t\t\t\t\t\t\t\t\t\t\t\t\t\t<img data-recalc-dims=\"1\"\n\t\t\t\t\t\t\t\t\t\t\t\t\t\t\tclass=\"semead-leader__image rounded-circle\"\n\t\t\t\t\t\t\t\t\t\t\t\t\t\t\tsrc=\"https:\/\/i0.wp.com\/semead.com.br\/29\/wp-content\/uploads\/sites\/21\/2026\/04\/Marcelo-Jose-Carrer.jpg?resize=150%2C150&#038;ssl=1\"\n\t\t\t\t\t\t\t\t\t\t\t\t\t\t\talt=\"Co-l\u00edder: Marcelo Jos\u00e9 Carrer - Universidade Federal de S\u00e3o Carlos - UFSCar\"\n\t\t\t\t\t\t\t\t\t\t\t\t\t\t\tloading=\"lazy\"\n\t\t\t\t\t\t\t\t\t\t\t\t\t\t\twidth=\"150\"\n\t\t\t\t\t\t\t\t\t\t\t\t\t\t\theight=\"150\"\n\t\t\t\t\t\t\t\t\t\t\t\t\t\t>\n\t\t\t\t\t\t\t\t\t\t\t\t\t\t<div class=\"semead-leader__name\"><em>Co-l\u00edder: Marcelo Jos\u00e9 Carrer - Universidade Federal de S\u00e3o Carlos - UFSCar<\/em><\/div>\n\t\t\t\t\t\t\t\t\t\t\t\t\t<\/div>\n\t\t\t\t\t\t\t\t\t\t\t\t<\/div>\n\t\t\t\t\t\t\t\t\t\t\t<\/div>\n\t\t\t\t\t\t\t\t\t\t\t\t\t\t\t\t\t\t\t<\/div>\n\t\t\t\t\t\t\t\t\t\t\t\t\t\t\t<\/div>\n\t\t\t\t\t\t<\/div>\n\t\t\t\t\t<\/div>\n\t\t\t\t\t\t\t\t\t<div class=\"accordion-item semead-topic\">\n\t\t\t\t\t\t<h2 class=\"accordion-header\" id=\"semead-accordion-1-heading-5\">\n\t\t\t\t\t\t\t<button\n\t\t\t\t\t\t\t\tclass=\"accordion-button collapsed\"\n\t\t\t\t\t\t\t\ttype=\"button\"\n\t\t\t\t\t\t\t\tdata-bs-toggle=\"collapse\"\n\t\t\t\t\t\t\t\tdata-bs-target=\"#semead-accordion-1-collapse-5\"\n\t\t\t\t\t\t\t\taria-expanded=\"false\"\n\t\t\t\t\t\t\t\taria-controls=\"semead-accordion-1-collapse-5\"\n\t\t\t\t\t\t\t>\n\t\t\t\t\t\t\t\t5. Inova\u00e7\u00e3o e Tecnologia\t\t\t\t\t\t\t<\/button>\n\t\t\t\t\t\t<\/h2>\n\t\t\t\t\t\t<div\n\t\t\t\t\t\t\tid=\"semead-accordion-1-collapse-5\"\n\t\t\t\t\t\t\tclass=\"accordion-collapse collapse\"\n\t\t\t\t\t\t\taria-labelledby=\"semead-accordion-1-heading-5\"\n\t\t\t\t\t\t\tdata-bs-parent=\"#semead-accordion-1\"\n\t\t\t\t\t\t>\n\t\t\t\t\t\t\t<div class=\"accordion-body\">\n\t\t\t\t\t\t\t\t\n\t\t\t\t\t\t\t\t\t\t\t\t\t\t\t\t\t<div class=\"semead-topic__description\"><p>Os artigos poder\u00e3o tratar de diversos aspectos relacionados \u00e0 tecnologia e inova\u00e7\u00e3o na agricultura: impacto de novas tecnologias (4.0, IoT etc) na gest\u00e3o e produtividade agr\u00edcola;  ado\u00e7\u00e3o de novas tecnologias sustent\u00e1veis na agricultura  (agricultura de baixo carbono, agricultura de recupera\u00e7\u00e3o etc); pol\u00edticas de incentivo a ado\u00e7\u00e3o de tecnologias no meio rural (cr\u00e9dito; taxa\u00e7\u00e3o); redes de pesquisa e inova\u00e7\u00e3o na agricultura; e sistemas de difus\u00e3o tecnol\u00f3gica na agricultura (cooperativas, ag\u00eancias p\u00fablicas, empresas de insumos etc.).<\/p>\n<\/div>\n\t\t\t\t\t\t\t\t\n\t\t\t\t\t\t\t\t\t\t\t\t\t\t\t\t\t<div class=\"semead-leaders row row-cols-1 row-cols-md-2 row-cols-lg-3 g-4\">\n\t\t\t\t\t\t\t\t\t\t\t\t\t\t\t\t\t\t\t\t\t<div class=\"col\">\n\t\t\t\t\t\t\t\t\t\t\t\t<div class=\"semead-leader card h-100 border-0 text-center\">\n\t\t\t\t\t\t\t\t\t\t\t\t\t<div class=\"card-body\">\n\t\t\t\t\t\t\t\t\t\t\t\t\t\t<img data-recalc-dims=\"1\"\n\t\t\t\t\t\t\t\t\t\t\t\t\t\t\tclass=\"semead-leader__image rounded-circle\"\n\t\t\t\t\t\t\t\t\t\t\t\t\t\t\tsrc=\"https:\/\/i0.wp.com\/semead.com.br\/29\/wp-content\/uploads\/sites\/21\/2026\/04\/Bruno-Benzaquen-Perosa.jpg?resize=150%2C150&#038;ssl=1\"\n\t\t\t\t\t\t\t\t\t\t\t\t\t\t\talt=\"L\u00edder: Prof. Dr. Bruno Benzaquen Perosa - Universidade Federal de Uberl\u00e2ndia - UFU\"\n\t\t\t\t\t\t\t\t\t\t\t\t\t\t\tloading=\"lazy\"\n\t\t\t\t\t\t\t\t\t\t\t\t\t\t\twidth=\"150\"\n\t\t\t\t\t\t\t\t\t\t\t\t\t\t\theight=\"150\"\n\t\t\t\t\t\t\t\t\t\t\t\t\t\t>\n\t\t\t\t\t\t\t\t\t\t\t\t\t\t<div class=\"semead-leader__name\"><em>L\u00edder: Prof. Dr. Bruno Benzaquen Perosa - Universidade Federal de Uberl\u00e2ndia - UFU<\/em><\/div>\n\t\t\t\t\t\t\t\t\t\t\t\t\t<\/div>\n\t\t\t\t\t\t\t\t\t\t\t\t<\/div>\n\t\t\t\t\t\t\t\t\t\t\t<\/div>\n\t\t\t\t\t\t\t\t\t\t\t\t\t\t\t\t\t\t\t\t\t<div class=\"col\">\n\t\t\t\t\t\t\t\t\t\t\t\t<div class=\"semead-leader card h-100 border-0 text-center\">\n\t\t\t\t\t\t\t\t\t\t\t\t\t<div class=\"card-body\">\n\t\t\t\t\t\t\t\t\t\t\t\t\t\t<img data-recalc-dims=\"1\"\n\t\t\t\t\t\t\t\t\t\t\t\t\t\t\tclass=\"semead-leader__image rounded-circle\"\n\t\t\t\t\t\t\t\t\t\t\t\t\t\t\tsrc=\"https:\/\/i0.wp.com\/semead.com.br\/29\/wp-content\/uploads\/sites\/21\/2026\/04\/Marilia-Bonzanini-Bossle.jpg?resize=150%2C150&#038;ssl=1\"\n\t\t\t\t\t\t\t\t\t\t\t\t\t\t\talt=\"Co-l\u00edder: Marilia Bonzanini Bossle - Instituto Federal Rio Grande do Sul - IFRS\"\n\t\t\t\t\t\t\t\t\t\t\t\t\t\t\tloading=\"lazy\"\n\t\t\t\t\t\t\t\t\t\t\t\t\t\t\twidth=\"150\"\n\t\t\t\t\t\t\t\t\t\t\t\t\t\t\theight=\"150\"\n\t\t\t\t\t\t\t\t\t\t\t\t\t\t>\n\t\t\t\t\t\t\t\t\t\t\t\t\t\t<div class=\"semead-leader__name\"><em>Co-l\u00edder: Marilia Bonzanini Bossle - Instituto Federal Rio Grande do Sul - IFRS<\/em><\/div>\n\t\t\t\t\t\t\t\t\t\t\t\t\t<\/div>\n\t\t\t\t\t\t\t\t\t\t\t\t<\/div>\n\t\t\t\t\t\t\t\t\t\t\t<\/div>\n\t\t\t\t\t\t\t\t\t\t\t\t\t\t\t\t\t\t\t\t\t<div class=\"col\">\n\t\t\t\t\t\t\t\t\t\t\t\t<div class=\"semead-leader card h-100 border-0 text-center\">\n\t\t\t\t\t\t\t\t\t\t\t\t\t<div class=\"card-body\">\n\t\t\t\t\t\t\t\t\t\t\t\t\t\t<img data-recalc-dims=\"1\"\n\t\t\t\t\t\t\t\t\t\t\t\t\t\t\tclass=\"semead-leader__image rounded-circle\"\n\t\t\t\t\t\t\t\t\t\t\t\t\t\t\tsrc=\"https:\/\/i0.wp.com\/semead.com.br\/29\/wp-content\/uploads\/sites\/21\/2026\/04\/Judith-Cavazos-Arroyo.jpeg?resize=150%2C150&#038;ssl=1\"\n\t\t\t\t\t\t\t\t\t\t\t\t\t\t\talt=\"Co-l\u00edder Internacional: Judith Cavazos Arroyo - Universidade do M\u00e9xico\"\n\t\t\t\t\t\t\t\t\t\t\t\t\t\t\tloading=\"lazy\"\n\t\t\t\t\t\t\t\t\t\t\t\t\t\t\twidth=\"150\"\n\t\t\t\t\t\t\t\t\t\t\t\t\t\t\theight=\"150\"\n\t\t\t\t\t\t\t\t\t\t\t\t\t\t>\n\t\t\t\t\t\t\t\t\t\t\t\t\t\t<div class=\"semead-leader__name\"><em>Co-l\u00edder Internacional: Judith Cavazos Arroyo - Universidade do M\u00e9xico<\/em><\/div>\n\t\t\t\t\t\t\t\t\t\t\t\t\t<\/div>\n\t\t\t\t\t\t\t\t\t\t\t\t<\/div>\n\t\t\t\t\t\t\t\t\t\t\t<\/div>\n\t\t\t\t\t\t\t\t\t\t\t\t\t\t\t\t\t\t\t<\/div>\n\t\t\t\t\t\t\t\t\t\t\t\t\t\t\t<\/div>\n\t\t\t\t\t\t<\/div>\n\t\t\t\t\t<\/div>\n\t\t\t\t\t\t\t\t\t<div class=\"accordion-item semead-topic\">\n\t\t\t\t\t\t<h2 class=\"accordion-header\" id=\"semead-accordion-1-heading-6\">\n\t\t\t\t\t\t\t<button\n\t\t\t\t\t\t\t\tclass=\"accordion-button collapsed\"\n\t\t\t\t\t\t\t\ttype=\"button\"\n\t\t\t\t\t\t\t\tdata-bs-toggle=\"collapse\"\n\t\t\t\t\t\t\t\tdata-bs-target=\"#semead-accordion-1-collapse-6\"\n\t\t\t\t\t\t\t\taria-expanded=\"false\"\n\t\t\t\t\t\t\t\taria-controls=\"semead-accordion-1-collapse-6\"\n\t\t\t\t\t\t\t>\n\t\t\t\t\t\t\t\t6. Sustentabilidade nas Cadeias Agr\u00edcolas\t\t\t\t\t\t\t<\/button>\n\t\t\t\t\t\t<\/h2>\n\t\t\t\t\t\t<div\n\t\t\t\t\t\t\tid=\"semead-accordion-1-collapse-6\"\n\t\t\t\t\t\t\tclass=\"accordion-collapse collapse\"\n\t\t\t\t\t\t\taria-labelledby=\"semead-accordion-1-heading-6\"\n\t\t\t\t\t\t\tdata-bs-parent=\"#semead-accordion-1\"\n\t\t\t\t\t\t>\n\t\t\t\t\t\t\t<div class=\"accordion-body\">\n\t\t\t\t\t\t\t\t\n\t\t\t\t\t\t\t\t\t\t\t\t\t\t\t\t\t<div class=\"semead-topic__description\"><p>Debates sobre a sustentabilidade nos sistemas agroindustriais s\u00e3o amplos e envolvem um esfor\u00e7o criativo cont\u00ednuo. Nesse sentido, a descri\u00e7\u00e3o da se\u00e7\u00e3o n\u00e3o deve ser entendida como um limitador para a proposi\u00e7\u00e3o de artigos com abordagens inovadoras para o tema. Os artigos discutir\u00e3o t\u00f3picos relacionados ao desenho de cadeias de valor ou redes sustent\u00e1veis \u2013 por exemplo, baseadas nos princ\u00edpios da economia circular \u2013 e estrat\u00e9gias voltadas \u00e0 resolu\u00e7\u00e3o de desafios ambientais ou sociais. Poss\u00edveis temas a serem discutidos incluem a redu\u00e7\u00e3o do desperd\u00edcio de alimentos e a mitiga\u00e7\u00e3o das emiss\u00f5es de carbono. Outra possibilidade \u00e9 a discuss\u00e3o dos fundamentos para a cria\u00e7\u00e3o de valor derivado da ado\u00e7\u00e3o de estrat\u00e9gias baseadas na busca pela sustentabilidade. Finalmente, os textos poder\u00e3o discutir o processo de emerg\u00eancia e consolida\u00e7\u00e3o de sistemas alternativos de produ\u00e7\u00e3o e distribui\u00e7\u00e3o de alimentos.<\/p>\n<\/div>\n\t\t\t\t\t\t\t\t\n\t\t\t\t\t\t\t\t\t\t\t\t\t\t\t\t\t<div class=\"semead-leaders row row-cols-1 row-cols-md-2 row-cols-lg-3 g-4\">\n\t\t\t\t\t\t\t\t\t\t\t\t\t\t\t\t\t\t\t\t\t<div class=\"col\">\n\t\t\t\t\t\t\t\t\t\t\t\t<div class=\"semead-leader card h-100 border-0 text-center\">\n\t\t\t\t\t\t\t\t\t\t\t\t\t<div class=\"card-body\">\n\t\t\t\t\t\t\t\t\t\t\t\t\t\t<img data-recalc-dims=\"1\"\n\t\t\t\t\t\t\t\t\t\t\t\t\t\t\tclass=\"semead-leader__image rounded-circle\"\n\t\t\t\t\t\t\t\t\t\t\t\t\t\t\tsrc=\"https:\/\/i0.wp.com\/semead.com.br\/29\/wp-content\/uploads\/sites\/21\/2026\/04\/Vivian-Lara-Silva.jpg?resize=150%2C150&#038;ssl=1\"\n\t\t\t\t\t\t\t\t\t\t\t\t\t\t\talt=\"L\u00edder: Profa. Dra. Vivian Lara Silva - Universidade de S\u00e3o Paulo - USP\/FZEA\"\n\t\t\t\t\t\t\t\t\t\t\t\t\t\t\tloading=\"lazy\"\n\t\t\t\t\t\t\t\t\t\t\t\t\t\t\twidth=\"150\"\n\t\t\t\t\t\t\t\t\t\t\t\t\t\t\theight=\"150\"\n\t\t\t\t\t\t\t\t\t\t\t\t\t\t>\n\t\t\t\t\t\t\t\t\t\t\t\t\t\t<div class=\"semead-leader__name\"><em>L\u00edder: Profa. Dra. Vivian Lara Silva - Universidade de S\u00e3o Paulo - USP\/FZEA<\/em><\/div>\n\t\t\t\t\t\t\t\t\t\t\t\t\t<\/div>\n\t\t\t\t\t\t\t\t\t\t\t\t<\/div>\n\t\t\t\t\t\t\t\t\t\t\t<\/div>\n\t\t\t\t\t\t\t\t\t\t\t\t\t\t\t\t\t\t\t\t\t<div class=\"col\">\n\t\t\t\t\t\t\t\t\t\t\t\t<div class=\"semead-leader card h-100 border-0 text-center\">\n\t\t\t\t\t\t\t\t\t\t\t\t\t<div class=\"card-body\">\n\t\t\t\t\t\t\t\t\t\t\t\t\t\t<img data-recalc-dims=\"1\"\n\t\t\t\t\t\t\t\t\t\t\t\t\t\t\tclass=\"semead-leader__image rounded-circle\"\n\t\t\t\t\t\t\t\t\t\t\t\t\t\t\tsrc=\"https:\/\/i0.wp.com\/semead.com.br\/29\/wp-content\/uploads\/sites\/21\/2026\/04\/Camila-Colombo-de-Moraes.png?resize=150%2C150&#038;ssl=1\"\n\t\t\t\t\t\t\t\t\t\t\t\t\t\t\talt=\"Co-l\u00edder: Profa. Dra. Camila Colombo de\u00a0Moraes - FGV\/EAESP\"\n\t\t\t\t\t\t\t\t\t\t\t\t\t\t\tloading=\"lazy\"\n\t\t\t\t\t\t\t\t\t\t\t\t\t\t\twidth=\"150\"\n\t\t\t\t\t\t\t\t\t\t\t\t\t\t\theight=\"150\"\n\t\t\t\t\t\t\t\t\t\t\t\t\t\t>\n\t\t\t\t\t\t\t\t\t\t\t\t\t\t<div class=\"semead-leader__name\"><em>Co-l\u00edder: Profa. Dra. Camila Colombo de\u00a0Moraes - FGV\/EAESP<\/em><\/div>\n\t\t\t\t\t\t\t\t\t\t\t\t\t<\/div>\n\t\t\t\t\t\t\t\t\t\t\t\t<\/div>\n\t\t\t\t\t\t\t\t\t\t\t<\/div>\n\t\t\t\t\t\t\t\t\t\t\t\t\t\t\t\t\t\t\t\t\t<div class=\"col\">\n\t\t\t\t\t\t\t\t\t\t\t\t<div class=\"semead-leader card h-100 border-0 text-center\">\n\t\t\t\t\t\t\t\t\t\t\t\t\t<div class=\"card-body\">\n\t\t\t\t\t\t\t\t\t\t\t\t\t\t<img data-recalc-dims=\"1\"\n\t\t\t\t\t\t\t\t\t\t\t\t\t\t\tclass=\"semead-leader__image rounded-circle\"\n\t\t\t\t\t\t\t\t\t\t\t\t\t\t\tsrc=\"https:\/\/i0.wp.com\/semead.com.br\/29\/wp-content\/uploads\/sites\/21\/2026\/04\/sebastian.jpeg?resize=150%2C150&#038;ssl=1\"\n\t\t\t\t\t\t\t\t\t\t\t\t\t\t\talt=\"Co-l\u00edder internacional: Sebasti\u00e1n Senesi - Universidade de Buenos Aires - UBA, Facultad de Agronom\u00eda\"\n\t\t\t\t\t\t\t\t\t\t\t\t\t\t\tloading=\"lazy\"\n\t\t\t\t\t\t\t\t\t\t\t\t\t\t\twidth=\"150\"\n\t\t\t\t\t\t\t\t\t\t\t\t\t\t\theight=\"150\"\n\t\t\t\t\t\t\t\t\t\t\t\t\t\t>\n\t\t\t\t\t\t\t\t\t\t\t\t\t\t<div class=\"semead-leader__name\"><em>Co-l\u00edder internacional: Sebasti\u00e1n Senesi - Universidade de Buenos Aires - UBA, Facultad de Agronom\u00eda<\/em><\/div>\n\t\t\t\t\t\t\t\t\t\t\t\t\t<\/div>\n\t\t\t\t\t\t\t\t\t\t\t\t<\/div>\n\t\t\t\t\t\t\t\t\t\t\t<\/div>\n\t\t\t\t\t\t\t\t\t\t\t\t\t\t\t\t\t\t\t<\/div>\n\t\t\t\t\t\t\t\t\t\t\t\t\t\t\t<\/div>\n\t\t\t\t\t\t<\/div>\n\t\t\t\t\t<\/div>\n\t\t\t\t\t\t\t<\/div>\n\t\t<\/div>\n","protected":false},"excerpt":{"rendered":"","protected":false},"author":4,"featured_media":0,"parent":9,"menu_order":10,"comment_status":"closed","ping_status":"closed","template":"","meta":{"_acf_changed":false,"tpgb_global_settings":"","inline_featured_image":false,"_monsterinsights_skip_tracking":false,"_monsterinsights_sitenote_active":false,"_monsterinsights_sitenote_note":"","_monsterinsights_sitenote_category":0,"footnotes":""},"class_list":["post-15854","page","type-page","status-publish","hentry"],"acf":{"coordenadores":[{"titulo":"Coordenadora:","nome":"Profa. Dra. Paula Sarita Bigio Schnaider","instituicao":"FEA-USP","imagem":34845},{"titulo":"Coordenadora Adjunta:","nome":"Profa. Dra. Marcela de Mello Brand\u00e3o Vinholis","instituicao":"Embrapa","imagem":34842}],"audio_da_coordenacao":"","temas":[{"tema_nome":"Cooperativas, associa\u00e7\u00f5es e a\u00e7\u00f5es\u00a0coletivas","tema_descricao":"Cooperativas s\u00e3o sociedades de pessoas que de forma conjunta, buscam executar a\u00e7\u00f5es que seriam custosas de se executar individualmente. Estas organiza\u00e7\u00f5es possuem forma e natureza jur\u00eddica pr\u00f3pria que, entre outras caracter\u00edsticas, envolve ades\u00e3o volunt\u00e1ria, inacessibilidade de quotas-partes do capital a terceiros, singularidade do voto e retorno das sobras l\u00edquidas do exerc\u00edcio proporcional \u00e0s opera\u00e7\u00f5es realizadas pelos s\u00f3cios. Pesquisas que envolvam a tem\u00e1tica de cooperativas abrangem um amplo espectro de possibilidades, entre outros, identidade cooperativista, aspectos jur\u00eddicos, educa\u00e7\u00e3o cooperativista, governan\u00e7a em cooperativas, gest\u00e3o social de cooperativa, inova\u00e7\u00e3o e desempenho, estrat\u00e9gia, finan\u00e7as, organiza\u00e7\u00e3o do quadro social, inter-coopera\u00e7\u00e3o e an\u00e1lise do seu impacto social, econ\u00f4mico e ambiental.","audio":"","lideres":[{"lider_nome":"L\u00edder: Profa. Dra. Caroline Gon\u00e7alves - Universidade Federal de Mato\u00a0Grosso\u00a0do\u00a0Sul","lider_foto":35181},{"lider_nome":"Co-l\u00edder: Prof. Dr. Antonio Carlos Lima Nogueira - Agrilogus Consultoria Empresarial","lider_foto":35191}]},{"tema_nome":"Estrat\u00e9gia e Competitividade nas Cadeias Agr\u00edcolas","tema_descricao":"Os artigos devem abordar temas relacionados a estrat\u00e9gia e competitividade, no contexto das cadeias agroindustriais.  Ser\u00e3o aceitos artigos que tratam da problem\u00e1tica da competitividade e desempenho sob as lentes das teorias da estrat\u00e9gia - posicionamento, teoria dos recursos, capacidades din\u00e2micas, custos de transa\u00e7\u00e3o. Tamb\u00e9m se enquadram os estudos que remetem \u00e0 competitividade sob a \u00f3tica das abordagens sist\u00eamica e relacional, rede de coopera\u00e7\u00e3o e alian\u00e7as estrat\u00e9gicas que analisam rela\u00e7\u00f5es de interdepend\u00eancia entre os agentes, assim como estrat\u00e9gias de marketing. Tamb\u00e9m est\u00e3o dentro desse t\u00f3pico estudos que discutem as implica\u00e7\u00f5es dos aspectos macro institucionais nas cadeias agroindustriais.","audio":"","lideres":[{"lider_nome":"L\u00edder: Profa. Dra. Jaiane Aparecida Pereira - Universidade Federal de Mato Grosso do Sul - UFMS","lider_foto":35196},{"lider_nome":"Co-l\u00edder: Amanda Ferreira Guimar\u00e3es - Universidade Estadual de Maring\u00e1","lider_foto":35190},{"lider_nome":"Co-l\u00edder Internacional: Melise Bourollec - Ecole d'Ing\u00e9nieurs de Purpan- France","lider_foto":35189}]},{"tema_nome":"Gest\u00e3o de Cadeias e Pol\u00edticas P\u00fablicas no Agro","tema_descricao":"Os artigos poder\u00e3o tratar de diversos aspectos relacionados \u00e0 gest\u00e3o p\u00fablica na agricultura: desenho e avalia\u00e7\u00e3o de pol\u00edticas (cr\u00e9dito, comercializa\u00e7\u00e3o, pre\u00e7os, assist\u00eancia t\u00e9cnica, tecnologia, seguran\u00e7a alimentar, seguran\u00e7a dos alimentos, rela\u00e7\u00f5es de trabalho, legisla\u00e7\u00e3o ambiental, etc.) que afetam a agricultura; o papel da gest\u00e3o p\u00fablica nas transforma\u00e7\u00f5es da agricultura; avalia\u00e7\u00e3o de novas concep\u00e7\u00f5es de pol\u00edtica e de gest\u00e3o; e impactos na efici\u00eancia, competitividade e sustentabilidade.","audio":"","lideres":[{"lider_nome":"L\u00edder: Prof. Dr. Hildo Meirelles de Souza Filho - Universidade Federal de S\u00e3o Carlos - UFSCar","lider_foto":35195},{"lider_nome":"Co-l\u00edder: Jo\u00e3o Paulo Rodrigues Arciprete - Sebrae SP","lider_foto":35199},{"lider_nome":"Co-l\u00edder Internacional: Hernan Palau - Universidade de Buenos Aires - UBA, Facultad de Agronom\u00eda","lider_foto":35188}]},{"tema_nome":"Gest\u00e3o de Risco e Comercializa\u00e7\u00e3o Agr\u00edcola","tema_descricao":"Os artigos poder\u00e3o tratar de diversos aspectos relativos \u00e0 gest\u00e3o de risco e comercializa\u00e7\u00e3o nas diferentes cadeias agroindustriais, incluindo os seguintes t\u00f3picos: previs\u00e3o, transmiss\u00e3o e volatilidade de pre\u00e7os; instrumentos de gest\u00e3o de risco de pre\u00e7o; instrumentos de gest\u00e3o de risco de produ\u00e7\u00e3o; risco e resili\u00eancia;  economia comportamental e experimental nas decis\u00f5es de gest\u00e3o de risco e comercializa\u00e7\u00e3o; estrutura de mercado e comportamento dos pre\u00e7os; desenho de pol\u00edticas relativas \u00e0 gest\u00e3o de risco e comercializa\u00e7\u00e3o.","audio":"","lideres":[{"lider_nome":"L\u00edder: Prof. Dr. Rodrigo Lanna Franco da Silveira - Universidade estadual de Campinas - UNICAMP","lider_foto":35194},{"lider_nome":"Co-l\u00edder: Marcelo Jos\u00e9 Carrer - Universidade Federal de S\u00e3o Carlos - UFSCar","lider_foto":35187}]},{"tema_nome":"Inova\u00e7\u00e3o e Tecnologia","tema_descricao":"Os artigos poder\u00e3o tratar de diversos aspectos relacionados \u00e0 tecnologia e inova\u00e7\u00e3o na agricultura: impacto de novas tecnologias (4.0, IoT etc) na gest\u00e3o e produtividade agr\u00edcola;  ado\u00e7\u00e3o de novas tecnologias sustent\u00e1veis na agricultura  (agricultura de baixo carbono, agricultura de recupera\u00e7\u00e3o etc); pol\u00edticas de incentivo a ado\u00e7\u00e3o de tecnologias no meio rural (cr\u00e9dito; taxa\u00e7\u00e3o); redes de pesquisa e inova\u00e7\u00e3o na agricultura; e sistemas de difus\u00e3o tecnol\u00f3gica na agricultura (cooperativas, ag\u00eancias p\u00fablicas, empresas de insumos etc.).","audio":"","lideres":[{"lider_nome":"L\u00edder: Prof. Dr. Bruno Benzaquen Perosa - Universidade Federal de Uberl\u00e2ndia - UFU","lider_foto":35193},{"lider_nome":"Co-l\u00edder: Marilia Bonzanini Bossle - Instituto Federal Rio Grande do Sul - IFRS","lider_foto":35186},{"lider_nome":"Co-l\u00edder Internacional: Judith Cavazos Arroyo - Universidade do M\u00e9xico","lider_foto":35201}]},{"tema_nome":"Sustentabilidade nas Cadeias Agr\u00edcolas","tema_descricao":"Debates sobre a sustentabilidade nos sistemas agroindustriais s\u00e3o amplos e envolvem um esfor\u00e7o criativo cont\u00ednuo. Nesse sentido, a descri\u00e7\u00e3o da se\u00e7\u00e3o n\u00e3o deve ser entendida como um limitador para a proposi\u00e7\u00e3o de artigos com abordagens inovadoras para o tema. Os artigos discutir\u00e3o t\u00f3picos relacionados ao desenho de cadeias de valor ou redes sustent\u00e1veis \u2013 por exemplo, baseadas nos princ\u00edpios da economia circular \u2013 e estrat\u00e9gias voltadas \u00e0 resolu\u00e7\u00e3o de desafios ambientais ou sociais. Poss\u00edveis temas a serem discutidos incluem a redu\u00e7\u00e3o do desperd\u00edcio de alimentos e a mitiga\u00e7\u00e3o das emiss\u00f5es de carbono. Outra possibilidade \u00e9 a discuss\u00e3o dos fundamentos para a cria\u00e7\u00e3o de valor derivado da ado\u00e7\u00e3o de estrat\u00e9gias baseadas na busca pela sustentabilidade. Finalmente, os textos poder\u00e3o discutir o processo de emerg\u00eancia e consolida\u00e7\u00e3o de sistemas alternativos de produ\u00e7\u00e3o e distribui\u00e7\u00e3o de alimentos.","audio":"","lideres":[{"lider_nome":"L\u00edder: Profa. Dra. Vivian Lara Silva - Universidade de S\u00e3o Paulo - USP\/FZEA","lider_foto":35192},{"lider_nome":"Co-l\u00edder: Profa. Dra. Camila Colombo de\u00a0Moraes - FGV\/EAESP","lider_foto":35184},{"lider_nome":"Co-l\u00edder internacional: Sebasti\u00e1n Senesi - Universidade de Buenos Aires - UBA, Facultad de Agronom\u00eda","lider_foto":35202}]}]},"yoast_head":"<!-- This site is optimized with the Yoast SEO plugin v27.5 - https:\/\/yoast.com\/product\/yoast-seo-wordpress\/ -->\n<title>Agribusiness - XXIX SemeAd<\/title>\n<meta name=\"robots\" content=\"index, follow, max-snippet:-1, max-image-preview:large, max-video-preview:-1\" \/>\n<link rel=\"canonical\" href=\"https:\/\/semead.com.br\/29\/areas\/cientificas\/agribusiness\/\" \/>\n<meta property=\"og:locale\" content=\"pt_BR\" \/>\n<meta property=\"og:type\" content=\"article\" \/>\n<meta property=\"og:title\" content=\"Agribusiness - XXIX SemeAd\" \/>\n<meta property=\"og:url\" content=\"https:\/\/semead.com.br\/29\/areas\/cientificas\/agribusiness\/\" \/>\n<meta property=\"og:site_name\" content=\"XXIX SemeAd\" \/>\n<meta property=\"article:modified_time\" content=\"2026-04-26T13:03:28+00:00\" \/>\n<meta name=\"twitter:card\" content=\"summary_large_image\" \/>\n<meta name=\"twitter:label1\" content=\"Est. tempo de leitura\" \/>\n\t<meta name=\"twitter:data1\" content=\"1 minuto\" \/>\n<script type=\"application\/ld+json\" class=\"yoast-schema-graph\">{\"@context\":\"https:\\\/\\\/schema.org\",\"@graph\":[{\"@type\":\"WebPage\",\"@id\":\"https:\\\/\\\/semead.com.br\\\/29\\\/areas\\\/cientificas\\\/agribusiness\\\/\",\"url\":\"https:\\\/\\\/semead.com.br\\\/29\\\/areas\\\/cientificas\\\/agribusiness\\\/\",\"name\":\"Agribusiness - XXIX SemeAd\",\"isPartOf\":{\"@id\":\"https:\\\/\\\/semead.com.br\\\/29\\\/#website\"},\"datePublished\":\"2020-04-28T02:18:28+00:00\",\"dateModified\":\"2026-04-26T13:03:28+00:00\",\"breadcrumb\":{\"@id\":\"https:\\\/\\\/semead.com.br\\\/29\\\/areas\\\/cientificas\\\/agribusiness\\\/#breadcrumb\"},\"inLanguage\":\"pt-BR\",\"potentialAction\":[{\"@type\":\"ReadAction\",\"target\":[\"https:\\\/\\\/semead.com.br\\\/29\\\/areas\\\/cientificas\\\/agribusiness\\\/\"]}]},{\"@type\":\"BreadcrumbList\",\"@id\":\"https:\\\/\\\/semead.com.br\\\/29\\\/areas\\\/cientificas\\\/agribusiness\\\/#breadcrumb\",\"itemListElement\":[{\"@type\":\"ListItem\",\"position\":1,\"name\":\"In\u00edcio\",\"item\":\"https:\\\/\\\/semead.com.br\\\/29\\\/\"},{\"@type\":\"ListItem\",\"position\":2,\"name\":\"\u00c1reas\",\"item\":\"https:\\\/\\\/semead.com.br\\\/29\\\/areas\\\/\"},{\"@type\":\"ListItem\",\"position\":3,\"name\":\"\u00c1reas Cient\u00edficas\",\"item\":\"https:\\\/\\\/semead.com.br\\\/29\\\/areas\\\/cientificas\\\/\"},{\"@type\":\"ListItem\",\"position\":4,\"name\":\"Agribusiness\"}]},{\"@type\":\"WebSite\",\"@id\":\"https:\\\/\\\/semead.com.br\\\/29\\\/#website\",\"url\":\"https:\\\/\\\/semead.com.br\\\/29\\\/\",\"name\":\"XXIX SemeAd\",\"description\":\"Semin\u00e1rios em administra\u00e7\u00e3o\",\"potentialAction\":[{\"@type\":\"SearchAction\",\"target\":{\"@type\":\"EntryPoint\",\"urlTemplate\":\"https:\\\/\\\/semead.com.br\\\/29\\\/?s={search_term_string}\"},\"query-input\":{\"@type\":\"PropertyValueSpecification\",\"valueRequired\":true,\"valueName\":\"search_term_string\"}}],\"inLanguage\":\"pt-BR\"}]}<\/script>\n<!-- \/ Yoast SEO plugin. -->","yoast_head_json":{"title":"Agribusiness - XXIX SemeAd","robots":{"index":"index","follow":"follow","max-snippet":"max-snippet:-1","max-image-preview":"max-image-preview:large","max-video-preview":"max-video-preview:-1"},"canonical":"https:\/\/semead.com.br\/29\/areas\/cientificas\/agribusiness\/","og_locale":"pt_BR","og_type":"article","og_title":"Agribusiness - XXIX SemeAd","og_url":"https:\/\/semead.com.br\/29\/areas\/cientificas\/agribusiness\/","og_site_name":"XXIX SemeAd","article_modified_time":"2026-04-26T13:03:28+00:00","twitter_card":"summary_large_image","twitter_misc":{"Est. tempo de leitura":"1 minuto"},"schema":{"@context":"https:\/\/schema.org","@graph":[{"@type":"WebPage","@id":"https:\/\/semead.com.br\/29\/areas\/cientificas\/agribusiness\/","url":"https:\/\/semead.com.br\/29\/areas\/cientificas\/agribusiness\/","name":"Agribusiness - XXIX SemeAd","isPartOf":{"@id":"https:\/\/semead.com.br\/29\/#website"},"datePublished":"2020-04-28T02:18:28+00:00","dateModified":"2026-04-26T13:03:28+00:00","breadcrumb":{"@id":"https:\/\/semead.com.br\/29\/areas\/cientificas\/agribusiness\/#breadcrumb"},"inLanguage":"pt-BR","potentialAction":[{"@type":"ReadAction","target":["https:\/\/semead.com.br\/29\/areas\/cientificas\/agribusiness\/"]}]},{"@type":"BreadcrumbList","@id":"https:\/\/semead.com.br\/29\/areas\/cientificas\/agribusiness\/#breadcrumb","itemListElement":[{"@type":"ListItem","position":1,"name":"In\u00edcio","item":"https:\/\/semead.com.br\/29\/"},{"@type":"ListItem","position":2,"name":"\u00c1reas","item":"https:\/\/semead.com.br\/29\/areas\/"},{"@type":"ListItem","position":3,"name":"\u00c1reas Cient\u00edficas","item":"https:\/\/semead.com.br\/29\/areas\/cientificas\/"},{"@type":"ListItem","position":4,"name":"Agribusiness"}]},{"@type":"WebSite","@id":"https:\/\/semead.com.br\/29\/#website","url":"https:\/\/semead.com.br\/29\/","name":"XXIX SemeAd","description":"Semin\u00e1rios em administra\u00e7\u00e3o","potentialAction":[{"@type":"SearchAction","target":{"@type":"EntryPoint","urlTemplate":"https:\/\/semead.com.br\/29\/?s={search_term_string}"},"query-input":{"@type":"PropertyValueSpecification","valueRequired":true,"valueName":"search_term_string"}}],"inLanguage":"pt-BR"}]}},"tpgb_featured_images":null,"tpgb_post_meta_info":{"get_date":"27 de abril de 2020","get_modified_date":"26 de abril de 2026","author_name":"semeadfernandoyada77","author_url":"https:\/\/semead.com.br\/29\/author\/semeadfernandoyada77\/","author_email":"fernandoyada+semead@gmail.com","author_website":"","author_description":"","author_facebook":"","author_twitter":"","author_instagram":"","author_role":["administrator"],"author_firstname":"","author_lastname":"","user_login":"semeadfernandoyada77","author_avatar":"<img alt='' src='https:\/\/secure.gravatar.com\/avatar\/5cf727b92add7940479f95be27b8a9f4752bdd62514030afb7ce6d274c363cee?s=200&#038;d=mm&#038;r=g' srcset='https:\/\/secure.gravatar.com\/avatar\/5cf727b92add7940479f95be27b8a9f4752bdd62514030afb7ce6d274c363cee?s=400&#038;d=mm&#038;r=g 2x' class='avatar avatar-200 photo' height='200' width='200' decoding='async'\/>","author_avatar_url":"https:\/\/secure.gravatar.com\/avatar\/5cf727b92add7940479f95be27b8a9f4752bdd62514030afb7ce6d274c363cee?s=96&d=mm&r=g","comment_count":0,"post_likes":0,"post_views":0},"tpgb_post_category":[],"jetpack_sharing_enabled":true,"_links":{"self":[{"href":"https:\/\/semead.com.br\/29\/wp-json\/wp\/v2\/pages\/15854","targetHints":{"allow":["GET"]}}],"collection":[{"href":"https:\/\/semead.com.br\/29\/wp-json\/wp\/v2\/pages"}],"about":[{"href":"https:\/\/semead.com.br\/29\/wp-json\/wp\/v2\/types\/page"}],"author":[{"embeddable":true,"href":"https:\/\/semead.com.br\/29\/wp-json\/wp\/v2\/users\/4"}],"replies":[{"embeddable":true,"href":"https:\/\/semead.com.br\/29\/wp-json\/wp\/v2\/comments?post=15854"}],"version-history":[{"count":3,"href":"https:\/\/semead.com.br\/29\/wp-json\/wp\/v2\/pages\/15854\/revisions"}],"predecessor-version":[{"id":35203,"href":"https:\/\/semead.com.br\/29\/wp-json\/wp\/v2\/pages\/15854\/revisions\/35203"}],"up":[{"embeddable":true,"href":"https:\/\/semead.com.br\/29\/wp-json\/wp\/v2\/pages\/9"}],"wp:attachment":[{"href":"https:\/\/semead.com.br\/29\/wp-json\/wp\/v2\/media?parent=15854"}],"curies":[{"name":"wp","href":"https:\/\/api.w.org\/{rel}","templated":true}]}}