{"id":16,"date":"2013-04-26T00:12:21","date_gmt":"2013-04-26T00:12:21","guid":{"rendered":"http:\/\/semead.com.br\/?page_id=16"},"modified":"2026-04-25T22:56:23","modified_gmt":"2026-04-26T01:56:23","slug":"gestao-da-tecnologia-da-informacao","status":"publish","type":"page","link":"https:\/\/semead.com.br\/29\/areas\/cientificas\/gestao-da-tecnologia-da-informacao\/","title":{"rendered":"Tecnologia da Informa\u00e7\u00e3o"},"content":{"rendered":"<div class=\"semead-shortcode semead-shortcode--coordenacao\">\n\t\t\t\t\t\t\t<div class=\"semead-people\">\n\t\t\t\t\t\t\t\t\t\t\t<div class=\"semead-person\">\n\t\t\t\t\t\t\t<div class=\"semead-person__media\">\n\t\t\t\t\t\t\t\t<img data-recalc-dims=\"1\"\n\t\t\t\t\t\t\t\t\tclass=\"semead-person__image rounded-circle\"\n\t\t\t\t\t\t\t\t\tsrc=\"https:\/\/i0.wp.com\/semead.com.br\/29\/wp-content\/uploads\/sites\/21\/2026\/03\/Prof.-Dr.-Gilberto-Perez.png?resize=150%2C150&#038;ssl=1\"\n\t\t\t\t\t\t\t\t\talt=\"Prof. Dr. Gilberto Perez\"\n\t\t\t\t\t\t\t\t\tloading=\"lazy\"\n\t\t\t\t\t\t\t\t\twidth=\"150\"\n\t\t\t\t\t\t\t\t\theight=\"150\"\n\t\t\t\t\t\t\t\t>\n\t\t\t\t\t\t\t<\/div>\n\t\t\t\t\t\t\t<div class=\"semead-person__content\">\n\t\t\t\t\t\t\t\t<h4 class=\"\">Coordenador:<\/h4>\n\t\t\t\t\t\t\t\t<h3 class=\"semead-person__title\">Prof. Dr. Gilberto Perez<\/h3>\n\t\t\t\t\t\t\t\t\t\t\t\t\t\t\t\t\t<div class=\"semead-person__institution\">MACKENZIE<\/div>\n\t\t\t\t\t\t\t\t\t\t\t\t\t\t\t<\/div>\n\t\t\t\t\t\t<\/div>\n\t\t\t\t\t\t\t\t\t\t\t<div class=\"semead-person\">\n\t\t\t\t\t\t\t<div class=\"semead-person__media\">\n\t\t\t\t\t\t\t\t<img data-recalc-dims=\"1\"\n\t\t\t\t\t\t\t\t\tclass=\"semead-person__image rounded-circle\"\n\t\t\t\t\t\t\t\t\tsrc=\"https:\/\/i0.wp.com\/semead.com.br\/29\/wp-content\/uploads\/sites\/21\/2026\/03\/Prof.-Dr.-Luis-Hernan-Contreras-Pinochet.jpg?resize=150%2C150&#038;ssl=1\"\n\t\t\t\t\t\t\t\t\talt=\"Prof. Dr. Luis Hernan Contreras Pinochet\"\n\t\t\t\t\t\t\t\t\tloading=\"lazy\"\n\t\t\t\t\t\t\t\t\twidth=\"150\"\n\t\t\t\t\t\t\t\t\theight=\"150\"\n\t\t\t\t\t\t\t\t>\n\t\t\t\t\t\t\t<\/div>\n\t\t\t\t\t\t\t<div class=\"semead-person__content\">\n\t\t\t\t\t\t\t\t<h4 class=\"\">Coordenador Adjunto:<\/h4>\n\t\t\t\t\t\t\t\t<h3 class=\"semead-person__title\">Prof. Dr. Luis Hernan Contreras Pinochet<\/h3>\n\t\t\t\t\t\t\t\t\t\t\t\t\t\t\t\t\t<div class=\"semead-person__institution\">FEA-USP<\/div>\n\t\t\t\t\t\t\t\t\t\t\t\t\t\t\t<\/div>\n\t\t\t\t\t\t<\/div>\n\t\t\t\t\t\t\t\t\t<\/div>\n\t\t\t\n\t\t\t\t\t<\/div>\n<div class=\"semead-shortcode semead-shortcode--temas\">\n\t\t\t\t\t\t\t<h4 class=\"semead-shortcode__heading\"><strong>Temas e L\u00edderes:<\/strong><\/h4>\n\t\t\t\n\t\t\t<div class=\"accordion\" id=\"semead-accordion-1\">\n\t\t\t\t\t\t\t\t\t<div class=\"accordion-item semead-topic\">\n\t\t\t\t\t\t<h2 class=\"accordion-header\" id=\"semead-accordion-1-heading-1\">\n\t\t\t\t\t\t\t<button\n\t\t\t\t\t\t\t\tclass=\"accordion-button collapsed\"\n\t\t\t\t\t\t\t\ttype=\"button\"\n\t\t\t\t\t\t\t\tdata-bs-toggle=\"collapse\"\n\t\t\t\t\t\t\t\tdata-bs-target=\"#semead-accordion-1-collapse-1\"\n\t\t\t\t\t\t\t\taria-expanded=\"false\"\n\t\t\t\t\t\t\t\taria-controls=\"semead-accordion-1-collapse-1\"\n\t\t\t\t\t\t\t>\n\t\t\t\t\t\t\t\t1. Aspectos Comportamentais e Decis\u00f3rios da TI\t\t\t\t\t\t\t<\/button>\n\t\t\t\t\t\t<\/h2>\n\t\t\t\t\t\t<div\n\t\t\t\t\t\t\tid=\"semead-accordion-1-collapse-1\"\n\t\t\t\t\t\t\tclass=\"accordion-collapse collapse\"\n\t\t\t\t\t\t\taria-labelledby=\"semead-accordion-1-heading-1\"\n\t\t\t\t\t\t\tdata-bs-parent=\"#semead-accordion-1\"\n\t\t\t\t\t\t>\n\t\t\t\t\t\t\t<div class=\"accordion-body\">\n\t\t\t\t\t\t\t\t\n\t\t\t\t\t\t\t\t\t\t\t\t\t\t\t\t\t<div class=\"semead-topic__description\"><p>Estudos que aprimorem a compreens\u00e3o sobre como a TI \u00e9 utilizada por indiv\u00edduos, ou grupos de usu\u00e1rios, e que englobem fatores antecedentes, ou consequ\u00eancias da ado\u00e7\u00e3o da TI; Modelos de predi\u00e7\u00e3o de atitudes, inten\u00e7\u00e3o e comportamentos est\u00e3o contidos nesse tema; Al\u00e9m disso, pesquisas que englobem os processos de tomada de decis\u00e3o organizacional, seja esses mediados por tecnologias, algoritmos, intelig\u00eancia artificial, machine learning, ou pela governan\u00e7a organizacional tamb\u00e9m est\u00e3o contemplados nessa tem\u00e1tica.<\/p>\n<\/div>\n\t\t\t\t\t\t\t\t\n\t\t\t\t\t\t\t\t\t\t\t\t\t\t\t\t\t<div class=\"semead-leaders row row-cols-1 row-cols-md-2 row-cols-lg-3 g-4\">\n\t\t\t\t\t\t\t\t\t\t\t\t\t\t\t\t\t\t\t\t\t<div class=\"col\">\n\t\t\t\t\t\t\t\t\t\t\t\t<div class=\"semead-leader card h-100 border-0 text-center\">\n\t\t\t\t\t\t\t\t\t\t\t\t\t<div class=\"card-body\">\n\t\t\t\t\t\t\t\t\t\t\t\t\t\t<img data-recalc-dims=\"1\"\n\t\t\t\t\t\t\t\t\t\t\t\t\t\t\tclass=\"semead-leader__image rounded-circle\"\n\t\t\t\t\t\t\t\t\t\t\t\t\t\t\tsrc=\"https:\/\/i0.wp.com\/semead.com.br\/29\/wp-content\/uploads\/sites\/21\/2026\/04\/Prof.-Dr.-Alexandre-Cappellozza.jpg?resize=150%2C150&#038;ssl=1\"\n\t\t\t\t\t\t\t\t\t\t\t\t\t\t\talt=\"L\u00edder: Prof. Dr. Alexandre Cappellozza - Universidade Presbiteriana Mackenzie\"\n\t\t\t\t\t\t\t\t\t\t\t\t\t\t\tloading=\"lazy\"\n\t\t\t\t\t\t\t\t\t\t\t\t\t\t\twidth=\"150\"\n\t\t\t\t\t\t\t\t\t\t\t\t\t\t\theight=\"150\"\n\t\t\t\t\t\t\t\t\t\t\t\t\t\t>\n\t\t\t\t\t\t\t\t\t\t\t\t\t\t<div class=\"semead-leader__name\"><em>L\u00edder: Prof. Dr. Alexandre Cappellozza - Universidade Presbiteriana Mackenzie<\/em><\/div>\n\t\t\t\t\t\t\t\t\t\t\t\t\t<\/div>\n\t\t\t\t\t\t\t\t\t\t\t\t<\/div>\n\t\t\t\t\t\t\t\t\t\t\t<\/div>\n\t\t\t\t\t\t\t\t\t\t\t\t\t\t\t\t\t\t\t\t\t<div class=\"col\">\n\t\t\t\t\t\t\t\t\t\t\t\t<div class=\"semead-leader card h-100 border-0 text-center\">\n\t\t\t\t\t\t\t\t\t\t\t\t\t<div class=\"card-body\">\n\t\t\t\t\t\t\t\t\t\t\t\t\t\t<img data-recalc-dims=\"1\"\n\t\t\t\t\t\t\t\t\t\t\t\t\t\t\tclass=\"semead-leader__image rounded-circle\"\n\t\t\t\t\t\t\t\t\t\t\t\t\t\t\tsrc=\"https:\/\/i0.wp.com\/semead.com.br\/29\/wp-content\/uploads\/sites\/21\/2026\/04\/Sandra-Morais-de-Brito-Costa.jpg?resize=150%2C150&#038;ssl=1\"\n\t\t\t\t\t\t\t\t\t\t\t\t\t\t\talt=\"Co-l\u00edder: Profa Dra. Sandra Morais de Brito Costa - Universidade Presbiteriana Mackenzie\"\n\t\t\t\t\t\t\t\t\t\t\t\t\t\t\tloading=\"lazy\"\n\t\t\t\t\t\t\t\t\t\t\t\t\t\t\twidth=\"150\"\n\t\t\t\t\t\t\t\t\t\t\t\t\t\t\theight=\"150\"\n\t\t\t\t\t\t\t\t\t\t\t\t\t\t>\n\t\t\t\t\t\t\t\t\t\t\t\t\t\t<div class=\"semead-leader__name\"><em>Co-l\u00edder: Profa Dra. Sandra Morais de Brito Costa - Universidade Presbiteriana Mackenzie<\/em><\/div>\n\t\t\t\t\t\t\t\t\t\t\t\t\t<\/div>\n\t\t\t\t\t\t\t\t\t\t\t\t<\/div>\n\t\t\t\t\t\t\t\t\t\t\t<\/div>\n\t\t\t\t\t\t\t\t\t\t\t\t\t\t\t\t\t\t\t<\/div>\n\t\t\t\t\t\t\t\t\t\t\t\t\t\t\t<\/div>\n\t\t\t\t\t\t<\/div>\n\t\t\t\t\t<\/div>\n\t\t\t\t\t\t\t\t\t<div class=\"accordion-item semead-topic\">\n\t\t\t\t\t\t<h2 class=\"accordion-header\" id=\"semead-accordion-1-heading-2\">\n\t\t\t\t\t\t\t<button\n\t\t\t\t\t\t\t\tclass=\"accordion-button collapsed\"\n\t\t\t\t\t\t\t\ttype=\"button\"\n\t\t\t\t\t\t\t\tdata-bs-toggle=\"collapse\"\n\t\t\t\t\t\t\t\tdata-bs-target=\"#semead-accordion-1-collapse-2\"\n\t\t\t\t\t\t\t\taria-expanded=\"false\"\n\t\t\t\t\t\t\t\taria-controls=\"semead-accordion-1-collapse-2\"\n\t\t\t\t\t\t\t>\n\t\t\t\t\t\t\t\t2. Ci\u00eancias de dados e Intelig\u00eancia anal\u00edtica\t\t\t\t\t\t\t<\/button>\n\t\t\t\t\t\t<\/h2>\n\t\t\t\t\t\t<div\n\t\t\t\t\t\t\tid=\"semead-accordion-1-collapse-2\"\n\t\t\t\t\t\t\tclass=\"accordion-collapse collapse\"\n\t\t\t\t\t\t\taria-labelledby=\"semead-accordion-1-heading-2\"\n\t\t\t\t\t\t\tdata-bs-parent=\"#semead-accordion-1\"\n\t\t\t\t\t\t>\n\t\t\t\t\t\t\t<div class=\"accordion-body\">\n\t\t\t\t\t\t\t\t\n\t\t\t\t\t\t\t\t\t\t\t\t\t\t\t\t\t<div class=\"semead-topic__description\"><p>Estudos que envolvam aplica\u00e7\u00f5es para: Big data; Business Analytics (BA); Intelig\u00eancia Artificial; Machine Learning; People Analytics; Web Analytics; Redes Neurais.<\/p>\n<\/div>\n\t\t\t\t\t\t\t\t\n\t\t\t\t\t\t\t\t\t\t\t\t\t\t\t\t\t<div class=\"semead-leaders row row-cols-1 row-cols-md-2 row-cols-lg-3 g-4\">\n\t\t\t\t\t\t\t\t\t\t\t\t\t\t\t\t\t\t\t\t\t<div class=\"col\">\n\t\t\t\t\t\t\t\t\t\t\t\t<div class=\"semead-leader card h-100 border-0 text-center\">\n\t\t\t\t\t\t\t\t\t\t\t\t\t<div class=\"card-body\">\n\t\t\t\t\t\t\t\t\t\t\t\t\t\t<img data-recalc-dims=\"1\"\n\t\t\t\t\t\t\t\t\t\t\t\t\t\t\tclass=\"semead-leader__image rounded-circle\"\n\t\t\t\t\t\t\t\t\t\t\t\t\t\t\tsrc=\"https:\/\/i0.wp.com\/semead.com.br\/29\/wp-content\/uploads\/sites\/21\/2026\/04\/gustavo-salati.jpg?resize=150%2C150&#038;ssl=1\"\n\t\t\t\t\t\t\t\t\t\t\t\t\t\t\talt=\"L\u00edder: Prof. Dr. Gustavo Herm\u00ednio Salati Marcondes - Universidade Estadual de Campinas\"\n\t\t\t\t\t\t\t\t\t\t\t\t\t\t\tloading=\"lazy\"\n\t\t\t\t\t\t\t\t\t\t\t\t\t\t\twidth=\"150\"\n\t\t\t\t\t\t\t\t\t\t\t\t\t\t\theight=\"150\"\n\t\t\t\t\t\t\t\t\t\t\t\t\t\t>\n\t\t\t\t\t\t\t\t\t\t\t\t\t\t<div class=\"semead-leader__name\"><em>L\u00edder: Prof. Dr. Gustavo Herm\u00ednio Salati Marcondes - Universidade Estadual de Campinas<\/em><\/div>\n\t\t\t\t\t\t\t\t\t\t\t\t\t<\/div>\n\t\t\t\t\t\t\t\t\t\t\t\t<\/div>\n\t\t\t\t\t\t\t\t\t\t\t<\/div>\n\t\t\t\t\t\t\t\t\t\t\t\t\t\t\t\t\t\t\t\t\t<div class=\"col\">\n\t\t\t\t\t\t\t\t\t\t\t\t<div class=\"semead-leader card h-100 border-0 text-center\">\n\t\t\t\t\t\t\t\t\t\t\t\t\t<div class=\"card-body\">\n\t\t\t\t\t\t\t\t\t\t\t\t\t\t<img data-recalc-dims=\"1\"\n\t\t\t\t\t\t\t\t\t\t\t\t\t\t\tclass=\"semead-leader__image rounded-circle\"\n\t\t\t\t\t\t\t\t\t\t\t\t\t\t\tsrc=\"https:\/\/i0.wp.com\/semead.com.br\/29\/wp-content\/uploads\/sites\/21\/2026\/04\/Prof.-Dr.-Victor-Manuel.jpg?resize=150%2C150&#038;ssl=1\"\n\t\t\t\t\t\t\t\t\t\t\t\t\t\t\talt=\"Co-l\u00edder Internacional: Prof. Dr. Victor Manuel - Instituto Polit\u00e9cnico de Set\u00fabal, Portugal\"\n\t\t\t\t\t\t\t\t\t\t\t\t\t\t\tloading=\"lazy\"\n\t\t\t\t\t\t\t\t\t\t\t\t\t\t\twidth=\"150\"\n\t\t\t\t\t\t\t\t\t\t\t\t\t\t\theight=\"150\"\n\t\t\t\t\t\t\t\t\t\t\t\t\t\t>\n\t\t\t\t\t\t\t\t\t\t\t\t\t\t<div class=\"semead-leader__name\"><em>Co-l\u00edder Internacional: Prof. Dr. Victor Manuel - Instituto Polit\u00e9cnico de Set\u00fabal, Portugal<\/em><\/div>\n\t\t\t\t\t\t\t\t\t\t\t\t\t<\/div>\n\t\t\t\t\t\t\t\t\t\t\t\t<\/div>\n\t\t\t\t\t\t\t\t\t\t\t<\/div>\n\t\t\t\t\t\t\t\t\t\t\t\t\t\t\t\t\t\t\t<\/div>\n\t\t\t\t\t\t\t\t\t\t\t\t\t\t\t<\/div>\n\t\t\t\t\t\t<\/div>\n\t\t\t\t\t<\/div>\n\t\t\t\t\t\t\t\t\t<div class=\"accordion-item semead-topic\">\n\t\t\t\t\t\t<h2 class=\"accordion-header\" id=\"semead-accordion-1-heading-3\">\n\t\t\t\t\t\t\t<button\n\t\t\t\t\t\t\t\tclass=\"accordion-button collapsed\"\n\t\t\t\t\t\t\t\ttype=\"button\"\n\t\t\t\t\t\t\t\tdata-bs-toggle=\"collapse\"\n\t\t\t\t\t\t\t\tdata-bs-target=\"#semead-accordion-1-collapse-3\"\n\t\t\t\t\t\t\t\taria-expanded=\"false\"\n\t\t\t\t\t\t\t\taria-controls=\"semead-accordion-1-collapse-3\"\n\t\t\t\t\t\t\t>\n\t\t\t\t\t\t\t\t3. Gest\u00e3o do Conhecimento e Tecnologias Digitais\t\t\t\t\t\t\t<\/button>\n\t\t\t\t\t\t<\/h2>\n\t\t\t\t\t\t<div\n\t\t\t\t\t\t\tid=\"semead-accordion-1-collapse-3\"\n\t\t\t\t\t\t\tclass=\"accordion-collapse collapse\"\n\t\t\t\t\t\t\taria-labelledby=\"semead-accordion-1-heading-3\"\n\t\t\t\t\t\t\tdata-bs-parent=\"#semead-accordion-1\"\n\t\t\t\t\t\t>\n\t\t\t\t\t\t\t<div class=\"accordion-body\">\n\t\t\t\t\t\t\t\t\n\t\t\t\t\t\t\t\t\t\t\t\t\t\t\t\t\t<div class=\"semead-topic__description\"><p>Estudos que envolvam os aspectos e mecanismos relacionados \u00e0 cria\u00e7\u00e3o, coleta, aquisi\u00e7\u00e3o, armazenamento, dissemina\u00e7\u00e3o e uso dos conhecimentos em uma organiza\u00e7\u00e3o. Tr\u00eas principais subtemas se destacam: (i) rela\u00e7\u00e3o da Gest\u00e3o do Conhecimento com outras \u00e1reas de conhecimento como estrat\u00e9gia, governan\u00e7a, opera\u00e7\u00f5es, cultura, inova\u00e7\u00e3o, desempenho organizacional, aprendizagem, etc., assim como a proposi\u00e7\u00e3o e aplica\u00e7\u00e3o de modelos e frameworks em contextos e situa\u00e7\u00f5es espec\u00edficas de neg\u00f3cio; (ii) processos de gest\u00e3o de conhecimento com o apoio da tecnologia da informa\u00e7\u00e3o e da comunica\u00e7\u00e3o, considerando desde a cria\u00e7\u00e3o do conhecimento no n\u00edvel do indiv\u00edduo\/times at\u00e9 a avalia\u00e7\u00e3o dos benef\u00edcios da aprendizagem organizacional, bem como a maturidade organizacional em gest\u00e3o do conhecimento; (iii) impactos das tecnologias digitais emergentes (como IA, Internet das Coisas, Digital Twin, Blockchain, etc.) sobre as pr\u00e1ticas atuais de gest\u00e3o de conhecimento. considerando aspectos como inova\u00e7\u00e3o aberta, ecossistemas, plataformas, comunidades de pr\u00e1tica, times \u00e1geis, entre outros.<\/p>\n<\/div>\n\t\t\t\t\t\t\t\t\n\t\t\t\t\t\t\t\t\t\t\t\t\t\t\t\t\t<div class=\"semead-leaders row row-cols-1 row-cols-md-2 row-cols-lg-3 g-4\">\n\t\t\t\t\t\t\t\t\t\t\t\t\t\t\t\t\t\t\t\t\t<div class=\"col\">\n\t\t\t\t\t\t\t\t\t\t\t\t<div class=\"semead-leader card h-100 border-0 text-center\">\n\t\t\t\t\t\t\t\t\t\t\t\t\t<div class=\"card-body\">\n\t\t\t\t\t\t\t\t\t\t\t\t\t\t<img data-recalc-dims=\"1\"\n\t\t\t\t\t\t\t\t\t\t\t\t\t\t\tclass=\"semead-leader__image rounded-circle\"\n\t\t\t\t\t\t\t\t\t\t\t\t\t\t\tsrc=\"https:\/\/i0.wp.com\/semead.com.br\/29\/wp-content\/uploads\/sites\/21\/2026\/04\/Prof.-Dr.-Claudio-Luis-Carvalho-Larieira.jpg?resize=150%2C150&#038;ssl=1\"\n\t\t\t\t\t\t\t\t\t\t\t\t\t\t\talt=\"L\u00edder: Prof. Dr. Claudio Luis Carvalho Larieira - Universidade Presbiteriana Mackenzie\/EAESP\/FGV)\"\n\t\t\t\t\t\t\t\t\t\t\t\t\t\t\tloading=\"lazy\"\n\t\t\t\t\t\t\t\t\t\t\t\t\t\t\twidth=\"150\"\n\t\t\t\t\t\t\t\t\t\t\t\t\t\t\theight=\"150\"\n\t\t\t\t\t\t\t\t\t\t\t\t\t\t>\n\t\t\t\t\t\t\t\t\t\t\t\t\t\t<div class=\"semead-leader__name\"><em>L\u00edder: Prof. Dr. Claudio Luis Carvalho Larieira - Universidade Presbiteriana Mackenzie\/EAESP\/FGV)<\/em><\/div>\n\t\t\t\t\t\t\t\t\t\t\t\t\t<\/div>\n\t\t\t\t\t\t\t\t\t\t\t\t<\/div>\n\t\t\t\t\t\t\t\t\t\t\t<\/div>\n\t\t\t\t\t\t\t\t\t\t\t\t\t\t\t\t\t\t\t<\/div>\n\t\t\t\t\t\t\t\t\t\t\t\t\t\t\t<\/div>\n\t\t\t\t\t\t<\/div>\n\t\t\t\t\t<\/div>\n\t\t\t\t\t\t\t\t\t<div class=\"accordion-item semead-topic\">\n\t\t\t\t\t\t<h2 class=\"accordion-header\" id=\"semead-accordion-1-heading-4\">\n\t\t\t\t\t\t\t<button\n\t\t\t\t\t\t\t\tclass=\"accordion-button collapsed\"\n\t\t\t\t\t\t\t\ttype=\"button\"\n\t\t\t\t\t\t\t\tdata-bs-toggle=\"collapse\"\n\t\t\t\t\t\t\t\tdata-bs-target=\"#semead-accordion-1-collapse-4\"\n\t\t\t\t\t\t\t\taria-expanded=\"false\"\n\t\t\t\t\t\t\t\taria-controls=\"semead-accordion-1-collapse-4\"\n\t\t\t\t\t\t\t>\n\t\t\t\t\t\t\t\t4. Governan\u00e7a de TI, de Dados e de Intelig\u00eancia Artificial\t\t\t\t\t\t\t<\/button>\n\t\t\t\t\t\t<\/h2>\n\t\t\t\t\t\t<div\n\t\t\t\t\t\t\tid=\"semead-accordion-1-collapse-4\"\n\t\t\t\t\t\t\tclass=\"accordion-collapse collapse\"\n\t\t\t\t\t\t\taria-labelledby=\"semead-accordion-1-heading-4\"\n\t\t\t\t\t\t\tdata-bs-parent=\"#semead-accordion-1\"\n\t\t\t\t\t\t>\n\t\t\t\t\t\t\t<div class=\"accordion-body\">\n\t\t\t\t\t\t\t\t\n\t\t\t\t\t\t\t\t\t\t\t\t\t\t\t\t\t<div class=\"semead-topic__description\"><p>Este tema prop\u00f5e discutir o papel estrat\u00e9gico da Tecnologia da Informa\u00e7\u00e3o e Comunica\u00e7\u00e3o (TIC), dos Dados e da Intelig\u00eancia Artificial (IA) na constru\u00e7\u00e3o de organiza\u00e7\u00f5es resilientes, \u00e9ticas, sustent\u00e1veis e inovadoras. Envolve o estudo de estruturas, processos, tecnologias e pr\u00e1ticas de governan\u00e7a e gest\u00e3o de TIC que assegurem alinhamento estrat\u00e9gico, gera\u00e7\u00e3o de valor, seguran\u00e7a cibern\u00e9tica, uso respons\u00e1vel da tecnologia, sustentabilidade e impactos \u00e9ticos e regulat\u00f3rios.<\/p>\n<p>Este tema abrange estudos relacionados, mas n\u00e3o limitados, a:<br \/>\n- Governan\u00e7a de TI e estrat\u00e9gias alinhadas ao desenvolvimento sustent\u00e1vel e \u00e0 gera\u00e7\u00e3o de valor.<br \/>\n- Gest\u00e3o e Governan\u00e7a de dados, contemplando frameworks, pap\u00e9is decis\u00f3rios, modelos e normas.<br \/>\n- Intelig\u00eancia Artificial sob a perspectiva de estrat\u00e9gia, governan\u00e7a, engenharia e uso organizacional.<br \/>\n- Agentes inteligentes e sistemas aut\u00f4nomos aplicados \u00e0 governan\u00e7a, gest\u00e3o, tomada de decis\u00e3o, e monitoramento organizacional.<br \/>\n- Aplica\u00e7\u00f5es respons\u00e1veis de IA, blockchain, IoT e outras tecnologias emergentes voltadas aos Objetivos de Desenvolvimento Sustent\u00e1vel (ODS).<br \/>\n- \u00c9tica digital, inclus\u00e3o, acessibilidade e responsabilidade social no uso de tecnologias.<br \/>\n- Ciberseguran\u00e7a, privacidade e prote\u00e7\u00e3o de dados, compliance e resili\u00eancia organizacional frente a riscos e vulnerabilidades digitais.<br \/>\n- Sustentabilidade digital, responsabilidade socioambiental, ESG, impactos sociais e ambientais da TIC e da IA.<br \/>\n- Pr\u00e1ticas de Green IT, efici\u00eancia energ\u00e9tica e economia circular em infraestruturas digitais.<\/p>\n<\/div>\n\t\t\t\t\t\t\t\t\n\t\t\t\t\t\t\t\t\t\t\t\t\t\t\t\t\t<div class=\"semead-leaders row row-cols-1 row-cols-md-2 row-cols-lg-3 g-4\">\n\t\t\t\t\t\t\t\t\t\t\t\t\t\t\t\t\t\t\t\t\t<div class=\"col\">\n\t\t\t\t\t\t\t\t\t\t\t\t<div class=\"semead-leader card h-100 border-0 text-center\">\n\t\t\t\t\t\t\t\t\t\t\t\t\t<div class=\"card-body\">\n\t\t\t\t\t\t\t\t\t\t\t\t\t\t<img data-recalc-dims=\"1\"\n\t\t\t\t\t\t\t\t\t\t\t\t\t\t\tclass=\"semead-leader__image rounded-circle\"\n\t\t\t\t\t\t\t\t\t\t\t\t\t\t\tsrc=\"https:\/\/i0.wp.com\/semead.com.br\/29\/wp-content\/uploads\/sites\/21\/2026\/04\/Jean-Carlos-Domingos.jpg?resize=150%2C150&#038;ssl=1\"\n\t\t\t\t\t\t\t\t\t\t\t\t\t\t\talt=\"L\u00edder: Prof. Dr. Jean Carlos Domingos - UFU - FAGEN\"\n\t\t\t\t\t\t\t\t\t\t\t\t\t\t\tloading=\"lazy\"\n\t\t\t\t\t\t\t\t\t\t\t\t\t\t\twidth=\"150\"\n\t\t\t\t\t\t\t\t\t\t\t\t\t\t\theight=\"150\"\n\t\t\t\t\t\t\t\t\t\t\t\t\t\t>\n\t\t\t\t\t\t\t\t\t\t\t\t\t\t<div class=\"semead-leader__name\"><em>L\u00edder: Prof. Dr. Jean Carlos Domingos - UFU - FAGEN<\/em><\/div>\n\t\t\t\t\t\t\t\t\t\t\t\t\t<\/div>\n\t\t\t\t\t\t\t\t\t\t\t\t<\/div>\n\t\t\t\t\t\t\t\t\t\t\t<\/div>\n\t\t\t\t\t\t\t\t\t\t\t\t\t\t\t\t\t\t\t\t\t<div class=\"col\">\n\t\t\t\t\t\t\t\t\t\t\t\t<div class=\"semead-leader card h-100 border-0 text-center\">\n\t\t\t\t\t\t\t\t\t\t\t\t\t<div class=\"card-body\">\n\t\t\t\t\t\t\t\t\t\t\t\t\t\t<img data-recalc-dims=\"1\"\n\t\t\t\t\t\t\t\t\t\t\t\t\t\t\tclass=\"semead-leader__image rounded-circle\"\n\t\t\t\t\t\t\t\t\t\t\t\t\t\t\tsrc=\"https:\/\/i0.wp.com\/semead.com.br\/29\/wp-content\/uploads\/sites\/21\/2026\/04\/Prof.-Dr.-Miguel-Mira-da-Silva.png?resize=150%2C150&#038;ssl=1\"\n\t\t\t\t\t\t\t\t\t\t\t\t\t\t\talt=\"Co-l\u00edder Internacional: Prof. Dr. Miguel Mira da Silva - Instituto Superior T\u00e9cnico - Lisboa, Portugal\"\n\t\t\t\t\t\t\t\t\t\t\t\t\t\t\tloading=\"lazy\"\n\t\t\t\t\t\t\t\t\t\t\t\t\t\t\twidth=\"150\"\n\t\t\t\t\t\t\t\t\t\t\t\t\t\t\theight=\"150\"\n\t\t\t\t\t\t\t\t\t\t\t\t\t\t>\n\t\t\t\t\t\t\t\t\t\t\t\t\t\t<div class=\"semead-leader__name\"><em>Co-l\u00edder Internacional: Prof. Dr. Miguel Mira da Silva - Instituto Superior T\u00e9cnico - Lisboa, Portugal<\/em><\/div>\n\t\t\t\t\t\t\t\t\t\t\t\t\t<\/div>\n\t\t\t\t\t\t\t\t\t\t\t\t<\/div>\n\t\t\t\t\t\t\t\t\t\t\t<\/div>\n\t\t\t\t\t\t\t\t\t\t\t\t\t\t\t\t\t\t\t<\/div>\n\t\t\t\t\t\t\t\t\t\t\t\t\t\t\t<\/div>\n\t\t\t\t\t\t<\/div>\n\t\t\t\t\t<\/div>\n\t\t\t\t\t\t\t\t\t<div class=\"accordion-item semead-topic\">\n\t\t\t\t\t\t<h2 class=\"accordion-header\" id=\"semead-accordion-1-heading-5\">\n\t\t\t\t\t\t\t<button\n\t\t\t\t\t\t\t\tclass=\"accordion-button collapsed\"\n\t\t\t\t\t\t\t\ttype=\"button\"\n\t\t\t\t\t\t\t\tdata-bs-toggle=\"collapse\"\n\t\t\t\t\t\t\t\tdata-bs-target=\"#semead-accordion-1-collapse-5\"\n\t\t\t\t\t\t\t\taria-expanded=\"false\"\n\t\t\t\t\t\t\t\taria-controls=\"semead-accordion-1-collapse-5\"\n\t\t\t\t\t\t\t>\n\t\t\t\t\t\t\t\t5. Governo Digital, Cidades Inteligentes e TICs para Desenvolvimento\t\t\t\t\t\t\t<\/button>\n\t\t\t\t\t\t<\/h2>\n\t\t\t\t\t\t<div\n\t\t\t\t\t\t\tid=\"semead-accordion-1-collapse-5\"\n\t\t\t\t\t\t\tclass=\"accordion-collapse collapse\"\n\t\t\t\t\t\t\taria-labelledby=\"semead-accordion-1-heading-5\"\n\t\t\t\t\t\t\tdata-bs-parent=\"#semead-accordion-1\"\n\t\t\t\t\t\t>\n\t\t\t\t\t\t\t<div class=\"accordion-body\">\n\t\t\t\t\t\t\t\t\n\t\t\t\t\t\t\t\t\t\t\t\t\t\t\t\t\t<div class=\"semead-topic__description\"><p>(a) Uso da TI para solu\u00e7\u00f5es que auxiliem a vida urbana, para a melhoria da qualidade de vida, bem-estar do cidad\u00e3o e sustentabilidade;<br \/>\n(b) Modelos e aplica\u00e7\u00f5es de pol\u00edticas de cidades inteligentes (smart cities) para a \u00e1reas de energia, transporte, sa\u00fade, educa\u00e7\u00e3o, seguran\u00e7a p\u00fablica e infraestruturas;<br \/>\n(c) Sistemas de Informa\u00e7\u00e3o na sa\u00fade, educa\u00e7\u00e3o e inova\u00e7\u00e3o em servi\u00e7os e processos;<br \/>\n(d) Uso de TI na presta\u00e7\u00e3o de servi\u00e7os ao cidad\u00e3o, no suporte da gest\u00e3o e das pol\u00edticas p\u00fablicas, e suas implica\u00e7\u00f5es;<br \/>\n(e) Exclus\u00e3o Digital e Desigualdades Digitais;<br \/>\n(f) Governo Aberto, Dados Abertos Governamentais, Inova\u00e7\u00e3o P\u00fablica e colabora\u00e7\u00e3o com os cidad\u00e3os;<br \/>\n(g) Big Data e Data Analytics e suas implica\u00e7\u00f5es no contexto de governo e institui\u00e7\u00f5es p\u00fablicas;<br \/>\n(h) Ado\u00e7\u00e3o e uso da tecnologia Blockchain na \u00e1rea da sa\u00fade, jur\u00eddica, econ\u00f4mica-financeira e em outros setores da sociedade para a presta\u00e7\u00e3o de servi\u00e7os ao cidad\u00e3o;<br \/>\n(i) Transforma\u00e7\u00e3o Digital e suas implica\u00e7\u00f5es no \u00e2mbito do setor p\u00fablico;<br \/>\n(j) Planejamento, ado\u00e7\u00e3o e implica\u00e7\u00f5es de solu\u00e7\u00f5es de Intelig\u00eancia Artificial no setor p\u00fablico.<br \/>\n(k) Privacidade e Seguran\u00e7a da Informa\u00e7\u00e3o no contexto de governo e institui\u00e7\u00f5es p\u00fablicas.<\/p>\n<\/div>\n\t\t\t\t\t\t\t\t\n\t\t\t\t\t\t\t\t\t\t\t\t\t\t\t\t\t<div class=\"semead-leaders row row-cols-1 row-cols-md-2 row-cols-lg-3 g-4\">\n\t\t\t\t\t\t\t\t\t\t\t\t\t\t\t\t\t\t\t\t\t<div class=\"col\">\n\t\t\t\t\t\t\t\t\t\t\t\t<div class=\"semead-leader card h-100 border-0 text-center\">\n\t\t\t\t\t\t\t\t\t\t\t\t\t<div class=\"card-body\">\n\t\t\t\t\t\t\t\t\t\t\t\t\t\t<img data-recalc-dims=\"1\"\n\t\t\t\t\t\t\t\t\t\t\t\t\t\t\tclass=\"semead-leader__image rounded-circle\"\n\t\t\t\t\t\t\t\t\t\t\t\t\t\t\tsrc=\"https:\/\/i0.wp.com\/semead.com.br\/29\/wp-content\/uploads\/sites\/21\/2026\/04\/Prof.-Dr.-Marcelo-Henrique-de-Araujo-FEA-USP.jpg?resize=150%2C150&#038;ssl=1\"\n\t\t\t\t\t\t\t\t\t\t\t\t\t\t\talt=\"L\u00edder: Prof. Dr. Marcelo Henrique de Ara\u00fajo - FEA-USP\"\n\t\t\t\t\t\t\t\t\t\t\t\t\t\t\tloading=\"lazy\"\n\t\t\t\t\t\t\t\t\t\t\t\t\t\t\twidth=\"150\"\n\t\t\t\t\t\t\t\t\t\t\t\t\t\t\theight=\"150\"\n\t\t\t\t\t\t\t\t\t\t\t\t\t\t>\n\t\t\t\t\t\t\t\t\t\t\t\t\t\t<div class=\"semead-leader__name\"><em>L\u00edder: Prof. Dr. Marcelo Henrique de Ara\u00fajo - FEA-USP<\/em><\/div>\n\t\t\t\t\t\t\t\t\t\t\t\t\t<\/div>\n\t\t\t\t\t\t\t\t\t\t\t\t<\/div>\n\t\t\t\t\t\t\t\t\t\t\t<\/div>\n\t\t\t\t\t\t\t\t\t\t\t\t\t\t\t\t\t\t\t\t\t<div class=\"col\">\n\t\t\t\t\t\t\t\t\t\t\t\t<div class=\"semead-leader card h-100 border-0 text-center\">\n\t\t\t\t\t\t\t\t\t\t\t\t\t<div class=\"card-body\">\n\t\t\t\t\t\t\t\t\t\t\t\t\t\t<img data-recalc-dims=\"1\"\n\t\t\t\t\t\t\t\t\t\t\t\t\t\t\tclass=\"semead-leader__image rounded-circle\"\n\t\t\t\t\t\t\t\t\t\t\t\t\t\t\tsrc=\"https:\/\/i0.wp.com\/semead.com.br\/29\/wp-content\/uploads\/sites\/21\/2026\/04\/erica-siqueira.jpg?resize=150%2C150&#038;ssl=1\"\n\t\t\t\t\t\t\t\t\t\t\t\t\t\t\talt=\"Co-l\u00edder: Profa. Dra. \u00c9rica Siqueira - FGV-EAESP\"\n\t\t\t\t\t\t\t\t\t\t\t\t\t\t\tloading=\"lazy\"\n\t\t\t\t\t\t\t\t\t\t\t\t\t\t\twidth=\"150\"\n\t\t\t\t\t\t\t\t\t\t\t\t\t\t\theight=\"150\"\n\t\t\t\t\t\t\t\t\t\t\t\t\t\t>\n\t\t\t\t\t\t\t\t\t\t\t\t\t\t<div class=\"semead-leader__name\"><em>Co-l\u00edder: Profa. Dra. \u00c9rica Siqueira - FGV-EAESP<\/em><\/div>\n\t\t\t\t\t\t\t\t\t\t\t\t\t<\/div>\n\t\t\t\t\t\t\t\t\t\t\t\t<\/div>\n\t\t\t\t\t\t\t\t\t\t\t<\/div>\n\t\t\t\t\t\t\t\t\t\t\t\t\t\t\t\t\t\t\t<\/div>\n\t\t\t\t\t\t\t\t\t\t\t\t\t\t\t<\/div>\n\t\t\t\t\t\t<\/div>\n\t\t\t\t\t<\/div>\n\t\t\t\t\t\t\t\t\t<div class=\"accordion-item semead-topic\">\n\t\t\t\t\t\t<h2 class=\"accordion-header\" id=\"semead-accordion-1-heading-6\">\n\t\t\t\t\t\t\t<button\n\t\t\t\t\t\t\t\tclass=\"accordion-button collapsed\"\n\t\t\t\t\t\t\t\ttype=\"button\"\n\t\t\t\t\t\t\t\tdata-bs-toggle=\"collapse\"\n\t\t\t\t\t\t\t\tdata-bs-target=\"#semead-accordion-1-collapse-6\"\n\t\t\t\t\t\t\t\taria-expanded=\"false\"\n\t\t\t\t\t\t\t\taria-controls=\"semead-accordion-1-collapse-6\"\n\t\t\t\t\t\t\t>\n\t\t\t\t\t\t\t\t6. Ado\u00e7\u00e3o de TICs e Impactos Organizacionais\t\t\t\t\t\t\t<\/button>\n\t\t\t\t\t\t<\/h2>\n\t\t\t\t\t\t<div\n\t\t\t\t\t\t\tid=\"semead-accordion-1-collapse-6\"\n\t\t\t\t\t\t\tclass=\"accordion-collapse collapse\"\n\t\t\t\t\t\t\taria-labelledby=\"semead-accordion-1-heading-6\"\n\t\t\t\t\t\t\tdata-bs-parent=\"#semead-accordion-1\"\n\t\t\t\t\t\t>\n\t\t\t\t\t\t\t<div class=\"accordion-body\">\n\t\t\t\t\t\t\t\t\n\t\t\t\t\t\t\t\t\t\t\t\t\t\t\t\t\t<div class=\"semead-topic__description\"><p>Estudos sobre ado\u00e7\u00e3o, uso, gest\u00e3o e impactos organizacionais de tecnologias da informa\u00e7\u00e3o e comunica\u00e7\u00e3o, considerando tanto sistemas tradicionais quanto solu\u00e7\u00f5es emergentes. Incluem-se estudos em:<br \/>\n- Sistemas empresariais integrados: ERP, CRM, SCM, BPM (Business Process Management), Modelagem de Processos com BPMN.<br \/>\n- Automatiza\u00e7\u00e3o, redesenho de processos nas organiza\u00e7\u00f5es.<br \/>\n- Automa\u00e7\u00e3o Rob\u00f3tica de Processos (RPA), BPM Inteligente (iBPM).<br \/>\n- E-commerce e Marketplaces Integrados.<br \/>\n- Plataformas digitais, ecossistemas interorganizacionais e redes colaborativas baseadas em TI.<br \/>\n- Impactos organizacionais no uso de tecnologias como: computa\u00e7\u00e3o em nuvem, computa\u00e7\u00e3o m\u00f3vel e aplica\u00e7\u00f5es em ambientes distribu\u00eddos, Blockchain, Internet das Coisas (IoT), Realidade Aumentada\/Virtual, G\u00eameos Digitais, entre outras.<br \/>\n- Indicadores e avalia\u00e7\u00e3o de impacto: KPIs associados \u00e0 ado\u00e7\u00e3o de TICs.<br \/>\n- Impactos organizacionais, \u00e9ticos e sociais da tecnologia: privacidade, seguran\u00e7a, vi\u00e9s algor\u00edtmico, transpar\u00eancia e sustentabilidade (ESG).<\/p>\n<\/div>\n\t\t\t\t\t\t\t\t\n\t\t\t\t\t\t\t\t\t\t\t\t\t\t\t\t\t<div class=\"semead-leaders row row-cols-1 row-cols-md-2 row-cols-lg-3 g-4\">\n\t\t\t\t\t\t\t\t\t\t\t\t\t\t\t\t\t\t\t\t\t<div class=\"col\">\n\t\t\t\t\t\t\t\t\t\t\t\t<div class=\"semead-leader card h-100 border-0 text-center\">\n\t\t\t\t\t\t\t\t\t\t\t\t\t<div class=\"card-body\">\n\t\t\t\t\t\t\t\t\t\t\t\t\t\t<img data-recalc-dims=\"1\"\n\t\t\t\t\t\t\t\t\t\t\t\t\t\t\tclass=\"semead-leader__image rounded-circle\"\n\t\t\t\t\t\t\t\t\t\t\t\t\t\t\tsrc=\"https:\/\/i0.wp.com\/semead.com.br\/29\/wp-content\/uploads\/sites\/21\/2026\/04\/Prof.-Dr.-Jose-Eduardo-Ferreira-Lopes-UFU.jpg?resize=150%2C150&#038;ssl=1\"\n\t\t\t\t\t\t\t\t\t\t\t\t\t\t\talt=\"L\u00edder: Prof. Dr. Jos\u00e9 Eduardo Ferreira Lopes - UFU - FAGEN\"\n\t\t\t\t\t\t\t\t\t\t\t\t\t\t\tloading=\"lazy\"\n\t\t\t\t\t\t\t\t\t\t\t\t\t\t\twidth=\"150\"\n\t\t\t\t\t\t\t\t\t\t\t\t\t\t\theight=\"150\"\n\t\t\t\t\t\t\t\t\t\t\t\t\t\t>\n\t\t\t\t\t\t\t\t\t\t\t\t\t\t<div class=\"semead-leader__name\"><em>L\u00edder: Prof. Dr. Jos\u00e9 Eduardo Ferreira Lopes - UFU - FAGEN<\/em><\/div>\n\t\t\t\t\t\t\t\t\t\t\t\t\t<\/div>\n\t\t\t\t\t\t\t\t\t\t\t\t<\/div>\n\t\t\t\t\t\t\t\t\t\t\t<\/div>\n\t\t\t\t\t\t\t\t\t\t\t\t\t\t\t\t\t\t\t<\/div>\n\t\t\t\t\t\t\t\t\t\t\t\t\t\t\t<\/div>\n\t\t\t\t\t\t<\/div>\n\t\t\t\t\t<\/div>\n\t\t\t\t\t\t\t\t\t<div class=\"accordion-item semead-topic\">\n\t\t\t\t\t\t<h2 class=\"accordion-header\" id=\"semead-accordion-1-heading-7\">\n\t\t\t\t\t\t\t<button\n\t\t\t\t\t\t\t\tclass=\"accordion-button collapsed\"\n\t\t\t\t\t\t\t\ttype=\"button\"\n\t\t\t\t\t\t\t\tdata-bs-toggle=\"collapse\"\n\t\t\t\t\t\t\t\tdata-bs-target=\"#semead-accordion-1-collapse-7\"\n\t\t\t\t\t\t\t\taria-expanded=\"false\"\n\t\t\t\t\t\t\t\taria-controls=\"semead-accordion-1-collapse-7\"\n\t\t\t\t\t\t\t>\n\t\t\t\t\t\t\t\t7. Transforma\u00e7\u00e3o Digital e Inova\u00e7\u00e3o em Neg\u00f3cios Digitais\t\t\t\t\t\t\t<\/button>\n\t\t\t\t\t\t<\/h2>\n\t\t\t\t\t\t<div\n\t\t\t\t\t\t\tid=\"semead-accordion-1-collapse-7\"\n\t\t\t\t\t\t\tclass=\"accordion-collapse collapse\"\n\t\t\t\t\t\t\taria-labelledby=\"semead-accordion-1-heading-7\"\n\t\t\t\t\t\t\tdata-bs-parent=\"#semead-accordion-1\"\n\t\t\t\t\t\t>\n\t\t\t\t\t\t\t<div class=\"accordion-body\">\n\t\t\t\t\t\t\t\t\n\t\t\t\t\t\t\t\t\t\t\t\t\t\t\t\t\t<div class=\"semead-topic__description\"><p>A transforma\u00e7\u00e3o digital representa uma reconfigura\u00e7\u00e3o profunda das organiza\u00e7\u00f5es, impulsionada pelo avan\u00e7o das tecnologias digitais e pela necessidade de adapta\u00e7\u00e3o a novos comportamentos, modelos de consumo, e ecossistemas de inova\u00e7\u00e3o. Trata-se de um processo cont\u00ednuo que transcende a simples digitaliza\u00e7\u00e3o de processos, exigindo uma mudan\u00e7a cultural, estrutural, cognitiva e estrat\u00e9gica para que organiza\u00e7\u00f5es \u2014 p\u00fablicas, privadas ou do terceiro setor \u2014 possam gerar valor sustent\u00e1vel em um ambiente cada vez mais din\u00e2mico, conectado e orientado por dados. O tema busca compreender como as tecnologias da informa\u00e7\u00e3o e comunica\u00e7\u00e3o (TICs) impulsionam inova\u00e7\u00f5es em produtos, servi\u00e7os, processos e modelos de neg\u00f3cio, al\u00e9m de analisar seus impactos organizacionais, sociais e econ\u00f4micos.<br \/>\n- Aplica\u00e7\u00e3o de tecnologias emergentes e Deep Techs, como intelig\u00eancia artificial (inclusive IA generativa), big data, IoT, blockchain, realidade aumentada\/virtual, metaverso, computa\u00e7\u00e3o qu\u00e2ntica e redes 5G.<br \/>\n- Inova\u00e7\u00e3o digital em produtos, processos, servi\u00e7os e modelos de neg\u00f3cio, com redesenho organizacional e digitaliza\u00e7\u00e3o de cadeias de valor.<br \/>\n- Modelos de maturidade digital, diagn\u00f3stico de prontid\u00e3o e estrat\u00e9gias de transforma\u00e7\u00e3o em organiza\u00e7\u00f5es p\u00fablicas, privadas e do terceiro setor, considerando seu papel nos ecossistemas digitais e de inova\u00e7\u00e3o, especialmente na articula\u00e7\u00e3o entre Deep Techs, pol\u00edticas p\u00fablicas e empreendedorismo.<br \/>\n- Cultura data driven, lideran\u00e7a transformacional, gest\u00e3o da mudan\u00e7a e novas formas de trabalho em ambientes digitais e smart workspaces.<br \/>\n- Integra\u00e7\u00e3o de aplica\u00e7\u00f5es baseadas em IA, como chatbots, assistentes virtuais e sistemas tutoriais inteligentes, nos ecossistemas digitais das organiza\u00e7\u00f5es, como vetor de inova\u00e7\u00e3o e transforma\u00e7\u00e3o digital.<br \/>\n- Cria\u00e7\u00e3o de novos neg\u00f3cios digitais baseados em governan\u00e7a de dados, seguran\u00e7a cibern\u00e9tica e responsabilidade tecnol\u00f3gica, considerando suas implica\u00e7\u00f5es \u00e9ticas, sociais e ambientais \u2014 como vi\u00e9s algor\u00edtmico, privacidade e inclus\u00e3o.<br \/>\n- Din\u00e2micas cognitivas na transforma\u00e7\u00e3o digital: impactos das tecnologias digitais nos processos de aten\u00e7\u00e3o, tomada de decis\u00e3o, aprendizagem organizacional e comportamento adaptativo em ambientes complexos e intensivos em dados.<br \/>\n- Ativismo digital, participa\u00e7\u00e3o cidad\u00e3 e reconfigura\u00e7\u00e3o da esfera p\u00fablica impulsionada pela transforma\u00e7\u00e3o digital e pelos princ\u00edpios do Governo Aberto, mediada por tecnologias emergentes.<\/p>\n<\/div>\n\t\t\t\t\t\t\t\t\n\t\t\t\t\t\t\t\t\t\t\t\t\t\t\t\t\t<div class=\"semead-leaders row row-cols-1 row-cols-md-2 row-cols-lg-3 g-4\">\n\t\t\t\t\t\t\t\t\t\t\t\t\t\t\t\t\t\t\t\t\t<div class=\"col\">\n\t\t\t\t\t\t\t\t\t\t\t\t<div class=\"semead-leader card h-100 border-0 text-center\">\n\t\t\t\t\t\t\t\t\t\t\t\t\t<div class=\"card-body\">\n\t\t\t\t\t\t\t\t\t\t\t\t\t\t<img data-recalc-dims=\"1\"\n\t\t\t\t\t\t\t\t\t\t\t\t\t\t\tclass=\"semead-leader__image rounded-circle\"\n\t\t\t\t\t\t\t\t\t\t\t\t\t\t\tsrc=\"https:\/\/i0.wp.com\/semead.com.br\/29\/wp-content\/uploads\/sites\/21\/2026\/03\/Prof.-Dr.-Luis-Hernan-Contreras-Pinochet.jpg?resize=150%2C150&#038;ssl=1\"\n\t\t\t\t\t\t\t\t\t\t\t\t\t\t\talt=\"L\u00edder: Prof. Dr. Luis Hernan Contreras Pinochet - FEA\/USP\"\n\t\t\t\t\t\t\t\t\t\t\t\t\t\t\tloading=\"lazy\"\n\t\t\t\t\t\t\t\t\t\t\t\t\t\t\twidth=\"150\"\n\t\t\t\t\t\t\t\t\t\t\t\t\t\t\theight=\"150\"\n\t\t\t\t\t\t\t\t\t\t\t\t\t\t>\n\t\t\t\t\t\t\t\t\t\t\t\t\t\t<div class=\"semead-leader__name\"><em>L\u00edder: Prof. Dr. Luis Hernan Contreras Pinochet - FEA\/USP<\/em><\/div>\n\t\t\t\t\t\t\t\t\t\t\t\t\t<\/div>\n\t\t\t\t\t\t\t\t\t\t\t\t<\/div>\n\t\t\t\t\t\t\t\t\t\t\t<\/div>\n\t\t\t\t\t\t\t\t\t\t\t\t\t\t\t\t\t\t\t\t\t<div class=\"col\">\n\t\t\t\t\t\t\t\t\t\t\t\t<div class=\"semead-leader card h-100 border-0 text-center\">\n\t\t\t\t\t\t\t\t\t\t\t\t\t<div class=\"card-body\">\n\t\t\t\t\t\t\t\t\t\t\t\t\t\t<img data-recalc-dims=\"1\"\n\t\t\t\t\t\t\t\t\t\t\t\t\t\t\tclass=\"semead-leader__image rounded-circle\"\n\t\t\t\t\t\t\t\t\t\t\t\t\t\t\tsrc=\"https:\/\/i0.wp.com\/semead.com.br\/29\/wp-content\/uploads\/sites\/21\/2026\/04\/Profa.-Dra.-Vanessa-Itacaramby-Pardim-FEAUSP.jpg?resize=150%2C150&#038;ssl=1\"\n\t\t\t\t\t\t\t\t\t\t\t\t\t\t\talt=\"Co-l\u00edder: Profa. Dra. Vanessa Itacaramby Pardim - FEA\/USP\"\n\t\t\t\t\t\t\t\t\t\t\t\t\t\t\tloading=\"lazy\"\n\t\t\t\t\t\t\t\t\t\t\t\t\t\t\twidth=\"150\"\n\t\t\t\t\t\t\t\t\t\t\t\t\t\t\theight=\"150\"\n\t\t\t\t\t\t\t\t\t\t\t\t\t\t>\n\t\t\t\t\t\t\t\t\t\t\t\t\t\t<div class=\"semead-leader__name\"><em>Co-l\u00edder: Profa. Dra. Vanessa Itacaramby Pardim - FEA\/USP<\/em><\/div>\n\t\t\t\t\t\t\t\t\t\t\t\t\t<\/div>\n\t\t\t\t\t\t\t\t\t\t\t\t<\/div>\n\t\t\t\t\t\t\t\t\t\t\t<\/div>\n\t\t\t\t\t\t\t\t\t\t\t\t\t\t\t\t\t\t\t\t\t<div class=\"col\">\n\t\t\t\t\t\t\t\t\t\t\t\t<div class=\"semead-leader card h-100 border-0 text-center\">\n\t\t\t\t\t\t\t\t\t\t\t\t\t<div class=\"card-body\">\n\t\t\t\t\t\t\t\t\t\t\t\t\t\t<img data-recalc-dims=\"1\"\n\t\t\t\t\t\t\t\t\t\t\t\t\t\t\tclass=\"semead-leader__image rounded-circle\"\n\t\t\t\t\t\t\t\t\t\t\t\t\t\t\tsrc=\"https:\/\/i0.wp.com\/semead.com.br\/29\/wp-content\/uploads\/sites\/21\/2026\/04\/Prof.-Dr.-Guillermo-Rodriguez-Abitia.jpg?resize=150%2C150&#038;ssl=1\"\n\t\t\t\t\t\t\t\t\t\t\t\t\t\t\talt=\"Co-l\u00edder Internacional: Prof. Dr. Guillermo Rodr\u00edguez Abitia - Raymond A. Mason School of Business - Willian &amp; Mary \u2013 US\"\n\t\t\t\t\t\t\t\t\t\t\t\t\t\t\tloading=\"lazy\"\n\t\t\t\t\t\t\t\t\t\t\t\t\t\t\twidth=\"150\"\n\t\t\t\t\t\t\t\t\t\t\t\t\t\t\theight=\"150\"\n\t\t\t\t\t\t\t\t\t\t\t\t\t\t>\n\t\t\t\t\t\t\t\t\t\t\t\t\t\t<div class=\"semead-leader__name\"><em>Co-l\u00edder Internacional: Prof. Dr. Guillermo Rodr\u00edguez Abitia - Raymond A. Mason School of Business - Willian &amp; Mary \u2013 US<\/em><\/div>\n\t\t\t\t\t\t\t\t\t\t\t\t\t<\/div>\n\t\t\t\t\t\t\t\t\t\t\t\t<\/div>\n\t\t\t\t\t\t\t\t\t\t\t<\/div>\n\t\t\t\t\t\t\t\t\t\t\t\t\t\t\t\t\t\t\t<\/div>\n\t\t\t\t\t\t\t\t\t\t\t\t\t\t\t<\/div>\n\t\t\t\t\t\t<\/div>\n\t\t\t\t\t<\/div>\n\t\t\t\t\t\t\t<\/div>\n\t\t<\/div>\n","protected":false},"excerpt":{"rendered":"","protected":false},"author":1,"featured_media":0,"parent":9,"menu_order":70,"comment_status":"closed","ping_status":"closed","template":"","meta":{"_acf_changed":false,"tpgb_global_settings":"","inline_featured_image":false,"_monsterinsights_skip_tracking":false,"_monsterinsights_sitenote_active":false,"_monsterinsights_sitenote_note":"","_monsterinsights_sitenote_category":0,"footnotes":""},"class_list":["post-16","page","type-page","status-publish","hentry"],"acf":{"coordenadores":[{"titulo":"Coordenador:","nome":"Prof. Dr. Gilberto Perez","instituicao":"MACKENZIE","imagem":34924},{"titulo":"Coordenador Adjunto:","nome":"Prof. Dr. Luis Hernan Contreras Pinochet","instituicao":"FEA-USP","imagem":34921}],"audio_da_coordenacao":"","temas":[{"tema_nome":"Aspectos Comportamentais e Decis\u00f3rios da TI","tema_descricao":"Estudos que aprimorem a compreens\u00e3o sobre como a TI \u00e9 utilizada por indiv\u00edduos, ou grupos de usu\u00e1rios, e que englobem fatores antecedentes, ou consequ\u00eancias da ado\u00e7\u00e3o da TI; Modelos de predi\u00e7\u00e3o de atitudes, inten\u00e7\u00e3o e comportamentos est\u00e3o contidos nesse tema; Al\u00e9m disso, pesquisas que englobem os processos de tomada de decis\u00e3o organizacional, seja esses mediados por tecnologias, algoritmos, intelig\u00eancia artificial, machine learning, ou pela governan\u00e7a organizacional tamb\u00e9m est\u00e3o contemplados nessa tem\u00e1tica.","audio":20487,"lideres":[{"lider_nome":"L\u00edder: Prof. Dr. Alexandre Cappellozza - Universidade Presbiteriana Mackenzie","lider_foto":35227},{"lider_nome":"Co-l\u00edder: Profa Dra. Sandra Morais de Brito Costa - Universidade Presbiteriana Mackenzie","lider_foto":35226}]},{"tema_nome":"Ci\u00eancias de dados e Intelig\u00eancia anal\u00edtica","tema_descricao":"Estudos que envolvam aplica\u00e7\u00f5es para: Big data; Business Analytics (BA); Intelig\u00eancia Artificial; Machine Learning; People Analytics; Web Analytics; Redes Neurais.","audio":"","lideres":[{"lider_nome":"L\u00edder: Prof. Dr. Gustavo Herm\u00ednio Salati Marcondes - Universidade Estadual de Campinas","lider_foto":35225},{"lider_nome":"Co-l\u00edder Internacional: Prof. Dr. Victor Manuel - Instituto Polit\u00e9cnico de Set\u00fabal, Portugal","lider_foto":35224}]},{"tema_nome":"Gest\u00e3o do Conhecimento e Tecnologias Digitais","tema_descricao":"Estudos que envolvam os aspectos e mecanismos relacionados \u00e0 cria\u00e7\u00e3o, coleta, aquisi\u00e7\u00e3o, armazenamento, dissemina\u00e7\u00e3o e uso dos conhecimentos em uma organiza\u00e7\u00e3o. Tr\u00eas principais subtemas se destacam: (i) rela\u00e7\u00e3o da Gest\u00e3o do Conhecimento com outras \u00e1reas de conhecimento como estrat\u00e9gia, governan\u00e7a, opera\u00e7\u00f5es, cultura, inova\u00e7\u00e3o, desempenho organizacional, aprendizagem, etc., assim como a proposi\u00e7\u00e3o e aplica\u00e7\u00e3o de modelos e frameworks em contextos e situa\u00e7\u00f5es espec\u00edficas de neg\u00f3cio; (ii) processos de gest\u00e3o de conhecimento com o apoio da tecnologia da informa\u00e7\u00e3o e da comunica\u00e7\u00e3o, considerando desde a cria\u00e7\u00e3o do conhecimento no n\u00edvel do indiv\u00edduo\/times at\u00e9 a avalia\u00e7\u00e3o dos benef\u00edcios da aprendizagem organizacional, bem como a maturidade organizacional em gest\u00e3o do conhecimento; (iii) impactos das tecnologias digitais emergentes (como IA, Internet das Coisas, Digital Twin, Blockchain, etc.) sobre as pr\u00e1ticas atuais de gest\u00e3o de conhecimento. considerando aspectos como inova\u00e7\u00e3o aberta, ecossistemas, plataformas, comunidades de pr\u00e1tica, times \u00e1geis, entre outros.","audio":"","lideres":[{"lider_nome":"L\u00edder: Prof. Dr. Claudio Luis Carvalho Larieira - Universidade Presbiteriana Mackenzie\/EAESP\/FGV)","lider_foto":35223}]},{"tema_nome":"Governan\u00e7a de TI, de Dados e de Intelig\u00eancia Artificial","tema_descricao":"Este tema prop\u00f5e discutir o papel estrat\u00e9gico da Tecnologia da Informa\u00e7\u00e3o e Comunica\u00e7\u00e3o (TIC), dos Dados e da Intelig\u00eancia Artificial (IA) na constru\u00e7\u00e3o de organiza\u00e7\u00f5es resilientes, \u00e9ticas, sustent\u00e1veis e inovadoras. Envolve o estudo de estruturas, processos, tecnologias e pr\u00e1ticas de governan\u00e7a e gest\u00e3o de TIC que assegurem alinhamento estrat\u00e9gico, gera\u00e7\u00e3o de valor, seguran\u00e7a cibern\u00e9tica, uso respons\u00e1vel da tecnologia, sustentabilidade e impactos \u00e9ticos e regulat\u00f3rios.\r\n\r\nEste tema abrange estudos relacionados, mas n\u00e3o limitados, a:\r\n- Governan\u00e7a de TI e estrat\u00e9gias alinhadas ao desenvolvimento sustent\u00e1vel e \u00e0 gera\u00e7\u00e3o de valor.\r\n- Gest\u00e3o e Governan\u00e7a de dados, contemplando frameworks, pap\u00e9is decis\u00f3rios, modelos e normas.\r\n- Intelig\u00eancia Artificial sob a perspectiva de estrat\u00e9gia, governan\u00e7a, engenharia e uso organizacional.\r\n- Agentes inteligentes e sistemas aut\u00f4nomos aplicados \u00e0 governan\u00e7a, gest\u00e3o, tomada de decis\u00e3o, e monitoramento organizacional.\r\n- Aplica\u00e7\u00f5es respons\u00e1veis de IA, blockchain, IoT e outras tecnologias emergentes voltadas aos Objetivos de Desenvolvimento Sustent\u00e1vel (ODS).\r\n- \u00c9tica digital, inclus\u00e3o, acessibilidade e responsabilidade social no uso de tecnologias.\r\n- Ciberseguran\u00e7a, privacidade e prote\u00e7\u00e3o de dados, compliance e resili\u00eancia organizacional frente a riscos e vulnerabilidades digitais.\r\n- Sustentabilidade digital, responsabilidade socioambiental, ESG, impactos sociais e ambientais da TIC e da IA.\r\n- Pr\u00e1ticas de Green IT, efici\u00eancia energ\u00e9tica e economia circular em infraestruturas digitais.","audio":"","lideres":[{"lider_nome":"L\u00edder: Prof. Dr. Jean Carlos Domingos - UFU - FAGEN","lider_foto":35229},{"lider_nome":"Co-l\u00edder Internacional: Prof. Dr. Miguel Mira da Silva - Instituto Superior T\u00e9cnico - Lisboa, Portugal","lider_foto":35230}]},{"tema_nome":"Governo Digital, Cidades Inteligentes e TICs para Desenvolvimento","tema_descricao":"(a) Uso da TI para solu\u00e7\u00f5es que auxiliem a vida urbana, para a melhoria da qualidade de vida, bem-estar do cidad\u00e3o e sustentabilidade;\r\n(b) Modelos e aplica\u00e7\u00f5es de pol\u00edticas de cidades inteligentes (smart cities) para a \u00e1reas de energia, transporte, sa\u00fade, educa\u00e7\u00e3o, seguran\u00e7a p\u00fablica e infraestruturas;\r\n(c) Sistemas de Informa\u00e7\u00e3o na sa\u00fade, educa\u00e7\u00e3o e inova\u00e7\u00e3o em servi\u00e7os e processos;\r\n(d) Uso de TI na presta\u00e7\u00e3o de servi\u00e7os ao cidad\u00e3o, no suporte da gest\u00e3o e das pol\u00edticas p\u00fablicas, e suas implica\u00e7\u00f5es;\r\n(e) Exclus\u00e3o Digital e Desigualdades Digitais;\r\n(f) Governo Aberto, Dados Abertos Governamentais, Inova\u00e7\u00e3o P\u00fablica e colabora\u00e7\u00e3o com os cidad\u00e3os;\r\n(g) Big Data e Data Analytics e suas implica\u00e7\u00f5es no contexto de governo e institui\u00e7\u00f5es p\u00fablicas;\r\n(h) Ado\u00e7\u00e3o e uso da tecnologia Blockchain na \u00e1rea da sa\u00fade, jur\u00eddica, econ\u00f4mica-financeira e em outros setores da sociedade para a presta\u00e7\u00e3o de servi\u00e7os ao cidad\u00e3o;\r\n(i) Transforma\u00e7\u00e3o Digital e suas implica\u00e7\u00f5es no \u00e2mbito do setor p\u00fablico;\r\n(j) Planejamento, ado\u00e7\u00e3o e implica\u00e7\u00f5es de solu\u00e7\u00f5es de Intelig\u00eancia Artificial no setor p\u00fablico.\r\n(k) Privacidade e Seguran\u00e7a da Informa\u00e7\u00e3o no contexto de governo e institui\u00e7\u00f5es p\u00fablicas.","audio":"","lideres":[{"lider_nome":"L\u00edder: Prof. Dr. Marcelo Henrique de Ara\u00fajo - FEA-USP","lider_foto":35232},{"lider_nome":"Co-l\u00edder: Profa. Dra. \u00c9rica Siqueira - FGV-EAESP","lider_foto":35231}]},{"tema_nome":"Ado\u00e7\u00e3o de TICs e Impactos Organizacionais","tema_descricao":"Estudos sobre ado\u00e7\u00e3o, uso, gest\u00e3o e impactos organizacionais de tecnologias da informa\u00e7\u00e3o e comunica\u00e7\u00e3o, considerando tanto sistemas tradicionais quanto solu\u00e7\u00f5es emergentes. Incluem-se estudos em:\r\n- Sistemas empresariais integrados: ERP, CRM, SCM, BPM (Business Process Management), Modelagem de Processos com BPMN.\r\n- Automatiza\u00e7\u00e3o, redesenho de processos nas organiza\u00e7\u00f5es.\r\n- Automa\u00e7\u00e3o Rob\u00f3tica de Processos (RPA), BPM Inteligente (iBPM).\r\n- E-commerce e Marketplaces Integrados.\r\n- Plataformas digitais, ecossistemas interorganizacionais e redes colaborativas baseadas em TI.\r\n- Impactos organizacionais no uso de tecnologias como: computa\u00e7\u00e3o em nuvem, computa\u00e7\u00e3o m\u00f3vel e aplica\u00e7\u00f5es em ambientes distribu\u00eddos, Blockchain, Internet das Coisas (IoT), Realidade Aumentada\/Virtual, G\u00eameos Digitais, entre outras.\r\n- Indicadores e avalia\u00e7\u00e3o de impacto: KPIs associados \u00e0 ado\u00e7\u00e3o de TICs.\r\n- Impactos organizacionais, \u00e9ticos e sociais da tecnologia: privacidade, seguran\u00e7a, vi\u00e9s algor\u00edtmico, transpar\u00eancia e sustentabilidade (ESG).\r\n","audio":"","lideres":[{"lider_nome":"L\u00edder: Prof. Dr. Jos\u00e9 Eduardo Ferreira Lopes - UFU - FAGEN","lider_foto":35235}]},{"tema_nome":"Transforma\u00e7\u00e3o Digital e Inova\u00e7\u00e3o em Neg\u00f3cios Digitais","tema_descricao":"A transforma\u00e7\u00e3o digital representa uma reconfigura\u00e7\u00e3o profunda das organiza\u00e7\u00f5es, impulsionada pelo avan\u00e7o das tecnologias digitais e pela necessidade de adapta\u00e7\u00e3o a novos comportamentos, modelos de consumo, e ecossistemas de inova\u00e7\u00e3o. Trata-se de um processo cont\u00ednuo que transcende a simples digitaliza\u00e7\u00e3o de processos, exigindo uma mudan\u00e7a cultural, estrutural, cognitiva e estrat\u00e9gica para que organiza\u00e7\u00f5es \u2014 p\u00fablicas, privadas ou do terceiro setor \u2014 possam gerar valor sustent\u00e1vel em um ambiente cada vez mais din\u00e2mico, conectado e orientado por dados. O tema busca compreender como as tecnologias da informa\u00e7\u00e3o e comunica\u00e7\u00e3o (TICs) impulsionam inova\u00e7\u00f5es em produtos, servi\u00e7os, processos e modelos de neg\u00f3cio, al\u00e9m de analisar seus impactos organizacionais, sociais e econ\u00f4micos.\r\n- Aplica\u00e7\u00e3o de tecnologias emergentes e Deep Techs, como intelig\u00eancia artificial (inclusive IA generativa), big data, IoT, blockchain, realidade aumentada\/virtual, metaverso, computa\u00e7\u00e3o qu\u00e2ntica e redes 5G.\r\n- Inova\u00e7\u00e3o digital em produtos, processos, servi\u00e7os e modelos de neg\u00f3cio, com redesenho organizacional e digitaliza\u00e7\u00e3o de cadeias de valor.\r\n- Modelos de maturidade digital, diagn\u00f3stico de prontid\u00e3o e estrat\u00e9gias de transforma\u00e7\u00e3o em organiza\u00e7\u00f5es p\u00fablicas, privadas e do terceiro setor, considerando seu papel nos ecossistemas digitais e de inova\u00e7\u00e3o, especialmente na articula\u00e7\u00e3o entre Deep Techs, pol\u00edticas p\u00fablicas e empreendedorismo.\r\n- Cultura data driven, lideran\u00e7a transformacional, gest\u00e3o da mudan\u00e7a e novas formas de trabalho em ambientes digitais e smart workspaces.\r\n- Integra\u00e7\u00e3o de aplica\u00e7\u00f5es baseadas em IA, como chatbots, assistentes virtuais e sistemas tutoriais inteligentes, nos ecossistemas digitais das organiza\u00e7\u00f5es, como vetor de inova\u00e7\u00e3o e transforma\u00e7\u00e3o digital.\r\n- Cria\u00e7\u00e3o de novos neg\u00f3cios digitais baseados em governan\u00e7a de dados, seguran\u00e7a cibern\u00e9tica e responsabilidade tecnol\u00f3gica, considerando suas implica\u00e7\u00f5es \u00e9ticas, sociais e ambientais \u2014 como vi\u00e9s algor\u00edtmico, privacidade e inclus\u00e3o.\r\n- Din\u00e2micas cognitivas na transforma\u00e7\u00e3o digital: impactos das tecnologias digitais nos processos de aten\u00e7\u00e3o, tomada de decis\u00e3o, aprendizagem organizacional e comportamento adaptativo em ambientes complexos e intensivos em dados.\r\n- Ativismo digital, participa\u00e7\u00e3o cidad\u00e3 e reconfigura\u00e7\u00e3o da esfera p\u00fablica impulsionada pela transforma\u00e7\u00e3o digital e pelos princ\u00edpios do Governo Aberto, mediada por tecnologias emergentes.","audio":"","lideres":[{"lider_nome":"L\u00edder: Prof. Dr. Luis Hernan Contreras Pinochet - FEA\/USP","lider_foto":34921},{"lider_nome":"Co-l\u00edder: Profa. Dra. Vanessa Itacaramby Pardim - FEA\/USP","lider_foto":35236},{"lider_nome":"Co-l\u00edder Internacional: Prof. Dr. Guillermo Rodr\u00edguez Abitia - Raymond A. Mason School of Business - Willian & Mary \u2013 US","lider_foto":35237}]}]},"yoast_head":"<!-- This site is optimized with the Yoast SEO plugin v27.5 - https:\/\/yoast.com\/product\/yoast-seo-wordpress\/ -->\n<title>Tecnologia da Informa\u00e7\u00e3o - XXIX SemeAd<\/title>\n<meta name=\"robots\" content=\"index, follow, max-snippet:-1, max-image-preview:large, max-video-preview:-1\" \/>\n<link rel=\"canonical\" href=\"https:\/\/semead.com.br\/29\/areas\/cientificas\/gestao-da-tecnologia-da-informacao\/\" \/>\n<meta property=\"og:locale\" content=\"pt_BR\" \/>\n<meta property=\"og:type\" content=\"article\" \/>\n<meta property=\"og:title\" content=\"Tecnologia da Informa\u00e7\u00e3o - XXIX SemeAd\" \/>\n<meta property=\"og:url\" content=\"https:\/\/semead.com.br\/29\/areas\/cientificas\/gestao-da-tecnologia-da-informacao\/\" \/>\n<meta property=\"og:site_name\" content=\"XXIX SemeAd\" \/>\n<meta property=\"article:modified_time\" content=\"2026-04-26T01:56:23+00:00\" \/>\n<meta name=\"twitter:card\" content=\"summary_large_image\" \/>\n<meta name=\"twitter:label1\" content=\"Est. tempo de leitura\" \/>\n\t<meta name=\"twitter:data1\" content=\"1 minuto\" \/>\n<script type=\"application\/ld+json\" class=\"yoast-schema-graph\">{\"@context\":\"https:\\\/\\\/schema.org\",\"@graph\":[{\"@type\":\"WebPage\",\"@id\":\"https:\\\/\\\/semead.com.br\\\/29\\\/areas\\\/cientificas\\\/gestao-da-tecnologia-da-informacao\\\/\",\"url\":\"https:\\\/\\\/semead.com.br\\\/29\\\/areas\\\/cientificas\\\/gestao-da-tecnologia-da-informacao\\\/\",\"name\":\"Tecnologia da Informa\u00e7\u00e3o - XXIX SemeAd\",\"isPartOf\":{\"@id\":\"https:\\\/\\\/semead.com.br\\\/29\\\/#website\"},\"datePublished\":\"2013-04-26T00:12:21+00:00\",\"dateModified\":\"2026-04-26T01:56:23+00:00\",\"breadcrumb\":{\"@id\":\"https:\\\/\\\/semead.com.br\\\/29\\\/areas\\\/cientificas\\\/gestao-da-tecnologia-da-informacao\\\/#breadcrumb\"},\"inLanguage\":\"pt-BR\",\"potentialAction\":[{\"@type\":\"ReadAction\",\"target\":[\"https:\\\/\\\/semead.com.br\\\/29\\\/areas\\\/cientificas\\\/gestao-da-tecnologia-da-informacao\\\/\"]}]},{\"@type\":\"BreadcrumbList\",\"@id\":\"https:\\\/\\\/semead.com.br\\\/29\\\/areas\\\/cientificas\\\/gestao-da-tecnologia-da-informacao\\\/#breadcrumb\",\"itemListElement\":[{\"@type\":\"ListItem\",\"position\":1,\"name\":\"In\u00edcio\",\"item\":\"https:\\\/\\\/semead.com.br\\\/29\\\/\"},{\"@type\":\"ListItem\",\"position\":2,\"name\":\"\u00c1reas\",\"item\":\"https:\\\/\\\/semead.com.br\\\/29\\\/areas\\\/\"},{\"@type\":\"ListItem\",\"position\":3,\"name\":\"\u00c1reas Cient\u00edficas\",\"item\":\"https:\\\/\\\/semead.com.br\\\/29\\\/areas\\\/cientificas\\\/\"},{\"@type\":\"ListItem\",\"position\":4,\"name\":\"Tecnologia da Informa\u00e7\u00e3o\"}]},{\"@type\":\"WebSite\",\"@id\":\"https:\\\/\\\/semead.com.br\\\/29\\\/#website\",\"url\":\"https:\\\/\\\/semead.com.br\\\/29\\\/\",\"name\":\"XXIX SemeAd\",\"description\":\"Semin\u00e1rios em administra\u00e7\u00e3o\",\"potentialAction\":[{\"@type\":\"SearchAction\",\"target\":{\"@type\":\"EntryPoint\",\"urlTemplate\":\"https:\\\/\\\/semead.com.br\\\/29\\\/?s={search_term_string}\"},\"query-input\":{\"@type\":\"PropertyValueSpecification\",\"valueRequired\":true,\"valueName\":\"search_term_string\"}}],\"inLanguage\":\"pt-BR\"}]}<\/script>\n<!-- \/ Yoast SEO plugin. -->","yoast_head_json":{"title":"Tecnologia da Informa\u00e7\u00e3o - XXIX SemeAd","robots":{"index":"index","follow":"follow","max-snippet":"max-snippet:-1","max-image-preview":"max-image-preview:large","max-video-preview":"max-video-preview:-1"},"canonical":"https:\/\/semead.com.br\/29\/areas\/cientificas\/gestao-da-tecnologia-da-informacao\/","og_locale":"pt_BR","og_type":"article","og_title":"Tecnologia da Informa\u00e7\u00e3o - XXIX SemeAd","og_url":"https:\/\/semead.com.br\/29\/areas\/cientificas\/gestao-da-tecnologia-da-informacao\/","og_site_name":"XXIX SemeAd","article_modified_time":"2026-04-26T01:56:23+00:00","twitter_card":"summary_large_image","twitter_misc":{"Est. tempo de leitura":"1 minuto"},"schema":{"@context":"https:\/\/schema.org","@graph":[{"@type":"WebPage","@id":"https:\/\/semead.com.br\/29\/areas\/cientificas\/gestao-da-tecnologia-da-informacao\/","url":"https:\/\/semead.com.br\/29\/areas\/cientificas\/gestao-da-tecnologia-da-informacao\/","name":"Tecnologia da Informa\u00e7\u00e3o - XXIX SemeAd","isPartOf":{"@id":"https:\/\/semead.com.br\/29\/#website"},"datePublished":"2013-04-26T00:12:21+00:00","dateModified":"2026-04-26T01:56:23+00:00","breadcrumb":{"@id":"https:\/\/semead.com.br\/29\/areas\/cientificas\/gestao-da-tecnologia-da-informacao\/#breadcrumb"},"inLanguage":"pt-BR","potentialAction":[{"@type":"ReadAction","target":["https:\/\/semead.com.br\/29\/areas\/cientificas\/gestao-da-tecnologia-da-informacao\/"]}]},{"@type":"BreadcrumbList","@id":"https:\/\/semead.com.br\/29\/areas\/cientificas\/gestao-da-tecnologia-da-informacao\/#breadcrumb","itemListElement":[{"@type":"ListItem","position":1,"name":"In\u00edcio","item":"https:\/\/semead.com.br\/29\/"},{"@type":"ListItem","position":2,"name":"\u00c1reas","item":"https:\/\/semead.com.br\/29\/areas\/"},{"@type":"ListItem","position":3,"name":"\u00c1reas Cient\u00edficas","item":"https:\/\/semead.com.br\/29\/areas\/cientificas\/"},{"@type":"ListItem","position":4,"name":"Tecnologia da Informa\u00e7\u00e3o"}]},{"@type":"WebSite","@id":"https:\/\/semead.com.br\/29\/#website","url":"https:\/\/semead.com.br\/29\/","name":"XXIX SemeAd","description":"Semin\u00e1rios em administra\u00e7\u00e3o","potentialAction":[{"@type":"SearchAction","target":{"@type":"EntryPoint","urlTemplate":"https:\/\/semead.com.br\/29\/?s={search_term_string}"},"query-input":{"@type":"PropertyValueSpecification","valueRequired":true,"valueName":"search_term_string"}}],"inLanguage":"pt-BR"}]}},"tpgb_featured_images":null,"tpgb_post_meta_info":{"get_date":"26 de abril de 2013","get_modified_date":"25 de abril de 2026","author_name":"fernando yada","author_url":"https:\/\/semead.com.br\/29\/author\/fernando-yada\/","author_email":"fernandoyada@gmail.com","author_website":"","author_description":"","author_facebook":"","author_twitter":"","author_instagram":"","author_role":[],"author_firstname":"","author_lastname":"","user_login":"fernando yada","author_avatar":"<img alt='' src='https:\/\/secure.gravatar.com\/avatar\/e12b4edc71c65a7866bb5109793beca18c7cebc936f8b62643a50a4c990e8426?s=200&#038;d=mm&#038;r=g' srcset='https:\/\/secure.gravatar.com\/avatar\/e12b4edc71c65a7866bb5109793beca18c7cebc936f8b62643a50a4c990e8426?s=400&#038;d=mm&#038;r=g 2x' class='avatar avatar-200 photo' height='200' width='200' decoding='async'\/>","author_avatar_url":"https:\/\/secure.gravatar.com\/avatar\/e12b4edc71c65a7866bb5109793beca18c7cebc936f8b62643a50a4c990e8426?s=96&d=mm&r=g","comment_count":0,"post_likes":0,"post_views":0},"tpgb_post_category":[],"jetpack_sharing_enabled":true,"_links":{"self":[{"href":"https:\/\/semead.com.br\/29\/wp-json\/wp\/v2\/pages\/16","targetHints":{"allow":["GET"]}}],"collection":[{"href":"https:\/\/semead.com.br\/29\/wp-json\/wp\/v2\/pages"}],"about":[{"href":"https:\/\/semead.com.br\/29\/wp-json\/wp\/v2\/types\/page"}],"author":[{"embeddable":true,"href":"https:\/\/semead.com.br\/29\/wp-json\/wp\/v2\/users\/1"}],"replies":[{"embeddable":true,"href":"https:\/\/semead.com.br\/29\/wp-json\/wp\/v2\/comments?post=16"}],"version-history":[{"count":3,"href":"https:\/\/semead.com.br\/29\/wp-json\/wp\/v2\/pages\/16\/revisions"}],"predecessor-version":[{"id":35238,"href":"https:\/\/semead.com.br\/29\/wp-json\/wp\/v2\/pages\/16\/revisions\/35238"}],"up":[{"embeddable":true,"href":"https:\/\/semead.com.br\/29\/wp-json\/wp\/v2\/pages\/9"}],"wp:attachment":[{"href":"https:\/\/semead.com.br\/29\/wp-json\/wp\/v2\/media?parent=16"}],"curies":[{"name":"wp","href":"https:\/\/api.w.org\/{rel}","templated":true}]}}