{"id":19,"date":"2013-04-26T00:14:04","date_gmt":"2013-04-26T00:14:04","guid":{"rendered":"http:\/\/semead.com.br\/?page_id=19"},"modified":"2026-04-25T23:14:33","modified_gmt":"2026-04-26T02:14:33","slug":"operacoes","status":"publish","type":"page","link":"https:\/\/semead.com.br\/29\/areas\/cientificas\/operacoes\/","title":{"rendered":"Opera\u00e7\u00f5es"},"content":{"rendered":"<div class=\"semead-shortcode semead-shortcode--coordenacao\">\n\t\t\t\t\t\t\t<div class=\"semead-people\">\n\t\t\t\t\t\t\t\t\t\t\t<div class=\"semead-person\">\n\t\t\t\t\t\t\t<div class=\"semead-person__media\">\n\t\t\t\t\t\t\t\t<img data-recalc-dims=\"1\"\n\t\t\t\t\t\t\t\t\tclass=\"semead-person__image rounded-circle\"\n\t\t\t\t\t\t\t\t\tsrc=\"https:\/\/i0.wp.com\/semead.com.br\/29\/wp-content\/uploads\/sites\/21\/2026\/03\/20241217_alvair-silveira-torres-junior-300x300-1.jpg?resize=150%2C150&#038;ssl=1\"\n\t\t\t\t\t\t\t\t\talt=\"Prof. Dr. Alvair Silveira Torres Junior\"\n\t\t\t\t\t\t\t\t\tloading=\"lazy\"\n\t\t\t\t\t\t\t\t\twidth=\"150\"\n\t\t\t\t\t\t\t\t\theight=\"150\"\n\t\t\t\t\t\t\t\t>\n\t\t\t\t\t\t\t<\/div>\n\t\t\t\t\t\t\t<div class=\"semead-person__content\">\n\t\t\t\t\t\t\t\t<h4 class=\"\">Coordenador:<\/h4>\n\t\t\t\t\t\t\t\t<h3 class=\"semead-person__title\">Prof. Dr. Alvair Silveira Torres Junior<\/h3>\n\t\t\t\t\t\t\t\t\t\t\t\t\t\t\t\t\t<div class=\"semead-person__institution\">FEA-USP<\/div>\n\t\t\t\t\t\t\t\t\t\t\t\t\t\t\t<\/div>\n\t\t\t\t\t\t<\/div>\n\t\t\t\t\t\t\t\t\t\t\t<div class=\"semead-person\">\n\t\t\t\t\t\t\t<div class=\"semead-person__media\">\n\t\t\t\t\t\t\t\t<img data-recalc-dims=\"1\"\n\t\t\t\t\t\t\t\t\tclass=\"semead-person__image rounded-circle\"\n\t\t\t\t\t\t\t\t\tsrc=\"https:\/\/i0.wp.com\/semead.com.br\/29\/wp-content\/uploads\/sites\/21\/2026\/04\/Operacoes-Reinaldo-Vice-Coord.jpeg?resize=150%2C150&#038;ssl=1\"\n\t\t\t\t\t\t\t\t\talt=\"Prof. Dr. Reinaldo Correa\"\n\t\t\t\t\t\t\t\t\tloading=\"lazy\"\n\t\t\t\t\t\t\t\t\twidth=\"150\"\n\t\t\t\t\t\t\t\t\theight=\"150\"\n\t\t\t\t\t\t\t\t>\n\t\t\t\t\t\t\t<\/div>\n\t\t\t\t\t\t\t<div class=\"semead-person__content\">\n\t\t\t\t\t\t\t\t<h4 class=\"\">Coordenador Adjunto:<\/h4>\n\t\t\t\t\t\t\t\t<h3 class=\"semead-person__title\">Prof. Dr. Reinaldo Correa<\/h3>\n\t\t\t\t\t\t\t\t\t\t\t\t\t\t\t\t\t<div class=\"semead-person__institution\">INPA<\/div>\n\t\t\t\t\t\t\t\t\t\t\t\t\t\t\t<\/div>\n\t\t\t\t\t\t<\/div>\n\t\t\t\t\t\t\t\t\t<\/div>\n\t\t\t\n\t\t\t\t\t<\/div>\n<div class=\"semead-shortcode semead-shortcode--temas\">\n\t\t\t\t\t\t\t<h4 class=\"semead-shortcode__heading\"><strong>Temas e L\u00edderes:<\/strong><\/h4>\n\t\t\t\n\t\t\t<div class=\"accordion\" id=\"semead-accordion-1\">\n\t\t\t\t\t\t\t\t\t<div class=\"accordion-item semead-topic\">\n\t\t\t\t\t\t<h2 class=\"accordion-header\" id=\"semead-accordion-1-heading-1\">\n\t\t\t\t\t\t\t<button\n\t\t\t\t\t\t\t\tclass=\"accordion-button collapsed\"\n\t\t\t\t\t\t\t\ttype=\"button\"\n\t\t\t\t\t\t\t\tdata-bs-toggle=\"collapse\"\n\t\t\t\t\t\t\t\tdata-bs-target=\"#semead-accordion-1-collapse-1\"\n\t\t\t\t\t\t\t\taria-expanded=\"false\"\n\t\t\t\t\t\t\t\taria-controls=\"semead-accordion-1-collapse-1\"\n\t\t\t\t\t\t\t>\n\t\t\t\t\t\t\t\t1. Intelig\u00eancia Artificial e Novas Tecnologias em Opera\u00e7\u00f5es e Desenvolvimento de Produtos\t\t\t\t\t\t\t<\/button>\n\t\t\t\t\t\t<\/h2>\n\t\t\t\t\t\t<div\n\t\t\t\t\t\t\tid=\"semead-accordion-1-collapse-1\"\n\t\t\t\t\t\t\tclass=\"accordion-collapse collapse\"\n\t\t\t\t\t\t\taria-labelledby=\"semead-accordion-1-heading-1\"\n\t\t\t\t\t\t\tdata-bs-parent=\"#semead-accordion-1\"\n\t\t\t\t\t\t>\n\t\t\t\t\t\t\t<div class=\"accordion-body\">\n\t\t\t\t\t\t\t\t\n\t\t\t\t\t\t\t\t\t\t\t\t\t\t\t\t\t<div class=\"semead-topic__description\"><p>Exploramos neste tema os impactos e oportunidades da ado\u00e7\u00e3o da Intelig\u00eancia artificial e novas tecnologias em:<br \/>\n - Estrat\u00e9gia e organiza\u00e7\u00e3o das opera\u00e7\u00f5es,<br \/>\n - Modelo de neg\u00f3cios das empresas,<br \/>\n - Gest\u00e3o da cadeia de suprimentos, e<br \/>\n - Desenvolvimento de novos produtos e servi\u00e7os<\/p>\n<\/div>\n\t\t\t\t\t\t\t\t\n\t\t\t\t\t\t\t\t\t\t\t\t\t\t\t\t\t<div class=\"semead-leaders row row-cols-1 row-cols-md-2 row-cols-lg-3 g-4\">\n\t\t\t\t\t\t\t\t\t\t\t\t\t\t\t\t\t\t\t\t\t<div class=\"col\">\n\t\t\t\t\t\t\t\t\t\t\t\t<div class=\"semead-leader card h-100 border-0 text-center\">\n\t\t\t\t\t\t\t\t\t\t\t\t\t<div class=\"card-body\">\n\t\t\t\t\t\t\t\t\t\t\t\t\t\t<img data-recalc-dims=\"1\"\n\t\t\t\t\t\t\t\t\t\t\t\t\t\t\tclass=\"semead-leader__image rounded-circle\"\n\t\t\t\t\t\t\t\t\t\t\t\t\t\t\tsrc=\"https:\/\/i0.wp.com\/semead.com.br\/29\/wp-content\/uploads\/sites\/21\/2026\/04\/Card-Professor-Paulo-Tromboni-400x400-1.png?resize=150%2C150&#038;ssl=1\"\n\t\t\t\t\t\t\t\t\t\t\t\t\t\t\talt=\"L\u00edder: Prof. Dr. Paulo Tromboni - FEA\/USP\"\n\t\t\t\t\t\t\t\t\t\t\t\t\t\t\tloading=\"lazy\"\n\t\t\t\t\t\t\t\t\t\t\t\t\t\t\twidth=\"150\"\n\t\t\t\t\t\t\t\t\t\t\t\t\t\t\theight=\"150\"\n\t\t\t\t\t\t\t\t\t\t\t\t\t\t>\n\t\t\t\t\t\t\t\t\t\t\t\t\t\t<div class=\"semead-leader__name\"><em>L\u00edder: Prof. Dr. Paulo Tromboni - FEA\/USP<\/em><\/div>\n\t\t\t\t\t\t\t\t\t\t\t\t\t<\/div>\n\t\t\t\t\t\t\t\t\t\t\t\t<\/div>\n\t\t\t\t\t\t\t\t\t\t\t<\/div>\n\t\t\t\t\t\t\t\t\t\t\t\t\t\t\t\t\t\t\t\t\t<div class=\"col\">\n\t\t\t\t\t\t\t\t\t\t\t\t<div class=\"semead-leader card h-100 border-0 text-center\">\n\t\t\t\t\t\t\t\t\t\t\t\t\t<div class=\"card-body\">\n\t\t\t\t\t\t\t\t\t\t\t\t\t\t<img data-recalc-dims=\"1\"\n\t\t\t\t\t\t\t\t\t\t\t\t\t\t\tclass=\"semead-leader__image rounded-circle\"\n\t\t\t\t\t\t\t\t\t\t\t\t\t\t\tsrc=\"https:\/\/i0.wp.com\/semead.com.br\/29\/wp-content\/uploads\/sites\/21\/2026\/04\/Operacoes-Ronaldo-Nagai.jpeg?resize=150%2C150&#038;ssl=1\"\n\t\t\t\t\t\t\t\t\t\t\t\t\t\t\talt=\"Co-l\u00edder: Prof. Dr. Ronaldo Nagai - FIA\"\n\t\t\t\t\t\t\t\t\t\t\t\t\t\t\tloading=\"lazy\"\n\t\t\t\t\t\t\t\t\t\t\t\t\t\t\twidth=\"150\"\n\t\t\t\t\t\t\t\t\t\t\t\t\t\t\theight=\"150\"\n\t\t\t\t\t\t\t\t\t\t\t\t\t\t>\n\t\t\t\t\t\t\t\t\t\t\t\t\t\t<div class=\"semead-leader__name\"><em>Co-l\u00edder: Prof. Dr. Ronaldo Nagai - FIA<\/em><\/div>\n\t\t\t\t\t\t\t\t\t\t\t\t\t<\/div>\n\t\t\t\t\t\t\t\t\t\t\t\t<\/div>\n\t\t\t\t\t\t\t\t\t\t\t<\/div>\n\t\t\t\t\t\t\t\t\t\t\t\t\t\t\t\t\t\t\t\t\t<div class=\"col\">\n\t\t\t\t\t\t\t\t\t\t\t\t<div class=\"semead-leader card h-100 border-0 text-center\">\n\t\t\t\t\t\t\t\t\t\t\t\t\t<div class=\"card-body\">\n\t\t\t\t\t\t\t\t\t\t\t\t\t\t<img data-recalc-dims=\"1\"\n\t\t\t\t\t\t\t\t\t\t\t\t\t\t\tclass=\"semead-leader__image rounded-circle\"\n\t\t\t\t\t\t\t\t\t\t\t\t\t\t\tsrc=\"https:\/\/i0.wp.com\/semead.com.br\/29\/wp-content\/uploads\/sites\/21\/2026\/04\/Vida-Davidaviciene.webp?resize=150%2C150&#038;ssl=1\"\n\t\t\t\t\t\t\t\t\t\t\t\t\t\t\talt=\"Co-l\u00edder Internacional: Profa. Dra. Vida Davidavi\u010dien\u0117  - Vilnius Technik University -  Litu\u00e2nia\"\n\t\t\t\t\t\t\t\t\t\t\t\t\t\t\tloading=\"lazy\"\n\t\t\t\t\t\t\t\t\t\t\t\t\t\t\twidth=\"150\"\n\t\t\t\t\t\t\t\t\t\t\t\t\t\t\theight=\"150\"\n\t\t\t\t\t\t\t\t\t\t\t\t\t\t>\n\t\t\t\t\t\t\t\t\t\t\t\t\t\t<div class=\"semead-leader__name\"><em>Co-l\u00edder Internacional: Profa. Dra. Vida Davidavi\u010dien\u0117  - Vilnius Technik University -  Litu\u00e2nia<\/em><\/div>\n\t\t\t\t\t\t\t\t\t\t\t\t\t<\/div>\n\t\t\t\t\t\t\t\t\t\t\t\t<\/div>\n\t\t\t\t\t\t\t\t\t\t\t<\/div>\n\t\t\t\t\t\t\t\t\t\t\t\t\t\t\t\t\t\t\t<\/div>\n\t\t\t\t\t\t\t\t\t\t\t\t\t\t\t<\/div>\n\t\t\t\t\t\t<\/div>\n\t\t\t\t\t<\/div>\n\t\t\t\t\t\t\t\t\t<div class=\"accordion-item semead-topic\">\n\t\t\t\t\t\t<h2 class=\"accordion-header\" id=\"semead-accordion-1-heading-2\">\n\t\t\t\t\t\t\t<button\n\t\t\t\t\t\t\t\tclass=\"accordion-button collapsed\"\n\t\t\t\t\t\t\t\ttype=\"button\"\n\t\t\t\t\t\t\t\tdata-bs-toggle=\"collapse\"\n\t\t\t\t\t\t\t\tdata-bs-target=\"#semead-accordion-1-collapse-2\"\n\t\t\t\t\t\t\t\taria-expanded=\"false\"\n\t\t\t\t\t\t\t\taria-controls=\"semead-accordion-1-collapse-2\"\n\t\t\t\t\t\t\t>\n\t\t\t\t\t\t\t\t2. Economia Circular, Gest\u00e3o da Sustentabilidade e Mudan\u00e7as Clim\u00e1ticas em Opera\u00e7\u00f5es\t\t\t\t\t\t\t<\/button>\n\t\t\t\t\t\t<\/h2>\n\t\t\t\t\t\t<div\n\t\t\t\t\t\t\tid=\"semead-accordion-1-collapse-2\"\n\t\t\t\t\t\t\tclass=\"accordion-collapse collapse\"\n\t\t\t\t\t\t\taria-labelledby=\"semead-accordion-1-heading-2\"\n\t\t\t\t\t\t\tdata-bs-parent=\"#semead-accordion-1\"\n\t\t\t\t\t\t>\n\t\t\t\t\t\t\t<div class=\"accordion-body\">\n\t\t\t\t\t\t\t\t\n\t\t\t\t\t\t\t\t\t\t\t\t\t\t\t\t\t<div class=\"semead-topic__description\"><p> A Economia Circular trata da cria\u00e7\u00e3o e operacionaliza\u00e7\u00e3o sist\u00eamica de novos<br \/>\n neg\u00f3cios, tecnologias, produtos e servi\u00e7os que tenham como prop\u00f3sito manter<br \/>\n em uso produtos e materiais por mais tempo, regenerando sistemas naturais e<br \/>\n eliminando os res\u00edduos e polui\u00e7\u00e3o provenientes do consumo. Ela abrange Economia Circular, Modelos de neg\u00f3cios circulares, Sistemas de transi\u00e7\u00e3o para a circularidade de recursos, Sistemas regenerativos, Ind\u00fastria 4.0 como aporte para a reten\u00e7\u00e3o de valor dos recursos e circularidade de materiais, aspectos ambientais e sociais dos sistemas regenerativos, cidades circulares, cadeias produtivas circulares, produtos e servi\u00e7os circulares, ecossistemas industriais circulares, o papel do governo e das pol\u00edticas p\u00fablicas para a dissemina\u00e7\u00e3o da economia circular, o papel dos l\u00edderes sustent\u00e1veis para o sucesso da economia circular, Inova\u00e7\u00e3o, blockchain, intelig\u00eancia artificial, rastreabilidade, f\u00e1bricas inteligentes, conectividade, integra\u00e7\u00e3o e parcerias como elementos propulsores para a economia circular.<\/p>\n<p> Em simbiose com a gest\u00e3o da sustentabilidade e mudan\u00e7as clim\u00e1ticas em opera\u00e7\u00f5es este tema tem por objetivo tamb\u00e9m discutir como as opera\u00e7\u00f5es podem ser geridas de maneira que a sustentabilidade (ambiental, social e econ\u00f4mica) e os impactos e mitiga\u00e7\u00e3o das mudan\u00e7as clim\u00e1ticas fa\u00e7am parte de sua estrat\u00e9gia e como esta quest\u00e3o pode ser uma fonte de vantagem competitiva ou de resili\u00eancia da organiza\u00e7\u00e3o<br \/>\nT\u00f3picos relevantes: Impactos de Sustentabilidade e Mudan\u00e7as clim\u00e1ticas na Gest\u00e3o de Opera\u00e7\u00f5es, Gest\u00e3o de cadeia de suprimentos sustent\u00e1veis\/verdes e diversas, An\u00e1lise do ciclo de vida do produto e cadeias de suprimento no Planeta, Culturas ancestrais em di\u00e1logo com Opera\u00e7\u00f5es, Log\u00edstica Reversa e Gest\u00e3o de res\u00edduos, Desenvolvimento de Produtos e Processos Sustent\u00e1veis, Licenciamento Ambiental, Ecossistemas ONE HEALTH, Sa\u00fade, Seguran\u00e7a e Meio Ambiente, Tecnologias Verdes.<\/p>\n<\/div>\n\t\t\t\t\t\t\t\t\n\t\t\t\t\t\t\t\t\t\t\t\t\t\t\t\t\t<div class=\"semead-leaders row row-cols-1 row-cols-md-2 row-cols-lg-3 g-4\">\n\t\t\t\t\t\t\t\t\t\t\t\t\t\t\t\t\t\t\t\t\t<div class=\"col\">\n\t\t\t\t\t\t\t\t\t\t\t\t<div class=\"semead-leader card h-100 border-0 text-center\">\n\t\t\t\t\t\t\t\t\t\t\t\t\t<div class=\"card-body\">\n\t\t\t\t\t\t\t\t\t\t\t\t\t\t<img data-recalc-dims=\"1\"\n\t\t\t\t\t\t\t\t\t\t\t\t\t\t\tclass=\"semead-leader__image rounded-circle\"\n\t\t\t\t\t\t\t\t\t\t\t\t\t\t\tsrc=\"https:\/\/i0.wp.com\/semead.com.br\/29\/wp-content\/uploads\/sites\/21\/2026\/04\/Operacoes-Luciano_Carvalho.jpeg?resize=150%2C150&#038;ssl=1\"\n\t\t\t\t\t\t\t\t\t\t\t\t\t\t\talt=\"L\u00edder: Prof. Dr. Luciano Carvalho - FURB\"\n\t\t\t\t\t\t\t\t\t\t\t\t\t\t\tloading=\"lazy\"\n\t\t\t\t\t\t\t\t\t\t\t\t\t\t\twidth=\"150\"\n\t\t\t\t\t\t\t\t\t\t\t\t\t\t\theight=\"150\"\n\t\t\t\t\t\t\t\t\t\t\t\t\t\t>\n\t\t\t\t\t\t\t\t\t\t\t\t\t\t<div class=\"semead-leader__name\"><em>L\u00edder: Prof. Dr. Luciano Carvalho - FURB<\/em><\/div>\n\t\t\t\t\t\t\t\t\t\t\t\t\t<\/div>\n\t\t\t\t\t\t\t\t\t\t\t\t<\/div>\n\t\t\t\t\t\t\t\t\t\t\t<\/div>\n\t\t\t\t\t\t\t\t\t\t\t\t\t\t\t\t\t\t\t\t\t<div class=\"col\">\n\t\t\t\t\t\t\t\t\t\t\t\t<div class=\"semead-leader card h-100 border-0 text-center\">\n\t\t\t\t\t\t\t\t\t\t\t\t\t<div class=\"card-body\">\n\t\t\t\t\t\t\t\t\t\t\t\t\t\t<img data-recalc-dims=\"1\"\n\t\t\t\t\t\t\t\t\t\t\t\t\t\t\tclass=\"semead-leader__image rounded-circle\"\n\t\t\t\t\t\t\t\t\t\t\t\t\t\t\tsrc=\"https:\/\/i0.wp.com\/semead.com.br\/29\/wp-content\/uploads\/sites\/21\/2026\/04\/gabriela-scur.jpg?resize=150%2C150&#038;ssl=1\"\n\t\t\t\t\t\t\t\t\t\t\t\t\t\t\talt=\"Co-l\u00edder: Profa. Dra. Gabriela Scur - FEI\"\n\t\t\t\t\t\t\t\t\t\t\t\t\t\t\tloading=\"lazy\"\n\t\t\t\t\t\t\t\t\t\t\t\t\t\t\twidth=\"150\"\n\t\t\t\t\t\t\t\t\t\t\t\t\t\t\theight=\"150\"\n\t\t\t\t\t\t\t\t\t\t\t\t\t\t>\n\t\t\t\t\t\t\t\t\t\t\t\t\t\t<div class=\"semead-leader__name\"><em>Co-l\u00edder: Profa. Dra. Gabriela Scur - FEI<\/em><\/div>\n\t\t\t\t\t\t\t\t\t\t\t\t\t<\/div>\n\t\t\t\t\t\t\t\t\t\t\t\t<\/div>\n\t\t\t\t\t\t\t\t\t\t\t<\/div>\n\t\t\t\t\t\t\t\t\t\t\t\t\t\t\t\t\t\t\t<\/div>\n\t\t\t\t\t\t\t\t\t\t\t\t\t\t\t<\/div>\n\t\t\t\t\t\t<\/div>\n\t\t\t\t\t<\/div>\n\t\t\t\t\t\t\t\t\t<div class=\"accordion-item semead-topic\">\n\t\t\t\t\t\t<h2 class=\"accordion-header\" id=\"semead-accordion-1-heading-3\">\n\t\t\t\t\t\t\t<button\n\t\t\t\t\t\t\t\tclass=\"accordion-button collapsed\"\n\t\t\t\t\t\t\t\ttype=\"button\"\n\t\t\t\t\t\t\t\tdata-bs-toggle=\"collapse\"\n\t\t\t\t\t\t\t\tdata-bs-target=\"#semead-accordion-1-collapse-3\"\n\t\t\t\t\t\t\t\taria-expanded=\"false\"\n\t\t\t\t\t\t\t\taria-controls=\"semead-accordion-1-collapse-3\"\n\t\t\t\t\t\t\t>\n\t\t\t\t\t\t\t\t3. Excel\u00eancia em Opera\u00e7\u00f5es e Servi\u00e7os - Qualidade, Produtividade e Lean Thinking\t\t\t\t\t\t\t<\/button>\n\t\t\t\t\t\t<\/h2>\n\t\t\t\t\t\t<div\n\t\t\t\t\t\t\tid=\"semead-accordion-1-collapse-3\"\n\t\t\t\t\t\t\tclass=\"accordion-collapse collapse\"\n\t\t\t\t\t\t\taria-labelledby=\"semead-accordion-1-heading-3\"\n\t\t\t\t\t\t\tdata-bs-parent=\"#semead-accordion-1\"\n\t\t\t\t\t\t>\n\t\t\t\t\t\t\t<div class=\"accordion-body\">\n\t\t\t\t\t\t\t\t\n\t\t\t\t\t\t\t\t\t\t\t\t\t\t\t\t\t<div class=\"semead-topic__description\"><p>O tema Excel\u00eancia em Opera\u00e7\u00f5es e o modelo de gest\u00e3o Lean Thinking visa discutir a melhoria de desempenho e produtividade em opera\u00e7\u00f5es industriais e de servi\u00e7os, via o uso racional de recursos e inova\u00e7\u00e3o tanto de processos operacionais, quanto em sua gest\u00e3o. Uma das quest\u00f5es fundamentais a ser enfrentadas para viabilizar o desenvolvimento sustent\u00e1vel da economia e da sociedade no Brasil \u00e9 a produtividade. Como aumentar o rendimento e o valor agregado de nossas opera\u00e7\u00f5es industriais e de servi\u00e7os, aumentando a competitividade do pa\u00eds no atual desafiador cen\u00e1rio econ\u00f4mico global diante dos cen\u00e1rios em constante mudan\u00e7a, sob riscos e incertezas.<\/p>\n<\/div>\n\t\t\t\t\t\t\t\t\n\t\t\t\t\t\t\t\t\t\t\t\t\t\t\t\t\t<div class=\"semead-leaders row row-cols-1 row-cols-md-2 row-cols-lg-3 g-4\">\n\t\t\t\t\t\t\t\t\t\t\t\t\t\t\t\t\t\t\t\t\t<div class=\"col\">\n\t\t\t\t\t\t\t\t\t\t\t\t<div class=\"semead-leader card h-100 border-0 text-center\">\n\t\t\t\t\t\t\t\t\t\t\t\t\t<div class=\"card-body\">\n\t\t\t\t\t\t\t\t\t\t\t\t\t\t<img data-recalc-dims=\"1\"\n\t\t\t\t\t\t\t\t\t\t\t\t\t\t\tclass=\"semead-leader__image rounded-circle\"\n\t\t\t\t\t\t\t\t\t\t\t\t\t\t\tsrc=\"https:\/\/i0.wp.com\/semead.com.br\/29\/wp-content\/uploads\/sites\/21\/2026\/04\/Prof.-Dr.-Marcio-Cardoso-Machado.jpeg?resize=150%2C150&#038;ssl=1\"\n\t\t\t\t\t\t\t\t\t\t\t\t\t\t\talt=\"L\u00edder: Prof. Dr. Marcio Cardoso Machado - UNIP\"\n\t\t\t\t\t\t\t\t\t\t\t\t\t\t\tloading=\"lazy\"\n\t\t\t\t\t\t\t\t\t\t\t\t\t\t\twidth=\"150\"\n\t\t\t\t\t\t\t\t\t\t\t\t\t\t\theight=\"150\"\n\t\t\t\t\t\t\t\t\t\t\t\t\t\t>\n\t\t\t\t\t\t\t\t\t\t\t\t\t\t<div class=\"semead-leader__name\"><em>L\u00edder: Prof. Dr. Marcio Cardoso Machado - UNIP<\/em><\/div>\n\t\t\t\t\t\t\t\t\t\t\t\t\t<\/div>\n\t\t\t\t\t\t\t\t\t\t\t\t<\/div>\n\t\t\t\t\t\t\t\t\t\t\t<\/div>\n\t\t\t\t\t\t\t\t\t\t\t\t\t\t\t\t\t\t\t<\/div>\n\t\t\t\t\t\t\t\t\t\t\t\t\t\t\t<\/div>\n\t\t\t\t\t\t<\/div>\n\t\t\t\t\t<\/div>\n\t\t\t\t\t\t\t\t\t<div class=\"accordion-item semead-topic\">\n\t\t\t\t\t\t<h2 class=\"accordion-header\" id=\"semead-accordion-1-heading-4\">\n\t\t\t\t\t\t\t<button\n\t\t\t\t\t\t\t\tclass=\"accordion-button collapsed\"\n\t\t\t\t\t\t\t\ttype=\"button\"\n\t\t\t\t\t\t\t\tdata-bs-toggle=\"collapse\"\n\t\t\t\t\t\t\t\tdata-bs-target=\"#semead-accordion-1-collapse-4\"\n\t\t\t\t\t\t\t\taria-expanded=\"false\"\n\t\t\t\t\t\t\t\taria-controls=\"semead-accordion-1-collapse-4\"\n\t\t\t\t\t\t\t>\n\t\t\t\t\t\t\t\t4. Log\u00edstica e Cadeia de Suprimentos\t\t\t\t\t\t\t<\/button>\n\t\t\t\t\t\t<\/h2>\n\t\t\t\t\t\t<div\n\t\t\t\t\t\t\tid=\"semead-accordion-1-collapse-4\"\n\t\t\t\t\t\t\tclass=\"accordion-collapse collapse\"\n\t\t\t\t\t\t\taria-labelledby=\"semead-accordion-1-heading-4\"\n\t\t\t\t\t\t\tdata-bs-parent=\"#semead-accordion-1\"\n\t\t\t\t\t\t>\n\t\t\t\t\t\t\t<div class=\"accordion-body\">\n\t\t\t\t\t\t\t\t\n\t\t\t\t\t\t\t\t\t\t\t\t\t\t\t\t\t<div class=\"semead-topic__description\"><p>A gest\u00e3o do fluxo de valor agregado pelas organiza\u00e7\u00f5es exige contemplar toda a cadeia de suprimentos de forma a identificar e construir diferenciais competitivos que integrem as exig\u00eancias de seus clientes finais. Esta integra\u00e7\u00e3o inclui desde a log\u00edstica de suprimento ao fluxo informacional ou do fluxo de investimentos \u00e0s alternativas organizacionais de governan\u00e7a das organiza\u00e7\u00f5es envolvidas. \u00c9 neste sentido que se torna importante tanto o papel da log\u00edsitica quanto o da gest\u00e3o de cadeia de suprimentos.<\/p>\n<p>\u2022 Log\u00edstica Empresarial, Regional, Nacional e Internacional;<br \/>\n\u2022 Localiza\u00e7\u00e3o de Opera\u00e7\u00f5es<br \/>\n\u2022 Log\u00edstica - Modais e sistemas de transportes: portos, aeroportos, aeroportos\/portos industriais, incoterms e organismos reguladores<br \/>\n\u2022 Log\u00edstica \u2013 Distribui\u00e7\u00e3o, roteiriza\u00e7\u00e3o e otimiza\u00e7\u00e3o<br \/>\n\u2022 Movimenta\u00e7\u00e3o e armazenagem, centros de distribui\u00e7\u00e3o, sistemas cross-docking e equipamentos.<br \/>\n\u2022 Log\u00edstica Reversa<br \/>\n\u2022 Planejamento e Gest\u00e3o da Cadeia de Suprimentos;<br \/>\n\u2022 Arranjos Produtivos Locais;<br \/>\n\u2022 Negocia\u00e7\u00f5es, Compras e Contrata\u00e7\u00f5es; etc<br \/>\n\u2022 Din\u00e2mica de Sistemas \u2013 Modelagem e Simula\u00e7\u00e3o de Sistemas Produtivos.<\/p>\n<\/div>\n\t\t\t\t\t\t\t\t\n\t\t\t\t\t\t\t\t\t\t\t\t\t\t\t\t\t<div class=\"semead-leaders row row-cols-1 row-cols-md-2 row-cols-lg-3 g-4\">\n\t\t\t\t\t\t\t\t\t\t\t\t\t\t\t\t\t\t\t\t\t<div class=\"col\">\n\t\t\t\t\t\t\t\t\t\t\t\t<div class=\"semead-leader card h-100 border-0 text-center\">\n\t\t\t\t\t\t\t\t\t\t\t\t\t<div class=\"card-body\">\n\t\t\t\t\t\t\t\t\t\t\t\t\t\t<img data-recalc-dims=\"1\"\n\t\t\t\t\t\t\t\t\t\t\t\t\t\t\tclass=\"semead-leader__image rounded-circle\"\n\t\t\t\t\t\t\t\t\t\t\t\t\t\t\tsrc=\"https:\/\/i0.wp.com\/semead.com.br\/29\/wp-content\/uploads\/sites\/21\/2026\/04\/Jorge-Luis-Biazzi-FEA-USP.jpeg?resize=150%2C150&#038;ssl=1\"\n\t\t\t\t\t\t\t\t\t\t\t\t\t\t\talt=\"L\u00edder: Prof. Jorge Luis Biazzi - FEA USP\"\n\t\t\t\t\t\t\t\t\t\t\t\t\t\t\tloading=\"lazy\"\n\t\t\t\t\t\t\t\t\t\t\t\t\t\t\twidth=\"150\"\n\t\t\t\t\t\t\t\t\t\t\t\t\t\t\theight=\"150\"\n\t\t\t\t\t\t\t\t\t\t\t\t\t\t>\n\t\t\t\t\t\t\t\t\t\t\t\t\t\t<div class=\"semead-leader__name\"><em>L\u00edder: Prof. Jorge Luis Biazzi - FEA USP<\/em><\/div>\n\t\t\t\t\t\t\t\t\t\t\t\t\t<\/div>\n\t\t\t\t\t\t\t\t\t\t\t\t<\/div>\n\t\t\t\t\t\t\t\t\t\t\t<\/div>\n\t\t\t\t\t\t\t\t\t\t\t\t\t\t\t\t\t\t\t<\/div>\n\t\t\t\t\t\t\t\t\t\t\t\t\t\t\t<\/div>\n\t\t\t\t\t\t<\/div>\n\t\t\t\t\t<\/div>\n\t\t\t\t\t\t\t<\/div>\n\t\t<\/div>\n","protected":false},"excerpt":{"rendered":"","protected":false},"author":1,"featured_media":0,"parent":9,"menu_order":0,"comment_status":"closed","ping_status":"open","template":"","meta":{"_acf_changed":false,"tpgb_global_settings":"","inline_featured_image":false,"_monsterinsights_skip_tracking":false,"_monsterinsights_sitenote_active":false,"_monsterinsights_sitenote_note":"","_monsterinsights_sitenote_category":0,"footnotes":""},"class_list":["post-19","page","type-page","status-publish","hentry"],"acf":{"coordenadores":[{"titulo":"Coordenador:","nome":"Prof. Dr. Alvair Silveira Torres Junior ","instituicao":"FEA-USP","imagem":34917},{"titulo":"Coordenador Adjunto: ","nome":"Prof. Dr. Reinaldo Correa","instituicao":"INPA","imagem":35241}],"audio_da_coordenacao":21841,"temas":[{"tema_nome":"Intelig\u00eancia Artificial e Novas Tecnologias em Opera\u00e7\u00f5es e Desenvolvimento de Produtos","tema_descricao":"Exploramos neste tema os impactos e oportunidades da ado\u00e7\u00e3o da Intelig\u00eancia artificial e novas tecnologias em:\r\n - Estrat\u00e9gia e organiza\u00e7\u00e3o das opera\u00e7\u00f5es,\r\n - Modelo de neg\u00f3cios das empresas,\r\n - Gest\u00e3o da cadeia de suprimentos, e\r\n - Desenvolvimento de novos produtos e servi\u00e7os","audio":"","lideres":[{"lider_nome":"L\u00edder: Prof. Dr. Paulo Tromboni - FEA\/USP","lider_foto":35244},{"lider_nome":"Co-l\u00edder: Prof. Dr. Ronaldo Nagai - FIA","lider_foto":35242},{"lider_nome":"Co-l\u00edder Internacional: Profa. Dra. Vida Davidavi\u010dien\u0117  - Vilnius Technik University -  Litu\u00e2nia","lider_foto":35245}]},{"tema_nome":"Economia Circular, Gest\u00e3o da Sustentabilidade e Mudan\u00e7as Clim\u00e1ticas em Opera\u00e7\u00f5es","tema_descricao":" A Economia Circular trata da cria\u00e7\u00e3o e operacionaliza\u00e7\u00e3o sist\u00eamica de novos\r\n neg\u00f3cios, tecnologias, produtos e servi\u00e7os que tenham como prop\u00f3sito manter\r\n em uso produtos e materiais por mais tempo, regenerando sistemas naturais e\r\n eliminando os res\u00edduos e polui\u00e7\u00e3o provenientes do consumo. Ela abrange Economia Circular, Modelos de neg\u00f3cios circulares, Sistemas de transi\u00e7\u00e3o para a circularidade de recursos, Sistemas regenerativos, Ind\u00fastria 4.0 como aporte para a reten\u00e7\u00e3o de valor dos recursos e circularidade de materiais, aspectos ambientais e sociais dos sistemas regenerativos, cidades circulares, cadeias produtivas circulares, produtos e servi\u00e7os circulares, ecossistemas industriais circulares, o papel do governo e das pol\u00edticas p\u00fablicas para a dissemina\u00e7\u00e3o da economia circular, o papel dos l\u00edderes sustent\u00e1veis para o sucesso da economia circular, Inova\u00e7\u00e3o, blockchain, intelig\u00eancia artificial, rastreabilidade, f\u00e1bricas inteligentes, conectividade, integra\u00e7\u00e3o e parcerias como elementos propulsores para a economia circular.\r\n\r\n Em simbiose com a gest\u00e3o da sustentabilidade e mudan\u00e7as clim\u00e1ticas em opera\u00e7\u00f5es este tema tem por objetivo tamb\u00e9m discutir como as opera\u00e7\u00f5es podem ser geridas de maneira que a sustentabilidade (ambiental, social e econ\u00f4mica) e os impactos e mitiga\u00e7\u00e3o das mudan\u00e7as clim\u00e1ticas fa\u00e7am parte de sua estrat\u00e9gia e como esta quest\u00e3o pode ser uma fonte de vantagem competitiva ou de resili\u00eancia da organiza\u00e7\u00e3o\r\nT\u00f3picos relevantes: Impactos de Sustentabilidade e Mudan\u00e7as clim\u00e1ticas na Gest\u00e3o de Opera\u00e7\u00f5es, Gest\u00e3o de cadeia de suprimentos sustent\u00e1veis\/verdes e diversas, An\u00e1lise do ciclo de vida do produto e cadeias de suprimento no Planeta, Culturas ancestrais em di\u00e1logo com Opera\u00e7\u00f5es, Log\u00edstica Reversa e Gest\u00e3o de res\u00edduos, Desenvolvimento de Produtos e Processos Sustent\u00e1veis, Licenciamento Ambiental, Ecossistemas ONE HEALTH, Sa\u00fade, Seguran\u00e7a e Meio Ambiente, Tecnologias Verdes.","audio":21688,"lideres":[{"lider_nome":"L\u00edder: Prof. Dr. Luciano Carvalho - FURB","lider_foto":35240},{"lider_nome":"Co-l\u00edder: Profa. Dra. Gabriela Scur - FEI","lider_foto":35248}]},{"tema_nome":"Excel\u00eancia em Opera\u00e7\u00f5es e Servi\u00e7os - Qualidade, Produtividade e Lean Thinking","tema_descricao":"O tema Excel\u00eancia em Opera\u00e7\u00f5es e o modelo de gest\u00e3o Lean Thinking visa discutir a melhoria de desempenho e produtividade em opera\u00e7\u00f5es industriais e de servi\u00e7os, via o uso racional de recursos e inova\u00e7\u00e3o tanto de processos operacionais, quanto em sua gest\u00e3o. Uma das quest\u00f5es fundamentais a ser enfrentadas para viabilizar o desenvolvimento sustent\u00e1vel da economia e da sociedade no Brasil \u00e9 a produtividade. Como aumentar o rendimento e o valor agregado de nossas opera\u00e7\u00f5es industriais e de servi\u00e7os, aumentando a competitividade do pa\u00eds no atual desafiador cen\u00e1rio econ\u00f4mico global diante dos cen\u00e1rios em constante mudan\u00e7a, sob riscos e incertezas.","audio":"","lideres":[{"lider_nome":"L\u00edder: Prof. Dr. Marcio Cardoso Machado - UNIP","lider_foto":35249}]},{"tema_nome":"Log\u00edstica e Cadeia de Suprimentos","tema_descricao":"A gest\u00e3o do fluxo de valor agregado pelas organiza\u00e7\u00f5es exige contemplar toda a cadeia de suprimentos de forma a identificar e construir diferenciais competitivos que integrem as exig\u00eancias de seus clientes finais. Esta integra\u00e7\u00e3o inclui desde a log\u00edstica de suprimento ao fluxo informacional ou do fluxo de investimentos \u00e0s alternativas organizacionais de governan\u00e7a das organiza\u00e7\u00f5es envolvidas. \u00c9 neste sentido que se torna importante tanto o papel da log\u00edsitica quanto o da gest\u00e3o de cadeia de suprimentos.\r\n\r\n\u2022 Log\u00edstica Empresarial, Regional, Nacional e Internacional;\r\n\u2022 Localiza\u00e7\u00e3o de Opera\u00e7\u00f5es\r\n\u2022 Log\u00edstica - Modais e sistemas de transportes: portos, aeroportos, aeroportos\/portos industriais, incoterms e organismos reguladores\r\n\u2022 Log\u00edstica \u2013 Distribui\u00e7\u00e3o, roteiriza\u00e7\u00e3o e otimiza\u00e7\u00e3o\r\n\u2022 Movimenta\u00e7\u00e3o e armazenagem, centros de distribui\u00e7\u00e3o, sistemas cross-docking e equipamentos.\r\n\u2022 Log\u00edstica Reversa\r\n\u2022 Planejamento e Gest\u00e3o da Cadeia de Suprimentos;\r\n\u2022 Arranjos Produtivos Locais;\r\n\u2022 Negocia\u00e7\u00f5es, Compras e Contrata\u00e7\u00f5es; etc\r\n\u2022 Din\u00e2mica de Sistemas \u2013 Modelagem e Simula\u00e7\u00e3o de Sistemas Produtivos.","audio":"","lideres":[{"lider_nome":"L\u00edder: Prof. Jorge Luis Biazzi - FEA USP","lider_foto":35250}]}]},"yoast_head":"<!-- This site is optimized with the Yoast SEO plugin v27.5 - https:\/\/yoast.com\/product\/yoast-seo-wordpress\/ -->\n<title>Opera\u00e7\u00f5es - XXIX SemeAd<\/title>\n<meta name=\"robots\" content=\"index, follow, max-snippet:-1, max-image-preview:large, max-video-preview:-1\" \/>\n<link rel=\"canonical\" href=\"https:\/\/semead.com.br\/29\/areas\/cientificas\/operacoes\/\" \/>\n<meta property=\"og:locale\" content=\"pt_BR\" \/>\n<meta property=\"og:type\" content=\"article\" \/>\n<meta property=\"og:title\" content=\"Opera\u00e7\u00f5es - XXIX SemeAd\" \/>\n<meta property=\"og:url\" content=\"https:\/\/semead.com.br\/29\/areas\/cientificas\/operacoes\/\" \/>\n<meta property=\"og:site_name\" content=\"XXIX SemeAd\" \/>\n<meta property=\"article:modified_time\" content=\"2026-04-26T02:14:33+00:00\" \/>\n<meta name=\"twitter:card\" content=\"summary_large_image\" \/>\n<meta name=\"twitter:label1\" content=\"Est. tempo de leitura\" \/>\n\t<meta name=\"twitter:data1\" content=\"1 minuto\" \/>\n<script type=\"application\/ld+json\" class=\"yoast-schema-graph\">{\"@context\":\"https:\\\/\\\/schema.org\",\"@graph\":[{\"@type\":\"WebPage\",\"@id\":\"https:\\\/\\\/semead.com.br\\\/29\\\/areas\\\/cientificas\\\/operacoes\\\/\",\"url\":\"https:\\\/\\\/semead.com.br\\\/29\\\/areas\\\/cientificas\\\/operacoes\\\/\",\"name\":\"Opera\u00e7\u00f5es - XXIX SemeAd\",\"isPartOf\":{\"@id\":\"https:\\\/\\\/semead.com.br\\\/29\\\/#website\"},\"datePublished\":\"2013-04-26T00:14:04+00:00\",\"dateModified\":\"2026-04-26T02:14:33+00:00\",\"breadcrumb\":{\"@id\":\"https:\\\/\\\/semead.com.br\\\/29\\\/areas\\\/cientificas\\\/operacoes\\\/#breadcrumb\"},\"inLanguage\":\"pt-BR\",\"potentialAction\":[{\"@type\":\"ReadAction\",\"target\":[\"https:\\\/\\\/semead.com.br\\\/29\\\/areas\\\/cientificas\\\/operacoes\\\/\"]}]},{\"@type\":\"BreadcrumbList\",\"@id\":\"https:\\\/\\\/semead.com.br\\\/29\\\/areas\\\/cientificas\\\/operacoes\\\/#breadcrumb\",\"itemListElement\":[{\"@type\":\"ListItem\",\"position\":1,\"name\":\"In\u00edcio\",\"item\":\"https:\\\/\\\/semead.com.br\\\/29\\\/\"},{\"@type\":\"ListItem\",\"position\":2,\"name\":\"\u00c1reas\",\"item\":\"https:\\\/\\\/semead.com.br\\\/29\\\/areas\\\/\"},{\"@type\":\"ListItem\",\"position\":3,\"name\":\"\u00c1reas Cient\u00edficas\",\"item\":\"https:\\\/\\\/semead.com.br\\\/29\\\/areas\\\/cientificas\\\/\"},{\"@type\":\"ListItem\",\"position\":4,\"name\":\"Opera\u00e7\u00f5es\"}]},{\"@type\":\"WebSite\",\"@id\":\"https:\\\/\\\/semead.com.br\\\/29\\\/#website\",\"url\":\"https:\\\/\\\/semead.com.br\\\/29\\\/\",\"name\":\"XXIX SemeAd\",\"description\":\"Semin\u00e1rios em administra\u00e7\u00e3o\",\"potentialAction\":[{\"@type\":\"SearchAction\",\"target\":{\"@type\":\"EntryPoint\",\"urlTemplate\":\"https:\\\/\\\/semead.com.br\\\/29\\\/?s={search_term_string}\"},\"query-input\":{\"@type\":\"PropertyValueSpecification\",\"valueRequired\":true,\"valueName\":\"search_term_string\"}}],\"inLanguage\":\"pt-BR\"}]}<\/script>\n<!-- \/ Yoast SEO plugin. -->","yoast_head_json":{"title":"Opera\u00e7\u00f5es - XXIX SemeAd","robots":{"index":"index","follow":"follow","max-snippet":"max-snippet:-1","max-image-preview":"max-image-preview:large","max-video-preview":"max-video-preview:-1"},"canonical":"https:\/\/semead.com.br\/29\/areas\/cientificas\/operacoes\/","og_locale":"pt_BR","og_type":"article","og_title":"Opera\u00e7\u00f5es - XXIX SemeAd","og_url":"https:\/\/semead.com.br\/29\/areas\/cientificas\/operacoes\/","og_site_name":"XXIX SemeAd","article_modified_time":"2026-04-26T02:14:33+00:00","twitter_card":"summary_large_image","twitter_misc":{"Est. tempo de leitura":"1 minuto"},"schema":{"@context":"https:\/\/schema.org","@graph":[{"@type":"WebPage","@id":"https:\/\/semead.com.br\/29\/areas\/cientificas\/operacoes\/","url":"https:\/\/semead.com.br\/29\/areas\/cientificas\/operacoes\/","name":"Opera\u00e7\u00f5es - XXIX SemeAd","isPartOf":{"@id":"https:\/\/semead.com.br\/29\/#website"},"datePublished":"2013-04-26T00:14:04+00:00","dateModified":"2026-04-26T02:14:33+00:00","breadcrumb":{"@id":"https:\/\/semead.com.br\/29\/areas\/cientificas\/operacoes\/#breadcrumb"},"inLanguage":"pt-BR","potentialAction":[{"@type":"ReadAction","target":["https:\/\/semead.com.br\/29\/areas\/cientificas\/operacoes\/"]}]},{"@type":"BreadcrumbList","@id":"https:\/\/semead.com.br\/29\/areas\/cientificas\/operacoes\/#breadcrumb","itemListElement":[{"@type":"ListItem","position":1,"name":"In\u00edcio","item":"https:\/\/semead.com.br\/29\/"},{"@type":"ListItem","position":2,"name":"\u00c1reas","item":"https:\/\/semead.com.br\/29\/areas\/"},{"@type":"ListItem","position":3,"name":"\u00c1reas Cient\u00edficas","item":"https:\/\/semead.com.br\/29\/areas\/cientificas\/"},{"@type":"ListItem","position":4,"name":"Opera\u00e7\u00f5es"}]},{"@type":"WebSite","@id":"https:\/\/semead.com.br\/29\/#website","url":"https:\/\/semead.com.br\/29\/","name":"XXIX SemeAd","description":"Semin\u00e1rios em administra\u00e7\u00e3o","potentialAction":[{"@type":"SearchAction","target":{"@type":"EntryPoint","urlTemplate":"https:\/\/semead.com.br\/29\/?s={search_term_string}"},"query-input":{"@type":"PropertyValueSpecification","valueRequired":true,"valueName":"search_term_string"}}],"inLanguage":"pt-BR"}]}},"tpgb_featured_images":null,"tpgb_post_meta_info":{"get_date":"26 de abril de 2013","get_modified_date":"25 de abril de 2026","author_name":"fernando yada","author_url":"https:\/\/semead.com.br\/29\/author\/fernando-yada\/","author_email":"fernandoyada@gmail.com","author_website":"","author_description":"","author_facebook":"","author_twitter":"","author_instagram":"","author_role":[],"author_firstname":"","author_lastname":"","user_login":"fernando yada","author_avatar":"<img alt='' src='https:\/\/secure.gravatar.com\/avatar\/e12b4edc71c65a7866bb5109793beca18c7cebc936f8b62643a50a4c990e8426?s=200&#038;d=mm&#038;r=g' srcset='https:\/\/secure.gravatar.com\/avatar\/e12b4edc71c65a7866bb5109793beca18c7cebc936f8b62643a50a4c990e8426?s=400&#038;d=mm&#038;r=g 2x' class='avatar avatar-200 photo' height='200' width='200' decoding='async'\/>","author_avatar_url":"https:\/\/secure.gravatar.com\/avatar\/e12b4edc71c65a7866bb5109793beca18c7cebc936f8b62643a50a4c990e8426?s=96&d=mm&r=g","comment_count":0,"post_likes":0,"post_views":0},"tpgb_post_category":[],"jetpack_sharing_enabled":true,"_links":{"self":[{"href":"https:\/\/semead.com.br\/29\/wp-json\/wp\/v2\/pages\/19","targetHints":{"allow":["GET"]}}],"collection":[{"href":"https:\/\/semead.com.br\/29\/wp-json\/wp\/v2\/pages"}],"about":[{"href":"https:\/\/semead.com.br\/29\/wp-json\/wp\/v2\/types\/page"}],"author":[{"embeddable":true,"href":"https:\/\/semead.com.br\/29\/wp-json\/wp\/v2\/users\/1"}],"replies":[{"embeddable":true,"href":"https:\/\/semead.com.br\/29\/wp-json\/wp\/v2\/comments?post=19"}],"version-history":[{"count":4,"href":"https:\/\/semead.com.br\/29\/wp-json\/wp\/v2\/pages\/19\/revisions"}],"predecessor-version":[{"id":35251,"href":"https:\/\/semead.com.br\/29\/wp-json\/wp\/v2\/pages\/19\/revisions\/35251"}],"up":[{"embeddable":true,"href":"https:\/\/semead.com.br\/29\/wp-json\/wp\/v2\/pages\/9"}],"wp:attachment":[{"href":"https:\/\/semead.com.br\/29\/wp-json\/wp\/v2\/media?parent=19"}],"curies":[{"name":"wp","href":"https:\/\/api.w.org\/{rel}","templated":true}]}}